{"id":1217,"date":"2024-03-06T00:01:43","date_gmt":"2024-03-06T00:01:43","guid":{"rendered":"https:\/\/tv.joycemeyer.org\/romana\/?post_type=devotional&#038;p=1217"},"modified":"2024-03-06T12:48:36","modified_gmt":"2024-03-06T12:48:36","slug":"dumnezeu-iti-va-inviora-sufletul","status":"publish","type":"devotional","link":"https:\/\/tv.joycemeyer.org\/romana\/devotional\/dumnezeu-iti-va-inviora-sufletul\/","title":{"rendered":"Dumnezeu \u00ce\u021bi Va \u00cenviora Sufletul"},"content":{"rendered":"<blockquote><p>\u00cemi \u00eenvioreaz\u0103 sufletul. Psalmul 23:3<\/p><\/blockquote>\n<p>O perioad\u0103 \u00een via\u021ba mea am mustrat tot ce nu mi-am dorit deoarece am crezut c\u0103 este de la diavol. Spun c\u0103 am mustrat p\u00e2n\u0103 c\u00e2nd \u201emustrarea\u201d mea a fost uzat\u0103 \u00een totalitate. Dar apoi am descoperit c\u0103 multe din lucruile pe care le mustram, lucruri care nu mi-au pl\u0103cut sau nu le-am dorit, erau lucruri pe care Dumnezeu le-a permis pentru cre\u0219terea \u0219i dezvoltarea mea.<\/p>\n<p>Scriitorul c\u0103r\u021bii Evrei a spus c\u0103 trebuie s\u0103 ne supunem disciplinei lui Dumnezeu. El ne pedepse\u0219te doar pentru c\u0103 El ne iube\u0219te. Nu \u00eencerca s\u0103 te \u00eempotrive\u0219ti la ceea ce Dumnezeu inten\u021bioneaz\u0103 s\u0103 foloseasc\u0103 pentru binele t\u0103u. Cere-i Domnului s\u0103 fac\u0103 o lucrare profund\u0103 \u0219i minu\u021bioas\u0103 \u00een tine pentru a putea fi tot ceea ce vrea El s\u0103 fii, \u0219i f\u0103 tot ce vrea El s\u0103 faci, ca s\u0103 ai tot ce vrea El s\u0103 ai. Adev\u0103rul este c\u0103 nu am crescut spiritual \u00een anii \u00een care m-am \u00eempotrivit la orice lucru dureros sau dificil. Am continuat s\u0103 m\u0103 \u00eenv\u00e2rt \u00een jurul acelora\u0219i mun\u021bi vechi (de probleme). \u00cen cele din urm\u0103, mi-am dat seama c\u0103 \u00eencerc s\u0103 evit durerea, dar oricum eram \u00een durere. Durerea de a r\u0103m\u00e2ne a\u0219a cum suntem este mult mai puternic\u0103 dec\u00e2t durerea schimb\u0103rii.<\/p>\n<p>Personalitatea noastr\u0103 este sufletul nostru (mintea, voin\u021ba \u0219i emo\u021biile), dar de multe ori a fost r\u0103nit\u0103 de experien\u021bele noastre. Dumnezeu promite s\u0103 ne \u00eenvioreze sufletul dac\u0103 vom coopera cu lucrarea Duhului Sf\u00e2nt din noi. Aveam un suflet r\u0103nit, unul care nu avea pace sau bucurie, dar Dumnezeu m-a re\u00eentregit \u0219i El vrea s\u0103 fac\u0103 acela\u0219i lucru pentru tine.<\/p>\n<hr \/>\n<p>Cuv\u00e2ntul lui Dumnezeu pentru tine ast\u0103zi: Deschide-\u021bi sufletul \u00eenaintea lui Dumnezeu \u0219i roag\u0103-L s\u0103 vindece fiecare ran\u0103 \u0219i v\u00e2n\u0103taie.<\/p>\n","protected":false},"excerpt":{"rendered":"<p>\u00cemi \u00eenvioreaz\u0103 sufletul. Psalmul 23:3 O perioad\u0103 \u00een via\u021ba mea am mustrat tot ce nu mi-am dorit deoarece am crezut c\u0103 este de la diavol. Spun c\u0103 am mustrat p\u00e2n\u0103 c\u00e2nd \u201emustrarea\u201d mea a fost uzat\u0103 \u00een totalitate. Dar apoi am descoperit c\u0103 multe din lucruile pe care le mustram, lucruri care nu mi-au pl\u0103cut&#8230;<\/p>\n","protected":false},"author":15,"featured_media":1218,"parent":0,"menu_order":0,"comment_status":"closed","ping_status":"closed","template":"","class_list":["post-1217","devotional","type-devotional","status-publish","has-post-thumbnail","hentry"],"acf":[],"appp":{"post_detail":{"above_title":"<div class=\"post-featured-wrap\"><img width=\"960\" height=\"539\" src=\"https:\/\/tv.joycemeyer.org\/romana\/wp-content\/uploads\/sites\/51\/2020\/10\/1488.jpg\" class=\"post-featured wp-post-image\" alt=\"Dumnezeu \u00ee\u021bi va \u00eenviora sufletul\" decoding=\"async\" srcset=\"https:\/\/tv.joycemeyer.org\/romana\/wp-content\/uploads\/sites\/51\/2020\/10\/1488.jpg 960w, https:\/\/tv.joycemeyer.org\/romana\/wp-content\/uploads\/sites\/51\/2020\/10\/1488-300x168.jpg 300w, https:\/\/tv.joycemeyer.org\/romana\/wp-content\/uploads\/sites\/51\/2020\/10\/1488-768x431.jpg 768w, https:\/\/tv.joycemeyer.org\/romana\/wp-content\/uploads\/sites\/51\/2020\/10\/1488-640x360.jpg 640w\" sizes=\"(max-width: 960px) 100vw, 960px\" \/><\/div>","below_content":""}},"yoast_head":"<!-- This site is optimized with the Yoast SEO plugin v27.4 - https:\/\/yoast.com\/product\/yoast-seo-wordpress\/ -->\n<title>Dumnezeu \u00ce\u021bi Va \u00cenviora Sufletul - Joyce Meyer Ministries - Romana<\/title>\n<meta name=\"robots\" content=\"index, follow, max-snippet:-1, max-image-preview:large, max-video-preview:-1\" \/>\n<link rel=\"canonical\" href=\"https:\/\/tv.joycemeyer.org\/romana\/devotional\/dumnezeu-iti-va-inviora-sufletul\/\" \/>\n<meta property=\"og:locale\" content=\"ro_RO\" \/>\n<meta property=\"og:type\" content=\"article\" \/>\n<meta property=\"og:title\" content=\"Dumnezeu \u00ce\u021bi Va \u00cenviora Sufletul - Joyce Meyer Ministries - Romana\" \/>\n<meta property=\"og:description\" content=\"\u00cemi \u00eenvioreaz\u0103 sufletul. Psalmul 23:3 O perioad\u0103 \u00een via\u021ba mea am mustrat tot ce nu mi-am dorit deoarece am crezut c\u0103 este de la diavol. Spun c\u0103 am mustrat p\u00e2n\u0103 c\u00e2nd \u201emustrarea\u201d mea a fost uzat\u0103 \u00een totalitate. Dar apoi am descoperit c\u0103 multe din lucruile pe care le mustram, lucruri care nu mi-au pl\u0103cut...\" \/>\n<meta property=\"og:url\" content=\"https:\/\/tv.joycemeyer.org\/romana\/devotional\/dumnezeu-iti-va-inviora-sufletul\/\" \/>\n<meta property=\"og:site_name\" content=\"Joyce Meyer Ministries - Romana\" \/>\n<meta property=\"article:modified_time\" content=\"2024-03-06T12:48:36+00:00\" \/>\n<meta property=\"og:image\" content=\"https:\/\/tv.joycemeyer.org\/romana\/wp-content\/uploads\/sites\/51\/2020\/10\/1488.jpg\" \/>\n\t<meta property=\"og:image:width\" content=\"960\" \/>\n\t<meta property=\"og:image:height\" content=\"539\" \/>\n\t<meta property=\"og:image:type\" content=\"image\/jpeg\" \/>\n<meta name=\"twitter:card\" content=\"summary_large_image\" \/>\n<meta name=\"twitter:label1\" content=\"Timp estimat pentru citire\" \/>\n\t<meta name=\"twitter:data1\" content=\"2 minute\" \/>\n<script type=\"application\/ld+json\" class=\"yoast-schema-graph\">{\"@context\":\"https:\\\/\\\/schema.org\",\"@graph\":[{\"@type\":\"WebPage\",\"@id\":\"https:\\\/\\\/tv.joycemeyer.org\\\/romana\\\/devotional\\\/dumnezeu-iti-va-inviora-sufletul\\\/\",\"url\":\"https:\\\/\\\/tv.joycemeyer.org\\\/romana\\\/devotional\\\/dumnezeu-iti-va-inviora-sufletul\\\/\",\"name\":\"Dumnezeu \u00ce\u021bi Va \u00cenviora Sufletul - Joyce Meyer Ministries - Romana\",\"isPartOf\":{\"@id\":\"https:\\\/\\\/tv.joycemeyer.org\\\/romana\\\/#website\"},\"primaryImageOfPage\":{\"@id\":\"https:\\\/\\\/tv.joycemeyer.org\\\/romana\\\/devotional\\\/dumnezeu-iti-va-inviora-sufletul\\\/#primaryimage\"},\"image\":{\"@id\":\"https:\\\/\\\/tv.joycemeyer.org\\\/romana\\\/devotional\\\/dumnezeu-iti-va-inviora-sufletul\\\/#primaryimage\"},\"thumbnailUrl\":\"https:\\\/\\\/tv.joycemeyer.org\\\/romana\\\/wp-content\\\/uploads\\\/sites\\\/51\\\/2020\\\/10\\\/1488.jpg\",\"datePublished\":\"2024-03-06T00:01:43+00:00\",\"dateModified\":\"2024-03-06T12:48:36+00:00\",\"breadcrumb\":{\"@id\":\"https:\\\/\\\/tv.joycemeyer.org\\\/romana\\\/devotional\\\/dumnezeu-iti-va-inviora-sufletul\\\/#breadcrumb\"},\"inLanguage\":\"ro-RO\",\"potentialAction\":[{\"@type\":\"ReadAction\",\"target\":[\"https:\\\/\\\/tv.joycemeyer.org\\\/romana\\\/devotional\\\/dumnezeu-iti-va-inviora-sufletul\\\/\"]}]},{\"@type\":\"ImageObject\",\"inLanguage\":\"ro-RO\",\"@id\":\"https:\\\/\\\/tv.joycemeyer.org\\\/romana\\\/devotional\\\/dumnezeu-iti-va-inviora-sufletul\\\/#primaryimage\",\"url\":\"https:\\\/\\\/tv.joycemeyer.org\\\/romana\\\/wp-content\\\/uploads\\\/sites\\\/51\\\/2020\\\/10\\\/1488.jpg\",\"contentUrl\":\"https:\\\/\\\/tv.joycemeyer.org\\\/romana\\\/wp-content\\\/uploads\\\/sites\\\/51\\\/2020\\\/10\\\/1488.jpg\",\"width\":960,\"height\":539,\"caption\":\"Dumnezeu \u00ee\u021bi va \u00eenviora sufletul\"},{\"@type\":\"BreadcrumbList\",\"@id\":\"https:\\\/\\\/tv.joycemeyer.org\\\/romana\\\/devotional\\\/dumnezeu-iti-va-inviora-sufletul\\\/#breadcrumb\",\"itemListElement\":[{\"@type\":\"ListItem\",\"position\":1,\"name\":\"Home\",\"item\":\"https:\\\/\\\/tv.joycemeyer.org\\\/romana\\\/\"},{\"@type\":\"ListItem\",\"position\":2,\"name\":\"Devotional\",\"item\":\"https:\\\/\\\/tv.joycemeyer.org\\\/romana\\\/devotional\\\/\"},{\"@type\":\"ListItem\",\"position\":3,\"name\":\"Dumnezeu \u00ce\u021bi Va \u00cenviora Sufletul\"}]},{\"@type\":\"WebSite\",\"@id\":\"https:\\\/\\\/tv.joycemeyer.org\\\/romana\\\/#website\",\"url\":\"https:\\\/\\\/tv.joycemeyer.org\\\/romana\\\/\",\"name\":\"Joyce Meyer Ministries - Romana\",\"description\":\"Impartasindu-L pe Hristos - Iubindu-i pe oameni\",\"potentialAction\":[{\"@type\":\"SearchAction\",\"target\":{\"@type\":\"EntryPoint\",\"urlTemplate\":\"https:\\\/\\\/tv.joycemeyer.org\\\/romana\\\/?s={search_term_string}\"},\"query-input\":{\"@type\":\"PropertyValueSpecification\",\"valueRequired\":true,\"valueName\":\"search_term_string\"}}],\"inLanguage\":\"ro-RO\"}]}<\/script>\n<!-- \/ Yoast SEO plugin. -->","yoast_head_json":{"title":"Dumnezeu \u00ce\u021bi Va \u00cenviora Sufletul - Joyce Meyer Ministries - Romana","robots":{"index":"index","follow":"follow","max-snippet":"max-snippet:-1","max-image-preview":"max-image-preview:large","max-video-preview":"max-video-preview:-1"},"canonical":"https:\/\/tv.joycemeyer.org\/romana\/devotional\/dumnezeu-iti-va-inviora-sufletul\/","og_locale":"ro_RO","og_type":"article","og_title":"Dumnezeu \u00ce\u021bi Va \u00cenviora Sufletul - Joyce Meyer Ministries - Romana","og_description":"\u00cemi \u00eenvioreaz\u0103 sufletul. Psalmul 23:3 O perioad\u0103 \u00een via\u021ba mea am mustrat tot ce nu mi-am dorit deoarece am crezut c\u0103 este de la diavol. Spun c\u0103 am mustrat p\u00e2n\u0103 c\u00e2nd \u201emustrarea\u201d mea a fost uzat\u0103 \u00een totalitate. Dar apoi am descoperit c\u0103 multe din lucruile pe care le mustram, lucruri care nu mi-au pl\u0103cut...","og_url":"https:\/\/tv.joycemeyer.org\/romana\/devotional\/dumnezeu-iti-va-inviora-sufletul\/","og_site_name":"Joyce Meyer Ministries - Romana","article_modified_time":"2024-03-06T12:48:36+00:00","og_image":[{"width":960,"height":539,"url":"https:\/\/tv.joycemeyer.org\/romana\/wp-content\/uploads\/sites\/51\/2020\/10\/1488.jpg","type":"image\/jpeg"}],"twitter_card":"summary_large_image","twitter_misc":{"Timp estimat pentru citire":"2 minute"},"schema":{"@context":"https:\/\/schema.org","@graph":[{"@type":"WebPage","@id":"https:\/\/tv.joycemeyer.org\/romana\/devotional\/dumnezeu-iti-va-inviora-sufletul\/","url":"https:\/\/tv.joycemeyer.org\/romana\/devotional\/dumnezeu-iti-va-inviora-sufletul\/","name":"Dumnezeu \u00ce\u021bi Va \u00cenviora Sufletul - Joyce Meyer Ministries - Romana","isPartOf":{"@id":"https:\/\/tv.joycemeyer.org\/romana\/#website"},"primaryImageOfPage":{"@id":"https:\/\/tv.joycemeyer.org\/romana\/devotional\/dumnezeu-iti-va-inviora-sufletul\/#primaryimage"},"image":{"@id":"https:\/\/tv.joycemeyer.org\/romana\/devotional\/dumnezeu-iti-va-inviora-sufletul\/#primaryimage"},"thumbnailUrl":"https:\/\/tv.joycemeyer.org\/romana\/wp-content\/uploads\/sites\/51\/2020\/10\/1488.jpg","datePublished":"2024-03-06T00:01:43+00:00","dateModified":"2024-03-06T12:48:36+00:00","breadcrumb":{"@id":"https:\/\/tv.joycemeyer.org\/romana\/devotional\/dumnezeu-iti-va-inviora-sufletul\/#breadcrumb"},"inLanguage":"ro-RO","potentialAction":[{"@type":"ReadAction","target":["https:\/\/tv.joycemeyer.org\/romana\/devotional\/dumnezeu-iti-va-inviora-sufletul\/"]}]},{"@type":"ImageObject","inLanguage":"ro-RO","@id":"https:\/\/tv.joycemeyer.org\/romana\/devotional\/dumnezeu-iti-va-inviora-sufletul\/#primaryimage","url":"https:\/\/tv.joycemeyer.org\/romana\/wp-content\/uploads\/sites\/51\/2020\/10\/1488.jpg","contentUrl":"https:\/\/tv.joycemeyer.org\/romana\/wp-content\/uploads\/sites\/51\/2020\/10\/1488.jpg","width":960,"height":539,"caption":"Dumnezeu \u00ee\u021bi va \u00eenviora sufletul"},{"@type":"BreadcrumbList","@id":"https:\/\/tv.joycemeyer.org\/romana\/devotional\/dumnezeu-iti-va-inviora-sufletul\/#breadcrumb","itemListElement":[{"@type":"ListItem","position":1,"name":"Home","item":"https:\/\/tv.joycemeyer.org\/romana\/"},{"@type":"ListItem","position":2,"name":"Devotional","item":"https:\/\/tv.joycemeyer.org\/romana\/devotional\/"},{"@type":"ListItem","position":3,"name":"Dumnezeu \u00ce\u021bi Va \u00cenviora Sufletul"}]},{"@type":"WebSite","@id":"https:\/\/tv.joycemeyer.org\/romana\/#website","url":"https:\/\/tv.joycemeyer.org\/romana\/","name":"Joyce Meyer Ministries - Romana","description":"Impartasindu-L pe Hristos - Iubindu-i pe oameni","potentialAction":[{"@type":"SearchAction","target":{"@type":"EntryPoint","urlTemplate":"https:\/\/tv.joycemeyer.org\/romana\/?s={search_term_string}"},"query-input":{"@type":"PropertyValueSpecification","valueRequired":true,"valueName":"search_term_string"}}],"inLanguage":"ro-RO"}]}},"_links":{"self":[{"href":"https:\/\/tv.joycemeyer.org\/romana\/wp-json\/wp\/v2\/devotional\/1217","targetHints":{"allow":["GET"]}}],"collection":[{"href":"https:\/\/tv.joycemeyer.org\/romana\/wp-json\/wp\/v2\/devotional"}],"about":[{"href":"https:\/\/tv.joycemeyer.org\/romana\/wp-json\/wp\/v2\/types\/devotional"}],"author":[{"embeddable":true,"href":"https:\/\/tv.joycemeyer.org\/romana\/wp-json\/wp\/v2\/users\/15"}],"replies":[{"embeddable":true,"href":"https:\/\/tv.joycemeyer.org\/romana\/wp-json\/wp\/v2\/comments?post=1217"}],"wp:featuredmedia":[{"embeddable":true,"href":"https:\/\/tv.joycemeyer.org\/romana\/wp-json\/wp\/v2\/media\/1218"}],"wp:attachment":[{"href":"https:\/\/tv.joycemeyer.org\/romana\/wp-json\/wp\/v2\/media?parent=1217"}],"curies":[{"name":"wp","href":"https:\/\/api.w.org\/{rel}","templated":true}]}}