{"id":1306,"date":"2024-04-15T00:01:39","date_gmt":"2024-04-15T00:01:39","guid":{"rendered":"https:\/\/tv.joycemeyer.org\/romana\/?post_type=devotional&#038;p=1306"},"modified":"2024-04-15T12:38:44","modified_gmt":"2024-04-15T12:38:44","slug":"dumnezeu-locuieste-tine","status":"publish","type":"devotional","link":"https:\/\/tv.joycemeyer.org\/romana\/devotional\/dumnezeu-locuieste-tine\/","title":{"rendered":"Dumnezeu locuie\u0219te \u00een tine"},"content":{"rendered":"<blockquote><p>R\u0103m\u00e2ne\u0163i\u00a0\u00een Mine, \u015fi Eu voi r\u0103m\u00e2ne \u00een voi. Dup\u0103 cum ml\u0103di\u0163a nu poate aduce rod de la sine, dac\u0103 nu r\u0103m\u00e2ne \u00een vi\u0163\u0103, tot a\u015fa nici voi nu pute\u0163i aduce rod dac\u0103 nu r\u0103m\u00e2ne\u0163i \u00een Mine. Ioan 15:4<\/p><\/blockquote>\n<p>De ce ar vrea Dumnezeu s\u0103 tr\u0103iasc\u0103 \u00een noi? \u0218i cum poate s\u0103 fac\u0103 asta? La urma urmei, El este sf\u00e2nt, iar noi suntem oameni slabi, fragili, cu defecte \u0219i e\u0219ecuri.<\/p>\n<p>R\u0103spunsul este simplu: El ne iube\u0219te \u0219i alege s\u0103 locuiasc\u0103 \u00een noi. El face asta pentru c\u0103 este Dumnezeu; El are capacitatea de a face ceea ce vrea \u0219i El alege s\u0103-\u0219i fac\u0103 o cas\u0103 \u00een inimile noastre. Aceast\u0103 alegere nu se bazeaz\u0103 pe nicio fapt\u0103 bun\u0103 pe care am f\u0103cut-o sau pe care am putea face vreodat\u0103; se bazeaz\u0103 numai pe harul, puterea \u0219i mila lui Dumnezeu. Devenim locuin\u021ba lui Dumnezeu crez\u00e2nd \u00een Isus Hristos (a\u0219a cum ne indic\u0103 Dumnezeu \u00een Biblie).<\/p>\n<p>Versetul pentru ast\u0103zi subliniaz\u0103 faptul c\u0103 trebuie s\u0103 credem \u00een Isus Hristos ca Unicul Dumnezeu trimis pentru a experimenta intimitatea cu El. Credin\u021ba \u00een El ne permite s\u0103 auzim vocea Lui, s\u0103 primim Cuv\u00e2ntul S\u0103u \u00een inimile noastre \u0219i s\u0103 sim\u021bim prezen\u021ba Lui.<\/p>\n<p>Pe l\u00e2ng\u0103 faptul c\u0103 trebuie s\u0103 credem \u00een Isus ca darul lui Dumnezeu trimis din cer pentru omenire, trebuie s\u0103 credem pur \u0219i simplu c\u0103 jertfa lui Isus pentru p\u0103catele noastre a fost suficient\u0103 pentru a ne aduce \u00een prezen\u021ba lui Dumnezeu. Devenim locuin\u021ba lui Dumnezeu atunci c\u00e2nd \u00cel primim pe Isus ca M\u00e2ntuitor \u0219i Domn. Din aceast\u0103 pozi\u021bie, prin puterea Duhului Sf\u00e2nt, El \u00eencepe o lucrare minunat\u0103 \u00een noi.<\/p>\n<hr \/>\n<p>Cuv\u00e2ntul lui Dumnezeu pentru tine ast\u0103zi: Asigur\u0103-te c\u0103 Dumnezeu Se simte acas\u0103 \u00een inima ta.<\/p>\n","protected":false},"excerpt":{"rendered":"<p>R\u0103spunsul este simplu: El ne iube\u0219te \u0219i alege s\u0103 locuiasc\u0103 \u00een noi.<\/p>\n","protected":false},"author":15,"featured_media":1307,"parent":0,"menu_order":0,"comment_status":"closed","ping_status":"closed","template":"","class_list":["post-1306","devotional","type-devotional","status-publish","has-post-thumbnail","hentry"],"acf":[],"appp":{"post_detail":{"above_title":"<div class=\"post-featured-wrap\"><img width=\"960\" height=\"540\" src=\"https:\/\/tv.joycemeyer.org\/romana\/wp-content\/uploads\/sites\/51\/2020\/12\/1341.jpg\" class=\"post-featured wp-post-image\" alt=\"Dumnezeu locuie\u0219te \u00een tine\" decoding=\"async\" srcset=\"https:\/\/tv.joycemeyer.org\/romana\/wp-content\/uploads\/sites\/51\/2020\/12\/1341.jpg 960w, https:\/\/tv.joycemeyer.org\/romana\/wp-content\/uploads\/sites\/51\/2020\/12\/1341-300x169.jpg 300w, https:\/\/tv.joycemeyer.org\/romana\/wp-content\/uploads\/sites\/51\/2020\/12\/1341-768x432.jpg 768w, https:\/\/tv.joycemeyer.org\/romana\/wp-content\/uploads\/sites\/51\/2020\/12\/1341-640x360.jpg 640w\" sizes=\"(max-width: 960px) 100vw, 960px\" \/><\/div>","below_content":""}},"yoast_head":"<!-- This site is optimized with the Yoast SEO plugin v27.4 - https:\/\/yoast.com\/product\/yoast-seo-wordpress\/ -->\n<title>Dumnezeu locuie\u0219te \u00een tine - Joyce Meyer Ministries - Romana<\/title>\n<meta name=\"robots\" content=\"index, follow, max-snippet:-1, max-image-preview:large, max-video-preview:-1\" \/>\n<link rel=\"canonical\" href=\"https:\/\/tv.joycemeyer.org\/romana\/devotional\/dumnezeu-locuieste-tine\/\" \/>\n<meta property=\"og:locale\" content=\"ro_RO\" \/>\n<meta property=\"og:type\" content=\"article\" \/>\n<meta property=\"og:title\" content=\"Dumnezeu locuie\u0219te \u00een tine - Joyce Meyer Ministries - Romana\" \/>\n<meta property=\"og:description\" content=\"R\u0103spunsul este simplu: El ne iube\u0219te \u0219i alege s\u0103 locuiasc\u0103 \u00een noi.\" \/>\n<meta property=\"og:url\" content=\"https:\/\/tv.joycemeyer.org\/romana\/devotional\/dumnezeu-locuieste-tine\/\" \/>\n<meta property=\"og:site_name\" content=\"Joyce Meyer Ministries - Romana\" \/>\n<meta property=\"article:modified_time\" content=\"2024-04-15T12:38:44+00:00\" \/>\n<meta property=\"og:image\" content=\"https:\/\/tv.joycemeyer.org\/romana\/wp-content\/uploads\/sites\/51\/2020\/12\/1341.jpg\" \/>\n\t<meta property=\"og:image:width\" content=\"960\" \/>\n\t<meta property=\"og:image:height\" content=\"540\" \/>\n\t<meta property=\"og:image:type\" content=\"image\/jpeg\" \/>\n<meta name=\"twitter:card\" content=\"summary_large_image\" \/>\n<meta name=\"twitter:label1\" content=\"Timp estimat pentru citire\" \/>\n\t<meta name=\"twitter:data1\" content=\"2 minute\" \/>\n<script type=\"application\/ld+json\" class=\"yoast-schema-graph\">{\"@context\":\"https:\\\/\\\/schema.org\",\"@graph\":[{\"@type\":\"WebPage\",\"@id\":\"https:\\\/\\\/tv.joycemeyer.org\\\/romana\\\/devotional\\\/dumnezeu-locuieste-tine\\\/\",\"url\":\"https:\\\/\\\/tv.joycemeyer.org\\\/romana\\\/devotional\\\/dumnezeu-locuieste-tine\\\/\",\"name\":\"Dumnezeu locuie\u0219te \u00een tine - Joyce Meyer Ministries - Romana\",\"isPartOf\":{\"@id\":\"https:\\\/\\\/tv.joycemeyer.org\\\/romana\\\/#website\"},\"primaryImageOfPage\":{\"@id\":\"https:\\\/\\\/tv.joycemeyer.org\\\/romana\\\/devotional\\\/dumnezeu-locuieste-tine\\\/#primaryimage\"},\"image\":{\"@id\":\"https:\\\/\\\/tv.joycemeyer.org\\\/romana\\\/devotional\\\/dumnezeu-locuieste-tine\\\/#primaryimage\"},\"thumbnailUrl\":\"https:\\\/\\\/tv.joycemeyer.org\\\/romana\\\/wp-content\\\/uploads\\\/sites\\\/51\\\/2020\\\/12\\\/1341.jpg\",\"datePublished\":\"2024-04-15T00:01:39+00:00\",\"dateModified\":\"2024-04-15T12:38:44+00:00\",\"breadcrumb\":{\"@id\":\"https:\\\/\\\/tv.joycemeyer.org\\\/romana\\\/devotional\\\/dumnezeu-locuieste-tine\\\/#breadcrumb\"},\"inLanguage\":\"ro-RO\",\"potentialAction\":[{\"@type\":\"ReadAction\",\"target\":[\"https:\\\/\\\/tv.joycemeyer.org\\\/romana\\\/devotional\\\/dumnezeu-locuieste-tine\\\/\"]}]},{\"@type\":\"ImageObject\",\"inLanguage\":\"ro-RO\",\"@id\":\"https:\\\/\\\/tv.joycemeyer.org\\\/romana\\\/devotional\\\/dumnezeu-locuieste-tine\\\/#primaryimage\",\"url\":\"https:\\\/\\\/tv.joycemeyer.org\\\/romana\\\/wp-content\\\/uploads\\\/sites\\\/51\\\/2020\\\/12\\\/1341.jpg\",\"contentUrl\":\"https:\\\/\\\/tv.joycemeyer.org\\\/romana\\\/wp-content\\\/uploads\\\/sites\\\/51\\\/2020\\\/12\\\/1341.jpg\",\"width\":960,\"height\":540,\"caption\":\"Dumnezeu locuie\u0219te \u00een tine\"},{\"@type\":\"BreadcrumbList\",\"@id\":\"https:\\\/\\\/tv.joycemeyer.org\\\/romana\\\/devotional\\\/dumnezeu-locuieste-tine\\\/#breadcrumb\",\"itemListElement\":[{\"@type\":\"ListItem\",\"position\":1,\"name\":\"Home\",\"item\":\"https:\\\/\\\/tv.joycemeyer.org\\\/romana\\\/\"},{\"@type\":\"ListItem\",\"position\":2,\"name\":\"Devotional\",\"item\":\"https:\\\/\\\/tv.joycemeyer.org\\\/romana\\\/devotional\\\/\"},{\"@type\":\"ListItem\",\"position\":3,\"name\":\"Dumnezeu locuie\u0219te \u00een tine\"}]},{\"@type\":\"WebSite\",\"@id\":\"https:\\\/\\\/tv.joycemeyer.org\\\/romana\\\/#website\",\"url\":\"https:\\\/\\\/tv.joycemeyer.org\\\/romana\\\/\",\"name\":\"Joyce Meyer Ministries - Romana\",\"description\":\"Impartasindu-L pe Hristos - Iubindu-i pe oameni\",\"potentialAction\":[{\"@type\":\"SearchAction\",\"target\":{\"@type\":\"EntryPoint\",\"urlTemplate\":\"https:\\\/\\\/tv.joycemeyer.org\\\/romana\\\/?s={search_term_string}\"},\"query-input\":{\"@type\":\"PropertyValueSpecification\",\"valueRequired\":true,\"valueName\":\"search_term_string\"}}],\"inLanguage\":\"ro-RO\"}]}<\/script>\n<!-- \/ Yoast SEO plugin. -->","yoast_head_json":{"title":"Dumnezeu locuie\u0219te \u00een tine - Joyce Meyer Ministries - Romana","robots":{"index":"index","follow":"follow","max-snippet":"max-snippet:-1","max-image-preview":"max-image-preview:large","max-video-preview":"max-video-preview:-1"},"canonical":"https:\/\/tv.joycemeyer.org\/romana\/devotional\/dumnezeu-locuieste-tine\/","og_locale":"ro_RO","og_type":"article","og_title":"Dumnezeu locuie\u0219te \u00een tine - Joyce Meyer Ministries - Romana","og_description":"R\u0103spunsul este simplu: El ne iube\u0219te \u0219i alege s\u0103 locuiasc\u0103 \u00een noi.","og_url":"https:\/\/tv.joycemeyer.org\/romana\/devotional\/dumnezeu-locuieste-tine\/","og_site_name":"Joyce Meyer Ministries - Romana","article_modified_time":"2024-04-15T12:38:44+00:00","og_image":[{"width":960,"height":540,"url":"https:\/\/tv.joycemeyer.org\/romana\/wp-content\/uploads\/sites\/51\/2020\/12\/1341.jpg","type":"image\/jpeg"}],"twitter_card":"summary_large_image","twitter_misc":{"Timp estimat pentru citire":"2 minute"},"schema":{"@context":"https:\/\/schema.org","@graph":[{"@type":"WebPage","@id":"https:\/\/tv.joycemeyer.org\/romana\/devotional\/dumnezeu-locuieste-tine\/","url":"https:\/\/tv.joycemeyer.org\/romana\/devotional\/dumnezeu-locuieste-tine\/","name":"Dumnezeu locuie\u0219te \u00een tine - Joyce Meyer Ministries - Romana","isPartOf":{"@id":"https:\/\/tv.joycemeyer.org\/romana\/#website"},"primaryImageOfPage":{"@id":"https:\/\/tv.joycemeyer.org\/romana\/devotional\/dumnezeu-locuieste-tine\/#primaryimage"},"image":{"@id":"https:\/\/tv.joycemeyer.org\/romana\/devotional\/dumnezeu-locuieste-tine\/#primaryimage"},"thumbnailUrl":"https:\/\/tv.joycemeyer.org\/romana\/wp-content\/uploads\/sites\/51\/2020\/12\/1341.jpg","datePublished":"2024-04-15T00:01:39+00:00","dateModified":"2024-04-15T12:38:44+00:00","breadcrumb":{"@id":"https:\/\/tv.joycemeyer.org\/romana\/devotional\/dumnezeu-locuieste-tine\/#breadcrumb"},"inLanguage":"ro-RO","potentialAction":[{"@type":"ReadAction","target":["https:\/\/tv.joycemeyer.org\/romana\/devotional\/dumnezeu-locuieste-tine\/"]}]},{"@type":"ImageObject","inLanguage":"ro-RO","@id":"https:\/\/tv.joycemeyer.org\/romana\/devotional\/dumnezeu-locuieste-tine\/#primaryimage","url":"https:\/\/tv.joycemeyer.org\/romana\/wp-content\/uploads\/sites\/51\/2020\/12\/1341.jpg","contentUrl":"https:\/\/tv.joycemeyer.org\/romana\/wp-content\/uploads\/sites\/51\/2020\/12\/1341.jpg","width":960,"height":540,"caption":"Dumnezeu locuie\u0219te \u00een tine"},{"@type":"BreadcrumbList","@id":"https:\/\/tv.joycemeyer.org\/romana\/devotional\/dumnezeu-locuieste-tine\/#breadcrumb","itemListElement":[{"@type":"ListItem","position":1,"name":"Home","item":"https:\/\/tv.joycemeyer.org\/romana\/"},{"@type":"ListItem","position":2,"name":"Devotional","item":"https:\/\/tv.joycemeyer.org\/romana\/devotional\/"},{"@type":"ListItem","position":3,"name":"Dumnezeu locuie\u0219te \u00een tine"}]},{"@type":"WebSite","@id":"https:\/\/tv.joycemeyer.org\/romana\/#website","url":"https:\/\/tv.joycemeyer.org\/romana\/","name":"Joyce Meyer Ministries - Romana","description":"Impartasindu-L pe Hristos - Iubindu-i pe oameni","potentialAction":[{"@type":"SearchAction","target":{"@type":"EntryPoint","urlTemplate":"https:\/\/tv.joycemeyer.org\/romana\/?s={search_term_string}"},"query-input":{"@type":"PropertyValueSpecification","valueRequired":true,"valueName":"search_term_string"}}],"inLanguage":"ro-RO"}]}},"_links":{"self":[{"href":"https:\/\/tv.joycemeyer.org\/romana\/wp-json\/wp\/v2\/devotional\/1306","targetHints":{"allow":["GET"]}}],"collection":[{"href":"https:\/\/tv.joycemeyer.org\/romana\/wp-json\/wp\/v2\/devotional"}],"about":[{"href":"https:\/\/tv.joycemeyer.org\/romana\/wp-json\/wp\/v2\/types\/devotional"}],"author":[{"embeddable":true,"href":"https:\/\/tv.joycemeyer.org\/romana\/wp-json\/wp\/v2\/users\/15"}],"replies":[{"embeddable":true,"href":"https:\/\/tv.joycemeyer.org\/romana\/wp-json\/wp\/v2\/comments?post=1306"}],"wp:featuredmedia":[{"embeddable":true,"href":"https:\/\/tv.joycemeyer.org\/romana\/wp-json\/wp\/v2\/media\/1307"}],"wp:attachment":[{"href":"https:\/\/tv.joycemeyer.org\/romana\/wp-json\/wp\/v2\/media?parent=1306"}],"curies":[{"name":"wp","href":"https:\/\/api.w.org\/{rel}","templated":true}]}}