{"id":1425,"date":"2019-01-11T00:01:42","date_gmt":"2019-01-11T00:01:42","guid":{"rendered":"https:\/\/tv.joycemeyer.org\/romana\/?post_type=devotional&#038;p=1425"},"modified":"2024-12-11T15:18:20","modified_gmt":"2024-12-11T15:18:20","slug":"paseste-inainte-prin-credinta","status":"publish","type":"devotional","link":"https:\/\/tv.joycemeyer.org\/romana\/devotional\/paseste-inainte-prin-credinta\/","title":{"rendered":"P\u0103\u0219e\u0219te \u00eenainte prin credin\u021b\u0103"},"content":{"rendered":"<blockquote><p>\u201eIsus S-a uitat \u0163int\u0103 la ei \u015fi le-a zis: `La oameni lucrul acesta este cu neputin\u0163\u0103, dar la Dumnezeu toate lucrurile sunt cu putin\u0163\u0103.`\u201d (Matei 19:26)<\/p><\/blockquote>\n<p>Mul\u021bi din oamenii pe care \u00eei \u00eent\u00e2lnesc vor s\u0103 \u00eenceap\u0103 c\u0103l\u0103toria lor al\u0103turi de Dumnezeu din \u201epunctul A\u201d, s\u0103 \u00eenchid\u0103 ochii \u0219i s\u0103 se trezeasc\u0103 \u00een \u201epunctul Z\u201d. Astfel, mul\u021bi dintre ei ajung s\u0103 fie frustra\u021bi, deoarece nu pot vedea cu ce daruri i-a \u00eenzestrat Dumnezeu sau care este chemarea lor. Unii se tem at\u00e2t de mult de e\u0219ec \u0219i de gre\u0219eli, \u00eenc\u00e2t nu pot s\u0103 ias\u0103 din zona de confort.<\/p>\n<p>Cu to\u021bii avem un mare poten\u021bial, dar nu \u00eel vom vedea \u00eemplinindu-se \u00een via\u021ba noastre p\u00e2n\u0103 c\u00e2nd nu vom crede cu adev\u0103rat c\u0103 putem face tot ceea ce Dumnezeu ne-a promis. Dac\u0103 nu p\u0103\u0219im prin credin\u021b\u0103, av\u00e2nd \u00eencrederea c\u0103 totul e posibil cu Dumnezeu, El nu va putea s\u0103 lucreze \u00een noi pentru a ne dezvolta poten\u021bialul. El vrea s\u0103 vad\u0103 cooperare, voin\u021b\u0103, credin\u021b\u0103, supunere \u0219i determinare, pentru a scoate la iveal\u0103 ceea ce a pus \u00een noi.<\/p>\n<p>Nimeni nu va munci \u00een locul nostru. Dac\u0103 nu avem determinare, cel r\u0103u va \u00eencerca s\u0103 fure tot ce avem. V\u0103 \u00eencurajez s\u0103 v\u0103 folosi\u021bi poten\u021bialul \u0219i s\u0103 \u00eei da\u021bi o form\u0103. Nu ve\u021bi \u0219ti niciodat\u0103 de ce sunte\u021bi capabili dac\u0103 nu ve\u021bi \u00eencerca s\u0103 face\u021bi ceva. S\u0103 nu v\u0103 fie fric\u0103 s\u0103 \u00eenainta\u021bi pe drumul pe care crede\u021bi c\u0103 Dumnezeu l-a preg\u0103tit pentru voi. C\u00e2nd ve\u021bi p\u0103\u0219i prin credin\u021b\u0103, v\u0103 ve\u021bi da seama de lucr\u0103rile m\u0103re\u021be de care sunte\u021bi capabili.<\/p>\n<hr \/>\n<p>Fii \u00eencrez\u0103tor, fii curajos \u0219i fii tot ceea ce Dumnezeu vrea s\u0103 fii!<\/p>\n","protected":false},"excerpt":{"rendered":"<p>Mul\u021bi din oamenii pe care \u00eei \u00eent\u00e2lnesc vor s\u0103 \u00eenceap\u0103 c\u0103l\u0103toria lor al\u0103turi de Dumnezeu din \u201epunctul A\u201d, s\u0103 \u00eenchid\u0103 ochii \u0219i s\u0103 se trezeasc\u0103 \u00een \u201epunctul Z\u201d. Astfel, mul\u021bi dintre ei ajung s\u0103 fie frustra\u021bi, deoarece nu pot vedea cu ce daruri i-a \u00eenzestrat Dumnezeu sau care este chemarea lor. Unii se tem at\u00e2t de mult de e\u0219ec \u0219i de gre\u0219eli, \u00eenc\u00e2t nu pot s\u0103 ias\u0103 din zona de confort.<\/p>\n","protected":false},"author":19,"featured_media":1426,"parent":0,"menu_order":0,"comment_status":"closed","ping_status":"closed","template":"","class_list":["post-1425","devotional","type-devotional","status-publish","has-post-thumbnail","hentry"],"acf":[],"appp":{"post_detail":{"above_title":"<div class=\"post-featured-wrap\"><img width=\"960\" height=\"560\" src=\"https:\/\/tv.joycemeyer.org\/romana\/wp-content\/uploads\/sites\/51\/2021\/10\/1849.jpg\" class=\"post-featured wp-post-image\" alt=\"\" decoding=\"async\" srcset=\"https:\/\/tv.joycemeyer.org\/romana\/wp-content\/uploads\/sites\/51\/2021\/10\/1849.jpg 960w, https:\/\/tv.joycemeyer.org\/romana\/wp-content\/uploads\/sites\/51\/2021\/10\/1849-300x175.jpg 300w, https:\/\/tv.joycemeyer.org\/romana\/wp-content\/uploads\/sites\/51\/2021\/10\/1849-768x448.jpg 768w\" sizes=\"(max-width: 960px) 100vw, 960px\" \/><\/div>","below_content":""}},"yoast_head":"<!-- This site is optimized with the Yoast SEO plugin v27.4 - https:\/\/yoast.com\/product\/yoast-seo-wordpress\/ -->\n<title>P\u0103\u0219e\u0219te \u00eenainte prin credin\u021b\u0103 - Joyce Meyer Ministries - Romana<\/title>\n<meta name=\"robots\" content=\"index, follow, max-snippet:-1, max-image-preview:large, max-video-preview:-1\" \/>\n<link rel=\"canonical\" href=\"https:\/\/tv.joycemeyer.org\/romana\/devotional\/paseste-inainte-prin-credinta\/\" \/>\n<meta property=\"og:locale\" content=\"ro_RO\" \/>\n<meta property=\"og:type\" content=\"article\" \/>\n<meta property=\"og:title\" content=\"P\u0103\u0219e\u0219te \u00eenainte prin credin\u021b\u0103 - Joyce Meyer Ministries - Romana\" \/>\n<meta property=\"og:description\" content=\"Mul\u021bi din oamenii pe care \u00eei \u00eent\u00e2lnesc vor s\u0103 \u00eenceap\u0103 c\u0103l\u0103toria lor al\u0103turi de Dumnezeu din \u201epunctul A\u201d, s\u0103 \u00eenchid\u0103 ochii \u0219i s\u0103 se trezeasc\u0103 \u00een \u201epunctul Z\u201d. Astfel, mul\u021bi dintre ei ajung s\u0103 fie frustra\u021bi, deoarece nu pot vedea cu ce daruri i-a \u00eenzestrat Dumnezeu sau care este chemarea lor. Unii se tem at\u00e2t de mult de e\u0219ec \u0219i de gre\u0219eli, \u00eenc\u00e2t nu pot s\u0103 ias\u0103 din zona de confort.\" \/>\n<meta property=\"og:url\" content=\"https:\/\/tv.joycemeyer.org\/romana\/devotional\/paseste-inainte-prin-credinta\/\" \/>\n<meta property=\"og:site_name\" content=\"Joyce Meyer Ministries - Romana\" \/>\n<meta property=\"article:modified_time\" content=\"2024-12-11T15:18:20+00:00\" \/>\n<meta property=\"og:image\" content=\"https:\/\/tv.joycemeyer.org\/romana\/wp-content\/uploads\/sites\/51\/2021\/10\/1849.jpg\" \/>\n\t<meta property=\"og:image:width\" content=\"960\" \/>\n\t<meta property=\"og:image:height\" content=\"560\" \/>\n\t<meta property=\"og:image:type\" content=\"image\/jpeg\" \/>\n<meta name=\"twitter:card\" content=\"summary_large_image\" \/>\n<meta name=\"twitter:label1\" content=\"Timp estimat pentru citire\" \/>\n\t<meta name=\"twitter:data1\" content=\"2 minute\" \/>\n<script type=\"application\/ld+json\" class=\"yoast-schema-graph\">{\"@context\":\"https:\\\/\\\/schema.org\",\"@graph\":[{\"@type\":\"WebPage\",\"@id\":\"https:\\\/\\\/tv.joycemeyer.org\\\/romana\\\/devotional\\\/paseste-inainte-prin-credinta\\\/\",\"url\":\"https:\\\/\\\/tv.joycemeyer.org\\\/romana\\\/devotional\\\/paseste-inainte-prin-credinta\\\/\",\"name\":\"P\u0103\u0219e\u0219te \u00eenainte prin credin\u021b\u0103 - Joyce Meyer Ministries - Romana\",\"isPartOf\":{\"@id\":\"https:\\\/\\\/tv.joycemeyer.org\\\/romana\\\/#website\"},\"primaryImageOfPage\":{\"@id\":\"https:\\\/\\\/tv.joycemeyer.org\\\/romana\\\/devotional\\\/paseste-inainte-prin-credinta\\\/#primaryimage\"},\"image\":{\"@id\":\"https:\\\/\\\/tv.joycemeyer.org\\\/romana\\\/devotional\\\/paseste-inainte-prin-credinta\\\/#primaryimage\"},\"thumbnailUrl\":\"https:\\\/\\\/tv.joycemeyer.org\\\/romana\\\/wp-content\\\/uploads\\\/sites\\\/51\\\/2021\\\/10\\\/1849.jpg\",\"datePublished\":\"2019-01-11T00:01:42+00:00\",\"dateModified\":\"2024-12-11T15:18:20+00:00\",\"breadcrumb\":{\"@id\":\"https:\\\/\\\/tv.joycemeyer.org\\\/romana\\\/devotional\\\/paseste-inainte-prin-credinta\\\/#breadcrumb\"},\"inLanguage\":\"ro-RO\",\"potentialAction\":[{\"@type\":\"ReadAction\",\"target\":[\"https:\\\/\\\/tv.joycemeyer.org\\\/romana\\\/devotional\\\/paseste-inainte-prin-credinta\\\/\"]}]},{\"@type\":\"ImageObject\",\"inLanguage\":\"ro-RO\",\"@id\":\"https:\\\/\\\/tv.joycemeyer.org\\\/romana\\\/devotional\\\/paseste-inainte-prin-credinta\\\/#primaryimage\",\"url\":\"https:\\\/\\\/tv.joycemeyer.org\\\/romana\\\/wp-content\\\/uploads\\\/sites\\\/51\\\/2021\\\/10\\\/1849.jpg\",\"contentUrl\":\"https:\\\/\\\/tv.joycemeyer.org\\\/romana\\\/wp-content\\\/uploads\\\/sites\\\/51\\\/2021\\\/10\\\/1849.jpg\",\"width\":960,\"height\":560,\"caption\":\"P\u0103\u0219e\u0219te \u00eenainte prin credin\u021b\u0103\"},{\"@type\":\"BreadcrumbList\",\"@id\":\"https:\\\/\\\/tv.joycemeyer.org\\\/romana\\\/devotional\\\/paseste-inainte-prin-credinta\\\/#breadcrumb\",\"itemListElement\":[{\"@type\":\"ListItem\",\"position\":1,\"name\":\"Home\",\"item\":\"https:\\\/\\\/tv.joycemeyer.org\\\/romana\\\/\"},{\"@type\":\"ListItem\",\"position\":2,\"name\":\"Devotional\",\"item\":\"https:\\\/\\\/tv.joycemeyer.org\\\/romana\\\/devotional\\\/\"},{\"@type\":\"ListItem\",\"position\":3,\"name\":\"P\u0103\u0219e\u0219te \u00eenainte prin credin\u021b\u0103\"}]},{\"@type\":\"WebSite\",\"@id\":\"https:\\\/\\\/tv.joycemeyer.org\\\/romana\\\/#website\",\"url\":\"https:\\\/\\\/tv.joycemeyer.org\\\/romana\\\/\",\"name\":\"Joyce Meyer Ministries - Romana\",\"description\":\"Impartasindu-L pe Hristos - Iubindu-i pe oameni\",\"potentialAction\":[{\"@type\":\"SearchAction\",\"target\":{\"@type\":\"EntryPoint\",\"urlTemplate\":\"https:\\\/\\\/tv.joycemeyer.org\\\/romana\\\/?s={search_term_string}\"},\"query-input\":{\"@type\":\"PropertyValueSpecification\",\"valueRequired\":true,\"valueName\":\"search_term_string\"}}],\"inLanguage\":\"ro-RO\"}]}<\/script>\n<!-- \/ Yoast SEO plugin. -->","yoast_head_json":{"title":"P\u0103\u0219e\u0219te \u00eenainte prin credin\u021b\u0103 - Joyce Meyer Ministries - Romana","robots":{"index":"index","follow":"follow","max-snippet":"max-snippet:-1","max-image-preview":"max-image-preview:large","max-video-preview":"max-video-preview:-1"},"canonical":"https:\/\/tv.joycemeyer.org\/romana\/devotional\/paseste-inainte-prin-credinta\/","og_locale":"ro_RO","og_type":"article","og_title":"P\u0103\u0219e\u0219te \u00eenainte prin credin\u021b\u0103 - Joyce Meyer Ministries - Romana","og_description":"Mul\u021bi din oamenii pe care \u00eei \u00eent\u00e2lnesc vor s\u0103 \u00eenceap\u0103 c\u0103l\u0103toria lor al\u0103turi de Dumnezeu din \u201epunctul A\u201d, s\u0103 \u00eenchid\u0103 ochii \u0219i s\u0103 se trezeasc\u0103 \u00een \u201epunctul Z\u201d. Astfel, mul\u021bi dintre ei ajung s\u0103 fie frustra\u021bi, deoarece nu pot vedea cu ce daruri i-a \u00eenzestrat Dumnezeu sau care este chemarea lor. Unii se tem at\u00e2t de mult de e\u0219ec \u0219i de gre\u0219eli, \u00eenc\u00e2t nu pot s\u0103 ias\u0103 din zona de confort.","og_url":"https:\/\/tv.joycemeyer.org\/romana\/devotional\/paseste-inainte-prin-credinta\/","og_site_name":"Joyce Meyer Ministries - Romana","article_modified_time":"2024-12-11T15:18:20+00:00","og_image":[{"width":960,"height":560,"url":"https:\/\/tv.joycemeyer.org\/romana\/wp-content\/uploads\/sites\/51\/2021\/10\/1849.jpg","type":"image\/jpeg"}],"twitter_card":"summary_large_image","twitter_misc":{"Timp estimat pentru citire":"2 minute"},"schema":{"@context":"https:\/\/schema.org","@graph":[{"@type":"WebPage","@id":"https:\/\/tv.joycemeyer.org\/romana\/devotional\/paseste-inainte-prin-credinta\/","url":"https:\/\/tv.joycemeyer.org\/romana\/devotional\/paseste-inainte-prin-credinta\/","name":"P\u0103\u0219e\u0219te \u00eenainte prin credin\u021b\u0103 - Joyce Meyer Ministries - Romana","isPartOf":{"@id":"https:\/\/tv.joycemeyer.org\/romana\/#website"},"primaryImageOfPage":{"@id":"https:\/\/tv.joycemeyer.org\/romana\/devotional\/paseste-inainte-prin-credinta\/#primaryimage"},"image":{"@id":"https:\/\/tv.joycemeyer.org\/romana\/devotional\/paseste-inainte-prin-credinta\/#primaryimage"},"thumbnailUrl":"https:\/\/tv.joycemeyer.org\/romana\/wp-content\/uploads\/sites\/51\/2021\/10\/1849.jpg","datePublished":"2019-01-11T00:01:42+00:00","dateModified":"2024-12-11T15:18:20+00:00","breadcrumb":{"@id":"https:\/\/tv.joycemeyer.org\/romana\/devotional\/paseste-inainte-prin-credinta\/#breadcrumb"},"inLanguage":"ro-RO","potentialAction":[{"@type":"ReadAction","target":["https:\/\/tv.joycemeyer.org\/romana\/devotional\/paseste-inainte-prin-credinta\/"]}]},{"@type":"ImageObject","inLanguage":"ro-RO","@id":"https:\/\/tv.joycemeyer.org\/romana\/devotional\/paseste-inainte-prin-credinta\/#primaryimage","url":"https:\/\/tv.joycemeyer.org\/romana\/wp-content\/uploads\/sites\/51\/2021\/10\/1849.jpg","contentUrl":"https:\/\/tv.joycemeyer.org\/romana\/wp-content\/uploads\/sites\/51\/2021\/10\/1849.jpg","width":960,"height":560,"caption":"P\u0103\u0219e\u0219te \u00eenainte prin credin\u021b\u0103"},{"@type":"BreadcrumbList","@id":"https:\/\/tv.joycemeyer.org\/romana\/devotional\/paseste-inainte-prin-credinta\/#breadcrumb","itemListElement":[{"@type":"ListItem","position":1,"name":"Home","item":"https:\/\/tv.joycemeyer.org\/romana\/"},{"@type":"ListItem","position":2,"name":"Devotional","item":"https:\/\/tv.joycemeyer.org\/romana\/devotional\/"},{"@type":"ListItem","position":3,"name":"P\u0103\u0219e\u0219te \u00eenainte prin credin\u021b\u0103"}]},{"@type":"WebSite","@id":"https:\/\/tv.joycemeyer.org\/romana\/#website","url":"https:\/\/tv.joycemeyer.org\/romana\/","name":"Joyce Meyer Ministries - Romana","description":"Impartasindu-L pe Hristos - Iubindu-i pe oameni","potentialAction":[{"@type":"SearchAction","target":{"@type":"EntryPoint","urlTemplate":"https:\/\/tv.joycemeyer.org\/romana\/?s={search_term_string}"},"query-input":{"@type":"PropertyValueSpecification","valueRequired":true,"valueName":"search_term_string"}}],"inLanguage":"ro-RO"}]}},"_links":{"self":[{"href":"https:\/\/tv.joycemeyer.org\/romana\/wp-json\/wp\/v2\/devotional\/1425","targetHints":{"allow":["GET"]}}],"collection":[{"href":"https:\/\/tv.joycemeyer.org\/romana\/wp-json\/wp\/v2\/devotional"}],"about":[{"href":"https:\/\/tv.joycemeyer.org\/romana\/wp-json\/wp\/v2\/types\/devotional"}],"author":[{"embeddable":true,"href":"https:\/\/tv.joycemeyer.org\/romana\/wp-json\/wp\/v2\/users\/19"}],"replies":[{"embeddable":true,"href":"https:\/\/tv.joycemeyer.org\/romana\/wp-json\/wp\/v2\/comments?post=1425"}],"wp:featuredmedia":[{"embeddable":true,"href":"https:\/\/tv.joycemeyer.org\/romana\/wp-json\/wp\/v2\/media\/1426"}],"wp:attachment":[{"href":"https:\/\/tv.joycemeyer.org\/romana\/wp-json\/wp\/v2\/media?parent=1425"}],"curies":[{"name":"wp","href":"https:\/\/api.w.org\/{rel}","templated":true}]}}