{"id":1516,"date":"2019-02-23T00:01:06","date_gmt":"2019-02-23T00:01:06","guid":{"rendered":"https:\/\/tv.joycemeyer.org\/romana\/?post_type=devotional&#038;p=1516"},"modified":"2025-01-28T17:52:02","modified_gmt":"2025-01-28T17:52:02","slug":"primeste-iertarea-lui","status":"publish","type":"devotional","link":"https:\/\/tv.joycemeyer.org\/romana\/devotional\/primeste-iertarea-lui\/","title":{"rendered":"Prime\u0219te iertarea Lui"},"content":{"rendered":"<blockquote><p>\u201eEu, Eu \u00ee\u0163i \u015fterg f\u0103r\u0103delegile, pentru Mine, \u015fi nu-Mi voi mai aduce aminte de p\u0103catele tale.\u201d (Isaia 43:25)<\/p><\/blockquote>\n<p>Oric\u00e2t de mult ai fi gre\u0219it \u0219i oric\u00e2t de vinovat te-ai sim\u021bi, prime\u0219te acest adev\u0103r \u00een inima ta: Dumnezeu te iube\u0219te! Isus Hristos \u0218i-a dat via\u021ba ca tu s\u0103 fii iertat. El \u021bi-a dat o via\u021b\u0103 nou\u0103, o familie nou\u0103 \u0219i prieteni noi, care s\u0103 te iubeasc\u0103, s\u0103 te accepte, s\u0103 te aprecieze \u0219i s\u0103 te sus\u021bin\u0103. Vei fi mereu biruitor datorit\u0103 Celui care este \u00een tine \u0219i c\u0103ruia \u00cei pas\u0103 de tine.<\/p>\n<p>Poc\u0103ie\u0219te-te de orice p\u0103cat care st\u0103 \u00eentre tine \u0219i Dumnezeu \u0219i prime\u0219te iertarea Lui. Indiferent de ce ai f\u0103cut, spune: \u201eDoamne, sunt vinovat de acest p\u0103cat. E o minune pentru mine faptul c\u0103 Tu m\u0103 iube\u0219ti necondi\u021bionat \u0219i \u00eemi dai iertarea Ta. Tu ai \u00eendep\u0103rtat p\u0103catele mele de la mine at\u00e2t de departe c\u00e2t este r\u0103s\u0103ritul de apus, \u0219i nu \u00ee\u021bi mai aduci aminte de ele!\u201d (Psalmii 103:12).<\/p>\n<p>Odat\u0103 ce te-ai poc\u0103it \u0219i ai primit iertarea lui Dumnezeu, dac\u0103 vei continua s\u0103 aduci \u00eenaintea Lui \u00een rug\u0103ciune p\u0103catele pentru care I-ai cerut deja iertare, de fapt, \u00cei vei aduce aminte de lucruri pe care nu doar c\u0103 le-a iertat, ci pe care le-a \u0219i uitat.<\/p>\n<hr \/>\n<p>De acum \u00eenainte, nu te mai \u00eenvinov\u0103\u021bi pentru un p\u0103cat iertat deja de Dumnezeu.<\/p>\n","protected":false},"excerpt":{"rendered":"<p>Oric\u00e2t de mult ai fi gre\u0219it \u0219i oric\u00e2t de vinovat te-ai sim\u021bi, prime\u0219te acest adev\u0103r \u00een inima ta: Dumnezeu te iube\u0219te! Isus Hristos \u0218i-a dat via\u021ba ca tu s\u0103 fii iertat. El \u021bi-a dat o via\u021b\u0103 nou\u0103, o familie nou\u0103 \u0219i prieteni noi, care s\u0103 te iubeasc\u0103, s\u0103 te accepte, s\u0103 te aprecieze \u0219i s\u0103 te sus\u021bin\u0103. Vei fi mereu biruitor datorit\u0103 Celui care este \u00een tine \u0219i c\u0103ruia \u00cei pas\u0103 de tine.<\/p>\n","protected":false},"author":19,"featured_media":1517,"parent":0,"menu_order":0,"comment_status":"closed","ping_status":"closed","template":"","class_list":["post-1516","devotional","type-devotional","status-publish","has-post-thumbnail","hentry"],"acf":[],"appp":{"post_detail":{"above_title":"<div class=\"post-featured-wrap\"><img width=\"1024\" height=\"597\" src=\"https:\/\/tv.joycemeyer.org\/romana\/wp-content\/uploads\/sites\/51\/2021\/11\/2045-1024x597.jpg\" class=\"post-featured wp-post-image\" alt=\"\" decoding=\"async\" srcset=\"https:\/\/tv.joycemeyer.org\/romana\/wp-content\/uploads\/sites\/51\/2021\/11\/2045-1024x597.jpg 1024w, https:\/\/tv.joycemeyer.org\/romana\/wp-content\/uploads\/sites\/51\/2021\/11\/2045-300x175.jpg 300w, https:\/\/tv.joycemeyer.org\/romana\/wp-content\/uploads\/sites\/51\/2021\/11\/2045-768x448.jpg 768w, https:\/\/tv.joycemeyer.org\/romana\/wp-content\/uploads\/sites\/51\/2021\/11\/2045-1536x896.jpg 1536w, https:\/\/tv.joycemeyer.org\/romana\/wp-content\/uploads\/sites\/51\/2021\/11\/2045.jpg 1800w\" sizes=\"(max-width: 1024px) 100vw, 1024px\" \/><\/div>","below_content":""}},"yoast_head":"<!-- This site is optimized with the Yoast SEO plugin v27.4 - https:\/\/yoast.com\/product\/yoast-seo-wordpress\/ -->\n<title>Prime\u0219te iertarea Lui - Joyce Meyer Ministries - Romana<\/title>\n<meta name=\"robots\" content=\"index, follow, max-snippet:-1, max-image-preview:large, max-video-preview:-1\" \/>\n<link rel=\"canonical\" href=\"https:\/\/tv.joycemeyer.org\/romana\/devotional\/primeste-iertarea-lui\/\" \/>\n<meta property=\"og:locale\" content=\"ro_RO\" \/>\n<meta property=\"og:type\" content=\"article\" \/>\n<meta property=\"og:title\" content=\"Prime\u0219te iertarea Lui - Joyce Meyer Ministries - Romana\" \/>\n<meta property=\"og:description\" content=\"Oric\u00e2t de mult ai fi gre\u0219it \u0219i oric\u00e2t de vinovat te-ai sim\u021bi, prime\u0219te acest adev\u0103r \u00een inima ta: Dumnezeu te iube\u0219te! Isus Hristos \u0218i-a dat via\u021ba ca tu s\u0103 fii iertat. El \u021bi-a dat o via\u021b\u0103 nou\u0103, o familie nou\u0103 \u0219i prieteni noi, care s\u0103 te iubeasc\u0103, s\u0103 te accepte, s\u0103 te aprecieze \u0219i s\u0103 te sus\u021bin\u0103. Vei fi mereu biruitor datorit\u0103 Celui care este \u00een tine \u0219i c\u0103ruia \u00cei pas\u0103 de tine.\" \/>\n<meta property=\"og:url\" content=\"https:\/\/tv.joycemeyer.org\/romana\/devotional\/primeste-iertarea-lui\/\" \/>\n<meta property=\"og:site_name\" content=\"Joyce Meyer Ministries - Romana\" \/>\n<meta property=\"article:modified_time\" content=\"2025-01-28T17:52:02+00:00\" \/>\n<meta property=\"og:image\" content=\"https:\/\/tv.joycemeyer.org\/romana\/wp-content\/uploads\/sites\/51\/2021\/11\/2045.jpg\" \/>\n\t<meta property=\"og:image:width\" content=\"1800\" \/>\n\t<meta property=\"og:image:height\" content=\"1050\" \/>\n\t<meta property=\"og:image:type\" content=\"image\/jpeg\" \/>\n<meta name=\"twitter:card\" content=\"summary_large_image\" \/>\n<meta name=\"twitter:label1\" content=\"Timp estimat pentru citire\" \/>\n\t<meta name=\"twitter:data1\" content=\"1 minut\" \/>\n<script type=\"application\/ld+json\" class=\"yoast-schema-graph\">{\"@context\":\"https:\\\/\\\/schema.org\",\"@graph\":[{\"@type\":\"WebPage\",\"@id\":\"https:\\\/\\\/tv.joycemeyer.org\\\/romana\\\/devotional\\\/primeste-iertarea-lui\\\/\",\"url\":\"https:\\\/\\\/tv.joycemeyer.org\\\/romana\\\/devotional\\\/primeste-iertarea-lui\\\/\",\"name\":\"Prime\u0219te iertarea Lui - Joyce Meyer Ministries - Romana\",\"isPartOf\":{\"@id\":\"https:\\\/\\\/tv.joycemeyer.org\\\/romana\\\/#website\"},\"primaryImageOfPage\":{\"@id\":\"https:\\\/\\\/tv.joycemeyer.org\\\/romana\\\/devotional\\\/primeste-iertarea-lui\\\/#primaryimage\"},\"image\":{\"@id\":\"https:\\\/\\\/tv.joycemeyer.org\\\/romana\\\/devotional\\\/primeste-iertarea-lui\\\/#primaryimage\"},\"thumbnailUrl\":\"https:\\\/\\\/tv.joycemeyer.org\\\/romana\\\/wp-content\\\/uploads\\\/sites\\\/51\\\/2021\\\/11\\\/2045.jpg\",\"datePublished\":\"2019-02-23T00:01:06+00:00\",\"dateModified\":\"2025-01-28T17:52:02+00:00\",\"breadcrumb\":{\"@id\":\"https:\\\/\\\/tv.joycemeyer.org\\\/romana\\\/devotional\\\/primeste-iertarea-lui\\\/#breadcrumb\"},\"inLanguage\":\"ro-RO\",\"potentialAction\":[{\"@type\":\"ReadAction\",\"target\":[\"https:\\\/\\\/tv.joycemeyer.org\\\/romana\\\/devotional\\\/primeste-iertarea-lui\\\/\"]}]},{\"@type\":\"ImageObject\",\"inLanguage\":\"ro-RO\",\"@id\":\"https:\\\/\\\/tv.joycemeyer.org\\\/romana\\\/devotional\\\/primeste-iertarea-lui\\\/#primaryimage\",\"url\":\"https:\\\/\\\/tv.joycemeyer.org\\\/romana\\\/wp-content\\\/uploads\\\/sites\\\/51\\\/2021\\\/11\\\/2045.jpg\",\"contentUrl\":\"https:\\\/\\\/tv.joycemeyer.org\\\/romana\\\/wp-content\\\/uploads\\\/sites\\\/51\\\/2021\\\/11\\\/2045.jpg\",\"width\":1800,\"height\":1050,\"caption\":\"Prime\u0219te iertarea Lui\"},{\"@type\":\"BreadcrumbList\",\"@id\":\"https:\\\/\\\/tv.joycemeyer.org\\\/romana\\\/devotional\\\/primeste-iertarea-lui\\\/#breadcrumb\",\"itemListElement\":[{\"@type\":\"ListItem\",\"position\":1,\"name\":\"Home\",\"item\":\"https:\\\/\\\/tv.joycemeyer.org\\\/romana\\\/\"},{\"@type\":\"ListItem\",\"position\":2,\"name\":\"Devotional\",\"item\":\"https:\\\/\\\/tv.joycemeyer.org\\\/romana\\\/devotional\\\/\"},{\"@type\":\"ListItem\",\"position\":3,\"name\":\"Prime\u0219te iertarea Lui\"}]},{\"@type\":\"WebSite\",\"@id\":\"https:\\\/\\\/tv.joycemeyer.org\\\/romana\\\/#website\",\"url\":\"https:\\\/\\\/tv.joycemeyer.org\\\/romana\\\/\",\"name\":\"Joyce Meyer Ministries - Romana\",\"description\":\"Impartasindu-L pe Hristos - Iubindu-i pe oameni\",\"potentialAction\":[{\"@type\":\"SearchAction\",\"target\":{\"@type\":\"EntryPoint\",\"urlTemplate\":\"https:\\\/\\\/tv.joycemeyer.org\\\/romana\\\/?s={search_term_string}\"},\"query-input\":{\"@type\":\"PropertyValueSpecification\",\"valueRequired\":true,\"valueName\":\"search_term_string\"}}],\"inLanguage\":\"ro-RO\"}]}<\/script>\n<!-- \/ Yoast SEO plugin. -->","yoast_head_json":{"title":"Prime\u0219te iertarea Lui - Joyce Meyer Ministries - Romana","robots":{"index":"index","follow":"follow","max-snippet":"max-snippet:-1","max-image-preview":"max-image-preview:large","max-video-preview":"max-video-preview:-1"},"canonical":"https:\/\/tv.joycemeyer.org\/romana\/devotional\/primeste-iertarea-lui\/","og_locale":"ro_RO","og_type":"article","og_title":"Prime\u0219te iertarea Lui - Joyce Meyer Ministries - Romana","og_description":"Oric\u00e2t de mult ai fi gre\u0219it \u0219i oric\u00e2t de vinovat te-ai sim\u021bi, prime\u0219te acest adev\u0103r \u00een inima ta: Dumnezeu te iube\u0219te! Isus Hristos \u0218i-a dat via\u021ba ca tu s\u0103 fii iertat. El \u021bi-a dat o via\u021b\u0103 nou\u0103, o familie nou\u0103 \u0219i prieteni noi, care s\u0103 te iubeasc\u0103, s\u0103 te accepte, s\u0103 te aprecieze \u0219i s\u0103 te sus\u021bin\u0103. Vei fi mereu biruitor datorit\u0103 Celui care este \u00een tine \u0219i c\u0103ruia \u00cei pas\u0103 de tine.","og_url":"https:\/\/tv.joycemeyer.org\/romana\/devotional\/primeste-iertarea-lui\/","og_site_name":"Joyce Meyer Ministries - Romana","article_modified_time":"2025-01-28T17:52:02+00:00","og_image":[{"width":1800,"height":1050,"url":"https:\/\/tv.joycemeyer.org\/romana\/wp-content\/uploads\/sites\/51\/2021\/11\/2045.jpg","type":"image\/jpeg"}],"twitter_card":"summary_large_image","twitter_misc":{"Timp estimat pentru citire":"1 minut"},"schema":{"@context":"https:\/\/schema.org","@graph":[{"@type":"WebPage","@id":"https:\/\/tv.joycemeyer.org\/romana\/devotional\/primeste-iertarea-lui\/","url":"https:\/\/tv.joycemeyer.org\/romana\/devotional\/primeste-iertarea-lui\/","name":"Prime\u0219te iertarea Lui - Joyce Meyer Ministries - Romana","isPartOf":{"@id":"https:\/\/tv.joycemeyer.org\/romana\/#website"},"primaryImageOfPage":{"@id":"https:\/\/tv.joycemeyer.org\/romana\/devotional\/primeste-iertarea-lui\/#primaryimage"},"image":{"@id":"https:\/\/tv.joycemeyer.org\/romana\/devotional\/primeste-iertarea-lui\/#primaryimage"},"thumbnailUrl":"https:\/\/tv.joycemeyer.org\/romana\/wp-content\/uploads\/sites\/51\/2021\/11\/2045.jpg","datePublished":"2019-02-23T00:01:06+00:00","dateModified":"2025-01-28T17:52:02+00:00","breadcrumb":{"@id":"https:\/\/tv.joycemeyer.org\/romana\/devotional\/primeste-iertarea-lui\/#breadcrumb"},"inLanguage":"ro-RO","potentialAction":[{"@type":"ReadAction","target":["https:\/\/tv.joycemeyer.org\/romana\/devotional\/primeste-iertarea-lui\/"]}]},{"@type":"ImageObject","inLanguage":"ro-RO","@id":"https:\/\/tv.joycemeyer.org\/romana\/devotional\/primeste-iertarea-lui\/#primaryimage","url":"https:\/\/tv.joycemeyer.org\/romana\/wp-content\/uploads\/sites\/51\/2021\/11\/2045.jpg","contentUrl":"https:\/\/tv.joycemeyer.org\/romana\/wp-content\/uploads\/sites\/51\/2021\/11\/2045.jpg","width":1800,"height":1050,"caption":"Prime\u0219te iertarea Lui"},{"@type":"BreadcrumbList","@id":"https:\/\/tv.joycemeyer.org\/romana\/devotional\/primeste-iertarea-lui\/#breadcrumb","itemListElement":[{"@type":"ListItem","position":1,"name":"Home","item":"https:\/\/tv.joycemeyer.org\/romana\/"},{"@type":"ListItem","position":2,"name":"Devotional","item":"https:\/\/tv.joycemeyer.org\/romana\/devotional\/"},{"@type":"ListItem","position":3,"name":"Prime\u0219te iertarea Lui"}]},{"@type":"WebSite","@id":"https:\/\/tv.joycemeyer.org\/romana\/#website","url":"https:\/\/tv.joycemeyer.org\/romana\/","name":"Joyce Meyer Ministries - Romana","description":"Impartasindu-L pe Hristos - Iubindu-i pe oameni","potentialAction":[{"@type":"SearchAction","target":{"@type":"EntryPoint","urlTemplate":"https:\/\/tv.joycemeyer.org\/romana\/?s={search_term_string}"},"query-input":{"@type":"PropertyValueSpecification","valueRequired":true,"valueName":"search_term_string"}}],"inLanguage":"ro-RO"}]}},"_links":{"self":[{"href":"https:\/\/tv.joycemeyer.org\/romana\/wp-json\/wp\/v2\/devotional\/1516","targetHints":{"allow":["GET"]}}],"collection":[{"href":"https:\/\/tv.joycemeyer.org\/romana\/wp-json\/wp\/v2\/devotional"}],"about":[{"href":"https:\/\/tv.joycemeyer.org\/romana\/wp-json\/wp\/v2\/types\/devotional"}],"author":[{"embeddable":true,"href":"https:\/\/tv.joycemeyer.org\/romana\/wp-json\/wp\/v2\/users\/19"}],"replies":[{"embeddable":true,"href":"https:\/\/tv.joycemeyer.org\/romana\/wp-json\/wp\/v2\/comments?post=1516"}],"wp:featuredmedia":[{"embeddable":true,"href":"https:\/\/tv.joycemeyer.org\/romana\/wp-json\/wp\/v2\/media\/1517"}],"wp:attachment":[{"href":"https:\/\/tv.joycemeyer.org\/romana\/wp-json\/wp\/v2\/media?parent=1516"}],"curies":[{"name":"wp","href":"https:\/\/api.w.org\/{rel}","templated":true}]}}