{"id":1573,"date":"2025-03-17T00:01:10","date_gmt":"2025-03-17T00:01:10","guid":{"rendered":"https:\/\/tv.joycemeyer.org\/romana\/?post_type=devotional&#038;p=1573"},"modified":"2025-03-14T15:52:41","modified_gmt":"2025-03-14T15:52:41","slug":"gata-cu-vinovatia-si-condamnarea","status":"publish","type":"devotional","link":"https:\/\/tv.joycemeyer.org\/romana\/devotional\/gata-cu-vinovatia-si-condamnarea\/","title":{"rendered":"Gata cu vinov\u0103\u021bia \u0219i condamnarea"},"content":{"rendered":"<blockquote><p>\u201eA\u0219adar, acum nu mai este nicio condamnare pentru cei ce sunt \u00een Hristos Isus care nu umbl\u0103 potrivit firii, ci potrivit Duhului.\u201d (Romani 8:1 NTR)<\/p><\/blockquote>\n<p>O mare problem\u0103 pentru mul\u021bi credincio\u0219i este persisten\u021ba sentimemtelor de vinov\u0103\u021bie \u0219i condamnare pentru p\u0103cate din trecut, care deja au fost iertate. Diavolul se bucur\u0103 s\u0103 ne fac\u0103 s\u0103 ne sim\u021bim groaznic, iar una din modalit\u0103\u021bile prin care face asta este vinov\u0103\u021bia. De\u0219i acuza\u021biile lui sunt false, dac\u0103 le accept\u0103m, vom fi afecta\u021bi.<\/p>\n<p>Biblia ne \u00eenva\u021b\u0103 c\u0103 prin s\u00e2ngele lui Isus, am primit iertare deplin\u0103 \u0219i suntem elibera\u021bi de condamnare. Nu trebuie s\u0103 consider\u0103m vinov\u0103\u021bia noastr\u0103 mai presus dec\u00e2t jertfa Sa de la cruce, pentru c\u0103 lucrarea Lui este des\u0103v\u00e2r\u0219it\u0103.<\/p>\n<p>Dac\u0103 diavolul va mai \u00eencerca s\u0103 \u00ee\u021bi aduc\u0103 aminte de p\u0103cate din trecut, f\u0103c\u00e2ndu-te s\u0103 te sim\u021bi vinovat \u0219i condamnat de ele, declar\u0103: \u201eAm primit iertare pentru acest p\u0103cate! Dumnezeu a avut grij\u0103 de ele; de aceea eu nu am de ce s\u0103 m\u0103 mai \u00eengrijorez\u201d. Vei vedea c\u0103 \u00ee\u021bi va fi de ajutor s\u0103 roste\u0219ti cu voce tare acest adev\u0103r, deoarece astfel afirmi c\u0103 e\u0219ti \u00een acord cu Cuv\u00e2ntul lui Dumnezeu. Proclam\u0103 \u00eenaintea vr\u0103jma\u0219ului c\u0103 Hristos te-a eliberat.<\/p>\n<hr \/>\n<p>Nu trebuie s\u0103 stai \u0219i s\u0103 ascul\u021bi acuzele \u0219i minciunile diavolului. \u00cenva\u021b\u0103 s\u0103 \u00eei r\u0103spunzi folosind adev\u0103rul Cuv\u00e2ntului.<\/p>\n","protected":false},"excerpt":{"rendered":"<p>O mare problem\u0103 pentru mul\u021bi credincio\u0219i este persisten\u021ba sentimemtelor de vinov\u0103\u021bie \u0219i condamnare pentru p\u0103cate din trecut, care deja au fost iertate. Diavolul se bucur\u0103 s\u0103 ne fac\u0103 s\u0103 ne sim\u021bim groaznic, iar una din modalit\u0103\u021bile prin care face asta este vinov\u0103\u021bia. De\u0219i acuza\u021biile lui sunt false, dac\u0103 le accept\u0103m, vom fi afecta\u021bi.<\/p>\n","protected":false},"author":19,"featured_media":1574,"parent":0,"menu_order":0,"comment_status":"closed","ping_status":"closed","template":"","class_list":["post-1573","devotional","type-devotional","status-publish","has-post-thumbnail","hentry"],"acf":[],"appp":{"post_detail":{"above_title":"<div class=\"post-featured-wrap\"><img width=\"1024\" height=\"597\" src=\"https:\/\/tv.joycemeyer.org\/romana\/wp-content\/uploads\/sites\/51\/2021\/12\/2016-1024x597.jpg\" class=\"post-featured wp-post-image\" alt=\"\" decoding=\"async\" srcset=\"https:\/\/tv.joycemeyer.org\/romana\/wp-content\/uploads\/sites\/51\/2021\/12\/2016-1024x597.jpg 1024w, https:\/\/tv.joycemeyer.org\/romana\/wp-content\/uploads\/sites\/51\/2021\/12\/2016-300x175.jpg 300w, https:\/\/tv.joycemeyer.org\/romana\/wp-content\/uploads\/sites\/51\/2021\/12\/2016-768x448.jpg 768w, https:\/\/tv.joycemeyer.org\/romana\/wp-content\/uploads\/sites\/51\/2021\/12\/2016-1536x896.jpg 1536w, https:\/\/tv.joycemeyer.org\/romana\/wp-content\/uploads\/sites\/51\/2021\/12\/2016.jpg 1755w\" sizes=\"(max-width: 1024px) 100vw, 1024px\" \/><\/div>","below_content":""}},"yoast_head":"<!-- This site is optimized with the Yoast SEO plugin v27.4 - https:\/\/yoast.com\/product\/yoast-seo-wordpress\/ -->\n<title>Gata cu vinov\u0103\u021bia \u0219i condamnarea - Joyce Meyer Ministries - Romana<\/title>\n<meta name=\"robots\" content=\"index, follow, max-snippet:-1, max-image-preview:large, max-video-preview:-1\" \/>\n<link rel=\"canonical\" href=\"https:\/\/tv.joycemeyer.org\/romana\/devotional\/gata-cu-vinovatia-si-condamnarea\/\" \/>\n<meta property=\"og:locale\" content=\"ro_RO\" \/>\n<meta property=\"og:type\" content=\"article\" \/>\n<meta property=\"og:title\" content=\"Gata cu vinov\u0103\u021bia \u0219i condamnarea - Joyce Meyer Ministries - Romana\" \/>\n<meta property=\"og:description\" content=\"O mare problem\u0103 pentru mul\u021bi credincio\u0219i este persisten\u021ba sentimemtelor de vinov\u0103\u021bie \u0219i condamnare pentru p\u0103cate din trecut, care deja au fost iertate. Diavolul se bucur\u0103 s\u0103 ne fac\u0103 s\u0103 ne sim\u021bim groaznic, iar una din modalit\u0103\u021bile prin care face asta este vinov\u0103\u021bia. De\u0219i acuza\u021biile lui sunt false, dac\u0103 le accept\u0103m, vom fi afecta\u021bi.\" \/>\n<meta property=\"og:url\" content=\"https:\/\/tv.joycemeyer.org\/romana\/devotional\/gata-cu-vinovatia-si-condamnarea\/\" \/>\n<meta property=\"og:site_name\" content=\"Joyce Meyer Ministries - Romana\" \/>\n<meta property=\"og:image\" content=\"https:\/\/tv.joycemeyer.org\/romana\/wp-content\/uploads\/sites\/51\/2021\/12\/2016.jpg\" \/>\n\t<meta property=\"og:image:width\" content=\"1755\" \/>\n\t<meta property=\"og:image:height\" content=\"1024\" \/>\n\t<meta property=\"og:image:type\" content=\"image\/jpeg\" \/>\n<meta name=\"twitter:card\" content=\"summary_large_image\" \/>\n<meta name=\"twitter:label1\" content=\"Timp estimat pentru citire\" \/>\n\t<meta name=\"twitter:data1\" content=\"2 minute\" \/>\n<script type=\"application\/ld+json\" class=\"yoast-schema-graph\">{\"@context\":\"https:\\\/\\\/schema.org\",\"@graph\":[{\"@type\":\"WebPage\",\"@id\":\"https:\\\/\\\/tv.joycemeyer.org\\\/romana\\\/devotional\\\/gata-cu-vinovatia-si-condamnarea\\\/\",\"url\":\"https:\\\/\\\/tv.joycemeyer.org\\\/romana\\\/devotional\\\/gata-cu-vinovatia-si-condamnarea\\\/\",\"name\":\"Gata cu vinov\u0103\u021bia \u0219i condamnarea - Joyce Meyer Ministries - Romana\",\"isPartOf\":{\"@id\":\"https:\\\/\\\/tv.joycemeyer.org\\\/romana\\\/#website\"},\"primaryImageOfPage\":{\"@id\":\"https:\\\/\\\/tv.joycemeyer.org\\\/romana\\\/devotional\\\/gata-cu-vinovatia-si-condamnarea\\\/#primaryimage\"},\"image\":{\"@id\":\"https:\\\/\\\/tv.joycemeyer.org\\\/romana\\\/devotional\\\/gata-cu-vinovatia-si-condamnarea\\\/#primaryimage\"},\"thumbnailUrl\":\"https:\\\/\\\/tv.joycemeyer.org\\\/romana\\\/wp-content\\\/uploads\\\/sites\\\/51\\\/2021\\\/12\\\/2016.jpg\",\"datePublished\":\"2025-03-17T00:01:10+00:00\",\"breadcrumb\":{\"@id\":\"https:\\\/\\\/tv.joycemeyer.org\\\/romana\\\/devotional\\\/gata-cu-vinovatia-si-condamnarea\\\/#breadcrumb\"},\"inLanguage\":\"ro-RO\",\"potentialAction\":[{\"@type\":\"ReadAction\",\"target\":[\"https:\\\/\\\/tv.joycemeyer.org\\\/romana\\\/devotional\\\/gata-cu-vinovatia-si-condamnarea\\\/\"]}]},{\"@type\":\"ImageObject\",\"inLanguage\":\"ro-RO\",\"@id\":\"https:\\\/\\\/tv.joycemeyer.org\\\/romana\\\/devotional\\\/gata-cu-vinovatia-si-condamnarea\\\/#primaryimage\",\"url\":\"https:\\\/\\\/tv.joycemeyer.org\\\/romana\\\/wp-content\\\/uploads\\\/sites\\\/51\\\/2021\\\/12\\\/2016.jpg\",\"contentUrl\":\"https:\\\/\\\/tv.joycemeyer.org\\\/romana\\\/wp-content\\\/uploads\\\/sites\\\/51\\\/2021\\\/12\\\/2016.jpg\",\"width\":1755,\"height\":1024,\"caption\":\"Gata cu vinov\u0103\u021bia \u0219i condamnarea\"},{\"@type\":\"BreadcrumbList\",\"@id\":\"https:\\\/\\\/tv.joycemeyer.org\\\/romana\\\/devotional\\\/gata-cu-vinovatia-si-condamnarea\\\/#breadcrumb\",\"itemListElement\":[{\"@type\":\"ListItem\",\"position\":1,\"name\":\"Home\",\"item\":\"https:\\\/\\\/tv.joycemeyer.org\\\/romana\\\/\"},{\"@type\":\"ListItem\",\"position\":2,\"name\":\"Devotional\",\"item\":\"https:\\\/\\\/tv.joycemeyer.org\\\/romana\\\/devotional\\\/\"},{\"@type\":\"ListItem\",\"position\":3,\"name\":\"Gata cu vinov\u0103\u021bia \u0219i condamnarea\"}]},{\"@type\":\"WebSite\",\"@id\":\"https:\\\/\\\/tv.joycemeyer.org\\\/romana\\\/#website\",\"url\":\"https:\\\/\\\/tv.joycemeyer.org\\\/romana\\\/\",\"name\":\"Joyce Meyer Ministries - Romana\",\"description\":\"Impartasindu-L pe Hristos - Iubindu-i pe oameni\",\"potentialAction\":[{\"@type\":\"SearchAction\",\"target\":{\"@type\":\"EntryPoint\",\"urlTemplate\":\"https:\\\/\\\/tv.joycemeyer.org\\\/romana\\\/?s={search_term_string}\"},\"query-input\":{\"@type\":\"PropertyValueSpecification\",\"valueRequired\":true,\"valueName\":\"search_term_string\"}}],\"inLanguage\":\"ro-RO\"}]}<\/script>\n<!-- \/ Yoast SEO plugin. -->","yoast_head_json":{"title":"Gata cu vinov\u0103\u021bia \u0219i condamnarea - Joyce Meyer Ministries - Romana","robots":{"index":"index","follow":"follow","max-snippet":"max-snippet:-1","max-image-preview":"max-image-preview:large","max-video-preview":"max-video-preview:-1"},"canonical":"https:\/\/tv.joycemeyer.org\/romana\/devotional\/gata-cu-vinovatia-si-condamnarea\/","og_locale":"ro_RO","og_type":"article","og_title":"Gata cu vinov\u0103\u021bia \u0219i condamnarea - Joyce Meyer Ministries - Romana","og_description":"O mare problem\u0103 pentru mul\u021bi credincio\u0219i este persisten\u021ba sentimemtelor de vinov\u0103\u021bie \u0219i condamnare pentru p\u0103cate din trecut, care deja au fost iertate. Diavolul se bucur\u0103 s\u0103 ne fac\u0103 s\u0103 ne sim\u021bim groaznic, iar una din modalit\u0103\u021bile prin care face asta este vinov\u0103\u021bia. De\u0219i acuza\u021biile lui sunt false, dac\u0103 le accept\u0103m, vom fi afecta\u021bi.","og_url":"https:\/\/tv.joycemeyer.org\/romana\/devotional\/gata-cu-vinovatia-si-condamnarea\/","og_site_name":"Joyce Meyer Ministries - Romana","og_image":[{"width":1755,"height":1024,"url":"https:\/\/tv.joycemeyer.org\/romana\/wp-content\/uploads\/sites\/51\/2021\/12\/2016.jpg","type":"image\/jpeg"}],"twitter_card":"summary_large_image","twitter_misc":{"Timp estimat pentru citire":"2 minute"},"schema":{"@context":"https:\/\/schema.org","@graph":[{"@type":"WebPage","@id":"https:\/\/tv.joycemeyer.org\/romana\/devotional\/gata-cu-vinovatia-si-condamnarea\/","url":"https:\/\/tv.joycemeyer.org\/romana\/devotional\/gata-cu-vinovatia-si-condamnarea\/","name":"Gata cu vinov\u0103\u021bia \u0219i condamnarea - Joyce Meyer Ministries - Romana","isPartOf":{"@id":"https:\/\/tv.joycemeyer.org\/romana\/#website"},"primaryImageOfPage":{"@id":"https:\/\/tv.joycemeyer.org\/romana\/devotional\/gata-cu-vinovatia-si-condamnarea\/#primaryimage"},"image":{"@id":"https:\/\/tv.joycemeyer.org\/romana\/devotional\/gata-cu-vinovatia-si-condamnarea\/#primaryimage"},"thumbnailUrl":"https:\/\/tv.joycemeyer.org\/romana\/wp-content\/uploads\/sites\/51\/2021\/12\/2016.jpg","datePublished":"2025-03-17T00:01:10+00:00","breadcrumb":{"@id":"https:\/\/tv.joycemeyer.org\/romana\/devotional\/gata-cu-vinovatia-si-condamnarea\/#breadcrumb"},"inLanguage":"ro-RO","potentialAction":[{"@type":"ReadAction","target":["https:\/\/tv.joycemeyer.org\/romana\/devotional\/gata-cu-vinovatia-si-condamnarea\/"]}]},{"@type":"ImageObject","inLanguage":"ro-RO","@id":"https:\/\/tv.joycemeyer.org\/romana\/devotional\/gata-cu-vinovatia-si-condamnarea\/#primaryimage","url":"https:\/\/tv.joycemeyer.org\/romana\/wp-content\/uploads\/sites\/51\/2021\/12\/2016.jpg","contentUrl":"https:\/\/tv.joycemeyer.org\/romana\/wp-content\/uploads\/sites\/51\/2021\/12\/2016.jpg","width":1755,"height":1024,"caption":"Gata cu vinov\u0103\u021bia \u0219i condamnarea"},{"@type":"BreadcrumbList","@id":"https:\/\/tv.joycemeyer.org\/romana\/devotional\/gata-cu-vinovatia-si-condamnarea\/#breadcrumb","itemListElement":[{"@type":"ListItem","position":1,"name":"Home","item":"https:\/\/tv.joycemeyer.org\/romana\/"},{"@type":"ListItem","position":2,"name":"Devotional","item":"https:\/\/tv.joycemeyer.org\/romana\/devotional\/"},{"@type":"ListItem","position":3,"name":"Gata cu vinov\u0103\u021bia \u0219i condamnarea"}]},{"@type":"WebSite","@id":"https:\/\/tv.joycemeyer.org\/romana\/#website","url":"https:\/\/tv.joycemeyer.org\/romana\/","name":"Joyce Meyer Ministries - Romana","description":"Impartasindu-L pe Hristos - Iubindu-i pe oameni","potentialAction":[{"@type":"SearchAction","target":{"@type":"EntryPoint","urlTemplate":"https:\/\/tv.joycemeyer.org\/romana\/?s={search_term_string}"},"query-input":{"@type":"PropertyValueSpecification","valueRequired":true,"valueName":"search_term_string"}}],"inLanguage":"ro-RO"}]}},"_links":{"self":[{"href":"https:\/\/tv.joycemeyer.org\/romana\/wp-json\/wp\/v2\/devotional\/1573","targetHints":{"allow":["GET"]}}],"collection":[{"href":"https:\/\/tv.joycemeyer.org\/romana\/wp-json\/wp\/v2\/devotional"}],"about":[{"href":"https:\/\/tv.joycemeyer.org\/romana\/wp-json\/wp\/v2\/types\/devotional"}],"author":[{"embeddable":true,"href":"https:\/\/tv.joycemeyer.org\/romana\/wp-json\/wp\/v2\/users\/19"}],"replies":[{"embeddable":true,"href":"https:\/\/tv.joycemeyer.org\/romana\/wp-json\/wp\/v2\/comments?post=1573"}],"wp:featuredmedia":[{"embeddable":true,"href":"https:\/\/tv.joycemeyer.org\/romana\/wp-json\/wp\/v2\/media\/1574"}],"wp:attachment":[{"href":"https:\/\/tv.joycemeyer.org\/romana\/wp-json\/wp\/v2\/media?parent=1573"}],"curies":[{"name":"wp","href":"https:\/\/api.w.org\/{rel}","templated":true}]}}