{"id":1581,"date":"2025-03-21T00:01:17","date_gmt":"2025-03-21T00:01:17","guid":{"rendered":"https:\/\/tv.joycemeyer.org\/romana\/?post_type=devotional&#038;p=1581"},"modified":"2025-03-19T19:48:32","modified_gmt":"2025-03-19T19:48:32","slug":"isus-si-sentimentele","status":"publish","type":"devotional","link":"https:\/\/tv.joycemeyer.org\/romana\/devotional\/isus-si-sentimentele\/","title":{"rendered":"Isus \u0219i sentimentele"},"content":{"rendered":"<blockquote><p>\u201eC\u0103ci n-avem un Mare Preot care s\u0103 n-aib\u0103 mil\u0103 de sl\u0103biciunile noastre, ci unul care \u00een toate lucrurile a fost ispitit ca \u015fi noi, dar f\u0103r\u0103 p\u0103cat.\u201d (Evrei 4:15)<\/p><\/blockquote>\n<p>Conform autorului c\u0103r\u021bii Evrei, Isus a experimentat fiecare emo\u021bie \u0219i a sim\u021bit fiecare lucru pe care eu \u0219i cu tine le sim\u021bim, \u00eens\u0103 f\u0103r\u0103 a p\u0103c\u0103tui. El nu a p\u0103c\u0103tuit pentru c\u0103 nu s-a l\u0103sat controlat de sentimente. El cuno\u0219tea Cuv\u00e2ntul lui Dumnezeu cu privire la fiecare aspect al vie\u021bii, deoarece a petrecut mul\u021bi ani studiind Cuv\u00e2ntul \u00eenainte s\u0103 intre \u00een slujire. Nu vei putea niciodat\u0103 s\u0103 spui \u201enu\u201d sentimentelor tale dac\u0103 nu cuno\u0219ti \u00een profunzime Cuv\u00e2ntul lui Dumnezeu.<\/p>\n<p>Atunci c\u00e2nd cineva m\u0103 r\u0103ne\u0219te \u0219i m\u0103 simt furioas\u0103 sau \u00eentristat\u0103, m\u0103 rog: \u201eDoamne Isuse, sunt mul\u021bumitoare c\u0103 Tu \u00een\u021belegi tot ceea ce simt acum \u0219i c\u0103 nu m\u0103 condamni pentru c\u0103 simt ceea ce simt. \u00cemi doresc s\u0103 nu m\u0103 las condus\u0103 de sentimentele mele. Ajut\u0103-m\u0103 s\u0103 \u00eei iert pe cei care mi-au gre\u0219it \u0219i s\u0103 nu \u00eei dispre\u021buiesc, s\u0103 nu \u00eei evit sau s\u0103 caut s\u0103 m\u0103 r\u0103zbun pentru r\u0103ul pe care mi l-au f\u0103cut.\u201d<\/p>\n<p>Indiferent de locul \u0219i modul \u00een care suntem ispiti\u021bi, Dumnezeu ne-a \u00eemputernicit s\u0103 putem birui, \u00eens\u0103 pentru aceasta trebuie s\u0103 cunoa\u0219tem Cuv\u00e2ntul Lui \u0219i s\u0103 ne punem \u00eencrederea \u00een El pentru a primi ajutor. Nu putem face aceste lucruri pe cont propriu, pentru c\u0103 \u00een Cuv\u00e2nt \u0219i \u00een Duhul S\u0103u st\u0103 puterea de a rezista ispitei! Nu este gre\u0219it s\u0103 fim ispiti\u021bi, dar este gre\u0219it s\u0103 ced\u0103m \u00een fa\u021ba ispitei.<\/p>\n<hr \/>\n<p>Controleaz\u0103-\u021bi sentimentele \u2013 nu l\u0103sa s\u0103 te controleze ele pe tine!<\/p>\n","protected":false},"excerpt":{"rendered":"<p>Conform autorului c\u0103r\u021bii Evrei, Isus a experimentat fiecare emo\u021bie \u0219i a sim\u021bit fiecare lucru pe care eu \u0219i cu tine le sim\u021bim, \u00eens\u0103 f\u0103r\u0103 a p\u0103c\u0103tui.<\/p>\n","protected":false},"author":19,"featured_media":1582,"parent":0,"menu_order":0,"comment_status":"closed","ping_status":"closed","template":"","class_list":["post-1581","devotional","type-devotional","status-publish","has-post-thumbnail","hentry"],"acf":[],"appp":{"post_detail":{"above_title":"<div class=\"post-featured-wrap\"><img width=\"960\" height=\"560\" src=\"https:\/\/tv.joycemeyer.org\/romana\/wp-content\/uploads\/sites\/51\/2021\/12\/1904.jpg\" class=\"post-featured wp-post-image\" alt=\"\" decoding=\"async\" srcset=\"https:\/\/tv.joycemeyer.org\/romana\/wp-content\/uploads\/sites\/51\/2021\/12\/1904.jpg 960w, https:\/\/tv.joycemeyer.org\/romana\/wp-content\/uploads\/sites\/51\/2021\/12\/1904-300x175.jpg 300w, https:\/\/tv.joycemeyer.org\/romana\/wp-content\/uploads\/sites\/51\/2021\/12\/1904-768x448.jpg 768w\" sizes=\"(max-width: 960px) 100vw, 960px\" \/><\/div>","below_content":""}},"yoast_head":"<!-- This site is optimized with the Yoast SEO plugin v27.4 - https:\/\/yoast.com\/product\/yoast-seo-wordpress\/ -->\n<title>Isus \u0219i sentimentele - Joyce Meyer Ministries - Romana<\/title>\n<meta name=\"robots\" content=\"index, follow, max-snippet:-1, max-image-preview:large, max-video-preview:-1\" \/>\n<link rel=\"canonical\" href=\"https:\/\/tv.joycemeyer.org\/romana\/devotional\/isus-si-sentimentele\/\" \/>\n<meta property=\"og:locale\" content=\"ro_RO\" \/>\n<meta property=\"og:type\" content=\"article\" \/>\n<meta property=\"og:title\" content=\"Isus \u0219i sentimentele - Joyce Meyer Ministries - Romana\" \/>\n<meta property=\"og:description\" content=\"Conform autorului c\u0103r\u021bii Evrei, Isus a experimentat fiecare emo\u021bie \u0219i a sim\u021bit fiecare lucru pe care eu \u0219i cu tine le sim\u021bim, \u00eens\u0103 f\u0103r\u0103 a p\u0103c\u0103tui.\" \/>\n<meta property=\"og:url\" content=\"https:\/\/tv.joycemeyer.org\/romana\/devotional\/isus-si-sentimentele\/\" \/>\n<meta property=\"og:site_name\" content=\"Joyce Meyer Ministries - Romana\" \/>\n<meta property=\"og:image\" content=\"https:\/\/tv.joycemeyer.org\/romana\/wp-content\/uploads\/sites\/51\/2021\/12\/1904.jpg\" \/>\n\t<meta property=\"og:image:width\" content=\"960\" \/>\n\t<meta property=\"og:image:height\" content=\"560\" \/>\n\t<meta property=\"og:image:type\" content=\"image\/jpeg\" \/>\n<meta name=\"twitter:card\" content=\"summary_large_image\" \/>\n<meta name=\"twitter:label1\" content=\"Timp estimat pentru citire\" \/>\n\t<meta name=\"twitter:data1\" content=\"2 minute\" \/>\n<script type=\"application\/ld+json\" class=\"yoast-schema-graph\">{\"@context\":\"https:\\\/\\\/schema.org\",\"@graph\":[{\"@type\":\"WebPage\",\"@id\":\"https:\\\/\\\/tv.joycemeyer.org\\\/romana\\\/devotional\\\/isus-si-sentimentele\\\/\",\"url\":\"https:\\\/\\\/tv.joycemeyer.org\\\/romana\\\/devotional\\\/isus-si-sentimentele\\\/\",\"name\":\"Isus \u0219i sentimentele - Joyce Meyer Ministries - Romana\",\"isPartOf\":{\"@id\":\"https:\\\/\\\/tv.joycemeyer.org\\\/romana\\\/#website\"},\"primaryImageOfPage\":{\"@id\":\"https:\\\/\\\/tv.joycemeyer.org\\\/romana\\\/devotional\\\/isus-si-sentimentele\\\/#primaryimage\"},\"image\":{\"@id\":\"https:\\\/\\\/tv.joycemeyer.org\\\/romana\\\/devotional\\\/isus-si-sentimentele\\\/#primaryimage\"},\"thumbnailUrl\":\"https:\\\/\\\/tv.joycemeyer.org\\\/romana\\\/wp-content\\\/uploads\\\/sites\\\/51\\\/2021\\\/12\\\/1904.jpg\",\"datePublished\":\"2025-03-21T00:01:17+00:00\",\"breadcrumb\":{\"@id\":\"https:\\\/\\\/tv.joycemeyer.org\\\/romana\\\/devotional\\\/isus-si-sentimentele\\\/#breadcrumb\"},\"inLanguage\":\"ro-RO\",\"potentialAction\":[{\"@type\":\"ReadAction\",\"target\":[\"https:\\\/\\\/tv.joycemeyer.org\\\/romana\\\/devotional\\\/isus-si-sentimentele\\\/\"]}]},{\"@type\":\"ImageObject\",\"inLanguage\":\"ro-RO\",\"@id\":\"https:\\\/\\\/tv.joycemeyer.org\\\/romana\\\/devotional\\\/isus-si-sentimentele\\\/#primaryimage\",\"url\":\"https:\\\/\\\/tv.joycemeyer.org\\\/romana\\\/wp-content\\\/uploads\\\/sites\\\/51\\\/2021\\\/12\\\/1904.jpg\",\"contentUrl\":\"https:\\\/\\\/tv.joycemeyer.org\\\/romana\\\/wp-content\\\/uploads\\\/sites\\\/51\\\/2021\\\/12\\\/1904.jpg\",\"width\":960,\"height\":560,\"caption\":\"Isus \u0219i sentimentele\"},{\"@type\":\"BreadcrumbList\",\"@id\":\"https:\\\/\\\/tv.joycemeyer.org\\\/romana\\\/devotional\\\/isus-si-sentimentele\\\/#breadcrumb\",\"itemListElement\":[{\"@type\":\"ListItem\",\"position\":1,\"name\":\"Home\",\"item\":\"https:\\\/\\\/tv.joycemeyer.org\\\/romana\\\/\"},{\"@type\":\"ListItem\",\"position\":2,\"name\":\"Devotional\",\"item\":\"https:\\\/\\\/tv.joycemeyer.org\\\/romana\\\/devotional\\\/\"},{\"@type\":\"ListItem\",\"position\":3,\"name\":\"Isus \u0219i sentimentele\"}]},{\"@type\":\"WebSite\",\"@id\":\"https:\\\/\\\/tv.joycemeyer.org\\\/romana\\\/#website\",\"url\":\"https:\\\/\\\/tv.joycemeyer.org\\\/romana\\\/\",\"name\":\"Joyce Meyer Ministries - Romana\",\"description\":\"Impartasindu-L pe Hristos - Iubindu-i pe oameni\",\"potentialAction\":[{\"@type\":\"SearchAction\",\"target\":{\"@type\":\"EntryPoint\",\"urlTemplate\":\"https:\\\/\\\/tv.joycemeyer.org\\\/romana\\\/?s={search_term_string}\"},\"query-input\":{\"@type\":\"PropertyValueSpecification\",\"valueRequired\":true,\"valueName\":\"search_term_string\"}}],\"inLanguage\":\"ro-RO\"}]}<\/script>\n<!-- \/ Yoast SEO plugin. -->","yoast_head_json":{"title":"Isus \u0219i sentimentele - Joyce Meyer Ministries - Romana","robots":{"index":"index","follow":"follow","max-snippet":"max-snippet:-1","max-image-preview":"max-image-preview:large","max-video-preview":"max-video-preview:-1"},"canonical":"https:\/\/tv.joycemeyer.org\/romana\/devotional\/isus-si-sentimentele\/","og_locale":"ro_RO","og_type":"article","og_title":"Isus \u0219i sentimentele - Joyce Meyer Ministries - Romana","og_description":"Conform autorului c\u0103r\u021bii Evrei, Isus a experimentat fiecare emo\u021bie \u0219i a sim\u021bit fiecare lucru pe care eu \u0219i cu tine le sim\u021bim, \u00eens\u0103 f\u0103r\u0103 a p\u0103c\u0103tui.","og_url":"https:\/\/tv.joycemeyer.org\/romana\/devotional\/isus-si-sentimentele\/","og_site_name":"Joyce Meyer Ministries - Romana","og_image":[{"width":960,"height":560,"url":"https:\/\/tv.joycemeyer.org\/romana\/wp-content\/uploads\/sites\/51\/2021\/12\/1904.jpg","type":"image\/jpeg"}],"twitter_card":"summary_large_image","twitter_misc":{"Timp estimat pentru citire":"2 minute"},"schema":{"@context":"https:\/\/schema.org","@graph":[{"@type":"WebPage","@id":"https:\/\/tv.joycemeyer.org\/romana\/devotional\/isus-si-sentimentele\/","url":"https:\/\/tv.joycemeyer.org\/romana\/devotional\/isus-si-sentimentele\/","name":"Isus \u0219i sentimentele - Joyce Meyer Ministries - Romana","isPartOf":{"@id":"https:\/\/tv.joycemeyer.org\/romana\/#website"},"primaryImageOfPage":{"@id":"https:\/\/tv.joycemeyer.org\/romana\/devotional\/isus-si-sentimentele\/#primaryimage"},"image":{"@id":"https:\/\/tv.joycemeyer.org\/romana\/devotional\/isus-si-sentimentele\/#primaryimage"},"thumbnailUrl":"https:\/\/tv.joycemeyer.org\/romana\/wp-content\/uploads\/sites\/51\/2021\/12\/1904.jpg","datePublished":"2025-03-21T00:01:17+00:00","breadcrumb":{"@id":"https:\/\/tv.joycemeyer.org\/romana\/devotional\/isus-si-sentimentele\/#breadcrumb"},"inLanguage":"ro-RO","potentialAction":[{"@type":"ReadAction","target":["https:\/\/tv.joycemeyer.org\/romana\/devotional\/isus-si-sentimentele\/"]}]},{"@type":"ImageObject","inLanguage":"ro-RO","@id":"https:\/\/tv.joycemeyer.org\/romana\/devotional\/isus-si-sentimentele\/#primaryimage","url":"https:\/\/tv.joycemeyer.org\/romana\/wp-content\/uploads\/sites\/51\/2021\/12\/1904.jpg","contentUrl":"https:\/\/tv.joycemeyer.org\/romana\/wp-content\/uploads\/sites\/51\/2021\/12\/1904.jpg","width":960,"height":560,"caption":"Isus \u0219i sentimentele"},{"@type":"BreadcrumbList","@id":"https:\/\/tv.joycemeyer.org\/romana\/devotional\/isus-si-sentimentele\/#breadcrumb","itemListElement":[{"@type":"ListItem","position":1,"name":"Home","item":"https:\/\/tv.joycemeyer.org\/romana\/"},{"@type":"ListItem","position":2,"name":"Devotional","item":"https:\/\/tv.joycemeyer.org\/romana\/devotional\/"},{"@type":"ListItem","position":3,"name":"Isus \u0219i sentimentele"}]},{"@type":"WebSite","@id":"https:\/\/tv.joycemeyer.org\/romana\/#website","url":"https:\/\/tv.joycemeyer.org\/romana\/","name":"Joyce Meyer Ministries - Romana","description":"Impartasindu-L pe Hristos - Iubindu-i pe oameni","potentialAction":[{"@type":"SearchAction","target":{"@type":"EntryPoint","urlTemplate":"https:\/\/tv.joycemeyer.org\/romana\/?s={search_term_string}"},"query-input":{"@type":"PropertyValueSpecification","valueRequired":true,"valueName":"search_term_string"}}],"inLanguage":"ro-RO"}]}},"_links":{"self":[{"href":"https:\/\/tv.joycemeyer.org\/romana\/wp-json\/wp\/v2\/devotional\/1581","targetHints":{"allow":["GET"]}}],"collection":[{"href":"https:\/\/tv.joycemeyer.org\/romana\/wp-json\/wp\/v2\/devotional"}],"about":[{"href":"https:\/\/tv.joycemeyer.org\/romana\/wp-json\/wp\/v2\/types\/devotional"}],"author":[{"embeddable":true,"href":"https:\/\/tv.joycemeyer.org\/romana\/wp-json\/wp\/v2\/users\/19"}],"replies":[{"embeddable":true,"href":"https:\/\/tv.joycemeyer.org\/romana\/wp-json\/wp\/v2\/comments?post=1581"}],"wp:featuredmedia":[{"embeddable":true,"href":"https:\/\/tv.joycemeyer.org\/romana\/wp-json\/wp\/v2\/media\/1582"}],"wp:attachment":[{"href":"https:\/\/tv.joycemeyer.org\/romana\/wp-json\/wp\/v2\/media?parent=1581"}],"curies":[{"name":"wp","href":"https:\/\/api.w.org\/{rel}","templated":true}]}}