{"id":2060,"date":"2025-10-23T00:01:59","date_gmt":"2025-10-23T00:01:59","guid":{"rendered":"https:\/\/tv.joycemeyer.org\/romana\/?post_type=devotional&#038;p=2060"},"modified":"2025-10-21T13:28:29","modified_gmt":"2025-10-21T13:28:29","slug":"incredintat-de-prezenta","status":"publish","type":"devotional","link":"https:\/\/tv.joycemeyer.org\/romana\/devotional\/incredintat-de-prezenta\/","title":{"rendered":"\u00cencredin\u021bat de prezen\u021ba lui Dumnezeu \u00een via\u021ba ta"},"content":{"rendered":"<blockquote><p>\u201eDeoarece \u00een ea [Evanghelie] este descoperit\u0103 o neprih\u0103nire pe care o d\u0103 Dumnezeu prin credin\u021b\u0103 \u0219i care duce la credin\u021b\u0103 [descoperit\u0103 prin calea credin\u021bei ce d\u0103 na\u0219tere la \u0219i mai mult\u0103 credin\u021b\u0103], dup\u0103 cum este scris:\u02bdCel neprih\u0103nit va tr\u0103i prin credin\u021b\u0103.\u2019\u201d (Romani 1:17, Biblia amplificat\u0103)<\/p><\/blockquote>\n<p>Acum c\u00e2\u021biva ani, \u00een timp ce \u00eenv\u0103\u021bam despre \u00eencredin\u021bare \u0219i \u00eencercam s\u0103 duc o via\u021b\u0103 \u00eencrez\u0103toare, tot m\u0103 \u00eengrijoram ca nu cumva s\u0103 nu gre\u0219esc sau s\u0103 nu-L \u201epierd\u201d pe Dumnezeu. \u021ain minte c\u0103 El s-a adresat inimii mele c\u00e2t se poate de clar: \u201eJoyce, nu te \u00eengrijora. Dac\u0103 M\u0103 pierzi, te voi g\u0103si Eu.\u201d Aceast\u0103 reasigurare m-a ajutat s\u0103 \u00eenv\u0103\u021b s\u0103 tr\u0103iesc cu \u00eencredin\u021bare \u0219i \u00eencredere, \u0219i nu cu team\u0103.<\/p>\n<p>Atunci c\u00e2nd vorbesc despre credin\u021b\u0103, folosesc adesea cuv\u00e2ntul \u00eencredin\u021bare deoarece credin\u021ba este o atitudine de \u00eencredin\u021bare complet\u0103 \u00een Dumnezeu. Aceasta este o asigurare care ne aduce \u00een odihna lui Dumnezeu.<\/p>\n<p>Dup\u0103 p\u0103rerea mea, cu c\u00e2t mai mult ne apropiem de Dumnezeu, cu at\u00e2t mai \u00eencrez\u0103tori vom deveni. Nu \u00eencrez\u0103tori \u00een noi \u00een\u0219ine, ci \u00eencredin\u021ba\u021bi de bun\u0103tatea \u0219i prezen\u021ba Lui \u00een vie\u021bile noastre. Putem fi \u00eencrez\u0103tori atunci c\u00e2nd ne rug\u0103m, \u00eencrez\u0103tori \u00een rela\u021bia noastr\u0103, \u00eencrez\u0103tori atunci c\u00e2nd lu\u0103m decizii, dar \u0219i atunci c\u00e2nd ne \u00eendeplinim \u00eendatoririle zilnice.<\/p>\n<p>Ast\u0103zi, te \u00eencurajez s\u0103 iei o atitudine plin\u0103 de \u00eendr\u0103zneal\u0103 \u0219i s\u0103 spui: \u201eVoi tr\u0103i cu deplin\u0103 \u00eencredin\u021bare \u00een rela\u021bia mea cu Dumnezeu. Cred c\u0103 El m\u0103 va c\u0103l\u0103uzi. Cred c\u0103 pot lua decizii bune. Cred c\u0103 rug\u0103ciunile mele sunt puternice. Cred c\u0103 Dumnezeu m\u0103 iube\u0219te \u0219i c\u0103 are un plan bun pentru via\u021ba mea.\u201d<\/p>\n<hr \/>\n<p>Nu trebuie s\u0103 te \u201esim\u021bi\u201d \u00eencrez\u0103tor pentru a putea \u201efi\u201d \u00eencrez\u0103tor!<\/p>\n","protected":false},"excerpt":{"rendered":"<p>Acum c\u00e2\u021biva ani, \u00een timp ce \u00eenv\u0103\u021bam despre \u00eencredin\u021bare \u0219i \u00eencercam s\u0103 duc o via\u021b\u0103 \u00eencrez\u0103toare&#8230;<\/p>\n","protected":false},"author":19,"featured_media":2061,"parent":0,"menu_order":0,"comment_status":"closed","ping_status":"closed","template":"","class_list":["post-2060","devotional","type-devotional","status-publish","has-post-thumbnail","hentry"],"acf":[],"appp":{"post_detail":{"above_title":"<div class=\"post-featured-wrap\"><img width=\"1024\" height=\"597\" src=\"https:\/\/tv.joycemeyer.org\/romana\/wp-content\/uploads\/sites\/51\/2022\/07\/2382-1024x597.jpg\" class=\"post-featured wp-post-image\" alt=\"\" decoding=\"async\" srcset=\"https:\/\/tv.joycemeyer.org\/romana\/wp-content\/uploads\/sites\/51\/2022\/07\/2382-1024x597.jpg 1024w, https:\/\/tv.joycemeyer.org\/romana\/wp-content\/uploads\/sites\/51\/2022\/07\/2382-300x175.jpg 300w, https:\/\/tv.joycemeyer.org\/romana\/wp-content\/uploads\/sites\/51\/2022\/07\/2382-768x448.jpg 768w, https:\/\/tv.joycemeyer.org\/romana\/wp-content\/uploads\/sites\/51\/2022\/07\/2382-1536x896.jpg 1536w, https:\/\/tv.joycemeyer.org\/romana\/wp-content\/uploads\/sites\/51\/2022\/07\/2382.jpg 1800w\" sizes=\"(max-width: 1024px) 100vw, 1024px\" \/><\/div>","below_content":"<div class=\"follow\"><ul class=\"nav nav--social nav--flex\"><\/ul><\/div>"}},"yoast_head":"<!-- This site is optimized with the Yoast SEO plugin v27.4 - https:\/\/yoast.com\/product\/yoast-seo-wordpress\/ -->\n<title>\u00cencredin\u021bat de prezen\u021ba lui Dumnezeu \u00een via\u021ba ta - Joyce Meyer Ministries - Romana<\/title>\n<meta name=\"robots\" content=\"index, follow, max-snippet:-1, max-image-preview:large, max-video-preview:-1\" \/>\n<link rel=\"canonical\" href=\"https:\/\/tv.joycemeyer.org\/romana\/devotional\/incredintat-de-prezenta\/\" \/>\n<meta property=\"og:locale\" content=\"ro_RO\" \/>\n<meta property=\"og:type\" content=\"article\" \/>\n<meta property=\"og:title\" content=\"\u00cencredin\u021bat de prezen\u021ba lui Dumnezeu \u00een via\u021ba ta - Joyce Meyer Ministries - Romana\" \/>\n<meta property=\"og:description\" content=\"Acum c\u00e2\u021biva ani, \u00een timp ce \u00eenv\u0103\u021bam despre \u00eencredin\u021bare \u0219i \u00eencercam s\u0103 duc o via\u021b\u0103 \u00eencrez\u0103toare...\" \/>\n<meta property=\"og:url\" content=\"https:\/\/tv.joycemeyer.org\/romana\/devotional\/incredintat-de-prezenta\/\" \/>\n<meta property=\"og:site_name\" content=\"Joyce Meyer Ministries - Romana\" \/>\n<meta property=\"og:image\" content=\"https:\/\/tv.joycemeyer.org\/romana\/wp-content\/uploads\/sites\/51\/2022\/07\/2382.jpg\" \/>\n\t<meta property=\"og:image:width\" content=\"1800\" \/>\n\t<meta property=\"og:image:height\" content=\"1050\" \/>\n\t<meta property=\"og:image:type\" content=\"image\/jpeg\" \/>\n<meta name=\"twitter:card\" content=\"summary_large_image\" \/>\n<meta name=\"twitter:label1\" content=\"Timp estimat pentru citire\" \/>\n\t<meta name=\"twitter:data1\" content=\"2 minute\" \/>\n<script type=\"application\/ld+json\" class=\"yoast-schema-graph\">{\"@context\":\"https:\\\/\\\/schema.org\",\"@graph\":[{\"@type\":\"WebPage\",\"@id\":\"https:\\\/\\\/tv.joycemeyer.org\\\/romana\\\/devotional\\\/incredintat-de-prezenta\\\/\",\"url\":\"https:\\\/\\\/tv.joycemeyer.org\\\/romana\\\/devotional\\\/incredintat-de-prezenta\\\/\",\"name\":\"\u00cencredin\u021bat de prezen\u021ba lui Dumnezeu \u00een via\u021ba ta - Joyce Meyer Ministries - Romana\",\"isPartOf\":{\"@id\":\"https:\\\/\\\/tv.joycemeyer.org\\\/romana\\\/#website\"},\"primaryImageOfPage\":{\"@id\":\"https:\\\/\\\/tv.joycemeyer.org\\\/romana\\\/devotional\\\/incredintat-de-prezenta\\\/#primaryimage\"},\"image\":{\"@id\":\"https:\\\/\\\/tv.joycemeyer.org\\\/romana\\\/devotional\\\/incredintat-de-prezenta\\\/#primaryimage\"},\"thumbnailUrl\":\"https:\\\/\\\/tv.joycemeyer.org\\\/romana\\\/wp-content\\\/uploads\\\/sites\\\/51\\\/2022\\\/07\\\/2382.jpg\",\"datePublished\":\"2025-10-23T00:01:59+00:00\",\"breadcrumb\":{\"@id\":\"https:\\\/\\\/tv.joycemeyer.org\\\/romana\\\/devotional\\\/incredintat-de-prezenta\\\/#breadcrumb\"},\"inLanguage\":\"ro-RO\",\"potentialAction\":[{\"@type\":\"ReadAction\",\"target\":[\"https:\\\/\\\/tv.joycemeyer.org\\\/romana\\\/devotional\\\/incredintat-de-prezenta\\\/\"]}]},{\"@type\":\"ImageObject\",\"inLanguage\":\"ro-RO\",\"@id\":\"https:\\\/\\\/tv.joycemeyer.org\\\/romana\\\/devotional\\\/incredintat-de-prezenta\\\/#primaryimage\",\"url\":\"https:\\\/\\\/tv.joycemeyer.org\\\/romana\\\/wp-content\\\/uploads\\\/sites\\\/51\\\/2022\\\/07\\\/2382.jpg\",\"contentUrl\":\"https:\\\/\\\/tv.joycemeyer.org\\\/romana\\\/wp-content\\\/uploads\\\/sites\\\/51\\\/2022\\\/07\\\/2382.jpg\",\"width\":1800,\"height\":1050,\"caption\":\"\u00cencredin\u021bat de prezen\u021ba lui Dumnezeu \u00een via\u021ba ta\"},{\"@type\":\"BreadcrumbList\",\"@id\":\"https:\\\/\\\/tv.joycemeyer.org\\\/romana\\\/devotional\\\/incredintat-de-prezenta\\\/#breadcrumb\",\"itemListElement\":[{\"@type\":\"ListItem\",\"position\":1,\"name\":\"Home\",\"item\":\"https:\\\/\\\/tv.joycemeyer.org\\\/romana\\\/\"},{\"@type\":\"ListItem\",\"position\":2,\"name\":\"Devotional\",\"item\":\"https:\\\/\\\/tv.joycemeyer.org\\\/romana\\\/devotional\\\/\"},{\"@type\":\"ListItem\",\"position\":3,\"name\":\"\u00cencredin\u021bat de prezen\u021ba lui Dumnezeu \u00een via\u021ba ta\"}]},{\"@type\":\"WebSite\",\"@id\":\"https:\\\/\\\/tv.joycemeyer.org\\\/romana\\\/#website\",\"url\":\"https:\\\/\\\/tv.joycemeyer.org\\\/romana\\\/\",\"name\":\"Joyce Meyer Ministries - Romana\",\"description\":\"Impartasindu-L pe Hristos - Iubindu-i pe oameni\",\"potentialAction\":[{\"@type\":\"SearchAction\",\"target\":{\"@type\":\"EntryPoint\",\"urlTemplate\":\"https:\\\/\\\/tv.joycemeyer.org\\\/romana\\\/?s={search_term_string}\"},\"query-input\":{\"@type\":\"PropertyValueSpecification\",\"valueRequired\":true,\"valueName\":\"search_term_string\"}}],\"inLanguage\":\"ro-RO\"}]}<\/script>\n<!-- \/ Yoast SEO plugin. -->","yoast_head_json":{"title":"\u00cencredin\u021bat de prezen\u021ba lui Dumnezeu \u00een via\u021ba ta - Joyce Meyer Ministries - Romana","robots":{"index":"index","follow":"follow","max-snippet":"max-snippet:-1","max-image-preview":"max-image-preview:large","max-video-preview":"max-video-preview:-1"},"canonical":"https:\/\/tv.joycemeyer.org\/romana\/devotional\/incredintat-de-prezenta\/","og_locale":"ro_RO","og_type":"article","og_title":"\u00cencredin\u021bat de prezen\u021ba lui Dumnezeu \u00een via\u021ba ta - Joyce Meyer Ministries - Romana","og_description":"Acum c\u00e2\u021biva ani, \u00een timp ce \u00eenv\u0103\u021bam despre \u00eencredin\u021bare \u0219i \u00eencercam s\u0103 duc o via\u021b\u0103 \u00eencrez\u0103toare...","og_url":"https:\/\/tv.joycemeyer.org\/romana\/devotional\/incredintat-de-prezenta\/","og_site_name":"Joyce Meyer Ministries - Romana","og_image":[{"width":1800,"height":1050,"url":"https:\/\/tv.joycemeyer.org\/romana\/wp-content\/uploads\/sites\/51\/2022\/07\/2382.jpg","type":"image\/jpeg"}],"twitter_card":"summary_large_image","twitter_misc":{"Timp estimat pentru citire":"2 minute"},"schema":{"@context":"https:\/\/schema.org","@graph":[{"@type":"WebPage","@id":"https:\/\/tv.joycemeyer.org\/romana\/devotional\/incredintat-de-prezenta\/","url":"https:\/\/tv.joycemeyer.org\/romana\/devotional\/incredintat-de-prezenta\/","name":"\u00cencredin\u021bat de prezen\u021ba lui Dumnezeu \u00een via\u021ba ta - Joyce Meyer Ministries - Romana","isPartOf":{"@id":"https:\/\/tv.joycemeyer.org\/romana\/#website"},"primaryImageOfPage":{"@id":"https:\/\/tv.joycemeyer.org\/romana\/devotional\/incredintat-de-prezenta\/#primaryimage"},"image":{"@id":"https:\/\/tv.joycemeyer.org\/romana\/devotional\/incredintat-de-prezenta\/#primaryimage"},"thumbnailUrl":"https:\/\/tv.joycemeyer.org\/romana\/wp-content\/uploads\/sites\/51\/2022\/07\/2382.jpg","datePublished":"2025-10-23T00:01:59+00:00","breadcrumb":{"@id":"https:\/\/tv.joycemeyer.org\/romana\/devotional\/incredintat-de-prezenta\/#breadcrumb"},"inLanguage":"ro-RO","potentialAction":[{"@type":"ReadAction","target":["https:\/\/tv.joycemeyer.org\/romana\/devotional\/incredintat-de-prezenta\/"]}]},{"@type":"ImageObject","inLanguage":"ro-RO","@id":"https:\/\/tv.joycemeyer.org\/romana\/devotional\/incredintat-de-prezenta\/#primaryimage","url":"https:\/\/tv.joycemeyer.org\/romana\/wp-content\/uploads\/sites\/51\/2022\/07\/2382.jpg","contentUrl":"https:\/\/tv.joycemeyer.org\/romana\/wp-content\/uploads\/sites\/51\/2022\/07\/2382.jpg","width":1800,"height":1050,"caption":"\u00cencredin\u021bat de prezen\u021ba lui Dumnezeu \u00een via\u021ba ta"},{"@type":"BreadcrumbList","@id":"https:\/\/tv.joycemeyer.org\/romana\/devotional\/incredintat-de-prezenta\/#breadcrumb","itemListElement":[{"@type":"ListItem","position":1,"name":"Home","item":"https:\/\/tv.joycemeyer.org\/romana\/"},{"@type":"ListItem","position":2,"name":"Devotional","item":"https:\/\/tv.joycemeyer.org\/romana\/devotional\/"},{"@type":"ListItem","position":3,"name":"\u00cencredin\u021bat de prezen\u021ba lui Dumnezeu \u00een via\u021ba ta"}]},{"@type":"WebSite","@id":"https:\/\/tv.joycemeyer.org\/romana\/#website","url":"https:\/\/tv.joycemeyer.org\/romana\/","name":"Joyce Meyer Ministries - Romana","description":"Impartasindu-L pe Hristos - Iubindu-i pe oameni","potentialAction":[{"@type":"SearchAction","target":{"@type":"EntryPoint","urlTemplate":"https:\/\/tv.joycemeyer.org\/romana\/?s={search_term_string}"},"query-input":{"@type":"PropertyValueSpecification","valueRequired":true,"valueName":"search_term_string"}}],"inLanguage":"ro-RO"}]}},"_links":{"self":[{"href":"https:\/\/tv.joycemeyer.org\/romana\/wp-json\/wp\/v2\/devotional\/2060","targetHints":{"allow":["GET"]}}],"collection":[{"href":"https:\/\/tv.joycemeyer.org\/romana\/wp-json\/wp\/v2\/devotional"}],"about":[{"href":"https:\/\/tv.joycemeyer.org\/romana\/wp-json\/wp\/v2\/types\/devotional"}],"author":[{"embeddable":true,"href":"https:\/\/tv.joycemeyer.org\/romana\/wp-json\/wp\/v2\/users\/19"}],"replies":[{"embeddable":true,"href":"https:\/\/tv.joycemeyer.org\/romana\/wp-json\/wp\/v2\/comments?post=2060"}],"wp:featuredmedia":[{"embeddable":true,"href":"https:\/\/tv.joycemeyer.org\/romana\/wp-json\/wp\/v2\/media\/2061"}],"wp:attachment":[{"href":"https:\/\/tv.joycemeyer.org\/romana\/wp-json\/wp\/v2\/media?parent=2060"}],"curies":[{"name":"wp","href":"https:\/\/api.w.org\/{rel}","templated":true}]}}