{"id":2370,"date":"2026-04-01T00:01:30","date_gmt":"2026-04-01T00:01:30","guid":{"rendered":"https:\/\/tv.joycemeyer.org\/romana\/?post_type=devotional&#038;p=2370"},"modified":"2026-01-15T20:22:05","modified_gmt":"2026-01-15T20:22:05","slug":"primeste-ceea-ce-nu-meriti","status":"publish","type":"devotional","link":"https:\/\/tv.joycemeyer.org\/romana\/devotional\/primeste-ceea-ce-nu-meriti\/","title":{"rendered":"Prime\u0219te ceea ce nu meri\u021bi"},"content":{"rendered":"<blockquote><p>\u00cemi pusesem n\u0103dejdea \u00een Domnul, \u015fi El S-a plecat spre mine, mi-a ascultat strig\u0103tele. M-a scos din groapa pieirii, din fundul mocirlei; mi-a pus picioarele pe st\u00e2nc\u0103 \u015fi mi-a \u00eent\u0103rit pa\u015fii. &#8211; Psalmul 40:1-2<\/p><\/blockquote>\n<p>Marea majoritate a oamenilor \u00cel las\u0103 pe Dumnezeu s\u0103-i ajute numai atunci c\u00e2nd cred ei c\u0103 merit\u0103. Eram \u0219i eu astfel c\u00e2ndva \u00een via\u021ba mea. Ani de zile am sim\u021bit c\u0103 Dumnezeu ar trebui s\u0103 m\u0103 ajute numai atunci c\u00e2nd am crezut c\u0103 merit, c\u00e2nd am crezut c\u0103 am f\u0103cut destule fapte bune pentru a merita ajutorul Lui.<\/p>\n<p>Acest tip de g\u00e2ndire nu produce o atitudine de recuno\u0219tin\u021b\u0103 \u0219i mul\u021bumire. Dac\u0103 credem c\u0103 merit\u0103m ceea ce primim, atunci nu mai este un dar, ci o r\u0103splat\u0103 sau \u201e o plat\u0103 pentru serviciile prestate\u201d. Diferen\u021ba dintre a primi ceea ce nu merit\u0103m \u0219i a primi ceea ce merit\u0103m este diferen\u021ba dintre har \u0219i fapte.<\/p>\n<p>Te \u00eencurajez s\u0103 \u00ee\u021bi deschizi inima \u0219i s\u0103 la\u0219i harul lui Dumnezeu s\u0103 vin\u0103 \u00een via\u021ba ta pentru a te ajuta \u00een via\u021ba de zi cu zi. Adu-\u021bi aminte mereu c\u0103 atunci c\u00e2nd e\u0219ti frustrat, este pentru c\u0103 tr\u0103ie\u0219i prin eforturile tale, \u0219i trebuie s\u0103 te \u00eentorci la harul lui Dumnezeu, permi\u021b\u00e2ndu-I s\u0103 lucreze prin tine.<\/p>\n<p>\u00cenva\u021b\u0103 s\u0103-L la\u0219i pe Dumnezeu s\u0103-\u021bi fac\u0103 o favoare. Nu mai crede c\u0103 trebuie s\u0103 meri\u021bi ajutorul lui Dumnezeu \u0219i las\u0103-L s\u0103 \u00ee\u021bi satisfac\u0103 orice nevoie.<\/p>\n<hr \/>\n<p>Rug\u0103ciune<\/p>\n<p>Doamne, \u00eemi dau seama c\u0103 e nebunesc s\u0103 accept ajutorul T\u0103u doar c\u00e2nd simt c\u0103 merit. Renun\u021b la lucrurile mele \u0219i primesc harul T\u0103u. \u00ce\u021bi mul\u021bumesc c\u0103 m\u0103 aju\u021bi \u00een fiecare situa\u021bie, chiar \u0219i atunci c\u00e2nd nu merit.<\/p>\n","protected":false},"excerpt":{"rendered":"<p>Te \u00eencurajez s\u0103 \u00ee\u021bi deschizi inima \u0219i s\u0103 la\u0219i harul lui Dumnezeu s\u0103 vin\u0103 \u00een via\u021ba ta pentru a te ajuta \u00een via\u021ba de zi cu zi&#8230;<\/p>\n","protected":false},"author":20,"featured_media":2371,"parent":0,"menu_order":0,"comment_status":"closed","ping_status":"closed","template":"","class_list":["post-2370","devotional","type-devotional","status-publish","has-post-thumbnail","hentry"],"acf":[],"appp":{"post_detail":{"above_title":"<div class=\"post-featured-wrap\"><img width=\"1024\" height=\"597\" src=\"https:\/\/tv.joycemeyer.org\/romana\/wp-content\/uploads\/sites\/51\/2022\/12\/2050-1024x597.jpg\" class=\"post-featured wp-post-image\" alt=\"Prime\u0219te ceea ce nu meri\u021bi\" decoding=\"async\" srcset=\"https:\/\/tv.joycemeyer.org\/romana\/wp-content\/uploads\/sites\/51\/2022\/12\/2050-1024x597.jpg 1024w, https:\/\/tv.joycemeyer.org\/romana\/wp-content\/uploads\/sites\/51\/2022\/12\/2050-300x175.jpg 300w, https:\/\/tv.joycemeyer.org\/romana\/wp-content\/uploads\/sites\/51\/2022\/12\/2050-768x448.jpg 768w, https:\/\/tv.joycemeyer.org\/romana\/wp-content\/uploads\/sites\/51\/2022\/12\/2050-1536x896.jpg 1536w, https:\/\/tv.joycemeyer.org\/romana\/wp-content\/uploads\/sites\/51\/2022\/12\/2050.jpg 1800w\" sizes=\"(max-width: 1024px) 100vw, 1024px\" \/><\/div>","below_content":"<div class=\"follow\"><ul class=\"nav nav--social nav--flex\"><\/ul><\/div>"}},"yoast_head":"<!-- This site is optimized with the Yoast SEO plugin v27.4 - https:\/\/yoast.com\/product\/yoast-seo-wordpress\/ -->\n<title>Prime\u0219te ceea ce nu meri\u021bi - Joyce Meyer Ministries - Romana<\/title>\n<meta name=\"robots\" content=\"index, follow, max-snippet:-1, max-image-preview:large, max-video-preview:-1\" \/>\n<link rel=\"canonical\" href=\"https:\/\/tv.joycemeyer.org\/romana\/devotional\/primeste-ceea-ce-nu-meriti\/\" \/>\n<meta property=\"og:locale\" content=\"ro_RO\" \/>\n<meta property=\"og:type\" content=\"article\" \/>\n<meta property=\"og:title\" content=\"Prime\u0219te ceea ce nu meri\u021bi - Joyce Meyer Ministries - Romana\" \/>\n<meta property=\"og:description\" content=\"Te \u00eencurajez s\u0103 \u00ee\u021bi deschizi inima \u0219i s\u0103 la\u0219i harul lui Dumnezeu s\u0103 vin\u0103 \u00een via\u021ba ta pentru a te ajuta \u00een via\u021ba de zi cu zi...\" \/>\n<meta property=\"og:url\" content=\"https:\/\/tv.joycemeyer.org\/romana\/devotional\/primeste-ceea-ce-nu-meriti\/\" \/>\n<meta property=\"og:site_name\" content=\"Joyce Meyer Ministries - Romana\" \/>\n<meta property=\"og:image\" content=\"https:\/\/tv.joycemeyer.org\/romana\/wp-content\/uploads\/sites\/51\/2022\/12\/2050.jpg\" \/>\n\t<meta property=\"og:image:width\" content=\"1800\" \/>\n\t<meta property=\"og:image:height\" content=\"1050\" \/>\n\t<meta property=\"og:image:type\" content=\"image\/jpeg\" \/>\n<meta name=\"twitter:card\" content=\"summary_large_image\" \/>\n<meta name=\"twitter:label1\" content=\"Timp estimat pentru citire\" \/>\n\t<meta name=\"twitter:data1\" content=\"2 minute\" \/>\n<script type=\"application\/ld+json\" class=\"yoast-schema-graph\">{\"@context\":\"https:\\\/\\\/schema.org\",\"@graph\":[{\"@type\":\"WebPage\",\"@id\":\"https:\\\/\\\/tv.joycemeyer.org\\\/romana\\\/devotional\\\/primeste-ceea-ce-nu-meriti\\\/\",\"url\":\"https:\\\/\\\/tv.joycemeyer.org\\\/romana\\\/devotional\\\/primeste-ceea-ce-nu-meriti\\\/\",\"name\":\"Prime\u0219te ceea ce nu meri\u021bi - Joyce Meyer Ministries - Romana\",\"isPartOf\":{\"@id\":\"https:\\\/\\\/tv.joycemeyer.org\\\/romana\\\/#website\"},\"primaryImageOfPage\":{\"@id\":\"https:\\\/\\\/tv.joycemeyer.org\\\/romana\\\/devotional\\\/primeste-ceea-ce-nu-meriti\\\/#primaryimage\"},\"image\":{\"@id\":\"https:\\\/\\\/tv.joycemeyer.org\\\/romana\\\/devotional\\\/primeste-ceea-ce-nu-meriti\\\/#primaryimage\"},\"thumbnailUrl\":\"https:\\\/\\\/tv.joycemeyer.org\\\/romana\\\/wp-content\\\/uploads\\\/sites\\\/51\\\/2022\\\/12\\\/2050.jpg\",\"datePublished\":\"2026-04-01T00:01:30+00:00\",\"breadcrumb\":{\"@id\":\"https:\\\/\\\/tv.joycemeyer.org\\\/romana\\\/devotional\\\/primeste-ceea-ce-nu-meriti\\\/#breadcrumb\"},\"inLanguage\":\"ro-RO\",\"potentialAction\":[{\"@type\":\"ReadAction\",\"target\":[\"https:\\\/\\\/tv.joycemeyer.org\\\/romana\\\/devotional\\\/primeste-ceea-ce-nu-meriti\\\/\"]}]},{\"@type\":\"ImageObject\",\"inLanguage\":\"ro-RO\",\"@id\":\"https:\\\/\\\/tv.joycemeyer.org\\\/romana\\\/devotional\\\/primeste-ceea-ce-nu-meriti\\\/#primaryimage\",\"url\":\"https:\\\/\\\/tv.joycemeyer.org\\\/romana\\\/wp-content\\\/uploads\\\/sites\\\/51\\\/2022\\\/12\\\/2050.jpg\",\"contentUrl\":\"https:\\\/\\\/tv.joycemeyer.org\\\/romana\\\/wp-content\\\/uploads\\\/sites\\\/51\\\/2022\\\/12\\\/2050.jpg\",\"width\":1800,\"height\":1050,\"caption\":\"Prime\u0219te ceea ce nu meri\u021bi\"},{\"@type\":\"BreadcrumbList\",\"@id\":\"https:\\\/\\\/tv.joycemeyer.org\\\/romana\\\/devotional\\\/primeste-ceea-ce-nu-meriti\\\/#breadcrumb\",\"itemListElement\":[{\"@type\":\"ListItem\",\"position\":1,\"name\":\"Home\",\"item\":\"https:\\\/\\\/tv.joycemeyer.org\\\/romana\\\/\"},{\"@type\":\"ListItem\",\"position\":2,\"name\":\"Devotional\",\"item\":\"https:\\\/\\\/tv.joycemeyer.org\\\/romana\\\/devotional\\\/\"},{\"@type\":\"ListItem\",\"position\":3,\"name\":\"Prime\u0219te ceea ce nu meri\u021bi\"}]},{\"@type\":\"WebSite\",\"@id\":\"https:\\\/\\\/tv.joycemeyer.org\\\/romana\\\/#website\",\"url\":\"https:\\\/\\\/tv.joycemeyer.org\\\/romana\\\/\",\"name\":\"Joyce Meyer Ministries - Romana\",\"description\":\"Impartasindu-L pe Hristos - Iubindu-i pe oameni\",\"potentialAction\":[{\"@type\":\"SearchAction\",\"target\":{\"@type\":\"EntryPoint\",\"urlTemplate\":\"https:\\\/\\\/tv.joycemeyer.org\\\/romana\\\/?s={search_term_string}\"},\"query-input\":{\"@type\":\"PropertyValueSpecification\",\"valueRequired\":true,\"valueName\":\"search_term_string\"}}],\"inLanguage\":\"ro-RO\"}]}<\/script>\n<!-- \/ Yoast SEO plugin. -->","yoast_head_json":{"title":"Prime\u0219te ceea ce nu meri\u021bi - Joyce Meyer Ministries - Romana","robots":{"index":"index","follow":"follow","max-snippet":"max-snippet:-1","max-image-preview":"max-image-preview:large","max-video-preview":"max-video-preview:-1"},"canonical":"https:\/\/tv.joycemeyer.org\/romana\/devotional\/primeste-ceea-ce-nu-meriti\/","og_locale":"ro_RO","og_type":"article","og_title":"Prime\u0219te ceea ce nu meri\u021bi - Joyce Meyer Ministries - Romana","og_description":"Te \u00eencurajez s\u0103 \u00ee\u021bi deschizi inima \u0219i s\u0103 la\u0219i harul lui Dumnezeu s\u0103 vin\u0103 \u00een via\u021ba ta pentru a te ajuta \u00een via\u021ba de zi cu zi...","og_url":"https:\/\/tv.joycemeyer.org\/romana\/devotional\/primeste-ceea-ce-nu-meriti\/","og_site_name":"Joyce Meyer Ministries - Romana","og_image":[{"width":1800,"height":1050,"url":"https:\/\/tv.joycemeyer.org\/romana\/wp-content\/uploads\/sites\/51\/2022\/12\/2050.jpg","type":"image\/jpeg"}],"twitter_card":"summary_large_image","twitter_misc":{"Timp estimat pentru citire":"2 minute"},"schema":{"@context":"https:\/\/schema.org","@graph":[{"@type":"WebPage","@id":"https:\/\/tv.joycemeyer.org\/romana\/devotional\/primeste-ceea-ce-nu-meriti\/","url":"https:\/\/tv.joycemeyer.org\/romana\/devotional\/primeste-ceea-ce-nu-meriti\/","name":"Prime\u0219te ceea ce nu meri\u021bi - Joyce Meyer Ministries - Romana","isPartOf":{"@id":"https:\/\/tv.joycemeyer.org\/romana\/#website"},"primaryImageOfPage":{"@id":"https:\/\/tv.joycemeyer.org\/romana\/devotional\/primeste-ceea-ce-nu-meriti\/#primaryimage"},"image":{"@id":"https:\/\/tv.joycemeyer.org\/romana\/devotional\/primeste-ceea-ce-nu-meriti\/#primaryimage"},"thumbnailUrl":"https:\/\/tv.joycemeyer.org\/romana\/wp-content\/uploads\/sites\/51\/2022\/12\/2050.jpg","datePublished":"2026-04-01T00:01:30+00:00","breadcrumb":{"@id":"https:\/\/tv.joycemeyer.org\/romana\/devotional\/primeste-ceea-ce-nu-meriti\/#breadcrumb"},"inLanguage":"ro-RO","potentialAction":[{"@type":"ReadAction","target":["https:\/\/tv.joycemeyer.org\/romana\/devotional\/primeste-ceea-ce-nu-meriti\/"]}]},{"@type":"ImageObject","inLanguage":"ro-RO","@id":"https:\/\/tv.joycemeyer.org\/romana\/devotional\/primeste-ceea-ce-nu-meriti\/#primaryimage","url":"https:\/\/tv.joycemeyer.org\/romana\/wp-content\/uploads\/sites\/51\/2022\/12\/2050.jpg","contentUrl":"https:\/\/tv.joycemeyer.org\/romana\/wp-content\/uploads\/sites\/51\/2022\/12\/2050.jpg","width":1800,"height":1050,"caption":"Prime\u0219te ceea ce nu meri\u021bi"},{"@type":"BreadcrumbList","@id":"https:\/\/tv.joycemeyer.org\/romana\/devotional\/primeste-ceea-ce-nu-meriti\/#breadcrumb","itemListElement":[{"@type":"ListItem","position":1,"name":"Home","item":"https:\/\/tv.joycemeyer.org\/romana\/"},{"@type":"ListItem","position":2,"name":"Devotional","item":"https:\/\/tv.joycemeyer.org\/romana\/devotional\/"},{"@type":"ListItem","position":3,"name":"Prime\u0219te ceea ce nu meri\u021bi"}]},{"@type":"WebSite","@id":"https:\/\/tv.joycemeyer.org\/romana\/#website","url":"https:\/\/tv.joycemeyer.org\/romana\/","name":"Joyce Meyer Ministries - Romana","description":"Impartasindu-L pe Hristos - Iubindu-i pe oameni","potentialAction":[{"@type":"SearchAction","target":{"@type":"EntryPoint","urlTemplate":"https:\/\/tv.joycemeyer.org\/romana\/?s={search_term_string}"},"query-input":{"@type":"PropertyValueSpecification","valueRequired":true,"valueName":"search_term_string"}}],"inLanguage":"ro-RO"}]}},"_links":{"self":[{"href":"https:\/\/tv.joycemeyer.org\/romana\/wp-json\/wp\/v2\/devotional\/2370","targetHints":{"allow":["GET"]}}],"collection":[{"href":"https:\/\/tv.joycemeyer.org\/romana\/wp-json\/wp\/v2\/devotional"}],"about":[{"href":"https:\/\/tv.joycemeyer.org\/romana\/wp-json\/wp\/v2\/types\/devotional"}],"author":[{"embeddable":true,"href":"https:\/\/tv.joycemeyer.org\/romana\/wp-json\/wp\/v2\/users\/20"}],"replies":[{"embeddable":true,"href":"https:\/\/tv.joycemeyer.org\/romana\/wp-json\/wp\/v2\/comments?post=2370"}],"wp:featuredmedia":[{"embeddable":true,"href":"https:\/\/tv.joycemeyer.org\/romana\/wp-json\/wp\/v2\/media\/2371"}],"wp:attachment":[{"href":"https:\/\/tv.joycemeyer.org\/romana\/wp-json\/wp\/v2\/media?parent=2370"}],"curies":[{"name":"wp","href":"https:\/\/api.w.org\/{rel}","templated":true}]}}