{"id":240,"date":"2026-03-22T00:01:37","date_gmt":"2026-03-22T00:01:37","guid":{"rendered":"https:\/\/tv.joycemeyer.org\/romana\/?post_type=devotional&#038;p=240"},"modified":"2026-01-15T20:17:28","modified_gmt":"2026-01-15T20:17:28","slug":"primeste-iertare-nu-condamnare","status":"publish","type":"devotional","link":"https:\/\/tv.joycemeyer.org\/romana\/devotional\/primeste-iertare-nu-condamnare\/","title":{"rendered":"Prime\u0219te iertare, nu condamnare"},"content":{"rendered":"<blockquote><p>Dac\u0103 ne m\u0103rturisim p\u0103catele, El este credincios \u015fi drept ca s\u0103 ne ierte p\u0103catele \u015fi s\u0103 ne\u00a0cur\u0103\u0163easc\u0103 de orice nelegiuire. &#8211; 1 Ioan 1:9<\/p><\/blockquote>\n<p>\u00cen fiecare zi a vie\u021bii noastre avem nevoie de iertare. Duhul Sf\u00e2nt porne\u0219te alarma \u00een inimile noastre pentru a recunoa\u0219te p\u0103catul \u0219i ne d\u0103 puterea s\u00e2ngelui lui Isus, ca s\u0103 ne cur\u0103\u021beasc\u0103 continuu de p\u0103cat \u0219i s\u0103 ne p\u0103streze neprih\u0103ni\u021bi \u00eenaintea lui Dumnezeu.<\/p>\n<p>Dac\u0103 suntem birui\u021bi de condamnare, putem fi siguri c\u0103 nu este de la Dumnezeu. El L-a trimis pe Isus s\u0103 moar\u0103 pentru noi &#8211; s\u0103 pl\u0103teasc\u0103 pre\u021bul pentru p\u0103catele noastre. Isus a purtat p\u0103catul \u0219i condamnarea noastr\u0103 pe cruce (vezi Isaia 53).<\/p>\n<p>C\u00e2nd Dumnezeu rupe jugul p\u0103catului de pe noi, El \u00eendep\u0103rteaz\u0103 \u0219i vinov\u0103\u021bia. El este credincios \u0219i drept s\u0103 ne ierte p\u0103catele \u0219i s\u0103 ne cur\u0103\u021beasc\u0103 continuu de orice nelegiuire (vezi 1 Ioan 1:9).<\/p>\n<p>Diavolul \u0219tie c\u0103 condamnarea \u0219i ru\u0219inea ne \u00eempiedic\u0103 s\u0103 ne apropiem de Dumnezeu \u00een rug\u0103ciune, ca s\u0103 putem primi iertare \u0219i s\u0103 ne bucur\u0103m de p\u0103rt\u0103\u0219ia intim\u0103 cu El.<\/p>\n<p>Dac\u0103 ne sim\u021bim prost, crez\u00e2nd c\u0103 Dumnezeu este sup\u0103rat pe noi, nu facem dec\u00e2t s\u0103 ne separ\u0103m de prezen\u021ba Lui. El nu te va p\u0103r\u0103si niciodat\u0103, a\u0219a c\u0103 nu te retrage de la El din cauza condamn\u0103rii. Prime\u0219te iertarea \u0219i umbl\u0103 cu El.<\/p>\n<hr \/>\n<p>Rug\u0103ciune<\/p>\n<p>Doamne, \u00ce\u021bi mul\u021bumesc c\u0103 \u00eemi ar\u0103\u021bi c\u0103 nu de la Tine vine condamnarea. Primesc ast\u0103zi iertarea Ta. M-ai cur\u0103\u021bit de p\u0103cate, ca s\u0103 pot tr\u0103i neprih\u0103nit \u00eenaintea Ta.<\/p>\n","protected":false},"excerpt":{"rendered":"<p>\u00cen fiecare zi a vie\u021bii noastre avem nevoie de iertare &#8230;<\/p>\n","protected":false},"author":15,"featured_media":2350,"parent":0,"menu_order":0,"comment_status":"closed","ping_status":"closed","template":"","class_list":["post-240","devotional","type-devotional","status-publish","has-post-thumbnail","hentry"],"acf":[],"appp":{"post_detail":{"above_title":"<div class=\"post-featured-wrap\"><img width=\"960\" height=\"560\" src=\"https:\/\/tv.joycemeyer.org\/romana\/wp-content\/uploads\/sites\/51\/2019\/03\/1794.jpg\" class=\"post-featured wp-post-image\" alt=\"Prime\u0219te iertare, nu condamnare\" decoding=\"async\" srcset=\"https:\/\/tv.joycemeyer.org\/romana\/wp-content\/uploads\/sites\/51\/2019\/03\/1794.jpg 960w, https:\/\/tv.joycemeyer.org\/romana\/wp-content\/uploads\/sites\/51\/2019\/03\/1794-300x175.jpg 300w, https:\/\/tv.joycemeyer.org\/romana\/wp-content\/uploads\/sites\/51\/2019\/03\/1794-768x448.jpg 768w\" sizes=\"(max-width: 960px) 100vw, 960px\" \/><\/div>","below_content":"<div class=\"follow\"><ul class=\"nav nav--social nav--flex\"><\/ul><\/div>"}},"yoast_head":"<!-- This site is optimized with the Yoast SEO plugin v27.4 - https:\/\/yoast.com\/product\/yoast-seo-wordpress\/ -->\n<title>Prime\u0219te iertare, nu condamnare - Joyce Meyer Ministries - Romana<\/title>\n<meta name=\"robots\" content=\"index, follow, max-snippet:-1, max-image-preview:large, max-video-preview:-1\" \/>\n<link rel=\"canonical\" href=\"https:\/\/tv.joycemeyer.org\/romana\/devotional\/primeste-iertare-nu-condamnare\/\" \/>\n<meta property=\"og:locale\" content=\"ro_RO\" \/>\n<meta property=\"og:type\" content=\"article\" \/>\n<meta property=\"og:title\" content=\"Prime\u0219te iertare, nu condamnare - Joyce Meyer Ministries - Romana\" \/>\n<meta property=\"og:description\" content=\"\u00cen fiecare zi a vie\u021bii noastre avem nevoie de iertare ...\" \/>\n<meta property=\"og:url\" content=\"https:\/\/tv.joycemeyer.org\/romana\/devotional\/primeste-iertare-nu-condamnare\/\" \/>\n<meta property=\"og:site_name\" content=\"Joyce Meyer Ministries - Romana\" \/>\n<meta property=\"og:image\" content=\"https:\/\/tv.joycemeyer.org\/romana\/wp-content\/uploads\/sites\/51\/2019\/03\/1794.jpg\" \/>\n\t<meta property=\"og:image:width\" content=\"960\" \/>\n\t<meta property=\"og:image:height\" content=\"560\" \/>\n\t<meta property=\"og:image:type\" content=\"image\/jpeg\" \/>\n<meta name=\"twitter:card\" content=\"summary_large_image\" \/>\n<meta name=\"twitter:label1\" content=\"Timp estimat pentru citire\" \/>\n\t<meta name=\"twitter:data1\" content=\"2 minute\" \/>\n<script type=\"application\/ld+json\" class=\"yoast-schema-graph\">{\"@context\":\"https:\\\/\\\/schema.org\",\"@graph\":[{\"@type\":\"WebPage\",\"@id\":\"https:\\\/\\\/tv.joycemeyer.org\\\/romana\\\/devotional\\\/primeste-iertare-nu-condamnare\\\/\",\"url\":\"https:\\\/\\\/tv.joycemeyer.org\\\/romana\\\/devotional\\\/primeste-iertare-nu-condamnare\\\/\",\"name\":\"Prime\u0219te iertare, nu condamnare - Joyce Meyer Ministries - Romana\",\"isPartOf\":{\"@id\":\"https:\\\/\\\/tv.joycemeyer.org\\\/romana\\\/#website\"},\"primaryImageOfPage\":{\"@id\":\"https:\\\/\\\/tv.joycemeyer.org\\\/romana\\\/devotional\\\/primeste-iertare-nu-condamnare\\\/#primaryimage\"},\"image\":{\"@id\":\"https:\\\/\\\/tv.joycemeyer.org\\\/romana\\\/devotional\\\/primeste-iertare-nu-condamnare\\\/#primaryimage\"},\"thumbnailUrl\":\"https:\\\/\\\/tv.joycemeyer.org\\\/romana\\\/wp-content\\\/uploads\\\/sites\\\/51\\\/2019\\\/03\\\/1794.jpg\",\"datePublished\":\"2026-03-22T00:01:37+00:00\",\"breadcrumb\":{\"@id\":\"https:\\\/\\\/tv.joycemeyer.org\\\/romana\\\/devotional\\\/primeste-iertare-nu-condamnare\\\/#breadcrumb\"},\"inLanguage\":\"ro-RO\",\"potentialAction\":[{\"@type\":\"ReadAction\",\"target\":[\"https:\\\/\\\/tv.joycemeyer.org\\\/romana\\\/devotional\\\/primeste-iertare-nu-condamnare\\\/\"]}]},{\"@type\":\"ImageObject\",\"inLanguage\":\"ro-RO\",\"@id\":\"https:\\\/\\\/tv.joycemeyer.org\\\/romana\\\/devotional\\\/primeste-iertare-nu-condamnare\\\/#primaryimage\",\"url\":\"https:\\\/\\\/tv.joycemeyer.org\\\/romana\\\/wp-content\\\/uploads\\\/sites\\\/51\\\/2019\\\/03\\\/1794.jpg\",\"contentUrl\":\"https:\\\/\\\/tv.joycemeyer.org\\\/romana\\\/wp-content\\\/uploads\\\/sites\\\/51\\\/2019\\\/03\\\/1794.jpg\",\"width\":960,\"height\":560,\"caption\":\"Prime\u0219te iertare, nu condamnare\"},{\"@type\":\"BreadcrumbList\",\"@id\":\"https:\\\/\\\/tv.joycemeyer.org\\\/romana\\\/devotional\\\/primeste-iertare-nu-condamnare\\\/#breadcrumb\",\"itemListElement\":[{\"@type\":\"ListItem\",\"position\":1,\"name\":\"Home\",\"item\":\"https:\\\/\\\/tv.joycemeyer.org\\\/romana\\\/\"},{\"@type\":\"ListItem\",\"position\":2,\"name\":\"Devotional\",\"item\":\"https:\\\/\\\/tv.joycemeyer.org\\\/romana\\\/devotional\\\/\"},{\"@type\":\"ListItem\",\"position\":3,\"name\":\"Prime\u0219te iertare, nu condamnare\"}]},{\"@type\":\"WebSite\",\"@id\":\"https:\\\/\\\/tv.joycemeyer.org\\\/romana\\\/#website\",\"url\":\"https:\\\/\\\/tv.joycemeyer.org\\\/romana\\\/\",\"name\":\"Joyce Meyer Ministries - Romana\",\"description\":\"Impartasindu-L pe Hristos - Iubindu-i pe oameni\",\"potentialAction\":[{\"@type\":\"SearchAction\",\"target\":{\"@type\":\"EntryPoint\",\"urlTemplate\":\"https:\\\/\\\/tv.joycemeyer.org\\\/romana\\\/?s={search_term_string}\"},\"query-input\":{\"@type\":\"PropertyValueSpecification\",\"valueRequired\":true,\"valueName\":\"search_term_string\"}}],\"inLanguage\":\"ro-RO\"}]}<\/script>\n<!-- \/ Yoast SEO plugin. -->","yoast_head_json":{"title":"Prime\u0219te iertare, nu condamnare - Joyce Meyer Ministries - Romana","robots":{"index":"index","follow":"follow","max-snippet":"max-snippet:-1","max-image-preview":"max-image-preview:large","max-video-preview":"max-video-preview:-1"},"canonical":"https:\/\/tv.joycemeyer.org\/romana\/devotional\/primeste-iertare-nu-condamnare\/","og_locale":"ro_RO","og_type":"article","og_title":"Prime\u0219te iertare, nu condamnare - Joyce Meyer Ministries - Romana","og_description":"\u00cen fiecare zi a vie\u021bii noastre avem nevoie de iertare ...","og_url":"https:\/\/tv.joycemeyer.org\/romana\/devotional\/primeste-iertare-nu-condamnare\/","og_site_name":"Joyce Meyer Ministries - Romana","og_image":[{"width":960,"height":560,"url":"https:\/\/tv.joycemeyer.org\/romana\/wp-content\/uploads\/sites\/51\/2019\/03\/1794.jpg","type":"image\/jpeg"}],"twitter_card":"summary_large_image","twitter_misc":{"Timp estimat pentru citire":"2 minute"},"schema":{"@context":"https:\/\/schema.org","@graph":[{"@type":"WebPage","@id":"https:\/\/tv.joycemeyer.org\/romana\/devotional\/primeste-iertare-nu-condamnare\/","url":"https:\/\/tv.joycemeyer.org\/romana\/devotional\/primeste-iertare-nu-condamnare\/","name":"Prime\u0219te iertare, nu condamnare - Joyce Meyer Ministries - Romana","isPartOf":{"@id":"https:\/\/tv.joycemeyer.org\/romana\/#website"},"primaryImageOfPage":{"@id":"https:\/\/tv.joycemeyer.org\/romana\/devotional\/primeste-iertare-nu-condamnare\/#primaryimage"},"image":{"@id":"https:\/\/tv.joycemeyer.org\/romana\/devotional\/primeste-iertare-nu-condamnare\/#primaryimage"},"thumbnailUrl":"https:\/\/tv.joycemeyer.org\/romana\/wp-content\/uploads\/sites\/51\/2019\/03\/1794.jpg","datePublished":"2026-03-22T00:01:37+00:00","breadcrumb":{"@id":"https:\/\/tv.joycemeyer.org\/romana\/devotional\/primeste-iertare-nu-condamnare\/#breadcrumb"},"inLanguage":"ro-RO","potentialAction":[{"@type":"ReadAction","target":["https:\/\/tv.joycemeyer.org\/romana\/devotional\/primeste-iertare-nu-condamnare\/"]}]},{"@type":"ImageObject","inLanguage":"ro-RO","@id":"https:\/\/tv.joycemeyer.org\/romana\/devotional\/primeste-iertare-nu-condamnare\/#primaryimage","url":"https:\/\/tv.joycemeyer.org\/romana\/wp-content\/uploads\/sites\/51\/2019\/03\/1794.jpg","contentUrl":"https:\/\/tv.joycemeyer.org\/romana\/wp-content\/uploads\/sites\/51\/2019\/03\/1794.jpg","width":960,"height":560,"caption":"Prime\u0219te iertare, nu condamnare"},{"@type":"BreadcrumbList","@id":"https:\/\/tv.joycemeyer.org\/romana\/devotional\/primeste-iertare-nu-condamnare\/#breadcrumb","itemListElement":[{"@type":"ListItem","position":1,"name":"Home","item":"https:\/\/tv.joycemeyer.org\/romana\/"},{"@type":"ListItem","position":2,"name":"Devotional","item":"https:\/\/tv.joycemeyer.org\/romana\/devotional\/"},{"@type":"ListItem","position":3,"name":"Prime\u0219te iertare, nu condamnare"}]},{"@type":"WebSite","@id":"https:\/\/tv.joycemeyer.org\/romana\/#website","url":"https:\/\/tv.joycemeyer.org\/romana\/","name":"Joyce Meyer Ministries - Romana","description":"Impartasindu-L pe Hristos - Iubindu-i pe oameni","potentialAction":[{"@type":"SearchAction","target":{"@type":"EntryPoint","urlTemplate":"https:\/\/tv.joycemeyer.org\/romana\/?s={search_term_string}"},"query-input":{"@type":"PropertyValueSpecification","valueRequired":true,"valueName":"search_term_string"}}],"inLanguage":"ro-RO"}]}},"_links":{"self":[{"href":"https:\/\/tv.joycemeyer.org\/romana\/wp-json\/wp\/v2\/devotional\/240","targetHints":{"allow":["GET"]}}],"collection":[{"href":"https:\/\/tv.joycemeyer.org\/romana\/wp-json\/wp\/v2\/devotional"}],"about":[{"href":"https:\/\/tv.joycemeyer.org\/romana\/wp-json\/wp\/v2\/types\/devotional"}],"author":[{"embeddable":true,"href":"https:\/\/tv.joycemeyer.org\/romana\/wp-json\/wp\/v2\/users\/15"}],"replies":[{"embeddable":true,"href":"https:\/\/tv.joycemeyer.org\/romana\/wp-json\/wp\/v2\/comments?post=240"}],"wp:featuredmedia":[{"embeddable":true,"href":"https:\/\/tv.joycemeyer.org\/romana\/wp-json\/wp\/v2\/media\/2350"}],"wp:attachment":[{"href":"https:\/\/tv.joycemeyer.org\/romana\/wp-json\/wp\/v2\/media?parent=240"}],"curies":[{"name":"wp","href":"https:\/\/api.w.org\/{rel}","templated":true}]}}