{"id":2430,"date":"2026-04-23T00:01:23","date_gmt":"2026-04-23T00:01:23","guid":{"rendered":"https:\/\/tv.joycemeyer.org\/romana\/?post_type=devotional&#038;p=2430"},"modified":"2026-01-15T20:38:15","modified_gmt":"2026-01-15T20:38:15","slug":"nu-esti-niciodata-singur-2","status":"publish","type":"devotional","link":"https:\/\/tv.joycemeyer.org\/romana\/devotional\/nu-esti-niciodata-singur-2\/","title":{"rendered":"Nu e\u0219ti niciodat\u0103 singur"},"content":{"rendered":"<blockquote><p>Domnul \u00censu\u015fi va merge \u00eenaintea ta, El \u00censu\u015fi va fi cu tine, nu te va p\u0103r\u0103si \u015fi nu te va l\u0103sa; nu te teme \u015fi nu te \u00eensp\u0103im\u00e2nta! &#8211; Deuteronomul 31:8<\/p><\/blockquote>\n<p>Durerea \u0219i singur\u0103tatea sunt probleme majore cu care se confrunt\u0103 oamenii. Cele dou\u0103 vin de multe ori \u00eempreun\u0103 pentru c\u0103 mul\u021bi oameni se tem s\u0103 fie singuri. Primim adesea la birou cereri de rug\u0103ciune pentru oamenii care se lupt\u0103 cu singur\u0103tatea.<\/p>\n<p>Cuv\u00e2ntul lui Dumnezeu ne spune clar c\u0103 nu suntem singuri. El vrea s\u0103 ne elibereze, s\u0103 ne m\u00e2ng\u00e2ie \u0219i s\u0103 ne vindece. Dar c\u00e2nd experimentezi pierderi dureroase \u00een via\u021ba ta, po\u021bi pierde din vedere acest adev\u0103r simplu.<\/p>\n<p>Satana vrea s\u0103 crezi c\u0103 e\u0219ti singur. Vrea s\u0103 crezi c\u0103 nimeni nu \u00een\u021belege ce sim\u021bi, dar el este un mincinos. Pe l\u00e2ng\u0103 faptul c\u0103 Dumnezeu este cu tine, mul\u021bi dintre fra\u021bii \u0219i surorile tale \u00een Hristos \u00een\u021beleg ceea ce sim\u021bi, mental \u0219i emo\u021bional (vezi 2 Corinteni 1:3-4).<\/p>\n<p>Nu e\u0219ti singur acum \u0219i nu vei fi niciodat\u0103 singur, indiferent de problema cu care te confrun\u021bi.<\/p>\n<p>Este posibil s\u0103 nu \u00een\u021belegi prea multe c\u00e2nd suferi \u0219i durerea pierderii \u00ee\u021bi sf\u00e2\u0219\u00e2ie sufletul, dar afl\u0103 \u0219i p\u0103streaz\u0103 acest adev\u0103r: Dumnezeu te iube\u0219te \u0219i are un viitor bun pentru tine. Ai credin\u021b\u0103 \u0219i \u00eencredere \u00een El pentru a-\u021bi transforma jalea \u00een bucurie (vezi Isaia 61:1-3).<\/p>\n<hr \/>\n<p>Rug\u0103ciune<\/p>\n<p>Doamne, nu pot vedea mereu adev\u0103rul din cauza durerii \u0219i singur\u0103t\u0103\u021bii, dar \u0219tiu c\u0103 Tu nu m\u0103 p\u0103r\u0103se\u0219ti niciodat\u0103. Ajut\u0103-m\u0103 s\u0103-mi amintesc c\u0103 e\u0219ti aproape \u0219i c\u0103 m\u0103 aju\u021bi s\u0103 fiu prieten cu cre\u0219tini, care m\u0103 vor \u00eencuraja s\u0103 Te caut pe Tine mai mult.<\/p>\n","protected":false},"excerpt":{"rendered":"<p>Cuv\u00e2ntul lui Dumnezeu ne spune clar c\u0103 nu suntem singuri.<\/p>\n","protected":false},"author":20,"featured_media":2431,"parent":0,"menu_order":0,"comment_status":"closed","ping_status":"closed","template":"","class_list":["post-2430","devotional","type-devotional","status-publish","has-post-thumbnail","hentry"],"acf":[],"appp":{"post_detail":{"above_title":"<div class=\"post-featured-wrap\"><img width=\"960\" height=\"560\" src=\"https:\/\/tv.joycemeyer.org\/romana\/wp-content\/uploads\/sites\/51\/2023\/02\/1812.jpg\" class=\"post-featured wp-post-image\" alt=\"Nu e\u0219ti niciodat\u0103 singur\" decoding=\"async\" srcset=\"https:\/\/tv.joycemeyer.org\/romana\/wp-content\/uploads\/sites\/51\/2023\/02\/1812.jpg 960w, https:\/\/tv.joycemeyer.org\/romana\/wp-content\/uploads\/sites\/51\/2023\/02\/1812-300x175.jpg 300w, https:\/\/tv.joycemeyer.org\/romana\/wp-content\/uploads\/sites\/51\/2023\/02\/1812-768x448.jpg 768w\" sizes=\"(max-width: 960px) 100vw, 960px\" \/><\/div>","below_content":"<div class=\"follow\"><ul class=\"nav nav--social nav--flex\"><\/ul><\/div>"}},"yoast_head":"<!-- This site is optimized with the Yoast SEO plugin v27.4 - https:\/\/yoast.com\/product\/yoast-seo-wordpress\/ -->\n<title>Nu e\u0219ti niciodat\u0103 singur - Joyce Meyer Ministries - Romana<\/title>\n<meta name=\"robots\" content=\"index, follow, max-snippet:-1, max-image-preview:large, max-video-preview:-1\" \/>\n<link rel=\"canonical\" href=\"https:\/\/tv.joycemeyer.org\/romana\/devotional\/nu-esti-niciodata-singur-2\/\" \/>\n<meta property=\"og:locale\" content=\"ro_RO\" \/>\n<meta property=\"og:type\" content=\"article\" \/>\n<meta property=\"og:title\" content=\"Nu e\u0219ti niciodat\u0103 singur - Joyce Meyer Ministries - Romana\" \/>\n<meta property=\"og:description\" content=\"Cuv\u00e2ntul lui Dumnezeu ne spune clar c\u0103 nu suntem singuri.\" \/>\n<meta property=\"og:url\" content=\"https:\/\/tv.joycemeyer.org\/romana\/devotional\/nu-esti-niciodata-singur-2\/\" \/>\n<meta property=\"og:site_name\" content=\"Joyce Meyer Ministries - Romana\" \/>\n<meta property=\"og:image\" content=\"https:\/\/tv.joycemeyer.org\/romana\/wp-content\/uploads\/sites\/51\/2023\/02\/1812.jpg\" \/>\n\t<meta property=\"og:image:width\" content=\"960\" \/>\n\t<meta property=\"og:image:height\" content=\"560\" \/>\n\t<meta property=\"og:image:type\" content=\"image\/jpeg\" \/>\n<meta name=\"twitter:card\" content=\"summary_large_image\" \/>\n<meta name=\"twitter:label1\" content=\"Timp estimat pentru citire\" \/>\n\t<meta name=\"twitter:data1\" content=\"2 minute\" \/>\n<script type=\"application\/ld+json\" class=\"yoast-schema-graph\">{\"@context\":\"https:\\\/\\\/schema.org\",\"@graph\":[{\"@type\":\"WebPage\",\"@id\":\"https:\\\/\\\/tv.joycemeyer.org\\\/romana\\\/devotional\\\/nu-esti-niciodata-singur-2\\\/\",\"url\":\"https:\\\/\\\/tv.joycemeyer.org\\\/romana\\\/devotional\\\/nu-esti-niciodata-singur-2\\\/\",\"name\":\"Nu e\u0219ti niciodat\u0103 singur - Joyce Meyer Ministries - Romana\",\"isPartOf\":{\"@id\":\"https:\\\/\\\/tv.joycemeyer.org\\\/romana\\\/#website\"},\"primaryImageOfPage\":{\"@id\":\"https:\\\/\\\/tv.joycemeyer.org\\\/romana\\\/devotional\\\/nu-esti-niciodata-singur-2\\\/#primaryimage\"},\"image\":{\"@id\":\"https:\\\/\\\/tv.joycemeyer.org\\\/romana\\\/devotional\\\/nu-esti-niciodata-singur-2\\\/#primaryimage\"},\"thumbnailUrl\":\"https:\\\/\\\/tv.joycemeyer.org\\\/romana\\\/wp-content\\\/uploads\\\/sites\\\/51\\\/2023\\\/02\\\/1812.jpg\",\"datePublished\":\"2026-04-23T00:01:23+00:00\",\"breadcrumb\":{\"@id\":\"https:\\\/\\\/tv.joycemeyer.org\\\/romana\\\/devotional\\\/nu-esti-niciodata-singur-2\\\/#breadcrumb\"},\"inLanguage\":\"ro-RO\",\"potentialAction\":[{\"@type\":\"ReadAction\",\"target\":[\"https:\\\/\\\/tv.joycemeyer.org\\\/romana\\\/devotional\\\/nu-esti-niciodata-singur-2\\\/\"]}]},{\"@type\":\"ImageObject\",\"inLanguage\":\"ro-RO\",\"@id\":\"https:\\\/\\\/tv.joycemeyer.org\\\/romana\\\/devotional\\\/nu-esti-niciodata-singur-2\\\/#primaryimage\",\"url\":\"https:\\\/\\\/tv.joycemeyer.org\\\/romana\\\/wp-content\\\/uploads\\\/sites\\\/51\\\/2023\\\/02\\\/1812.jpg\",\"contentUrl\":\"https:\\\/\\\/tv.joycemeyer.org\\\/romana\\\/wp-content\\\/uploads\\\/sites\\\/51\\\/2023\\\/02\\\/1812.jpg\",\"width\":960,\"height\":560,\"caption\":\"Nu e\u0219ti niciodat\u0103 singur\"},{\"@type\":\"BreadcrumbList\",\"@id\":\"https:\\\/\\\/tv.joycemeyer.org\\\/romana\\\/devotional\\\/nu-esti-niciodata-singur-2\\\/#breadcrumb\",\"itemListElement\":[{\"@type\":\"ListItem\",\"position\":1,\"name\":\"Home\",\"item\":\"https:\\\/\\\/tv.joycemeyer.org\\\/romana\\\/\"},{\"@type\":\"ListItem\",\"position\":2,\"name\":\"Devotional\",\"item\":\"https:\\\/\\\/tv.joycemeyer.org\\\/romana\\\/devotional\\\/\"},{\"@type\":\"ListItem\",\"position\":3,\"name\":\"Nu e\u0219ti niciodat\u0103 singur\"}]},{\"@type\":\"WebSite\",\"@id\":\"https:\\\/\\\/tv.joycemeyer.org\\\/romana\\\/#website\",\"url\":\"https:\\\/\\\/tv.joycemeyer.org\\\/romana\\\/\",\"name\":\"Joyce Meyer Ministries - Romana\",\"description\":\"Impartasindu-L pe Hristos - Iubindu-i pe oameni\",\"potentialAction\":[{\"@type\":\"SearchAction\",\"target\":{\"@type\":\"EntryPoint\",\"urlTemplate\":\"https:\\\/\\\/tv.joycemeyer.org\\\/romana\\\/?s={search_term_string}\"},\"query-input\":{\"@type\":\"PropertyValueSpecification\",\"valueRequired\":true,\"valueName\":\"search_term_string\"}}],\"inLanguage\":\"ro-RO\"}]}<\/script>\n<!-- \/ Yoast SEO plugin. -->","yoast_head_json":{"title":"Nu e\u0219ti niciodat\u0103 singur - Joyce Meyer Ministries - Romana","robots":{"index":"index","follow":"follow","max-snippet":"max-snippet:-1","max-image-preview":"max-image-preview:large","max-video-preview":"max-video-preview:-1"},"canonical":"https:\/\/tv.joycemeyer.org\/romana\/devotional\/nu-esti-niciodata-singur-2\/","og_locale":"ro_RO","og_type":"article","og_title":"Nu e\u0219ti niciodat\u0103 singur - Joyce Meyer Ministries - Romana","og_description":"Cuv\u00e2ntul lui Dumnezeu ne spune clar c\u0103 nu suntem singuri.","og_url":"https:\/\/tv.joycemeyer.org\/romana\/devotional\/nu-esti-niciodata-singur-2\/","og_site_name":"Joyce Meyer Ministries - Romana","og_image":[{"width":960,"height":560,"url":"https:\/\/tv.joycemeyer.org\/romana\/wp-content\/uploads\/sites\/51\/2023\/02\/1812.jpg","type":"image\/jpeg"}],"twitter_card":"summary_large_image","twitter_misc":{"Timp estimat pentru citire":"2 minute"},"schema":{"@context":"https:\/\/schema.org","@graph":[{"@type":"WebPage","@id":"https:\/\/tv.joycemeyer.org\/romana\/devotional\/nu-esti-niciodata-singur-2\/","url":"https:\/\/tv.joycemeyer.org\/romana\/devotional\/nu-esti-niciodata-singur-2\/","name":"Nu e\u0219ti niciodat\u0103 singur - Joyce Meyer Ministries - Romana","isPartOf":{"@id":"https:\/\/tv.joycemeyer.org\/romana\/#website"},"primaryImageOfPage":{"@id":"https:\/\/tv.joycemeyer.org\/romana\/devotional\/nu-esti-niciodata-singur-2\/#primaryimage"},"image":{"@id":"https:\/\/tv.joycemeyer.org\/romana\/devotional\/nu-esti-niciodata-singur-2\/#primaryimage"},"thumbnailUrl":"https:\/\/tv.joycemeyer.org\/romana\/wp-content\/uploads\/sites\/51\/2023\/02\/1812.jpg","datePublished":"2026-04-23T00:01:23+00:00","breadcrumb":{"@id":"https:\/\/tv.joycemeyer.org\/romana\/devotional\/nu-esti-niciodata-singur-2\/#breadcrumb"},"inLanguage":"ro-RO","potentialAction":[{"@type":"ReadAction","target":["https:\/\/tv.joycemeyer.org\/romana\/devotional\/nu-esti-niciodata-singur-2\/"]}]},{"@type":"ImageObject","inLanguage":"ro-RO","@id":"https:\/\/tv.joycemeyer.org\/romana\/devotional\/nu-esti-niciodata-singur-2\/#primaryimage","url":"https:\/\/tv.joycemeyer.org\/romana\/wp-content\/uploads\/sites\/51\/2023\/02\/1812.jpg","contentUrl":"https:\/\/tv.joycemeyer.org\/romana\/wp-content\/uploads\/sites\/51\/2023\/02\/1812.jpg","width":960,"height":560,"caption":"Nu e\u0219ti niciodat\u0103 singur"},{"@type":"BreadcrumbList","@id":"https:\/\/tv.joycemeyer.org\/romana\/devotional\/nu-esti-niciodata-singur-2\/#breadcrumb","itemListElement":[{"@type":"ListItem","position":1,"name":"Home","item":"https:\/\/tv.joycemeyer.org\/romana\/"},{"@type":"ListItem","position":2,"name":"Devotional","item":"https:\/\/tv.joycemeyer.org\/romana\/devotional\/"},{"@type":"ListItem","position":3,"name":"Nu e\u0219ti niciodat\u0103 singur"}]},{"@type":"WebSite","@id":"https:\/\/tv.joycemeyer.org\/romana\/#website","url":"https:\/\/tv.joycemeyer.org\/romana\/","name":"Joyce Meyer Ministries - Romana","description":"Impartasindu-L pe Hristos - Iubindu-i pe oameni","potentialAction":[{"@type":"SearchAction","target":{"@type":"EntryPoint","urlTemplate":"https:\/\/tv.joycemeyer.org\/romana\/?s={search_term_string}"},"query-input":{"@type":"PropertyValueSpecification","valueRequired":true,"valueName":"search_term_string"}}],"inLanguage":"ro-RO"}]}},"_links":{"self":[{"href":"https:\/\/tv.joycemeyer.org\/romana\/wp-json\/wp\/v2\/devotional\/2430","targetHints":{"allow":["GET"]}}],"collection":[{"href":"https:\/\/tv.joycemeyer.org\/romana\/wp-json\/wp\/v2\/devotional"}],"about":[{"href":"https:\/\/tv.joycemeyer.org\/romana\/wp-json\/wp\/v2\/types\/devotional"}],"author":[{"embeddable":true,"href":"https:\/\/tv.joycemeyer.org\/romana\/wp-json\/wp\/v2\/users\/20"}],"replies":[{"embeddable":true,"href":"https:\/\/tv.joycemeyer.org\/romana\/wp-json\/wp\/v2\/comments?post=2430"}],"wp:featuredmedia":[{"embeddable":true,"href":"https:\/\/tv.joycemeyer.org\/romana\/wp-json\/wp\/v2\/media\/2431"}],"wp:attachment":[{"href":"https:\/\/tv.joycemeyer.org\/romana\/wp-json\/wp\/v2\/media?parent=2430"}],"curies":[{"name":"wp","href":"https:\/\/api.w.org\/{rel}","templated":true}]}}