{"id":2440,"date":"2026-04-28T00:01:08","date_gmt":"2026-04-28T00:01:08","guid":{"rendered":"https:\/\/tv.joycemeyer.org\/romana\/?post_type=devotional&#038;p=2440"},"modified":"2026-01-15T20:40:36","modified_gmt":"2026-01-15T20:40:36","slug":"cunoaste-cuvantul-pentru-tine-2","status":"publish","type":"devotional","link":"https:\/\/tv.joycemeyer.org\/romana\/devotional\/cunoaste-cuvantul-pentru-tine-2\/","title":{"rendered":"Cunoa\u0219te Cuv\u00e2ntul pentru tine"},"content":{"rendered":"<blockquote><p>V-am scris, tinerilor, fiindc\u0103 sunte\u0163i tari \u015fi Cuv\u00e2ntul lui Dumnezeu r\u0103m\u00e2ne (ve\u0219nic) \u00een voi (\u00een inimile voastre) \u015fi a\u0163i biruit pe cel r\u0103u. &#8211; 1 Ioan 2:14 (Biblia Amplificat\u0103)<\/p><\/blockquote>\n<p>Dac\u0103 te-ai \u00eentrebat de ce ai impresia c\u0103 mereu te confrun\u021bi cu ceva \u2013 o problem\u0103 sau alta &#8211; \u0219i c\u0103 nu ai victorie \u00een via\u021ba ta, este posibil s\u0103 ai nevoie s\u0103 petreci mai mult timp \u00een Cuv\u00e2nt.<\/p>\n<p>Mul\u021bi credincio\u0219i merg la biseric\u0103 \u00een fiecare s\u0103pt\u0103m\u00e2n\u0103 pentru a asculta pe altcineva cum le predic\u0103 Cuv\u00e2ntul, dar ei nu studiaz\u0103 niciodat\u0103 Biblia. Dac\u0103 vrei s\u0103 tr\u0103ie\u0219ti \u00een victorie, f\u0103 din Cuv\u00e2ntul lui Dumnezeu o prioritate \u00een via\u021ba ta de zi cu zi. Practic vorbind, acest lucru ar putea \u00eensemna s\u0103 m\u0103rturise\u0219ti Cuv\u00e2ntul \u00een timp ce te preg\u0103te\u0219ti diminea\u021ba, sau s\u0103 ascul\u021bi predici sau muzic\u0103 cre\u0219tin\u0103 \u00een drum spre munc\u0103. Poate ai vrea s\u0103 \u00ee\u021bi petreci pauza de mas\u0103 citind Cuv\u00e2ntul sau pentru a te plimba pe afar\u0103 ca s\u0103 te rogi.<\/p>\n<p>Acestea sunt doar c\u00e2teva idei prin care po\u021bi integra Cuv\u00e2ntului lui Dumnezeu \u00een via\u021ba ta. F\u0103 ceea ce este mai bine pentru tine ca s\u0103 te asiguri c\u0103 vei c\u0103uta adev\u0103rul Lui \u00een mod regulat \u0219i continuu. Via\u021ba ta va fi schimbat\u0103, dac\u0103 Cuv\u00e2ntul S\u0103u va fi o prioritate \u00een via\u021ba ta.<\/p>\n<hr \/>\n<p>Rug\u0103ciune<\/p>\n<p>Doamne, vreau s\u0103 integrez pe deplin Cuv\u00e2ntul T\u0103u \u00een via\u021ba mea. Nu vreau doar s\u0103 aud pe cineva cum \u00eemi prezint\u0103 Cuv\u00e2ntul o dat\u0103 pe s\u0103pt\u0103m\u00e2n\u0103; vreau s\u0103-l cunosc eu, \u00een mod personal. C\u0103l\u0103uze\u0219te-m\u0103 \u0219i arat\u0103-mi c\u0103ile prin care s\u0103 caut Cuv\u00e2ntul t\u0103u cu consecven\u021b\u0103.<\/p>\n","protected":false},"excerpt":{"rendered":"<p>Mul\u021bi credincio\u0219i merg la biseric\u0103 \u00een fiecare s\u0103pt\u0103m\u00e2n\u0103 pentru a asculta pe altcineva cum le predic\u0103 Cuv\u00e2ntul, dar ei nu studiaz\u0103 niciodat\u0103 Biblia. <\/p>\n","protected":false},"author":20,"featured_media":2441,"parent":0,"menu_order":0,"comment_status":"closed","ping_status":"closed","template":"","class_list":["post-2440","devotional","type-devotional","status-publish","has-post-thumbnail","hentry"],"acf":[],"appp":{"post_detail":{"above_title":"<div class=\"post-featured-wrap\"><img width=\"1024\" height=\"597\" src=\"https:\/\/tv.joycemeyer.org\/romana\/wp-content\/uploads\/sites\/51\/2023\/02\/1993-1024x597.jpg\" class=\"post-featured wp-post-image\" alt=\"Cunoa\u0219te Cuv\u00e2ntul pentru tine\" decoding=\"async\" srcset=\"https:\/\/tv.joycemeyer.org\/romana\/wp-content\/uploads\/sites\/51\/2023\/02\/1993-1024x597.jpg 1024w, https:\/\/tv.joycemeyer.org\/romana\/wp-content\/uploads\/sites\/51\/2023\/02\/1993-300x175.jpg 300w, https:\/\/tv.joycemeyer.org\/romana\/wp-content\/uploads\/sites\/51\/2023\/02\/1993-768x448.jpg 768w, https:\/\/tv.joycemeyer.org\/romana\/wp-content\/uploads\/sites\/51\/2023\/02\/1993-1536x896.jpg 1536w, https:\/\/tv.joycemeyer.org\/romana\/wp-content\/uploads\/sites\/51\/2023\/02\/1993.jpg 1755w\" sizes=\"(max-width: 1024px) 100vw, 1024px\" \/><\/div>","below_content":"<div class=\"follow\"><ul class=\"nav nav--social nav--flex\"><\/ul><\/div>"}},"yoast_head":"<!-- This site is optimized with the Yoast SEO plugin v27.4 - https:\/\/yoast.com\/product\/yoast-seo-wordpress\/ -->\n<title>Cunoa\u0219te Cuv\u00e2ntul pentru tine - Joyce Meyer Ministries - Romana<\/title>\n<meta name=\"robots\" content=\"index, follow, max-snippet:-1, max-image-preview:large, max-video-preview:-1\" \/>\n<link rel=\"canonical\" href=\"https:\/\/tv.joycemeyer.org\/romana\/devotional\/cunoaste-cuvantul-pentru-tine-2\/\" \/>\n<meta property=\"og:locale\" content=\"ro_RO\" \/>\n<meta property=\"og:type\" content=\"article\" \/>\n<meta property=\"og:title\" content=\"Cunoa\u0219te Cuv\u00e2ntul pentru tine - Joyce Meyer Ministries - Romana\" \/>\n<meta property=\"og:description\" content=\"Mul\u021bi credincio\u0219i merg la biseric\u0103 \u00een fiecare s\u0103pt\u0103m\u00e2n\u0103 pentru a asculta pe altcineva cum le predic\u0103 Cuv\u00e2ntul, dar ei nu studiaz\u0103 niciodat\u0103 Biblia.\" \/>\n<meta property=\"og:url\" content=\"https:\/\/tv.joycemeyer.org\/romana\/devotional\/cunoaste-cuvantul-pentru-tine-2\/\" \/>\n<meta property=\"og:site_name\" content=\"Joyce Meyer Ministries - Romana\" \/>\n<meta property=\"og:image\" content=\"https:\/\/tv.joycemeyer.org\/romana\/wp-content\/uploads\/sites\/51\/2023\/02\/1993.jpg\" \/>\n\t<meta property=\"og:image:width\" content=\"1755\" \/>\n\t<meta property=\"og:image:height\" content=\"1024\" \/>\n\t<meta property=\"og:image:type\" content=\"image\/jpeg\" \/>\n<meta name=\"twitter:card\" content=\"summary_large_image\" \/>\n<meta name=\"twitter:label1\" content=\"Timp estimat pentru citire\" \/>\n\t<meta name=\"twitter:data1\" content=\"2 minute\" \/>\n<script type=\"application\/ld+json\" class=\"yoast-schema-graph\">{\"@context\":\"https:\\\/\\\/schema.org\",\"@graph\":[{\"@type\":\"WebPage\",\"@id\":\"https:\\\/\\\/tv.joycemeyer.org\\\/romana\\\/devotional\\\/cunoaste-cuvantul-pentru-tine-2\\\/\",\"url\":\"https:\\\/\\\/tv.joycemeyer.org\\\/romana\\\/devotional\\\/cunoaste-cuvantul-pentru-tine-2\\\/\",\"name\":\"Cunoa\u0219te Cuv\u00e2ntul pentru tine - Joyce Meyer Ministries - Romana\",\"isPartOf\":{\"@id\":\"https:\\\/\\\/tv.joycemeyer.org\\\/romana\\\/#website\"},\"primaryImageOfPage\":{\"@id\":\"https:\\\/\\\/tv.joycemeyer.org\\\/romana\\\/devotional\\\/cunoaste-cuvantul-pentru-tine-2\\\/#primaryimage\"},\"image\":{\"@id\":\"https:\\\/\\\/tv.joycemeyer.org\\\/romana\\\/devotional\\\/cunoaste-cuvantul-pentru-tine-2\\\/#primaryimage\"},\"thumbnailUrl\":\"https:\\\/\\\/tv.joycemeyer.org\\\/romana\\\/wp-content\\\/uploads\\\/sites\\\/51\\\/2023\\\/02\\\/1993.jpg\",\"datePublished\":\"2026-04-28T00:01:08+00:00\",\"breadcrumb\":{\"@id\":\"https:\\\/\\\/tv.joycemeyer.org\\\/romana\\\/devotional\\\/cunoaste-cuvantul-pentru-tine-2\\\/#breadcrumb\"},\"inLanguage\":\"ro-RO\",\"potentialAction\":[{\"@type\":\"ReadAction\",\"target\":[\"https:\\\/\\\/tv.joycemeyer.org\\\/romana\\\/devotional\\\/cunoaste-cuvantul-pentru-tine-2\\\/\"]}]},{\"@type\":\"ImageObject\",\"inLanguage\":\"ro-RO\",\"@id\":\"https:\\\/\\\/tv.joycemeyer.org\\\/romana\\\/devotional\\\/cunoaste-cuvantul-pentru-tine-2\\\/#primaryimage\",\"url\":\"https:\\\/\\\/tv.joycemeyer.org\\\/romana\\\/wp-content\\\/uploads\\\/sites\\\/51\\\/2023\\\/02\\\/1993.jpg\",\"contentUrl\":\"https:\\\/\\\/tv.joycemeyer.org\\\/romana\\\/wp-content\\\/uploads\\\/sites\\\/51\\\/2023\\\/02\\\/1993.jpg\",\"width\":1755,\"height\":1024,\"caption\":\"Cunoa\u0219te Cuv\u00e2ntul pentru tine\"},{\"@type\":\"BreadcrumbList\",\"@id\":\"https:\\\/\\\/tv.joycemeyer.org\\\/romana\\\/devotional\\\/cunoaste-cuvantul-pentru-tine-2\\\/#breadcrumb\",\"itemListElement\":[{\"@type\":\"ListItem\",\"position\":1,\"name\":\"Home\",\"item\":\"https:\\\/\\\/tv.joycemeyer.org\\\/romana\\\/\"},{\"@type\":\"ListItem\",\"position\":2,\"name\":\"Devotional\",\"item\":\"https:\\\/\\\/tv.joycemeyer.org\\\/romana\\\/devotional\\\/\"},{\"@type\":\"ListItem\",\"position\":3,\"name\":\"Cunoa\u0219te Cuv\u00e2ntul pentru tine\"}]},{\"@type\":\"WebSite\",\"@id\":\"https:\\\/\\\/tv.joycemeyer.org\\\/romana\\\/#website\",\"url\":\"https:\\\/\\\/tv.joycemeyer.org\\\/romana\\\/\",\"name\":\"Joyce Meyer Ministries - Romana\",\"description\":\"Impartasindu-L pe Hristos - Iubindu-i pe oameni\",\"potentialAction\":[{\"@type\":\"SearchAction\",\"target\":{\"@type\":\"EntryPoint\",\"urlTemplate\":\"https:\\\/\\\/tv.joycemeyer.org\\\/romana\\\/?s={search_term_string}\"},\"query-input\":{\"@type\":\"PropertyValueSpecification\",\"valueRequired\":true,\"valueName\":\"search_term_string\"}}],\"inLanguage\":\"ro-RO\"}]}<\/script>\n<!-- \/ Yoast SEO plugin. -->","yoast_head_json":{"title":"Cunoa\u0219te Cuv\u00e2ntul pentru tine - Joyce Meyer Ministries - Romana","robots":{"index":"index","follow":"follow","max-snippet":"max-snippet:-1","max-image-preview":"max-image-preview:large","max-video-preview":"max-video-preview:-1"},"canonical":"https:\/\/tv.joycemeyer.org\/romana\/devotional\/cunoaste-cuvantul-pentru-tine-2\/","og_locale":"ro_RO","og_type":"article","og_title":"Cunoa\u0219te Cuv\u00e2ntul pentru tine - Joyce Meyer Ministries - Romana","og_description":"Mul\u021bi credincio\u0219i merg la biseric\u0103 \u00een fiecare s\u0103pt\u0103m\u00e2n\u0103 pentru a asculta pe altcineva cum le predic\u0103 Cuv\u00e2ntul, dar ei nu studiaz\u0103 niciodat\u0103 Biblia.","og_url":"https:\/\/tv.joycemeyer.org\/romana\/devotional\/cunoaste-cuvantul-pentru-tine-2\/","og_site_name":"Joyce Meyer Ministries - Romana","og_image":[{"width":1755,"height":1024,"url":"https:\/\/tv.joycemeyer.org\/romana\/wp-content\/uploads\/sites\/51\/2023\/02\/1993.jpg","type":"image\/jpeg"}],"twitter_card":"summary_large_image","twitter_misc":{"Timp estimat pentru citire":"2 minute"},"schema":{"@context":"https:\/\/schema.org","@graph":[{"@type":"WebPage","@id":"https:\/\/tv.joycemeyer.org\/romana\/devotional\/cunoaste-cuvantul-pentru-tine-2\/","url":"https:\/\/tv.joycemeyer.org\/romana\/devotional\/cunoaste-cuvantul-pentru-tine-2\/","name":"Cunoa\u0219te Cuv\u00e2ntul pentru tine - Joyce Meyer Ministries - Romana","isPartOf":{"@id":"https:\/\/tv.joycemeyer.org\/romana\/#website"},"primaryImageOfPage":{"@id":"https:\/\/tv.joycemeyer.org\/romana\/devotional\/cunoaste-cuvantul-pentru-tine-2\/#primaryimage"},"image":{"@id":"https:\/\/tv.joycemeyer.org\/romana\/devotional\/cunoaste-cuvantul-pentru-tine-2\/#primaryimage"},"thumbnailUrl":"https:\/\/tv.joycemeyer.org\/romana\/wp-content\/uploads\/sites\/51\/2023\/02\/1993.jpg","datePublished":"2026-04-28T00:01:08+00:00","breadcrumb":{"@id":"https:\/\/tv.joycemeyer.org\/romana\/devotional\/cunoaste-cuvantul-pentru-tine-2\/#breadcrumb"},"inLanguage":"ro-RO","potentialAction":[{"@type":"ReadAction","target":["https:\/\/tv.joycemeyer.org\/romana\/devotional\/cunoaste-cuvantul-pentru-tine-2\/"]}]},{"@type":"ImageObject","inLanguage":"ro-RO","@id":"https:\/\/tv.joycemeyer.org\/romana\/devotional\/cunoaste-cuvantul-pentru-tine-2\/#primaryimage","url":"https:\/\/tv.joycemeyer.org\/romana\/wp-content\/uploads\/sites\/51\/2023\/02\/1993.jpg","contentUrl":"https:\/\/tv.joycemeyer.org\/romana\/wp-content\/uploads\/sites\/51\/2023\/02\/1993.jpg","width":1755,"height":1024,"caption":"Cunoa\u0219te Cuv\u00e2ntul pentru tine"},{"@type":"BreadcrumbList","@id":"https:\/\/tv.joycemeyer.org\/romana\/devotional\/cunoaste-cuvantul-pentru-tine-2\/#breadcrumb","itemListElement":[{"@type":"ListItem","position":1,"name":"Home","item":"https:\/\/tv.joycemeyer.org\/romana\/"},{"@type":"ListItem","position":2,"name":"Devotional","item":"https:\/\/tv.joycemeyer.org\/romana\/devotional\/"},{"@type":"ListItem","position":3,"name":"Cunoa\u0219te Cuv\u00e2ntul pentru tine"}]},{"@type":"WebSite","@id":"https:\/\/tv.joycemeyer.org\/romana\/#website","url":"https:\/\/tv.joycemeyer.org\/romana\/","name":"Joyce Meyer Ministries - Romana","description":"Impartasindu-L pe Hristos - Iubindu-i pe oameni","potentialAction":[{"@type":"SearchAction","target":{"@type":"EntryPoint","urlTemplate":"https:\/\/tv.joycemeyer.org\/romana\/?s={search_term_string}"},"query-input":{"@type":"PropertyValueSpecification","valueRequired":true,"valueName":"search_term_string"}}],"inLanguage":"ro-RO"}]}},"_links":{"self":[{"href":"https:\/\/tv.joycemeyer.org\/romana\/wp-json\/wp\/v2\/devotional\/2440","targetHints":{"allow":["GET"]}}],"collection":[{"href":"https:\/\/tv.joycemeyer.org\/romana\/wp-json\/wp\/v2\/devotional"}],"about":[{"href":"https:\/\/tv.joycemeyer.org\/romana\/wp-json\/wp\/v2\/types\/devotional"}],"author":[{"embeddable":true,"href":"https:\/\/tv.joycemeyer.org\/romana\/wp-json\/wp\/v2\/users\/20"}],"replies":[{"embeddable":true,"href":"https:\/\/tv.joycemeyer.org\/romana\/wp-json\/wp\/v2\/comments?post=2440"}],"wp:featuredmedia":[{"embeddable":true,"href":"https:\/\/tv.joycemeyer.org\/romana\/wp-json\/wp\/v2\/media\/2441"}],"wp:attachment":[{"href":"https:\/\/tv.joycemeyer.org\/romana\/wp-json\/wp\/v2\/media?parent=2440"}],"curies":[{"name":"wp","href":"https:\/\/api.w.org\/{rel}","templated":true}]}}