{"id":2725,"date":"2026-08-29T00:01:24","date_gmt":"2026-08-29T00:01:24","guid":{"rendered":"https:\/\/tv.joycemeyer.org\/romana\/?post_type=devotional&#038;p=2725"},"modified":"2026-01-15T21:30:48","modified_gmt":"2026-01-15T21:30:48","slug":"inceteaza-sa-mai-tii-scorul-2","status":"publish","type":"devotional","link":"https:\/\/tv.joycemeyer.org\/romana\/devotional\/inceteaza-sa-mai-tii-scorul-2\/","title":{"rendered":"\u00cenceteaz\u0103 s\u0103 mai \u021bii scorul"},"content":{"rendered":"<blockquote><p>Dragostea este \u00eendelung r\u0103bd\u0103toare, este plin\u0103 de bun\u0103tate; dragostea nu pizmuie\u015fte; dragostea nu se laud\u0103, nu se umfl\u0103 de m\u00e2ndrie \u2013 1 Corinteni 13:5<\/p><\/blockquote>\n<p>To\u021bi ajungem s\u0103 fim r\u0103ni\u021bi la un moment dat \u0219i de aceea este vital s\u0103 \u00eenv\u0103\u021b\u0103m s\u0103 iert\u0103m repede, ca s\u0103 putem fi apoi puternici \u0219i s\u0103n\u0103to\u0219i din punct de vedere spiritual. De exemplu, dac\u0103 cineva te-a r\u0103nit, nu-\u021bi petrece urm\u0103torii zece ani de via\u021b\u0103 r\u0103nindu-te singur, prin faptul c\u0103 r\u0103m\u00e2i blocat \u00een acea ofens\u0103. Mai mult ca sigur celalt\u0103 persoan\u0103 nici nu se mai g\u00e2nde\u0219te la tine, \u00een timp ce tu ai r\u0103mas blocat acolo pentru ani de zile. Acest mod de a te raporta la o situa\u021bie r\u0103ne\u0219te mai departe o singur\u0103 persoan\u0103: pe tine!<\/p>\n<p>C\u00e2nd nu iert\u0103m este ca \u0219i cum \u201eam \u021bine scorul\u201d, privindu-ne pe noi mai buni dec\u00e2t pe cealalt\u0103 persoan\u0103. \u00cen anii de \u00eenceput ai c\u0103sniciei noastre, c\u00e2nd eu \u0219i Dave ne agitam \u0219i ne \u00eenfuriam unul pe altul, \u00eei readuceam aminte de lucruri din trecut pe care el nu \u0219i le mai amintea, dar care pe mine m-au deranjat. Dave m\u0103 \u00eentreba apoi mirat: \u201eUnde le \u021bii pe toate astea?\u201d. Aveam loc pentru ele \u00eenl\u0103untrul meu; toate erau acolo, distrug\u00e2ndu-m\u0103 \u00eencetul cu \u00eencetul. \u0218i fiecare nou\u0103 gre\u0219eal\u0103 a lui Dave s-a ad\u0103ugat la acea list\u0103, p\u00e2n\u0103 a devenit un uria\u0219 al am\u0103r\u0103ciunii \u00een inima mea.<\/p>\n<p>Mul\u021bumesc lui Dumnezeu c\u0103 am \u00eenv\u0103\u021bat c\u0103 exist\u0103 un mod mai bun de a tr\u0103i! C\u00e2nd r\u0103m\u00e2nem \u00een dragostea lui Dumnezeu, tr\u0103im liberi de dorin\u021ba de a mai \u021bine \u201escorul\u201d gre\u0219elilor celorlal\u021bi fa\u021b\u0103 de noi. Dac\u0103 ast\u0103zi suferi din pricina durerii cauzat\u0103 de neiertare, cere-I lui Dumnezeu s\u0103 te ajute s\u0103 te opre\u0219ti din a mai \u021bine \u201esocoteala\u201d gre\u0219elilor celor din jurul t\u0103u. Ast\u0103zi po\u021bi s\u0103 dai drumul am\u0103r\u0103ciunii.<\/p>\n<hr \/>\n<p>Rug\u0103ciune<\/p>\n<p>Doamne, nu vreau s\u0103 mai \u021bin \u201escorul\u201d gre\u0219elilor \u0219i s\u0103 tr\u0103iesc cu neiertare \u00een inima mea. Le las pe toate \u00eenaintea Ta \u0219i te rog, ajut\u0103-m\u0103 s\u0103 tr\u0103iesc prin dragostea Ta, care nu \u021bine socoteala r\u0103ului care a fost f\u0103cut.<\/p>\n","protected":false},"excerpt":{"rendered":"<p>C\u00e2nd nu iert\u0103m este ca \u0219i cum \u201eam \u021bine scorul\u201d, privindu-ne pe noi mai buni dec\u00e2t pe cealalt\u0103 persoan\u0103.<\/p>\n","protected":false},"author":20,"featured_media":2726,"parent":0,"menu_order":0,"comment_status":"closed","ping_status":"closed","template":"","class_list":["post-2725","devotional","type-devotional","status-publish","has-post-thumbnail","hentry"],"acf":[],"appp":{"post_detail":{"above_title":"<div class=\"post-featured-wrap\"><img width=\"960\" height=\"560\" src=\"https:\/\/tv.joycemeyer.org\/romana\/wp-content\/uploads\/sites\/51\/2023\/06\/2840.jpg\" class=\"post-featured wp-post-image\" alt=\"\u00cenceteaz\u0103 s\u0103 mai \u021bii scorul\" decoding=\"async\" srcset=\"https:\/\/tv.joycemeyer.org\/romana\/wp-content\/uploads\/sites\/51\/2023\/06\/2840.jpg 960w, https:\/\/tv.joycemeyer.org\/romana\/wp-content\/uploads\/sites\/51\/2023\/06\/2840-300x175.jpg 300w, https:\/\/tv.joycemeyer.org\/romana\/wp-content\/uploads\/sites\/51\/2023\/06\/2840-768x448.jpg 768w\" sizes=\"(max-width: 960px) 100vw, 960px\" \/><\/div>","below_content":"<div class=\"follow\"><ul class=\"nav nav--social nav--flex\"><\/ul><\/div>"}},"yoast_head":"<!-- This site is optimized with the Yoast SEO plugin v28.2 - https:\/\/yoast.com\/product\/yoast-seo-wordpress\/ -->\n<title>\u00cenceteaz\u0103 s\u0103 mai \u021bii scorul - Joyce Meyer Ministries - Romana<\/title>\n<meta name=\"robots\" content=\"index, follow, max-snippet:-1, max-image-preview:large, max-video-preview:-1\" \/>\n<link rel=\"canonical\" href=\"https:\/\/tv.joycemeyer.org\/romana\/devotional\/inceteaza-sa-mai-tii-scorul-2\/\" \/>\n<meta property=\"og:locale\" content=\"ro_RO\" \/>\n<meta property=\"og:type\" content=\"article\" \/>\n<meta property=\"og:title\" content=\"\u00cenceteaz\u0103 s\u0103 mai \u021bii scorul - Joyce Meyer Ministries - Romana\" \/>\n<meta property=\"og:description\" content=\"C\u00e2nd nu iert\u0103m este ca \u0219i cum \u201eam \u021bine scorul\u201d, privindu-ne pe noi mai buni dec\u00e2t pe cealalt\u0103 persoan\u0103.\" \/>\n<meta property=\"og:url\" content=\"https:\/\/tv.joycemeyer.org\/romana\/devotional\/inceteaza-sa-mai-tii-scorul-2\/\" \/>\n<meta property=\"og:site_name\" content=\"Joyce Meyer Ministries - Romana\" \/>\n<meta property=\"og:image\" content=\"https:\/\/tv.joycemeyer.org\/romana\/wp-content\/uploads\/sites\/51\/2023\/06\/2840.jpg\" \/>\n\t<meta property=\"og:image:width\" content=\"960\" \/>\n\t<meta property=\"og:image:height\" content=\"560\" \/>\n\t<meta property=\"og:image:type\" content=\"image\/jpeg\" \/>\n<meta name=\"twitter:card\" content=\"summary_large_image\" \/>\n<meta name=\"twitter:label1\" content=\"Timp estimat pentru citire\" \/>\n\t<meta name=\"twitter:data1\" content=\"2 minute\" \/>\n<script type=\"application\/ld+json\" class=\"yoast-schema-graph\">{\"@context\":\"https:\\\/\\\/schema.org\",\"@graph\":[{\"@type\":\"WebPage\",\"@id\":\"https:\\\/\\\/tv.joycemeyer.org\\\/romana\\\/devotional\\\/inceteaza-sa-mai-tii-scorul-2\\\/\",\"url\":\"https:\\\/\\\/tv.joycemeyer.org\\\/romana\\\/devotional\\\/inceteaza-sa-mai-tii-scorul-2\\\/\",\"name\":\"\u00cenceteaz\u0103 s\u0103 mai \u021bii scorul - Joyce Meyer Ministries - Romana\",\"isPartOf\":{\"@id\":\"https:\\\/\\\/tv.joycemeyer.org\\\/romana\\\/#website\"},\"primaryImageOfPage\":{\"@id\":\"https:\\\/\\\/tv.joycemeyer.org\\\/romana\\\/devotional\\\/inceteaza-sa-mai-tii-scorul-2\\\/#primaryimage\"},\"image\":{\"@id\":\"https:\\\/\\\/tv.joycemeyer.org\\\/romana\\\/devotional\\\/inceteaza-sa-mai-tii-scorul-2\\\/#primaryimage\"},\"thumbnailUrl\":\"https:\\\/\\\/tv.joycemeyer.org\\\/romana\\\/wp-content\\\/uploads\\\/sites\\\/51\\\/2023\\\/06\\\/2840.jpg\",\"datePublished\":\"2026-08-29T00:01:24+00:00\",\"breadcrumb\":{\"@id\":\"https:\\\/\\\/tv.joycemeyer.org\\\/romana\\\/devotional\\\/inceteaza-sa-mai-tii-scorul-2\\\/#breadcrumb\"},\"inLanguage\":\"ro-RO\",\"potentialAction\":[{\"@type\":\"ReadAction\",\"target\":[\"https:\\\/\\\/tv.joycemeyer.org\\\/romana\\\/devotional\\\/inceteaza-sa-mai-tii-scorul-2\\\/\"]}]},{\"@type\":\"ImageObject\",\"inLanguage\":\"ro-RO\",\"@id\":\"https:\\\/\\\/tv.joycemeyer.org\\\/romana\\\/devotional\\\/inceteaza-sa-mai-tii-scorul-2\\\/#primaryimage\",\"url\":\"https:\\\/\\\/tv.joycemeyer.org\\\/romana\\\/wp-content\\\/uploads\\\/sites\\\/51\\\/2023\\\/06\\\/2840.jpg\",\"contentUrl\":\"https:\\\/\\\/tv.joycemeyer.org\\\/romana\\\/wp-content\\\/uploads\\\/sites\\\/51\\\/2023\\\/06\\\/2840.jpg\",\"width\":960,\"height\":560,\"caption\":\"\u00cenceteaz\u0103 s\u0103 mai \u021bii scorul\"},{\"@type\":\"BreadcrumbList\",\"@id\":\"https:\\\/\\\/tv.joycemeyer.org\\\/romana\\\/devotional\\\/inceteaza-sa-mai-tii-scorul-2\\\/#breadcrumb\",\"itemListElement\":[{\"@type\":\"ListItem\",\"position\":1,\"name\":\"Home\",\"item\":\"https:\\\/\\\/tv.joycemeyer.org\\\/romana\\\/\"},{\"@type\":\"ListItem\",\"position\":2,\"name\":\"Devotional\",\"item\":\"https:\\\/\\\/tv.joycemeyer.org\\\/romana\\\/devotional\\\/\"},{\"@type\":\"ListItem\",\"position\":3,\"name\":\"\u00cenceteaz\u0103 s\u0103 mai \u021bii scorul\"}]},{\"@type\":\"WebSite\",\"@id\":\"https:\\\/\\\/tv.joycemeyer.org\\\/romana\\\/#website\",\"url\":\"https:\\\/\\\/tv.joycemeyer.org\\\/romana\\\/\",\"name\":\"Joyce Meyer Ministries - Romana\",\"description\":\"Impartasindu-L pe Hristos - Iubindu-i pe oameni\",\"potentialAction\":[{\"@type\":\"SearchAction\",\"target\":{\"@type\":\"EntryPoint\",\"urlTemplate\":\"https:\\\/\\\/tv.joycemeyer.org\\\/romana\\\/?s={search_term_string}\"},\"query-input\":{\"@type\":\"PropertyValueSpecification\",\"valueRequired\":true,\"valueName\":\"search_term_string\"}}],\"inLanguage\":\"ro-RO\"}]}<\/script>\n<!-- \/ Yoast SEO plugin. -->","yoast_head_json":{"title":"\u00cenceteaz\u0103 s\u0103 mai \u021bii scorul - Joyce Meyer Ministries - Romana","robots":{"index":"index","follow":"follow","max-snippet":"max-snippet:-1","max-image-preview":"max-image-preview:large","max-video-preview":"max-video-preview:-1"},"canonical":"https:\/\/tv.joycemeyer.org\/romana\/devotional\/inceteaza-sa-mai-tii-scorul-2\/","og_locale":"ro_RO","og_type":"article","og_title":"\u00cenceteaz\u0103 s\u0103 mai \u021bii scorul - Joyce Meyer Ministries - Romana","og_description":"C\u00e2nd nu iert\u0103m este ca \u0219i cum \u201eam \u021bine scorul\u201d, privindu-ne pe noi mai buni dec\u00e2t pe cealalt\u0103 persoan\u0103.","og_url":"https:\/\/tv.joycemeyer.org\/romana\/devotional\/inceteaza-sa-mai-tii-scorul-2\/","og_site_name":"Joyce Meyer Ministries - Romana","og_image":[{"width":960,"height":560,"url":"https:\/\/tv.joycemeyer.org\/romana\/wp-content\/uploads\/sites\/51\/2023\/06\/2840.jpg","type":"image\/jpeg"}],"twitter_card":"summary_large_image","twitter_misc":{"Timp estimat pentru citire":"2 minute"},"schema":{"@context":"https:\/\/schema.org","@graph":[{"@type":"WebPage","@id":"https:\/\/tv.joycemeyer.org\/romana\/devotional\/inceteaza-sa-mai-tii-scorul-2\/","url":"https:\/\/tv.joycemeyer.org\/romana\/devotional\/inceteaza-sa-mai-tii-scorul-2\/","name":"\u00cenceteaz\u0103 s\u0103 mai \u021bii scorul - Joyce Meyer Ministries - Romana","isPartOf":{"@id":"https:\/\/tv.joycemeyer.org\/romana\/#website"},"primaryImageOfPage":{"@id":"https:\/\/tv.joycemeyer.org\/romana\/devotional\/inceteaza-sa-mai-tii-scorul-2\/#primaryimage"},"image":{"@id":"https:\/\/tv.joycemeyer.org\/romana\/devotional\/inceteaza-sa-mai-tii-scorul-2\/#primaryimage"},"thumbnailUrl":"https:\/\/tv.joycemeyer.org\/romana\/wp-content\/uploads\/sites\/51\/2023\/06\/2840.jpg","datePublished":"2026-08-29T00:01:24+00:00","breadcrumb":{"@id":"https:\/\/tv.joycemeyer.org\/romana\/devotional\/inceteaza-sa-mai-tii-scorul-2\/#breadcrumb"},"inLanguage":"ro-RO","potentialAction":[{"@type":"ReadAction","target":["https:\/\/tv.joycemeyer.org\/romana\/devotional\/inceteaza-sa-mai-tii-scorul-2\/"]}]},{"@type":"ImageObject","inLanguage":"ro-RO","@id":"https:\/\/tv.joycemeyer.org\/romana\/devotional\/inceteaza-sa-mai-tii-scorul-2\/#primaryimage","url":"https:\/\/tv.joycemeyer.org\/romana\/wp-content\/uploads\/sites\/51\/2023\/06\/2840.jpg","contentUrl":"https:\/\/tv.joycemeyer.org\/romana\/wp-content\/uploads\/sites\/51\/2023\/06\/2840.jpg","width":960,"height":560,"caption":"\u00cenceteaz\u0103 s\u0103 mai \u021bii scorul"},{"@type":"BreadcrumbList","@id":"https:\/\/tv.joycemeyer.org\/romana\/devotional\/inceteaza-sa-mai-tii-scorul-2\/#breadcrumb","itemListElement":[{"@type":"ListItem","position":1,"name":"Home","item":"https:\/\/tv.joycemeyer.org\/romana\/"},{"@type":"ListItem","position":2,"name":"Devotional","item":"https:\/\/tv.joycemeyer.org\/romana\/devotional\/"},{"@type":"ListItem","position":3,"name":"\u00cenceteaz\u0103 s\u0103 mai \u021bii scorul"}]},{"@type":"WebSite","@id":"https:\/\/tv.joycemeyer.org\/romana\/#website","url":"https:\/\/tv.joycemeyer.org\/romana\/","name":"Joyce Meyer Ministries - Romana","description":"Impartasindu-L pe Hristos - Iubindu-i pe oameni","potentialAction":[{"@type":"SearchAction","target":{"@type":"EntryPoint","urlTemplate":"https:\/\/tv.joycemeyer.org\/romana\/?s={search_term_string}"},"query-input":{"@type":"PropertyValueSpecification","valueRequired":true,"valueName":"search_term_string"}}],"inLanguage":"ro-RO"}]}},"_links":{"self":[{"href":"https:\/\/tv.joycemeyer.org\/romana\/wp-json\/wp\/v2\/devotional\/2725","targetHints":{"allow":["GET"]}}],"collection":[{"href":"https:\/\/tv.joycemeyer.org\/romana\/wp-json\/wp\/v2\/devotional"}],"about":[{"href":"https:\/\/tv.joycemeyer.org\/romana\/wp-json\/wp\/v2\/types\/devotional"}],"author":[{"embeddable":true,"href":"https:\/\/tv.joycemeyer.org\/romana\/wp-json\/wp\/v2\/users\/20"}],"replies":[{"embeddable":true,"href":"https:\/\/tv.joycemeyer.org\/romana\/wp-json\/wp\/v2\/comments?post=2725"}],"wp:featuredmedia":[{"embeddable":true,"href":"https:\/\/tv.joycemeyer.org\/romana\/wp-json\/wp\/v2\/media\/2726"}],"wp:attachment":[{"href":"https:\/\/tv.joycemeyer.org\/romana\/wp-json\/wp\/v2\/media?parent=2725"}],"curies":[{"name":"wp","href":"https:\/\/api.w.org\/{rel}","templated":true}]}}