{"id":2748,"date":"2023-07-10T00:01:40","date_gmt":"2023-07-10T00:01:40","guid":{"rendered":"https:\/\/tv.joycemeyer.org\/romana\/?post_type=devotional&#038;p=2748"},"modified":"2023-07-10T11:20:18","modified_gmt":"2023-07-10T11:20:18","slug":"exagerata","status":"publish","type":"devotional","link":"https:\/\/tv.joycemeyer.org\/romana\/devotional\/exagerata\/","title":{"rendered":"S\u0103 nu ai o p\u0103rere exagerat\u0103 despre tine"},"content":{"rendered":"<blockquote><p>Dac\u0103 vreunul crede c\u0103 este ceva, m\u0103car c\u0103 nu este nimic, se \u00een\u015fal\u0103 singur. \u2013 Galateni 6:3<\/p><\/blockquote>\n<p>Biblia ne avertizeaz\u0103 \u00een mod repetat cu privire la m\u00e2ndrie, iar eu \u00eencerc s\u0103 subliniez c\u00e2t de mult pot acest pericol. Vede\u021bi, c\u00e2nd ced\u0103m m\u00e2ndriei, de fapt \u00eei d\u0103m voie inamicului s\u0103 aib\u0103 o influen\u021b\u0103 mare asupra noastr\u0103.<\/p>\n<p>C\u00e2nd avem g\u00e2nduri prea \u00eenalte despre noi, de fapt \u00eei subapreciem pe ceilal\u021bi, uit\u00e2nd s\u0103 ne \u00eencredem \u00een Dumnezeu \u0219i ignor\u00e2nd adev\u0103rul: c\u0103 f\u0103r\u0103 El, suntem nimic.<\/p>\n<p>Acest fel de atitudine sau de g\u00e2ndire este detestat\u0103 de Dumnezeu. Noi trebuie s\u0103 avem o team\u0103 sf\u00e2nt\u0103 \u00eenaintea lui Dumnezeu, p\u0103zindu-ne de m\u00e2ndrie. S\u0103 ne amintim c\u0103 suntem speciali \u0219i valoro\u0219i, deoarece Dumnezeu ne iube\u0219te \u0219i ne-a iertat, nu pentru c\u0103 putem \u00eemplini lucruri m\u0103re\u021be pe cont propriu.<\/p>\n<p>Este important s\u0103 \u00een\u021belegem c\u0103 atunci c\u00e2nd excel\u0103m \u00eentr-un domeniu, este doar pentru c\u0103 Dumnezeu ne-a dat harul s\u0103 putem face acel lucru. C\u00e2nd credem c\u0103 am putut \u00eemplini lucruri m\u0103re\u021be prin puterea noastr\u0103, am c\u0103zut prad\u0103 m\u00e2ndriei.<\/p>\n<p>Aminti\u021bi-v\u0103, noi \u00eei apar\u021binem lui Dumnezeu. \u00cen loc s\u0103 avem p\u0103reri exagerate despre noi, mai bine s\u0103 ne focaliz\u0103m pe m\u0103re\u021bia lui Dumnezeu \u0219i pe dragostea Lui pentru noi. Doar prin harul S\u0103u reu\u0219im s\u0103 \u00eemplinim orice ne-ar cere El s\u0103 facem.<\/p>\n<hr \/>\n<h4>Rug\u0103ciune<\/h4>\n<p>Doamne, orice lucru bun care este \u00een mine, \u00een via\u021ba mea, vine de la Tine. M\u0103 smeresc \u00eenaintea Ta, \u0219i m\u0103 poc\u0103iesc de orice m\u00e2ndrie de care m\u0103 \u021bin, \u00een\u021beleg\u00e2nd c\u0103, atunci c\u00e2nd reu\u0219esc \u0219i excelez, este din cauza harului \u0219i bun\u0103t\u0103\u021bii Tale.<\/p>\n","protected":false},"excerpt":{"rendered":"<p>C\u00e2nd avem g\u00e2nduri prea \u00eenalte despre noi, de fapt \u00eei subapreciem pe ceilal\u021bi, uit\u00e2nd s\u0103 ne \u00eencredem \u00een Dumnezeu \u0219i ignor\u00e2nd adev\u0103rul: c\u0103 f\u0103r\u0103 El, suntem nimic. <\/p>\n","protected":false},"author":20,"featured_media":2749,"parent":0,"menu_order":0,"comment_status":"closed","ping_status":"closed","template":"","class_list":["post-2748","devotional","type-devotional","status-publish","has-post-thumbnail","hentry"],"acf":[],"appp":{"post_detail":{"above_title":"<div class=\"post-featured-wrap\"><img width=\"1024\" height=\"597\" src=\"https:\/\/tv.joycemeyer.org\/romana\/wp-content\/uploads\/sites\/51\/2023\/06\/2228-1024x597.jpg\" class=\"post-featured wp-post-image\" alt=\"S\u0103 nu ai o p\u0103rere exagerat\u0103 despre tine\" decoding=\"async\" srcset=\"https:\/\/tv.joycemeyer.org\/romana\/wp-content\/uploads\/sites\/51\/2023\/06\/2228-1024x597.jpg 1024w, https:\/\/tv.joycemeyer.org\/romana\/wp-content\/uploads\/sites\/51\/2023\/06\/2228-300x175.jpg 300w, https:\/\/tv.joycemeyer.org\/romana\/wp-content\/uploads\/sites\/51\/2023\/06\/2228-768x448.jpg 768w, https:\/\/tv.joycemeyer.org\/romana\/wp-content\/uploads\/sites\/51\/2023\/06\/2228-1536x896.jpg 1536w, https:\/\/tv.joycemeyer.org\/romana\/wp-content\/uploads\/sites\/51\/2023\/06\/2228.jpg 1800w\" sizes=\"(max-width: 1024px) 100vw, 1024px\" \/><\/div>","below_content":""}},"yoast_head":"<!-- This site is optimized with the Yoast SEO plugin v27.4 - https:\/\/yoast.com\/product\/yoast-seo-wordpress\/ -->\n<title>S\u0103 nu ai o p\u0103rere exagerat\u0103 despre tine - Joyce Meyer Ministries - Romana<\/title>\n<meta name=\"robots\" content=\"index, follow, max-snippet:-1, max-image-preview:large, max-video-preview:-1\" \/>\n<link rel=\"canonical\" href=\"https:\/\/tv.joycemeyer.org\/romana\/devotional\/exagerata\/\" \/>\n<meta property=\"og:locale\" content=\"ro_RO\" \/>\n<meta property=\"og:type\" content=\"article\" \/>\n<meta property=\"og:title\" content=\"S\u0103 nu ai o p\u0103rere exagerat\u0103 despre tine - Joyce Meyer Ministries - Romana\" \/>\n<meta property=\"og:description\" content=\"C\u00e2nd avem g\u00e2nduri prea \u00eenalte despre noi, de fapt \u00eei subapreciem pe ceilal\u021bi, uit\u00e2nd s\u0103 ne \u00eencredem \u00een Dumnezeu \u0219i ignor\u00e2nd adev\u0103rul: c\u0103 f\u0103r\u0103 El, suntem nimic.\" \/>\n<meta property=\"og:url\" content=\"https:\/\/tv.joycemeyer.org\/romana\/devotional\/exagerata\/\" \/>\n<meta property=\"og:site_name\" content=\"Joyce Meyer Ministries - Romana\" \/>\n<meta property=\"article:modified_time\" content=\"2023-07-10T11:20:18+00:00\" \/>\n<meta property=\"og:image\" content=\"https:\/\/tv.joycemeyer.org\/romana\/wp-content\/uploads\/sites\/51\/2023\/06\/2228.jpg\" \/>\n\t<meta property=\"og:image:width\" content=\"1800\" \/>\n\t<meta property=\"og:image:height\" content=\"1050\" \/>\n\t<meta property=\"og:image:type\" content=\"image\/jpeg\" \/>\n<meta name=\"twitter:card\" content=\"summary_large_image\" \/>\n<meta name=\"twitter:label1\" content=\"Timp estimat pentru citire\" \/>\n\t<meta name=\"twitter:data1\" content=\"2 minute\" \/>\n<script type=\"application\/ld+json\" class=\"yoast-schema-graph\">{\"@context\":\"https:\\\/\\\/schema.org\",\"@graph\":[{\"@type\":\"WebPage\",\"@id\":\"https:\\\/\\\/tv.joycemeyer.org\\\/romana\\\/devotional\\\/exagerata\\\/\",\"url\":\"https:\\\/\\\/tv.joycemeyer.org\\\/romana\\\/devotional\\\/exagerata\\\/\",\"name\":\"S\u0103 nu ai o p\u0103rere exagerat\u0103 despre tine - Joyce Meyer Ministries - Romana\",\"isPartOf\":{\"@id\":\"https:\\\/\\\/tv.joycemeyer.org\\\/romana\\\/#website\"},\"primaryImageOfPage\":{\"@id\":\"https:\\\/\\\/tv.joycemeyer.org\\\/romana\\\/devotional\\\/exagerata\\\/#primaryimage\"},\"image\":{\"@id\":\"https:\\\/\\\/tv.joycemeyer.org\\\/romana\\\/devotional\\\/exagerata\\\/#primaryimage\"},\"thumbnailUrl\":\"https:\\\/\\\/tv.joycemeyer.org\\\/romana\\\/wp-content\\\/uploads\\\/sites\\\/51\\\/2023\\\/06\\\/2228.jpg\",\"datePublished\":\"2023-07-10T00:01:40+00:00\",\"dateModified\":\"2023-07-10T11:20:18+00:00\",\"breadcrumb\":{\"@id\":\"https:\\\/\\\/tv.joycemeyer.org\\\/romana\\\/devotional\\\/exagerata\\\/#breadcrumb\"},\"inLanguage\":\"ro-RO\",\"potentialAction\":[{\"@type\":\"ReadAction\",\"target\":[\"https:\\\/\\\/tv.joycemeyer.org\\\/romana\\\/devotional\\\/exagerata\\\/\"]}]},{\"@type\":\"ImageObject\",\"inLanguage\":\"ro-RO\",\"@id\":\"https:\\\/\\\/tv.joycemeyer.org\\\/romana\\\/devotional\\\/exagerata\\\/#primaryimage\",\"url\":\"https:\\\/\\\/tv.joycemeyer.org\\\/romana\\\/wp-content\\\/uploads\\\/sites\\\/51\\\/2023\\\/06\\\/2228.jpg\",\"contentUrl\":\"https:\\\/\\\/tv.joycemeyer.org\\\/romana\\\/wp-content\\\/uploads\\\/sites\\\/51\\\/2023\\\/06\\\/2228.jpg\",\"width\":1800,\"height\":1050,\"caption\":\"S\u0103 nu ai o p\u0103rere exagerat\u0103 despre tine\"},{\"@type\":\"BreadcrumbList\",\"@id\":\"https:\\\/\\\/tv.joycemeyer.org\\\/romana\\\/devotional\\\/exagerata\\\/#breadcrumb\",\"itemListElement\":[{\"@type\":\"ListItem\",\"position\":1,\"name\":\"Home\",\"item\":\"https:\\\/\\\/tv.joycemeyer.org\\\/romana\\\/\"},{\"@type\":\"ListItem\",\"position\":2,\"name\":\"Devotional\",\"item\":\"https:\\\/\\\/tv.joycemeyer.org\\\/romana\\\/devotional\\\/\"},{\"@type\":\"ListItem\",\"position\":3,\"name\":\"S\u0103 nu ai o p\u0103rere exagerat\u0103 despre tine\"}]},{\"@type\":\"WebSite\",\"@id\":\"https:\\\/\\\/tv.joycemeyer.org\\\/romana\\\/#website\",\"url\":\"https:\\\/\\\/tv.joycemeyer.org\\\/romana\\\/\",\"name\":\"Joyce Meyer Ministries - Romana\",\"description\":\"Impartasindu-L pe Hristos - Iubindu-i pe oameni\",\"potentialAction\":[{\"@type\":\"SearchAction\",\"target\":{\"@type\":\"EntryPoint\",\"urlTemplate\":\"https:\\\/\\\/tv.joycemeyer.org\\\/romana\\\/?s={search_term_string}\"},\"query-input\":{\"@type\":\"PropertyValueSpecification\",\"valueRequired\":true,\"valueName\":\"search_term_string\"}}],\"inLanguage\":\"ro-RO\"}]}<\/script>\n<!-- \/ Yoast SEO plugin. -->","yoast_head_json":{"title":"S\u0103 nu ai o p\u0103rere exagerat\u0103 despre tine - Joyce Meyer Ministries - Romana","robots":{"index":"index","follow":"follow","max-snippet":"max-snippet:-1","max-image-preview":"max-image-preview:large","max-video-preview":"max-video-preview:-1"},"canonical":"https:\/\/tv.joycemeyer.org\/romana\/devotional\/exagerata\/","og_locale":"ro_RO","og_type":"article","og_title":"S\u0103 nu ai o p\u0103rere exagerat\u0103 despre tine - Joyce Meyer Ministries - Romana","og_description":"C\u00e2nd avem g\u00e2nduri prea \u00eenalte despre noi, de fapt \u00eei subapreciem pe ceilal\u021bi, uit\u00e2nd s\u0103 ne \u00eencredem \u00een Dumnezeu \u0219i ignor\u00e2nd adev\u0103rul: c\u0103 f\u0103r\u0103 El, suntem nimic.","og_url":"https:\/\/tv.joycemeyer.org\/romana\/devotional\/exagerata\/","og_site_name":"Joyce Meyer Ministries - Romana","article_modified_time":"2023-07-10T11:20:18+00:00","og_image":[{"width":1800,"height":1050,"url":"https:\/\/tv.joycemeyer.org\/romana\/wp-content\/uploads\/sites\/51\/2023\/06\/2228.jpg","type":"image\/jpeg"}],"twitter_card":"summary_large_image","twitter_misc":{"Timp estimat pentru citire":"2 minute"},"schema":{"@context":"https:\/\/schema.org","@graph":[{"@type":"WebPage","@id":"https:\/\/tv.joycemeyer.org\/romana\/devotional\/exagerata\/","url":"https:\/\/tv.joycemeyer.org\/romana\/devotional\/exagerata\/","name":"S\u0103 nu ai o p\u0103rere exagerat\u0103 despre tine - Joyce Meyer Ministries - Romana","isPartOf":{"@id":"https:\/\/tv.joycemeyer.org\/romana\/#website"},"primaryImageOfPage":{"@id":"https:\/\/tv.joycemeyer.org\/romana\/devotional\/exagerata\/#primaryimage"},"image":{"@id":"https:\/\/tv.joycemeyer.org\/romana\/devotional\/exagerata\/#primaryimage"},"thumbnailUrl":"https:\/\/tv.joycemeyer.org\/romana\/wp-content\/uploads\/sites\/51\/2023\/06\/2228.jpg","datePublished":"2023-07-10T00:01:40+00:00","dateModified":"2023-07-10T11:20:18+00:00","breadcrumb":{"@id":"https:\/\/tv.joycemeyer.org\/romana\/devotional\/exagerata\/#breadcrumb"},"inLanguage":"ro-RO","potentialAction":[{"@type":"ReadAction","target":["https:\/\/tv.joycemeyer.org\/romana\/devotional\/exagerata\/"]}]},{"@type":"ImageObject","inLanguage":"ro-RO","@id":"https:\/\/tv.joycemeyer.org\/romana\/devotional\/exagerata\/#primaryimage","url":"https:\/\/tv.joycemeyer.org\/romana\/wp-content\/uploads\/sites\/51\/2023\/06\/2228.jpg","contentUrl":"https:\/\/tv.joycemeyer.org\/romana\/wp-content\/uploads\/sites\/51\/2023\/06\/2228.jpg","width":1800,"height":1050,"caption":"S\u0103 nu ai o p\u0103rere exagerat\u0103 despre tine"},{"@type":"BreadcrumbList","@id":"https:\/\/tv.joycemeyer.org\/romana\/devotional\/exagerata\/#breadcrumb","itemListElement":[{"@type":"ListItem","position":1,"name":"Home","item":"https:\/\/tv.joycemeyer.org\/romana\/"},{"@type":"ListItem","position":2,"name":"Devotional","item":"https:\/\/tv.joycemeyer.org\/romana\/devotional\/"},{"@type":"ListItem","position":3,"name":"S\u0103 nu ai o p\u0103rere exagerat\u0103 despre tine"}]},{"@type":"WebSite","@id":"https:\/\/tv.joycemeyer.org\/romana\/#website","url":"https:\/\/tv.joycemeyer.org\/romana\/","name":"Joyce Meyer Ministries - Romana","description":"Impartasindu-L pe Hristos - Iubindu-i pe oameni","potentialAction":[{"@type":"SearchAction","target":{"@type":"EntryPoint","urlTemplate":"https:\/\/tv.joycemeyer.org\/romana\/?s={search_term_string}"},"query-input":{"@type":"PropertyValueSpecification","valueRequired":true,"valueName":"search_term_string"}}],"inLanguage":"ro-RO"}]}},"_links":{"self":[{"href":"https:\/\/tv.joycemeyer.org\/romana\/wp-json\/wp\/v2\/devotional\/2748","targetHints":{"allow":["GET"]}}],"collection":[{"href":"https:\/\/tv.joycemeyer.org\/romana\/wp-json\/wp\/v2\/devotional"}],"about":[{"href":"https:\/\/tv.joycemeyer.org\/romana\/wp-json\/wp\/v2\/types\/devotional"}],"author":[{"embeddable":true,"href":"https:\/\/tv.joycemeyer.org\/romana\/wp-json\/wp\/v2\/users\/20"}],"replies":[{"embeddable":true,"href":"https:\/\/tv.joycemeyer.org\/romana\/wp-json\/wp\/v2\/comments?post=2748"}],"wp:featuredmedia":[{"embeddable":true,"href":"https:\/\/tv.joycemeyer.org\/romana\/wp-json\/wp\/v2\/media\/2749"}],"wp:attachment":[{"href":"https:\/\/tv.joycemeyer.org\/romana\/wp-json\/wp\/v2\/media?parent=2748"}],"curies":[{"name":"wp","href":"https:\/\/api.w.org\/{rel}","templated":true}]}}