{"id":2792,"date":"2023-07-31T00:01:48","date_gmt":"2023-07-31T00:01:48","guid":{"rendered":"https:\/\/tv.joycemeyer.org\/romana\/?post_type=devotional&#038;p=2792"},"modified":"2023-07-26T13:10:49","modified_gmt":"2023-07-26T13:10:49","slug":"pe-cine-foloseste-dumnezeu-3","status":"publish","type":"devotional","link":"https:\/\/tv.joycemeyer.org\/romana\/devotional\/pe-cine-foloseste-dumnezeu-3\/","title":{"rendered":"Pe cine folose\u0219te Dumnezeu?"},"content":{"rendered":"<blockquote><p>Dar Dumnezeu a ales lucrurile nebune ale lumii, ca s\u0103 fac\u0103 de ru\u015fine pe cele \u00een\u0163elepte. Dumnezeu a ales lucrurile slabe ale lumii, ca s\u0103 fac\u0103 de ru\u015fine pe cele tari. \u2013 1 Corinteni 1:27<\/p><\/blockquote>\n<p>Dumnezeu m-a ales s\u0103 fiu o gur\u0103 pentru El \u0219i s\u0103 \u00eenv\u0103\u021b Cuv\u00e2ntul Lui. Oamenii m\u0103 ascult\u0103, deoarece Dumnezeu m-a uns s\u0103 vorbesc pentru El \u2013 este parte din destinul Lui pentru via\u021ba mea. Dumnezeu va unge pe to\u021bi cei pe care \u00eei alege pentru a lucra prin ei, \u00eenclusiv pe tine.<br \/>\nPe cine folose\u0219te Dumnezeu? Biblia spune c\u0103 El alege oameni comuni, oameni de r\u00e2nd, ca tine \u0219i ca mine.<\/p>\n<p>C\u00e2nd am \u00eenceput s\u0103 predic Evanghelia, unii din prietenii mei m-au respins \u2013 ei nu credeau c\u0103 ar trebui s\u0103 fac acest lucru, fiind femeie. De fapt, mi-au spus c\u0103 nu pot face acest lucru.<\/p>\n<p>Dar eu am continuat pentru c\u0103 Dumnezeu mi-a spus asta, iar eu am crezut c\u0103 dac\u0103 El \u00eemi spune c\u0103 pot, atunci chiar pot s\u0103 fac acel lucru. Acesta este adev\u0103rul \u0219i pentru tine. Dac\u0103 e\u0219ti dispus s\u0103 urmezi scopul pus de Domnul \u00een inima ta, atunci El poate face lucruri mari prin tine!<\/p>\n<p>Orice persoan\u0103 de r\u00e2nd poate fi folosit\u0103 de Dumnezeu \u00eentr-un mod m\u0103re\u021b. Trebuie doar s\u0103 crezi c\u0103 El te poate folosi \u0219i s\u0103 fii destul de \u00eendr\u0103zne\u021b s\u0103 accep\u021bi viziunea pe care El a pus-o \u00een inima ta. Tu ai fost ales!<\/p>\n<hr \/>\n<h4>Rug\u0103ciune<\/h4>\n<p>Doamne, pentru c\u0103 m-ai ales, nu m\u0103 \u00eendoiesc de destinul care \u00cel ai pentru mine. \u00ce\u021bi mul\u021bumesc c\u0103, fiind copilul T\u0103u, am un scop dat de Tine.<\/p>\n","protected":false},"excerpt":{"rendered":"<p>Dar eu am continuat pentru c\u0103 Dumnezeu mi-a spus asta, iar eu am crezut c\u0103 dac\u0103 El \u00eemi spune c\u0103 pot, atunci chiar pot s\u0103 fac acel lucru. <\/p>\n","protected":false},"author":20,"featured_media":2793,"parent":0,"menu_order":0,"comment_status":"closed","ping_status":"closed","template":"","class_list":["post-2792","devotional","type-devotional","status-publish","has-post-thumbnail","hentry"],"acf":[],"appp":{"post_detail":{"above_title":"<div class=\"post-featured-wrap\"><img width=\"1024\" height=\"597\" src=\"https:\/\/tv.joycemeyer.org\/romana\/wp-content\/uploads\/sites\/51\/2023\/07\/2930-1024x597.jpg\" class=\"post-featured wp-post-image\" alt=\"Pe cine folose\u0219te Dumnezeu?\" decoding=\"async\" srcset=\"https:\/\/tv.joycemeyer.org\/romana\/wp-content\/uploads\/sites\/51\/2023\/07\/2930-1024x597.jpg 1024w, https:\/\/tv.joycemeyer.org\/romana\/wp-content\/uploads\/sites\/51\/2023\/07\/2930-300x175.jpg 300w, https:\/\/tv.joycemeyer.org\/romana\/wp-content\/uploads\/sites\/51\/2023\/07\/2930-768x448.jpg 768w, https:\/\/tv.joycemeyer.org\/romana\/wp-content\/uploads\/sites\/51\/2023\/07\/2930-1536x896.jpg 1536w, https:\/\/tv.joycemeyer.org\/romana\/wp-content\/uploads\/sites\/51\/2023\/07\/2930.jpg 1800w\" sizes=\"(max-width: 1024px) 100vw, 1024px\" \/><\/div>","below_content":""}},"yoast_head":"<!-- This site is optimized with the Yoast SEO plugin v27.4 - https:\/\/yoast.com\/product\/yoast-seo-wordpress\/ -->\n<title>Pe cine folose\u0219te Dumnezeu? - Joyce Meyer Ministries - Romana<\/title>\n<meta name=\"robots\" content=\"index, follow, max-snippet:-1, max-image-preview:large, max-video-preview:-1\" \/>\n<link rel=\"canonical\" href=\"https:\/\/tv.joycemeyer.org\/romana\/devotional\/pe-cine-foloseste-dumnezeu-3\/\" \/>\n<meta property=\"og:locale\" content=\"ro_RO\" \/>\n<meta property=\"og:type\" content=\"article\" \/>\n<meta property=\"og:title\" content=\"Pe cine folose\u0219te Dumnezeu? - Joyce Meyer Ministries - Romana\" \/>\n<meta property=\"og:description\" content=\"Dar eu am continuat pentru c\u0103 Dumnezeu mi-a spus asta, iar eu am crezut c\u0103 dac\u0103 El \u00eemi spune c\u0103 pot, atunci chiar pot s\u0103 fac acel lucru.\" \/>\n<meta property=\"og:url\" content=\"https:\/\/tv.joycemeyer.org\/romana\/devotional\/pe-cine-foloseste-dumnezeu-3\/\" \/>\n<meta property=\"og:site_name\" content=\"Joyce Meyer Ministries - Romana\" \/>\n<meta property=\"og:image\" content=\"https:\/\/tv.joycemeyer.org\/romana\/wp-content\/uploads\/sites\/51\/2023\/07\/2930.jpg\" \/>\n\t<meta property=\"og:image:width\" content=\"1800\" \/>\n\t<meta property=\"og:image:height\" content=\"1050\" \/>\n\t<meta property=\"og:image:type\" content=\"image\/jpeg\" \/>\n<meta name=\"twitter:card\" content=\"summary_large_image\" \/>\n<meta name=\"twitter:label1\" content=\"Timp estimat pentru citire\" \/>\n\t<meta name=\"twitter:data1\" content=\"2 minute\" \/>\n<script type=\"application\/ld+json\" class=\"yoast-schema-graph\">{\"@context\":\"https:\\\/\\\/schema.org\",\"@graph\":[{\"@type\":\"WebPage\",\"@id\":\"https:\\\/\\\/tv.joycemeyer.org\\\/romana\\\/devotional\\\/pe-cine-foloseste-dumnezeu-3\\\/\",\"url\":\"https:\\\/\\\/tv.joycemeyer.org\\\/romana\\\/devotional\\\/pe-cine-foloseste-dumnezeu-3\\\/\",\"name\":\"Pe cine folose\u0219te Dumnezeu? - Joyce Meyer Ministries - Romana\",\"isPartOf\":{\"@id\":\"https:\\\/\\\/tv.joycemeyer.org\\\/romana\\\/#website\"},\"primaryImageOfPage\":{\"@id\":\"https:\\\/\\\/tv.joycemeyer.org\\\/romana\\\/devotional\\\/pe-cine-foloseste-dumnezeu-3\\\/#primaryimage\"},\"image\":{\"@id\":\"https:\\\/\\\/tv.joycemeyer.org\\\/romana\\\/devotional\\\/pe-cine-foloseste-dumnezeu-3\\\/#primaryimage\"},\"thumbnailUrl\":\"https:\\\/\\\/tv.joycemeyer.org\\\/romana\\\/wp-content\\\/uploads\\\/sites\\\/51\\\/2023\\\/07\\\/2930.jpg\",\"datePublished\":\"2023-07-31T00:01:48+00:00\",\"breadcrumb\":{\"@id\":\"https:\\\/\\\/tv.joycemeyer.org\\\/romana\\\/devotional\\\/pe-cine-foloseste-dumnezeu-3\\\/#breadcrumb\"},\"inLanguage\":\"ro-RO\",\"potentialAction\":[{\"@type\":\"ReadAction\",\"target\":[\"https:\\\/\\\/tv.joycemeyer.org\\\/romana\\\/devotional\\\/pe-cine-foloseste-dumnezeu-3\\\/\"]}]},{\"@type\":\"ImageObject\",\"inLanguage\":\"ro-RO\",\"@id\":\"https:\\\/\\\/tv.joycemeyer.org\\\/romana\\\/devotional\\\/pe-cine-foloseste-dumnezeu-3\\\/#primaryimage\",\"url\":\"https:\\\/\\\/tv.joycemeyer.org\\\/romana\\\/wp-content\\\/uploads\\\/sites\\\/51\\\/2023\\\/07\\\/2930.jpg\",\"contentUrl\":\"https:\\\/\\\/tv.joycemeyer.org\\\/romana\\\/wp-content\\\/uploads\\\/sites\\\/51\\\/2023\\\/07\\\/2930.jpg\",\"width\":1800,\"height\":1050,\"caption\":\"Pe cine folose\u0219te Dumnezeu?\"},{\"@type\":\"BreadcrumbList\",\"@id\":\"https:\\\/\\\/tv.joycemeyer.org\\\/romana\\\/devotional\\\/pe-cine-foloseste-dumnezeu-3\\\/#breadcrumb\",\"itemListElement\":[{\"@type\":\"ListItem\",\"position\":1,\"name\":\"Home\",\"item\":\"https:\\\/\\\/tv.joycemeyer.org\\\/romana\\\/\"},{\"@type\":\"ListItem\",\"position\":2,\"name\":\"Devotional\",\"item\":\"https:\\\/\\\/tv.joycemeyer.org\\\/romana\\\/devotional\\\/\"},{\"@type\":\"ListItem\",\"position\":3,\"name\":\"Pe cine folose\u0219te Dumnezeu?\"}]},{\"@type\":\"WebSite\",\"@id\":\"https:\\\/\\\/tv.joycemeyer.org\\\/romana\\\/#website\",\"url\":\"https:\\\/\\\/tv.joycemeyer.org\\\/romana\\\/\",\"name\":\"Joyce Meyer Ministries - Romana\",\"description\":\"Impartasindu-L pe Hristos - Iubindu-i pe oameni\",\"potentialAction\":[{\"@type\":\"SearchAction\",\"target\":{\"@type\":\"EntryPoint\",\"urlTemplate\":\"https:\\\/\\\/tv.joycemeyer.org\\\/romana\\\/?s={search_term_string}\"},\"query-input\":{\"@type\":\"PropertyValueSpecification\",\"valueRequired\":true,\"valueName\":\"search_term_string\"}}],\"inLanguage\":\"ro-RO\"}]}<\/script>\n<!-- \/ Yoast SEO plugin. -->","yoast_head_json":{"title":"Pe cine folose\u0219te Dumnezeu? - Joyce Meyer Ministries - Romana","robots":{"index":"index","follow":"follow","max-snippet":"max-snippet:-1","max-image-preview":"max-image-preview:large","max-video-preview":"max-video-preview:-1"},"canonical":"https:\/\/tv.joycemeyer.org\/romana\/devotional\/pe-cine-foloseste-dumnezeu-3\/","og_locale":"ro_RO","og_type":"article","og_title":"Pe cine folose\u0219te Dumnezeu? - Joyce Meyer Ministries - Romana","og_description":"Dar eu am continuat pentru c\u0103 Dumnezeu mi-a spus asta, iar eu am crezut c\u0103 dac\u0103 El \u00eemi spune c\u0103 pot, atunci chiar pot s\u0103 fac acel lucru.","og_url":"https:\/\/tv.joycemeyer.org\/romana\/devotional\/pe-cine-foloseste-dumnezeu-3\/","og_site_name":"Joyce Meyer Ministries - Romana","og_image":[{"width":1800,"height":1050,"url":"https:\/\/tv.joycemeyer.org\/romana\/wp-content\/uploads\/sites\/51\/2023\/07\/2930.jpg","type":"image\/jpeg"}],"twitter_card":"summary_large_image","twitter_misc":{"Timp estimat pentru citire":"2 minute"},"schema":{"@context":"https:\/\/schema.org","@graph":[{"@type":"WebPage","@id":"https:\/\/tv.joycemeyer.org\/romana\/devotional\/pe-cine-foloseste-dumnezeu-3\/","url":"https:\/\/tv.joycemeyer.org\/romana\/devotional\/pe-cine-foloseste-dumnezeu-3\/","name":"Pe cine folose\u0219te Dumnezeu? - Joyce Meyer Ministries - Romana","isPartOf":{"@id":"https:\/\/tv.joycemeyer.org\/romana\/#website"},"primaryImageOfPage":{"@id":"https:\/\/tv.joycemeyer.org\/romana\/devotional\/pe-cine-foloseste-dumnezeu-3\/#primaryimage"},"image":{"@id":"https:\/\/tv.joycemeyer.org\/romana\/devotional\/pe-cine-foloseste-dumnezeu-3\/#primaryimage"},"thumbnailUrl":"https:\/\/tv.joycemeyer.org\/romana\/wp-content\/uploads\/sites\/51\/2023\/07\/2930.jpg","datePublished":"2023-07-31T00:01:48+00:00","breadcrumb":{"@id":"https:\/\/tv.joycemeyer.org\/romana\/devotional\/pe-cine-foloseste-dumnezeu-3\/#breadcrumb"},"inLanguage":"ro-RO","potentialAction":[{"@type":"ReadAction","target":["https:\/\/tv.joycemeyer.org\/romana\/devotional\/pe-cine-foloseste-dumnezeu-3\/"]}]},{"@type":"ImageObject","inLanguage":"ro-RO","@id":"https:\/\/tv.joycemeyer.org\/romana\/devotional\/pe-cine-foloseste-dumnezeu-3\/#primaryimage","url":"https:\/\/tv.joycemeyer.org\/romana\/wp-content\/uploads\/sites\/51\/2023\/07\/2930.jpg","contentUrl":"https:\/\/tv.joycemeyer.org\/romana\/wp-content\/uploads\/sites\/51\/2023\/07\/2930.jpg","width":1800,"height":1050,"caption":"Pe cine folose\u0219te Dumnezeu?"},{"@type":"BreadcrumbList","@id":"https:\/\/tv.joycemeyer.org\/romana\/devotional\/pe-cine-foloseste-dumnezeu-3\/#breadcrumb","itemListElement":[{"@type":"ListItem","position":1,"name":"Home","item":"https:\/\/tv.joycemeyer.org\/romana\/"},{"@type":"ListItem","position":2,"name":"Devotional","item":"https:\/\/tv.joycemeyer.org\/romana\/devotional\/"},{"@type":"ListItem","position":3,"name":"Pe cine folose\u0219te Dumnezeu?"}]},{"@type":"WebSite","@id":"https:\/\/tv.joycemeyer.org\/romana\/#website","url":"https:\/\/tv.joycemeyer.org\/romana\/","name":"Joyce Meyer Ministries - Romana","description":"Impartasindu-L pe Hristos - Iubindu-i pe oameni","potentialAction":[{"@type":"SearchAction","target":{"@type":"EntryPoint","urlTemplate":"https:\/\/tv.joycemeyer.org\/romana\/?s={search_term_string}"},"query-input":{"@type":"PropertyValueSpecification","valueRequired":true,"valueName":"search_term_string"}}],"inLanguage":"ro-RO"}]}},"_links":{"self":[{"href":"https:\/\/tv.joycemeyer.org\/romana\/wp-json\/wp\/v2\/devotional\/2792","targetHints":{"allow":["GET"]}}],"collection":[{"href":"https:\/\/tv.joycemeyer.org\/romana\/wp-json\/wp\/v2\/devotional"}],"about":[{"href":"https:\/\/tv.joycemeyer.org\/romana\/wp-json\/wp\/v2\/types\/devotional"}],"author":[{"embeddable":true,"href":"https:\/\/tv.joycemeyer.org\/romana\/wp-json\/wp\/v2\/users\/20"}],"replies":[{"embeddable":true,"href":"https:\/\/tv.joycemeyer.org\/romana\/wp-json\/wp\/v2\/comments?post=2792"}],"wp:featuredmedia":[{"embeddable":true,"href":"https:\/\/tv.joycemeyer.org\/romana\/wp-json\/wp\/v2\/media\/2793"}],"wp:attachment":[{"href":"https:\/\/tv.joycemeyer.org\/romana\/wp-json\/wp\/v2\/media?parent=2792"}],"curies":[{"name":"wp","href":"https:\/\/api.w.org\/{rel}","templated":true}]}}