{"id":2795,"date":"2026-08-31T00:01:46","date_gmt":"2026-08-31T00:01:46","guid":{"rendered":"https:\/\/tv.joycemeyer.org\/romana\/?post_type=devotional&#038;p=2795"},"modified":"2026-01-15T21:31:33","modified_gmt":"2026-01-15T21:31:33","slug":"cel-mai-mare-il-poti-face","status":"publish","type":"devotional","link":"https:\/\/tv.joycemeyer.org\/romana\/devotional\/cel-mai-mare-il-poti-face\/","title":{"rendered":"Cel mai mare dar pe care \u00eel po\u021bi face"},"content":{"rendered":"<blockquote><p>Fi\u0163i, dar, milostivi cum \u015fi Tat\u0103l vostru este milostiv. \u2013 Luca 6:36<\/p><\/blockquote>\n<p>Mila este un dar extraordinar. Cu c\u00e2t m\u0103 g\u00e2ndesc mai mult, cu at\u00e2t sunt mai uimit\u0103. Mila elibereaz\u0103 binecuv\u00e2ntare nemeritat\u0103 \u0219i \u00eempiedic\u0103 pedeapsa meritat\u0103. Este cel mai mare dar pe care tu \u00eel po\u021bi face cuiva.<br \/>\nIsus a venit pe p\u0103m\u00e2nt \u0219i ne-a d\u0103ruit mila Sa, astfel c\u0103 \u0219i noi trebuie s\u0103 \u00eenv\u0103\u021b\u0103m s\u0103 o d\u0103ruim altora. Prin exemplul S\u0103u, Isus ne mai \u00eenva\u021b\u0103 s\u0103-i iubim du\u0219mani \u0219i s\u0103 ne rug\u0103m pentru ei, s\u0103 fim prieteno\u0219i cu cei care nu ne trateaz\u0103 cum ne-ar face pl\u0103cere s\u0103 fim trata\u021bi. Ni se spune s\u0103 d\u0103ruim \u0219i s\u0103 avem grij\u0103 de s\u0103raci \u0219i de cei care niciodat\u0103 nu ne vor putea r\u0103spl\u0103ti.<\/p>\n<p>Putem face daruri celor care, la r\u00e2ndul lor, ne vor d\u0103rui \u00eenapoi, dar suntem mult mai binecuv\u00e2nta\u021bi c\u00e2nd alegem s\u0103 d\u0103ruim celor care nu ne pot r\u0103spl\u0103ti \u2013 iar aceasta \u00eenseamn\u0103 c\u0103 d\u0103ruim mil\u0103.<\/p>\n<p>Cel mai mare dar al t\u0103u pentru Dumnezeu este s\u0103 devii tot mai mult ca Isus. Po\u021bi face aceasta trat\u00e2ndu-i pe cei din jurul t\u0103u la fel cum a f\u0103cut Isus cu tine. Ofer\u0103-le oamenilor cel mai mare dar pe care l-ar putea primi vreodat\u0103 de la tine \u2013 mila.<\/p>\n<hr \/>\n<p>Rug\u0103ciune<\/p>\n<p>Doamne, \u00ee\u021bi mul\u021bumesc pentru mila pe care mi-o acorzi \u00een fiecare zi. Decid s\u0103 d\u0103ruiesc acest\u0103 mil\u0103 celorlal\u021bi, ori de c\u00e2te ori am ocazia. Doresc s\u0103 le ar\u0103t oamenilor mila pe care \u0219i Tu mi-o ar\u0103\u021bi mie.<\/p>\n","protected":false},"excerpt":{"rendered":"<p>Cel mai mare dar al t\u0103u pentru Dumnezeu este s\u0103 devii tot mai mult ca Isus.<\/p>\n","protected":false},"author":20,"featured_media":2796,"parent":0,"menu_order":0,"comment_status":"closed","ping_status":"closed","template":"","class_list":["post-2795","devotional","type-devotional","status-publish","has-post-thumbnail","hentry"],"acf":[],"appp":{"post_detail":{"above_title":"<div class=\"post-featured-wrap\"><img width=\"1024\" height=\"597\" src=\"https:\/\/tv.joycemeyer.org\/romana\/wp-content\/uploads\/sites\/51\/2023\/08\/2275-1024x597.jpg\" class=\"post-featured wp-post-image\" alt=\"Cel mai mare dar pe care \u00eel po\u021bi face\" decoding=\"async\" srcset=\"https:\/\/tv.joycemeyer.org\/romana\/wp-content\/uploads\/sites\/51\/2023\/08\/2275-1024x597.jpg 1024w, https:\/\/tv.joycemeyer.org\/romana\/wp-content\/uploads\/sites\/51\/2023\/08\/2275-300x175.jpg 300w, https:\/\/tv.joycemeyer.org\/romana\/wp-content\/uploads\/sites\/51\/2023\/08\/2275-768x448.jpg 768w, https:\/\/tv.joycemeyer.org\/romana\/wp-content\/uploads\/sites\/51\/2023\/08\/2275-1536x896.jpg 1536w, https:\/\/tv.joycemeyer.org\/romana\/wp-content\/uploads\/sites\/51\/2023\/08\/2275.jpg 1800w\" sizes=\"(max-width: 1024px) 100vw, 1024px\" \/><\/div>","below_content":"<div class=\"follow\"><ul class=\"nav nav--social nav--flex\"><\/ul><\/div>"}},"yoast_head":"<!-- This site is optimized with the Yoast SEO plugin v28.2 - https:\/\/yoast.com\/product\/yoast-seo-wordpress\/ -->\n<title>Cel mai mare dar pe care \u00eel po\u021bi face - Joyce Meyer Ministries - Romana<\/title>\n<meta name=\"robots\" content=\"index, follow, max-snippet:-1, max-image-preview:large, max-video-preview:-1\" \/>\n<link rel=\"canonical\" href=\"https:\/\/tv.joycemeyer.org\/romana\/devotional\/cel-mai-mare-il-poti-face\/\" \/>\n<meta property=\"og:locale\" content=\"ro_RO\" \/>\n<meta property=\"og:type\" content=\"article\" \/>\n<meta property=\"og:title\" content=\"Cel mai mare dar pe care \u00eel po\u021bi face - Joyce Meyer Ministries - Romana\" \/>\n<meta property=\"og:description\" content=\"Cel mai mare dar al t\u0103u pentru Dumnezeu este s\u0103 devii tot mai mult ca Isus.\" \/>\n<meta property=\"og:url\" content=\"https:\/\/tv.joycemeyer.org\/romana\/devotional\/cel-mai-mare-il-poti-face\/\" \/>\n<meta property=\"og:site_name\" content=\"Joyce Meyer Ministries - Romana\" \/>\n<meta property=\"og:image\" content=\"https:\/\/tv.joycemeyer.org\/romana\/wp-content\/uploads\/sites\/51\/2023\/08\/2275.jpg\" \/>\n\t<meta property=\"og:image:width\" content=\"1800\" \/>\n\t<meta property=\"og:image:height\" content=\"1050\" \/>\n\t<meta property=\"og:image:type\" content=\"image\/jpeg\" \/>\n<meta name=\"twitter:card\" content=\"summary_large_image\" \/>\n<meta name=\"twitter:label1\" content=\"Timp estimat pentru citire\" \/>\n\t<meta name=\"twitter:data1\" content=\"2 minute\" \/>\n<script type=\"application\/ld+json\" class=\"yoast-schema-graph\">{\"@context\":\"https:\\\/\\\/schema.org\",\"@graph\":[{\"@type\":\"WebPage\",\"@id\":\"https:\\\/\\\/tv.joycemeyer.org\\\/romana\\\/devotional\\\/cel-mai-mare-il-poti-face\\\/\",\"url\":\"https:\\\/\\\/tv.joycemeyer.org\\\/romana\\\/devotional\\\/cel-mai-mare-il-poti-face\\\/\",\"name\":\"Cel mai mare dar pe care \u00eel po\u021bi face - Joyce Meyer Ministries - Romana\",\"isPartOf\":{\"@id\":\"https:\\\/\\\/tv.joycemeyer.org\\\/romana\\\/#website\"},\"primaryImageOfPage\":{\"@id\":\"https:\\\/\\\/tv.joycemeyer.org\\\/romana\\\/devotional\\\/cel-mai-mare-il-poti-face\\\/#primaryimage\"},\"image\":{\"@id\":\"https:\\\/\\\/tv.joycemeyer.org\\\/romana\\\/devotional\\\/cel-mai-mare-il-poti-face\\\/#primaryimage\"},\"thumbnailUrl\":\"https:\\\/\\\/tv.joycemeyer.org\\\/romana\\\/wp-content\\\/uploads\\\/sites\\\/51\\\/2023\\\/08\\\/2275.jpg\",\"datePublished\":\"2026-08-31T00:01:46+00:00\",\"breadcrumb\":{\"@id\":\"https:\\\/\\\/tv.joycemeyer.org\\\/romana\\\/devotional\\\/cel-mai-mare-il-poti-face\\\/#breadcrumb\"},\"inLanguage\":\"ro-RO\",\"potentialAction\":[{\"@type\":\"ReadAction\",\"target\":[\"https:\\\/\\\/tv.joycemeyer.org\\\/romana\\\/devotional\\\/cel-mai-mare-il-poti-face\\\/\"]}]},{\"@type\":\"ImageObject\",\"inLanguage\":\"ro-RO\",\"@id\":\"https:\\\/\\\/tv.joycemeyer.org\\\/romana\\\/devotional\\\/cel-mai-mare-il-poti-face\\\/#primaryimage\",\"url\":\"https:\\\/\\\/tv.joycemeyer.org\\\/romana\\\/wp-content\\\/uploads\\\/sites\\\/51\\\/2023\\\/08\\\/2275.jpg\",\"contentUrl\":\"https:\\\/\\\/tv.joycemeyer.org\\\/romana\\\/wp-content\\\/uploads\\\/sites\\\/51\\\/2023\\\/08\\\/2275.jpg\",\"width\":1800,\"height\":1050,\"caption\":\"Cel mai mare dar pe care \u00eel po\u021bi face\"},{\"@type\":\"BreadcrumbList\",\"@id\":\"https:\\\/\\\/tv.joycemeyer.org\\\/romana\\\/devotional\\\/cel-mai-mare-il-poti-face\\\/#breadcrumb\",\"itemListElement\":[{\"@type\":\"ListItem\",\"position\":1,\"name\":\"Home\",\"item\":\"https:\\\/\\\/tv.joycemeyer.org\\\/romana\\\/\"},{\"@type\":\"ListItem\",\"position\":2,\"name\":\"Devotional\",\"item\":\"https:\\\/\\\/tv.joycemeyer.org\\\/romana\\\/devotional\\\/\"},{\"@type\":\"ListItem\",\"position\":3,\"name\":\"Cel mai mare dar pe care \u00eel po\u021bi face\"}]},{\"@type\":\"WebSite\",\"@id\":\"https:\\\/\\\/tv.joycemeyer.org\\\/romana\\\/#website\",\"url\":\"https:\\\/\\\/tv.joycemeyer.org\\\/romana\\\/\",\"name\":\"Joyce Meyer Ministries - Romana\",\"description\":\"Impartasindu-L pe Hristos - Iubindu-i pe oameni\",\"potentialAction\":[{\"@type\":\"SearchAction\",\"target\":{\"@type\":\"EntryPoint\",\"urlTemplate\":\"https:\\\/\\\/tv.joycemeyer.org\\\/romana\\\/?s={search_term_string}\"},\"query-input\":{\"@type\":\"PropertyValueSpecification\",\"valueRequired\":true,\"valueName\":\"search_term_string\"}}],\"inLanguage\":\"ro-RO\"}]}<\/script>\n<!-- \/ Yoast SEO plugin. -->","yoast_head_json":{"title":"Cel mai mare dar pe care \u00eel po\u021bi face - Joyce Meyer Ministries - Romana","robots":{"index":"index","follow":"follow","max-snippet":"max-snippet:-1","max-image-preview":"max-image-preview:large","max-video-preview":"max-video-preview:-1"},"canonical":"https:\/\/tv.joycemeyer.org\/romana\/devotional\/cel-mai-mare-il-poti-face\/","og_locale":"ro_RO","og_type":"article","og_title":"Cel mai mare dar pe care \u00eel po\u021bi face - Joyce Meyer Ministries - Romana","og_description":"Cel mai mare dar al t\u0103u pentru Dumnezeu este s\u0103 devii tot mai mult ca Isus.","og_url":"https:\/\/tv.joycemeyer.org\/romana\/devotional\/cel-mai-mare-il-poti-face\/","og_site_name":"Joyce Meyer Ministries - Romana","og_image":[{"width":1800,"height":1050,"url":"https:\/\/tv.joycemeyer.org\/romana\/wp-content\/uploads\/sites\/51\/2023\/08\/2275.jpg","type":"image\/jpeg"}],"twitter_card":"summary_large_image","twitter_misc":{"Timp estimat pentru citire":"2 minute"},"schema":{"@context":"https:\/\/schema.org","@graph":[{"@type":"WebPage","@id":"https:\/\/tv.joycemeyer.org\/romana\/devotional\/cel-mai-mare-il-poti-face\/","url":"https:\/\/tv.joycemeyer.org\/romana\/devotional\/cel-mai-mare-il-poti-face\/","name":"Cel mai mare dar pe care \u00eel po\u021bi face - Joyce Meyer Ministries - Romana","isPartOf":{"@id":"https:\/\/tv.joycemeyer.org\/romana\/#website"},"primaryImageOfPage":{"@id":"https:\/\/tv.joycemeyer.org\/romana\/devotional\/cel-mai-mare-il-poti-face\/#primaryimage"},"image":{"@id":"https:\/\/tv.joycemeyer.org\/romana\/devotional\/cel-mai-mare-il-poti-face\/#primaryimage"},"thumbnailUrl":"https:\/\/tv.joycemeyer.org\/romana\/wp-content\/uploads\/sites\/51\/2023\/08\/2275.jpg","datePublished":"2026-08-31T00:01:46+00:00","breadcrumb":{"@id":"https:\/\/tv.joycemeyer.org\/romana\/devotional\/cel-mai-mare-il-poti-face\/#breadcrumb"},"inLanguage":"ro-RO","potentialAction":[{"@type":"ReadAction","target":["https:\/\/tv.joycemeyer.org\/romana\/devotional\/cel-mai-mare-il-poti-face\/"]}]},{"@type":"ImageObject","inLanguage":"ro-RO","@id":"https:\/\/tv.joycemeyer.org\/romana\/devotional\/cel-mai-mare-il-poti-face\/#primaryimage","url":"https:\/\/tv.joycemeyer.org\/romana\/wp-content\/uploads\/sites\/51\/2023\/08\/2275.jpg","contentUrl":"https:\/\/tv.joycemeyer.org\/romana\/wp-content\/uploads\/sites\/51\/2023\/08\/2275.jpg","width":1800,"height":1050,"caption":"Cel mai mare dar pe care \u00eel po\u021bi face"},{"@type":"BreadcrumbList","@id":"https:\/\/tv.joycemeyer.org\/romana\/devotional\/cel-mai-mare-il-poti-face\/#breadcrumb","itemListElement":[{"@type":"ListItem","position":1,"name":"Home","item":"https:\/\/tv.joycemeyer.org\/romana\/"},{"@type":"ListItem","position":2,"name":"Devotional","item":"https:\/\/tv.joycemeyer.org\/romana\/devotional\/"},{"@type":"ListItem","position":3,"name":"Cel mai mare dar pe care \u00eel po\u021bi face"}]},{"@type":"WebSite","@id":"https:\/\/tv.joycemeyer.org\/romana\/#website","url":"https:\/\/tv.joycemeyer.org\/romana\/","name":"Joyce Meyer Ministries - Romana","description":"Impartasindu-L pe Hristos - Iubindu-i pe oameni","potentialAction":[{"@type":"SearchAction","target":{"@type":"EntryPoint","urlTemplate":"https:\/\/tv.joycemeyer.org\/romana\/?s={search_term_string}"},"query-input":{"@type":"PropertyValueSpecification","valueRequired":true,"valueName":"search_term_string"}}],"inLanguage":"ro-RO"}]}},"_links":{"self":[{"href":"https:\/\/tv.joycemeyer.org\/romana\/wp-json\/wp\/v2\/devotional\/2795","targetHints":{"allow":["GET"]}}],"collection":[{"href":"https:\/\/tv.joycemeyer.org\/romana\/wp-json\/wp\/v2\/devotional"}],"about":[{"href":"https:\/\/tv.joycemeyer.org\/romana\/wp-json\/wp\/v2\/types\/devotional"}],"author":[{"embeddable":true,"href":"https:\/\/tv.joycemeyer.org\/romana\/wp-json\/wp\/v2\/users\/20"}],"replies":[{"embeddable":true,"href":"https:\/\/tv.joycemeyer.org\/romana\/wp-json\/wp\/v2\/comments?post=2795"}],"wp:featuredmedia":[{"embeddable":true,"href":"https:\/\/tv.joycemeyer.org\/romana\/wp-json\/wp\/v2\/media\/2796"}],"wp:attachment":[{"href":"https:\/\/tv.joycemeyer.org\/romana\/wp-json\/wp\/v2\/media?parent=2795"}],"curies":[{"name":"wp","href":"https:\/\/api.w.org\/{rel}","templated":true}]}}