{"id":3019,"date":"2024-06-25T00:01:49","date_gmt":"2024-06-25T00:01:49","guid":{"rendered":"https:\/\/tv.joycemeyer.org\/romana\/?post_type=devotional&#038;p=3019"},"modified":"2024-06-25T12:49:20","modified_gmt":"2024-06-25T12:49:20","slug":"fa-liniste","status":"publish","type":"devotional","link":"https:\/\/tv.joycemeyer.org\/romana\/devotional\/fa-liniste\/","title":{"rendered":"F\u0103 lini\u0219te!"},"content":{"rendered":"<blockquote><p>\u00cencredin\u0163eaz\u0103-\u0163i lucr\u0103rile \u00een m\u00e2na Domnului \u015fi \u00ee\u0163i vor izbuti planurile. (Proverbe 16:3)<\/p><\/blockquote>\n<p>Dumnezeu intervine \u00een via\u021ba noastr\u0103 atunci c\u00e2nd \u00cei cerem s\u0103 o fac\u0103. El preia controlul vie\u021bii nostre atunci c\u00e2nd ne \u00eencet\u0103m s\u0103 mai facem lucrurile a\u0219a cum vrem noi. C\u00e2nd \u00eencepe Dumnezeu cu adev\u0103rat s\u0103 ne vorbeasc\u0103 \u00eentr-un mod intim \u0219i profund? Atunci c\u00e2nd noi \u00eencet\u0103m s\u0103 vorbim \u0219i \u00eencepem s\u0103 ascult\u0103m. \u00cen loc s\u0103 \u00eencerc\u0103m s\u0103 ne rezolv\u0103m problemele pe cont propriu, \u00eengrijor\u00e2ndu-ne \u0219i tulbur\u00e2ndu-ne, ar trebui s\u0103 ne lini\u0219tim \u0219i s\u0103 ascult\u0103m ceea ce Dumnezeu are de spus.<\/p>\n<p>Versetul de ast\u0103zi men\u021bioneaz\u0103 despre \u201elucr\u0103rile\u201d noastre. De multe ori, \u201elucr\u0103rile\u201d noastre sunt zbaterile interioare, din mintea noastr\u0103 \u2013 ra\u021bionamentul, analizele pe care le facem situa\u021biilor \u0219i \u00eencerc\u0103rile de a ne da seama ce se \u00eent\u00e2mpl\u0103 sau ce ar trebui s\u0103 facem. Dumnezeu spune c\u0103 dac\u0103 \u00cei vom \u00eencredin\u021ba lucr\u0103rile, g\u00e2ndurile noastre se vor lini\u0219ti. Cu alte cuvinte, dac\u0103 vom reu\u0219i s\u0103 ne lini\u0219tim mintea, vom avea claritate \u0219i Dumnezeu ne va putea da idei \u0219i ne va vorbi cu privire la noi strategii \u0219i direc\u021bii.<\/p>\n<p>Odat\u0103, am fost sup\u0103rat\u0103 \u0219i \u00eengrijorat\u0103, nu \u0219tiam ce s\u0103 fac \u00een leg\u0103tur\u0103 cu o problem\u0103 pe care o aveam \u0219i nu primeam niciun r\u0103spuns. \u00cen cele din urm\u0103 am t\u0103cut \u0219i L-am \u00eentrebat pe Dumnezeu ce ar trebui s\u0103 fac, iar El mi-a spus, pur \u0219i simplu: \u201eF\u0103 ceea ce ai spune altcuiva aflat \u00een aceea\u0219i situa\u021bie s\u0103 fac\u0103, dac\u0103 ar veni la tine pentru a fi sf\u0103tuit.\u201d Am \u0219tiut instantaneu ce trebuie s\u0103 fac \u0219i mi-am rec\u0103p\u0103tat pacea. Dumnezeu are r\u0103spunsuri pentru noi, dac\u0103 pur \u0219i simplu, hot\u0103r\u00e2m s\u0103 t\u0103cem \u0219i s\u0103 ascult\u0103m.<\/p>\n<hr \/>\n<p>Cuv\u00e2ntul lui Dumnezeu pentru ast\u0103zi: F\u0103 lini\u0219te \u00een mintea ta \u0219i taci \u00eenaintea Domnului, pentru ca astfel, s\u0103-L la\u0219i pe El s\u0103-\u021bi vorbeasc\u0103 \u0219i s\u0103-\u021bi pun\u0103 g\u00e2ndurile \u00een ordine.<\/p>\n","protected":false},"excerpt":{"rendered":"<p>Dumnezeu are r\u0103spunsuri pentru noi, dac\u0103 pur \u0219i simplu, hot\u0103r\u00e2m s\u0103 t\u0103cem \u0219i s\u0103 ascult\u0103m.<\/p>\n","protected":false},"author":20,"featured_media":3020,"parent":0,"menu_order":0,"comment_status":"closed","ping_status":"closed","template":"","class_list":["post-3019","devotional","type-devotional","status-publish","has-post-thumbnail","hentry"],"acf":[],"appp":{"post_detail":{"above_title":"<div class=\"post-featured-wrap\"><img width=\"960\" height=\"560\" src=\"https:\/\/tv.joycemeyer.org\/romana\/wp-content\/uploads\/sites\/51\/2024\/06\/2803.jpg\" class=\"post-featured wp-post-image\" alt=\"\" decoding=\"async\" srcset=\"https:\/\/tv.joycemeyer.org\/romana\/wp-content\/uploads\/sites\/51\/2024\/06\/2803.jpg 960w, https:\/\/tv.joycemeyer.org\/romana\/wp-content\/uploads\/sites\/51\/2024\/06\/2803-300x175.jpg 300w, https:\/\/tv.joycemeyer.org\/romana\/wp-content\/uploads\/sites\/51\/2024\/06\/2803-768x448.jpg 768w\" sizes=\"(max-width: 960px) 100vw, 960px\" \/><\/div>","below_content":""}},"yoast_head":"<!-- This site is optimized with the Yoast SEO plugin v27.4 - https:\/\/yoast.com\/product\/yoast-seo-wordpress\/ -->\n<title>F\u0103 lini\u0219te! - Joyce Meyer Ministries - Romana<\/title>\n<meta name=\"robots\" content=\"index, follow, max-snippet:-1, max-image-preview:large, max-video-preview:-1\" \/>\n<link rel=\"canonical\" href=\"https:\/\/tv.joycemeyer.org\/romana\/devotional\/fa-liniste\/\" \/>\n<meta property=\"og:locale\" content=\"ro_RO\" \/>\n<meta property=\"og:type\" content=\"article\" \/>\n<meta property=\"og:title\" content=\"F\u0103 lini\u0219te! - Joyce Meyer Ministries - Romana\" \/>\n<meta property=\"og:description\" content=\"Dumnezeu are r\u0103spunsuri pentru noi, dac\u0103 pur \u0219i simplu, hot\u0103r\u00e2m s\u0103 t\u0103cem \u0219i s\u0103 ascult\u0103m.\" \/>\n<meta property=\"og:url\" content=\"https:\/\/tv.joycemeyer.org\/romana\/devotional\/fa-liniste\/\" \/>\n<meta property=\"og:site_name\" content=\"Joyce Meyer Ministries - Romana\" \/>\n<meta property=\"article:modified_time\" content=\"2024-06-25T12:49:20+00:00\" \/>\n<meta property=\"og:image\" content=\"https:\/\/tv.joycemeyer.org\/romana\/wp-content\/uploads\/sites\/51\/2024\/06\/2803.jpg\" \/>\n\t<meta property=\"og:image:width\" content=\"960\" \/>\n\t<meta property=\"og:image:height\" content=\"560\" \/>\n\t<meta property=\"og:image:type\" content=\"image\/jpeg\" \/>\n<meta name=\"twitter:card\" content=\"summary_large_image\" \/>\n<meta name=\"twitter:label1\" content=\"Timp estimat pentru citire\" \/>\n\t<meta name=\"twitter:data1\" content=\"2 minute\" \/>\n<script type=\"application\/ld+json\" class=\"yoast-schema-graph\">{\"@context\":\"https:\\\/\\\/schema.org\",\"@graph\":[{\"@type\":\"WebPage\",\"@id\":\"https:\\\/\\\/tv.joycemeyer.org\\\/romana\\\/devotional\\\/fa-liniste\\\/\",\"url\":\"https:\\\/\\\/tv.joycemeyer.org\\\/romana\\\/devotional\\\/fa-liniste\\\/\",\"name\":\"F\u0103 lini\u0219te! - Joyce Meyer Ministries - Romana\",\"isPartOf\":{\"@id\":\"https:\\\/\\\/tv.joycemeyer.org\\\/romana\\\/#website\"},\"primaryImageOfPage\":{\"@id\":\"https:\\\/\\\/tv.joycemeyer.org\\\/romana\\\/devotional\\\/fa-liniste\\\/#primaryimage\"},\"image\":{\"@id\":\"https:\\\/\\\/tv.joycemeyer.org\\\/romana\\\/devotional\\\/fa-liniste\\\/#primaryimage\"},\"thumbnailUrl\":\"https:\\\/\\\/tv.joycemeyer.org\\\/romana\\\/wp-content\\\/uploads\\\/sites\\\/51\\\/2024\\\/06\\\/2803.jpg\",\"datePublished\":\"2024-06-25T00:01:49+00:00\",\"dateModified\":\"2024-06-25T12:49:20+00:00\",\"breadcrumb\":{\"@id\":\"https:\\\/\\\/tv.joycemeyer.org\\\/romana\\\/devotional\\\/fa-liniste\\\/#breadcrumb\"},\"inLanguage\":\"ro-RO\",\"potentialAction\":[{\"@type\":\"ReadAction\",\"target\":[\"https:\\\/\\\/tv.joycemeyer.org\\\/romana\\\/devotional\\\/fa-liniste\\\/\"]}]},{\"@type\":\"ImageObject\",\"inLanguage\":\"ro-RO\",\"@id\":\"https:\\\/\\\/tv.joycemeyer.org\\\/romana\\\/devotional\\\/fa-liniste\\\/#primaryimage\",\"url\":\"https:\\\/\\\/tv.joycemeyer.org\\\/romana\\\/wp-content\\\/uploads\\\/sites\\\/51\\\/2024\\\/06\\\/2803.jpg\",\"contentUrl\":\"https:\\\/\\\/tv.joycemeyer.org\\\/romana\\\/wp-content\\\/uploads\\\/sites\\\/51\\\/2024\\\/06\\\/2803.jpg\",\"width\":960,\"height\":560,\"caption\":\"F\u0103 lini\u0219te!\"},{\"@type\":\"BreadcrumbList\",\"@id\":\"https:\\\/\\\/tv.joycemeyer.org\\\/romana\\\/devotional\\\/fa-liniste\\\/#breadcrumb\",\"itemListElement\":[{\"@type\":\"ListItem\",\"position\":1,\"name\":\"Home\",\"item\":\"https:\\\/\\\/tv.joycemeyer.org\\\/romana\\\/\"},{\"@type\":\"ListItem\",\"position\":2,\"name\":\"Devotional\",\"item\":\"https:\\\/\\\/tv.joycemeyer.org\\\/romana\\\/devotional\\\/\"},{\"@type\":\"ListItem\",\"position\":3,\"name\":\"F\u0103 lini\u0219te!\"}]},{\"@type\":\"WebSite\",\"@id\":\"https:\\\/\\\/tv.joycemeyer.org\\\/romana\\\/#website\",\"url\":\"https:\\\/\\\/tv.joycemeyer.org\\\/romana\\\/\",\"name\":\"Joyce Meyer Ministries - Romana\",\"description\":\"Impartasindu-L pe Hristos - Iubindu-i pe oameni\",\"potentialAction\":[{\"@type\":\"SearchAction\",\"target\":{\"@type\":\"EntryPoint\",\"urlTemplate\":\"https:\\\/\\\/tv.joycemeyer.org\\\/romana\\\/?s={search_term_string}\"},\"query-input\":{\"@type\":\"PropertyValueSpecification\",\"valueRequired\":true,\"valueName\":\"search_term_string\"}}],\"inLanguage\":\"ro-RO\"}]}<\/script>\n<!-- \/ Yoast SEO plugin. -->","yoast_head_json":{"title":"F\u0103 lini\u0219te! - Joyce Meyer Ministries - Romana","robots":{"index":"index","follow":"follow","max-snippet":"max-snippet:-1","max-image-preview":"max-image-preview:large","max-video-preview":"max-video-preview:-1"},"canonical":"https:\/\/tv.joycemeyer.org\/romana\/devotional\/fa-liniste\/","og_locale":"ro_RO","og_type":"article","og_title":"F\u0103 lini\u0219te! - Joyce Meyer Ministries - Romana","og_description":"Dumnezeu are r\u0103spunsuri pentru noi, dac\u0103 pur \u0219i simplu, hot\u0103r\u00e2m s\u0103 t\u0103cem \u0219i s\u0103 ascult\u0103m.","og_url":"https:\/\/tv.joycemeyer.org\/romana\/devotional\/fa-liniste\/","og_site_name":"Joyce Meyer Ministries - Romana","article_modified_time":"2024-06-25T12:49:20+00:00","og_image":[{"width":960,"height":560,"url":"https:\/\/tv.joycemeyer.org\/romana\/wp-content\/uploads\/sites\/51\/2024\/06\/2803.jpg","type":"image\/jpeg"}],"twitter_card":"summary_large_image","twitter_misc":{"Timp estimat pentru citire":"2 minute"},"schema":{"@context":"https:\/\/schema.org","@graph":[{"@type":"WebPage","@id":"https:\/\/tv.joycemeyer.org\/romana\/devotional\/fa-liniste\/","url":"https:\/\/tv.joycemeyer.org\/romana\/devotional\/fa-liniste\/","name":"F\u0103 lini\u0219te! - Joyce Meyer Ministries - Romana","isPartOf":{"@id":"https:\/\/tv.joycemeyer.org\/romana\/#website"},"primaryImageOfPage":{"@id":"https:\/\/tv.joycemeyer.org\/romana\/devotional\/fa-liniste\/#primaryimage"},"image":{"@id":"https:\/\/tv.joycemeyer.org\/romana\/devotional\/fa-liniste\/#primaryimage"},"thumbnailUrl":"https:\/\/tv.joycemeyer.org\/romana\/wp-content\/uploads\/sites\/51\/2024\/06\/2803.jpg","datePublished":"2024-06-25T00:01:49+00:00","dateModified":"2024-06-25T12:49:20+00:00","breadcrumb":{"@id":"https:\/\/tv.joycemeyer.org\/romana\/devotional\/fa-liniste\/#breadcrumb"},"inLanguage":"ro-RO","potentialAction":[{"@type":"ReadAction","target":["https:\/\/tv.joycemeyer.org\/romana\/devotional\/fa-liniste\/"]}]},{"@type":"ImageObject","inLanguage":"ro-RO","@id":"https:\/\/tv.joycemeyer.org\/romana\/devotional\/fa-liniste\/#primaryimage","url":"https:\/\/tv.joycemeyer.org\/romana\/wp-content\/uploads\/sites\/51\/2024\/06\/2803.jpg","contentUrl":"https:\/\/tv.joycemeyer.org\/romana\/wp-content\/uploads\/sites\/51\/2024\/06\/2803.jpg","width":960,"height":560,"caption":"F\u0103 lini\u0219te!"},{"@type":"BreadcrumbList","@id":"https:\/\/tv.joycemeyer.org\/romana\/devotional\/fa-liniste\/#breadcrumb","itemListElement":[{"@type":"ListItem","position":1,"name":"Home","item":"https:\/\/tv.joycemeyer.org\/romana\/"},{"@type":"ListItem","position":2,"name":"Devotional","item":"https:\/\/tv.joycemeyer.org\/romana\/devotional\/"},{"@type":"ListItem","position":3,"name":"F\u0103 lini\u0219te!"}]},{"@type":"WebSite","@id":"https:\/\/tv.joycemeyer.org\/romana\/#website","url":"https:\/\/tv.joycemeyer.org\/romana\/","name":"Joyce Meyer Ministries - Romana","description":"Impartasindu-L pe Hristos - Iubindu-i pe oameni","potentialAction":[{"@type":"SearchAction","target":{"@type":"EntryPoint","urlTemplate":"https:\/\/tv.joycemeyer.org\/romana\/?s={search_term_string}"},"query-input":{"@type":"PropertyValueSpecification","valueRequired":true,"valueName":"search_term_string"}}],"inLanguage":"ro-RO"}]}},"_links":{"self":[{"href":"https:\/\/tv.joycemeyer.org\/romana\/wp-json\/wp\/v2\/devotional\/3019","targetHints":{"allow":["GET"]}}],"collection":[{"href":"https:\/\/tv.joycemeyer.org\/romana\/wp-json\/wp\/v2\/devotional"}],"about":[{"href":"https:\/\/tv.joycemeyer.org\/romana\/wp-json\/wp\/v2\/types\/devotional"}],"author":[{"embeddable":true,"href":"https:\/\/tv.joycemeyer.org\/romana\/wp-json\/wp\/v2\/users\/20"}],"replies":[{"embeddable":true,"href":"https:\/\/tv.joycemeyer.org\/romana\/wp-json\/wp\/v2\/comments?post=3019"}],"wp:featuredmedia":[{"embeddable":true,"href":"https:\/\/tv.joycemeyer.org\/romana\/wp-json\/wp\/v2\/media\/3020"}],"wp:attachment":[{"href":"https:\/\/tv.joycemeyer.org\/romana\/wp-json\/wp\/v2\/media?parent=3019"}],"curies":[{"name":"wp","href":"https:\/\/api.w.org\/{rel}","templated":true}]}}