{"id":3078,"date":"2024-07-22T00:01:34","date_gmt":"2024-07-22T00:01:34","guid":{"rendered":"https:\/\/tv.joycemeyer.org\/romana\/?post_type=devotional&#038;p=3078"},"modified":"2024-07-19T12:53:50","modified_gmt":"2024-07-19T12:53:50","slug":"este-ca-si-cum-ai-merge-la-banca","status":"publish","type":"devotional","link":"https:\/\/tv.joycemeyer.org\/romana\/devotional\/este-ca-si-cum-ai-merge-la-banca\/","title":{"rendered":"Este ca \u0219i cum ai merge la banc\u0103"},"content":{"rendered":"<blockquote><p>\u00cen El avem, prin credin\u0163a \u00een El, slobozenia \u015fi apropierea de Dumnezeu cu \u00eencredere. (Efeseni 3:12)<\/p><\/blockquote>\n<p>Nu ar trebui s\u0103 ne sim\u021bim niciodat\u0103 nesiguri atunci c\u00e2nd ne apropiem de Dumnezeu \u00een rug\u0103ciune. El ne cunoa\u0219te toate punctele slabe \u0219i ne iube\u0219te oricum. Dumnezeu vrea s\u0103 ne dea mai mult dec\u00e2t suficient \u0219i trebuie s\u0103 cerem cu \u00eendr\u0103zneal\u0103.<\/p>\n<p>A ne apropia cu \u00eendr\u0103zneal\u0103 de Dumnezeu \u00een rug\u0103ciune poate fi asem\u0103n\u0103tor cu mersul la o banc\u0103 pentru a scoate bani. Dac\u0103 \u0219tiu c\u0103 am cincizeci de dolari \u00een banc\u0103 pentru c\u0103 i-am depus acolo s\u0103pt\u0103m\u00e2na trecut\u0103, nu voi ezita s\u0103 ii scot pe toti cincizeci dac\u0103 vreau. \u0218tiu c\u0103 am banii; sunt ai mei \u0219i \u00eei pot scoate din banc\u0103 dac\u0103 vreau. C\u00e2nd \u00eemi prezint cererea, m\u0103 a\u0219tept s\u0103 primesc cei cincizeci de dolari. Trebuie s\u0103 ne apropiem de Dumnezeu cu acela\u0219i tip de \u00eendr\u0103zneal\u0103, nu din cauza propriei noastre neprih\u0103niri, ci datorit\u0103 privilegiului de a fi \u00eempreun\u0103 mo\u0219tenitori cu Isus. Avem nevoie s\u0103 \u00een\u021belegem ce este disponibil pentru noi datorit\u0103 lui Isus \u0219i trebuie s\u0103 ne rug\u0103m cu \u00eencredere, cu o a\u0219teptare deplin\u0103 c\u0103 vom primi ceea ce ne apar\u021bine.<\/p>\n<p>Dumnezeu ne-a pus la dispozi\u021bie provizii extraordinare \u00een Hristos \u0219i trebuie pur \u0219i simplu s\u0103 cere\u021bi \u00een numele lui Isus binecuv\u00e2nt\u0103rile pe care El le-a ca\u0219tigat deja pentru noi. C\u00e2nd ne lupt\u0103m cu sentimente de nevrednicie, ar trebui s\u0103 mergem la Cuv\u00e2ntul lui Dumnezeu \u0219i s\u0103 \u00cel l\u0103s\u0103m s\u0103 ne aminteasc\u0103 privilegiile pe care le avem ca \u0219i copii ai lui Dumnezeu. \u00cei cerem Duhului Sf\u00e2nt s\u0103 ne ajute s\u0103 intr\u0103m cu \u00eendr\u0103zneal\u0103 \u00een prezen\u021ba lui Dumnezeu \u0219i s\u0103 primim ajutorul de care avem nevoie pentru c\u0103 \u201e\u00censu\u015fi Duhul adevere\u015fte \u00eempreun\u0103 cu duhul nostru c\u0103 suntem copii ai lui Dumnezeu, mo\u015ftenitori ai lui Dumnezeu \u015fi \u00eempreun\u0103 mo\u015ftenitori cu Hristos\u201d (Romani 8:16-17). El ne va vorbi \u0219i ne va aminti c\u0103 apar\u021binem lui Dumnezeu!<\/p>\n<p>Cuv\u00e2ntul lui Dumnezeu pentru tine ast\u0103zi: E\u0219ti copilul lui Dumnezeu \u0219i El t\u00e2nje\u0219te \u0219i dore\u0219te s\u0103 fie bun cu tine.<\/p>\n","protected":false},"excerpt":{"rendered":"<p>Dumnezeu ne-a pus la dispozi\u021bie provizii extraordinare \u00een Hristos \u0219i trebuie pur \u0219i simplu s\u0103 cere\u021bi \u00een numele lui Isus binecuv\u00e2nt\u0103rile pe care El le-a ca\u0219tigat deja pentru noi.<\/p>\n","protected":false},"author":20,"featured_media":3079,"parent":0,"menu_order":0,"comment_status":"closed","ping_status":"closed","template":"","class_list":["post-3078","devotional","type-devotional","status-publish","has-post-thumbnail","hentry"],"acf":[],"appp":{"post_detail":{"above_title":"<div class=\"post-featured-wrap\"><img width=\"1024\" height=\"597\" src=\"https:\/\/tv.joycemeyer.org\/romana\/wp-content\/uploads\/sites\/51\/2024\/07\/2298-1024x597.jpg\" class=\"post-featured wp-post-image\" alt=\"\" decoding=\"async\" srcset=\"https:\/\/tv.joycemeyer.org\/romana\/wp-content\/uploads\/sites\/51\/2024\/07\/2298-1024x597.jpg 1024w, https:\/\/tv.joycemeyer.org\/romana\/wp-content\/uploads\/sites\/51\/2024\/07\/2298-300x175.jpg 300w, https:\/\/tv.joycemeyer.org\/romana\/wp-content\/uploads\/sites\/51\/2024\/07\/2298-768x448.jpg 768w, https:\/\/tv.joycemeyer.org\/romana\/wp-content\/uploads\/sites\/51\/2024\/07\/2298-1536x896.jpg 1536w, https:\/\/tv.joycemeyer.org\/romana\/wp-content\/uploads\/sites\/51\/2024\/07\/2298.jpg 1800w\" sizes=\"(max-width: 1024px) 100vw, 1024px\" \/><\/div>","below_content":""}},"yoast_head":"<!-- This site is optimized with the Yoast SEO plugin v27.4 - https:\/\/yoast.com\/product\/yoast-seo-wordpress\/ -->\n<title>Este ca \u0219i cum ai merge la banc\u0103 - Joyce Meyer Ministries - Romana<\/title>\n<meta name=\"robots\" content=\"index, follow, max-snippet:-1, max-image-preview:large, max-video-preview:-1\" \/>\n<link rel=\"canonical\" href=\"https:\/\/tv.joycemeyer.org\/romana\/devotional\/este-ca-si-cum-ai-merge-la-banca\/\" \/>\n<meta property=\"og:locale\" content=\"ro_RO\" \/>\n<meta property=\"og:type\" content=\"article\" \/>\n<meta property=\"og:title\" content=\"Este ca \u0219i cum ai merge la banc\u0103 - Joyce Meyer Ministries - Romana\" \/>\n<meta property=\"og:description\" content=\"Dumnezeu ne-a pus la dispozi\u021bie provizii extraordinare \u00een Hristos \u0219i trebuie pur \u0219i simplu s\u0103 cere\u021bi \u00een numele lui Isus binecuv\u00e2nt\u0103rile pe care El le-a ca\u0219tigat deja pentru noi.\" \/>\n<meta property=\"og:url\" content=\"https:\/\/tv.joycemeyer.org\/romana\/devotional\/este-ca-si-cum-ai-merge-la-banca\/\" \/>\n<meta property=\"og:site_name\" content=\"Joyce Meyer Ministries - Romana\" \/>\n<meta property=\"og:image\" content=\"https:\/\/tv.joycemeyer.org\/romana\/wp-content\/uploads\/sites\/51\/2024\/07\/2298.jpg\" \/>\n\t<meta property=\"og:image:width\" content=\"1800\" \/>\n\t<meta property=\"og:image:height\" content=\"1050\" \/>\n\t<meta property=\"og:image:type\" content=\"image\/jpeg\" \/>\n<meta name=\"twitter:card\" content=\"summary_large_image\" \/>\n<meta name=\"twitter:label1\" content=\"Timp estimat pentru citire\" \/>\n\t<meta name=\"twitter:data1\" content=\"2 minute\" \/>\n<script type=\"application\/ld+json\" class=\"yoast-schema-graph\">{\"@context\":\"https:\\\/\\\/schema.org\",\"@graph\":[{\"@type\":\"WebPage\",\"@id\":\"https:\\\/\\\/tv.joycemeyer.org\\\/romana\\\/devotional\\\/este-ca-si-cum-ai-merge-la-banca\\\/\",\"url\":\"https:\\\/\\\/tv.joycemeyer.org\\\/romana\\\/devotional\\\/este-ca-si-cum-ai-merge-la-banca\\\/\",\"name\":\"Este ca \u0219i cum ai merge la banc\u0103 - Joyce Meyer Ministries - Romana\",\"isPartOf\":{\"@id\":\"https:\\\/\\\/tv.joycemeyer.org\\\/romana\\\/#website\"},\"primaryImageOfPage\":{\"@id\":\"https:\\\/\\\/tv.joycemeyer.org\\\/romana\\\/devotional\\\/este-ca-si-cum-ai-merge-la-banca\\\/#primaryimage\"},\"image\":{\"@id\":\"https:\\\/\\\/tv.joycemeyer.org\\\/romana\\\/devotional\\\/este-ca-si-cum-ai-merge-la-banca\\\/#primaryimage\"},\"thumbnailUrl\":\"https:\\\/\\\/tv.joycemeyer.org\\\/romana\\\/wp-content\\\/uploads\\\/sites\\\/51\\\/2024\\\/07\\\/2298.jpg\",\"datePublished\":\"2024-07-22T00:01:34+00:00\",\"breadcrumb\":{\"@id\":\"https:\\\/\\\/tv.joycemeyer.org\\\/romana\\\/devotional\\\/este-ca-si-cum-ai-merge-la-banca\\\/#breadcrumb\"},\"inLanguage\":\"ro-RO\",\"potentialAction\":[{\"@type\":\"ReadAction\",\"target\":[\"https:\\\/\\\/tv.joycemeyer.org\\\/romana\\\/devotional\\\/este-ca-si-cum-ai-merge-la-banca\\\/\"]}]},{\"@type\":\"ImageObject\",\"inLanguage\":\"ro-RO\",\"@id\":\"https:\\\/\\\/tv.joycemeyer.org\\\/romana\\\/devotional\\\/este-ca-si-cum-ai-merge-la-banca\\\/#primaryimage\",\"url\":\"https:\\\/\\\/tv.joycemeyer.org\\\/romana\\\/wp-content\\\/uploads\\\/sites\\\/51\\\/2024\\\/07\\\/2298.jpg\",\"contentUrl\":\"https:\\\/\\\/tv.joycemeyer.org\\\/romana\\\/wp-content\\\/uploads\\\/sites\\\/51\\\/2024\\\/07\\\/2298.jpg\",\"width\":1800,\"height\":1050,\"caption\":\"Este ca \u0219i cum ai merge la banc\u0103\"},{\"@type\":\"BreadcrumbList\",\"@id\":\"https:\\\/\\\/tv.joycemeyer.org\\\/romana\\\/devotional\\\/este-ca-si-cum-ai-merge-la-banca\\\/#breadcrumb\",\"itemListElement\":[{\"@type\":\"ListItem\",\"position\":1,\"name\":\"Home\",\"item\":\"https:\\\/\\\/tv.joycemeyer.org\\\/romana\\\/\"},{\"@type\":\"ListItem\",\"position\":2,\"name\":\"Devotional\",\"item\":\"https:\\\/\\\/tv.joycemeyer.org\\\/romana\\\/devotional\\\/\"},{\"@type\":\"ListItem\",\"position\":3,\"name\":\"Este ca \u0219i cum ai merge la banc\u0103\"}]},{\"@type\":\"WebSite\",\"@id\":\"https:\\\/\\\/tv.joycemeyer.org\\\/romana\\\/#website\",\"url\":\"https:\\\/\\\/tv.joycemeyer.org\\\/romana\\\/\",\"name\":\"Joyce Meyer Ministries - Romana\",\"description\":\"Impartasindu-L pe Hristos - Iubindu-i pe oameni\",\"potentialAction\":[{\"@type\":\"SearchAction\",\"target\":{\"@type\":\"EntryPoint\",\"urlTemplate\":\"https:\\\/\\\/tv.joycemeyer.org\\\/romana\\\/?s={search_term_string}\"},\"query-input\":{\"@type\":\"PropertyValueSpecification\",\"valueRequired\":true,\"valueName\":\"search_term_string\"}}],\"inLanguage\":\"ro-RO\"}]}<\/script>\n<!-- \/ Yoast SEO plugin. -->","yoast_head_json":{"title":"Este ca \u0219i cum ai merge la banc\u0103 - Joyce Meyer Ministries - Romana","robots":{"index":"index","follow":"follow","max-snippet":"max-snippet:-1","max-image-preview":"max-image-preview:large","max-video-preview":"max-video-preview:-1"},"canonical":"https:\/\/tv.joycemeyer.org\/romana\/devotional\/este-ca-si-cum-ai-merge-la-banca\/","og_locale":"ro_RO","og_type":"article","og_title":"Este ca \u0219i cum ai merge la banc\u0103 - Joyce Meyer Ministries - Romana","og_description":"Dumnezeu ne-a pus la dispozi\u021bie provizii extraordinare \u00een Hristos \u0219i trebuie pur \u0219i simplu s\u0103 cere\u021bi \u00een numele lui Isus binecuv\u00e2nt\u0103rile pe care El le-a ca\u0219tigat deja pentru noi.","og_url":"https:\/\/tv.joycemeyer.org\/romana\/devotional\/este-ca-si-cum-ai-merge-la-banca\/","og_site_name":"Joyce Meyer Ministries - Romana","og_image":[{"width":1800,"height":1050,"url":"https:\/\/tv.joycemeyer.org\/romana\/wp-content\/uploads\/sites\/51\/2024\/07\/2298.jpg","type":"image\/jpeg"}],"twitter_card":"summary_large_image","twitter_misc":{"Timp estimat pentru citire":"2 minute"},"schema":{"@context":"https:\/\/schema.org","@graph":[{"@type":"WebPage","@id":"https:\/\/tv.joycemeyer.org\/romana\/devotional\/este-ca-si-cum-ai-merge-la-banca\/","url":"https:\/\/tv.joycemeyer.org\/romana\/devotional\/este-ca-si-cum-ai-merge-la-banca\/","name":"Este ca \u0219i cum ai merge la banc\u0103 - Joyce Meyer Ministries - Romana","isPartOf":{"@id":"https:\/\/tv.joycemeyer.org\/romana\/#website"},"primaryImageOfPage":{"@id":"https:\/\/tv.joycemeyer.org\/romana\/devotional\/este-ca-si-cum-ai-merge-la-banca\/#primaryimage"},"image":{"@id":"https:\/\/tv.joycemeyer.org\/romana\/devotional\/este-ca-si-cum-ai-merge-la-banca\/#primaryimage"},"thumbnailUrl":"https:\/\/tv.joycemeyer.org\/romana\/wp-content\/uploads\/sites\/51\/2024\/07\/2298.jpg","datePublished":"2024-07-22T00:01:34+00:00","breadcrumb":{"@id":"https:\/\/tv.joycemeyer.org\/romana\/devotional\/este-ca-si-cum-ai-merge-la-banca\/#breadcrumb"},"inLanguage":"ro-RO","potentialAction":[{"@type":"ReadAction","target":["https:\/\/tv.joycemeyer.org\/romana\/devotional\/este-ca-si-cum-ai-merge-la-banca\/"]}]},{"@type":"ImageObject","inLanguage":"ro-RO","@id":"https:\/\/tv.joycemeyer.org\/romana\/devotional\/este-ca-si-cum-ai-merge-la-banca\/#primaryimage","url":"https:\/\/tv.joycemeyer.org\/romana\/wp-content\/uploads\/sites\/51\/2024\/07\/2298.jpg","contentUrl":"https:\/\/tv.joycemeyer.org\/romana\/wp-content\/uploads\/sites\/51\/2024\/07\/2298.jpg","width":1800,"height":1050,"caption":"Este ca \u0219i cum ai merge la banc\u0103"},{"@type":"BreadcrumbList","@id":"https:\/\/tv.joycemeyer.org\/romana\/devotional\/este-ca-si-cum-ai-merge-la-banca\/#breadcrumb","itemListElement":[{"@type":"ListItem","position":1,"name":"Home","item":"https:\/\/tv.joycemeyer.org\/romana\/"},{"@type":"ListItem","position":2,"name":"Devotional","item":"https:\/\/tv.joycemeyer.org\/romana\/devotional\/"},{"@type":"ListItem","position":3,"name":"Este ca \u0219i cum ai merge la banc\u0103"}]},{"@type":"WebSite","@id":"https:\/\/tv.joycemeyer.org\/romana\/#website","url":"https:\/\/tv.joycemeyer.org\/romana\/","name":"Joyce Meyer Ministries - Romana","description":"Impartasindu-L pe Hristos - Iubindu-i pe oameni","potentialAction":[{"@type":"SearchAction","target":{"@type":"EntryPoint","urlTemplate":"https:\/\/tv.joycemeyer.org\/romana\/?s={search_term_string}"},"query-input":{"@type":"PropertyValueSpecification","valueRequired":true,"valueName":"search_term_string"}}],"inLanguage":"ro-RO"}]}},"_links":{"self":[{"href":"https:\/\/tv.joycemeyer.org\/romana\/wp-json\/wp\/v2\/devotional\/3078","targetHints":{"allow":["GET"]}}],"collection":[{"href":"https:\/\/tv.joycemeyer.org\/romana\/wp-json\/wp\/v2\/devotional"}],"about":[{"href":"https:\/\/tv.joycemeyer.org\/romana\/wp-json\/wp\/v2\/types\/devotional"}],"author":[{"embeddable":true,"href":"https:\/\/tv.joycemeyer.org\/romana\/wp-json\/wp\/v2\/users\/20"}],"replies":[{"embeddable":true,"href":"https:\/\/tv.joycemeyer.org\/romana\/wp-json\/wp\/v2\/comments?post=3078"}],"wp:featuredmedia":[{"embeddable":true,"href":"https:\/\/tv.joycemeyer.org\/romana\/wp-json\/wp\/v2\/media\/3079"}],"wp:attachment":[{"href":"https:\/\/tv.joycemeyer.org\/romana\/wp-json\/wp\/v2\/media?parent=3078"}],"curies":[{"name":"wp","href":"https:\/\/api.w.org\/{rel}","templated":true}]}}