{"id":3087,"date":"2024-07-26T00:01:55","date_gmt":"2024-07-26T00:01:55","guid":{"rendered":"https:\/\/tv.joycemeyer.org\/romana\/?post_type=devotional&#038;p=3087"},"modified":"2024-07-26T11:47:12","modified_gmt":"2024-07-26T11:47:12","slug":"puterea-insistentei","status":"publish","type":"devotional","link":"https:\/\/tv.joycemeyer.org\/romana\/devotional\/puterea-insistentei\/","title":{"rendered":"Puterea insisten\u021bei"},"content":{"rendered":"<blockquote><p>Omul acela a zis: &#8222;Las\u0103-M\u0103 s\u0103 plec, c\u0103ci se revars\u0103 zorile.&#8221; Dar Iacov a r\u0103spuns: &#8222;Nu Te voi las\u0103 s\u0103 pleci p\u00e2n\u0103 nu m\u0103 vei binecuv\u00e2nta. (Geneza 32:26)<\/p><\/blockquote>\n<p>Uneori, te rogi c\u00e2teva cuvinte sau c\u00e2teva propozi\u021bii \u0219i nu te mai g\u00e2nde\u0219ti niciodat\u0103 la acel subiect. Alteori persoana sau situa\u021bia respectiv\u0103 revine \u00een inima ta \u0219i \u0219tii c\u0103 trebuie s\u0103 te rogi \u00een continuare. C\u00e2nd Duhul Sf\u00e2nt \u00ee\u021bi aduce \u00een minte din nou si din nou acea persoana sau situa\u021bie, El \u00ee\u021bi arat\u0103 c\u0103 trebuie s\u0103 continui s\u0103 te rogi \u00eentr-un mod insistent, s\u0103 te rogi \u0219i s\u0103 nu te dai b\u0103tut.<\/p>\n<p>\u00cen via\u021ba mea, au existat lucruri despre care \u0219tiu c\u0103 sunt voia lui Dumnezeu pentru c\u0103 El a vorbit clar despre ele \u00een Cuv\u00e2ntul S\u0103u. C\u00e2nd m\u0103 rog pentru ele \u0219i nu v\u0103d rezolvarea, m\u0103 \u00eentorc imediat la Dumnezeu \u0219i \u00cei spun: \u201eSunt aici din nou. Doamne, nu vreau s\u0103 par lipsit\u0103 de respect, dar nu o s\u0103 tac p\u00e2n\u0103 c\u00e2nd nu v\u0103d r\u0103spunsul\u201d. Uneori spun: \u201e\u00ce\u021bi cer din nou Doamne, \u0219i voi continua s\u0103 cer p\u00e2n\u0103 voi vedea victoria \u00een aceast\u0103 zon\u0103.&#8221; Alteori, \u00eei mul\u021bumesc lui Dumnezeu c\u0103 lucreaz\u0103 \u0219i \u00cei reamintesc c\u0103 a\u0219tept victoria. Trebuie s\u0103 fim ca Iacov \u0219i s\u0103 spunem: \u201eNu te voi l\u0103sa p\u00e2n\u0103 nu m\u0103 vei binecuv\u00e2nta.\u201d Dumnezeu l-a binecuv\u00e2ntat pe Iacov \u0219i a spus c\u0103 a facut acest lucru pentru c\u0103 Iacov era un om care \u0219tia s\u0103 lupte cu oamenii \u0219i cu Dumnezeu. Cu alte cuvinte, Iacov a fost insistent \u0219i nu a renun\u021bat (vezi Geneza 32:24-28).<\/p>\n<p>C\u00e2nd \u0219tiu voia lui Dumnezeu, m\u0103 pot ruga \u00een consecin\u021b\u0103 \u0219i refuz s\u0103 renun\u021b. Dumnezeu se bucur\u0103 de cei care sunt hot\u0103r\u00e2\u021bi \u0219i ne \u00eencurajeaz\u0103 prin Cuv\u00e2ntul S\u0103u s\u0103 nu c\u0103dem de oboseal\u0103. Perseveren\u021ba d\u0103 roade, a\u0219a c\u0103 \u021bine-te de obiectivele tale toat\u0103 via\u021ba, \u0219i p\u0103streaz\u0103 sarcinile pe care le ai \u00een rug\u0103ciune. Datorit\u0103 determin\u0103rii, Iacov a biruit cu Dumnezeu \u0219i cu oamenii \u0219i a fost r\u0103spl\u0103tit cu un nume nou \u0219i un nou \u00eenceput \u00een via\u021b\u0103.<\/p>\n<hr \/>\n<p>Cuv\u00e2ntul lui Dumnezeu pentru tine ast\u0103zi: Dumnezeu se bucur\u0103 atunci c\u00e2nd e\u0219ti perseverent.<\/p>\n","protected":false},"excerpt":{"rendered":"<p>\u00cen via\u021ba mea, au existat lucruri despre care \u0219tiu c\u0103 sunt voia lui Dumnezeu pentru c\u0103 El a vorbit clar despre ele \u00een Cuv\u00e2ntul S\u0103u.<\/p>\n","protected":false},"author":20,"featured_media":3088,"parent":0,"menu_order":0,"comment_status":"closed","ping_status":"closed","template":"","class_list":["post-3087","devotional","type-devotional","status-publish","has-post-thumbnail","hentry"],"acf":[],"appp":{"post_detail":{"above_title":"<div class=\"post-featured-wrap\"><img width=\"960\" height=\"560\" src=\"https:\/\/tv.joycemeyer.org\/romana\/wp-content\/uploads\/sites\/51\/2024\/07\/2790.jpg\" class=\"post-featured wp-post-image\" alt=\"\" decoding=\"async\" srcset=\"https:\/\/tv.joycemeyer.org\/romana\/wp-content\/uploads\/sites\/51\/2024\/07\/2790.jpg 960w, https:\/\/tv.joycemeyer.org\/romana\/wp-content\/uploads\/sites\/51\/2024\/07\/2790-300x175.jpg 300w, https:\/\/tv.joycemeyer.org\/romana\/wp-content\/uploads\/sites\/51\/2024\/07\/2790-768x448.jpg 768w\" sizes=\"(max-width: 960px) 100vw, 960px\" \/><\/div>","below_content":""}},"yoast_head":"<!-- This site is optimized with the Yoast SEO plugin v27.4 - https:\/\/yoast.com\/product\/yoast-seo-wordpress\/ -->\n<title>Puterea insisten\u021bei - Joyce Meyer Ministries - Romana<\/title>\n<meta name=\"robots\" content=\"index, follow, max-snippet:-1, max-image-preview:large, max-video-preview:-1\" \/>\n<link rel=\"canonical\" href=\"https:\/\/tv.joycemeyer.org\/romana\/devotional\/puterea-insistentei\/\" \/>\n<meta property=\"og:locale\" content=\"ro_RO\" \/>\n<meta property=\"og:type\" content=\"article\" \/>\n<meta property=\"og:title\" content=\"Puterea insisten\u021bei - Joyce Meyer Ministries - Romana\" \/>\n<meta property=\"og:description\" content=\"\u00cen via\u021ba mea, au existat lucruri despre care \u0219tiu c\u0103 sunt voia lui Dumnezeu pentru c\u0103 El a vorbit clar despre ele \u00een Cuv\u00e2ntul S\u0103u.\" \/>\n<meta property=\"og:url\" content=\"https:\/\/tv.joycemeyer.org\/romana\/devotional\/puterea-insistentei\/\" \/>\n<meta property=\"og:site_name\" content=\"Joyce Meyer Ministries - Romana\" \/>\n<meta property=\"article:modified_time\" content=\"2024-07-26T11:47:12+00:00\" \/>\n<meta property=\"og:image\" content=\"https:\/\/tv.joycemeyer.org\/romana\/wp-content\/uploads\/sites\/51\/2024\/07\/2790.jpg\" \/>\n\t<meta property=\"og:image:width\" content=\"960\" \/>\n\t<meta property=\"og:image:height\" content=\"560\" \/>\n\t<meta property=\"og:image:type\" content=\"image\/jpeg\" \/>\n<meta name=\"twitter:card\" content=\"summary_large_image\" \/>\n<meta name=\"twitter:label1\" content=\"Timp estimat pentru citire\" \/>\n\t<meta name=\"twitter:data1\" content=\"2 minute\" \/>\n<script type=\"application\/ld+json\" class=\"yoast-schema-graph\">{\"@context\":\"https:\\\/\\\/schema.org\",\"@graph\":[{\"@type\":\"WebPage\",\"@id\":\"https:\\\/\\\/tv.joycemeyer.org\\\/romana\\\/devotional\\\/puterea-insistentei\\\/\",\"url\":\"https:\\\/\\\/tv.joycemeyer.org\\\/romana\\\/devotional\\\/puterea-insistentei\\\/\",\"name\":\"Puterea insisten\u021bei - Joyce Meyer Ministries - Romana\",\"isPartOf\":{\"@id\":\"https:\\\/\\\/tv.joycemeyer.org\\\/romana\\\/#website\"},\"primaryImageOfPage\":{\"@id\":\"https:\\\/\\\/tv.joycemeyer.org\\\/romana\\\/devotional\\\/puterea-insistentei\\\/#primaryimage\"},\"image\":{\"@id\":\"https:\\\/\\\/tv.joycemeyer.org\\\/romana\\\/devotional\\\/puterea-insistentei\\\/#primaryimage\"},\"thumbnailUrl\":\"https:\\\/\\\/tv.joycemeyer.org\\\/romana\\\/wp-content\\\/uploads\\\/sites\\\/51\\\/2024\\\/07\\\/2790.jpg\",\"datePublished\":\"2024-07-26T00:01:55+00:00\",\"dateModified\":\"2024-07-26T11:47:12+00:00\",\"breadcrumb\":{\"@id\":\"https:\\\/\\\/tv.joycemeyer.org\\\/romana\\\/devotional\\\/puterea-insistentei\\\/#breadcrumb\"},\"inLanguage\":\"ro-RO\",\"potentialAction\":[{\"@type\":\"ReadAction\",\"target\":[\"https:\\\/\\\/tv.joycemeyer.org\\\/romana\\\/devotional\\\/puterea-insistentei\\\/\"]}]},{\"@type\":\"ImageObject\",\"inLanguage\":\"ro-RO\",\"@id\":\"https:\\\/\\\/tv.joycemeyer.org\\\/romana\\\/devotional\\\/puterea-insistentei\\\/#primaryimage\",\"url\":\"https:\\\/\\\/tv.joycemeyer.org\\\/romana\\\/wp-content\\\/uploads\\\/sites\\\/51\\\/2024\\\/07\\\/2790.jpg\",\"contentUrl\":\"https:\\\/\\\/tv.joycemeyer.org\\\/romana\\\/wp-content\\\/uploads\\\/sites\\\/51\\\/2024\\\/07\\\/2790.jpg\",\"width\":960,\"height\":560,\"caption\":\"Puterea insisten\u021bei\"},{\"@type\":\"BreadcrumbList\",\"@id\":\"https:\\\/\\\/tv.joycemeyer.org\\\/romana\\\/devotional\\\/puterea-insistentei\\\/#breadcrumb\",\"itemListElement\":[{\"@type\":\"ListItem\",\"position\":1,\"name\":\"Home\",\"item\":\"https:\\\/\\\/tv.joycemeyer.org\\\/romana\\\/\"},{\"@type\":\"ListItem\",\"position\":2,\"name\":\"Devotional\",\"item\":\"https:\\\/\\\/tv.joycemeyer.org\\\/romana\\\/devotional\\\/\"},{\"@type\":\"ListItem\",\"position\":3,\"name\":\"Puterea insisten\u021bei\"}]},{\"@type\":\"WebSite\",\"@id\":\"https:\\\/\\\/tv.joycemeyer.org\\\/romana\\\/#website\",\"url\":\"https:\\\/\\\/tv.joycemeyer.org\\\/romana\\\/\",\"name\":\"Joyce Meyer Ministries - Romana\",\"description\":\"Impartasindu-L pe Hristos - Iubindu-i pe oameni\",\"potentialAction\":[{\"@type\":\"SearchAction\",\"target\":{\"@type\":\"EntryPoint\",\"urlTemplate\":\"https:\\\/\\\/tv.joycemeyer.org\\\/romana\\\/?s={search_term_string}\"},\"query-input\":{\"@type\":\"PropertyValueSpecification\",\"valueRequired\":true,\"valueName\":\"search_term_string\"}}],\"inLanguage\":\"ro-RO\"}]}<\/script>\n<!-- \/ Yoast SEO plugin. -->","yoast_head_json":{"title":"Puterea insisten\u021bei - Joyce Meyer Ministries - Romana","robots":{"index":"index","follow":"follow","max-snippet":"max-snippet:-1","max-image-preview":"max-image-preview:large","max-video-preview":"max-video-preview:-1"},"canonical":"https:\/\/tv.joycemeyer.org\/romana\/devotional\/puterea-insistentei\/","og_locale":"ro_RO","og_type":"article","og_title":"Puterea insisten\u021bei - Joyce Meyer Ministries - Romana","og_description":"\u00cen via\u021ba mea, au existat lucruri despre care \u0219tiu c\u0103 sunt voia lui Dumnezeu pentru c\u0103 El a vorbit clar despre ele \u00een Cuv\u00e2ntul S\u0103u.","og_url":"https:\/\/tv.joycemeyer.org\/romana\/devotional\/puterea-insistentei\/","og_site_name":"Joyce Meyer Ministries - Romana","article_modified_time":"2024-07-26T11:47:12+00:00","og_image":[{"width":960,"height":560,"url":"https:\/\/tv.joycemeyer.org\/romana\/wp-content\/uploads\/sites\/51\/2024\/07\/2790.jpg","type":"image\/jpeg"}],"twitter_card":"summary_large_image","twitter_misc":{"Timp estimat pentru citire":"2 minute"},"schema":{"@context":"https:\/\/schema.org","@graph":[{"@type":"WebPage","@id":"https:\/\/tv.joycemeyer.org\/romana\/devotional\/puterea-insistentei\/","url":"https:\/\/tv.joycemeyer.org\/romana\/devotional\/puterea-insistentei\/","name":"Puterea insisten\u021bei - Joyce Meyer Ministries - Romana","isPartOf":{"@id":"https:\/\/tv.joycemeyer.org\/romana\/#website"},"primaryImageOfPage":{"@id":"https:\/\/tv.joycemeyer.org\/romana\/devotional\/puterea-insistentei\/#primaryimage"},"image":{"@id":"https:\/\/tv.joycemeyer.org\/romana\/devotional\/puterea-insistentei\/#primaryimage"},"thumbnailUrl":"https:\/\/tv.joycemeyer.org\/romana\/wp-content\/uploads\/sites\/51\/2024\/07\/2790.jpg","datePublished":"2024-07-26T00:01:55+00:00","dateModified":"2024-07-26T11:47:12+00:00","breadcrumb":{"@id":"https:\/\/tv.joycemeyer.org\/romana\/devotional\/puterea-insistentei\/#breadcrumb"},"inLanguage":"ro-RO","potentialAction":[{"@type":"ReadAction","target":["https:\/\/tv.joycemeyer.org\/romana\/devotional\/puterea-insistentei\/"]}]},{"@type":"ImageObject","inLanguage":"ro-RO","@id":"https:\/\/tv.joycemeyer.org\/romana\/devotional\/puterea-insistentei\/#primaryimage","url":"https:\/\/tv.joycemeyer.org\/romana\/wp-content\/uploads\/sites\/51\/2024\/07\/2790.jpg","contentUrl":"https:\/\/tv.joycemeyer.org\/romana\/wp-content\/uploads\/sites\/51\/2024\/07\/2790.jpg","width":960,"height":560,"caption":"Puterea insisten\u021bei"},{"@type":"BreadcrumbList","@id":"https:\/\/tv.joycemeyer.org\/romana\/devotional\/puterea-insistentei\/#breadcrumb","itemListElement":[{"@type":"ListItem","position":1,"name":"Home","item":"https:\/\/tv.joycemeyer.org\/romana\/"},{"@type":"ListItem","position":2,"name":"Devotional","item":"https:\/\/tv.joycemeyer.org\/romana\/devotional\/"},{"@type":"ListItem","position":3,"name":"Puterea insisten\u021bei"}]},{"@type":"WebSite","@id":"https:\/\/tv.joycemeyer.org\/romana\/#website","url":"https:\/\/tv.joycemeyer.org\/romana\/","name":"Joyce Meyer Ministries - Romana","description":"Impartasindu-L pe Hristos - Iubindu-i pe oameni","potentialAction":[{"@type":"SearchAction","target":{"@type":"EntryPoint","urlTemplate":"https:\/\/tv.joycemeyer.org\/romana\/?s={search_term_string}"},"query-input":{"@type":"PropertyValueSpecification","valueRequired":true,"valueName":"search_term_string"}}],"inLanguage":"ro-RO"}]}},"_links":{"self":[{"href":"https:\/\/tv.joycemeyer.org\/romana\/wp-json\/wp\/v2\/devotional\/3087","targetHints":{"allow":["GET"]}}],"collection":[{"href":"https:\/\/tv.joycemeyer.org\/romana\/wp-json\/wp\/v2\/devotional"}],"about":[{"href":"https:\/\/tv.joycemeyer.org\/romana\/wp-json\/wp\/v2\/types\/devotional"}],"author":[{"embeddable":true,"href":"https:\/\/tv.joycemeyer.org\/romana\/wp-json\/wp\/v2\/users\/20"}],"replies":[{"embeddable":true,"href":"https:\/\/tv.joycemeyer.org\/romana\/wp-json\/wp\/v2\/comments?post=3087"}],"wp:featuredmedia":[{"embeddable":true,"href":"https:\/\/tv.joycemeyer.org\/romana\/wp-json\/wp\/v2\/media\/3088"}],"wp:attachment":[{"href":"https:\/\/tv.joycemeyer.org\/romana\/wp-json\/wp\/v2\/media?parent=3087"}],"curies":[{"name":"wp","href":"https:\/\/api.w.org\/{rel}","templated":true}]}}