{"id":3127,"date":"2019-08-11T00:01:25","date_gmt":"2019-08-11T00:01:25","guid":{"rendered":"https:\/\/tv.joycemeyer.org\/romana\/?post_type=devotional&#038;p=3127"},"modified":"2024-07-23T16:19:48","modified_gmt":"2024-07-23T16:19:48","slug":"vorbesti-mai-mult-decat-asculti","status":"publish","type":"devotional","link":"https:\/\/tv.joycemeyer.org\/romana\/devotional\/vorbesti-mai-mult-decat-asculti\/","title":{"rendered":"Vorbe\u0219ti mai mult dec\u00e2t ascul\u021bi?"},"content":{"rendered":"<blockquote><p>Cine \u00ee\u015fi \u00eenfr\u00e2neaz\u0103 vorbele, cunoa\u015fte \u015ftiin\u0163a, \u015fi cine are duhul potolit este un om priceput. (Proverbe 17:27)<\/p><\/blockquote>\n<p>Pe parcursul acestor devo\u021bionale, am spus c\u0103 \u00een c\u0103utarea noastr\u0103 de a auzi vocea lui Dumnezeu trebuie s\u0103 ne antren\u0103m s\u0103 ascult\u0103m. Uneori vorbim at\u00e2t de mult, \u00eenc\u00e2t pur \u0219i simplu nu putem auzi ce vrea Dumnezeu s\u0103 spun\u0103. Este posibil s\u0103 nu auzim nici lucrurile importante pe care ni le spun oamenii, pentru c\u0103 nu ascult\u0103m.<\/p>\n<p>Dac\u0103 \u00eenv\u0103\u021b\u0103m disciplina de a ne p\u0103stra calmul \u0219i lini\u0219tea, vom auzi lucrurile pe care vrea s\u0103 ni le spun\u0103 Dumnezeu. Fiica mea, Sandra, mi-a spus c\u0103 recent dup\u0103 ce s-a rugat, a stat un minut \u0219i L-a \u00eentrebat pe Dumnezeu dac\u0103 vrea s\u0103 \u00cei spun\u0103 ceva \u00eenainte s\u0103 \u00ee\u0219i \u00eenceap\u0103 ziua. A sim\u021bit \u00een inima ei c\u0103 Dumnezeu i-a spus pur \u0219i simplu: \u201eDu-te; Sunt cu tine!\u201d A fost m\u00e2ng\u00e2iat\u0103 \u0219i aceasta a consolat-o \u00een urm\u0103toarele zile c\u00e2nd a trebuit s\u0103 fac\u0103 fa\u021b\u0103 unor ve\u0219ti proaste care au venit pe nea\u0219teptate. Cuv\u00e2ntul pe care i-l d\u0103duse Dumnezeu i-a m\u0103rit credin\u021ba \u0219i i-a men\u021binut echilibrul \u0219i calmul \u00een timp ce se confrunta cu \u00eencerc\u0103rile respective.<\/p>\n<p>Dac\u0103 nu ascult\u0103m, nu vom auzi. D\u0103-I lui Dumnezeu oportunitatea de a-\u021bi vorbi. C\u00e2nd te rogi, nu trebuie s\u0103 vorbe\u0219ti doar tu. Este \u00een\u021belept s\u0103 p\u0103strezi \u0219i momente de t\u0103cere, de lini\u0219te.<\/p>\n<hr \/>\n<p>Cuv\u00e2ntul lui Dumnezeu pentru ast\u0103zi: Ai o gur\u0103 \u0219i dou\u0103 urechi, deci asta \u00eenseamn\u0103 c\u0103 Dumnezeu vrea s\u0103 ascul\u021bi de dou\u0103 ori mai mult dec\u00e2t s\u0103 vorbe\u0219ti.<\/p>\n","protected":false},"excerpt":{"rendered":"<p>Dac\u0103 \u00eenv\u0103\u021b\u0103m disciplina de a ne p\u0103stra calmul \u0219i lini\u0219tea, vom auzi lucrurile pe care vrea s\u0103 ni le spun\u0103 Dumnezeu.<\/p>\n","protected":false},"author":20,"featured_media":3128,"parent":0,"menu_order":0,"comment_status":"closed","ping_status":"closed","template":"","class_list":["post-3127","devotional","type-devotional","status-publish","has-post-thumbnail","hentry"],"acf":[],"appp":{"post_detail":{"above_title":"<div class=\"post-featured-wrap\"><img width=\"1024\" height=\"597\" src=\"https:\/\/tv.joycemeyer.org\/romana\/wp-content\/uploads\/sites\/51\/2024\/07\/2863-1024x597.jpg\" class=\"post-featured wp-post-image\" alt=\"\" decoding=\"async\" srcset=\"https:\/\/tv.joycemeyer.org\/romana\/wp-content\/uploads\/sites\/51\/2024\/07\/2863-1024x597.jpg 1024w, https:\/\/tv.joycemeyer.org\/romana\/wp-content\/uploads\/sites\/51\/2024\/07\/2863-300x175.jpg 300w, https:\/\/tv.joycemeyer.org\/romana\/wp-content\/uploads\/sites\/51\/2024\/07\/2863-768x448.jpg 768w, https:\/\/tv.joycemeyer.org\/romana\/wp-content\/uploads\/sites\/51\/2024\/07\/2863-1536x896.jpg 1536w, https:\/\/tv.joycemeyer.org\/romana\/wp-content\/uploads\/sites\/51\/2024\/07\/2863.jpg 1800w\" sizes=\"(max-width: 1024px) 100vw, 1024px\" \/><\/div>","below_content":""}},"yoast_head":"<!-- This site is optimized with the Yoast SEO plugin v27.4 - https:\/\/yoast.com\/product\/yoast-seo-wordpress\/ -->\n<title>Vorbe\u0219ti mai mult dec\u00e2t ascul\u021bi? - Joyce Meyer Ministries - Romana<\/title>\n<meta name=\"robots\" content=\"index, follow, max-snippet:-1, max-image-preview:large, max-video-preview:-1\" \/>\n<link rel=\"canonical\" href=\"https:\/\/tv.joycemeyer.org\/romana\/devotional\/vorbesti-mai-mult-decat-asculti\/\" \/>\n<meta property=\"og:locale\" content=\"ro_RO\" \/>\n<meta property=\"og:type\" content=\"article\" \/>\n<meta property=\"og:title\" content=\"Vorbe\u0219ti mai mult dec\u00e2t ascul\u021bi? - Joyce Meyer Ministries - Romana\" \/>\n<meta property=\"og:description\" content=\"Dac\u0103 \u00eenv\u0103\u021b\u0103m disciplina de a ne p\u0103stra calmul \u0219i lini\u0219tea, vom auzi lucrurile pe care vrea s\u0103 ni le spun\u0103 Dumnezeu.\" \/>\n<meta property=\"og:url\" content=\"https:\/\/tv.joycemeyer.org\/romana\/devotional\/vorbesti-mai-mult-decat-asculti\/\" \/>\n<meta property=\"og:site_name\" content=\"Joyce Meyer Ministries - Romana\" \/>\n<meta property=\"article:modified_time\" content=\"2024-07-23T16:19:48+00:00\" \/>\n<meta property=\"og:image\" content=\"https:\/\/tv.joycemeyer.org\/romana\/wp-content\/uploads\/sites\/51\/2024\/07\/2863.jpg\" \/>\n\t<meta property=\"og:image:width\" content=\"1800\" \/>\n\t<meta property=\"og:image:height\" content=\"1050\" \/>\n\t<meta property=\"og:image:type\" content=\"image\/jpeg\" \/>\n<meta name=\"twitter:card\" content=\"summary_large_image\" \/>\n<meta name=\"twitter:label1\" content=\"Timp estimat pentru citire\" \/>\n\t<meta name=\"twitter:data1\" content=\"2 minute\" \/>\n<script type=\"application\/ld+json\" class=\"yoast-schema-graph\">{\"@context\":\"https:\\\/\\\/schema.org\",\"@graph\":[{\"@type\":\"WebPage\",\"@id\":\"https:\\\/\\\/tv.joycemeyer.org\\\/romana\\\/devotional\\\/vorbesti-mai-mult-decat-asculti\\\/\",\"url\":\"https:\\\/\\\/tv.joycemeyer.org\\\/romana\\\/devotional\\\/vorbesti-mai-mult-decat-asculti\\\/\",\"name\":\"Vorbe\u0219ti mai mult dec\u00e2t ascul\u021bi? - Joyce Meyer Ministries - Romana\",\"isPartOf\":{\"@id\":\"https:\\\/\\\/tv.joycemeyer.org\\\/romana\\\/#website\"},\"primaryImageOfPage\":{\"@id\":\"https:\\\/\\\/tv.joycemeyer.org\\\/romana\\\/devotional\\\/vorbesti-mai-mult-decat-asculti\\\/#primaryimage\"},\"image\":{\"@id\":\"https:\\\/\\\/tv.joycemeyer.org\\\/romana\\\/devotional\\\/vorbesti-mai-mult-decat-asculti\\\/#primaryimage\"},\"thumbnailUrl\":\"https:\\\/\\\/tv.joycemeyer.org\\\/romana\\\/wp-content\\\/uploads\\\/sites\\\/51\\\/2024\\\/07\\\/2863.jpg\",\"datePublished\":\"2019-08-11T00:01:25+00:00\",\"dateModified\":\"2024-07-23T16:19:48+00:00\",\"breadcrumb\":{\"@id\":\"https:\\\/\\\/tv.joycemeyer.org\\\/romana\\\/devotional\\\/vorbesti-mai-mult-decat-asculti\\\/#breadcrumb\"},\"inLanguage\":\"ro-RO\",\"potentialAction\":[{\"@type\":\"ReadAction\",\"target\":[\"https:\\\/\\\/tv.joycemeyer.org\\\/romana\\\/devotional\\\/vorbesti-mai-mult-decat-asculti\\\/\"]}]},{\"@type\":\"ImageObject\",\"inLanguage\":\"ro-RO\",\"@id\":\"https:\\\/\\\/tv.joycemeyer.org\\\/romana\\\/devotional\\\/vorbesti-mai-mult-decat-asculti\\\/#primaryimage\",\"url\":\"https:\\\/\\\/tv.joycemeyer.org\\\/romana\\\/wp-content\\\/uploads\\\/sites\\\/51\\\/2024\\\/07\\\/2863.jpg\",\"contentUrl\":\"https:\\\/\\\/tv.joycemeyer.org\\\/romana\\\/wp-content\\\/uploads\\\/sites\\\/51\\\/2024\\\/07\\\/2863.jpg\",\"width\":1800,\"height\":1050,\"caption\":\"Vorbe\u0219ti mai mult dec\u00e2t ascul\u021bi?\"},{\"@type\":\"BreadcrumbList\",\"@id\":\"https:\\\/\\\/tv.joycemeyer.org\\\/romana\\\/devotional\\\/vorbesti-mai-mult-decat-asculti\\\/#breadcrumb\",\"itemListElement\":[{\"@type\":\"ListItem\",\"position\":1,\"name\":\"Home\",\"item\":\"https:\\\/\\\/tv.joycemeyer.org\\\/romana\\\/\"},{\"@type\":\"ListItem\",\"position\":2,\"name\":\"Devotional\",\"item\":\"https:\\\/\\\/tv.joycemeyer.org\\\/romana\\\/devotional\\\/\"},{\"@type\":\"ListItem\",\"position\":3,\"name\":\"Vorbe\u0219ti mai mult dec\u00e2t ascul\u021bi?\"}]},{\"@type\":\"WebSite\",\"@id\":\"https:\\\/\\\/tv.joycemeyer.org\\\/romana\\\/#website\",\"url\":\"https:\\\/\\\/tv.joycemeyer.org\\\/romana\\\/\",\"name\":\"Joyce Meyer Ministries - Romana\",\"description\":\"Impartasindu-L pe Hristos - Iubindu-i pe oameni\",\"potentialAction\":[{\"@type\":\"SearchAction\",\"target\":{\"@type\":\"EntryPoint\",\"urlTemplate\":\"https:\\\/\\\/tv.joycemeyer.org\\\/romana\\\/?s={search_term_string}\"},\"query-input\":{\"@type\":\"PropertyValueSpecification\",\"valueRequired\":true,\"valueName\":\"search_term_string\"}}],\"inLanguage\":\"ro-RO\"}]}<\/script>\n<!-- \/ Yoast SEO plugin. -->","yoast_head_json":{"title":"Vorbe\u0219ti mai mult dec\u00e2t ascul\u021bi? - Joyce Meyer Ministries - Romana","robots":{"index":"index","follow":"follow","max-snippet":"max-snippet:-1","max-image-preview":"max-image-preview:large","max-video-preview":"max-video-preview:-1"},"canonical":"https:\/\/tv.joycemeyer.org\/romana\/devotional\/vorbesti-mai-mult-decat-asculti\/","og_locale":"ro_RO","og_type":"article","og_title":"Vorbe\u0219ti mai mult dec\u00e2t ascul\u021bi? - Joyce Meyer Ministries - Romana","og_description":"Dac\u0103 \u00eenv\u0103\u021b\u0103m disciplina de a ne p\u0103stra calmul \u0219i lini\u0219tea, vom auzi lucrurile pe care vrea s\u0103 ni le spun\u0103 Dumnezeu.","og_url":"https:\/\/tv.joycemeyer.org\/romana\/devotional\/vorbesti-mai-mult-decat-asculti\/","og_site_name":"Joyce Meyer Ministries - Romana","article_modified_time":"2024-07-23T16:19:48+00:00","og_image":[{"width":1800,"height":1050,"url":"https:\/\/tv.joycemeyer.org\/romana\/wp-content\/uploads\/sites\/51\/2024\/07\/2863.jpg","type":"image\/jpeg"}],"twitter_card":"summary_large_image","twitter_misc":{"Timp estimat pentru citire":"2 minute"},"schema":{"@context":"https:\/\/schema.org","@graph":[{"@type":"WebPage","@id":"https:\/\/tv.joycemeyer.org\/romana\/devotional\/vorbesti-mai-mult-decat-asculti\/","url":"https:\/\/tv.joycemeyer.org\/romana\/devotional\/vorbesti-mai-mult-decat-asculti\/","name":"Vorbe\u0219ti mai mult dec\u00e2t ascul\u021bi? - Joyce Meyer Ministries - Romana","isPartOf":{"@id":"https:\/\/tv.joycemeyer.org\/romana\/#website"},"primaryImageOfPage":{"@id":"https:\/\/tv.joycemeyer.org\/romana\/devotional\/vorbesti-mai-mult-decat-asculti\/#primaryimage"},"image":{"@id":"https:\/\/tv.joycemeyer.org\/romana\/devotional\/vorbesti-mai-mult-decat-asculti\/#primaryimage"},"thumbnailUrl":"https:\/\/tv.joycemeyer.org\/romana\/wp-content\/uploads\/sites\/51\/2024\/07\/2863.jpg","datePublished":"2019-08-11T00:01:25+00:00","dateModified":"2024-07-23T16:19:48+00:00","breadcrumb":{"@id":"https:\/\/tv.joycemeyer.org\/romana\/devotional\/vorbesti-mai-mult-decat-asculti\/#breadcrumb"},"inLanguage":"ro-RO","potentialAction":[{"@type":"ReadAction","target":["https:\/\/tv.joycemeyer.org\/romana\/devotional\/vorbesti-mai-mult-decat-asculti\/"]}]},{"@type":"ImageObject","inLanguage":"ro-RO","@id":"https:\/\/tv.joycemeyer.org\/romana\/devotional\/vorbesti-mai-mult-decat-asculti\/#primaryimage","url":"https:\/\/tv.joycemeyer.org\/romana\/wp-content\/uploads\/sites\/51\/2024\/07\/2863.jpg","contentUrl":"https:\/\/tv.joycemeyer.org\/romana\/wp-content\/uploads\/sites\/51\/2024\/07\/2863.jpg","width":1800,"height":1050,"caption":"Vorbe\u0219ti mai mult dec\u00e2t ascul\u021bi?"},{"@type":"BreadcrumbList","@id":"https:\/\/tv.joycemeyer.org\/romana\/devotional\/vorbesti-mai-mult-decat-asculti\/#breadcrumb","itemListElement":[{"@type":"ListItem","position":1,"name":"Home","item":"https:\/\/tv.joycemeyer.org\/romana\/"},{"@type":"ListItem","position":2,"name":"Devotional","item":"https:\/\/tv.joycemeyer.org\/romana\/devotional\/"},{"@type":"ListItem","position":3,"name":"Vorbe\u0219ti mai mult dec\u00e2t ascul\u021bi?"}]},{"@type":"WebSite","@id":"https:\/\/tv.joycemeyer.org\/romana\/#website","url":"https:\/\/tv.joycemeyer.org\/romana\/","name":"Joyce Meyer Ministries - Romana","description":"Impartasindu-L pe Hristos - Iubindu-i pe oameni","potentialAction":[{"@type":"SearchAction","target":{"@type":"EntryPoint","urlTemplate":"https:\/\/tv.joycemeyer.org\/romana\/?s={search_term_string}"},"query-input":{"@type":"PropertyValueSpecification","valueRequired":true,"valueName":"search_term_string"}}],"inLanguage":"ro-RO"}]}},"_links":{"self":[{"href":"https:\/\/tv.joycemeyer.org\/romana\/wp-json\/wp\/v2\/devotional\/3127","targetHints":{"allow":["GET"]}}],"collection":[{"href":"https:\/\/tv.joycemeyer.org\/romana\/wp-json\/wp\/v2\/devotional"}],"about":[{"href":"https:\/\/tv.joycemeyer.org\/romana\/wp-json\/wp\/v2\/types\/devotional"}],"author":[{"embeddable":true,"href":"https:\/\/tv.joycemeyer.org\/romana\/wp-json\/wp\/v2\/users\/20"}],"replies":[{"embeddable":true,"href":"https:\/\/tv.joycemeyer.org\/romana\/wp-json\/wp\/v2\/comments?post=3127"}],"wp:featuredmedia":[{"embeddable":true,"href":"https:\/\/tv.joycemeyer.org\/romana\/wp-json\/wp\/v2\/media\/3128"}],"wp:attachment":[{"href":"https:\/\/tv.joycemeyer.org\/romana\/wp-json\/wp\/v2\/media?parent=3127"}],"curies":[{"name":"wp","href":"https:\/\/api.w.org\/{rel}","templated":true}]}}