{"id":3203,"date":"2024-09-16T00:01:26","date_gmt":"2024-09-16T00:01:26","guid":{"rendered":"https:\/\/tv.joycemeyer.org\/romana\/?post_type=devotional&#038;p=3203"},"modified":"2024-09-13T13:36:59","modified_gmt":"2024-09-13T13:36:59","slug":"invata-din-rugaciunile-lui-isus","status":"publish","type":"devotional","link":"https:\/\/tv.joycemeyer.org\/romana\/devotional\/invata-din-rugaciunile-lui-isus\/","title":{"rendered":"\u00cenva\u021b\u0103 din rug\u0103ciunile lui Isus"},"content":{"rendered":"<blockquote><p>Tat\u0103, iart\u0103-i, c\u0103ci nu \u0219tiu ce fac! (Luca 23:34)<\/p><\/blockquote>\n<p>Cred c\u0103 modul \u00een care oamenii se roag\u0103 \u0219i lucrurile pentru care se roag\u0103 scot \u00een eviden\u021b\u0103 multe lucruri despre caracterul \u0219i maturitatea lor spiritual\u0103. A fost o vreme c\u00e2nd via\u021ba mea de rug\u0103ciune a indicat c\u0103 nu aveam prea mult\u0103 maturitate spiritual\u0103. Chiar dac\u0103 eram n\u0103scut\u0103 din nou, umplut\u0103 cu Duhul Sf\u00e2nt \u0219i \u00eei \u00eenv\u0103\u021bat pe ceilal\u021bi din Cuv\u00e2ntul lui Dumnezeu, rug\u0103ciunile mele erau foarte fire\u0219ti. C\u00e2nd m\u0103 rugam, aveam o list\u0103 de cereri la care am crezut c\u0103 Dumnezeu trebuie s\u0103 spun\u0103 \u201eda\u201d ca eu s\u0103 pot fi fericit\u0103 &#8211; \u0219i toate erau lucruri p\u0103m\u00e2nte\u0219ti: \u201eDoamne, f\u0103 ca slujirea mea s\u0103 creasc\u0103. D\u0103-ne o ma\u0219in\u0103 nou\u0103; f\u0103 asta; f\u0103 aia. F\u0103-l pe Dave s\u0103 se schimbe. F\u0103-i pe copii s\u0103 se comporte bine\u201d \u0219i a\u0219a mai departe. Ca r\u0103spuns, Dumnezeu mi-a spus, pur \u0219i simplu: \u201eVreau s\u0103 te ui\u021bi cu aten\u021bie la rug\u0103ciunile lui Isus \u0219i ale lui Pavel. Apoi vom vorbi despre via\u021ba ta de rug\u0103ciune.\u201d Desigur, exist\u0103 multe rug\u0103ciuni \u00een toat\u0103 Biblia, \u00een special \u00een Psalmi, dar Dumnezeu mi-a spus s\u0103 m\u0103 rog rug\u0103ciunile lui Isus, care se g\u0103sesc \u00een Evanghelii, \u0219i rug\u0103ciunile lui Pavel, care se g\u0103sesc \u00een Epistole.<\/p>\n<p>C\u00e2nd am \u00eenceput s\u0103 m\u0103 rog a\u0219a cum S-a rugat Isus, am descoperit c\u0103 \u00eentr-adev\u0103r, nu exist\u0103 un mod mai puternic de a ne ruga dec\u00e2t de a rosti Cuv\u00e2ntul lui Dumnezeu, pentru c\u0103 acesta ne arat\u0103 ce este important pentru El. Isus a spus rug\u0103ciuni precum cea din versetul de ast\u0103zi \u0219i multe altele, inclusiv rug\u0103ciunea \u201eSfin\u0163e\u015fte-i prin adev\u0103rul T\u0103u: Cuv\u00e2ntul T\u0103u este adev\u0103rul.\u201d (Ioan 17:17), rug\u0103ciunea Sa pentru unitatea poporului S\u0103u (vezi Ioan 17:23) \u0219i rug\u0103ciunea Sa pentru Petru: \u201eDar Eu M-am rugat pentru tine, ca s\u0103 nu se piard\u0103 credin\u0163a ta.\u201d (Luca 22:32)<\/p>\n<p>V\u0103 \u00eencurajez s\u0103 citi\u021bi Evangheliile \u0219i s\u0103 vede\u021bi cum S-a rugat Isus, apoi ruga\u021bi-v\u0103 la fel \u0219i asculta\u021bi-L pe Dumnezeu cum v\u0103 vorbe\u0219te.<\/p>\n<hr \/>\n<p>Cuv\u00e2ntul lui Dumnezeu pentru ast\u0103zi: Roag\u0103-te ca Dumnezeu s\u0103 \u00ee\u021bi reveleze dragostea care o are pentru tine \u0219i s\u0103 devii con\u0219tient de aceast\u0103 dragoste.<\/p>\n","protected":false},"excerpt":{"rendered":"<p>C\u00e2nd am \u00eenceput s\u0103 m\u0103 rog a\u0219a cum S-a rugat Isus, am descoperit c\u0103 \u00eentr-adev\u0103r, nu exist\u0103 un mod mai puternic de a ne ruga dec\u00e2t de a rosti Cuv\u00e2ntul lui Dumnezeu, pentru c\u0103 acesta ne arat\u0103 ce este important pentru El.<\/p>\n","protected":false},"author":20,"featured_media":3204,"parent":0,"menu_order":0,"comment_status":"closed","ping_status":"closed","template":"","class_list":["post-3203","devotional","type-devotional","status-publish","has-post-thumbnail","hentry"],"acf":[],"appp":{"post_detail":{"above_title":"<div class=\"post-featured-wrap\"><img width=\"1024\" height=\"597\" src=\"https:\/\/tv.joycemeyer.org\/romana\/wp-content\/uploads\/sites\/51\/2024\/08\/2404-1024x597.jpg\" class=\"post-featured wp-post-image\" alt=\"\" decoding=\"async\" srcset=\"https:\/\/tv.joycemeyer.org\/romana\/wp-content\/uploads\/sites\/51\/2024\/08\/2404-1024x597.jpg 1024w, https:\/\/tv.joycemeyer.org\/romana\/wp-content\/uploads\/sites\/51\/2024\/08\/2404-300x175.jpg 300w, https:\/\/tv.joycemeyer.org\/romana\/wp-content\/uploads\/sites\/51\/2024\/08\/2404-768x448.jpg 768w, https:\/\/tv.joycemeyer.org\/romana\/wp-content\/uploads\/sites\/51\/2024\/08\/2404-1536x896.jpg 1536w, https:\/\/tv.joycemeyer.org\/romana\/wp-content\/uploads\/sites\/51\/2024\/08\/2404.jpg 1800w\" sizes=\"(max-width: 1024px) 100vw, 1024px\" \/><\/div>","below_content":""}},"yoast_head":"<!-- This site is optimized with the Yoast SEO plugin v27.4 - https:\/\/yoast.com\/product\/yoast-seo-wordpress\/ -->\n<title>\u00cenva\u021b\u0103 din rug\u0103ciunile lui Isus - Joyce Meyer Ministries - Romana<\/title>\n<meta name=\"robots\" content=\"index, follow, max-snippet:-1, max-image-preview:large, max-video-preview:-1\" \/>\n<link rel=\"canonical\" href=\"https:\/\/tv.joycemeyer.org\/romana\/devotional\/invata-din-rugaciunile-lui-isus\/\" \/>\n<meta property=\"og:locale\" content=\"ro_RO\" \/>\n<meta property=\"og:type\" content=\"article\" \/>\n<meta property=\"og:title\" content=\"\u00cenva\u021b\u0103 din rug\u0103ciunile lui Isus - Joyce Meyer Ministries - Romana\" \/>\n<meta property=\"og:description\" content=\"C\u00e2nd am \u00eenceput s\u0103 m\u0103 rog a\u0219a cum S-a rugat Isus, am descoperit c\u0103 \u00eentr-adev\u0103r, nu exist\u0103 un mod mai puternic de a ne ruga dec\u00e2t de a rosti Cuv\u00e2ntul lui Dumnezeu, pentru c\u0103 acesta ne arat\u0103 ce este important pentru El.\" \/>\n<meta property=\"og:url\" content=\"https:\/\/tv.joycemeyer.org\/romana\/devotional\/invata-din-rugaciunile-lui-isus\/\" \/>\n<meta property=\"og:site_name\" content=\"Joyce Meyer Ministries - Romana\" \/>\n<meta property=\"og:image\" content=\"https:\/\/tv.joycemeyer.org\/romana\/wp-content\/uploads\/sites\/51\/2024\/08\/2404.jpg\" \/>\n\t<meta property=\"og:image:width\" content=\"1800\" \/>\n\t<meta property=\"og:image:height\" content=\"1050\" \/>\n\t<meta property=\"og:image:type\" content=\"image\/jpeg\" \/>\n<meta name=\"twitter:card\" content=\"summary_large_image\" \/>\n<meta name=\"twitter:label1\" content=\"Timp estimat pentru citire\" \/>\n\t<meta name=\"twitter:data1\" content=\"2 minute\" \/>\n<script type=\"application\/ld+json\" class=\"yoast-schema-graph\">{\"@context\":\"https:\\\/\\\/schema.org\",\"@graph\":[{\"@type\":\"WebPage\",\"@id\":\"https:\\\/\\\/tv.joycemeyer.org\\\/romana\\\/devotional\\\/invata-din-rugaciunile-lui-isus\\\/\",\"url\":\"https:\\\/\\\/tv.joycemeyer.org\\\/romana\\\/devotional\\\/invata-din-rugaciunile-lui-isus\\\/\",\"name\":\"\u00cenva\u021b\u0103 din rug\u0103ciunile lui Isus - Joyce Meyer Ministries - Romana\",\"isPartOf\":{\"@id\":\"https:\\\/\\\/tv.joycemeyer.org\\\/romana\\\/#website\"},\"primaryImageOfPage\":{\"@id\":\"https:\\\/\\\/tv.joycemeyer.org\\\/romana\\\/devotional\\\/invata-din-rugaciunile-lui-isus\\\/#primaryimage\"},\"image\":{\"@id\":\"https:\\\/\\\/tv.joycemeyer.org\\\/romana\\\/devotional\\\/invata-din-rugaciunile-lui-isus\\\/#primaryimage\"},\"thumbnailUrl\":\"https:\\\/\\\/tv.joycemeyer.org\\\/romana\\\/wp-content\\\/uploads\\\/sites\\\/51\\\/2024\\\/08\\\/2404.jpg\",\"datePublished\":\"2024-09-16T00:01:26+00:00\",\"breadcrumb\":{\"@id\":\"https:\\\/\\\/tv.joycemeyer.org\\\/romana\\\/devotional\\\/invata-din-rugaciunile-lui-isus\\\/#breadcrumb\"},\"inLanguage\":\"ro-RO\",\"potentialAction\":[{\"@type\":\"ReadAction\",\"target\":[\"https:\\\/\\\/tv.joycemeyer.org\\\/romana\\\/devotional\\\/invata-din-rugaciunile-lui-isus\\\/\"]}]},{\"@type\":\"ImageObject\",\"inLanguage\":\"ro-RO\",\"@id\":\"https:\\\/\\\/tv.joycemeyer.org\\\/romana\\\/devotional\\\/invata-din-rugaciunile-lui-isus\\\/#primaryimage\",\"url\":\"https:\\\/\\\/tv.joycemeyer.org\\\/romana\\\/wp-content\\\/uploads\\\/sites\\\/51\\\/2024\\\/08\\\/2404.jpg\",\"contentUrl\":\"https:\\\/\\\/tv.joycemeyer.org\\\/romana\\\/wp-content\\\/uploads\\\/sites\\\/51\\\/2024\\\/08\\\/2404.jpg\",\"width\":1800,\"height\":1050,\"caption\":\"\u00cenva\u021b\u0103 din rug\u0103ciunile lui Isus\"},{\"@type\":\"BreadcrumbList\",\"@id\":\"https:\\\/\\\/tv.joycemeyer.org\\\/romana\\\/devotional\\\/invata-din-rugaciunile-lui-isus\\\/#breadcrumb\",\"itemListElement\":[{\"@type\":\"ListItem\",\"position\":1,\"name\":\"Home\",\"item\":\"https:\\\/\\\/tv.joycemeyer.org\\\/romana\\\/\"},{\"@type\":\"ListItem\",\"position\":2,\"name\":\"Devotional\",\"item\":\"https:\\\/\\\/tv.joycemeyer.org\\\/romana\\\/devotional\\\/\"},{\"@type\":\"ListItem\",\"position\":3,\"name\":\"\u00cenva\u021b\u0103 din rug\u0103ciunile lui Isus\"}]},{\"@type\":\"WebSite\",\"@id\":\"https:\\\/\\\/tv.joycemeyer.org\\\/romana\\\/#website\",\"url\":\"https:\\\/\\\/tv.joycemeyer.org\\\/romana\\\/\",\"name\":\"Joyce Meyer Ministries - Romana\",\"description\":\"Impartasindu-L pe Hristos - Iubindu-i pe oameni\",\"potentialAction\":[{\"@type\":\"SearchAction\",\"target\":{\"@type\":\"EntryPoint\",\"urlTemplate\":\"https:\\\/\\\/tv.joycemeyer.org\\\/romana\\\/?s={search_term_string}\"},\"query-input\":{\"@type\":\"PropertyValueSpecification\",\"valueRequired\":true,\"valueName\":\"search_term_string\"}}],\"inLanguage\":\"ro-RO\"}]}<\/script>\n<!-- \/ Yoast SEO plugin. -->","yoast_head_json":{"title":"\u00cenva\u021b\u0103 din rug\u0103ciunile lui Isus - Joyce Meyer Ministries - Romana","robots":{"index":"index","follow":"follow","max-snippet":"max-snippet:-1","max-image-preview":"max-image-preview:large","max-video-preview":"max-video-preview:-1"},"canonical":"https:\/\/tv.joycemeyer.org\/romana\/devotional\/invata-din-rugaciunile-lui-isus\/","og_locale":"ro_RO","og_type":"article","og_title":"\u00cenva\u021b\u0103 din rug\u0103ciunile lui Isus - Joyce Meyer Ministries - Romana","og_description":"C\u00e2nd am \u00eenceput s\u0103 m\u0103 rog a\u0219a cum S-a rugat Isus, am descoperit c\u0103 \u00eentr-adev\u0103r, nu exist\u0103 un mod mai puternic de a ne ruga dec\u00e2t de a rosti Cuv\u00e2ntul lui Dumnezeu, pentru c\u0103 acesta ne arat\u0103 ce este important pentru El.","og_url":"https:\/\/tv.joycemeyer.org\/romana\/devotional\/invata-din-rugaciunile-lui-isus\/","og_site_name":"Joyce Meyer Ministries - Romana","og_image":[{"width":1800,"height":1050,"url":"https:\/\/tv.joycemeyer.org\/romana\/wp-content\/uploads\/sites\/51\/2024\/08\/2404.jpg","type":"image\/jpeg"}],"twitter_card":"summary_large_image","twitter_misc":{"Timp estimat pentru citire":"2 minute"},"schema":{"@context":"https:\/\/schema.org","@graph":[{"@type":"WebPage","@id":"https:\/\/tv.joycemeyer.org\/romana\/devotional\/invata-din-rugaciunile-lui-isus\/","url":"https:\/\/tv.joycemeyer.org\/romana\/devotional\/invata-din-rugaciunile-lui-isus\/","name":"\u00cenva\u021b\u0103 din rug\u0103ciunile lui Isus - Joyce Meyer Ministries - Romana","isPartOf":{"@id":"https:\/\/tv.joycemeyer.org\/romana\/#website"},"primaryImageOfPage":{"@id":"https:\/\/tv.joycemeyer.org\/romana\/devotional\/invata-din-rugaciunile-lui-isus\/#primaryimage"},"image":{"@id":"https:\/\/tv.joycemeyer.org\/romana\/devotional\/invata-din-rugaciunile-lui-isus\/#primaryimage"},"thumbnailUrl":"https:\/\/tv.joycemeyer.org\/romana\/wp-content\/uploads\/sites\/51\/2024\/08\/2404.jpg","datePublished":"2024-09-16T00:01:26+00:00","breadcrumb":{"@id":"https:\/\/tv.joycemeyer.org\/romana\/devotional\/invata-din-rugaciunile-lui-isus\/#breadcrumb"},"inLanguage":"ro-RO","potentialAction":[{"@type":"ReadAction","target":["https:\/\/tv.joycemeyer.org\/romana\/devotional\/invata-din-rugaciunile-lui-isus\/"]}]},{"@type":"ImageObject","inLanguage":"ro-RO","@id":"https:\/\/tv.joycemeyer.org\/romana\/devotional\/invata-din-rugaciunile-lui-isus\/#primaryimage","url":"https:\/\/tv.joycemeyer.org\/romana\/wp-content\/uploads\/sites\/51\/2024\/08\/2404.jpg","contentUrl":"https:\/\/tv.joycemeyer.org\/romana\/wp-content\/uploads\/sites\/51\/2024\/08\/2404.jpg","width":1800,"height":1050,"caption":"\u00cenva\u021b\u0103 din rug\u0103ciunile lui Isus"},{"@type":"BreadcrumbList","@id":"https:\/\/tv.joycemeyer.org\/romana\/devotional\/invata-din-rugaciunile-lui-isus\/#breadcrumb","itemListElement":[{"@type":"ListItem","position":1,"name":"Home","item":"https:\/\/tv.joycemeyer.org\/romana\/"},{"@type":"ListItem","position":2,"name":"Devotional","item":"https:\/\/tv.joycemeyer.org\/romana\/devotional\/"},{"@type":"ListItem","position":3,"name":"\u00cenva\u021b\u0103 din rug\u0103ciunile lui Isus"}]},{"@type":"WebSite","@id":"https:\/\/tv.joycemeyer.org\/romana\/#website","url":"https:\/\/tv.joycemeyer.org\/romana\/","name":"Joyce Meyer Ministries - Romana","description":"Impartasindu-L pe Hristos - Iubindu-i pe oameni","potentialAction":[{"@type":"SearchAction","target":{"@type":"EntryPoint","urlTemplate":"https:\/\/tv.joycemeyer.org\/romana\/?s={search_term_string}"},"query-input":{"@type":"PropertyValueSpecification","valueRequired":true,"valueName":"search_term_string"}}],"inLanguage":"ro-RO"}]}},"_links":{"self":[{"href":"https:\/\/tv.joycemeyer.org\/romana\/wp-json\/wp\/v2\/devotional\/3203","targetHints":{"allow":["GET"]}}],"collection":[{"href":"https:\/\/tv.joycemeyer.org\/romana\/wp-json\/wp\/v2\/devotional"}],"about":[{"href":"https:\/\/tv.joycemeyer.org\/romana\/wp-json\/wp\/v2\/types\/devotional"}],"author":[{"embeddable":true,"href":"https:\/\/tv.joycemeyer.org\/romana\/wp-json\/wp\/v2\/users\/20"}],"replies":[{"embeddable":true,"href":"https:\/\/tv.joycemeyer.org\/romana\/wp-json\/wp\/v2\/comments?post=3203"}],"wp:featuredmedia":[{"embeddable":true,"href":"https:\/\/tv.joycemeyer.org\/romana\/wp-json\/wp\/v2\/media\/3204"}],"wp:attachment":[{"href":"https:\/\/tv.joycemeyer.org\/romana\/wp-json\/wp\/v2\/media?parent=3203"}],"curies":[{"name":"wp","href":"https:\/\/api.w.org\/{rel}","templated":true}]}}