{"id":3227,"date":"2024-09-27T00:01:13","date_gmt":"2024-09-27T00:01:13","guid":{"rendered":"https:\/\/tv.joycemeyer.org\/romana\/?post_type=devotional&#038;p=3227"},"modified":"2024-09-26T20:54:16","modified_gmt":"2024-09-26T20:54:16","slug":"atitudinea-buna-aduce-eficienta","status":"publish","type":"devotional","link":"https:\/\/tv.joycemeyer.org\/romana\/devotional\/atitudinea-buna-aduce-eficienta\/","title":{"rendered":"Atitudinea bun\u0103 aduce eficien\u021b\u0103"},"content":{"rendered":"<blockquote><p>Ascult\u0103-mi rug\u0103ciunea, Dumnezeule, ia aminte la cuvintele gurii mele. (Psalmul 54:2)<\/p><\/blockquote>\n<p>To\u021bi ne dorim ca rug\u0103ciunile noastre s\u0103 aib\u0103 efect \u0219i vrem s\u0103 putem vorbi cu Dumnezeu \u00een a\u0219a fel \u00eenc\u00e2t s\u0103 \u00een\u021belegem voia \u0219i planurile Sale pentru noi \u0219i pentru cei din jur. Biblia spune: \u201eRug\u0103ciunea unui om corect este dinamic\u0103 \u0219i are efect.\u201d (Iacov 5:16 BVA) Dac\u0103 vrem s\u0103 avem rug\u0103ciuni care au efect, atunci trebuie s\u0103 \u0219tim ce poate s\u0103 le fac\u0103 ineficiente. Nu toate rug\u0103ciunile noastre au efect; de exemplu, uneori vrem ceva at\u00e2t de mult \u00eenc\u00e2t nu reu\u0219im s\u0103 ne rug\u0103m dup\u0103 voia lui Dumnezeu \u2013 \u0219i acele rug\u0103ciuni nu au efect. Uneori suntem a\u0219a de sup\u0103ra\u021bi sau r\u0103ni\u021bi, \u00eenc\u00e2t spunem rug\u0103ciuni care se bazeaz\u0103 pe emo\u021biile noastre, \u00een loc s\u0103 se bazeze pe Cuv\u00e2ntul lui Dumnezeu sau pe inima Lui \u2013 \u0219i nici aceste rug\u0103ciuni nu au efectul dorit.<\/p>\n<p>Prin Cuv\u00e2ntul S\u0103u, Dumnezeu ne spune ce s\u0103 facem pentru a avea rug\u0103ciuni cu efect. Acesta nu rezult\u0103 din urmarea formulelor sau a respect\u0103rii unor principii. Rug\u0103ciunea care are efect se bazeaz\u0103 pe Cuv\u00e2ntul lui Dumnezeu: este simpl\u0103, sincer\u0103 \u0219i plin\u0103 de credin\u021b\u0103; nu are nimic de-a face cu regulile, ci trebuie s\u0103 vin\u0103 dintr-o atitudine corect\u0103.<\/p>\n<hr \/>\n<p>Cuv\u00e2ntul lui Dumnezeu pentru ast\u0103zi: O atitudine proast\u0103 poate fi schimbat\u0103, dac\u0103 decidem s\u0103 o schimb\u0103m.<\/p>\n","protected":false},"excerpt":{"rendered":"<p>To\u021bi  ne dorim ca rug\u0103ciunile noastre s\u0103 aib\u0103 efect \u0219i vrem s\u0103 putem vorbi cu Dumnezeu \u00een a\u0219a fel \u00eenc\u00e2t s\u0103 \u00een\u021belegem voia \u0219i planurile Sale pentru noi \u0219i pentru cei din jur.<\/p>\n","protected":false},"author":20,"featured_media":3228,"parent":0,"menu_order":0,"comment_status":"closed","ping_status":"closed","template":"","class_list":["post-3227","devotional","type-devotional","status-publish","has-post-thumbnail","hentry"],"acf":[],"appp":{"post_detail":{"above_title":"<div class=\"post-featured-wrap\"><img width=\"1024\" height=\"597\" src=\"https:\/\/tv.joycemeyer.org\/romana\/wp-content\/uploads\/sites\/51\/2024\/09\/2366-1024x597.jpg\" class=\"post-featured wp-post-image\" alt=\"\" decoding=\"async\" srcset=\"https:\/\/tv.joycemeyer.org\/romana\/wp-content\/uploads\/sites\/51\/2024\/09\/2366-1024x597.jpg 1024w, https:\/\/tv.joycemeyer.org\/romana\/wp-content\/uploads\/sites\/51\/2024\/09\/2366-300x175.jpg 300w, https:\/\/tv.joycemeyer.org\/romana\/wp-content\/uploads\/sites\/51\/2024\/09\/2366-768x448.jpg 768w, https:\/\/tv.joycemeyer.org\/romana\/wp-content\/uploads\/sites\/51\/2024\/09\/2366-1536x896.jpg 1536w, https:\/\/tv.joycemeyer.org\/romana\/wp-content\/uploads\/sites\/51\/2024\/09\/2366.jpg 1800w\" sizes=\"(max-width: 1024px) 100vw, 1024px\" \/><\/div>","below_content":""}},"yoast_head":"<!-- This site is optimized with the Yoast SEO plugin v28.2 - https:\/\/yoast.com\/product\/yoast-seo-wordpress\/ -->\n<title>Atitudinea bun\u0103 aduce eficien\u021b\u0103 - Joyce Meyer Ministries - Romana<\/title>\n<meta name=\"robots\" content=\"index, follow, max-snippet:-1, max-image-preview:large, max-video-preview:-1\" \/>\n<link rel=\"canonical\" href=\"https:\/\/tv.joycemeyer.org\/romana\/devotional\/atitudinea-buna-aduce-eficienta\/\" \/>\n<meta property=\"og:locale\" content=\"ro_RO\" \/>\n<meta property=\"og:type\" content=\"article\" \/>\n<meta property=\"og:title\" content=\"Atitudinea bun\u0103 aduce eficien\u021b\u0103 - Joyce Meyer Ministries - Romana\" \/>\n<meta property=\"og:description\" content=\"To\u021bi ne dorim ca rug\u0103ciunile noastre s\u0103 aib\u0103 efect \u0219i vrem s\u0103 putem vorbi cu Dumnezeu \u00een a\u0219a fel \u00eenc\u00e2t s\u0103 \u00een\u021belegem voia \u0219i planurile Sale pentru noi \u0219i pentru cei din jur.\" \/>\n<meta property=\"og:url\" content=\"https:\/\/tv.joycemeyer.org\/romana\/devotional\/atitudinea-buna-aduce-eficienta\/\" \/>\n<meta property=\"og:site_name\" content=\"Joyce Meyer Ministries - Romana\" \/>\n<meta property=\"og:image\" content=\"https:\/\/tv.joycemeyer.org\/romana\/wp-content\/uploads\/sites\/51\/2024\/09\/2366.jpg\" \/>\n\t<meta property=\"og:image:width\" content=\"1800\" \/>\n\t<meta property=\"og:image:height\" content=\"1050\" \/>\n\t<meta property=\"og:image:type\" content=\"image\/jpeg\" \/>\n<meta name=\"twitter:card\" content=\"summary_large_image\" \/>\n<meta name=\"twitter:label1\" content=\"Timp estimat pentru citire\" \/>\n\t<meta name=\"twitter:data1\" content=\"2 minute\" \/>\n<script type=\"application\/ld+json\" class=\"yoast-schema-graph\">{\"@context\":\"https:\\\/\\\/schema.org\",\"@graph\":[{\"@type\":\"WebPage\",\"@id\":\"https:\\\/\\\/tv.joycemeyer.org\\\/romana\\\/devotional\\\/atitudinea-buna-aduce-eficienta\\\/\",\"url\":\"https:\\\/\\\/tv.joycemeyer.org\\\/romana\\\/devotional\\\/atitudinea-buna-aduce-eficienta\\\/\",\"name\":\"Atitudinea bun\u0103 aduce eficien\u021b\u0103 - Joyce Meyer Ministries - Romana\",\"isPartOf\":{\"@id\":\"https:\\\/\\\/tv.joycemeyer.org\\\/romana\\\/#website\"},\"primaryImageOfPage\":{\"@id\":\"https:\\\/\\\/tv.joycemeyer.org\\\/romana\\\/devotional\\\/atitudinea-buna-aduce-eficienta\\\/#primaryimage\"},\"image\":{\"@id\":\"https:\\\/\\\/tv.joycemeyer.org\\\/romana\\\/devotional\\\/atitudinea-buna-aduce-eficienta\\\/#primaryimage\"},\"thumbnailUrl\":\"https:\\\/\\\/tv.joycemeyer.org\\\/romana\\\/wp-content\\\/uploads\\\/sites\\\/51\\\/2024\\\/09\\\/2366.jpg\",\"datePublished\":\"2024-09-27T00:01:13+00:00\",\"breadcrumb\":{\"@id\":\"https:\\\/\\\/tv.joycemeyer.org\\\/romana\\\/devotional\\\/atitudinea-buna-aduce-eficienta\\\/#breadcrumb\"},\"inLanguage\":\"ro-RO\",\"potentialAction\":[{\"@type\":\"ReadAction\",\"target\":[\"https:\\\/\\\/tv.joycemeyer.org\\\/romana\\\/devotional\\\/atitudinea-buna-aduce-eficienta\\\/\"]}]},{\"@type\":\"ImageObject\",\"inLanguage\":\"ro-RO\",\"@id\":\"https:\\\/\\\/tv.joycemeyer.org\\\/romana\\\/devotional\\\/atitudinea-buna-aduce-eficienta\\\/#primaryimage\",\"url\":\"https:\\\/\\\/tv.joycemeyer.org\\\/romana\\\/wp-content\\\/uploads\\\/sites\\\/51\\\/2024\\\/09\\\/2366.jpg\",\"contentUrl\":\"https:\\\/\\\/tv.joycemeyer.org\\\/romana\\\/wp-content\\\/uploads\\\/sites\\\/51\\\/2024\\\/09\\\/2366.jpg\",\"width\":1800,\"height\":1050,\"caption\":\"Atitudinea bun\u0103 aduce eficien\u021b\u0103\"},{\"@type\":\"BreadcrumbList\",\"@id\":\"https:\\\/\\\/tv.joycemeyer.org\\\/romana\\\/devotional\\\/atitudinea-buna-aduce-eficienta\\\/#breadcrumb\",\"itemListElement\":[{\"@type\":\"ListItem\",\"position\":1,\"name\":\"Home\",\"item\":\"https:\\\/\\\/tv.joycemeyer.org\\\/romana\\\/\"},{\"@type\":\"ListItem\",\"position\":2,\"name\":\"Devotional\",\"item\":\"https:\\\/\\\/tv.joycemeyer.org\\\/romana\\\/devotional\\\/\"},{\"@type\":\"ListItem\",\"position\":3,\"name\":\"Atitudinea bun\u0103 aduce eficien\u021b\u0103\"}]},{\"@type\":\"WebSite\",\"@id\":\"https:\\\/\\\/tv.joycemeyer.org\\\/romana\\\/#website\",\"url\":\"https:\\\/\\\/tv.joycemeyer.org\\\/romana\\\/\",\"name\":\"Joyce Meyer Ministries - Romana\",\"description\":\"Impartasindu-L pe Hristos - Iubindu-i pe oameni\",\"potentialAction\":[{\"@type\":\"SearchAction\",\"target\":{\"@type\":\"EntryPoint\",\"urlTemplate\":\"https:\\\/\\\/tv.joycemeyer.org\\\/romana\\\/?s={search_term_string}\"},\"query-input\":{\"@type\":\"PropertyValueSpecification\",\"valueRequired\":true,\"valueName\":\"search_term_string\"}}],\"inLanguage\":\"ro-RO\"}]}<\/script>\n<!-- \/ Yoast SEO plugin. -->","yoast_head_json":{"title":"Atitudinea bun\u0103 aduce eficien\u021b\u0103 - Joyce Meyer Ministries - Romana","robots":{"index":"index","follow":"follow","max-snippet":"max-snippet:-1","max-image-preview":"max-image-preview:large","max-video-preview":"max-video-preview:-1"},"canonical":"https:\/\/tv.joycemeyer.org\/romana\/devotional\/atitudinea-buna-aduce-eficienta\/","og_locale":"ro_RO","og_type":"article","og_title":"Atitudinea bun\u0103 aduce eficien\u021b\u0103 - Joyce Meyer Ministries - Romana","og_description":"To\u021bi ne dorim ca rug\u0103ciunile noastre s\u0103 aib\u0103 efect \u0219i vrem s\u0103 putem vorbi cu Dumnezeu \u00een a\u0219a fel \u00eenc\u00e2t s\u0103 \u00een\u021belegem voia \u0219i planurile Sale pentru noi \u0219i pentru cei din jur.","og_url":"https:\/\/tv.joycemeyer.org\/romana\/devotional\/atitudinea-buna-aduce-eficienta\/","og_site_name":"Joyce Meyer Ministries - Romana","og_image":[{"width":1800,"height":1050,"url":"https:\/\/tv.joycemeyer.org\/romana\/wp-content\/uploads\/sites\/51\/2024\/09\/2366.jpg","type":"image\/jpeg"}],"twitter_card":"summary_large_image","twitter_misc":{"Timp estimat pentru citire":"2 minute"},"schema":{"@context":"https:\/\/schema.org","@graph":[{"@type":"WebPage","@id":"https:\/\/tv.joycemeyer.org\/romana\/devotional\/atitudinea-buna-aduce-eficienta\/","url":"https:\/\/tv.joycemeyer.org\/romana\/devotional\/atitudinea-buna-aduce-eficienta\/","name":"Atitudinea bun\u0103 aduce eficien\u021b\u0103 - Joyce Meyer Ministries - Romana","isPartOf":{"@id":"https:\/\/tv.joycemeyer.org\/romana\/#website"},"primaryImageOfPage":{"@id":"https:\/\/tv.joycemeyer.org\/romana\/devotional\/atitudinea-buna-aduce-eficienta\/#primaryimage"},"image":{"@id":"https:\/\/tv.joycemeyer.org\/romana\/devotional\/atitudinea-buna-aduce-eficienta\/#primaryimage"},"thumbnailUrl":"https:\/\/tv.joycemeyer.org\/romana\/wp-content\/uploads\/sites\/51\/2024\/09\/2366.jpg","datePublished":"2024-09-27T00:01:13+00:00","breadcrumb":{"@id":"https:\/\/tv.joycemeyer.org\/romana\/devotional\/atitudinea-buna-aduce-eficienta\/#breadcrumb"},"inLanguage":"ro-RO","potentialAction":[{"@type":"ReadAction","target":["https:\/\/tv.joycemeyer.org\/romana\/devotional\/atitudinea-buna-aduce-eficienta\/"]}]},{"@type":"ImageObject","inLanguage":"ro-RO","@id":"https:\/\/tv.joycemeyer.org\/romana\/devotional\/atitudinea-buna-aduce-eficienta\/#primaryimage","url":"https:\/\/tv.joycemeyer.org\/romana\/wp-content\/uploads\/sites\/51\/2024\/09\/2366.jpg","contentUrl":"https:\/\/tv.joycemeyer.org\/romana\/wp-content\/uploads\/sites\/51\/2024\/09\/2366.jpg","width":1800,"height":1050,"caption":"Atitudinea bun\u0103 aduce eficien\u021b\u0103"},{"@type":"BreadcrumbList","@id":"https:\/\/tv.joycemeyer.org\/romana\/devotional\/atitudinea-buna-aduce-eficienta\/#breadcrumb","itemListElement":[{"@type":"ListItem","position":1,"name":"Home","item":"https:\/\/tv.joycemeyer.org\/romana\/"},{"@type":"ListItem","position":2,"name":"Devotional","item":"https:\/\/tv.joycemeyer.org\/romana\/devotional\/"},{"@type":"ListItem","position":3,"name":"Atitudinea bun\u0103 aduce eficien\u021b\u0103"}]},{"@type":"WebSite","@id":"https:\/\/tv.joycemeyer.org\/romana\/#website","url":"https:\/\/tv.joycemeyer.org\/romana\/","name":"Joyce Meyer Ministries - Romana","description":"Impartasindu-L pe Hristos - Iubindu-i pe oameni","potentialAction":[{"@type":"SearchAction","target":{"@type":"EntryPoint","urlTemplate":"https:\/\/tv.joycemeyer.org\/romana\/?s={search_term_string}"},"query-input":{"@type":"PropertyValueSpecification","valueRequired":true,"valueName":"search_term_string"}}],"inLanguage":"ro-RO"}]}},"_links":{"self":[{"href":"https:\/\/tv.joycemeyer.org\/romana\/wp-json\/wp\/v2\/devotional\/3227","targetHints":{"allow":["GET"]}}],"collection":[{"href":"https:\/\/tv.joycemeyer.org\/romana\/wp-json\/wp\/v2\/devotional"}],"about":[{"href":"https:\/\/tv.joycemeyer.org\/romana\/wp-json\/wp\/v2\/types\/devotional"}],"author":[{"embeddable":true,"href":"https:\/\/tv.joycemeyer.org\/romana\/wp-json\/wp\/v2\/users\/20"}],"replies":[{"embeddable":true,"href":"https:\/\/tv.joycemeyer.org\/romana\/wp-json\/wp\/v2\/comments?post=3227"}],"wp:featuredmedia":[{"embeddable":true,"href":"https:\/\/tv.joycemeyer.org\/romana\/wp-json\/wp\/v2\/media\/3228"}],"wp:attachment":[{"href":"https:\/\/tv.joycemeyer.org\/romana\/wp-json\/wp\/v2\/media?parent=3227"}],"curies":[{"name":"wp","href":"https:\/\/api.w.org\/{rel}","templated":true}]}}