{"id":541,"date":"2021-07-29T01:01:46","date_gmt":"2021-07-29T01:01:46","guid":{"rendered":"https:\/\/tv.joycemeyer.org\/romana\/?post_type=devotional&#038;p=541"},"modified":"2021-07-29T13:01:32","modified_gmt":"2021-07-29T13:01:32","slug":"indemnati-va-unii-pe-altii","status":"publish","type":"devotional","link":"https:\/\/tv.joycemeyer.org\/romana\/devotional\/indemnati-va-unii-pe-altii\/","title":{"rendered":"\u00cendemna\u021bi-v\u0103 unii pe al\u021bii"},"content":{"rendered":"<p><strong>S\u0103 veghem unii asupra altora, ca s\u0103 ne \u00eendemn\u0103m la dragoste \u015fi la fapte bune. \u2013 Evrei 10:24<\/strong><\/p>\n<p>Am trei prietene cu care uneori iau masa sau mergem la cafea. De obicei, vorbim despre lucrurile pe care Domnul le-a pus pe inima noastr\u0103 s\u0103 le facem sau despre idei creative \u0219i\u00a0 moduri noi prin care s\u0103 fim o binecuv\u00e2ntare. Cred c\u0103 astfel de conversa\u021bii sunt pl\u0103cute \u00eenaintea lui Dumnezeu.<\/p>\n<p>Nu este nou\u0103 ideea de a-i \u00eencuraja pe al\u021bii pentru a face fapte bune. Evrei 10:24 spune c\u0103 ar trebui s\u0103 lu\u0103m \u00een considerare a ne \u00eencuraja unii pe al\u021bii la dragoste \u0219i fapte bune. De fapt, ar trebui chiar s\u0103 studiem \u0219i s\u0103 ne g\u00e2ndim cum am putea s\u0103 \u00eei \u00eendemn\u0103m pe al\u021bii s\u0103 fac\u0103 fapte bune \u0219i lucr\u0103ri pline de dragoste, prin care s\u0103-i ajute pe semenii lor.<\/p>\n<p>A-L urma pe Dumnezeu este un lucru m\u0103re\u021b, dar am constatat c\u0103 este mult mai pl\u0103cut c\u00e2nd faci acest lucru al\u0103turi de prieteni. Doresc s\u0103 te provoc s\u0103 g\u0103se\u0219ti oameni care g\u00e2ndesc ca tine \u0219i care doresc s\u0103 \u00cel urmeze pe Dumnezeu. Planifica\u021bi \u00eent\u00e2lniri \u00een care s\u0103 g\u0103si\u021bi \u00eempreun\u0103 c\u0103i practice pentru a tr\u0103i via\u021ba de credin\u021b\u0103. G\u0103si\u021bi moduri \u00een care s\u0103-L pute\u021bi sluji pe Dumnezeu \u00eempreun\u0103, tr\u0103ind \u00een dragostea Lui.<\/p>\n<p><strong>Rug\u0103ciune<\/strong><\/p>\n<p><em>Duhule Sf\u00e2nt, pune-m\u0103 al\u0103turi de prietenii care m\u0103 vor ajuta s\u0103 Te urmez \u00eendeaproape. Doresc s\u0103 tr\u0103iesc via\u021ba de credin\u021b\u0103 al\u0103turi de ei, \u00eendemn\u00e2ndu-ne unii pe al\u021bii s\u0103 tr\u0103im prin dragostea lui Dumnezeu.\u00a0 <\/em><\/p>\n","protected":false},"excerpt":{"rendered":"<p>Am trei prietene cu care uneori iau masa sau mergem la cafea &#8230;<\/p>\n","protected":false},"author":15,"featured_media":542,"parent":0,"menu_order":0,"comment_status":"closed","ping_status":"closed","template":"","class_list":["post-541","devotional","type-devotional","status-publish","has-post-thumbnail","hentry"],"acf":[],"appp":{"post_detail":{"above_title":"<div class=\"post-featured-wrap\"><img width=\"960\" height=\"639\" src=\"https:\/\/tv.joycemeyer.org\/romana\/wp-content\/uploads\/sites\/51\/2019\/07\/507.jpg\" class=\"post-featured wp-post-image\" alt=\"\u00cendemna\u021bi-v\u0103 unii pe al\u021bii\" decoding=\"async\" srcset=\"https:\/\/tv.joycemeyer.org\/romana\/wp-content\/uploads\/sites\/51\/2019\/07\/507.jpg 960w, https:\/\/tv.joycemeyer.org\/romana\/wp-content\/uploads\/sites\/51\/2019\/07\/507-300x200.jpg 300w, https:\/\/tv.joycemeyer.org\/romana\/wp-content\/uploads\/sites\/51\/2019\/07\/507-768x511.jpg 768w\" sizes=\"(max-width: 960px) 100vw, 960px\" \/><\/div>","below_content":""}},"yoast_head":"<!-- This site is optimized with the Yoast SEO plugin v27.4 - https:\/\/yoast.com\/product\/yoast-seo-wordpress\/ -->\n<title>\u00cendemna\u021bi-v\u0103 unii pe al\u021bii - Joyce Meyer Ministries - Romana<\/title>\n<meta name=\"robots\" content=\"index, follow, max-snippet:-1, max-image-preview:large, max-video-preview:-1\" \/>\n<link rel=\"canonical\" href=\"https:\/\/tv.joycemeyer.org\/romana\/devotional\/indemnati-va-unii-pe-altii\/\" \/>\n<meta property=\"og:locale\" content=\"ro_RO\" \/>\n<meta property=\"og:type\" content=\"article\" \/>\n<meta property=\"og:title\" content=\"\u00cendemna\u021bi-v\u0103 unii pe al\u021bii - Joyce Meyer Ministries - Romana\" \/>\n<meta property=\"og:description\" content=\"Am trei prietene cu care uneori iau masa sau mergem la cafea ...\" \/>\n<meta property=\"og:url\" content=\"https:\/\/tv.joycemeyer.org\/romana\/devotional\/indemnati-va-unii-pe-altii\/\" \/>\n<meta property=\"og:site_name\" content=\"Joyce Meyer Ministries - Romana\" \/>\n<meta property=\"article:modified_time\" content=\"2021-07-29T13:01:32+00:00\" \/>\n<meta property=\"og:image\" content=\"https:\/\/tv.joycemeyer.org\/romana\/wp-content\/uploads\/sites\/51\/2019\/07\/507.jpg\" \/>\n\t<meta property=\"og:image:width\" content=\"960\" \/>\n\t<meta property=\"og:image:height\" content=\"639\" \/>\n\t<meta property=\"og:image:type\" content=\"image\/jpeg\" \/>\n<meta name=\"twitter:card\" content=\"summary_large_image\" \/>\n<meta name=\"twitter:label1\" content=\"Timp estimat pentru citire\" \/>\n\t<meta name=\"twitter:data1\" content=\"1 minut\" \/>\n<script type=\"application\/ld+json\" class=\"yoast-schema-graph\">{\"@context\":\"https:\\\/\\\/schema.org\",\"@graph\":[{\"@type\":\"WebPage\",\"@id\":\"https:\\\/\\\/tv.joycemeyer.org\\\/romana\\\/devotional\\\/indemnati-va-unii-pe-altii\\\/\",\"url\":\"https:\\\/\\\/tv.joycemeyer.org\\\/romana\\\/devotional\\\/indemnati-va-unii-pe-altii\\\/\",\"name\":\"\u00cendemna\u021bi-v\u0103 unii pe al\u021bii - Joyce Meyer Ministries - Romana\",\"isPartOf\":{\"@id\":\"https:\\\/\\\/tv.joycemeyer.org\\\/romana\\\/#website\"},\"primaryImageOfPage\":{\"@id\":\"https:\\\/\\\/tv.joycemeyer.org\\\/romana\\\/devotional\\\/indemnati-va-unii-pe-altii\\\/#primaryimage\"},\"image\":{\"@id\":\"https:\\\/\\\/tv.joycemeyer.org\\\/romana\\\/devotional\\\/indemnati-va-unii-pe-altii\\\/#primaryimage\"},\"thumbnailUrl\":\"https:\\\/\\\/tv.joycemeyer.org\\\/romana\\\/wp-content\\\/uploads\\\/sites\\\/51\\\/2019\\\/07\\\/507.jpg\",\"datePublished\":\"2021-07-29T01:01:46+00:00\",\"dateModified\":\"2021-07-29T13:01:32+00:00\",\"breadcrumb\":{\"@id\":\"https:\\\/\\\/tv.joycemeyer.org\\\/romana\\\/devotional\\\/indemnati-va-unii-pe-altii\\\/#breadcrumb\"},\"inLanguage\":\"ro-RO\",\"potentialAction\":[{\"@type\":\"ReadAction\",\"target\":[\"https:\\\/\\\/tv.joycemeyer.org\\\/romana\\\/devotional\\\/indemnati-va-unii-pe-altii\\\/\"]}]},{\"@type\":\"ImageObject\",\"inLanguage\":\"ro-RO\",\"@id\":\"https:\\\/\\\/tv.joycemeyer.org\\\/romana\\\/devotional\\\/indemnati-va-unii-pe-altii\\\/#primaryimage\",\"url\":\"https:\\\/\\\/tv.joycemeyer.org\\\/romana\\\/wp-content\\\/uploads\\\/sites\\\/51\\\/2019\\\/07\\\/507.jpg\",\"contentUrl\":\"https:\\\/\\\/tv.joycemeyer.org\\\/romana\\\/wp-content\\\/uploads\\\/sites\\\/51\\\/2019\\\/07\\\/507.jpg\",\"width\":960,\"height\":639,\"caption\":\"\u00cendemna\u021bi-v\u0103 unii pe al\u021bii\"},{\"@type\":\"BreadcrumbList\",\"@id\":\"https:\\\/\\\/tv.joycemeyer.org\\\/romana\\\/devotional\\\/indemnati-va-unii-pe-altii\\\/#breadcrumb\",\"itemListElement\":[{\"@type\":\"ListItem\",\"position\":1,\"name\":\"Home\",\"item\":\"https:\\\/\\\/tv.joycemeyer.org\\\/romana\\\/\"},{\"@type\":\"ListItem\",\"position\":2,\"name\":\"Devotional\",\"item\":\"https:\\\/\\\/tv.joycemeyer.org\\\/romana\\\/devotional\\\/\"},{\"@type\":\"ListItem\",\"position\":3,\"name\":\"\u00cendemna\u021bi-v\u0103 unii pe al\u021bii\"}]},{\"@type\":\"WebSite\",\"@id\":\"https:\\\/\\\/tv.joycemeyer.org\\\/romana\\\/#website\",\"url\":\"https:\\\/\\\/tv.joycemeyer.org\\\/romana\\\/\",\"name\":\"Joyce Meyer Ministries - Romana\",\"description\":\"Impartasindu-L pe Hristos - Iubindu-i pe oameni\",\"potentialAction\":[{\"@type\":\"SearchAction\",\"target\":{\"@type\":\"EntryPoint\",\"urlTemplate\":\"https:\\\/\\\/tv.joycemeyer.org\\\/romana\\\/?s={search_term_string}\"},\"query-input\":{\"@type\":\"PropertyValueSpecification\",\"valueRequired\":true,\"valueName\":\"search_term_string\"}}],\"inLanguage\":\"ro-RO\"}]}<\/script>\n<!-- \/ Yoast SEO plugin. -->","yoast_head_json":{"title":"\u00cendemna\u021bi-v\u0103 unii pe al\u021bii - Joyce Meyer Ministries - Romana","robots":{"index":"index","follow":"follow","max-snippet":"max-snippet:-1","max-image-preview":"max-image-preview:large","max-video-preview":"max-video-preview:-1"},"canonical":"https:\/\/tv.joycemeyer.org\/romana\/devotional\/indemnati-va-unii-pe-altii\/","og_locale":"ro_RO","og_type":"article","og_title":"\u00cendemna\u021bi-v\u0103 unii pe al\u021bii - Joyce Meyer Ministries - Romana","og_description":"Am trei prietene cu care uneori iau masa sau mergem la cafea ...","og_url":"https:\/\/tv.joycemeyer.org\/romana\/devotional\/indemnati-va-unii-pe-altii\/","og_site_name":"Joyce Meyer Ministries - Romana","article_modified_time":"2021-07-29T13:01:32+00:00","og_image":[{"width":960,"height":639,"url":"https:\/\/tv.joycemeyer.org\/romana\/wp-content\/uploads\/sites\/51\/2019\/07\/507.jpg","type":"image\/jpeg"}],"twitter_card":"summary_large_image","twitter_misc":{"Timp estimat pentru citire":"1 minut"},"schema":{"@context":"https:\/\/schema.org","@graph":[{"@type":"WebPage","@id":"https:\/\/tv.joycemeyer.org\/romana\/devotional\/indemnati-va-unii-pe-altii\/","url":"https:\/\/tv.joycemeyer.org\/romana\/devotional\/indemnati-va-unii-pe-altii\/","name":"\u00cendemna\u021bi-v\u0103 unii pe al\u021bii - Joyce Meyer Ministries - Romana","isPartOf":{"@id":"https:\/\/tv.joycemeyer.org\/romana\/#website"},"primaryImageOfPage":{"@id":"https:\/\/tv.joycemeyer.org\/romana\/devotional\/indemnati-va-unii-pe-altii\/#primaryimage"},"image":{"@id":"https:\/\/tv.joycemeyer.org\/romana\/devotional\/indemnati-va-unii-pe-altii\/#primaryimage"},"thumbnailUrl":"https:\/\/tv.joycemeyer.org\/romana\/wp-content\/uploads\/sites\/51\/2019\/07\/507.jpg","datePublished":"2021-07-29T01:01:46+00:00","dateModified":"2021-07-29T13:01:32+00:00","breadcrumb":{"@id":"https:\/\/tv.joycemeyer.org\/romana\/devotional\/indemnati-va-unii-pe-altii\/#breadcrumb"},"inLanguage":"ro-RO","potentialAction":[{"@type":"ReadAction","target":["https:\/\/tv.joycemeyer.org\/romana\/devotional\/indemnati-va-unii-pe-altii\/"]}]},{"@type":"ImageObject","inLanguage":"ro-RO","@id":"https:\/\/tv.joycemeyer.org\/romana\/devotional\/indemnati-va-unii-pe-altii\/#primaryimage","url":"https:\/\/tv.joycemeyer.org\/romana\/wp-content\/uploads\/sites\/51\/2019\/07\/507.jpg","contentUrl":"https:\/\/tv.joycemeyer.org\/romana\/wp-content\/uploads\/sites\/51\/2019\/07\/507.jpg","width":960,"height":639,"caption":"\u00cendemna\u021bi-v\u0103 unii pe al\u021bii"},{"@type":"BreadcrumbList","@id":"https:\/\/tv.joycemeyer.org\/romana\/devotional\/indemnati-va-unii-pe-altii\/#breadcrumb","itemListElement":[{"@type":"ListItem","position":1,"name":"Home","item":"https:\/\/tv.joycemeyer.org\/romana\/"},{"@type":"ListItem","position":2,"name":"Devotional","item":"https:\/\/tv.joycemeyer.org\/romana\/devotional\/"},{"@type":"ListItem","position":3,"name":"\u00cendemna\u021bi-v\u0103 unii pe al\u021bii"}]},{"@type":"WebSite","@id":"https:\/\/tv.joycemeyer.org\/romana\/#website","url":"https:\/\/tv.joycemeyer.org\/romana\/","name":"Joyce Meyer Ministries - Romana","description":"Impartasindu-L pe Hristos - Iubindu-i pe oameni","potentialAction":[{"@type":"SearchAction","target":{"@type":"EntryPoint","urlTemplate":"https:\/\/tv.joycemeyer.org\/romana\/?s={search_term_string}"},"query-input":{"@type":"PropertyValueSpecification","valueRequired":true,"valueName":"search_term_string"}}],"inLanguage":"ro-RO"}]}},"_links":{"self":[{"href":"https:\/\/tv.joycemeyer.org\/romana\/wp-json\/wp\/v2\/devotional\/541","targetHints":{"allow":["GET"]}}],"collection":[{"href":"https:\/\/tv.joycemeyer.org\/romana\/wp-json\/wp\/v2\/devotional"}],"about":[{"href":"https:\/\/tv.joycemeyer.org\/romana\/wp-json\/wp\/v2\/types\/devotional"}],"author":[{"embeddable":true,"href":"https:\/\/tv.joycemeyer.org\/romana\/wp-json\/wp\/v2\/users\/15"}],"replies":[{"embeddable":true,"href":"https:\/\/tv.joycemeyer.org\/romana\/wp-json\/wp\/v2\/comments?post=541"}],"wp:featuredmedia":[{"embeddable":true,"href":"https:\/\/tv.joycemeyer.org\/romana\/wp-json\/wp\/v2\/media\/542"}],"wp:attachment":[{"href":"https:\/\/tv.joycemeyer.org\/romana\/wp-json\/wp\/v2\/media?parent=541"}],"curies":[{"name":"wp","href":"https:\/\/api.w.org\/{rel}","templated":true}]}}