{"id":623,"date":"2026-09-01T00:01:55","date_gmt":"2026-09-01T00:01:55","guid":{"rendered":"https:\/\/tv.joycemeyer.org\/romana\/?post_type=devotional&#038;p=623"},"modified":"2026-01-15T21:34:02","modified_gmt":"2026-01-15T21:34:02","slug":"spune-ceea-ce-spune-dumnezeu","status":"publish","type":"devotional","link":"https:\/\/tv.joycemeyer.org\/romana\/devotional\/spune-ceea-ce-spune-dumnezeu\/","title":{"rendered":"Spune ceea ce spune Dumnezeu"},"content":{"rendered":"<blockquote><p>Cartea aceasta a Legii s\u0103 nu se dep\u0103rteze de gura ta; cuget\u0103 asupra ei zi \u015fi noapte, c\u0103ut\u00e2nd s\u0103 faci tot ce este scris \u00een ea; c\u0103ci atunci vei izb\u00e2ndi \u00een toate lucr\u0103rile tale \u015fi atunci vei lucra cu \u00een\u0163elepciune. \u2013 Iosua 1:8<\/p><\/blockquote>\n<p>Cu c\u00e2t petrecem mai mult timp medit\u00e2nd la Cuv\u00e2ntul lui Dumnezeu dar \u0219i rostindu-L, cu\u00a0 at\u00e2t mai mult \u00eei vom vedea beneficiile \u00een via\u021ba de fiecare zi \u0219i \u00een rela\u021bia noastr\u0103 cu El. Dumnezeu a promis c\u0103 \u00een felul acesta putem prospera (Iosua 1:8)!<\/p>\n<p>Pot m\u0103rturisi c\u0103 acest lucru este adev\u0103rat. De-a lungul anilor am trecut prin nenum\u0103rate \u00eencerc\u0103ri, prin momente devastatoare, dar \u00een final, crez\u00e2nd \u0219i m\u0103rturisind Cuv\u00e2ntul lui Dumnezeu peste via\u021ba mea, am ie\u0219it biruitoare. C\u00e2nd rostim cu voce tare Cuv\u00e2ntul, ceva m\u0103re\u021b se \u00eent\u00e2mpl\u0103, pentru c\u0103 \u00eenv\u0103\u021b\u0103m s\u0103 facem din cuvintele Scripturii m\u0103rturisirea noastr\u0103 de credin\u021b\u0103 \u0219i s\u0103 g\u00e2ndim inten\u021bionat g\u00e2nduri drepte.<\/p>\n<p>Este bine s\u0103 cite\u0219ti Cuv\u00e2ntul \u0219i s\u0103 \u00eel prime\u0219ti \u00een inima ta, \u00eens\u0103 c\u00e2nd \u00eel m\u0103rturise\u0219ti cu gura ta, interac\u021bionezi \u00een mod activ cu ceea ce Dumnezeu a spus \u0219i eliberezi puterea respectivului verset \u00een via\u021ba ta.<\/p>\n<p>Te \u00eencurajez s\u0103 petreci timp citind \u0219i medit\u00e2nd asupra Cuv\u00e2ntului, \u00eembib\u00e2ndu-\u021bi g\u00e2ndurile cu el, dar te \u00eencurajez s\u0103-l \u0219i roste\u0219ti. Po\u021bi lucra la schimbarea vie\u021bii tale spun\u00e2nd ceea ce spune Dumnezeu. Cite\u0219te Cuv\u00e2ntul \u0219i roste\u0219te-l ast\u0103zi peste circumstan\u021bele din via\u021ba ta.<\/p>\n<hr \/>\n<p>Rug\u0103ciune<\/p>\n<p>Doamne, doresc s\u0103 eliberezi puterea Cuv\u00e2ntului T\u0103u \u00een via\u021ba mea. Voi citi Cuv\u00e2ntul \u0219i voi medita la el, dar aleg ast\u0103zi s\u0103-L \u0219i rostesc peste via\u021ba mea.<\/p>\n","protected":false},"excerpt":{"rendered":"<p>Cu c\u00e2t petrecem mai mult timp medit\u00e2nd la Cuv\u00e2ntul lui Dumnezeu dar \u0219i rostindu-L &#8230;<\/p>\n","protected":false},"author":15,"featured_media":624,"parent":0,"menu_order":0,"comment_status":"closed","ping_status":"closed","template":"","class_list":["post-623","devotional","type-devotional","status-publish","has-post-thumbnail","hentry"],"acf":[],"appp":{"post_detail":{"above_title":"<div class=\"post-featured-wrap\"><img width=\"960\" height=\"539\" src=\"https:\/\/tv.joycemeyer.org\/romana\/wp-content\/uploads\/sites\/51\/2019\/08\/1130.jpg\" class=\"post-featured wp-post-image\" alt=\"Spune ceea ce spune Dumnezeu\" decoding=\"async\" srcset=\"https:\/\/tv.joycemeyer.org\/romana\/wp-content\/uploads\/sites\/51\/2019\/08\/1130.jpg 960w, https:\/\/tv.joycemeyer.org\/romana\/wp-content\/uploads\/sites\/51\/2019\/08\/1130-300x168.jpg 300w, https:\/\/tv.joycemeyer.org\/romana\/wp-content\/uploads\/sites\/51\/2019\/08\/1130-768x431.jpg 768w, https:\/\/tv.joycemeyer.org\/romana\/wp-content\/uploads\/sites\/51\/2019\/08\/1130-640x360.jpg 640w\" sizes=\"(max-width: 960px) 100vw, 960px\" \/><\/div>","below_content":"<div class=\"follow\"><ul class=\"nav nav--social nav--flex\"><\/ul><\/div>"}},"yoast_head":"<!-- This site is optimized with the Yoast SEO plugin v28.2 - https:\/\/yoast.com\/product\/yoast-seo-wordpress\/ -->\n<title>Spune ceea ce spune Dumnezeu - Joyce Meyer Ministries - Romana<\/title>\n<meta name=\"robots\" content=\"index, follow, max-snippet:-1, max-image-preview:large, max-video-preview:-1\" \/>\n<link rel=\"canonical\" href=\"https:\/\/tv.joycemeyer.org\/romana\/devotional\/spune-ceea-ce-spune-dumnezeu\/\" \/>\n<meta property=\"og:locale\" content=\"ro_RO\" \/>\n<meta property=\"og:type\" content=\"article\" \/>\n<meta property=\"og:title\" content=\"Spune ceea ce spune Dumnezeu - Joyce Meyer Ministries - Romana\" \/>\n<meta property=\"og:description\" content=\"Cu c\u00e2t petrecem mai mult timp medit\u00e2nd la Cuv\u00e2ntul lui Dumnezeu dar \u0219i rostindu-L ...\" \/>\n<meta property=\"og:url\" content=\"https:\/\/tv.joycemeyer.org\/romana\/devotional\/spune-ceea-ce-spune-dumnezeu\/\" \/>\n<meta property=\"og:site_name\" content=\"Joyce Meyer Ministries - Romana\" \/>\n<meta property=\"og:image\" content=\"https:\/\/tv.joycemeyer.org\/romana\/wp-content\/uploads\/sites\/51\/2019\/08\/1130.jpg\" \/>\n\t<meta property=\"og:image:width\" content=\"960\" \/>\n\t<meta property=\"og:image:height\" content=\"539\" \/>\n\t<meta property=\"og:image:type\" content=\"image\/jpeg\" \/>\n<meta name=\"twitter:card\" content=\"summary_large_image\" \/>\n<meta name=\"twitter:label1\" content=\"Timp estimat pentru citire\" \/>\n\t<meta name=\"twitter:data1\" content=\"2 minute\" \/>\n<script type=\"application\/ld+json\" class=\"yoast-schema-graph\">{\"@context\":\"https:\\\/\\\/schema.org\",\"@graph\":[{\"@type\":\"WebPage\",\"@id\":\"https:\\\/\\\/tv.joycemeyer.org\\\/romana\\\/devotional\\\/spune-ceea-ce-spune-dumnezeu\\\/\",\"url\":\"https:\\\/\\\/tv.joycemeyer.org\\\/romana\\\/devotional\\\/spune-ceea-ce-spune-dumnezeu\\\/\",\"name\":\"Spune ceea ce spune Dumnezeu - Joyce Meyer Ministries - Romana\",\"isPartOf\":{\"@id\":\"https:\\\/\\\/tv.joycemeyer.org\\\/romana\\\/#website\"},\"primaryImageOfPage\":{\"@id\":\"https:\\\/\\\/tv.joycemeyer.org\\\/romana\\\/devotional\\\/spune-ceea-ce-spune-dumnezeu\\\/#primaryimage\"},\"image\":{\"@id\":\"https:\\\/\\\/tv.joycemeyer.org\\\/romana\\\/devotional\\\/spune-ceea-ce-spune-dumnezeu\\\/#primaryimage\"},\"thumbnailUrl\":\"https:\\\/\\\/tv.joycemeyer.org\\\/romana\\\/wp-content\\\/uploads\\\/sites\\\/51\\\/2019\\\/08\\\/1130.jpg\",\"datePublished\":\"2026-09-01T00:01:55+00:00\",\"breadcrumb\":{\"@id\":\"https:\\\/\\\/tv.joycemeyer.org\\\/romana\\\/devotional\\\/spune-ceea-ce-spune-dumnezeu\\\/#breadcrumb\"},\"inLanguage\":\"ro-RO\",\"potentialAction\":[{\"@type\":\"ReadAction\",\"target\":[\"https:\\\/\\\/tv.joycemeyer.org\\\/romana\\\/devotional\\\/spune-ceea-ce-spune-dumnezeu\\\/\"]}]},{\"@type\":\"ImageObject\",\"inLanguage\":\"ro-RO\",\"@id\":\"https:\\\/\\\/tv.joycemeyer.org\\\/romana\\\/devotional\\\/spune-ceea-ce-spune-dumnezeu\\\/#primaryimage\",\"url\":\"https:\\\/\\\/tv.joycemeyer.org\\\/romana\\\/wp-content\\\/uploads\\\/sites\\\/51\\\/2019\\\/08\\\/1130.jpg\",\"contentUrl\":\"https:\\\/\\\/tv.joycemeyer.org\\\/romana\\\/wp-content\\\/uploads\\\/sites\\\/51\\\/2019\\\/08\\\/1130.jpg\",\"width\":960,\"height\":539,\"caption\":\"Spune ceea ce spune Dumnezeu\"},{\"@type\":\"BreadcrumbList\",\"@id\":\"https:\\\/\\\/tv.joycemeyer.org\\\/romana\\\/devotional\\\/spune-ceea-ce-spune-dumnezeu\\\/#breadcrumb\",\"itemListElement\":[{\"@type\":\"ListItem\",\"position\":1,\"name\":\"Home\",\"item\":\"https:\\\/\\\/tv.joycemeyer.org\\\/romana\\\/\"},{\"@type\":\"ListItem\",\"position\":2,\"name\":\"Devotional\",\"item\":\"https:\\\/\\\/tv.joycemeyer.org\\\/romana\\\/devotional\\\/\"},{\"@type\":\"ListItem\",\"position\":3,\"name\":\"Spune ceea ce spune Dumnezeu\"}]},{\"@type\":\"WebSite\",\"@id\":\"https:\\\/\\\/tv.joycemeyer.org\\\/romana\\\/#website\",\"url\":\"https:\\\/\\\/tv.joycemeyer.org\\\/romana\\\/\",\"name\":\"Joyce Meyer Ministries - Romana\",\"description\":\"Impartasindu-L pe Hristos - Iubindu-i pe oameni\",\"potentialAction\":[{\"@type\":\"SearchAction\",\"target\":{\"@type\":\"EntryPoint\",\"urlTemplate\":\"https:\\\/\\\/tv.joycemeyer.org\\\/romana\\\/?s={search_term_string}\"},\"query-input\":{\"@type\":\"PropertyValueSpecification\",\"valueRequired\":true,\"valueName\":\"search_term_string\"}}],\"inLanguage\":\"ro-RO\"}]}<\/script>\n<!-- \/ Yoast SEO plugin. -->","yoast_head_json":{"title":"Spune ceea ce spune Dumnezeu - Joyce Meyer Ministries - Romana","robots":{"index":"index","follow":"follow","max-snippet":"max-snippet:-1","max-image-preview":"max-image-preview:large","max-video-preview":"max-video-preview:-1"},"canonical":"https:\/\/tv.joycemeyer.org\/romana\/devotional\/spune-ceea-ce-spune-dumnezeu\/","og_locale":"ro_RO","og_type":"article","og_title":"Spune ceea ce spune Dumnezeu - Joyce Meyer Ministries - Romana","og_description":"Cu c\u00e2t petrecem mai mult timp medit\u00e2nd la Cuv\u00e2ntul lui Dumnezeu dar \u0219i rostindu-L ...","og_url":"https:\/\/tv.joycemeyer.org\/romana\/devotional\/spune-ceea-ce-spune-dumnezeu\/","og_site_name":"Joyce Meyer Ministries - Romana","og_image":[{"width":960,"height":539,"url":"https:\/\/tv.joycemeyer.org\/romana\/wp-content\/uploads\/sites\/51\/2019\/08\/1130.jpg","type":"image\/jpeg"}],"twitter_card":"summary_large_image","twitter_misc":{"Timp estimat pentru citire":"2 minute"},"schema":{"@context":"https:\/\/schema.org","@graph":[{"@type":"WebPage","@id":"https:\/\/tv.joycemeyer.org\/romana\/devotional\/spune-ceea-ce-spune-dumnezeu\/","url":"https:\/\/tv.joycemeyer.org\/romana\/devotional\/spune-ceea-ce-spune-dumnezeu\/","name":"Spune ceea ce spune Dumnezeu - Joyce Meyer Ministries - Romana","isPartOf":{"@id":"https:\/\/tv.joycemeyer.org\/romana\/#website"},"primaryImageOfPage":{"@id":"https:\/\/tv.joycemeyer.org\/romana\/devotional\/spune-ceea-ce-spune-dumnezeu\/#primaryimage"},"image":{"@id":"https:\/\/tv.joycemeyer.org\/romana\/devotional\/spune-ceea-ce-spune-dumnezeu\/#primaryimage"},"thumbnailUrl":"https:\/\/tv.joycemeyer.org\/romana\/wp-content\/uploads\/sites\/51\/2019\/08\/1130.jpg","datePublished":"2026-09-01T00:01:55+00:00","breadcrumb":{"@id":"https:\/\/tv.joycemeyer.org\/romana\/devotional\/spune-ceea-ce-spune-dumnezeu\/#breadcrumb"},"inLanguage":"ro-RO","potentialAction":[{"@type":"ReadAction","target":["https:\/\/tv.joycemeyer.org\/romana\/devotional\/spune-ceea-ce-spune-dumnezeu\/"]}]},{"@type":"ImageObject","inLanguage":"ro-RO","@id":"https:\/\/tv.joycemeyer.org\/romana\/devotional\/spune-ceea-ce-spune-dumnezeu\/#primaryimage","url":"https:\/\/tv.joycemeyer.org\/romana\/wp-content\/uploads\/sites\/51\/2019\/08\/1130.jpg","contentUrl":"https:\/\/tv.joycemeyer.org\/romana\/wp-content\/uploads\/sites\/51\/2019\/08\/1130.jpg","width":960,"height":539,"caption":"Spune ceea ce spune Dumnezeu"},{"@type":"BreadcrumbList","@id":"https:\/\/tv.joycemeyer.org\/romana\/devotional\/spune-ceea-ce-spune-dumnezeu\/#breadcrumb","itemListElement":[{"@type":"ListItem","position":1,"name":"Home","item":"https:\/\/tv.joycemeyer.org\/romana\/"},{"@type":"ListItem","position":2,"name":"Devotional","item":"https:\/\/tv.joycemeyer.org\/romana\/devotional\/"},{"@type":"ListItem","position":3,"name":"Spune ceea ce spune Dumnezeu"}]},{"@type":"WebSite","@id":"https:\/\/tv.joycemeyer.org\/romana\/#website","url":"https:\/\/tv.joycemeyer.org\/romana\/","name":"Joyce Meyer Ministries - Romana","description":"Impartasindu-L pe Hristos - Iubindu-i pe oameni","potentialAction":[{"@type":"SearchAction","target":{"@type":"EntryPoint","urlTemplate":"https:\/\/tv.joycemeyer.org\/romana\/?s={search_term_string}"},"query-input":{"@type":"PropertyValueSpecification","valueRequired":true,"valueName":"search_term_string"}}],"inLanguage":"ro-RO"}]}},"_links":{"self":[{"href":"https:\/\/tv.joycemeyer.org\/romana\/wp-json\/wp\/v2\/devotional\/623","targetHints":{"allow":["GET"]}}],"collection":[{"href":"https:\/\/tv.joycemeyer.org\/romana\/wp-json\/wp\/v2\/devotional"}],"about":[{"href":"https:\/\/tv.joycemeyer.org\/romana\/wp-json\/wp\/v2\/types\/devotional"}],"author":[{"embeddable":true,"href":"https:\/\/tv.joycemeyer.org\/romana\/wp-json\/wp\/v2\/users\/15"}],"replies":[{"embeddable":true,"href":"https:\/\/tv.joycemeyer.org\/romana\/wp-json\/wp\/v2\/comments?post=623"}],"wp:featuredmedia":[{"embeddable":true,"href":"https:\/\/tv.joycemeyer.org\/romana\/wp-json\/wp\/v2\/media\/624"}],"wp:attachment":[{"href":"https:\/\/tv.joycemeyer.org\/romana\/wp-json\/wp\/v2\/media?parent=623"}],"curies":[{"name":"wp","href":"https:\/\/api.w.org\/{rel}","templated":true}]}}