{"id":625,"date":"2026-09-02T00:01:14","date_gmt":"2026-09-02T00:01:14","guid":{"rendered":"https:\/\/tv.joycemeyer.org\/romana\/?post_type=devotional&#038;p=625"},"modified":"2026-01-15T21:34:18","modified_gmt":"2026-01-15T21:34:18","slug":"dumnezeu-desface-legaturile","status":"publish","type":"devotional","link":"https:\/\/tv.joycemeyer.org\/romana\/devotional\/dumnezeu-desface-legaturile\/","title":{"rendered":"Dumnezeu desface leg\u0103turile, una c\u00e2te una"},"content":{"rendered":"<blockquote><p>Domnul s\u0103 v\u0103 \u00eendrepte inimile spre dragostea lui Dumnezeu \u015fi spre r\u0103bdarea lui Hristos! \u2013 2 Tesaloniceni 3:5<\/p><\/blockquote>\n<p>Imagineaz\u0103-\u021bi via\u021ba ca pe o \u00eencurc\u0103tur\u0103 de \u0219ireturi \u00een diferite culori, toate \u00eenodate. Fiecare nod reprezit\u0103 c\u00e2te o problem\u0103, iar procesul deznod\u0103rii \u0219i \u00eendrept\u0103rii acelor \u0219ireturi necesit\u0103 timp \u0219i efort. A necesitat un timp s\u0103 faci acele noduri \u0219i, de asemenea, va fi nevoie de timp pentru a le deznoda.<\/p>\n<p>\u00cen societatea noastr\u0103 modern\u0103 a instantaneelor, avem tendin\u021ba de a s\u0103ri de la un lucru la altul; Dumnezeu \u00eens\u0103, nu Se gr\u0103be\u0219te niciodat\u0103. El nu renun\u021b\u0103 \u0219i r\u0103bdarea Lui nu se termin\u0103. El Se va ocupa pe r\u00e2nd de c\u00e2te un lucru din via\u021ba noastr\u0103, dup\u0103 care ne va l\u0103sa s\u0103 ne odihnim \u2013 \u00eens\u0103 nu prea mult. Apoi, va reveni s\u0103 lucreze asupra unei alte probleme, \u0219i pe r\u00e2nd, va continua s\u0103 deznoade fiecare nod.<\/p>\n<p>Uneori pare c\u0103 nu faci niciun progres, \u00eens\u0103 Dumnezeu desface nodurile pe r\u00e2nd. Las\u0103 ca r\u0103bdarea ce vine de la El s\u0103 lucreze \u00een tine, \u0219i mai devreme sau mai t\u00e2rziu, vei vedea victorie \u00een via\u021ba ta \u0219i vei experimenta libertatea pe care ai a\u0219teptat-o a\u0219a de mult.<\/p>\n<hr \/>\n<p>Rug\u0103ciune<\/p>\n<p>Doamne, m\u0103 bucur c\u0103 desfaci toate nodurile din via\u021ba mea, ca s\u0103 mi-o \u00eendrep\u021bi. Ajut\u0103-m\u0103 s\u0103 dezvolt r\u0103bdare \u0219i statornicie, \u00een timp ce Tu continui s\u0103 lucrezi \u00een via\u021ba mea.<\/p>\n","protected":false},"excerpt":{"rendered":"<p>Imagineaz\u0103-\u021bi via\u021ba ca pe o \u00eencurc\u0103tur\u0103 de \u0219ireturi \u00een diferite culori, toate \u00eenodate &#8230;<\/p>\n","protected":false},"author":15,"featured_media":626,"parent":0,"menu_order":0,"comment_status":"closed","ping_status":"closed","template":"","class_list":["post-625","devotional","type-devotional","status-publish","has-post-thumbnail","hentry"],"acf":[],"appp":{"post_detail":{"above_title":"<div class=\"post-featured-wrap\"><img width=\"960\" height=\"540\" src=\"https:\/\/tv.joycemeyer.org\/romana\/wp-content\/uploads\/sites\/51\/2019\/08\/1150.jpg\" class=\"post-featured wp-post-image\" alt=\"Dumnezeu desface leg\u0103turile, una c\u00e2te una\" decoding=\"async\" srcset=\"https:\/\/tv.joycemeyer.org\/romana\/wp-content\/uploads\/sites\/51\/2019\/08\/1150.jpg 960w, https:\/\/tv.joycemeyer.org\/romana\/wp-content\/uploads\/sites\/51\/2019\/08\/1150-300x169.jpg 300w, https:\/\/tv.joycemeyer.org\/romana\/wp-content\/uploads\/sites\/51\/2019\/08\/1150-768x432.jpg 768w, https:\/\/tv.joycemeyer.org\/romana\/wp-content\/uploads\/sites\/51\/2019\/08\/1150-640x360.jpg 640w\" sizes=\"(max-width: 960px) 100vw, 960px\" \/><\/div>","below_content":"<div class=\"follow\"><ul class=\"nav nav--social nav--flex\"><\/ul><\/div>"}},"yoast_head":"<!-- This site is optimized with the Yoast SEO plugin v28.2 - https:\/\/yoast.com\/product\/yoast-seo-wordpress\/ -->\n<title>Dumnezeu desface leg\u0103turile, una c\u00e2te una - Joyce Meyer Ministries - Romana<\/title>\n<meta name=\"robots\" content=\"index, follow, max-snippet:-1, max-image-preview:large, max-video-preview:-1\" \/>\n<link rel=\"canonical\" href=\"https:\/\/tv.joycemeyer.org\/romana\/devotional\/dumnezeu-desface-legaturile\/\" \/>\n<meta property=\"og:locale\" content=\"ro_RO\" \/>\n<meta property=\"og:type\" content=\"article\" \/>\n<meta property=\"og:title\" content=\"Dumnezeu desface leg\u0103turile, una c\u00e2te una - Joyce Meyer Ministries - Romana\" \/>\n<meta property=\"og:description\" content=\"Imagineaz\u0103-\u021bi via\u021ba ca pe o \u00eencurc\u0103tur\u0103 de \u0219ireturi \u00een diferite culori, toate \u00eenodate ...\" \/>\n<meta property=\"og:url\" content=\"https:\/\/tv.joycemeyer.org\/romana\/devotional\/dumnezeu-desface-legaturile\/\" \/>\n<meta property=\"og:site_name\" content=\"Joyce Meyer Ministries - Romana\" \/>\n<meta property=\"og:image\" content=\"https:\/\/tv.joycemeyer.org\/romana\/wp-content\/uploads\/sites\/51\/2019\/08\/1150.jpg\" \/>\n\t<meta property=\"og:image:width\" content=\"960\" \/>\n\t<meta property=\"og:image:height\" content=\"540\" \/>\n\t<meta property=\"og:image:type\" content=\"image\/jpeg\" \/>\n<meta name=\"twitter:card\" content=\"summary_large_image\" \/>\n<meta name=\"twitter:label1\" content=\"Timp estimat pentru citire\" \/>\n\t<meta name=\"twitter:data1\" content=\"2 minute\" \/>\n<script type=\"application\/ld+json\" class=\"yoast-schema-graph\">{\"@context\":\"https:\\\/\\\/schema.org\",\"@graph\":[{\"@type\":\"WebPage\",\"@id\":\"https:\\\/\\\/tv.joycemeyer.org\\\/romana\\\/devotional\\\/dumnezeu-desface-legaturile\\\/\",\"url\":\"https:\\\/\\\/tv.joycemeyer.org\\\/romana\\\/devotional\\\/dumnezeu-desface-legaturile\\\/\",\"name\":\"Dumnezeu desface leg\u0103turile, una c\u00e2te una - Joyce Meyer Ministries - Romana\",\"isPartOf\":{\"@id\":\"https:\\\/\\\/tv.joycemeyer.org\\\/romana\\\/#website\"},\"primaryImageOfPage\":{\"@id\":\"https:\\\/\\\/tv.joycemeyer.org\\\/romana\\\/devotional\\\/dumnezeu-desface-legaturile\\\/#primaryimage\"},\"image\":{\"@id\":\"https:\\\/\\\/tv.joycemeyer.org\\\/romana\\\/devotional\\\/dumnezeu-desface-legaturile\\\/#primaryimage\"},\"thumbnailUrl\":\"https:\\\/\\\/tv.joycemeyer.org\\\/romana\\\/wp-content\\\/uploads\\\/sites\\\/51\\\/2019\\\/08\\\/1150.jpg\",\"datePublished\":\"2026-09-02T00:01:14+00:00\",\"breadcrumb\":{\"@id\":\"https:\\\/\\\/tv.joycemeyer.org\\\/romana\\\/devotional\\\/dumnezeu-desface-legaturile\\\/#breadcrumb\"},\"inLanguage\":\"ro-RO\",\"potentialAction\":[{\"@type\":\"ReadAction\",\"target\":[\"https:\\\/\\\/tv.joycemeyer.org\\\/romana\\\/devotional\\\/dumnezeu-desface-legaturile\\\/\"]}]},{\"@type\":\"ImageObject\",\"inLanguage\":\"ro-RO\",\"@id\":\"https:\\\/\\\/tv.joycemeyer.org\\\/romana\\\/devotional\\\/dumnezeu-desface-legaturile\\\/#primaryimage\",\"url\":\"https:\\\/\\\/tv.joycemeyer.org\\\/romana\\\/wp-content\\\/uploads\\\/sites\\\/51\\\/2019\\\/08\\\/1150.jpg\",\"contentUrl\":\"https:\\\/\\\/tv.joycemeyer.org\\\/romana\\\/wp-content\\\/uploads\\\/sites\\\/51\\\/2019\\\/08\\\/1150.jpg\",\"width\":960,\"height\":540,\"caption\":\"Dumnezeu desface leg\u0103turile, una c\u00e2te una\"},{\"@type\":\"BreadcrumbList\",\"@id\":\"https:\\\/\\\/tv.joycemeyer.org\\\/romana\\\/devotional\\\/dumnezeu-desface-legaturile\\\/#breadcrumb\",\"itemListElement\":[{\"@type\":\"ListItem\",\"position\":1,\"name\":\"Home\",\"item\":\"https:\\\/\\\/tv.joycemeyer.org\\\/romana\\\/\"},{\"@type\":\"ListItem\",\"position\":2,\"name\":\"Devotional\",\"item\":\"https:\\\/\\\/tv.joycemeyer.org\\\/romana\\\/devotional\\\/\"},{\"@type\":\"ListItem\",\"position\":3,\"name\":\"Dumnezeu desface leg\u0103turile, una c\u00e2te una\"}]},{\"@type\":\"WebSite\",\"@id\":\"https:\\\/\\\/tv.joycemeyer.org\\\/romana\\\/#website\",\"url\":\"https:\\\/\\\/tv.joycemeyer.org\\\/romana\\\/\",\"name\":\"Joyce Meyer Ministries - Romana\",\"description\":\"Impartasindu-L pe Hristos - Iubindu-i pe oameni\",\"potentialAction\":[{\"@type\":\"SearchAction\",\"target\":{\"@type\":\"EntryPoint\",\"urlTemplate\":\"https:\\\/\\\/tv.joycemeyer.org\\\/romana\\\/?s={search_term_string}\"},\"query-input\":{\"@type\":\"PropertyValueSpecification\",\"valueRequired\":true,\"valueName\":\"search_term_string\"}}],\"inLanguage\":\"ro-RO\"}]}<\/script>\n<!-- \/ Yoast SEO plugin. -->","yoast_head_json":{"title":"Dumnezeu desface leg\u0103turile, una c\u00e2te una - Joyce Meyer Ministries - Romana","robots":{"index":"index","follow":"follow","max-snippet":"max-snippet:-1","max-image-preview":"max-image-preview:large","max-video-preview":"max-video-preview:-1"},"canonical":"https:\/\/tv.joycemeyer.org\/romana\/devotional\/dumnezeu-desface-legaturile\/","og_locale":"ro_RO","og_type":"article","og_title":"Dumnezeu desface leg\u0103turile, una c\u00e2te una - Joyce Meyer Ministries - Romana","og_description":"Imagineaz\u0103-\u021bi via\u021ba ca pe o \u00eencurc\u0103tur\u0103 de \u0219ireturi \u00een diferite culori, toate \u00eenodate ...","og_url":"https:\/\/tv.joycemeyer.org\/romana\/devotional\/dumnezeu-desface-legaturile\/","og_site_name":"Joyce Meyer Ministries - Romana","og_image":[{"width":960,"height":540,"url":"https:\/\/tv.joycemeyer.org\/romana\/wp-content\/uploads\/sites\/51\/2019\/08\/1150.jpg","type":"image\/jpeg"}],"twitter_card":"summary_large_image","twitter_misc":{"Timp estimat pentru citire":"2 minute"},"schema":{"@context":"https:\/\/schema.org","@graph":[{"@type":"WebPage","@id":"https:\/\/tv.joycemeyer.org\/romana\/devotional\/dumnezeu-desface-legaturile\/","url":"https:\/\/tv.joycemeyer.org\/romana\/devotional\/dumnezeu-desface-legaturile\/","name":"Dumnezeu desface leg\u0103turile, una c\u00e2te una - Joyce Meyer Ministries - Romana","isPartOf":{"@id":"https:\/\/tv.joycemeyer.org\/romana\/#website"},"primaryImageOfPage":{"@id":"https:\/\/tv.joycemeyer.org\/romana\/devotional\/dumnezeu-desface-legaturile\/#primaryimage"},"image":{"@id":"https:\/\/tv.joycemeyer.org\/romana\/devotional\/dumnezeu-desface-legaturile\/#primaryimage"},"thumbnailUrl":"https:\/\/tv.joycemeyer.org\/romana\/wp-content\/uploads\/sites\/51\/2019\/08\/1150.jpg","datePublished":"2026-09-02T00:01:14+00:00","breadcrumb":{"@id":"https:\/\/tv.joycemeyer.org\/romana\/devotional\/dumnezeu-desface-legaturile\/#breadcrumb"},"inLanguage":"ro-RO","potentialAction":[{"@type":"ReadAction","target":["https:\/\/tv.joycemeyer.org\/romana\/devotional\/dumnezeu-desface-legaturile\/"]}]},{"@type":"ImageObject","inLanguage":"ro-RO","@id":"https:\/\/tv.joycemeyer.org\/romana\/devotional\/dumnezeu-desface-legaturile\/#primaryimage","url":"https:\/\/tv.joycemeyer.org\/romana\/wp-content\/uploads\/sites\/51\/2019\/08\/1150.jpg","contentUrl":"https:\/\/tv.joycemeyer.org\/romana\/wp-content\/uploads\/sites\/51\/2019\/08\/1150.jpg","width":960,"height":540,"caption":"Dumnezeu desface leg\u0103turile, una c\u00e2te una"},{"@type":"BreadcrumbList","@id":"https:\/\/tv.joycemeyer.org\/romana\/devotional\/dumnezeu-desface-legaturile\/#breadcrumb","itemListElement":[{"@type":"ListItem","position":1,"name":"Home","item":"https:\/\/tv.joycemeyer.org\/romana\/"},{"@type":"ListItem","position":2,"name":"Devotional","item":"https:\/\/tv.joycemeyer.org\/romana\/devotional\/"},{"@type":"ListItem","position":3,"name":"Dumnezeu desface leg\u0103turile, una c\u00e2te una"}]},{"@type":"WebSite","@id":"https:\/\/tv.joycemeyer.org\/romana\/#website","url":"https:\/\/tv.joycemeyer.org\/romana\/","name":"Joyce Meyer Ministries - Romana","description":"Impartasindu-L pe Hristos - Iubindu-i pe oameni","potentialAction":[{"@type":"SearchAction","target":{"@type":"EntryPoint","urlTemplate":"https:\/\/tv.joycemeyer.org\/romana\/?s={search_term_string}"},"query-input":{"@type":"PropertyValueSpecification","valueRequired":true,"valueName":"search_term_string"}}],"inLanguage":"ro-RO"}]}},"_links":{"self":[{"href":"https:\/\/tv.joycemeyer.org\/romana\/wp-json\/wp\/v2\/devotional\/625","targetHints":{"allow":["GET"]}}],"collection":[{"href":"https:\/\/tv.joycemeyer.org\/romana\/wp-json\/wp\/v2\/devotional"}],"about":[{"href":"https:\/\/tv.joycemeyer.org\/romana\/wp-json\/wp\/v2\/types\/devotional"}],"author":[{"embeddable":true,"href":"https:\/\/tv.joycemeyer.org\/romana\/wp-json\/wp\/v2\/users\/15"}],"replies":[{"embeddable":true,"href":"https:\/\/tv.joycemeyer.org\/romana\/wp-json\/wp\/v2\/comments?post=625"}],"wp:featuredmedia":[{"embeddable":true,"href":"https:\/\/tv.joycemeyer.org\/romana\/wp-json\/wp\/v2\/media\/626"}],"wp:attachment":[{"href":"https:\/\/tv.joycemeyer.org\/romana\/wp-json\/wp\/v2\/media?parent=625"}],"curies":[{"name":"wp","href":"https:\/\/api.w.org\/{rel}","templated":true}]}}