{"id":627,"date":"2026-09-03T00:01:55","date_gmt":"2026-09-03T00:01:55","guid":{"rendered":"https:\/\/tv.joycemeyer.org\/romana\/?post_type=devotional&#038;p=627"},"modified":"2026-01-15T21:34:35","modified_gmt":"2026-01-15T21:34:35","slug":"cum-iertarea-si-rabdarea-iti-pot","status":"publish","type":"devotional","link":"https:\/\/tv.joycemeyer.org\/romana\/devotional\/cum-iertarea-si-rabdarea-iti-pot\/","title":{"rendered":"Cum iertarea \u0219i r\u0103bdarea \u00ee\u021bi pot ajuta c\u0103snicia"},"content":{"rendered":"<blockquote><p>Unii, fiindc\u0103 s-au dep\u0103rtat de aceste lucruri, au r\u0103t\u0103cit \u015fi s-au apucat de flec\u0103rii. \u2013 1 Timotei 1:6<\/p><\/blockquote>\n<p>C\u00e2nd unul dintre parteneri r\u0103m\u00e2ne ag\u0103\u021bat de ofensa \u0219i durerea pe care cel\u0103lalt i-a provocat-o, nivelul de calitate\u00a0 al c\u0103sniciei este sc\u0103zut. \u0218tiu c\u0103 este greu s\u0103 te deschizi dup\u0103 ce ai fost r\u0103nit, \u00eens\u0103 nimeni nu promite c\u0103 nu vei fi r\u0103nit c\u00e2nd iube\u0219ti pe cineva. De fapt, nu po\u021bi iubi cu adev\u0103rat\u00a0 f\u0103r\u0103 a fi dispus s\u0103 fii \u0219i r\u0103nit. E imposibil.<\/p>\n<p>Dragostea adev\u0103rat\u0103 demonstraz\u0103 mil\u0103 \u0219i iertare. Dragostea continu\u0103 s\u0103 d\u0103ruiasc\u0103 celuilalt \u00eenc\u0103 o \u0219ans\u0103. Dragostea este gata s\u0103 se \u00eencread\u0103 \u00een cel\u0103lalt din nou \u0219i din nou, a\u0219tept\u00e2nd ca data viitoare s\u0103 fac\u0103 lucrul corect \u0219i n\u0103d\u0103jduind spre ce este mai bun.<\/p>\n<p>S-ar putea ca \u00een c\u0103snicia ta s\u0103 existe multe r\u0103ni ale trecutului amestecate cu micile gre\u0219eli zilnice. Totu\u0219i, trebuie s\u0103 decizi s\u0103 dai drumul la ceea ce te \u021bine \u0219i te irit\u0103. Roag\u0103-te apoi \u0219i spijine\u0219te-te pe Domnul ca s\u0103 \u00ee\u021bi dea har \u0219i putere s\u0103 ier\u021bi cu adev\u0103rat.<\/p>\n<p>Dac\u0103 \u00een c\u0103snicie te lup\u021bi cu neiertarea, roag\u0103-L pe Domnul s\u0103-\u021bi arate ce a cauzat am\u0103r\u0103ciune \u0219i resentimente. Vei fi surprins de ceea ce Dumnezeu \u00ee\u021bi va descoperi \u0219i c\u00e2nd vei vedea adev\u0103rul, alege s\u0103 dai drumul ofensei. Decide s\u0103 \u00ee\u021bi ier\u021bi partenerul \u0219i s\u0103 ai r\u0103bdare, \u00een timp ce \u00eel tratezi cu dragostea necondi\u021bionat\u0103 \u0219i uimitoare a lui Dumnezeu.<\/p>\n<hr \/>\n<p>Rug\u0103ciune<\/p>\n<p>Doamne, pentru c\u0103snicia mea, \u00eemi doresc s\u0103 fie c\u00e2t se poate de bun\u0103. Ajut\u0103-m\u0103 s\u0103 ier \u0219i s\u0103 am r\u0103bdare, pentru a-mi iubi partenerul a\u0219a cum Tu dore\u0219ti.<\/p>\n","protected":false},"excerpt":{"rendered":"<p>C\u00e2nd unul dintre parteneri r\u0103m\u00e2ne ag\u0103\u021bat de ofensa \u0219i durerea pe care cel\u0103lalt i-a provocat-o &#8230;<\/p>\n","protected":false},"author":15,"featured_media":628,"parent":0,"menu_order":0,"comment_status":"closed","ping_status":"closed","template":"","class_list":["post-627","devotional","type-devotional","status-publish","has-post-thumbnail","hentry"],"acf":[],"appp":{"post_detail":{"above_title":"<div class=\"post-featured-wrap\"><img width=\"960\" height=\"540\" src=\"https:\/\/tv.joycemeyer.org\/romana\/wp-content\/uploads\/sites\/51\/2019\/08\/1095.jpg\" class=\"post-featured wp-post-image\" alt=\"Cum iertarea \u0219i r\u0103bdarea \u00ee\u021bi pot ajuta c\u0103snicia\" decoding=\"async\" srcset=\"https:\/\/tv.joycemeyer.org\/romana\/wp-content\/uploads\/sites\/51\/2019\/08\/1095.jpg 960w, https:\/\/tv.joycemeyer.org\/romana\/wp-content\/uploads\/sites\/51\/2019\/08\/1095-300x169.jpg 300w, https:\/\/tv.joycemeyer.org\/romana\/wp-content\/uploads\/sites\/51\/2019\/08\/1095-768x432.jpg 768w, https:\/\/tv.joycemeyer.org\/romana\/wp-content\/uploads\/sites\/51\/2019\/08\/1095-640x360.jpg 640w\" sizes=\"(max-width: 960px) 100vw, 960px\" \/><\/div>","below_content":"<div class=\"follow\"><ul class=\"nav nav--social nav--flex\"><\/ul><\/div>"}},"yoast_head":"<!-- This site is optimized with the Yoast SEO plugin v28.2 - https:\/\/yoast.com\/product\/yoast-seo-wordpress\/ -->\n<title>Cum iertarea \u0219i r\u0103bdarea \u00ee\u021bi pot ajuta c\u0103snicia - Joyce Meyer Ministries - Romana<\/title>\n<meta name=\"robots\" content=\"index, follow, max-snippet:-1, max-image-preview:large, max-video-preview:-1\" \/>\n<link rel=\"canonical\" href=\"https:\/\/tv.joycemeyer.org\/romana\/devotional\/cum-iertarea-si-rabdarea-iti-pot\/\" \/>\n<meta property=\"og:locale\" content=\"ro_RO\" \/>\n<meta property=\"og:type\" content=\"article\" \/>\n<meta property=\"og:title\" content=\"Cum iertarea \u0219i r\u0103bdarea \u00ee\u021bi pot ajuta c\u0103snicia - Joyce Meyer Ministries - Romana\" \/>\n<meta property=\"og:description\" content=\"C\u00e2nd unul dintre parteneri r\u0103m\u00e2ne ag\u0103\u021bat de ofensa \u0219i durerea pe care cel\u0103lalt i-a provocat-o ...\" \/>\n<meta property=\"og:url\" content=\"https:\/\/tv.joycemeyer.org\/romana\/devotional\/cum-iertarea-si-rabdarea-iti-pot\/\" \/>\n<meta property=\"og:site_name\" content=\"Joyce Meyer Ministries - Romana\" \/>\n<meta property=\"og:image\" content=\"https:\/\/tv.joycemeyer.org\/romana\/wp-content\/uploads\/sites\/51\/2019\/08\/1095.jpg\" \/>\n\t<meta property=\"og:image:width\" content=\"960\" \/>\n\t<meta property=\"og:image:height\" content=\"540\" \/>\n\t<meta property=\"og:image:type\" content=\"image\/jpeg\" \/>\n<meta name=\"twitter:card\" content=\"summary_large_image\" \/>\n<meta name=\"twitter:label1\" content=\"Timp estimat pentru citire\" \/>\n\t<meta name=\"twitter:data1\" content=\"2 minute\" \/>\n<script type=\"application\/ld+json\" class=\"yoast-schema-graph\">{\"@context\":\"https:\\\/\\\/schema.org\",\"@graph\":[{\"@type\":\"WebPage\",\"@id\":\"https:\\\/\\\/tv.joycemeyer.org\\\/romana\\\/devotional\\\/cum-iertarea-si-rabdarea-iti-pot\\\/\",\"url\":\"https:\\\/\\\/tv.joycemeyer.org\\\/romana\\\/devotional\\\/cum-iertarea-si-rabdarea-iti-pot\\\/\",\"name\":\"Cum iertarea \u0219i r\u0103bdarea \u00ee\u021bi pot ajuta c\u0103snicia - Joyce Meyer Ministries - Romana\",\"isPartOf\":{\"@id\":\"https:\\\/\\\/tv.joycemeyer.org\\\/romana\\\/#website\"},\"primaryImageOfPage\":{\"@id\":\"https:\\\/\\\/tv.joycemeyer.org\\\/romana\\\/devotional\\\/cum-iertarea-si-rabdarea-iti-pot\\\/#primaryimage\"},\"image\":{\"@id\":\"https:\\\/\\\/tv.joycemeyer.org\\\/romana\\\/devotional\\\/cum-iertarea-si-rabdarea-iti-pot\\\/#primaryimage\"},\"thumbnailUrl\":\"https:\\\/\\\/tv.joycemeyer.org\\\/romana\\\/wp-content\\\/uploads\\\/sites\\\/51\\\/2019\\\/08\\\/1095.jpg\",\"datePublished\":\"2026-09-03T00:01:55+00:00\",\"breadcrumb\":{\"@id\":\"https:\\\/\\\/tv.joycemeyer.org\\\/romana\\\/devotional\\\/cum-iertarea-si-rabdarea-iti-pot\\\/#breadcrumb\"},\"inLanguage\":\"ro-RO\",\"potentialAction\":[{\"@type\":\"ReadAction\",\"target\":[\"https:\\\/\\\/tv.joycemeyer.org\\\/romana\\\/devotional\\\/cum-iertarea-si-rabdarea-iti-pot\\\/\"]}]},{\"@type\":\"ImageObject\",\"inLanguage\":\"ro-RO\",\"@id\":\"https:\\\/\\\/tv.joycemeyer.org\\\/romana\\\/devotional\\\/cum-iertarea-si-rabdarea-iti-pot\\\/#primaryimage\",\"url\":\"https:\\\/\\\/tv.joycemeyer.org\\\/romana\\\/wp-content\\\/uploads\\\/sites\\\/51\\\/2019\\\/08\\\/1095.jpg\",\"contentUrl\":\"https:\\\/\\\/tv.joycemeyer.org\\\/romana\\\/wp-content\\\/uploads\\\/sites\\\/51\\\/2019\\\/08\\\/1095.jpg\",\"width\":960,\"height\":540,\"caption\":\"Cum iertarea \u0219i r\u0103bdarea \u00ee\u021bi pot ajuta c\u0103snicia\"},{\"@type\":\"BreadcrumbList\",\"@id\":\"https:\\\/\\\/tv.joycemeyer.org\\\/romana\\\/devotional\\\/cum-iertarea-si-rabdarea-iti-pot\\\/#breadcrumb\",\"itemListElement\":[{\"@type\":\"ListItem\",\"position\":1,\"name\":\"Home\",\"item\":\"https:\\\/\\\/tv.joycemeyer.org\\\/romana\\\/\"},{\"@type\":\"ListItem\",\"position\":2,\"name\":\"Devotional\",\"item\":\"https:\\\/\\\/tv.joycemeyer.org\\\/romana\\\/devotional\\\/\"},{\"@type\":\"ListItem\",\"position\":3,\"name\":\"Cum iertarea \u0219i r\u0103bdarea \u00ee\u021bi pot ajuta c\u0103snicia\"}]},{\"@type\":\"WebSite\",\"@id\":\"https:\\\/\\\/tv.joycemeyer.org\\\/romana\\\/#website\",\"url\":\"https:\\\/\\\/tv.joycemeyer.org\\\/romana\\\/\",\"name\":\"Joyce Meyer Ministries - Romana\",\"description\":\"Impartasindu-L pe Hristos - Iubindu-i pe oameni\",\"potentialAction\":[{\"@type\":\"SearchAction\",\"target\":{\"@type\":\"EntryPoint\",\"urlTemplate\":\"https:\\\/\\\/tv.joycemeyer.org\\\/romana\\\/?s={search_term_string}\"},\"query-input\":{\"@type\":\"PropertyValueSpecification\",\"valueRequired\":true,\"valueName\":\"search_term_string\"}}],\"inLanguage\":\"ro-RO\"}]}<\/script>\n<!-- \/ Yoast SEO plugin. -->","yoast_head_json":{"title":"Cum iertarea \u0219i r\u0103bdarea \u00ee\u021bi pot ajuta c\u0103snicia - Joyce Meyer Ministries - Romana","robots":{"index":"index","follow":"follow","max-snippet":"max-snippet:-1","max-image-preview":"max-image-preview:large","max-video-preview":"max-video-preview:-1"},"canonical":"https:\/\/tv.joycemeyer.org\/romana\/devotional\/cum-iertarea-si-rabdarea-iti-pot\/","og_locale":"ro_RO","og_type":"article","og_title":"Cum iertarea \u0219i r\u0103bdarea \u00ee\u021bi pot ajuta c\u0103snicia - Joyce Meyer Ministries - Romana","og_description":"C\u00e2nd unul dintre parteneri r\u0103m\u00e2ne ag\u0103\u021bat de ofensa \u0219i durerea pe care cel\u0103lalt i-a provocat-o ...","og_url":"https:\/\/tv.joycemeyer.org\/romana\/devotional\/cum-iertarea-si-rabdarea-iti-pot\/","og_site_name":"Joyce Meyer Ministries - Romana","og_image":[{"width":960,"height":540,"url":"https:\/\/tv.joycemeyer.org\/romana\/wp-content\/uploads\/sites\/51\/2019\/08\/1095.jpg","type":"image\/jpeg"}],"twitter_card":"summary_large_image","twitter_misc":{"Timp estimat pentru citire":"2 minute"},"schema":{"@context":"https:\/\/schema.org","@graph":[{"@type":"WebPage","@id":"https:\/\/tv.joycemeyer.org\/romana\/devotional\/cum-iertarea-si-rabdarea-iti-pot\/","url":"https:\/\/tv.joycemeyer.org\/romana\/devotional\/cum-iertarea-si-rabdarea-iti-pot\/","name":"Cum iertarea \u0219i r\u0103bdarea \u00ee\u021bi pot ajuta c\u0103snicia - Joyce Meyer Ministries - Romana","isPartOf":{"@id":"https:\/\/tv.joycemeyer.org\/romana\/#website"},"primaryImageOfPage":{"@id":"https:\/\/tv.joycemeyer.org\/romana\/devotional\/cum-iertarea-si-rabdarea-iti-pot\/#primaryimage"},"image":{"@id":"https:\/\/tv.joycemeyer.org\/romana\/devotional\/cum-iertarea-si-rabdarea-iti-pot\/#primaryimage"},"thumbnailUrl":"https:\/\/tv.joycemeyer.org\/romana\/wp-content\/uploads\/sites\/51\/2019\/08\/1095.jpg","datePublished":"2026-09-03T00:01:55+00:00","breadcrumb":{"@id":"https:\/\/tv.joycemeyer.org\/romana\/devotional\/cum-iertarea-si-rabdarea-iti-pot\/#breadcrumb"},"inLanguage":"ro-RO","potentialAction":[{"@type":"ReadAction","target":["https:\/\/tv.joycemeyer.org\/romana\/devotional\/cum-iertarea-si-rabdarea-iti-pot\/"]}]},{"@type":"ImageObject","inLanguage":"ro-RO","@id":"https:\/\/tv.joycemeyer.org\/romana\/devotional\/cum-iertarea-si-rabdarea-iti-pot\/#primaryimage","url":"https:\/\/tv.joycemeyer.org\/romana\/wp-content\/uploads\/sites\/51\/2019\/08\/1095.jpg","contentUrl":"https:\/\/tv.joycemeyer.org\/romana\/wp-content\/uploads\/sites\/51\/2019\/08\/1095.jpg","width":960,"height":540,"caption":"Cum iertarea \u0219i r\u0103bdarea \u00ee\u021bi pot ajuta c\u0103snicia"},{"@type":"BreadcrumbList","@id":"https:\/\/tv.joycemeyer.org\/romana\/devotional\/cum-iertarea-si-rabdarea-iti-pot\/#breadcrumb","itemListElement":[{"@type":"ListItem","position":1,"name":"Home","item":"https:\/\/tv.joycemeyer.org\/romana\/"},{"@type":"ListItem","position":2,"name":"Devotional","item":"https:\/\/tv.joycemeyer.org\/romana\/devotional\/"},{"@type":"ListItem","position":3,"name":"Cum iertarea \u0219i r\u0103bdarea \u00ee\u021bi pot ajuta c\u0103snicia"}]},{"@type":"WebSite","@id":"https:\/\/tv.joycemeyer.org\/romana\/#website","url":"https:\/\/tv.joycemeyer.org\/romana\/","name":"Joyce Meyer Ministries - Romana","description":"Impartasindu-L pe Hristos - Iubindu-i pe oameni","potentialAction":[{"@type":"SearchAction","target":{"@type":"EntryPoint","urlTemplate":"https:\/\/tv.joycemeyer.org\/romana\/?s={search_term_string}"},"query-input":{"@type":"PropertyValueSpecification","valueRequired":true,"valueName":"search_term_string"}}],"inLanguage":"ro-RO"}]}},"_links":{"self":[{"href":"https:\/\/tv.joycemeyer.org\/romana\/wp-json\/wp\/v2\/devotional\/627","targetHints":{"allow":["GET"]}}],"collection":[{"href":"https:\/\/tv.joycemeyer.org\/romana\/wp-json\/wp\/v2\/devotional"}],"about":[{"href":"https:\/\/tv.joycemeyer.org\/romana\/wp-json\/wp\/v2\/types\/devotional"}],"author":[{"embeddable":true,"href":"https:\/\/tv.joycemeyer.org\/romana\/wp-json\/wp\/v2\/users\/15"}],"replies":[{"embeddable":true,"href":"https:\/\/tv.joycemeyer.org\/romana\/wp-json\/wp\/v2\/comments?post=627"}],"wp:featuredmedia":[{"embeddable":true,"href":"https:\/\/tv.joycemeyer.org\/romana\/wp-json\/wp\/v2\/media\/628"}],"wp:attachment":[{"href":"https:\/\/tv.joycemeyer.org\/romana\/wp-json\/wp\/v2\/media?parent=627"}],"curies":[{"name":"wp","href":"https:\/\/api.w.org\/{rel}","templated":true}]}}