{"id":629,"date":"2026-09-04T00:01:28","date_gmt":"2026-09-04T00:01:28","guid":{"rendered":"https:\/\/tv.joycemeyer.org\/romana\/?post_type=devotional&#038;p=629"},"modified":"2026-01-15T21:34:56","modified_gmt":"2026-01-15T21:34:56","slug":"gaseste-cuvant-raspunsurile-si","status":"publish","type":"devotional","link":"https:\/\/tv.joycemeyer.org\/romana\/devotional\/gaseste-cuvant-raspunsurile-si\/","title":{"rendered":"G\u0103se\u0219te \u00een Cuv\u00e2nt r\u0103spunsurile \u0219i puterea de care ai nevoie"},"content":{"rendered":"<blockquote><p>C\u0103ci Cuv\u00e2ntul lui Dumnezeu este viu \u015fi lucr\u0103tor, mai t\u0103ietor dec\u00e2t orice sabie cu dou\u0103 t\u0103i\u015furi: p\u0103trunde p\u00e2n\u0103 acolo c\u0103 desparte sufletul \u015fi duhul, \u00eencheieturile \u015fi m\u0103duva, judec\u0103 sim\u0163irile \u015fi g\u00e2ndurile inimii. \u2013 Evrei 4:12<\/p><\/blockquote>\n<p>C\u00e2nd oameniii m\u0103 \u00eentreab\u0103 de unde s\u0103 \u00eenceap\u0103 s\u0103 citeasc\u0103 Biblia, le spun c\u0103 nu exist\u0103 un loc gre\u0219it de unde ar putea \u00eencepe. Studiaz\u0103 orice te poate ajuta!<\/p>\n<p>C\u00e2nd eu am \u00eenceput s\u0103 studiez Cuv\u00e2ntul, nu aveam rela\u021bii foarte bune, pentru c\u0103 nu \u0219tiam ce \u00eenseamn\u0103 dragostea. Astfel c\u0103, am hot\u0103r\u00e2t s\u0103 studiez acest subiect \u0219i am descoperit c\u0103 dragostea este mai mult dec\u00e2t un sentiment \u201elipicios\u201d. Este o decizie pe care o iei cu privire la cum \u00eei vei trata pe oameni.<\/p>\n<p>Studiind ce spune Biblia despre dragoste, am \u00eenv\u0103\u021bat cum s\u0103 iubesc, iar mai apoi via\u021ba mea a \u00eenceput s\u0103 se schimbe.<\/p>\n<p>Indiferent care este problema cu care te lup\u021bi, po\u021bi\u00a0 g\u0103si versete la acel subiect, folosind o concordan\u021b\u0103 biblic\u0103. De exemplu, dac\u0103 te lup\u021bi cu m\u00e2nia sau frica, deschide concorordan\u021ba biblic\u0103, localizeaz\u0103 cuvintele \u0219i versetele corespunz\u0103toare \u0219i vezi ce au de spus referitor la acest subiect. Roag\u0103-L pe Duhul Sf\u00e2nt s\u0103 te conduc\u0103 \u0219i s\u0103-\u021bi reveleze adev\u0103rul.<\/p>\n<p>Aminte\u0219te-\u021bi c\u0103, indiferent de unde \u00eencepi, Cuv\u00e2ntul este viu, iar Dumnezeu vrea s\u0103 vorbeasc\u0103 ast\u0103zi inimii tale!<\/p>\n<hr \/>\n<p>Rug\u0103ciune<\/p>\n<p>Doamne, \u0219tiu c\u0103 vrei s\u0103-mi vorbe\u0219ti. Ajut\u0103-m\u0103 s\u0103 g\u0103sesc \u00een Cuv\u00e2ntul T\u0103u puterea \u0219i \u00een\u021belepciunea de care am nevoie.<\/p>\n","protected":false},"excerpt":{"rendered":"<p>C\u00e2nd oameniii m\u0103 \u00eentreab\u0103 de unde s\u0103 \u00eenceap\u0103 s\u0103 citeasc\u0103 Biblia &#8230;<\/p>\n","protected":false},"author":15,"featured_media":630,"parent":0,"menu_order":0,"comment_status":"closed","ping_status":"closed","template":"","class_list":["post-629","devotional","type-devotional","status-publish","has-post-thumbnail","hentry"],"acf":[],"appp":{"post_detail":{"above_title":"<div class=\"post-featured-wrap\"><img width=\"960\" height=\"540\" src=\"https:\/\/tv.joycemeyer.org\/romana\/wp-content\/uploads\/sites\/51\/2019\/08\/1093.jpg\" class=\"post-featured wp-post-image\" alt=\"G\u0103se\u0219te \u00een Cuv\u00e2nt r\u0103spunsurile \u0219i puterea de care ai nevoie\" decoding=\"async\" srcset=\"https:\/\/tv.joycemeyer.org\/romana\/wp-content\/uploads\/sites\/51\/2019\/08\/1093.jpg 960w, https:\/\/tv.joycemeyer.org\/romana\/wp-content\/uploads\/sites\/51\/2019\/08\/1093-300x169.jpg 300w, https:\/\/tv.joycemeyer.org\/romana\/wp-content\/uploads\/sites\/51\/2019\/08\/1093-768x432.jpg 768w, https:\/\/tv.joycemeyer.org\/romana\/wp-content\/uploads\/sites\/51\/2019\/08\/1093-640x360.jpg 640w\" sizes=\"(max-width: 960px) 100vw, 960px\" \/><\/div>","below_content":"<div class=\"follow\"><ul class=\"nav nav--social nav--flex\"><\/ul><\/div>"}},"yoast_head":"<!-- This site is optimized with the Yoast SEO plugin v28.2 - https:\/\/yoast.com\/product\/yoast-seo-wordpress\/ -->\n<title>G\u0103se\u0219te \u00een Cuv\u00e2nt r\u0103spunsurile \u0219i puterea de care ai nevoie - Joyce Meyer Ministries - Romana<\/title>\n<meta name=\"robots\" content=\"index, follow, max-snippet:-1, max-image-preview:large, max-video-preview:-1\" \/>\n<link rel=\"canonical\" href=\"https:\/\/tv.joycemeyer.org\/romana\/devotional\/gaseste-cuvant-raspunsurile-si\/\" \/>\n<meta property=\"og:locale\" content=\"ro_RO\" \/>\n<meta property=\"og:type\" content=\"article\" \/>\n<meta property=\"og:title\" content=\"G\u0103se\u0219te \u00een Cuv\u00e2nt r\u0103spunsurile \u0219i puterea de care ai nevoie - Joyce Meyer Ministries - Romana\" \/>\n<meta property=\"og:description\" content=\"C\u00e2nd oameniii m\u0103 \u00eentreab\u0103 de unde s\u0103 \u00eenceap\u0103 s\u0103 citeasc\u0103 Biblia ...\" \/>\n<meta property=\"og:url\" content=\"https:\/\/tv.joycemeyer.org\/romana\/devotional\/gaseste-cuvant-raspunsurile-si\/\" \/>\n<meta property=\"og:site_name\" content=\"Joyce Meyer Ministries - Romana\" \/>\n<meta property=\"og:image\" content=\"https:\/\/tv.joycemeyer.org\/romana\/wp-content\/uploads\/sites\/51\/2019\/08\/1093.jpg\" \/>\n\t<meta property=\"og:image:width\" content=\"960\" \/>\n\t<meta property=\"og:image:height\" content=\"540\" \/>\n\t<meta property=\"og:image:type\" content=\"image\/jpeg\" \/>\n<meta name=\"twitter:card\" content=\"summary_large_image\" \/>\n<meta name=\"twitter:label1\" content=\"Timp estimat pentru citire\" \/>\n\t<meta name=\"twitter:data1\" content=\"2 minute\" \/>\n<script type=\"application\/ld+json\" class=\"yoast-schema-graph\">{\"@context\":\"https:\\\/\\\/schema.org\",\"@graph\":[{\"@type\":\"WebPage\",\"@id\":\"https:\\\/\\\/tv.joycemeyer.org\\\/romana\\\/devotional\\\/gaseste-cuvant-raspunsurile-si\\\/\",\"url\":\"https:\\\/\\\/tv.joycemeyer.org\\\/romana\\\/devotional\\\/gaseste-cuvant-raspunsurile-si\\\/\",\"name\":\"G\u0103se\u0219te \u00een Cuv\u00e2nt r\u0103spunsurile \u0219i puterea de care ai nevoie - Joyce Meyer Ministries - Romana\",\"isPartOf\":{\"@id\":\"https:\\\/\\\/tv.joycemeyer.org\\\/romana\\\/#website\"},\"primaryImageOfPage\":{\"@id\":\"https:\\\/\\\/tv.joycemeyer.org\\\/romana\\\/devotional\\\/gaseste-cuvant-raspunsurile-si\\\/#primaryimage\"},\"image\":{\"@id\":\"https:\\\/\\\/tv.joycemeyer.org\\\/romana\\\/devotional\\\/gaseste-cuvant-raspunsurile-si\\\/#primaryimage\"},\"thumbnailUrl\":\"https:\\\/\\\/tv.joycemeyer.org\\\/romana\\\/wp-content\\\/uploads\\\/sites\\\/51\\\/2019\\\/08\\\/1093.jpg\",\"datePublished\":\"2026-09-04T00:01:28+00:00\",\"breadcrumb\":{\"@id\":\"https:\\\/\\\/tv.joycemeyer.org\\\/romana\\\/devotional\\\/gaseste-cuvant-raspunsurile-si\\\/#breadcrumb\"},\"inLanguage\":\"ro-RO\",\"potentialAction\":[{\"@type\":\"ReadAction\",\"target\":[\"https:\\\/\\\/tv.joycemeyer.org\\\/romana\\\/devotional\\\/gaseste-cuvant-raspunsurile-si\\\/\"]}]},{\"@type\":\"ImageObject\",\"inLanguage\":\"ro-RO\",\"@id\":\"https:\\\/\\\/tv.joycemeyer.org\\\/romana\\\/devotional\\\/gaseste-cuvant-raspunsurile-si\\\/#primaryimage\",\"url\":\"https:\\\/\\\/tv.joycemeyer.org\\\/romana\\\/wp-content\\\/uploads\\\/sites\\\/51\\\/2019\\\/08\\\/1093.jpg\",\"contentUrl\":\"https:\\\/\\\/tv.joycemeyer.org\\\/romana\\\/wp-content\\\/uploads\\\/sites\\\/51\\\/2019\\\/08\\\/1093.jpg\",\"width\":\"960\",\"height\":\"540\",\"caption\":\"G\u0103se\u0219te \u00een Cuv\u00e2nt r\u0103spunsurile \u0219i puterea de care ai nevoie\"},{\"@type\":\"BreadcrumbList\",\"@id\":\"https:\\\/\\\/tv.joycemeyer.org\\\/romana\\\/devotional\\\/gaseste-cuvant-raspunsurile-si\\\/#breadcrumb\",\"itemListElement\":[{\"@type\":\"ListItem\",\"position\":1,\"name\":\"Home\",\"item\":\"https:\\\/\\\/tv.joycemeyer.org\\\/romana\\\/\"},{\"@type\":\"ListItem\",\"position\":2,\"name\":\"Devotional\",\"item\":\"https:\\\/\\\/tv.joycemeyer.org\\\/romana\\\/devotional\\\/\"},{\"@type\":\"ListItem\",\"position\":3,\"name\":\"G\u0103se\u0219te \u00een Cuv\u00e2nt r\u0103spunsurile \u0219i puterea de care ai nevoie\"}]},{\"@type\":\"WebSite\",\"@id\":\"https:\\\/\\\/tv.joycemeyer.org\\\/romana\\\/#website\",\"url\":\"https:\\\/\\\/tv.joycemeyer.org\\\/romana\\\/\",\"name\":\"Joyce Meyer Ministries - Romana\",\"description\":\"Impartasindu-L pe Hristos - Iubindu-i pe oameni\",\"potentialAction\":[{\"@type\":\"SearchAction\",\"target\":{\"@type\":\"EntryPoint\",\"urlTemplate\":\"https:\\\/\\\/tv.joycemeyer.org\\\/romana\\\/?s={search_term_string}\"},\"query-input\":{\"@type\":\"PropertyValueSpecification\",\"valueRequired\":true,\"valueName\":\"search_term_string\"}}],\"inLanguage\":\"ro-RO\"}]}<\/script>\n<!-- \/ Yoast SEO plugin. -->","yoast_head_json":{"title":"G\u0103se\u0219te \u00een Cuv\u00e2nt r\u0103spunsurile \u0219i puterea de care ai nevoie - Joyce Meyer Ministries - Romana","robots":{"index":"index","follow":"follow","max-snippet":"max-snippet:-1","max-image-preview":"max-image-preview:large","max-video-preview":"max-video-preview:-1"},"canonical":"https:\/\/tv.joycemeyer.org\/romana\/devotional\/gaseste-cuvant-raspunsurile-si\/","og_locale":"ro_RO","og_type":"article","og_title":"G\u0103se\u0219te \u00een Cuv\u00e2nt r\u0103spunsurile \u0219i puterea de care ai nevoie - Joyce Meyer Ministries - Romana","og_description":"C\u00e2nd oameniii m\u0103 \u00eentreab\u0103 de unde s\u0103 \u00eenceap\u0103 s\u0103 citeasc\u0103 Biblia ...","og_url":"https:\/\/tv.joycemeyer.org\/romana\/devotional\/gaseste-cuvant-raspunsurile-si\/","og_site_name":"Joyce Meyer Ministries - Romana","og_image":[{"width":960,"height":540,"url":"https:\/\/tv.joycemeyer.org\/romana\/wp-content\/uploads\/sites\/51\/2019\/08\/1093.jpg","type":"image\/jpeg"}],"twitter_card":"summary_large_image","twitter_misc":{"Timp estimat pentru citire":"2 minute"},"schema":{"@context":"https:\/\/schema.org","@graph":[{"@type":"WebPage","@id":"https:\/\/tv.joycemeyer.org\/romana\/devotional\/gaseste-cuvant-raspunsurile-si\/","url":"https:\/\/tv.joycemeyer.org\/romana\/devotional\/gaseste-cuvant-raspunsurile-si\/","name":"G\u0103se\u0219te \u00een Cuv\u00e2nt r\u0103spunsurile \u0219i puterea de care ai nevoie - Joyce Meyer Ministries - Romana","isPartOf":{"@id":"https:\/\/tv.joycemeyer.org\/romana\/#website"},"primaryImageOfPage":{"@id":"https:\/\/tv.joycemeyer.org\/romana\/devotional\/gaseste-cuvant-raspunsurile-si\/#primaryimage"},"image":{"@id":"https:\/\/tv.joycemeyer.org\/romana\/devotional\/gaseste-cuvant-raspunsurile-si\/#primaryimage"},"thumbnailUrl":"https:\/\/tv.joycemeyer.org\/romana\/wp-content\/uploads\/sites\/51\/2019\/08\/1093.jpg","datePublished":"2026-09-04T00:01:28+00:00","breadcrumb":{"@id":"https:\/\/tv.joycemeyer.org\/romana\/devotional\/gaseste-cuvant-raspunsurile-si\/#breadcrumb"},"inLanguage":"ro-RO","potentialAction":[{"@type":"ReadAction","target":["https:\/\/tv.joycemeyer.org\/romana\/devotional\/gaseste-cuvant-raspunsurile-si\/"]}]},{"@type":"ImageObject","inLanguage":"ro-RO","@id":"https:\/\/tv.joycemeyer.org\/romana\/devotional\/gaseste-cuvant-raspunsurile-si\/#primaryimage","url":"https:\/\/tv.joycemeyer.org\/romana\/wp-content\/uploads\/sites\/51\/2019\/08\/1093.jpg","contentUrl":"https:\/\/tv.joycemeyer.org\/romana\/wp-content\/uploads\/sites\/51\/2019\/08\/1093.jpg","width":"960","height":"540","caption":"G\u0103se\u0219te \u00een Cuv\u00e2nt r\u0103spunsurile \u0219i puterea de care ai nevoie"},{"@type":"BreadcrumbList","@id":"https:\/\/tv.joycemeyer.org\/romana\/devotional\/gaseste-cuvant-raspunsurile-si\/#breadcrumb","itemListElement":[{"@type":"ListItem","position":1,"name":"Home","item":"https:\/\/tv.joycemeyer.org\/romana\/"},{"@type":"ListItem","position":2,"name":"Devotional","item":"https:\/\/tv.joycemeyer.org\/romana\/devotional\/"},{"@type":"ListItem","position":3,"name":"G\u0103se\u0219te \u00een Cuv\u00e2nt r\u0103spunsurile \u0219i puterea de care ai nevoie"}]},{"@type":"WebSite","@id":"https:\/\/tv.joycemeyer.org\/romana\/#website","url":"https:\/\/tv.joycemeyer.org\/romana\/","name":"Joyce Meyer Ministries - Romana","description":"Impartasindu-L pe Hristos - Iubindu-i pe oameni","potentialAction":[{"@type":"SearchAction","target":{"@type":"EntryPoint","urlTemplate":"https:\/\/tv.joycemeyer.org\/romana\/?s={search_term_string}"},"query-input":{"@type":"PropertyValueSpecification","valueRequired":true,"valueName":"search_term_string"}}],"inLanguage":"ro-RO"}]}},"_links":{"self":[{"href":"https:\/\/tv.joycemeyer.org\/romana\/wp-json\/wp\/v2\/devotional\/629","targetHints":{"allow":["GET"]}}],"collection":[{"href":"https:\/\/tv.joycemeyer.org\/romana\/wp-json\/wp\/v2\/devotional"}],"about":[{"href":"https:\/\/tv.joycemeyer.org\/romana\/wp-json\/wp\/v2\/types\/devotional"}],"author":[{"embeddable":true,"href":"https:\/\/tv.joycemeyer.org\/romana\/wp-json\/wp\/v2\/users\/15"}],"replies":[{"embeddable":true,"href":"https:\/\/tv.joycemeyer.org\/romana\/wp-json\/wp\/v2\/comments?post=629"}],"wp:featuredmedia":[{"embeddable":true,"href":"https:\/\/tv.joycemeyer.org\/romana\/wp-json\/wp\/v2\/media\/630"}],"wp:attachment":[{"href":"https:\/\/tv.joycemeyer.org\/romana\/wp-json\/wp\/v2\/media?parent=629"}],"curies":[{"name":"wp","href":"https:\/\/api.w.org\/{rel}","templated":true}]}}