{"id":1295,"date":"2025-01-16T00:01:34","date_gmt":"2025-01-16T00:01:34","guid":{"rendered":"https:\/\/tv.joycemeyer.org\/shqip\/?post_type=devotional&#038;p=1295"},"modified":"2025-01-16T13:52:32","modified_gmt":"2025-01-16T13:52:32","slug":"nje-privilegj-i-thjeshte","status":"publish","type":"devotional","link":"https:\/\/tv.joycemeyer.org\/shqip\/devotional\/nje-privilegj-i-thjeshte\/","title":{"rendered":"Nj\u00eb Privilegj i Thjesht\u00eb"},"content":{"rendered":"<blockquote><p>Ligji i Zotit \u00ebsht\u00eb i p\u00ebrsosur, ai e p\u00ebrt\u00ebrin shpirtin [t\u00eb gjith\u00eb personin]; d\u00ebshmia e Zotit \u00ebsht\u00eb e v\u00ebrtet\u00eb dhe e b\u00ebn t\u00eb ditur njeriun e thjesht\u00eb. (PSALMI 19:7)<\/p><\/blockquote>\n<p>Un\u00eb nuk mund t\u00eb imagjinoj nj\u00eb nder m\u00eb t\u00eb lart\u00eb se sa t\u00eb jesh n\u00eb gjendje t\u00eb flas\u00ebsh dhe t\u00eb d\u00ebgjosh nga Per\u00ebndia, dhe besoj se lutja \u00ebsht\u00eb privilegji m\u00eb i madh i jet\u00ebve tona. Nuk \u00ebsht\u00eb di\u00e7ka q\u00eb e kemi detyrim; \u00ebsht\u00eb di\u00e7ka q\u00eb na \u00ebsht\u00eb mund\u00ebsuar ta b\u00ebjm\u00eb. Lutja \u00ebsht\u00eb m\u00ebnyra se si partnerizojm\u00eb me Per\u00ebndin\u00eb p\u00ebr t\u00eb par\u00eb planet e Tij dhe q\u00ebllimet q\u00eb do t\u00eb vijn\u00eb n\u00eb jet\u00ebn ton\u00eb dhe n\u00eb jet\u00ebt e atyre q\u00eb ne duam. \u00cbsht\u00eb m\u00ebnyra me an\u00eb t\u00eb s\u00eb cil\u00ebs ne q\u00ebniet njer\u00ebzore n\u00eb tok\u00eb mund t\u00eb hyjm\u00eb n\u00eb pranin\u00eb e mrekullueshme t\u00eb Per\u00ebndis\u00eb. Kjo na lejon ne t\u00eb ndajm\u00eb zemrat tona me T\u00eb, t\u00eb d\u00ebgjojm\u00eb z\u00ebrin e Tij dhe t\u00eb dim\u00eb se si t\u00eb zbulojm\u00eb dhe g\u00ebzojm\u00eb gj\u00ebrat e m\u00ebdha q\u00eb Ai ka p\u00ebr ne. Komunikimi me Per\u00ebndin\u00eb \u00ebsht\u00eb v\u00ebrtet\u00eb privilegji m\u00eb i madh q\u00eb mund t\u00eb mendoj, por kjo pun\u00eb kaq e lart\u00eb dhe e shenjt\u00eb \u00ebsht\u00eb gjithashtu privilegji m\u00eb i thjesht\u00eb q\u00eb njoh.<\/p>\n<p>Un\u00eb nuk besoj q\u00eb t\u00eb flas\u00ebsh me Per\u00ebndin\u00eb apo t\u00eb d\u00ebgjosh z\u00ebrin e Tij ka qen\u00eb ndonj\u00ebher\u00eb e komplikuar , dhe q\u00eb nga fillimi, Ai synoi q\u00eb kjo t\u00eb ishte nj\u00eb m\u00ebnyr\u00eb e leht\u00eb, natyrore e t\u00eb jetuarit me an\u00eb t\u00eb s\u00eb cil\u00ebs ne jemi t\u00eb lidhur me T\u00eb gjith\u00eb dit\u00ebn, \u00e7do dit\u00eb.<\/p>\n<hr \/>\n<p>Fjala E Per\u00ebndis\u00eb P\u00ebr Sot: Le t\u00eb b\u00ebhet lutja si frym\u00ebmarrja; b\u00ebjeni at\u00eb natyrsh\u00ebm dhe thjesht\u00eb, gjat\u00eb t\u00eb gjith\u00eb dit\u00ebs.<\/p>\n","protected":false},"excerpt":{"rendered":"<p>Un\u00eb nuk mund t\u00eb imagjinoj nj\u00eb nder m\u00eb t\u00eb lart\u00eb se sa t\u00eb jesh n\u00eb gjendje t\u00eb flas\u00ebsh dhe t\u00eb d\u00ebgjosh nga Per\u00ebndia, dhe besoj se lutja \u00ebsht\u00eb privilegji m\u00eb i madh i jet\u00ebve tona. Nuk \u00ebsht\u00eb di\u00e7ka q\u00eb e kemi detyrim; \u00ebsht\u00eb di\u00e7ka q\u00eb na \u00ebsht\u00eb mund\u00ebsuar ta b\u00ebjm\u00eb.<\/p>\n","protected":false},"author":19,"featured_media":1296,"parent":0,"menu_order":0,"comment_status":"closed","ping_status":"closed","template":"","class_list":["post-1295","devotional","type-devotional","status-publish","has-post-thumbnail","hentry"],"acf":[],"appp":{"post_detail":{"above_title":"<div class=\"post-featured-wrap\"><img width=\"960\" height=\"560\" src=\"https:\/\/tv.joycemeyer.org\/shqip\/wp-content\/uploads\/sites\/10\/2021\/09\/1805.jpg\" class=\"post-featured wp-post-image\" alt=\"\" decoding=\"async\" srcset=\"https:\/\/tv.joycemeyer.org\/shqip\/wp-content\/uploads\/sites\/10\/2021\/09\/1805.jpg 960w, https:\/\/tv.joycemeyer.org\/shqip\/wp-content\/uploads\/sites\/10\/2021\/09\/1805-300x175.jpg 300w, https:\/\/tv.joycemeyer.org\/shqip\/wp-content\/uploads\/sites\/10\/2021\/09\/1805-768x448.jpg 768w\" sizes=\"(max-width: 960px) 100vw, 960px\" \/><\/div>","below_content":""}},"yoast_head":"<!-- This site is optimized with the Yoast SEO plugin v27.4 - https:\/\/yoast.com\/product\/yoast-seo-wordpress\/ -->\n<title>Nj\u00eb Privilegj i Thjesht\u00eb - Joyce Meyer Ministries - Shqip<\/title>\n<meta name=\"robots\" content=\"index, follow, max-snippet:-1, max-image-preview:large, max-video-preview:-1\" \/>\n<link rel=\"canonical\" href=\"https:\/\/tv.joycemeyer.org\/shqip\/devotional\/nje-privilegj-i-thjeshte\/\" \/>\n<meta property=\"og:locale\" content=\"sq_AL\" \/>\n<meta property=\"og:type\" content=\"article\" \/>\n<meta property=\"og:title\" content=\"Nj\u00eb Privilegj i Thjesht\u00eb - Joyce Meyer Ministries - Shqip\" \/>\n<meta property=\"og:description\" content=\"Un\u00eb nuk mund t\u00eb imagjinoj nj\u00eb nder m\u00eb t\u00eb lart\u00eb se sa t\u00eb jesh n\u00eb gjendje t\u00eb flas\u00ebsh dhe t\u00eb d\u00ebgjosh nga Per\u00ebndia, dhe besoj se lutja \u00ebsht\u00eb privilegji m\u00eb i madh i jet\u00ebve tona. Nuk \u00ebsht\u00eb di\u00e7ka q\u00eb e kemi detyrim; \u00ebsht\u00eb di\u00e7ka q\u00eb na \u00ebsht\u00eb mund\u00ebsuar ta b\u00ebjm\u00eb.\" \/>\n<meta property=\"og:url\" content=\"https:\/\/tv.joycemeyer.org\/shqip\/devotional\/nje-privilegj-i-thjeshte\/\" \/>\n<meta property=\"og:site_name\" content=\"Joyce Meyer Ministries - Shqip\" \/>\n<meta property=\"article:publisher\" content=\"https:\/\/www.facebook.com\/JoyceMeyerMinistriesAlbanian\/\" \/>\n<meta property=\"article:modified_time\" content=\"2025-01-16T13:52:32+00:00\" \/>\n<meta property=\"og:image\" content=\"https:\/\/tv.joycemeyer.org\/shqip\/wp-content\/uploads\/sites\/10\/2021\/09\/1805.jpg\" \/>\n\t<meta property=\"og:image:width\" content=\"960\" \/>\n\t<meta property=\"og:image:height\" content=\"560\" \/>\n\t<meta property=\"og:image:type\" content=\"image\/jpeg\" \/>\n<meta name=\"twitter:card\" content=\"summary_large_image\" \/>\n<meta name=\"twitter:label1\" content=\"Est. reading time\" \/>\n\t<meta name=\"twitter:data1\" content=\"2 minuta\" \/>\n<script type=\"application\/ld+json\" class=\"yoast-schema-graph\">{\"@context\":\"https:\\\/\\\/schema.org\",\"@graph\":[{\"@type\":\"WebPage\",\"@id\":\"https:\\\/\\\/tv.joycemeyer.org\\\/shqip\\\/devotional\\\/nje-privilegj-i-thjeshte\\\/\",\"url\":\"https:\\\/\\\/tv.joycemeyer.org\\\/shqip\\\/devotional\\\/nje-privilegj-i-thjeshte\\\/\",\"name\":\"Nj\u00eb Privilegj i Thjesht\u00eb - Joyce Meyer Ministries - Shqip\",\"isPartOf\":{\"@id\":\"https:\\\/\\\/tv.joycemeyer.org\\\/shqip\\\/#website\"},\"primaryImageOfPage\":{\"@id\":\"https:\\\/\\\/tv.joycemeyer.org\\\/shqip\\\/devotional\\\/nje-privilegj-i-thjeshte\\\/#primaryimage\"},\"image\":{\"@id\":\"https:\\\/\\\/tv.joycemeyer.org\\\/shqip\\\/devotional\\\/nje-privilegj-i-thjeshte\\\/#primaryimage\"},\"thumbnailUrl\":\"https:\\\/\\\/tv.joycemeyer.org\\\/shqip\\\/wp-content\\\/uploads\\\/sites\\\/10\\\/2021\\\/09\\\/1805.jpg\",\"datePublished\":\"2025-01-16T00:01:34+00:00\",\"dateModified\":\"2025-01-16T13:52:32+00:00\",\"breadcrumb\":{\"@id\":\"https:\\\/\\\/tv.joycemeyer.org\\\/shqip\\\/devotional\\\/nje-privilegj-i-thjeshte\\\/#breadcrumb\"},\"inLanguage\":\"sq\",\"potentialAction\":[{\"@type\":\"ReadAction\",\"target\":[\"https:\\\/\\\/tv.joycemeyer.org\\\/shqip\\\/devotional\\\/nje-privilegj-i-thjeshte\\\/\"]}]},{\"@type\":\"ImageObject\",\"inLanguage\":\"sq\",\"@id\":\"https:\\\/\\\/tv.joycemeyer.org\\\/shqip\\\/devotional\\\/nje-privilegj-i-thjeshte\\\/#primaryimage\",\"url\":\"https:\\\/\\\/tv.joycemeyer.org\\\/shqip\\\/wp-content\\\/uploads\\\/sites\\\/10\\\/2021\\\/09\\\/1805.jpg\",\"contentUrl\":\"https:\\\/\\\/tv.joycemeyer.org\\\/shqip\\\/wp-content\\\/uploads\\\/sites\\\/10\\\/2021\\\/09\\\/1805.jpg\",\"width\":960,\"height\":560,\"caption\":\"Nj\u00eb Privilegj i Thjesht\u00eb\"},{\"@type\":\"BreadcrumbList\",\"@id\":\"https:\\\/\\\/tv.joycemeyer.org\\\/shqip\\\/devotional\\\/nje-privilegj-i-thjeshte\\\/#breadcrumb\",\"itemListElement\":[{\"@type\":\"ListItem\",\"position\":1,\"name\":\"Home\",\"item\":\"https:\\\/\\\/tv.joycemeyer.org\\\/shqip\\\/\"},{\"@type\":\"ListItem\",\"position\":2,\"name\":\"Devotional\",\"item\":\"https:\\\/\\\/tv.joycemeyer.org\\\/shqip\\\/devotional\\\/\"},{\"@type\":\"ListItem\",\"position\":3,\"name\":\"Nj\u00eb Privilegj i Thjesht\u00eb\"}]},{\"@type\":\"WebSite\",\"@id\":\"https:\\\/\\\/tv.joycemeyer.org\\\/shqip\\\/#website\",\"url\":\"https:\\\/\\\/tv.joycemeyer.org\\\/shqip\\\/\",\"name\":\"Joyce Meyer Ministries - Shqip\",\"description\":\"Shijoje jet\u00ebn \u00e7do dit\u00eb\",\"potentialAction\":[{\"@type\":\"SearchAction\",\"target\":{\"@type\":\"EntryPoint\",\"urlTemplate\":\"https:\\\/\\\/tv.joycemeyer.org\\\/shqip\\\/?s={search_term_string}\"},\"query-input\":{\"@type\":\"PropertyValueSpecification\",\"valueRequired\":true,\"valueName\":\"search_term_string\"}}],\"inLanguage\":\"sq\"}]}<\/script>\n<!-- \/ Yoast SEO plugin. -->","yoast_head_json":{"title":"Nj\u00eb Privilegj i Thjesht\u00eb - Joyce Meyer Ministries - Shqip","robots":{"index":"index","follow":"follow","max-snippet":"max-snippet:-1","max-image-preview":"max-image-preview:large","max-video-preview":"max-video-preview:-1"},"canonical":"https:\/\/tv.joycemeyer.org\/shqip\/devotional\/nje-privilegj-i-thjeshte\/","og_locale":"sq_AL","og_type":"article","og_title":"Nj\u00eb Privilegj i Thjesht\u00eb - Joyce Meyer Ministries - Shqip","og_description":"Un\u00eb nuk mund t\u00eb imagjinoj nj\u00eb nder m\u00eb t\u00eb lart\u00eb se sa t\u00eb jesh n\u00eb gjendje t\u00eb flas\u00ebsh dhe t\u00eb d\u00ebgjosh nga Per\u00ebndia, dhe besoj se lutja \u00ebsht\u00eb privilegji m\u00eb i madh i jet\u00ebve tona. Nuk \u00ebsht\u00eb di\u00e7ka q\u00eb e kemi detyrim; \u00ebsht\u00eb di\u00e7ka q\u00eb na \u00ebsht\u00eb mund\u00ebsuar ta b\u00ebjm\u00eb.","og_url":"https:\/\/tv.joycemeyer.org\/shqip\/devotional\/nje-privilegj-i-thjeshte\/","og_site_name":"Joyce Meyer Ministries - Shqip","article_publisher":"https:\/\/www.facebook.com\/JoyceMeyerMinistriesAlbanian\/","article_modified_time":"2025-01-16T13:52:32+00:00","og_image":[{"width":960,"height":560,"url":"https:\/\/tv.joycemeyer.org\/shqip\/wp-content\/uploads\/sites\/10\/2021\/09\/1805.jpg","type":"image\/jpeg"}],"twitter_card":"summary_large_image","twitter_misc":{"Est. reading time":"2 minuta"},"schema":{"@context":"https:\/\/schema.org","@graph":[{"@type":"WebPage","@id":"https:\/\/tv.joycemeyer.org\/shqip\/devotional\/nje-privilegj-i-thjeshte\/","url":"https:\/\/tv.joycemeyer.org\/shqip\/devotional\/nje-privilegj-i-thjeshte\/","name":"Nj\u00eb Privilegj i Thjesht\u00eb - Joyce Meyer Ministries - Shqip","isPartOf":{"@id":"https:\/\/tv.joycemeyer.org\/shqip\/#website"},"primaryImageOfPage":{"@id":"https:\/\/tv.joycemeyer.org\/shqip\/devotional\/nje-privilegj-i-thjeshte\/#primaryimage"},"image":{"@id":"https:\/\/tv.joycemeyer.org\/shqip\/devotional\/nje-privilegj-i-thjeshte\/#primaryimage"},"thumbnailUrl":"https:\/\/tv.joycemeyer.org\/shqip\/wp-content\/uploads\/sites\/10\/2021\/09\/1805.jpg","datePublished":"2025-01-16T00:01:34+00:00","dateModified":"2025-01-16T13:52:32+00:00","breadcrumb":{"@id":"https:\/\/tv.joycemeyer.org\/shqip\/devotional\/nje-privilegj-i-thjeshte\/#breadcrumb"},"inLanguage":"sq","potentialAction":[{"@type":"ReadAction","target":["https:\/\/tv.joycemeyer.org\/shqip\/devotional\/nje-privilegj-i-thjeshte\/"]}]},{"@type":"ImageObject","inLanguage":"sq","@id":"https:\/\/tv.joycemeyer.org\/shqip\/devotional\/nje-privilegj-i-thjeshte\/#primaryimage","url":"https:\/\/tv.joycemeyer.org\/shqip\/wp-content\/uploads\/sites\/10\/2021\/09\/1805.jpg","contentUrl":"https:\/\/tv.joycemeyer.org\/shqip\/wp-content\/uploads\/sites\/10\/2021\/09\/1805.jpg","width":960,"height":560,"caption":"Nj\u00eb Privilegj i Thjesht\u00eb"},{"@type":"BreadcrumbList","@id":"https:\/\/tv.joycemeyer.org\/shqip\/devotional\/nje-privilegj-i-thjeshte\/#breadcrumb","itemListElement":[{"@type":"ListItem","position":1,"name":"Home","item":"https:\/\/tv.joycemeyer.org\/shqip\/"},{"@type":"ListItem","position":2,"name":"Devotional","item":"https:\/\/tv.joycemeyer.org\/shqip\/devotional\/"},{"@type":"ListItem","position":3,"name":"Nj\u00eb Privilegj i Thjesht\u00eb"}]},{"@type":"WebSite","@id":"https:\/\/tv.joycemeyer.org\/shqip\/#website","url":"https:\/\/tv.joycemeyer.org\/shqip\/","name":"Joyce Meyer Ministries - Shqip","description":"Shijoje jet\u00ebn \u00e7do dit\u00eb","potentialAction":[{"@type":"SearchAction","target":{"@type":"EntryPoint","urlTemplate":"https:\/\/tv.joycemeyer.org\/shqip\/?s={search_term_string}"},"query-input":{"@type":"PropertyValueSpecification","valueRequired":true,"valueName":"search_term_string"}}],"inLanguage":"sq"}]}},"_links":{"self":[{"href":"https:\/\/tv.joycemeyer.org\/shqip\/wp-json\/wp\/v2\/devotional\/1295","targetHints":{"allow":["GET"]}}],"collection":[{"href":"https:\/\/tv.joycemeyer.org\/shqip\/wp-json\/wp\/v2\/devotional"}],"about":[{"href":"https:\/\/tv.joycemeyer.org\/shqip\/wp-json\/wp\/v2\/types\/devotional"}],"author":[{"embeddable":true,"href":"https:\/\/tv.joycemeyer.org\/shqip\/wp-json\/wp\/v2\/users\/19"}],"replies":[{"embeddable":true,"href":"https:\/\/tv.joycemeyer.org\/shqip\/wp-json\/wp\/v2\/comments?post=1295"}],"wp:featuredmedia":[{"embeddable":true,"href":"https:\/\/tv.joycemeyer.org\/shqip\/wp-json\/wp\/v2\/media\/1296"}],"wp:attachment":[{"href":"https:\/\/tv.joycemeyer.org\/shqip\/wp-json\/wp\/v2\/media?parent=1295"}],"curies":[{"name":"wp","href":"https:\/\/api.w.org\/{rel}","templated":true}]}}