{"id":2882,"date":"2024-01-18T00:01:16","date_gmt":"2024-01-18T00:01:16","guid":{"rendered":"https:\/\/tv.joycemeyer.org\/shqip\/?post_type=devotional&#038;p=2882"},"modified":"2024-01-18T12:51:43","modified_gmt":"2024-01-18T12:51:43","slug":"rruga-e-perendise","status":"publish","type":"devotional","link":"https:\/\/tv.joycemeyer.org\/shqip\/devotional\/rruga-e-perendise\/","title":{"rendered":"Rruga e Per\u00ebndis\u00eb Nuk \u00cbsht\u00eb Shum\u00eb e V\u00ebshtir\u00eb"},"content":{"rendered":"<blockquote><p>Kur Faraoni e la popullin t\u00eb shkoj\u00eb, Per\u00ebndia nuk e \u00e7oi n\u00ebp\u00ebr rrug\u00ebn e vendit t\u00eb filistenjve, megjith\u00ebse kjo ishte m\u00eb e shkurtra, sepse Per\u00ebndia tha: \u00abQ\u00eb t\u00eb mos pendohet populli kur t\u00eb shoh\u00eb luft\u00ebn dhe t\u00eb mos kthehet n\u00eb Egjipt\u00bb. Eksodi 13:17<\/p><\/blockquote>\n<p>Per\u00ebndia i udh\u00ebhoqi Bijt\u00eb e Izraelit n\u00eb nj\u00eb rrug\u00eb t\u00eb gjat\u00eb e t\u00eb v\u00ebshtir\u00eb n\u00eb shkret\u00ebtir\u00eb sepse Ai e dinte q\u00eb ata nuk ishin gati p\u00ebr betejat me t\u00eb cilat do t\u00eb p\u00ebrballeshin p\u00ebr t\u00eb marr\u00eb Tok\u00ebn e Premtuar. Ai duhet t\u00eb punonte n\u00eb jet\u00ebt e tyre s\u00eb pari, t\u2019i m\u00ebsonte ata se Kush Ai ishte q\u00eb ata t\u00eb mos vareshin tek vetja e tyre.<\/p>\n<p>Ju mund t\u00eb jeni t\u00eb sigurte se kudo q\u00eb Per\u00ebndia ju drejton ju, Ai \u00ebsht\u00eb n\u00eb gjendje t\u2019ju mbaj\u00eb ju. Ai kurr\u00eb nuk lejon t\u00eb vij\u00eb kund\u00ebr nesh m\u00eb shum\u00eb sesa mund t\u00eb durojm\u00eb. Ne nuk do t\u00eb na duhet t\u00eb jetojm\u00eb n\u00eb nj\u00eb luft\u00eb t\u00eb vazhdueshme n\u00ebse m\u00ebsojm\u00eb t\u00eb mb\u00ebshtetemi tek Ai vazhdimisht p\u00ebr forc\u00ebn q\u00eb na nevojitet.<\/p>\n<p>N\u00ebse ju e dini se Per\u00ebndia ju ka k\u00ebrkuar t\u00eb b\u00ebni di\u00e7ka, mos u t\u00ebrhiqni sepse b\u00ebhet e v\u00ebshtir\u00eb. Kur gj\u00ebrat v\u00ebshtir\u00ebsohen, kalo m\u00eb tep\u00ebr koh\u00eb me T\u00eb, mb\u00ebshtetu m\u00eb shum\u00eb tek Ai dhe merr m\u00eb tep\u00ebr hir prej Tij ( Hebrenjve 4:16). Hiri \u00ebsht\u00eb fuqia e Per\u00ebndis\u00eb q\u00eb vjen tek ju pa asnj\u00eb kosto, p\u00ebr t\u00eb b\u00ebr\u00eb n\u00ebp\u00ebrmjet jush at\u00eb q\u00eb nuk mund ta b\u00ebni vet\u00eb.<\/p>\n<p>Per\u00ebndia e di q\u00eb rruga m\u00eb e leht\u00eb nuk \u00ebsht\u00eb gjithmon\u00eb rruga m\u00eb e mir\u00eb p\u00ebr ne. Kjo \u00ebsht\u00eb arsyeja pse \u00ebsht\u00eb kaq e r\u00ebnd\u00ebsishme q\u00eb ne t\u00eb mos humbasim zemr\u00ebn, t\u00eb lodhemi dhe t\u00eb lig\u00ebshtohemi.<\/p>\n<hr \/>\n<p>Satani e di q\u00eb n\u00ebse mund t\u00eb na mposht\u00eb ne n\u00eb mendjen ton\u00eb, ai mund t\u00eb na mposht\u00eb n\u00eb p\u00ebrvoj\u00ebn ton\u00eb.<\/p>\n","protected":false},"excerpt":{"rendered":"<p>Ju mund t\u00eb jeni t\u00eb sigurte se kudo q\u00eb Per\u00ebndia ju drejton ju, Ai \u00ebsht\u00eb n\u00eb gjendje t\u2019ju mbaj\u00eb ju.<\/p>\n","protected":false},"author":20,"featured_media":2883,"parent":0,"menu_order":0,"comment_status":"closed","ping_status":"closed","template":"","class_list":["post-2882","devotional","type-devotional","status-publish","has-post-thumbnail","hentry"],"acf":[],"appp":{"post_detail":{"above_title":"<div class=\"post-featured-wrap\"><img width=\"960\" height=\"640\" src=\"https:\/\/tv.joycemeyer.org\/shqip\/wp-content\/uploads\/sites\/10\/2023\/12\/3827L.jpg\" class=\"post-featured wp-post-image\" alt=\"Rruga e Per\u00ebndis\u00eb Nuk \u00cbsht\u00eb Shum\u00eb e V\u00ebshtir\u00eb\" decoding=\"async\" srcset=\"https:\/\/tv.joycemeyer.org\/shqip\/wp-content\/uploads\/sites\/10\/2023\/12\/3827L.jpg 960w, https:\/\/tv.joycemeyer.org\/shqip\/wp-content\/uploads\/sites\/10\/2023\/12\/3827L-300x200.jpg 300w, https:\/\/tv.joycemeyer.org\/shqip\/wp-content\/uploads\/sites\/10\/2023\/12\/3827L-768x512.jpg 768w\" sizes=\"(max-width: 960px) 100vw, 960px\" \/><\/div>","below_content":""}},"yoast_head":"<!-- This site is optimized with the Yoast SEO plugin v27.4 - https:\/\/yoast.com\/product\/yoast-seo-wordpress\/ -->\n<title>Rruga e Per\u00ebndis\u00eb Nuk \u00cbsht\u00eb Shum\u00eb e V\u00ebshtir\u00eb - Joyce Meyer Ministries - Shqip<\/title>\n<meta name=\"robots\" content=\"index, follow, max-snippet:-1, max-image-preview:large, max-video-preview:-1\" \/>\n<link rel=\"canonical\" href=\"https:\/\/tv.joycemeyer.org\/shqip\/devotional\/rruga-e-perendise\/\" \/>\n<meta property=\"og:locale\" content=\"sq_AL\" \/>\n<meta property=\"og:type\" content=\"article\" \/>\n<meta property=\"og:title\" content=\"Rruga e Per\u00ebndis\u00eb Nuk \u00cbsht\u00eb Shum\u00eb e V\u00ebshtir\u00eb - Joyce Meyer Ministries - Shqip\" \/>\n<meta property=\"og:description\" content=\"Ju mund t\u00eb jeni t\u00eb sigurte se kudo q\u00eb Per\u00ebndia ju drejton ju, Ai \u00ebsht\u00eb n\u00eb gjendje t\u2019ju mbaj\u00eb ju.\" \/>\n<meta property=\"og:url\" content=\"https:\/\/tv.joycemeyer.org\/shqip\/devotional\/rruga-e-perendise\/\" \/>\n<meta property=\"og:site_name\" content=\"Joyce Meyer Ministries - Shqip\" \/>\n<meta property=\"article:publisher\" content=\"https:\/\/www.facebook.com\/JoyceMeyerMinistriesAlbanian\/\" \/>\n<meta property=\"article:modified_time\" content=\"2024-01-18T12:51:43+00:00\" \/>\n<meta property=\"og:image\" content=\"https:\/\/tv.joycemeyer.org\/shqip\/wp-content\/uploads\/sites\/10\/2023\/12\/3827L.jpg\" \/>\n\t<meta property=\"og:image:width\" content=\"960\" \/>\n\t<meta property=\"og:image:height\" content=\"640\" \/>\n\t<meta property=\"og:image:type\" content=\"image\/jpeg\" \/>\n<meta name=\"twitter:card\" content=\"summary_large_image\" \/>\n<meta name=\"twitter:label1\" content=\"Est. reading time\" \/>\n\t<meta name=\"twitter:data1\" content=\"2 minuta\" \/>\n<script type=\"application\/ld+json\" class=\"yoast-schema-graph\">{\"@context\":\"https:\\\/\\\/schema.org\",\"@graph\":[{\"@type\":\"WebPage\",\"@id\":\"https:\\\/\\\/tv.joycemeyer.org\\\/shqip\\\/devotional\\\/rruga-e-perendise\\\/\",\"url\":\"https:\\\/\\\/tv.joycemeyer.org\\\/shqip\\\/devotional\\\/rruga-e-perendise\\\/\",\"name\":\"Rruga e Per\u00ebndis\u00eb Nuk \u00cbsht\u00eb Shum\u00eb e V\u00ebshtir\u00eb - Joyce Meyer Ministries - Shqip\",\"isPartOf\":{\"@id\":\"https:\\\/\\\/tv.joycemeyer.org\\\/shqip\\\/#website\"},\"primaryImageOfPage\":{\"@id\":\"https:\\\/\\\/tv.joycemeyer.org\\\/shqip\\\/devotional\\\/rruga-e-perendise\\\/#primaryimage\"},\"image\":{\"@id\":\"https:\\\/\\\/tv.joycemeyer.org\\\/shqip\\\/devotional\\\/rruga-e-perendise\\\/#primaryimage\"},\"thumbnailUrl\":\"https:\\\/\\\/tv.joycemeyer.org\\\/shqip\\\/wp-content\\\/uploads\\\/sites\\\/10\\\/2023\\\/12\\\/3827L.jpg\",\"datePublished\":\"2024-01-18T00:01:16+00:00\",\"dateModified\":\"2024-01-18T12:51:43+00:00\",\"breadcrumb\":{\"@id\":\"https:\\\/\\\/tv.joycemeyer.org\\\/shqip\\\/devotional\\\/rruga-e-perendise\\\/#breadcrumb\"},\"inLanguage\":\"sq\",\"potentialAction\":[{\"@type\":\"ReadAction\",\"target\":[\"https:\\\/\\\/tv.joycemeyer.org\\\/shqip\\\/devotional\\\/rruga-e-perendise\\\/\"]}]},{\"@type\":\"ImageObject\",\"inLanguage\":\"sq\",\"@id\":\"https:\\\/\\\/tv.joycemeyer.org\\\/shqip\\\/devotional\\\/rruga-e-perendise\\\/#primaryimage\",\"url\":\"https:\\\/\\\/tv.joycemeyer.org\\\/shqip\\\/wp-content\\\/uploads\\\/sites\\\/10\\\/2023\\\/12\\\/3827L.jpg\",\"contentUrl\":\"https:\\\/\\\/tv.joycemeyer.org\\\/shqip\\\/wp-content\\\/uploads\\\/sites\\\/10\\\/2023\\\/12\\\/3827L.jpg\",\"width\":960,\"height\":640,\"caption\":\"Rruga e Per\u00ebndis\u00eb Nuk \u00cbsht\u00eb Shum\u00eb e V\u00ebshtir\u00eb\"},{\"@type\":\"BreadcrumbList\",\"@id\":\"https:\\\/\\\/tv.joycemeyer.org\\\/shqip\\\/devotional\\\/rruga-e-perendise\\\/#breadcrumb\",\"itemListElement\":[{\"@type\":\"ListItem\",\"position\":1,\"name\":\"Home\",\"item\":\"https:\\\/\\\/tv.joycemeyer.org\\\/shqip\\\/\"},{\"@type\":\"ListItem\",\"position\":2,\"name\":\"Devotional\",\"item\":\"https:\\\/\\\/tv.joycemeyer.org\\\/shqip\\\/devotional\\\/\"},{\"@type\":\"ListItem\",\"position\":3,\"name\":\"Rruga e Per\u00ebndis\u00eb Nuk \u00cbsht\u00eb Shum\u00eb e V\u00ebshtir\u00eb\"}]},{\"@type\":\"WebSite\",\"@id\":\"https:\\\/\\\/tv.joycemeyer.org\\\/shqip\\\/#website\",\"url\":\"https:\\\/\\\/tv.joycemeyer.org\\\/shqip\\\/\",\"name\":\"Joyce Meyer Ministries - Shqip\",\"description\":\"Shijoje jet\u00ebn \u00e7do dit\u00eb\",\"potentialAction\":[{\"@type\":\"SearchAction\",\"target\":{\"@type\":\"EntryPoint\",\"urlTemplate\":\"https:\\\/\\\/tv.joycemeyer.org\\\/shqip\\\/?s={search_term_string}\"},\"query-input\":{\"@type\":\"PropertyValueSpecification\",\"valueRequired\":true,\"valueName\":\"search_term_string\"}}],\"inLanguage\":\"sq\"}]}<\/script>\n<!-- \/ Yoast SEO plugin. -->","yoast_head_json":{"title":"Rruga e Per\u00ebndis\u00eb Nuk \u00cbsht\u00eb Shum\u00eb e V\u00ebshtir\u00eb - Joyce Meyer Ministries - Shqip","robots":{"index":"index","follow":"follow","max-snippet":"max-snippet:-1","max-image-preview":"max-image-preview:large","max-video-preview":"max-video-preview:-1"},"canonical":"https:\/\/tv.joycemeyer.org\/shqip\/devotional\/rruga-e-perendise\/","og_locale":"sq_AL","og_type":"article","og_title":"Rruga e Per\u00ebndis\u00eb Nuk \u00cbsht\u00eb Shum\u00eb e V\u00ebshtir\u00eb - Joyce Meyer Ministries - Shqip","og_description":"Ju mund t\u00eb jeni t\u00eb sigurte se kudo q\u00eb Per\u00ebndia ju drejton ju, Ai \u00ebsht\u00eb n\u00eb gjendje t\u2019ju mbaj\u00eb ju.","og_url":"https:\/\/tv.joycemeyer.org\/shqip\/devotional\/rruga-e-perendise\/","og_site_name":"Joyce Meyer Ministries - Shqip","article_publisher":"https:\/\/www.facebook.com\/JoyceMeyerMinistriesAlbanian\/","article_modified_time":"2024-01-18T12:51:43+00:00","og_image":[{"width":960,"height":640,"url":"https:\/\/tv.joycemeyer.org\/shqip\/wp-content\/uploads\/sites\/10\/2023\/12\/3827L.jpg","type":"image\/jpeg"}],"twitter_card":"summary_large_image","twitter_misc":{"Est. reading time":"2 minuta"},"schema":{"@context":"https:\/\/schema.org","@graph":[{"@type":"WebPage","@id":"https:\/\/tv.joycemeyer.org\/shqip\/devotional\/rruga-e-perendise\/","url":"https:\/\/tv.joycemeyer.org\/shqip\/devotional\/rruga-e-perendise\/","name":"Rruga e Per\u00ebndis\u00eb Nuk \u00cbsht\u00eb Shum\u00eb e V\u00ebshtir\u00eb - Joyce Meyer Ministries - Shqip","isPartOf":{"@id":"https:\/\/tv.joycemeyer.org\/shqip\/#website"},"primaryImageOfPage":{"@id":"https:\/\/tv.joycemeyer.org\/shqip\/devotional\/rruga-e-perendise\/#primaryimage"},"image":{"@id":"https:\/\/tv.joycemeyer.org\/shqip\/devotional\/rruga-e-perendise\/#primaryimage"},"thumbnailUrl":"https:\/\/tv.joycemeyer.org\/shqip\/wp-content\/uploads\/sites\/10\/2023\/12\/3827L.jpg","datePublished":"2024-01-18T00:01:16+00:00","dateModified":"2024-01-18T12:51:43+00:00","breadcrumb":{"@id":"https:\/\/tv.joycemeyer.org\/shqip\/devotional\/rruga-e-perendise\/#breadcrumb"},"inLanguage":"sq","potentialAction":[{"@type":"ReadAction","target":["https:\/\/tv.joycemeyer.org\/shqip\/devotional\/rruga-e-perendise\/"]}]},{"@type":"ImageObject","inLanguage":"sq","@id":"https:\/\/tv.joycemeyer.org\/shqip\/devotional\/rruga-e-perendise\/#primaryimage","url":"https:\/\/tv.joycemeyer.org\/shqip\/wp-content\/uploads\/sites\/10\/2023\/12\/3827L.jpg","contentUrl":"https:\/\/tv.joycemeyer.org\/shqip\/wp-content\/uploads\/sites\/10\/2023\/12\/3827L.jpg","width":960,"height":640,"caption":"Rruga e Per\u00ebndis\u00eb Nuk \u00cbsht\u00eb Shum\u00eb e V\u00ebshtir\u00eb"},{"@type":"BreadcrumbList","@id":"https:\/\/tv.joycemeyer.org\/shqip\/devotional\/rruga-e-perendise\/#breadcrumb","itemListElement":[{"@type":"ListItem","position":1,"name":"Home","item":"https:\/\/tv.joycemeyer.org\/shqip\/"},{"@type":"ListItem","position":2,"name":"Devotional","item":"https:\/\/tv.joycemeyer.org\/shqip\/devotional\/"},{"@type":"ListItem","position":3,"name":"Rruga e Per\u00ebndis\u00eb Nuk \u00cbsht\u00eb Shum\u00eb e V\u00ebshtir\u00eb"}]},{"@type":"WebSite","@id":"https:\/\/tv.joycemeyer.org\/shqip\/#website","url":"https:\/\/tv.joycemeyer.org\/shqip\/","name":"Joyce Meyer Ministries - Shqip","description":"Shijoje jet\u00ebn \u00e7do dit\u00eb","potentialAction":[{"@type":"SearchAction","target":{"@type":"EntryPoint","urlTemplate":"https:\/\/tv.joycemeyer.org\/shqip\/?s={search_term_string}"},"query-input":{"@type":"PropertyValueSpecification","valueRequired":true,"valueName":"search_term_string"}}],"inLanguage":"sq"}]}},"_links":{"self":[{"href":"https:\/\/tv.joycemeyer.org\/shqip\/wp-json\/wp\/v2\/devotional\/2882","targetHints":{"allow":["GET"]}}],"collection":[{"href":"https:\/\/tv.joycemeyer.org\/shqip\/wp-json\/wp\/v2\/devotional"}],"about":[{"href":"https:\/\/tv.joycemeyer.org\/shqip\/wp-json\/wp\/v2\/types\/devotional"}],"author":[{"embeddable":true,"href":"https:\/\/tv.joycemeyer.org\/shqip\/wp-json\/wp\/v2\/users\/20"}],"replies":[{"embeddable":true,"href":"https:\/\/tv.joycemeyer.org\/shqip\/wp-json\/wp\/v2\/comments?post=2882"}],"wp:featuredmedia":[{"embeddable":true,"href":"https:\/\/tv.joycemeyer.org\/shqip\/wp-json\/wp\/v2\/media\/2883"}],"wp:attachment":[{"href":"https:\/\/tv.joycemeyer.org\/shqip\/wp-json\/wp\/v2\/media?parent=2882"}],"curies":[{"name":"wp","href":"https:\/\/api.w.org\/{rel}","templated":true}]}}