{"id":2950,"date":"2019-02-18T19:59:39","date_gmt":"2019-02-18T19:59:39","guid":{"rendered":"https:\/\/tv.joycemeyer.org\/shqip\/?post_type=devotional&#038;p=2950"},"modified":"2024-01-25T20:05:39","modified_gmt":"2024-01-25T20:05:39","slug":"pranimi-i-vetes","status":"publish","type":"devotional","link":"https:\/\/tv.joycemeyer.org\/shqip\/devotional\/pranimi-i-vetes\/","title":{"rendered":"Pranimi i Vetes"},"content":{"rendered":"<blockquote><p>Sepse Zoti qorton at\u00eb q\u00eb do, si nj\u00eb baba djalin q\u00eb atij i p\u00eblqen. Fjal\u00ebt E Urta 3:12<\/p><\/blockquote>\n<p>Ndoshta ju keni qen\u00eb duke luftuar p\u00ebr t\u00eb pranuar veten. Ju shikoni zonat n\u00eb personin tuaj ku ndryshimi \u00ebsht\u00eb i nevojsh\u00ebm. Ju d\u00ebshironi t\u00eb jeni si Jezusi. Megjithat\u00eb, \u00ebsht\u00eb shum\u00eb e v\u00ebshtir\u00eb p\u00ebr ju t\u00eb mendoni ose t\u00eb thoni, \u201cUn\u00eb e pranoj veten\u201d. Ju mendoni se po ta b\u00ebni k\u00ebt\u00eb do t\u00eb ishte t\u00eb pranonit gjith\u00e7ka q\u00eb nuk \u00ebsht\u00eb n\u00eb rregull me ju, por nuk \u00ebsht\u00eb k\u00ebshtu. Ne mund ta pranojm\u00eb dhe p\u00ebrqafojm\u00eb veten si krijesa unike e Zotit, dhe prap\u00ebseprap\u00eb t\u00eb mos na p\u00eblqej\u00eb gjith\u00e7ka q\u00eb b\u00ebjm\u00eb.<\/p>\n<p>Zoti do t\u00eb na ndryshoj\u00eb, por ne nuk mund ta fillojm\u00eb procesin e ndryshimit derisa kjo \u00e7\u00ebshtje e vet\u00eb-pranimit t\u00eb zgjidhet n\u00eb jet\u00ebn ton\u00eb individuale. Kur besojm\u00eb v\u00ebrtet se Per\u00ebndia na do pa kushte ashtu si\u00e7 jemi, at\u00ebher\u00eb do t\u00eb kemi nj\u00eb af\u00ebrsi me T\u00eb dhe do t\u00eb jemi t\u00eb gatsh\u00ebm t\u00eb marrim korrigjimin e Tij, i cili \u00ebsht\u00eb i nevojsh\u00ebm p\u00ebr ndryshimin e v\u00ebrtet\u00eb.<\/p>\n<p>Ndryshimi k\u00ebrkon korrigjim; njer\u00ebzit q\u00eb nuk e din\u00eb se jan\u00eb t\u00eb dashur e kan\u00eb shum\u00eb t\u00eb v\u00ebshtir\u00eb t\u00eb pranojn\u00eb korrigjimin. Korrigjimi \u00ebsht\u00eb thjesht Per\u00ebndia q\u00eb na jep ne udh\u00ebzime hyjnore p\u00ebr jet\u00ebt tona. Ai \u00ebsht\u00eb duke na udh\u00ebhequr t\u2019i b\u00ebjm\u00eb gj\u00ebrat m\u00eb mir\u00eb , por n\u00ebse ne jemi t\u00eb pasigurt gjithmon\u00eb do t\u00eb ndihemi t\u00eb nd\u00ebshkuar nga korrigjimi n\u00eb vend q\u00eb ta rrokim at\u00eb me g\u00ebzim.<\/p>\n<p>Per\u00ebndia nuk aprovon t\u00eb gjitha veprimet tona, por Ai na do dhe na ka shpallur si bijt\u00eb e Tij t\u00eb dashur.<\/p>\n<hr \/>\n<p>Ki durim me veten t\u00ebnde. Vazhdo p\u00ebrpara dhe beso q\u00eb je duke ndryshuar \u00e7do dit\u00eb.<\/p>\n","protected":false},"excerpt":{"rendered":"<p>Ne mund ta pranojm\u00eb dhe p\u00ebrqafojm\u00eb veten si krijesa unike e Zotit, dhe prap\u00ebseprap\u00eb t\u00eb mos na p\u00eblqej\u00eb gjith\u00e7ka q\u00eb b\u00ebjm\u00eb.<\/p>\n","protected":false},"author":20,"featured_media":2951,"parent":0,"menu_order":0,"comment_status":"closed","ping_status":"closed","template":"","class_list":["post-2950","devotional","type-devotional","status-publish","has-post-thumbnail","hentry"],"acf":[],"appp":{"post_detail":{"above_title":"<div class=\"post-featured-wrap\"><img width=\"960\" height=\"640\" src=\"https:\/\/tv.joycemeyer.org\/shqip\/wp-content\/uploads\/sites\/10\/2019\/02\/3387L.jpg\" class=\"post-featured wp-post-image\" alt=\"Pranimi i Vetes\" decoding=\"async\" srcset=\"https:\/\/tv.joycemeyer.org\/shqip\/wp-content\/uploads\/sites\/10\/2019\/02\/3387L.jpg 960w, https:\/\/tv.joycemeyer.org\/shqip\/wp-content\/uploads\/sites\/10\/2019\/02\/3387L-300x200.jpg 300w, https:\/\/tv.joycemeyer.org\/shqip\/wp-content\/uploads\/sites\/10\/2019\/02\/3387L-768x512.jpg 768w\" sizes=\"(max-width: 960px) 100vw, 960px\" \/><\/div>","below_content":""}},"yoast_head":"<!-- This site is optimized with the Yoast SEO plugin v27.4 - https:\/\/yoast.com\/product\/yoast-seo-wordpress\/ -->\n<title>Pranimi i Vetes - Joyce Meyer Ministries - Shqip<\/title>\n<meta name=\"robots\" content=\"index, follow, max-snippet:-1, max-image-preview:large, max-video-preview:-1\" \/>\n<link rel=\"canonical\" href=\"https:\/\/tv.joycemeyer.org\/shqip\/devotional\/pranimi-i-vetes\/\" \/>\n<meta property=\"og:locale\" content=\"sq_AL\" \/>\n<meta property=\"og:type\" content=\"article\" \/>\n<meta property=\"og:title\" content=\"Pranimi i Vetes - Joyce Meyer Ministries - Shqip\" \/>\n<meta property=\"og:description\" content=\"Ne mund ta pranojm\u00eb dhe p\u00ebrqafojm\u00eb veten si krijesa unike e Zotit, dhe prap\u00ebseprap\u00eb t\u00eb mos na p\u00eblqej\u00eb gjith\u00e7ka q\u00eb b\u00ebjm\u00eb.\" \/>\n<meta property=\"og:url\" content=\"https:\/\/tv.joycemeyer.org\/shqip\/devotional\/pranimi-i-vetes\/\" \/>\n<meta property=\"og:site_name\" content=\"Joyce Meyer Ministries - Shqip\" \/>\n<meta property=\"article:publisher\" content=\"https:\/\/www.facebook.com\/JoyceMeyerMinistriesAlbanian\/\" \/>\n<meta property=\"article:modified_time\" content=\"2024-01-25T20:05:39+00:00\" \/>\n<meta property=\"og:image\" content=\"https:\/\/tv.joycemeyer.org\/shqip\/wp-content\/uploads\/sites\/10\/2019\/02\/3387L.jpg\" \/>\n\t<meta property=\"og:image:width\" content=\"960\" \/>\n\t<meta property=\"og:image:height\" content=\"640\" \/>\n\t<meta property=\"og:image:type\" content=\"image\/jpeg\" \/>\n<meta name=\"twitter:card\" content=\"summary_large_image\" \/>\n<meta name=\"twitter:label1\" content=\"Est. reading time\" \/>\n\t<meta name=\"twitter:data1\" content=\"2 minuta\" \/>\n<script type=\"application\/ld+json\" class=\"yoast-schema-graph\">{\"@context\":\"https:\\\/\\\/schema.org\",\"@graph\":[{\"@type\":\"WebPage\",\"@id\":\"https:\\\/\\\/tv.joycemeyer.org\\\/shqip\\\/devotional\\\/pranimi-i-vetes\\\/\",\"url\":\"https:\\\/\\\/tv.joycemeyer.org\\\/shqip\\\/devotional\\\/pranimi-i-vetes\\\/\",\"name\":\"Pranimi i Vetes - Joyce Meyer Ministries - Shqip\",\"isPartOf\":{\"@id\":\"https:\\\/\\\/tv.joycemeyer.org\\\/shqip\\\/#website\"},\"primaryImageOfPage\":{\"@id\":\"https:\\\/\\\/tv.joycemeyer.org\\\/shqip\\\/devotional\\\/pranimi-i-vetes\\\/#primaryimage\"},\"image\":{\"@id\":\"https:\\\/\\\/tv.joycemeyer.org\\\/shqip\\\/devotional\\\/pranimi-i-vetes\\\/#primaryimage\"},\"thumbnailUrl\":\"https:\\\/\\\/tv.joycemeyer.org\\\/shqip\\\/wp-content\\\/uploads\\\/sites\\\/10\\\/2019\\\/02\\\/3387L.jpg\",\"datePublished\":\"2019-02-18T19:59:39+00:00\",\"dateModified\":\"2024-01-25T20:05:39+00:00\",\"breadcrumb\":{\"@id\":\"https:\\\/\\\/tv.joycemeyer.org\\\/shqip\\\/devotional\\\/pranimi-i-vetes\\\/#breadcrumb\"},\"inLanguage\":\"sq\",\"potentialAction\":[{\"@type\":\"ReadAction\",\"target\":[\"https:\\\/\\\/tv.joycemeyer.org\\\/shqip\\\/devotional\\\/pranimi-i-vetes\\\/\"]}]},{\"@type\":\"ImageObject\",\"inLanguage\":\"sq\",\"@id\":\"https:\\\/\\\/tv.joycemeyer.org\\\/shqip\\\/devotional\\\/pranimi-i-vetes\\\/#primaryimage\",\"url\":\"https:\\\/\\\/tv.joycemeyer.org\\\/shqip\\\/wp-content\\\/uploads\\\/sites\\\/10\\\/2019\\\/02\\\/3387L.jpg\",\"contentUrl\":\"https:\\\/\\\/tv.joycemeyer.org\\\/shqip\\\/wp-content\\\/uploads\\\/sites\\\/10\\\/2019\\\/02\\\/3387L.jpg\",\"width\":960,\"height\":640,\"caption\":\"Pranimi i Vetes\"},{\"@type\":\"BreadcrumbList\",\"@id\":\"https:\\\/\\\/tv.joycemeyer.org\\\/shqip\\\/devotional\\\/pranimi-i-vetes\\\/#breadcrumb\",\"itemListElement\":[{\"@type\":\"ListItem\",\"position\":1,\"name\":\"Home\",\"item\":\"https:\\\/\\\/tv.joycemeyer.org\\\/shqip\\\/\"},{\"@type\":\"ListItem\",\"position\":2,\"name\":\"Devotional\",\"item\":\"https:\\\/\\\/tv.joycemeyer.org\\\/shqip\\\/devotional\\\/\"},{\"@type\":\"ListItem\",\"position\":3,\"name\":\"Pranimi i Vetes\"}]},{\"@type\":\"WebSite\",\"@id\":\"https:\\\/\\\/tv.joycemeyer.org\\\/shqip\\\/#website\",\"url\":\"https:\\\/\\\/tv.joycemeyer.org\\\/shqip\\\/\",\"name\":\"Joyce Meyer Ministries - Shqip\",\"description\":\"Shijoje jet\u00ebn \u00e7do dit\u00eb\",\"potentialAction\":[{\"@type\":\"SearchAction\",\"target\":{\"@type\":\"EntryPoint\",\"urlTemplate\":\"https:\\\/\\\/tv.joycemeyer.org\\\/shqip\\\/?s={search_term_string}\"},\"query-input\":{\"@type\":\"PropertyValueSpecification\",\"valueRequired\":true,\"valueName\":\"search_term_string\"}}],\"inLanguage\":\"sq\"}]}<\/script>\n<!-- \/ Yoast SEO plugin. -->","yoast_head_json":{"title":"Pranimi i Vetes - Joyce Meyer Ministries - Shqip","robots":{"index":"index","follow":"follow","max-snippet":"max-snippet:-1","max-image-preview":"max-image-preview:large","max-video-preview":"max-video-preview:-1"},"canonical":"https:\/\/tv.joycemeyer.org\/shqip\/devotional\/pranimi-i-vetes\/","og_locale":"sq_AL","og_type":"article","og_title":"Pranimi i Vetes - Joyce Meyer Ministries - Shqip","og_description":"Ne mund ta pranojm\u00eb dhe p\u00ebrqafojm\u00eb veten si krijesa unike e Zotit, dhe prap\u00ebseprap\u00eb t\u00eb mos na p\u00eblqej\u00eb gjith\u00e7ka q\u00eb b\u00ebjm\u00eb.","og_url":"https:\/\/tv.joycemeyer.org\/shqip\/devotional\/pranimi-i-vetes\/","og_site_name":"Joyce Meyer Ministries - Shqip","article_publisher":"https:\/\/www.facebook.com\/JoyceMeyerMinistriesAlbanian\/","article_modified_time":"2024-01-25T20:05:39+00:00","og_image":[{"width":960,"height":640,"url":"https:\/\/tv.joycemeyer.org\/shqip\/wp-content\/uploads\/sites\/10\/2019\/02\/3387L.jpg","type":"image\/jpeg"}],"twitter_card":"summary_large_image","twitter_misc":{"Est. reading time":"2 minuta"},"schema":{"@context":"https:\/\/schema.org","@graph":[{"@type":"WebPage","@id":"https:\/\/tv.joycemeyer.org\/shqip\/devotional\/pranimi-i-vetes\/","url":"https:\/\/tv.joycemeyer.org\/shqip\/devotional\/pranimi-i-vetes\/","name":"Pranimi i Vetes - Joyce Meyer Ministries - Shqip","isPartOf":{"@id":"https:\/\/tv.joycemeyer.org\/shqip\/#website"},"primaryImageOfPage":{"@id":"https:\/\/tv.joycemeyer.org\/shqip\/devotional\/pranimi-i-vetes\/#primaryimage"},"image":{"@id":"https:\/\/tv.joycemeyer.org\/shqip\/devotional\/pranimi-i-vetes\/#primaryimage"},"thumbnailUrl":"https:\/\/tv.joycemeyer.org\/shqip\/wp-content\/uploads\/sites\/10\/2019\/02\/3387L.jpg","datePublished":"2019-02-18T19:59:39+00:00","dateModified":"2024-01-25T20:05:39+00:00","breadcrumb":{"@id":"https:\/\/tv.joycemeyer.org\/shqip\/devotional\/pranimi-i-vetes\/#breadcrumb"},"inLanguage":"sq","potentialAction":[{"@type":"ReadAction","target":["https:\/\/tv.joycemeyer.org\/shqip\/devotional\/pranimi-i-vetes\/"]}]},{"@type":"ImageObject","inLanguage":"sq","@id":"https:\/\/tv.joycemeyer.org\/shqip\/devotional\/pranimi-i-vetes\/#primaryimage","url":"https:\/\/tv.joycemeyer.org\/shqip\/wp-content\/uploads\/sites\/10\/2019\/02\/3387L.jpg","contentUrl":"https:\/\/tv.joycemeyer.org\/shqip\/wp-content\/uploads\/sites\/10\/2019\/02\/3387L.jpg","width":960,"height":640,"caption":"Pranimi i Vetes"},{"@type":"BreadcrumbList","@id":"https:\/\/tv.joycemeyer.org\/shqip\/devotional\/pranimi-i-vetes\/#breadcrumb","itemListElement":[{"@type":"ListItem","position":1,"name":"Home","item":"https:\/\/tv.joycemeyer.org\/shqip\/"},{"@type":"ListItem","position":2,"name":"Devotional","item":"https:\/\/tv.joycemeyer.org\/shqip\/devotional\/"},{"@type":"ListItem","position":3,"name":"Pranimi i Vetes"}]},{"@type":"WebSite","@id":"https:\/\/tv.joycemeyer.org\/shqip\/#website","url":"https:\/\/tv.joycemeyer.org\/shqip\/","name":"Joyce Meyer Ministries - Shqip","description":"Shijoje jet\u00ebn \u00e7do dit\u00eb","potentialAction":[{"@type":"SearchAction","target":{"@type":"EntryPoint","urlTemplate":"https:\/\/tv.joycemeyer.org\/shqip\/?s={search_term_string}"},"query-input":{"@type":"PropertyValueSpecification","valueRequired":true,"valueName":"search_term_string"}}],"inLanguage":"sq"}]}},"_links":{"self":[{"href":"https:\/\/tv.joycemeyer.org\/shqip\/wp-json\/wp\/v2\/devotional\/2950","targetHints":{"allow":["GET"]}}],"collection":[{"href":"https:\/\/tv.joycemeyer.org\/shqip\/wp-json\/wp\/v2\/devotional"}],"about":[{"href":"https:\/\/tv.joycemeyer.org\/shqip\/wp-json\/wp\/v2\/types\/devotional"}],"author":[{"embeddable":true,"href":"https:\/\/tv.joycemeyer.org\/shqip\/wp-json\/wp\/v2\/users\/20"}],"replies":[{"embeddable":true,"href":"https:\/\/tv.joycemeyer.org\/shqip\/wp-json\/wp\/v2\/comments?post=2950"}],"wp:featuredmedia":[{"embeddable":true,"href":"https:\/\/tv.joycemeyer.org\/shqip\/wp-json\/wp\/v2\/media\/2951"}],"wp:attachment":[{"href":"https:\/\/tv.joycemeyer.org\/shqip\/wp-json\/wp\/v2\/media?parent=2950"}],"curies":[{"name":"wp","href":"https:\/\/api.w.org\/{rel}","templated":true}]}}