{"id":3394,"date":"2024-08-23T00:01:59","date_gmt":"2024-08-23T00:01:59","guid":{"rendered":"https:\/\/tv.joycemeyer.org\/shqip\/?post_type=devotional&#038;p=3394"},"modified":"2024-08-23T12:31:44","modified_gmt":"2024-08-23T12:31:44","slug":"mbeshtetemi-ne-fuqine-e-perendise","status":"publish","type":"devotional","link":"https:\/\/tv.joycemeyer.org\/shqip\/devotional\/mbeshtetemi-ne-fuqine-e-perendise\/","title":{"rendered":"Mb\u00ebshtetemi N\u00eb Fuqin\u00eb e Per\u00ebndis\u00eb"},"content":{"rendered":"<blockquote><p>P\u00ebr \u00e7far\u00eb mbetet, v\u00ebllez\u00ebrit e mi, forcohuni n\u00eb Zotin dhe n\u00eb forc\u00ebn e fuqis\u00eb s\u00eb tij. EFESIAN\u00cbVE 6:10<\/p><\/blockquote>\n<p>Nj\u00eb sekret i r\u00ebnd\u00ebsish\u00ebm p\u00ebr t\u00eb qen\u00eb t\u00eb suksessh\u00ebm n\u00eb \u00e7do detyr\u00eb q\u00eb ju vihet p\u00ebrpara \u00ebsht\u00eb t\u00eb p\u00ebrdorni fuqin\u00eb e Per\u00ebndis\u00eb. Forca juaj do t\u00eb mbaroj\u00eb p\u00ebrfundimisht, por forca e Per\u00ebndis\u00eb nuk do t\u00eb mbaroj\u00eb kurr\u00eb.<br \/>\nShum\u00eb her\u00eb n\u00eb jet\u00ebn time kam qen\u00eb n\u00eb situata q\u00eb nuk dija \u00e7far\u00eb t\u00eb b\u00ebja, por Zoti m\u00eb ka ndihmuar gjithmon\u00eb dhe m\u00eb ka sjell\u00eb n\u00eb nj\u00eb vend fitoreje. \u00c7do her\u00eb Ai m\u00eb takonte me forc\u00ebn e Tij q\u00eb m\u00eb nevojitej d\u00ebshp\u00ebrimisht p\u00ebr t\u00eb qen\u00eb e suksesshme. Ju mund t\u00eb prisni q\u00eb Per\u00ebndia t\u00eb b\u00ebj\u00eb t\u00eb nj\u00ebjt\u00ebn gj\u00eb p\u00ebr ju, pavar\u00ebsisht nga sfidat me t\u00eb cilat po p\u00ebrballeni tani. Zoti \u00ebsht\u00eb forca juaj!<\/p>\n<p>Tek Efesian\u00ebve 6:10, Pali na siguron se Per\u00ebndia do t\u00eb derdh\u00eb forc\u00eb n\u00eb jet\u00ebn ton\u00eb nd\u00ebrsa jetojm\u00eb n\u00eb marr\u00ebdh\u00ebnie t\u00eb ngusht\u00eb me T\u00eb. Dhe profeti Isaia thot\u00eb se ata q\u00eb kan\u00eb m\u00ebsuar sekretin e pritjes te Zoti \u201cdo t\u00eb ngrihen me krah\u00eb si shqiponja\u201d (Isaia 40:31). K\u00ebto vargje dhe t\u00eb tjera si k\u00ebto, na tregojn\u00eb se ne forcohemi nd\u00ebrsa shkojm\u00eb te Per\u00ebndia p\u00ebr at\u00eb q\u00eb na mungon. Per\u00ebndia ka premtuar se nuk do t\u00eb na l\u00ebr\u00eb dhe nuk do t\u00eb na braktis\u00eb kurr\u00eb. Ai \u00ebsht\u00eb me ne n\u00eb \u00e7do hap t\u00eb udh\u00ebtimit ton\u00eb dhe Ai na jep forc\u00ebn q\u00eb na nevojitet kur kemi nevoj\u00eb p\u00ebr t\u00eb.<\/p>\n<hr \/>\n<p>Per\u00ebndia d\u00ebshiron t\u00eb b\u00ebj\u00eb shum\u00eb m\u00eb tep\u00ebr sesa thjesht t\u2019ju jap\u00eb forc\u00eb \u2013 Ai d\u00ebshiron t\u00eb jet\u00eb forca juaj.<\/p>\n","protected":false},"excerpt":{"rendered":"<p>\u00c7do her\u00eb Ai m\u00eb takonte me forc\u00ebn e Tij q\u00eb m\u00eb nevojitej d\u00ebshp\u00ebrimisht p\u00ebr t\u00eb qen\u00eb e suksesshme.<\/p>\n","protected":false},"author":20,"featured_media":3395,"parent":0,"menu_order":0,"comment_status":"closed","ping_status":"closed","template":"","class_list":["post-3394","devotional","type-devotional","status-publish","has-post-thumbnail","hentry"],"acf":[],"appp":{"post_detail":{"above_title":"<div class=\"post-featured-wrap\"><img width=\"504\" height=\"249\" src=\"https:\/\/tv.joycemeyer.org\/shqip\/wp-content\/uploads\/sites\/10\/2024\/08\/5127L.jpg\" class=\"post-featured wp-post-image\" alt=\"\" decoding=\"async\" srcset=\"https:\/\/tv.joycemeyer.org\/shqip\/wp-content\/uploads\/sites\/10\/2024\/08\/5127L.jpg 504w, https:\/\/tv.joycemeyer.org\/shqip\/wp-content\/uploads\/sites\/10\/2024\/08\/5127L-300x148.jpg 300w\" sizes=\"(max-width: 504px) 100vw, 504px\" \/><\/div>","below_content":""}},"yoast_head":"<!-- This site is optimized with the Yoast SEO plugin v27.4 - https:\/\/yoast.com\/product\/yoast-seo-wordpress\/ -->\n<title>Mb\u00ebshtetemi N\u00eb Fuqin\u00eb e Per\u00ebndis\u00eb - Joyce Meyer Ministries - Shqip<\/title>\n<meta name=\"robots\" content=\"index, follow, max-snippet:-1, max-image-preview:large, max-video-preview:-1\" \/>\n<link rel=\"canonical\" href=\"https:\/\/tv.joycemeyer.org\/shqip\/devotional\/mbeshtetemi-ne-fuqine-e-perendise\/\" \/>\n<meta property=\"og:locale\" content=\"sq_AL\" \/>\n<meta property=\"og:type\" content=\"article\" \/>\n<meta property=\"og:title\" content=\"Mb\u00ebshtetemi N\u00eb Fuqin\u00eb e Per\u00ebndis\u00eb - Joyce Meyer Ministries - Shqip\" \/>\n<meta property=\"og:description\" content=\"\u00c7do her\u00eb Ai m\u00eb takonte me forc\u00ebn e Tij q\u00eb m\u00eb nevojitej d\u00ebshp\u00ebrimisht p\u00ebr t\u00eb qen\u00eb e suksesshme.\" \/>\n<meta property=\"og:url\" content=\"https:\/\/tv.joycemeyer.org\/shqip\/devotional\/mbeshtetemi-ne-fuqine-e-perendise\/\" \/>\n<meta property=\"og:site_name\" content=\"Joyce Meyer Ministries - Shqip\" \/>\n<meta property=\"article:publisher\" content=\"https:\/\/www.facebook.com\/JoyceMeyerMinistriesAlbanian\/\" \/>\n<meta property=\"article:modified_time\" content=\"2024-08-23T12:31:44+00:00\" \/>\n<meta property=\"og:image\" content=\"https:\/\/tv.joycemeyer.org\/shqip\/wp-content\/uploads\/sites\/10\/2024\/08\/5127L.jpg\" \/>\n\t<meta property=\"og:image:width\" content=\"504\" \/>\n\t<meta property=\"og:image:height\" content=\"249\" \/>\n\t<meta property=\"og:image:type\" content=\"image\/jpeg\" \/>\n<meta name=\"twitter:card\" content=\"summary_large_image\" \/>\n<meta name=\"twitter:label1\" content=\"Est. reading time\" \/>\n\t<meta name=\"twitter:data1\" content=\"2 minuta\" \/>\n<script type=\"application\/ld+json\" class=\"yoast-schema-graph\">{\"@context\":\"https:\\\/\\\/schema.org\",\"@graph\":[{\"@type\":\"WebPage\",\"@id\":\"https:\\\/\\\/tv.joycemeyer.org\\\/shqip\\\/devotional\\\/mbeshtetemi-ne-fuqine-e-perendise\\\/\",\"url\":\"https:\\\/\\\/tv.joycemeyer.org\\\/shqip\\\/devotional\\\/mbeshtetemi-ne-fuqine-e-perendise\\\/\",\"name\":\"Mb\u00ebshtetemi N\u00eb Fuqin\u00eb e Per\u00ebndis\u00eb - Joyce Meyer Ministries - Shqip\",\"isPartOf\":{\"@id\":\"https:\\\/\\\/tv.joycemeyer.org\\\/shqip\\\/#website\"},\"primaryImageOfPage\":{\"@id\":\"https:\\\/\\\/tv.joycemeyer.org\\\/shqip\\\/devotional\\\/mbeshtetemi-ne-fuqine-e-perendise\\\/#primaryimage\"},\"image\":{\"@id\":\"https:\\\/\\\/tv.joycemeyer.org\\\/shqip\\\/devotional\\\/mbeshtetemi-ne-fuqine-e-perendise\\\/#primaryimage\"},\"thumbnailUrl\":\"https:\\\/\\\/tv.joycemeyer.org\\\/shqip\\\/wp-content\\\/uploads\\\/sites\\\/10\\\/2024\\\/08\\\/5127L.jpg\",\"datePublished\":\"2024-08-23T00:01:59+00:00\",\"dateModified\":\"2024-08-23T12:31:44+00:00\",\"breadcrumb\":{\"@id\":\"https:\\\/\\\/tv.joycemeyer.org\\\/shqip\\\/devotional\\\/mbeshtetemi-ne-fuqine-e-perendise\\\/#breadcrumb\"},\"inLanguage\":\"sq\",\"potentialAction\":[{\"@type\":\"ReadAction\",\"target\":[\"https:\\\/\\\/tv.joycemeyer.org\\\/shqip\\\/devotional\\\/mbeshtetemi-ne-fuqine-e-perendise\\\/\"]}]},{\"@type\":\"ImageObject\",\"inLanguage\":\"sq\",\"@id\":\"https:\\\/\\\/tv.joycemeyer.org\\\/shqip\\\/devotional\\\/mbeshtetemi-ne-fuqine-e-perendise\\\/#primaryimage\",\"url\":\"https:\\\/\\\/tv.joycemeyer.org\\\/shqip\\\/wp-content\\\/uploads\\\/sites\\\/10\\\/2024\\\/08\\\/5127L.jpg\",\"contentUrl\":\"https:\\\/\\\/tv.joycemeyer.org\\\/shqip\\\/wp-content\\\/uploads\\\/sites\\\/10\\\/2024\\\/08\\\/5127L.jpg\",\"width\":504,\"height\":249,\"caption\":\"Mb\u00ebshtetemi N\u00eb Fuqin\u00eb e Per\u00ebndis\u00eb\"},{\"@type\":\"BreadcrumbList\",\"@id\":\"https:\\\/\\\/tv.joycemeyer.org\\\/shqip\\\/devotional\\\/mbeshtetemi-ne-fuqine-e-perendise\\\/#breadcrumb\",\"itemListElement\":[{\"@type\":\"ListItem\",\"position\":1,\"name\":\"Home\",\"item\":\"https:\\\/\\\/tv.joycemeyer.org\\\/shqip\\\/\"},{\"@type\":\"ListItem\",\"position\":2,\"name\":\"Devotional\",\"item\":\"https:\\\/\\\/tv.joycemeyer.org\\\/shqip\\\/devotional\\\/\"},{\"@type\":\"ListItem\",\"position\":3,\"name\":\"Mb\u00ebshtetemi N\u00eb Fuqin\u00eb e Per\u00ebndis\u00eb\"}]},{\"@type\":\"WebSite\",\"@id\":\"https:\\\/\\\/tv.joycemeyer.org\\\/shqip\\\/#website\",\"url\":\"https:\\\/\\\/tv.joycemeyer.org\\\/shqip\\\/\",\"name\":\"Joyce Meyer Ministries - Shqip\",\"description\":\"Shijoje jet\u00ebn \u00e7do dit\u00eb\",\"potentialAction\":[{\"@type\":\"SearchAction\",\"target\":{\"@type\":\"EntryPoint\",\"urlTemplate\":\"https:\\\/\\\/tv.joycemeyer.org\\\/shqip\\\/?s={search_term_string}\"},\"query-input\":{\"@type\":\"PropertyValueSpecification\",\"valueRequired\":true,\"valueName\":\"search_term_string\"}}],\"inLanguage\":\"sq\"}]}<\/script>\n<!-- \/ Yoast SEO plugin. -->","yoast_head_json":{"title":"Mb\u00ebshtetemi N\u00eb Fuqin\u00eb e Per\u00ebndis\u00eb - Joyce Meyer Ministries - Shqip","robots":{"index":"index","follow":"follow","max-snippet":"max-snippet:-1","max-image-preview":"max-image-preview:large","max-video-preview":"max-video-preview:-1"},"canonical":"https:\/\/tv.joycemeyer.org\/shqip\/devotional\/mbeshtetemi-ne-fuqine-e-perendise\/","og_locale":"sq_AL","og_type":"article","og_title":"Mb\u00ebshtetemi N\u00eb Fuqin\u00eb e Per\u00ebndis\u00eb - Joyce Meyer Ministries - Shqip","og_description":"\u00c7do her\u00eb Ai m\u00eb takonte me forc\u00ebn e Tij q\u00eb m\u00eb nevojitej d\u00ebshp\u00ebrimisht p\u00ebr t\u00eb qen\u00eb e suksesshme.","og_url":"https:\/\/tv.joycemeyer.org\/shqip\/devotional\/mbeshtetemi-ne-fuqine-e-perendise\/","og_site_name":"Joyce Meyer Ministries - Shqip","article_publisher":"https:\/\/www.facebook.com\/JoyceMeyerMinistriesAlbanian\/","article_modified_time":"2024-08-23T12:31:44+00:00","og_image":[{"width":504,"height":249,"url":"https:\/\/tv.joycemeyer.org\/shqip\/wp-content\/uploads\/sites\/10\/2024\/08\/5127L.jpg","type":"image\/jpeg"}],"twitter_card":"summary_large_image","twitter_misc":{"Est. reading time":"2 minuta"},"schema":{"@context":"https:\/\/schema.org","@graph":[{"@type":"WebPage","@id":"https:\/\/tv.joycemeyer.org\/shqip\/devotional\/mbeshtetemi-ne-fuqine-e-perendise\/","url":"https:\/\/tv.joycemeyer.org\/shqip\/devotional\/mbeshtetemi-ne-fuqine-e-perendise\/","name":"Mb\u00ebshtetemi N\u00eb Fuqin\u00eb e Per\u00ebndis\u00eb - Joyce Meyer Ministries - Shqip","isPartOf":{"@id":"https:\/\/tv.joycemeyer.org\/shqip\/#website"},"primaryImageOfPage":{"@id":"https:\/\/tv.joycemeyer.org\/shqip\/devotional\/mbeshtetemi-ne-fuqine-e-perendise\/#primaryimage"},"image":{"@id":"https:\/\/tv.joycemeyer.org\/shqip\/devotional\/mbeshtetemi-ne-fuqine-e-perendise\/#primaryimage"},"thumbnailUrl":"https:\/\/tv.joycemeyer.org\/shqip\/wp-content\/uploads\/sites\/10\/2024\/08\/5127L.jpg","datePublished":"2024-08-23T00:01:59+00:00","dateModified":"2024-08-23T12:31:44+00:00","breadcrumb":{"@id":"https:\/\/tv.joycemeyer.org\/shqip\/devotional\/mbeshtetemi-ne-fuqine-e-perendise\/#breadcrumb"},"inLanguage":"sq","potentialAction":[{"@type":"ReadAction","target":["https:\/\/tv.joycemeyer.org\/shqip\/devotional\/mbeshtetemi-ne-fuqine-e-perendise\/"]}]},{"@type":"ImageObject","inLanguage":"sq","@id":"https:\/\/tv.joycemeyer.org\/shqip\/devotional\/mbeshtetemi-ne-fuqine-e-perendise\/#primaryimage","url":"https:\/\/tv.joycemeyer.org\/shqip\/wp-content\/uploads\/sites\/10\/2024\/08\/5127L.jpg","contentUrl":"https:\/\/tv.joycemeyer.org\/shqip\/wp-content\/uploads\/sites\/10\/2024\/08\/5127L.jpg","width":504,"height":249,"caption":"Mb\u00ebshtetemi N\u00eb Fuqin\u00eb e Per\u00ebndis\u00eb"},{"@type":"BreadcrumbList","@id":"https:\/\/tv.joycemeyer.org\/shqip\/devotional\/mbeshtetemi-ne-fuqine-e-perendise\/#breadcrumb","itemListElement":[{"@type":"ListItem","position":1,"name":"Home","item":"https:\/\/tv.joycemeyer.org\/shqip\/"},{"@type":"ListItem","position":2,"name":"Devotional","item":"https:\/\/tv.joycemeyer.org\/shqip\/devotional\/"},{"@type":"ListItem","position":3,"name":"Mb\u00ebshtetemi N\u00eb Fuqin\u00eb e Per\u00ebndis\u00eb"}]},{"@type":"WebSite","@id":"https:\/\/tv.joycemeyer.org\/shqip\/#website","url":"https:\/\/tv.joycemeyer.org\/shqip\/","name":"Joyce Meyer Ministries - Shqip","description":"Shijoje jet\u00ebn \u00e7do dit\u00eb","potentialAction":[{"@type":"SearchAction","target":{"@type":"EntryPoint","urlTemplate":"https:\/\/tv.joycemeyer.org\/shqip\/?s={search_term_string}"},"query-input":{"@type":"PropertyValueSpecification","valueRequired":true,"valueName":"search_term_string"}}],"inLanguage":"sq"}]}},"_links":{"self":[{"href":"https:\/\/tv.joycemeyer.org\/shqip\/wp-json\/wp\/v2\/devotional\/3394","targetHints":{"allow":["GET"]}}],"collection":[{"href":"https:\/\/tv.joycemeyer.org\/shqip\/wp-json\/wp\/v2\/devotional"}],"about":[{"href":"https:\/\/tv.joycemeyer.org\/shqip\/wp-json\/wp\/v2\/types\/devotional"}],"author":[{"embeddable":true,"href":"https:\/\/tv.joycemeyer.org\/shqip\/wp-json\/wp\/v2\/users\/20"}],"replies":[{"embeddable":true,"href":"https:\/\/tv.joycemeyer.org\/shqip\/wp-json\/wp\/v2\/comments?post=3394"}],"wp:featuredmedia":[{"embeddable":true,"href":"https:\/\/tv.joycemeyer.org\/shqip\/wp-json\/wp\/v2\/media\/3395"}],"wp:attachment":[{"href":"https:\/\/tv.joycemeyer.org\/shqip\/wp-json\/wp\/v2\/media?parent=3394"}],"curies":[{"name":"wp","href":"https:\/\/api.w.org\/{rel}","templated":true}]}}