{"id":988,"date":"2026-09-04T00:01:25","date_gmt":"2026-09-04T00:01:25","guid":{"rendered":"https:\/\/tv.joycemeyer.org\/shqip\/?post_type=devotional&#038;p=988"},"modified":"2026-03-18T20:54:57","modified_gmt":"2026-03-18T20:54:57","slug":"gjeni-tek-fjala-pergjigjet-dhe","status":"publish","type":"devotional","link":"https:\/\/tv.joycemeyer.org\/shqip\/devotional\/gjeni-tek-fjala-pergjigjet-dhe\/","title":{"rendered":"gjeni tek Fjala p\u00ebrgjigjet dhe fuqin\u00eb q\u00eb ju duhet"},"content":{"rendered":"<blockquote><p>Sepse Fjala e Per\u00ebndis\u00eb \u00ebsht\u00eb e gjall\u00eb dhe vepruese, m\u00eb e mpreht\u00eb se \u00e7do shpat\u00eb me dy tehe\u2026 dhe \u00ebsht\u00eb n\u00eb gjendje t\u00eb gjykoj\u00eb mendimet dhe d\u00ebshirat e zemr\u00ebs. \u2013 Hebrenjve 4:12<\/p><\/blockquote>\n<p>Kur njer\u00ebzit m\u00eb pyesin se ku t\u00eb fillojn\u00eb me leximin e Bibl\u00ebs, u them q\u00eb nuk ka ndonj\u00eb vend t\u00eb gabuar. Mund t\u00eb studioni \u00e7do gj\u00eb q\u00eb ju ndihmon.<\/p>\n<p>Kur fillova t\u00eb studioja Fjal\u00ebn, nuk kisha marr\u00ebdh\u00ebnie t\u00eb mira sepse nuk e kuptoja \u00e7far\u00eb ishte dashuria e v\u00ebrtet\u00eb. Prandaj, fillova t\u00eb studioja subjektin e dashuris\u00eb, dhe m\u00ebsova q\u00eb \u00ebsht\u00eb m\u00eb tep\u00ebr se nj\u00eb ndjenj\u00eb sentimentale. \u00cbsht\u00eb nj\u00eb vendim q\u00eb merrni p\u00ebr m\u00ebnyr\u00ebn si do t\u00eb trajtoni njer\u00ebzit.<\/p>\n<p>Duke studiuar \u00e7far\u00eb Bibla thot\u00eb p\u00ebr dashurin\u00eb, m\u00ebsova si t\u00eb doja. Jeta ime filloi t\u00eb ndryshonte.<\/p>\n<p>Me \u00e7far\u00ebdo q\u00eb t\u00eb jeni duke u p\u00ebrballuar, mund t\u00eb gjeni vargje duke p\u00ebrdorur nj\u00eb p\u00ebrkues biblik. P\u00ebr shembull, n\u00ebse po p\u00ebrballeni me inatin apo frik\u00ebn, shkoni tek p\u00ebrkuesi n\u00eb fund t\u00eb Bibl\u00ebs dhe k\u00ebrkoni k\u00ebto fjal\u00eb q\u00eb t\u00eb gjeni vargjet q\u00eb flasin p\u00ebr to. K\u00ebrkojini Frym\u00ebs s\u00eb Shenjt\u00eb t\u2019ju drejtoj\u00eb dhe t\u2019ju zbuloj\u00eb t\u00eb v\u00ebrtet\u00ebn.<\/p>\n<p>Nuk ka r\u00ebnd\u00ebsi se ku filloni, mbani mend q\u00eb Fjala \u00ebsht\u00eb e gjall\u00eb dhe Per\u00ebndia do q\u00eb t\u2019i flas\u00eb zemr\u00ebs suaj sot!<\/p>\n<hr \/>\n<p>Lutje<\/p>\n<p>Zot, e di q\u00eb Ti do t\u00eb m\u00eb flas\u00ebsh. M\u00eb ndihmo t\u00eb gjej urt\u00ebsin\u00eb dhe fuqin\u00eb q\u00eb m\u00eb duhet tek Fjala Jote sot.<\/p>\n","protected":false},"excerpt":{"rendered":"<p>K\u00ebrkojini Frym\u00ebs s\u00eb Shenjt\u00eb t\u2019ju drejtoj\u00eb dhe t\u2019ju zbuloj\u00eb t\u00eb v\u00ebrtet\u00ebn.<\/p>\n","protected":false},"author":15,"featured_media":989,"parent":0,"menu_order":0,"comment_status":"closed","ping_status":"closed","template":"","class_list":["post-988","devotional","type-devotional","status-publish","has-post-thumbnail","hentry"],"acf":[],"appp":{"post_detail":{"above_title":"<div class=\"post-featured-wrap\"><img width=\"960\" height=\"540\" src=\"https:\/\/tv.joycemeyer.org\/shqip\/wp-content\/uploads\/sites\/10\/2021\/04\/1294.jpg\" class=\"post-featured wp-post-image\" alt=\"gjeni tek Fjala p\u00ebrgjigjet dhe fuqin\u00eb q\u00eb ju duhet\" decoding=\"async\" srcset=\"https:\/\/tv.joycemeyer.org\/shqip\/wp-content\/uploads\/sites\/10\/2021\/04\/1294.jpg 960w, https:\/\/tv.joycemeyer.org\/shqip\/wp-content\/uploads\/sites\/10\/2021\/04\/1294-300x169.jpg 300w, https:\/\/tv.joycemeyer.org\/shqip\/wp-content\/uploads\/sites\/10\/2021\/04\/1294-768x432.jpg 768w, https:\/\/tv.joycemeyer.org\/shqip\/wp-content\/uploads\/sites\/10\/2021\/04\/1294-640x360.jpg 640w\" sizes=\"(max-width: 960px) 100vw, 960px\" \/><\/div>","below_content":"<div class=\"follow\"><h6 class=\"alt\">Lidhu me Ne<\/h6><ul class=\"nav nav--social nav--flex\"><li class=\"menu-item facebook\"><a href=\"https:\/\/www.facebook.com\/JoyceMeyerMinistriesAlbanian\/\" target=\"_blank\"><span class=\"visuallyhidden\">Facebook<\/span><\/a><\/li><\/ul><\/div>"}},"yoast_head":"<!-- This site is optimized with the Yoast SEO plugin v28.2 - https:\/\/yoast.com\/product\/yoast-seo-wordpress\/ -->\n<title>gjeni tek Fjala p\u00ebrgjigjet dhe fuqin\u00eb q\u00eb ju duhet - Joyce Meyer Ministries - Shqip<\/title>\n<meta name=\"robots\" content=\"index, follow, max-snippet:-1, max-image-preview:large, max-video-preview:-1\" \/>\n<link rel=\"canonical\" href=\"https:\/\/tv.joycemeyer.org\/shqip\/devotional\/gjeni-tek-fjala-pergjigjet-dhe\/\" \/>\n<meta property=\"og:locale\" content=\"sq_AL\" \/>\n<meta property=\"og:type\" content=\"article\" \/>\n<meta property=\"og:title\" content=\"gjeni tek Fjala p\u00ebrgjigjet dhe fuqin\u00eb q\u00eb ju duhet - Joyce Meyer Ministries - Shqip\" \/>\n<meta property=\"og:description\" content=\"K\u00ebrkojini Frym\u00ebs s\u00eb Shenjt\u00eb t\u2019ju drejtoj\u00eb dhe t\u2019ju zbuloj\u00eb t\u00eb v\u00ebrtet\u00ebn.\" \/>\n<meta property=\"og:url\" content=\"https:\/\/tv.joycemeyer.org\/shqip\/devotional\/gjeni-tek-fjala-pergjigjet-dhe\/\" \/>\n<meta property=\"og:site_name\" content=\"Joyce Meyer Ministries - Shqip\" \/>\n<meta property=\"article:publisher\" content=\"https:\/\/www.facebook.com\/JoyceMeyerMinistriesAlbanian\/\" \/>\n<meta property=\"og:image\" content=\"https:\/\/tv.joycemeyer.org\/shqip\/wp-content\/uploads\/sites\/10\/2021\/04\/1294.jpg\" \/>\n\t<meta property=\"og:image:width\" content=\"960\" \/>\n\t<meta property=\"og:image:height\" content=\"540\" \/>\n\t<meta property=\"og:image:type\" content=\"image\/jpeg\" \/>\n<meta name=\"twitter:card\" content=\"summary_large_image\" \/>\n<meta name=\"twitter:label1\" content=\"Est. reading time\" \/>\n\t<meta name=\"twitter:data1\" content=\"2 minuta\" \/>\n<script type=\"application\/ld+json\" class=\"yoast-schema-graph\">{\"@context\":\"https:\\\/\\\/schema.org\",\"@graph\":[{\"@type\":\"WebPage\",\"@id\":\"https:\\\/\\\/tv.joycemeyer.org\\\/shqip\\\/devotional\\\/gjeni-tek-fjala-pergjigjet-dhe\\\/\",\"url\":\"https:\\\/\\\/tv.joycemeyer.org\\\/shqip\\\/devotional\\\/gjeni-tek-fjala-pergjigjet-dhe\\\/\",\"name\":\"gjeni tek Fjala p\u00ebrgjigjet dhe fuqin\u00eb q\u00eb ju duhet - Joyce Meyer Ministries - Shqip\",\"isPartOf\":{\"@id\":\"https:\\\/\\\/tv.joycemeyer.org\\\/shqip\\\/#website\"},\"primaryImageOfPage\":{\"@id\":\"https:\\\/\\\/tv.joycemeyer.org\\\/shqip\\\/devotional\\\/gjeni-tek-fjala-pergjigjet-dhe\\\/#primaryimage\"},\"image\":{\"@id\":\"https:\\\/\\\/tv.joycemeyer.org\\\/shqip\\\/devotional\\\/gjeni-tek-fjala-pergjigjet-dhe\\\/#primaryimage\"},\"thumbnailUrl\":\"https:\\\/\\\/tv.joycemeyer.org\\\/shqip\\\/wp-content\\\/uploads\\\/sites\\\/10\\\/2021\\\/04\\\/1294.jpg\",\"datePublished\":\"2026-09-04T00:01:25+00:00\",\"breadcrumb\":{\"@id\":\"https:\\\/\\\/tv.joycemeyer.org\\\/shqip\\\/devotional\\\/gjeni-tek-fjala-pergjigjet-dhe\\\/#breadcrumb\"},\"inLanguage\":\"sq\",\"potentialAction\":[{\"@type\":\"ReadAction\",\"target\":[\"https:\\\/\\\/tv.joycemeyer.org\\\/shqip\\\/devotional\\\/gjeni-tek-fjala-pergjigjet-dhe\\\/\"]}]},{\"@type\":\"ImageObject\",\"inLanguage\":\"sq\",\"@id\":\"https:\\\/\\\/tv.joycemeyer.org\\\/shqip\\\/devotional\\\/gjeni-tek-fjala-pergjigjet-dhe\\\/#primaryimage\",\"url\":\"https:\\\/\\\/tv.joycemeyer.org\\\/shqip\\\/wp-content\\\/uploads\\\/sites\\\/10\\\/2021\\\/04\\\/1294.jpg\",\"contentUrl\":\"https:\\\/\\\/tv.joycemeyer.org\\\/shqip\\\/wp-content\\\/uploads\\\/sites\\\/10\\\/2021\\\/04\\\/1294.jpg\",\"width\":960,\"height\":540,\"caption\":\"gjeni tek Fjala p\u00ebrgjigjet dhe fuqin\u00eb q\u00eb ju duhet\"},{\"@type\":\"BreadcrumbList\",\"@id\":\"https:\\\/\\\/tv.joycemeyer.org\\\/shqip\\\/devotional\\\/gjeni-tek-fjala-pergjigjet-dhe\\\/#breadcrumb\",\"itemListElement\":[{\"@type\":\"ListItem\",\"position\":1,\"name\":\"Home\",\"item\":\"https:\\\/\\\/tv.joycemeyer.org\\\/shqip\\\/\"},{\"@type\":\"ListItem\",\"position\":2,\"name\":\"Devotional\",\"item\":\"https:\\\/\\\/tv.joycemeyer.org\\\/shqip\\\/devotional\\\/\"},{\"@type\":\"ListItem\",\"position\":3,\"name\":\"gjeni tek Fjala p\u00ebrgjigjet dhe fuqin\u00eb q\u00eb ju duhet\"}]},{\"@type\":\"WebSite\",\"@id\":\"https:\\\/\\\/tv.joycemeyer.org\\\/shqip\\\/#website\",\"url\":\"https:\\\/\\\/tv.joycemeyer.org\\\/shqip\\\/\",\"name\":\"Joyce Meyer Ministries - Shqip\",\"description\":\"Shijoje jet\u00ebn \u00e7do dit\u00eb\",\"potentialAction\":[{\"@type\":\"SearchAction\",\"target\":{\"@type\":\"EntryPoint\",\"urlTemplate\":\"https:\\\/\\\/tv.joycemeyer.org\\\/shqip\\\/?s={search_term_string}\"},\"query-input\":{\"@type\":\"PropertyValueSpecification\",\"valueRequired\":true,\"valueName\":\"search_term_string\"}}],\"inLanguage\":\"sq\"}]}<\/script>\n<!-- \/ Yoast SEO plugin. -->","yoast_head_json":{"title":"gjeni tek Fjala p\u00ebrgjigjet dhe fuqin\u00eb q\u00eb ju duhet - Joyce Meyer Ministries - Shqip","robots":{"index":"index","follow":"follow","max-snippet":"max-snippet:-1","max-image-preview":"max-image-preview:large","max-video-preview":"max-video-preview:-1"},"canonical":"https:\/\/tv.joycemeyer.org\/shqip\/devotional\/gjeni-tek-fjala-pergjigjet-dhe\/","og_locale":"sq_AL","og_type":"article","og_title":"gjeni tek Fjala p\u00ebrgjigjet dhe fuqin\u00eb q\u00eb ju duhet - Joyce Meyer Ministries - Shqip","og_description":"K\u00ebrkojini Frym\u00ebs s\u00eb Shenjt\u00eb t\u2019ju drejtoj\u00eb dhe t\u2019ju zbuloj\u00eb t\u00eb v\u00ebrtet\u00ebn.","og_url":"https:\/\/tv.joycemeyer.org\/shqip\/devotional\/gjeni-tek-fjala-pergjigjet-dhe\/","og_site_name":"Joyce Meyer Ministries - Shqip","article_publisher":"https:\/\/www.facebook.com\/JoyceMeyerMinistriesAlbanian\/","og_image":[{"width":960,"height":540,"url":"https:\/\/tv.joycemeyer.org\/shqip\/wp-content\/uploads\/sites\/10\/2021\/04\/1294.jpg","type":"image\/jpeg"}],"twitter_card":"summary_large_image","twitter_misc":{"Est. reading time":"2 minuta"},"schema":{"@context":"https:\/\/schema.org","@graph":[{"@type":"WebPage","@id":"https:\/\/tv.joycemeyer.org\/shqip\/devotional\/gjeni-tek-fjala-pergjigjet-dhe\/","url":"https:\/\/tv.joycemeyer.org\/shqip\/devotional\/gjeni-tek-fjala-pergjigjet-dhe\/","name":"gjeni tek Fjala p\u00ebrgjigjet dhe fuqin\u00eb q\u00eb ju duhet - Joyce Meyer Ministries - Shqip","isPartOf":{"@id":"https:\/\/tv.joycemeyer.org\/shqip\/#website"},"primaryImageOfPage":{"@id":"https:\/\/tv.joycemeyer.org\/shqip\/devotional\/gjeni-tek-fjala-pergjigjet-dhe\/#primaryimage"},"image":{"@id":"https:\/\/tv.joycemeyer.org\/shqip\/devotional\/gjeni-tek-fjala-pergjigjet-dhe\/#primaryimage"},"thumbnailUrl":"https:\/\/tv.joycemeyer.org\/shqip\/wp-content\/uploads\/sites\/10\/2021\/04\/1294.jpg","datePublished":"2026-09-04T00:01:25+00:00","breadcrumb":{"@id":"https:\/\/tv.joycemeyer.org\/shqip\/devotional\/gjeni-tek-fjala-pergjigjet-dhe\/#breadcrumb"},"inLanguage":"sq","potentialAction":[{"@type":"ReadAction","target":["https:\/\/tv.joycemeyer.org\/shqip\/devotional\/gjeni-tek-fjala-pergjigjet-dhe\/"]}]},{"@type":"ImageObject","inLanguage":"sq","@id":"https:\/\/tv.joycemeyer.org\/shqip\/devotional\/gjeni-tek-fjala-pergjigjet-dhe\/#primaryimage","url":"https:\/\/tv.joycemeyer.org\/shqip\/wp-content\/uploads\/sites\/10\/2021\/04\/1294.jpg","contentUrl":"https:\/\/tv.joycemeyer.org\/shqip\/wp-content\/uploads\/sites\/10\/2021\/04\/1294.jpg","width":960,"height":540,"caption":"gjeni tek Fjala p\u00ebrgjigjet dhe fuqin\u00eb q\u00eb ju duhet"},{"@type":"BreadcrumbList","@id":"https:\/\/tv.joycemeyer.org\/shqip\/devotional\/gjeni-tek-fjala-pergjigjet-dhe\/#breadcrumb","itemListElement":[{"@type":"ListItem","position":1,"name":"Home","item":"https:\/\/tv.joycemeyer.org\/shqip\/"},{"@type":"ListItem","position":2,"name":"Devotional","item":"https:\/\/tv.joycemeyer.org\/shqip\/devotional\/"},{"@type":"ListItem","position":3,"name":"gjeni tek Fjala p\u00ebrgjigjet dhe fuqin\u00eb q\u00eb ju duhet"}]},{"@type":"WebSite","@id":"https:\/\/tv.joycemeyer.org\/shqip\/#website","url":"https:\/\/tv.joycemeyer.org\/shqip\/","name":"Joyce Meyer Ministries - Shqip","description":"Shijoje jet\u00ebn \u00e7do dit\u00eb","potentialAction":[{"@type":"SearchAction","target":{"@type":"EntryPoint","urlTemplate":"https:\/\/tv.joycemeyer.org\/shqip\/?s={search_term_string}"},"query-input":{"@type":"PropertyValueSpecification","valueRequired":true,"valueName":"search_term_string"}}],"inLanguage":"sq"}]}},"_links":{"self":[{"href":"https:\/\/tv.joycemeyer.org\/shqip\/wp-json\/wp\/v2\/devotional\/988","targetHints":{"allow":["GET"]}}],"collection":[{"href":"https:\/\/tv.joycemeyer.org\/shqip\/wp-json\/wp\/v2\/devotional"}],"about":[{"href":"https:\/\/tv.joycemeyer.org\/shqip\/wp-json\/wp\/v2\/types\/devotional"}],"author":[{"embeddable":true,"href":"https:\/\/tv.joycemeyer.org\/shqip\/wp-json\/wp\/v2\/users\/15"}],"replies":[{"embeddable":true,"href":"https:\/\/tv.joycemeyer.org\/shqip\/wp-json\/wp\/v2\/comments?post=988"}],"wp:featuredmedia":[{"embeddable":true,"href":"https:\/\/tv.joycemeyer.org\/shqip\/wp-json\/wp\/v2\/media\/989"}],"wp:attachment":[{"href":"https:\/\/tv.joycemeyer.org\/shqip\/wp-json\/wp\/v2\/media?parent=988"}],"curies":[{"name":"wp","href":"https:\/\/api.w.org\/{rel}","templated":true}]}}