{"id":1219,"date":"2019-02-02T00:01:02","date_gmt":"2019-02-02T00:01:02","guid":{"rendered":"https:\/\/tv.joycemeyer.org\/slovak\/?post_type=devotional&#038;p=1219"},"modified":"2025-01-14T17:19:53","modified_gmt":"2025-01-14T17:19:53","slug":"realna-vec","status":"publish","type":"devotional","link":"https:\/\/tv.joycemeyer.org\/slovak\/devotional\/realna-vec\/","title":{"rendered":"Re\u00e1lna vec"},"content":{"rendered":"<blockquote><p>\u201eOdst\u00fap od zl\u00e9ho a \u010di\u0148 dobr\u00e9; h\u013eadaj pokoj a st\u00edhaj ho!\u201c (\u017dALM 34:15)<\/p><\/blockquote>\n<p>Ve\u013ea vyu\u010dujem o nasledovan\u00ed pokoja ke\u010f ideme za Bohom, ale chcem sa uisti\u0165, \u017ee rozumiete tomu, \u017ee existuje nie\u010do ako falo\u0161n\u00fd pokoj, a \u017ee si na to mus\u00edme d\u00e1va\u0165 pozor. Napr\u00edklad, ke\u010f m\u00e1me siln\u00fa t\u00fa\u017ebu nie\u010do urobi\u0165, m\u00f4\u017ee to vyvola\u0165 falo\u0161n\u00fd pocit pokoja, ktor\u00fd v skuto\u010dnosti vych\u00e1dza iba z na\u0161ich em\u00f3ci\u00ed. Postupom \u010dasu sa tento falo\u0161n\u00fd pokoj vytrat\u00ed a objav\u00ed sa prav\u00e1 Bo\u017eia v\u00f4\u013ea. Z tohto d\u00f4vodu by sme nikdy nemali r\u00fdchlo robi\u0165 rozhodnutia, ktor\u00e9 s\u00fa d\u00f4le\u017eit\u00e9. Trochu po\u010dka\u0165 je v\u017edy m\u00fadre a rozv\u00e1\u017ene.<\/p>\n<p>Tu je pr\u00edklad. Niekto, koho ja a Dave milujeme, bol v n\u00fadzi a my sme chceli naplni\u0165 jeho potrebu. Ak by sme to urobili, prinieslo by to tej osobe ve\u013ek\u00fa rados\u0165 a splnila by sa jej dlhoro\u010dn\u00e1 t\u00fa\u017eba. Nadchlo ma to, i\u0161la som za Daveom a on s\u00fahlasil, \u017ee by sme jej mali pom\u00f4c\u0165. Pokra\u010dovali sme v na\u0161om pl\u00e1ne, ale \u010d\u00edm \u010falej sme i\u0161li, t\u00fdm men\u0161\u00ed pokoj som c\u00edtila. Trochu to sp\u00f4sobovalo probl\u00e9m, preto\u017ee som nechcela poru\u0161i\u0165 svoje slovo. Neprek\u00e1\u017ealo mi, \u017ee som urobila chybu, ale nechcela som sklama\u0165 \u010dloveka, ktor\u00fd r\u00e1tal s na\u0161ou pomocou.<\/p>\n<p>Pre\u0161lo p\u00e1r t\u00fd\u017ed\u0148ov a ja som za t\u00fato situ\u00e1ciu neust\u00e1le modlila. Nakoniec som stratila pokoj a\u017e do takej miery, \u017ee som i\u0161la za tou osobou a povedala jej: \u201eNa na\u0161om pl\u00e1ne nie\u010do nie je v poriadku, preto\u017ee v tom nem\u00e1m absol\u00fatne \u017eiadny pokoj.\u201c Na moju ve\u013ek\u00fa \u00fa\u013eavu druh\u00e1 osoba to c\u00edtila rovnako. Dovolila som, aby moje vzru\u0161enie pre tento pl\u00e1n vytvorilo falo\u0161n\u00fd pocit pokoja, ktor\u00fd sa \u010dasom rozplynul.<\/p>\n<hr \/>\n<p>Bo\u017eie slovo pre teba na dnes: Nerob d\u00f4le\u017eit\u00e9 rozhodnutia bez toho, aby si po\u010dkal a uistil sa, \u017ee v tom bude\u0161 ma\u0165 skuto\u010dn\u00fd pokoj.<\/p>\n","protected":false},"excerpt":{"rendered":"<p>Ve\u013ea vyu\u010dujem o nasledovan\u00ed pokoja ke\u010f ideme za Bohom, ale chcem sa uisti\u0165, \u017ee rozumiete tomu, \u017ee existuje nie\u010do ako falo\u0161n\u00fd pokoj, a \u017ee si na to mus\u00edme d\u00e1va\u0165 pozor.<\/p>\n","protected":false},"author":19,"featured_media":1220,"parent":0,"menu_order":0,"comment_status":"closed","ping_status":"closed","template":"","class_list":["post-1219","devotional","type-devotional","status-publish","has-post-thumbnail","hentry"],"acf":[],"appp":{"post_detail":{"above_title":"<div class=\"post-featured-wrap\"><img width=\"960\" height=\"560\" src=\"https:\/\/tv.joycemeyer.org\/slovak\/wp-content\/uploads\/sites\/88\/2021\/11\/1985.jpg\" class=\"post-featured wp-post-image\" alt=\"\" decoding=\"async\" srcset=\"https:\/\/tv.joycemeyer.org\/slovak\/wp-content\/uploads\/sites\/88\/2021\/11\/1985.jpg 960w, https:\/\/tv.joycemeyer.org\/slovak\/wp-content\/uploads\/sites\/88\/2021\/11\/1985-300x175.jpg 300w, https:\/\/tv.joycemeyer.org\/slovak\/wp-content\/uploads\/sites\/88\/2021\/11\/1985-768x448.jpg 768w\" sizes=\"(max-width: 960px) 100vw, 960px\" \/><\/div>","below_content":""}},"yoast_head":"<!-- This site is optimized with the Yoast SEO plugin v27.4 - https:\/\/yoast.com\/product\/yoast-seo-wordpress\/ -->\n<title>Re\u00e1lna vec - Joyce Meyer Ministries - Slovak<\/title>\n<meta name=\"robots\" content=\"index, follow, max-snippet:-1, max-image-preview:large, max-video-preview:-1\" \/>\n<link rel=\"canonical\" href=\"https:\/\/tv.joycemeyer.org\/slovak\/devotional\/realna-vec\/\" \/>\n<meta property=\"og:locale\" content=\"en_US\" \/>\n<meta property=\"og:type\" content=\"article\" \/>\n<meta property=\"og:title\" content=\"Re\u00e1lna vec - Joyce Meyer Ministries - Slovak\" \/>\n<meta property=\"og:description\" content=\"Ve\u013ea vyu\u010dujem o nasledovan\u00ed pokoja ke\u010f ideme za Bohom, ale chcem sa uisti\u0165, \u017ee rozumiete tomu, \u017ee existuje nie\u010do ako falo\u0161n\u00fd pokoj, a \u017ee si na to mus\u00edme d\u00e1va\u0165 pozor.\" \/>\n<meta property=\"og:url\" content=\"https:\/\/tv.joycemeyer.org\/slovak\/devotional\/realna-vec\/\" \/>\n<meta property=\"og:site_name\" content=\"Joyce Meyer Ministries - Slovak\" \/>\n<meta property=\"article:modified_time\" content=\"2025-01-14T17:19:53+00:00\" \/>\n<meta property=\"og:image\" content=\"https:\/\/tv.joycemeyer.org\/slovak\/wp-content\/uploads\/sites\/88\/2021\/11\/1985.jpg\" \/>\n\t<meta property=\"og:image:width\" content=\"960\" \/>\n\t<meta property=\"og:image:height\" content=\"560\" \/>\n\t<meta property=\"og:image:type\" content=\"image\/jpeg\" \/>\n<meta name=\"twitter:card\" content=\"summary_large_image\" \/>\n<meta name=\"twitter:label1\" content=\"Est. reading time\" \/>\n\t<meta name=\"twitter:data1\" content=\"2 minutes\" \/>\n<script type=\"application\/ld+json\" class=\"yoast-schema-graph\">{\"@context\":\"https:\\\/\\\/schema.org\",\"@graph\":[{\"@type\":\"WebPage\",\"@id\":\"https:\\\/\\\/tv.joycemeyer.org\\\/slovak\\\/devotional\\\/realna-vec\\\/\",\"url\":\"https:\\\/\\\/tv.joycemeyer.org\\\/slovak\\\/devotional\\\/realna-vec\\\/\",\"name\":\"Re\u00e1lna vec - Joyce Meyer Ministries - Slovak\",\"isPartOf\":{\"@id\":\"https:\\\/\\\/tv.joycemeyer.org\\\/slovak\\\/#website\"},\"primaryImageOfPage\":{\"@id\":\"https:\\\/\\\/tv.joycemeyer.org\\\/slovak\\\/devotional\\\/realna-vec\\\/#primaryimage\"},\"image\":{\"@id\":\"https:\\\/\\\/tv.joycemeyer.org\\\/slovak\\\/devotional\\\/realna-vec\\\/#primaryimage\"},\"thumbnailUrl\":\"https:\\\/\\\/tv.joycemeyer.org\\\/slovak\\\/wp-content\\\/uploads\\\/sites\\\/88\\\/2021\\\/11\\\/1985.jpg\",\"datePublished\":\"2019-02-02T00:01:02+00:00\",\"dateModified\":\"2025-01-14T17:19:53+00:00\",\"breadcrumb\":{\"@id\":\"https:\\\/\\\/tv.joycemeyer.org\\\/slovak\\\/devotional\\\/realna-vec\\\/#breadcrumb\"},\"inLanguage\":\"en-US\",\"potentialAction\":[{\"@type\":\"ReadAction\",\"target\":[\"https:\\\/\\\/tv.joycemeyer.org\\\/slovak\\\/devotional\\\/realna-vec\\\/\"]}]},{\"@type\":\"ImageObject\",\"inLanguage\":\"en-US\",\"@id\":\"https:\\\/\\\/tv.joycemeyer.org\\\/slovak\\\/devotional\\\/realna-vec\\\/#primaryimage\",\"url\":\"https:\\\/\\\/tv.joycemeyer.org\\\/slovak\\\/wp-content\\\/uploads\\\/sites\\\/88\\\/2021\\\/11\\\/1985.jpg\",\"contentUrl\":\"https:\\\/\\\/tv.joycemeyer.org\\\/slovak\\\/wp-content\\\/uploads\\\/sites\\\/88\\\/2021\\\/11\\\/1985.jpg\",\"width\":960,\"height\":560,\"caption\":\"Re\u00e1lna vec\"},{\"@type\":\"BreadcrumbList\",\"@id\":\"https:\\\/\\\/tv.joycemeyer.org\\\/slovak\\\/devotional\\\/realna-vec\\\/#breadcrumb\",\"itemListElement\":[{\"@type\":\"ListItem\",\"position\":1,\"name\":\"Home\",\"item\":\"https:\\\/\\\/tv.joycemeyer.org\\\/slovak\\\/\"},{\"@type\":\"ListItem\",\"position\":2,\"name\":\"Devotional\",\"item\":\"https:\\\/\\\/tv.joycemeyer.org\\\/slovak\\\/devotional\\\/\"},{\"@type\":\"ListItem\",\"position\":3,\"name\":\"Re\u00e1lna vec\"}]},{\"@type\":\"WebSite\",\"@id\":\"https:\\\/\\\/tv.joycemeyer.org\\\/slovak\\\/#website\",\"url\":\"https:\\\/\\\/tv.joycemeyer.org\\\/slovak\\\/\",\"name\":\"Joyce Meyer Ministries - Slovak\",\"description\":\"Zdie\u013ea\u0165 Krista - Milova\u0165 \u013eud\u00ed\",\"potentialAction\":[{\"@type\":\"SearchAction\",\"target\":{\"@type\":\"EntryPoint\",\"urlTemplate\":\"https:\\\/\\\/tv.joycemeyer.org\\\/slovak\\\/?s={search_term_string}\"},\"query-input\":{\"@type\":\"PropertyValueSpecification\",\"valueRequired\":true,\"valueName\":\"search_term_string\"}}],\"inLanguage\":\"en-US\"}]}<\/script>\n<!-- \/ Yoast SEO plugin. -->","yoast_head_json":{"title":"Re\u00e1lna vec - Joyce Meyer Ministries - Slovak","robots":{"index":"index","follow":"follow","max-snippet":"max-snippet:-1","max-image-preview":"max-image-preview:large","max-video-preview":"max-video-preview:-1"},"canonical":"https:\/\/tv.joycemeyer.org\/slovak\/devotional\/realna-vec\/","og_locale":"en_US","og_type":"article","og_title":"Re\u00e1lna vec - Joyce Meyer Ministries - Slovak","og_description":"Ve\u013ea vyu\u010dujem o nasledovan\u00ed pokoja ke\u010f ideme za Bohom, ale chcem sa uisti\u0165, \u017ee rozumiete tomu, \u017ee existuje nie\u010do ako falo\u0161n\u00fd pokoj, a \u017ee si na to mus\u00edme d\u00e1va\u0165 pozor.","og_url":"https:\/\/tv.joycemeyer.org\/slovak\/devotional\/realna-vec\/","og_site_name":"Joyce Meyer Ministries - Slovak","article_modified_time":"2025-01-14T17:19:53+00:00","og_image":[{"width":960,"height":560,"url":"https:\/\/tv.joycemeyer.org\/slovak\/wp-content\/uploads\/sites\/88\/2021\/11\/1985.jpg","type":"image\/jpeg"}],"twitter_card":"summary_large_image","twitter_misc":{"Est. reading time":"2 minutes"},"schema":{"@context":"https:\/\/schema.org","@graph":[{"@type":"WebPage","@id":"https:\/\/tv.joycemeyer.org\/slovak\/devotional\/realna-vec\/","url":"https:\/\/tv.joycemeyer.org\/slovak\/devotional\/realna-vec\/","name":"Re\u00e1lna vec - Joyce Meyer Ministries - Slovak","isPartOf":{"@id":"https:\/\/tv.joycemeyer.org\/slovak\/#website"},"primaryImageOfPage":{"@id":"https:\/\/tv.joycemeyer.org\/slovak\/devotional\/realna-vec\/#primaryimage"},"image":{"@id":"https:\/\/tv.joycemeyer.org\/slovak\/devotional\/realna-vec\/#primaryimage"},"thumbnailUrl":"https:\/\/tv.joycemeyer.org\/slovak\/wp-content\/uploads\/sites\/88\/2021\/11\/1985.jpg","datePublished":"2019-02-02T00:01:02+00:00","dateModified":"2025-01-14T17:19:53+00:00","breadcrumb":{"@id":"https:\/\/tv.joycemeyer.org\/slovak\/devotional\/realna-vec\/#breadcrumb"},"inLanguage":"en-US","potentialAction":[{"@type":"ReadAction","target":["https:\/\/tv.joycemeyer.org\/slovak\/devotional\/realna-vec\/"]}]},{"@type":"ImageObject","inLanguage":"en-US","@id":"https:\/\/tv.joycemeyer.org\/slovak\/devotional\/realna-vec\/#primaryimage","url":"https:\/\/tv.joycemeyer.org\/slovak\/wp-content\/uploads\/sites\/88\/2021\/11\/1985.jpg","contentUrl":"https:\/\/tv.joycemeyer.org\/slovak\/wp-content\/uploads\/sites\/88\/2021\/11\/1985.jpg","width":960,"height":560,"caption":"Re\u00e1lna vec"},{"@type":"BreadcrumbList","@id":"https:\/\/tv.joycemeyer.org\/slovak\/devotional\/realna-vec\/#breadcrumb","itemListElement":[{"@type":"ListItem","position":1,"name":"Home","item":"https:\/\/tv.joycemeyer.org\/slovak\/"},{"@type":"ListItem","position":2,"name":"Devotional","item":"https:\/\/tv.joycemeyer.org\/slovak\/devotional\/"},{"@type":"ListItem","position":3,"name":"Re\u00e1lna vec"}]},{"@type":"WebSite","@id":"https:\/\/tv.joycemeyer.org\/slovak\/#website","url":"https:\/\/tv.joycemeyer.org\/slovak\/","name":"Joyce Meyer Ministries - Slovak","description":"Zdie\u013ea\u0165 Krista - Milova\u0165 \u013eud\u00ed","potentialAction":[{"@type":"SearchAction","target":{"@type":"EntryPoint","urlTemplate":"https:\/\/tv.joycemeyer.org\/slovak\/?s={search_term_string}"},"query-input":{"@type":"PropertyValueSpecification","valueRequired":true,"valueName":"search_term_string"}}],"inLanguage":"en-US"}]}},"_links":{"self":[{"href":"https:\/\/tv.joycemeyer.org\/slovak\/wp-json\/wp\/v2\/devotional\/1219","targetHints":{"allow":["GET"]}}],"collection":[{"href":"https:\/\/tv.joycemeyer.org\/slovak\/wp-json\/wp\/v2\/devotional"}],"about":[{"href":"https:\/\/tv.joycemeyer.org\/slovak\/wp-json\/wp\/v2\/types\/devotional"}],"author":[{"embeddable":true,"href":"https:\/\/tv.joycemeyer.org\/slovak\/wp-json\/wp\/v2\/users\/19"}],"replies":[{"embeddable":true,"href":"https:\/\/tv.joycemeyer.org\/slovak\/wp-json\/wp\/v2\/comments?post=1219"}],"wp:featuredmedia":[{"embeddable":true,"href":"https:\/\/tv.joycemeyer.org\/slovak\/wp-json\/wp\/v2\/media\/1220"}],"wp:attachment":[{"href":"https:\/\/tv.joycemeyer.org\/slovak\/wp-json\/wp\/v2\/media?parent=1219"}],"curies":[{"name":"wp","href":"https:\/\/api.w.org\/{rel}","templated":true}]}}