{"id":1332,"date":"2025-03-28T00:01:38","date_gmt":"2025-03-28T00:01:38","guid":{"rendered":"https:\/\/tv.joycemeyer.org\/slovak\/?post_type=devotional&#038;p=1332"},"modified":"2025-03-27T16:14:26","modified_gmt":"2025-03-27T16:14:26","slug":"v-tebe-je-poklad","status":"publish","type":"devotional","link":"https:\/\/tv.joycemeyer.org\/slovak\/devotional\/v-tebe-je-poklad\/","title":{"rendered":"V tebe je poklad"},"content":{"rendered":"<blockquote><p>\u201eNo, ten poklad [bo\u017esk\u00e9 Svetlo evanjelia] m\u00e1me v [krehk\u00fdch, \u013eudsk\u00fdch] hlinen\u00fdch n\u00e1dob\u00e1ch, aby zvrchovanos\u0165 moci bola Bo\u017eia a nie z n\u00e1s.\u201c (2. KORIN\u0164ANOM 4:7)<\/p><\/blockquote>\n<p>Viac ako \u010doko\u013evek in\u00e9, chcem jasne po\u010du\u0165 Bo\u017e\u00ed hlas a by\u0165 si vedom\u00e1 Jeho neust\u00e1lej pr\u00edtomnosti. Ver\u00edm, \u017ee toto \u010d\u00edtate, preto\u017ee m\u00e1te t\u00fa ist\u00fa t\u00fa\u017ebu. Aj pred mnoh\u00fdmi rokmi som p\u00edsala a verila som v Je\u017ei\u0161a Krista ako m\u00f4jho Spasite\u013ea, ale nete\u0161ila som sa z bl\u00edzkeho spolo\u010denstva s Bohom. C\u00edtila som, \u017ee sa v\u017edy k Nemu na\u0165ahujem, ale nedostanem sa do cie\u013ea. Jedn\u00e9ho d\u0148a, ke\u010f som st\u00e1la pred zrkadlom a \u010desala si vlasy, polo\u017eila som Mu jednoduch\u00fa ot\u00e1zku: \u201eBo\u017ee, pre\u010do m\u00e1m st\u00e1le tak\u00fd pocit, akoby som \u0164a h\u013eadala, ale nemohla \u0164a n\u00e1js\u0165?\u201c Okam\u017eite som vo svojom srdci za\u010dula tieto slov\u00e1: \u201eJoyce, h\u013ead\u00e1\u0161 ma vonku, av\u0161ak mus\u00ed\u0161 ma n\u00e1js\u0165 vo vn\u00fatri.\u201c Dovo\u013ete, nech v\u00e1m to vysvetl\u00edm: Bo\u017eie Slovo hovor\u00ed, \u017ee On \u017eije v n\u00e1s, ale pre niektor\u00fdch \u013eud\u00ed je t\u00e1to pravda \u0165a\u017eko pochopite\u013en\u00e1. Ver\u0161 pre dne\u0161ok vysvet\u013euje, \u017ee v sebe m\u00e1me poklad Bo\u017eej pr\u00edtomnosti, ale mnoh\u00ed, ktor\u00ed veria v Je\u017ei\u0161a, nikdy nepoc\u00edtia rados\u0165 z Jeho pr\u00edtomnosti alebo z neust\u00e1leho spolo\u010denstva s N\u00edm.<\/p>\n<p>Pracovala som a sna\u017eila som sa dosta\u0165 k Bohu, ale pravda bola tak\u00e1, \u017ee On vo svojej milosti a milosrdenstve pri\u0161iel ku mne a urobil si v mojom vn\u00fatri svoj vlastn\u00fd dom. To ist\u00e9 plat\u00ed aj pre v\u00e1s, ako pre Bo\u017eie die\u0165a. On je s vami neust\u00e1le a je va\u0161ou silou, pokojom, rados\u0165ou a pomocou. Chce s vami rozpr\u00e1va\u0165, tak\u017ee za\u010dnite po\u010d\u00fava\u0165 vo svojom srdci a zist\u00edte, \u017ee On je ove\u013ea bli\u017e\u0161ie, ne\u017e si mysl\u00edte.<\/p>\n<hr \/>\n<p>Bo\u017eie slovo pre teba na dnes: N\u00e1jdi si dnes \u010das. Bu\u010f ticho a po\u010d\u00favaj.<\/p>\n","protected":false},"excerpt":{"rendered":"<p>Viac ako \u010doko\u013evek in\u00e9, chcem jasne po\u010du\u0165 Bo\u017e\u00ed hlas a by\u0165 si vedom\u00e1 Jeho neust\u00e1lej pr\u00edtomnosti. Ver\u00edm, \u017ee toto \u010d\u00edtate, preto\u017ee m\u00e1te t\u00fa ist\u00fa t\u00fa\u017ebu. Aj pred mnoh\u00fdmi rokmi som p\u00edsala a verila som v Je\u017ei\u0161a Krista ako m\u00f4jho Spasite\u013ea, ale nete\u0161ila som sa z bl\u00edzkeho spolo\u010denstva s Bohom.<\/p>\n","protected":false},"author":19,"featured_media":1467,"parent":0,"menu_order":0,"comment_status":"closed","ping_status":"closed","template":"","class_list":["post-1332","devotional","type-devotional","status-publish","has-post-thumbnail","hentry"],"acf":[],"appp":{"post_detail":{"above_title":"<div class=\"post-featured-wrap\"><img width=\"1024\" height=\"597\" src=\"https:\/\/tv.joycemeyer.org\/slovak\/wp-content\/uploads\/sites\/88\/2019\/01\/2067-1024x597.jpg\" class=\"post-featured wp-post-image\" alt=\"\" decoding=\"async\" srcset=\"https:\/\/tv.joycemeyer.org\/slovak\/wp-content\/uploads\/sites\/88\/2019\/01\/2067-1024x597.jpg 1024w, https:\/\/tv.joycemeyer.org\/slovak\/wp-content\/uploads\/sites\/88\/2019\/01\/2067-300x175.jpg 300w, https:\/\/tv.joycemeyer.org\/slovak\/wp-content\/uploads\/sites\/88\/2019\/01\/2067-768x448.jpg 768w, https:\/\/tv.joycemeyer.org\/slovak\/wp-content\/uploads\/sites\/88\/2019\/01\/2067-1536x896.jpg 1536w, https:\/\/tv.joycemeyer.org\/slovak\/wp-content\/uploads\/sites\/88\/2019\/01\/2067.jpg 1800w\" sizes=\"(max-width: 1024px) 100vw, 1024px\" \/><\/div>","below_content":""}},"yoast_head":"<!-- This site is optimized with the Yoast SEO plugin v27.4 - https:\/\/yoast.com\/product\/yoast-seo-wordpress\/ -->\n<title>V tebe je poklad - Joyce Meyer Ministries - Slovak<\/title>\n<meta name=\"robots\" content=\"index, follow, max-snippet:-1, max-image-preview:large, max-video-preview:-1\" \/>\n<link rel=\"canonical\" href=\"https:\/\/tv.joycemeyer.org\/slovak\/devotional\/v-tebe-je-poklad\/\" \/>\n<meta property=\"og:locale\" content=\"en_US\" \/>\n<meta property=\"og:type\" content=\"article\" \/>\n<meta property=\"og:title\" content=\"V tebe je poklad - Joyce Meyer Ministries - Slovak\" \/>\n<meta property=\"og:description\" content=\"Viac ako \u010doko\u013evek in\u00e9, chcem jasne po\u010du\u0165 Bo\u017e\u00ed hlas a by\u0165 si vedom\u00e1 Jeho neust\u00e1lej pr\u00edtomnosti. Ver\u00edm, \u017ee toto \u010d\u00edtate, preto\u017ee m\u00e1te t\u00fa ist\u00fa t\u00fa\u017ebu. Aj pred mnoh\u00fdmi rokmi som p\u00edsala a verila som v Je\u017ei\u0161a Krista ako m\u00f4jho Spasite\u013ea, ale nete\u0161ila som sa z bl\u00edzkeho spolo\u010denstva s Bohom.\" \/>\n<meta property=\"og:url\" content=\"https:\/\/tv.joycemeyer.org\/slovak\/devotional\/v-tebe-je-poklad\/\" \/>\n<meta property=\"og:site_name\" content=\"Joyce Meyer Ministries - Slovak\" \/>\n<meta property=\"og:image\" content=\"https:\/\/tv.joycemeyer.org\/slovak\/wp-content\/uploads\/sites\/88\/2019\/01\/2067.jpg\" \/>\n\t<meta property=\"og:image:width\" content=\"1800\" \/>\n\t<meta property=\"og:image:height\" content=\"1050\" \/>\n\t<meta property=\"og:image:type\" content=\"image\/jpeg\" \/>\n<meta name=\"twitter:card\" content=\"summary_large_image\" \/>\n<meta name=\"twitter:label1\" content=\"Est. reading time\" \/>\n\t<meta name=\"twitter:data1\" content=\"2 minutes\" \/>\n<script type=\"application\/ld+json\" class=\"yoast-schema-graph\">{\"@context\":\"https:\\\/\\\/schema.org\",\"@graph\":[{\"@type\":\"WebPage\",\"@id\":\"https:\\\/\\\/tv.joycemeyer.org\\\/slovak\\\/devotional\\\/v-tebe-je-poklad\\\/\",\"url\":\"https:\\\/\\\/tv.joycemeyer.org\\\/slovak\\\/devotional\\\/v-tebe-je-poklad\\\/\",\"name\":\"V tebe je poklad - Joyce Meyer Ministries - Slovak\",\"isPartOf\":{\"@id\":\"https:\\\/\\\/tv.joycemeyer.org\\\/slovak\\\/#website\"},\"primaryImageOfPage\":{\"@id\":\"https:\\\/\\\/tv.joycemeyer.org\\\/slovak\\\/devotional\\\/v-tebe-je-poklad\\\/#primaryimage\"},\"image\":{\"@id\":\"https:\\\/\\\/tv.joycemeyer.org\\\/slovak\\\/devotional\\\/v-tebe-je-poklad\\\/#primaryimage\"},\"thumbnailUrl\":\"https:\\\/\\\/tv.joycemeyer.org\\\/slovak\\\/wp-content\\\/uploads\\\/sites\\\/88\\\/2019\\\/01\\\/2067.jpg\",\"datePublished\":\"2025-03-28T00:01:38+00:00\",\"breadcrumb\":{\"@id\":\"https:\\\/\\\/tv.joycemeyer.org\\\/slovak\\\/devotional\\\/v-tebe-je-poklad\\\/#breadcrumb\"},\"inLanguage\":\"en-US\",\"potentialAction\":[{\"@type\":\"ReadAction\",\"target\":[\"https:\\\/\\\/tv.joycemeyer.org\\\/slovak\\\/devotional\\\/v-tebe-je-poklad\\\/\"]}]},{\"@type\":\"ImageObject\",\"inLanguage\":\"en-US\",\"@id\":\"https:\\\/\\\/tv.joycemeyer.org\\\/slovak\\\/devotional\\\/v-tebe-je-poklad\\\/#primaryimage\",\"url\":\"https:\\\/\\\/tv.joycemeyer.org\\\/slovak\\\/wp-content\\\/uploads\\\/sites\\\/88\\\/2019\\\/01\\\/2067.jpg\",\"contentUrl\":\"https:\\\/\\\/tv.joycemeyer.org\\\/slovak\\\/wp-content\\\/uploads\\\/sites\\\/88\\\/2019\\\/01\\\/2067.jpg\",\"width\":1800,\"height\":1050,\"caption\":\"V tebe je poklad\"},{\"@type\":\"BreadcrumbList\",\"@id\":\"https:\\\/\\\/tv.joycemeyer.org\\\/slovak\\\/devotional\\\/v-tebe-je-poklad\\\/#breadcrumb\",\"itemListElement\":[{\"@type\":\"ListItem\",\"position\":1,\"name\":\"Home\",\"item\":\"https:\\\/\\\/tv.joycemeyer.org\\\/slovak\\\/\"},{\"@type\":\"ListItem\",\"position\":2,\"name\":\"Devotional\",\"item\":\"https:\\\/\\\/tv.joycemeyer.org\\\/slovak\\\/devotional\\\/\"},{\"@type\":\"ListItem\",\"position\":3,\"name\":\"V tebe je poklad\"}]},{\"@type\":\"WebSite\",\"@id\":\"https:\\\/\\\/tv.joycemeyer.org\\\/slovak\\\/#website\",\"url\":\"https:\\\/\\\/tv.joycemeyer.org\\\/slovak\\\/\",\"name\":\"Joyce Meyer Ministries - Slovak\",\"description\":\"Zdie\u013ea\u0165 Krista - Milova\u0165 \u013eud\u00ed\",\"potentialAction\":[{\"@type\":\"SearchAction\",\"target\":{\"@type\":\"EntryPoint\",\"urlTemplate\":\"https:\\\/\\\/tv.joycemeyer.org\\\/slovak\\\/?s={search_term_string}\"},\"query-input\":{\"@type\":\"PropertyValueSpecification\",\"valueRequired\":true,\"valueName\":\"search_term_string\"}}],\"inLanguage\":\"en-US\"}]}<\/script>\n<!-- \/ Yoast SEO plugin. -->","yoast_head_json":{"title":"V tebe je poklad - Joyce Meyer Ministries - Slovak","robots":{"index":"index","follow":"follow","max-snippet":"max-snippet:-1","max-image-preview":"max-image-preview:large","max-video-preview":"max-video-preview:-1"},"canonical":"https:\/\/tv.joycemeyer.org\/slovak\/devotional\/v-tebe-je-poklad\/","og_locale":"en_US","og_type":"article","og_title":"V tebe je poklad - Joyce Meyer Ministries - Slovak","og_description":"Viac ako \u010doko\u013evek in\u00e9, chcem jasne po\u010du\u0165 Bo\u017e\u00ed hlas a by\u0165 si vedom\u00e1 Jeho neust\u00e1lej pr\u00edtomnosti. Ver\u00edm, \u017ee toto \u010d\u00edtate, preto\u017ee m\u00e1te t\u00fa ist\u00fa t\u00fa\u017ebu. Aj pred mnoh\u00fdmi rokmi som p\u00edsala a verila som v Je\u017ei\u0161a Krista ako m\u00f4jho Spasite\u013ea, ale nete\u0161ila som sa z bl\u00edzkeho spolo\u010denstva s Bohom.","og_url":"https:\/\/tv.joycemeyer.org\/slovak\/devotional\/v-tebe-je-poklad\/","og_site_name":"Joyce Meyer Ministries - Slovak","og_image":[{"width":1800,"height":1050,"url":"https:\/\/tv.joycemeyer.org\/slovak\/wp-content\/uploads\/sites\/88\/2019\/01\/2067.jpg","type":"image\/jpeg"}],"twitter_card":"summary_large_image","twitter_misc":{"Est. reading time":"2 minutes"},"schema":{"@context":"https:\/\/schema.org","@graph":[{"@type":"WebPage","@id":"https:\/\/tv.joycemeyer.org\/slovak\/devotional\/v-tebe-je-poklad\/","url":"https:\/\/tv.joycemeyer.org\/slovak\/devotional\/v-tebe-je-poklad\/","name":"V tebe je poklad - Joyce Meyer Ministries - Slovak","isPartOf":{"@id":"https:\/\/tv.joycemeyer.org\/slovak\/#website"},"primaryImageOfPage":{"@id":"https:\/\/tv.joycemeyer.org\/slovak\/devotional\/v-tebe-je-poklad\/#primaryimage"},"image":{"@id":"https:\/\/tv.joycemeyer.org\/slovak\/devotional\/v-tebe-je-poklad\/#primaryimage"},"thumbnailUrl":"https:\/\/tv.joycemeyer.org\/slovak\/wp-content\/uploads\/sites\/88\/2019\/01\/2067.jpg","datePublished":"2025-03-28T00:01:38+00:00","breadcrumb":{"@id":"https:\/\/tv.joycemeyer.org\/slovak\/devotional\/v-tebe-je-poklad\/#breadcrumb"},"inLanguage":"en-US","potentialAction":[{"@type":"ReadAction","target":["https:\/\/tv.joycemeyer.org\/slovak\/devotional\/v-tebe-je-poklad\/"]}]},{"@type":"ImageObject","inLanguage":"en-US","@id":"https:\/\/tv.joycemeyer.org\/slovak\/devotional\/v-tebe-je-poklad\/#primaryimage","url":"https:\/\/tv.joycemeyer.org\/slovak\/wp-content\/uploads\/sites\/88\/2019\/01\/2067.jpg","contentUrl":"https:\/\/tv.joycemeyer.org\/slovak\/wp-content\/uploads\/sites\/88\/2019\/01\/2067.jpg","width":1800,"height":1050,"caption":"V tebe je poklad"},{"@type":"BreadcrumbList","@id":"https:\/\/tv.joycemeyer.org\/slovak\/devotional\/v-tebe-je-poklad\/#breadcrumb","itemListElement":[{"@type":"ListItem","position":1,"name":"Home","item":"https:\/\/tv.joycemeyer.org\/slovak\/"},{"@type":"ListItem","position":2,"name":"Devotional","item":"https:\/\/tv.joycemeyer.org\/slovak\/devotional\/"},{"@type":"ListItem","position":3,"name":"V tebe je poklad"}]},{"@type":"WebSite","@id":"https:\/\/tv.joycemeyer.org\/slovak\/#website","url":"https:\/\/tv.joycemeyer.org\/slovak\/","name":"Joyce Meyer Ministries - Slovak","description":"Zdie\u013ea\u0165 Krista - Milova\u0165 \u013eud\u00ed","potentialAction":[{"@type":"SearchAction","target":{"@type":"EntryPoint","urlTemplate":"https:\/\/tv.joycemeyer.org\/slovak\/?s={search_term_string}"},"query-input":{"@type":"PropertyValueSpecification","valueRequired":true,"valueName":"search_term_string"}}],"inLanguage":"en-US"}]}},"_links":{"self":[{"href":"https:\/\/tv.joycemeyer.org\/slovak\/wp-json\/wp\/v2\/devotional\/1332","targetHints":{"allow":["GET"]}}],"collection":[{"href":"https:\/\/tv.joycemeyer.org\/slovak\/wp-json\/wp\/v2\/devotional"}],"about":[{"href":"https:\/\/tv.joycemeyer.org\/slovak\/wp-json\/wp\/v2\/types\/devotional"}],"author":[{"embeddable":true,"href":"https:\/\/tv.joycemeyer.org\/slovak\/wp-json\/wp\/v2\/users\/19"}],"replies":[{"embeddable":true,"href":"https:\/\/tv.joycemeyer.org\/slovak\/wp-json\/wp\/v2\/comments?post=1332"}],"wp:featuredmedia":[{"embeddable":true,"href":"https:\/\/tv.joycemeyer.org\/slovak\/wp-json\/wp\/v2\/media\/1467"}],"wp:attachment":[{"href":"https:\/\/tv.joycemeyer.org\/slovak\/wp-json\/wp\/v2\/media?parent=1332"}],"curies":[{"name":"wp","href":"https:\/\/api.w.org\/{rel}","templated":true}]}}