{"id":1504,"date":"2025-06-16T00:01:18","date_gmt":"2025-06-16T00:01:18","guid":{"rendered":"https:\/\/tv.joycemeyer.org\/slovak\/?post_type=devotional&#038;p=1504"},"modified":"2025-06-11T14:45:19","modified_gmt":"2025-06-11T14:45:19","slug":"zdroj-tvojej-sily","status":"publish","type":"devotional","link":"https:\/\/tv.joycemeyer.org\/slovak\/devotional\/zdroj-tvojej-sily\/","title":{"rendered":"Zdroj tvojej sily"},"content":{"rendered":"<blockquote><p>\u201eMojou silou a mojou pies\u0148ou je Hospodin, a stal sa mi spasen\u00edm. Toto je m\u00f4j siln\u00fd Boh, a budem ho vychva\u013eova\u0165; je Bohom m\u00f4jho otca, preto ho budem vyvy\u0161ova\u0165.\u201c (EXODUS 15:2)<\/p><\/blockquote>\n<p>Mus\u00edme by\u0165 ako Moj\u017ei\u0161 a Izraeliti, o ktor\u00fdch sme \u010d\u00edtali v dne\u0161nom ver\u0161i. Chcem pouk\u00e1za\u0165 na to, \u017ee Boh im nielen\u017ee dal silu (vid\u00edme to v celom Starom z\u00e1kone), ale On s\u00e1m bol pre nich Silou. Prv\u00e1 Samuelova 15:29 hovor\u00ed o Bohu ako o \u201esile Izraela\u201c (doslovn\u00fd anglick\u00fd preklad. V preklade ROH pou\u017eit\u00e9 slovo \u201ev\u00ed\u0165az\u201c &#8211; poz. prekladate\u013ea). Viete, bolo obdobie, kedy Izrael vedel, \u017ee Boh je ich Silou, ale potom na to zabudli. Ke\u010f zabudli na t\u00fato \u017eivotne d\u00f4le\u017eit\u00fa pravdu, za\u010dali slabn\u00fa\u0165 a zlyh\u00e1va\u0165 ako n\u00e1rod a ich \u017eivoty za\u010dali by\u0165 ni\u010den\u00e9. Ke\u010f sa vr\u00e1tili k Bohu, ako k svojej Sile, veci sa pre nich zmenili na dobr\u00e9.<\/p>\n<p>Aj ke\u010f viete, \u017ee Boh je va\u0161ou Silou, st\u00e1le to mus\u00edte prij\u00edma\u0165 vierou. Ka\u017ed\u00fd svoj de\u0148 za\u010d\u00ednam t\u00fdm, \u017ee poviem, \u017ee bez Neho nedok\u00e1\u017eem ni\u010d urobi\u0165, a \u017ee sa na Neho \u00faplne spolieham, nech ma posiln\u00ed a uschopn\u00ed. On n\u00e1s posiln\u00ed t\u00fdm, \u017ee n\u00e1m povie slovo povzbudenia a d\u00e1 n\u00e1m smer, ke\u010f to potrebujeme. Posiln\u00ed n\u00e1s tak, \u017ee budeme rozpr\u00e1va\u0165 slov\u00e1 m\u00fadrosti a porozumenia. Fyzicky n\u00e1s posiln\u00ed t\u00fdm, \u017ee n\u00e1m d\u00e1 nadprirodzen\u00fa energiu, ke\u010f sme unaven\u00ed a vy\u010derpan\u00ed, a d\u00e1 n\u00e1m silu zvl\u00e1dnu\u0165 n\u00e1ro\u010dn\u00fdch \u013eud\u00ed a situ\u00e1cie.<\/p>\n<p>Verte Bohu, \u017ee On je va\u0161ou Silou rad\u0161ej, ne\u017e aby ste sa pok\u00fa\u0161ali robi\u0165 veci sami. M\u00f4\u017eete ma\u0165 ve\u013ea \u013eud\u00ed, ktor\u00ed sa na v\u00e1s spoliehaj\u00fa, ale m\u00f4\u017eete im pom\u00f4c\u0165 len vtedy, ke\u010f sa budete opiera\u0165 a spolieha\u0165 len na Boha. Prijmite Ho dnes vierou ako va\u0161u Silu a budete ohromen\u00ed t\u00fdm, \u010do m\u00f4\u017eete dosiahnu\u0165, a ako \u013eahko.<\/p>\n<hr \/>\n<p>Bo\u017eie slovo pre teba na dnes: Dovo\u013e Bohu, aby bol tvojou Silou.<\/p>\n","protected":false},"excerpt":{"rendered":"<p>Mus\u00edme by\u0165 ako Moj\u017ei\u0161 a Izraeliti, o ktor\u00fdch sme \u010d\u00edtali v dne\u0161nom ver\u0161i. Chcem pouk\u00e1za\u0165 na to, \u017ee Boh im nielen\u017ee dal silu (vid\u00edme to v celom Starom z\u00e1kone), ale On s\u00e1m bol pre nich Silou&#8230;<\/p>\n","protected":false},"author":19,"featured_media":1505,"parent":0,"menu_order":0,"comment_status":"closed","ping_status":"closed","template":"","class_list":["post-1504","devotional","type-devotional","status-publish","has-post-thumbnail","hentry"],"acf":[],"appp":{"post_detail":{"above_title":"<div class=\"post-featured-wrap\"><img width=\"1024\" height=\"597\" src=\"https:\/\/tv.joycemeyer.org\/slovak\/wp-content\/uploads\/sites\/88\/2022\/02\/2245-1024x597.jpg\" class=\"post-featured wp-post-image\" alt=\"\" decoding=\"async\" srcset=\"https:\/\/tv.joycemeyer.org\/slovak\/wp-content\/uploads\/sites\/88\/2022\/02\/2245-1024x597.jpg 1024w, https:\/\/tv.joycemeyer.org\/slovak\/wp-content\/uploads\/sites\/88\/2022\/02\/2245-300x175.jpg 300w, https:\/\/tv.joycemeyer.org\/slovak\/wp-content\/uploads\/sites\/88\/2022\/02\/2245-768x448.jpg 768w, https:\/\/tv.joycemeyer.org\/slovak\/wp-content\/uploads\/sites\/88\/2022\/02\/2245-1536x896.jpg 1536w, https:\/\/tv.joycemeyer.org\/slovak\/wp-content\/uploads\/sites\/88\/2022\/02\/2245.jpg 1800w\" sizes=\"(max-width: 1024px) 100vw, 1024px\" \/><\/div>","below_content":"<div class=\"follow\"><ul class=\"nav nav--social nav--flex\"><\/ul><\/div>"}},"yoast_head":"<!-- This site is optimized with the Yoast SEO plugin v27.4 - https:\/\/yoast.com\/product\/yoast-seo-wordpress\/ -->\n<title>Zdroj tvojej sily - Joyce Meyer Ministries - Slovak<\/title>\n<meta name=\"robots\" content=\"index, follow, max-snippet:-1, max-image-preview:large, max-video-preview:-1\" \/>\n<link rel=\"canonical\" href=\"https:\/\/tv.joycemeyer.org\/slovak\/devotional\/zdroj-tvojej-sily\/\" \/>\n<meta property=\"og:locale\" content=\"en_US\" \/>\n<meta property=\"og:type\" content=\"article\" \/>\n<meta property=\"og:title\" content=\"Zdroj tvojej sily - Joyce Meyer Ministries - Slovak\" \/>\n<meta property=\"og:description\" content=\"Mus\u00edme by\u0165 ako Moj\u017ei\u0161 a Izraeliti, o ktor\u00fdch sme \u010d\u00edtali v dne\u0161nom ver\u0161i. Chcem pouk\u00e1za\u0165 na to, \u017ee Boh im nielen\u017ee dal silu (vid\u00edme to v celom Starom z\u00e1kone), ale On s\u00e1m bol pre nich Silou...\" \/>\n<meta property=\"og:url\" content=\"https:\/\/tv.joycemeyer.org\/slovak\/devotional\/zdroj-tvojej-sily\/\" \/>\n<meta property=\"og:site_name\" content=\"Joyce Meyer Ministries - Slovak\" \/>\n<meta property=\"og:image\" content=\"https:\/\/tv.joycemeyer.org\/slovak\/wp-content\/uploads\/sites\/88\/2022\/02\/2245.jpg\" \/>\n\t<meta property=\"og:image:width\" content=\"1800\" \/>\n\t<meta property=\"og:image:height\" content=\"1050\" \/>\n\t<meta property=\"og:image:type\" content=\"image\/jpeg\" \/>\n<meta name=\"twitter:card\" content=\"summary_large_image\" \/>\n<meta name=\"twitter:label1\" content=\"Est. reading time\" \/>\n\t<meta name=\"twitter:data1\" content=\"2 minutes\" \/>\n<script type=\"application\/ld+json\" class=\"yoast-schema-graph\">{\"@context\":\"https:\\\/\\\/schema.org\",\"@graph\":[{\"@type\":\"WebPage\",\"@id\":\"https:\\\/\\\/tv.joycemeyer.org\\\/slovak\\\/devotional\\\/zdroj-tvojej-sily\\\/\",\"url\":\"https:\\\/\\\/tv.joycemeyer.org\\\/slovak\\\/devotional\\\/zdroj-tvojej-sily\\\/\",\"name\":\"Zdroj tvojej sily - Joyce Meyer Ministries - Slovak\",\"isPartOf\":{\"@id\":\"https:\\\/\\\/tv.joycemeyer.org\\\/slovak\\\/#website\"},\"primaryImageOfPage\":{\"@id\":\"https:\\\/\\\/tv.joycemeyer.org\\\/slovak\\\/devotional\\\/zdroj-tvojej-sily\\\/#primaryimage\"},\"image\":{\"@id\":\"https:\\\/\\\/tv.joycemeyer.org\\\/slovak\\\/devotional\\\/zdroj-tvojej-sily\\\/#primaryimage\"},\"thumbnailUrl\":\"https:\\\/\\\/tv.joycemeyer.org\\\/slovak\\\/wp-content\\\/uploads\\\/sites\\\/88\\\/2022\\\/02\\\/2245.jpg\",\"datePublished\":\"2025-06-16T00:01:18+00:00\",\"breadcrumb\":{\"@id\":\"https:\\\/\\\/tv.joycemeyer.org\\\/slovak\\\/devotional\\\/zdroj-tvojej-sily\\\/#breadcrumb\"},\"inLanguage\":\"en-US\",\"potentialAction\":[{\"@type\":\"ReadAction\",\"target\":[\"https:\\\/\\\/tv.joycemeyer.org\\\/slovak\\\/devotional\\\/zdroj-tvojej-sily\\\/\"]}]},{\"@type\":\"ImageObject\",\"inLanguage\":\"en-US\",\"@id\":\"https:\\\/\\\/tv.joycemeyer.org\\\/slovak\\\/devotional\\\/zdroj-tvojej-sily\\\/#primaryimage\",\"url\":\"https:\\\/\\\/tv.joycemeyer.org\\\/slovak\\\/wp-content\\\/uploads\\\/sites\\\/88\\\/2022\\\/02\\\/2245.jpg\",\"contentUrl\":\"https:\\\/\\\/tv.joycemeyer.org\\\/slovak\\\/wp-content\\\/uploads\\\/sites\\\/88\\\/2022\\\/02\\\/2245.jpg\",\"width\":\"1800\",\"height\":\"1050\",\"caption\":\"Zdroj tvojej sily\"},{\"@type\":\"BreadcrumbList\",\"@id\":\"https:\\\/\\\/tv.joycemeyer.org\\\/slovak\\\/devotional\\\/zdroj-tvojej-sily\\\/#breadcrumb\",\"itemListElement\":[{\"@type\":\"ListItem\",\"position\":1,\"name\":\"Home\",\"item\":\"https:\\\/\\\/tv.joycemeyer.org\\\/slovak\\\/\"},{\"@type\":\"ListItem\",\"position\":2,\"name\":\"Devotional\",\"item\":\"https:\\\/\\\/tv.joycemeyer.org\\\/slovak\\\/devotional\\\/\"},{\"@type\":\"ListItem\",\"position\":3,\"name\":\"Zdroj tvojej sily\"}]},{\"@type\":\"WebSite\",\"@id\":\"https:\\\/\\\/tv.joycemeyer.org\\\/slovak\\\/#website\",\"url\":\"https:\\\/\\\/tv.joycemeyer.org\\\/slovak\\\/\",\"name\":\"Joyce Meyer Ministries - Slovak\",\"description\":\"Zdie\u013ea\u0165 Krista - Milova\u0165 \u013eud\u00ed\",\"potentialAction\":[{\"@type\":\"SearchAction\",\"target\":{\"@type\":\"EntryPoint\",\"urlTemplate\":\"https:\\\/\\\/tv.joycemeyer.org\\\/slovak\\\/?s={search_term_string}\"},\"query-input\":{\"@type\":\"PropertyValueSpecification\",\"valueRequired\":true,\"valueName\":\"search_term_string\"}}],\"inLanguage\":\"en-US\"}]}<\/script>\n<!-- \/ Yoast SEO plugin. -->","yoast_head_json":{"title":"Zdroj tvojej sily - Joyce Meyer Ministries - Slovak","robots":{"index":"index","follow":"follow","max-snippet":"max-snippet:-1","max-image-preview":"max-image-preview:large","max-video-preview":"max-video-preview:-1"},"canonical":"https:\/\/tv.joycemeyer.org\/slovak\/devotional\/zdroj-tvojej-sily\/","og_locale":"en_US","og_type":"article","og_title":"Zdroj tvojej sily - Joyce Meyer Ministries - Slovak","og_description":"Mus\u00edme by\u0165 ako Moj\u017ei\u0161 a Izraeliti, o ktor\u00fdch sme \u010d\u00edtali v dne\u0161nom ver\u0161i. Chcem pouk\u00e1za\u0165 na to, \u017ee Boh im nielen\u017ee dal silu (vid\u00edme to v celom Starom z\u00e1kone), ale On s\u00e1m bol pre nich Silou...","og_url":"https:\/\/tv.joycemeyer.org\/slovak\/devotional\/zdroj-tvojej-sily\/","og_site_name":"Joyce Meyer Ministries - Slovak","og_image":[{"width":1800,"height":1050,"url":"https:\/\/tv.joycemeyer.org\/slovak\/wp-content\/uploads\/sites\/88\/2022\/02\/2245.jpg","type":"image\/jpeg"}],"twitter_card":"summary_large_image","twitter_misc":{"Est. reading time":"2 minutes"},"schema":{"@context":"https:\/\/schema.org","@graph":[{"@type":"WebPage","@id":"https:\/\/tv.joycemeyer.org\/slovak\/devotional\/zdroj-tvojej-sily\/","url":"https:\/\/tv.joycemeyer.org\/slovak\/devotional\/zdroj-tvojej-sily\/","name":"Zdroj tvojej sily - Joyce Meyer Ministries - Slovak","isPartOf":{"@id":"https:\/\/tv.joycemeyer.org\/slovak\/#website"},"primaryImageOfPage":{"@id":"https:\/\/tv.joycemeyer.org\/slovak\/devotional\/zdroj-tvojej-sily\/#primaryimage"},"image":{"@id":"https:\/\/tv.joycemeyer.org\/slovak\/devotional\/zdroj-tvojej-sily\/#primaryimage"},"thumbnailUrl":"https:\/\/tv.joycemeyer.org\/slovak\/wp-content\/uploads\/sites\/88\/2022\/02\/2245.jpg","datePublished":"2025-06-16T00:01:18+00:00","breadcrumb":{"@id":"https:\/\/tv.joycemeyer.org\/slovak\/devotional\/zdroj-tvojej-sily\/#breadcrumb"},"inLanguage":"en-US","potentialAction":[{"@type":"ReadAction","target":["https:\/\/tv.joycemeyer.org\/slovak\/devotional\/zdroj-tvojej-sily\/"]}]},{"@type":"ImageObject","inLanguage":"en-US","@id":"https:\/\/tv.joycemeyer.org\/slovak\/devotional\/zdroj-tvojej-sily\/#primaryimage","url":"https:\/\/tv.joycemeyer.org\/slovak\/wp-content\/uploads\/sites\/88\/2022\/02\/2245.jpg","contentUrl":"https:\/\/tv.joycemeyer.org\/slovak\/wp-content\/uploads\/sites\/88\/2022\/02\/2245.jpg","width":"1800","height":"1050","caption":"Zdroj tvojej sily"},{"@type":"BreadcrumbList","@id":"https:\/\/tv.joycemeyer.org\/slovak\/devotional\/zdroj-tvojej-sily\/#breadcrumb","itemListElement":[{"@type":"ListItem","position":1,"name":"Home","item":"https:\/\/tv.joycemeyer.org\/slovak\/"},{"@type":"ListItem","position":2,"name":"Devotional","item":"https:\/\/tv.joycemeyer.org\/slovak\/devotional\/"},{"@type":"ListItem","position":3,"name":"Zdroj tvojej sily"}]},{"@type":"WebSite","@id":"https:\/\/tv.joycemeyer.org\/slovak\/#website","url":"https:\/\/tv.joycemeyer.org\/slovak\/","name":"Joyce Meyer Ministries - Slovak","description":"Zdie\u013ea\u0165 Krista - Milova\u0165 \u013eud\u00ed","potentialAction":[{"@type":"SearchAction","target":{"@type":"EntryPoint","urlTemplate":"https:\/\/tv.joycemeyer.org\/slovak\/?s={search_term_string}"},"query-input":{"@type":"PropertyValueSpecification","valueRequired":true,"valueName":"search_term_string"}}],"inLanguage":"en-US"}]}},"_links":{"self":[{"href":"https:\/\/tv.joycemeyer.org\/slovak\/wp-json\/wp\/v2\/devotional\/1504","targetHints":{"allow":["GET"]}}],"collection":[{"href":"https:\/\/tv.joycemeyer.org\/slovak\/wp-json\/wp\/v2\/devotional"}],"about":[{"href":"https:\/\/tv.joycemeyer.org\/slovak\/wp-json\/wp\/v2\/types\/devotional"}],"author":[{"embeddable":true,"href":"https:\/\/tv.joycemeyer.org\/slovak\/wp-json\/wp\/v2\/users\/19"}],"replies":[{"embeddable":true,"href":"https:\/\/tv.joycemeyer.org\/slovak\/wp-json\/wp\/v2\/comments?post=1504"}],"wp:featuredmedia":[{"embeddable":true,"href":"https:\/\/tv.joycemeyer.org\/slovak\/wp-json\/wp\/v2\/media\/1505"}],"wp:attachment":[{"href":"https:\/\/tv.joycemeyer.org\/slovak\/wp-json\/wp\/v2\/media?parent=1504"}],"curies":[{"name":"wp","href":"https:\/\/api.w.org\/{rel}","templated":true}]}}