{"id":1651,"date":"2025-08-26T00:01:09","date_gmt":"2025-08-26T00:01:09","guid":{"rendered":"https:\/\/tv.joycemeyer.org\/slovak\/?post_type=devotional&#038;p=1651"},"modified":"2025-08-26T12:59:36","modified_gmt":"2025-08-26T12:59:36","slug":"vnutorny-zivot","status":"publish","type":"devotional","link":"https:\/\/tv.joycemeyer.org\/slovak\/devotional\/vnutorny-zivot\/","title":{"rendered":"Vn\u00fatorn\u00fd \u017eivot"},"content":{"rendered":"<blockquote><p>\u201eT\u00fdmto nazna\u010duje Duch Sv\u00e4t\u00fd, \u017ee cesta do (sv\u00e4tyne) sv\u00e4t\u00fdch e\u0161te v\u017edy nie je zjavn\u00e1, k\u00fdm stoj\u00ed prv\u00fd st\u00e1nok [vonkaj\u0161ia \u010das\u0165].\u201c (\u017dIDOM 9:8, SEP)<\/p><\/blockquote>\n<p>Staroz\u00e1konn\u00fd sv\u00e4tost\u00e1nok mal tri \u010dasti. Pozost\u00e1val z vonkaj\u0161ej \u010dasti, n\u00e1dvoria, druhej \u010dasti nazvanej Sv\u00e4ty\u0148a a Sv\u00e4tyne Sv\u00e4t\u00fdch, vn\u00fatornej \u010dasti. Do Sv\u00e4tyne Sv\u00e4t\u00fdch mohol \u00eds\u0165 len k\u0148az, preto\u017ee tam bola Bo\u017eia pr\u00edtomnos\u0165.<\/p>\n<p>Ako \u013eudia sme trojjedin\u00e9 bytosti s troma \u010das\u0165ami. M\u00e1me telo, m\u00e1me du\u0161u a m\u00e1me ducha. Dne\u0161n\u00fd ver\u0161 uv\u00e1dza, \u017ee tak dlho, k\u00fdm sa budeme zameriava\u0165 na vonkaj\u0161ie \u010dasti, \u010do symbolizuje na\u0161e telo a du\u0161u, potom cesta do Sv\u00e4tyne Sv\u00e4t\u00fdch, \u010do symbolizuje n\u00e1\u0161ho ducha, nebude otvoren\u00e1. Jednoducho povedan\u00e9, znamen\u00e1 to, \u017ee ak budeme posl\u00facha\u0165 svoje telo a stara\u0165 sa o telesn\u00fd pokrm, nikdy sa nebudeme radova\u0165 a preb\u00fdva\u0165 v Bo\u017eej pr\u00edtomnosti. Napr\u00edklad, ak som nahnevan\u00e1, tak sa nebudem radova\u0165 z Bo\u017eej pr\u00edtomnosti.<\/p>\n<p>Na\u0161e telesn\u00e9 \u010dasti bud\u00fa ma\u0165 v\u017edy svoje \u017eiadosti, preto\u017ee telo je sebeck\u00e9 a chce \u00eds\u0165 svojou vlastnou cestou. My sa v\u0161ak t\u00fdmto \u017eiadostiam nemus\u00edme podd\u00e1va\u0165. Jednoducho m\u00f4\u017eeme poveda\u0165: \u201eU\u017e to viac nebudem akceptova\u0165, nem\u00e1\u0161 nado mnou autoritu.\u201c T\u00fdm, \u017ee sa proti tomu postav\u00edme a nepodd\u00e1me sa telesn\u00fdm \u017eiados\u0165ami, si ct\u00edme Boha a dok\u00e1\u017eeme si u\u017e\u00edva\u0165 Jeho pr\u00edtomnos\u0165. Posolstvo pre dne\u0161ok je jednoduch\u00e9: \u201ePovedzte sam\u00e9mu sebe nie a Bohu \u00e1no.\u201c Biblia hovor\u00ed, \u017ee sme m\u0155tvi hriechu. Hriech nie je m\u0155tvy, v\u017edy sa n\u00e1s bude sna\u017ei\u0165 stiahnu\u0165, ale my m\u00f4\u017eeme poveda\u0165 nie!<\/p>\n<hr \/>\n<p>Bo\u017eie slovo pre teba na dnes:\u00a0Ne\u017ei telesn\u00fd \u017eivot skrze to, \u017ee sa uspokoj\u00ed\u0161 s t\u00fa\u017ebami a pudmi svojej telesnej prirodzenosti.<\/p>\n","protected":false},"excerpt":{"rendered":"<p>Staroz\u00e1konn\u00fd sv\u00e4tost\u00e1nok mal tri \u010dasti. Pozost\u00e1val z vonkaj\u0161ej \u010dasti, n\u00e1dvoria, druhej \u010dasti nazvanej Sv\u00e4ty\u0148a a Sv\u00e4tyne Sv\u00e4t\u00fdch, vn\u00fatornej \u010dasti. Do Sv\u00e4tyne Sv\u00e4t\u00fdch mohol \u00eds\u0165 len k\u0148az, preto\u017ee tam bola Bo\u017eia pr\u00edtomnos\u0165&#8230;<\/p>\n","protected":false},"author":19,"featured_media":1652,"parent":0,"menu_order":0,"comment_status":"closed","ping_status":"closed","template":"","class_list":["post-1651","devotional","type-devotional","status-publish","has-post-thumbnail","hentry"],"acf":[],"appp":{"post_detail":{"above_title":"<div class=\"post-featured-wrap\"><img width=\"1024\" height=\"597\" src=\"https:\/\/tv.joycemeyer.org\/slovak\/wp-content\/uploads\/sites\/88\/2022\/04\/2437-1024x597.jpg\" class=\"post-featured wp-post-image\" alt=\"\" decoding=\"async\" srcset=\"https:\/\/tv.joycemeyer.org\/slovak\/wp-content\/uploads\/sites\/88\/2022\/04\/2437-1024x597.jpg 1024w, https:\/\/tv.joycemeyer.org\/slovak\/wp-content\/uploads\/sites\/88\/2022\/04\/2437-300x175.jpg 300w, https:\/\/tv.joycemeyer.org\/slovak\/wp-content\/uploads\/sites\/88\/2022\/04\/2437-768x448.jpg 768w, https:\/\/tv.joycemeyer.org\/slovak\/wp-content\/uploads\/sites\/88\/2022\/04\/2437-1536x896.jpg 1536w, https:\/\/tv.joycemeyer.org\/slovak\/wp-content\/uploads\/sites\/88\/2022\/04\/2437.jpg 1800w\" sizes=\"(max-width: 1024px) 100vw, 1024px\" \/><\/div>","below_content":"<div class=\"follow\"><ul class=\"nav nav--social nav--flex\"><\/ul><\/div>"}},"yoast_head":"<!-- This site is optimized with the Yoast SEO plugin v27.4 - https:\/\/yoast.com\/product\/yoast-seo-wordpress\/ -->\n<title>Vn\u00fatorn\u00fd \u017eivot - Joyce Meyer Ministries - Slovak<\/title>\n<meta name=\"robots\" content=\"index, follow, max-snippet:-1, max-image-preview:large, max-video-preview:-1\" \/>\n<link rel=\"canonical\" href=\"https:\/\/tv.joycemeyer.org\/slovak\/devotional\/vnutorny-zivot\/\" \/>\n<meta property=\"og:locale\" content=\"en_US\" \/>\n<meta property=\"og:type\" content=\"article\" \/>\n<meta property=\"og:title\" content=\"Vn\u00fatorn\u00fd \u017eivot - Joyce Meyer Ministries - Slovak\" \/>\n<meta property=\"og:description\" content=\"Staroz\u00e1konn\u00fd sv\u00e4tost\u00e1nok mal tri \u010dasti. Pozost\u00e1val z vonkaj\u0161ej \u010dasti, n\u00e1dvoria, druhej \u010dasti nazvanej Sv\u00e4ty\u0148a a Sv\u00e4tyne Sv\u00e4t\u00fdch, vn\u00fatornej \u010dasti. Do Sv\u00e4tyne Sv\u00e4t\u00fdch mohol \u00eds\u0165 len k\u0148az, preto\u017ee tam bola Bo\u017eia pr\u00edtomnos\u0165...\" \/>\n<meta property=\"og:url\" content=\"https:\/\/tv.joycemeyer.org\/slovak\/devotional\/vnutorny-zivot\/\" \/>\n<meta property=\"og:site_name\" content=\"Joyce Meyer Ministries - Slovak\" \/>\n<meta property=\"article:modified_time\" content=\"2025-08-26T12:59:36+00:00\" \/>\n<meta property=\"og:image\" content=\"https:\/\/tv.joycemeyer.org\/slovak\/wp-content\/uploads\/sites\/88\/2022\/04\/2437.jpg\" \/>\n\t<meta property=\"og:image:width\" content=\"1800\" \/>\n\t<meta property=\"og:image:height\" content=\"1050\" \/>\n\t<meta property=\"og:image:type\" content=\"image\/jpeg\" \/>\n<meta name=\"twitter:card\" content=\"summary_large_image\" \/>\n<meta name=\"twitter:label1\" content=\"Est. reading time\" \/>\n\t<meta name=\"twitter:data1\" content=\"2 minutes\" \/>\n<script type=\"application\/ld+json\" class=\"yoast-schema-graph\">{\"@context\":\"https:\\\/\\\/schema.org\",\"@graph\":[{\"@type\":\"WebPage\",\"@id\":\"https:\\\/\\\/tv.joycemeyer.org\\\/slovak\\\/devotional\\\/vnutorny-zivot\\\/\",\"url\":\"https:\\\/\\\/tv.joycemeyer.org\\\/slovak\\\/devotional\\\/vnutorny-zivot\\\/\",\"name\":\"Vn\u00fatorn\u00fd \u017eivot - Joyce Meyer Ministries - Slovak\",\"isPartOf\":{\"@id\":\"https:\\\/\\\/tv.joycemeyer.org\\\/slovak\\\/#website\"},\"primaryImageOfPage\":{\"@id\":\"https:\\\/\\\/tv.joycemeyer.org\\\/slovak\\\/devotional\\\/vnutorny-zivot\\\/#primaryimage\"},\"image\":{\"@id\":\"https:\\\/\\\/tv.joycemeyer.org\\\/slovak\\\/devotional\\\/vnutorny-zivot\\\/#primaryimage\"},\"thumbnailUrl\":\"https:\\\/\\\/tv.joycemeyer.org\\\/slovak\\\/wp-content\\\/uploads\\\/sites\\\/88\\\/2022\\\/04\\\/2437.jpg\",\"datePublished\":\"2025-08-26T00:01:09+00:00\",\"dateModified\":\"2025-08-26T12:59:36+00:00\",\"breadcrumb\":{\"@id\":\"https:\\\/\\\/tv.joycemeyer.org\\\/slovak\\\/devotional\\\/vnutorny-zivot\\\/#breadcrumb\"},\"inLanguage\":\"en-US\",\"potentialAction\":[{\"@type\":\"ReadAction\",\"target\":[\"https:\\\/\\\/tv.joycemeyer.org\\\/slovak\\\/devotional\\\/vnutorny-zivot\\\/\"]}]},{\"@type\":\"ImageObject\",\"inLanguage\":\"en-US\",\"@id\":\"https:\\\/\\\/tv.joycemeyer.org\\\/slovak\\\/devotional\\\/vnutorny-zivot\\\/#primaryimage\",\"url\":\"https:\\\/\\\/tv.joycemeyer.org\\\/slovak\\\/wp-content\\\/uploads\\\/sites\\\/88\\\/2022\\\/04\\\/2437.jpg\",\"contentUrl\":\"https:\\\/\\\/tv.joycemeyer.org\\\/slovak\\\/wp-content\\\/uploads\\\/sites\\\/88\\\/2022\\\/04\\\/2437.jpg\",\"width\":1800,\"height\":1050,\"caption\":\"Vn\u00fatorn\u00fd \u017eivot\"},{\"@type\":\"BreadcrumbList\",\"@id\":\"https:\\\/\\\/tv.joycemeyer.org\\\/slovak\\\/devotional\\\/vnutorny-zivot\\\/#breadcrumb\",\"itemListElement\":[{\"@type\":\"ListItem\",\"position\":1,\"name\":\"Home\",\"item\":\"https:\\\/\\\/tv.joycemeyer.org\\\/slovak\\\/\"},{\"@type\":\"ListItem\",\"position\":2,\"name\":\"Devotional\",\"item\":\"https:\\\/\\\/tv.joycemeyer.org\\\/slovak\\\/devotional\\\/\"},{\"@type\":\"ListItem\",\"position\":3,\"name\":\"Vn\u00fatorn\u00fd \u017eivot\"}]},{\"@type\":\"WebSite\",\"@id\":\"https:\\\/\\\/tv.joycemeyer.org\\\/slovak\\\/#website\",\"url\":\"https:\\\/\\\/tv.joycemeyer.org\\\/slovak\\\/\",\"name\":\"Joyce Meyer Ministries - Slovak\",\"description\":\"Zdie\u013ea\u0165 Krista - Milova\u0165 \u013eud\u00ed\",\"potentialAction\":[{\"@type\":\"SearchAction\",\"target\":{\"@type\":\"EntryPoint\",\"urlTemplate\":\"https:\\\/\\\/tv.joycemeyer.org\\\/slovak\\\/?s={search_term_string}\"},\"query-input\":{\"@type\":\"PropertyValueSpecification\",\"valueRequired\":true,\"valueName\":\"search_term_string\"}}],\"inLanguage\":\"en-US\"}]}<\/script>\n<!-- \/ Yoast SEO plugin. -->","yoast_head_json":{"title":"Vn\u00fatorn\u00fd \u017eivot - Joyce Meyer Ministries - Slovak","robots":{"index":"index","follow":"follow","max-snippet":"max-snippet:-1","max-image-preview":"max-image-preview:large","max-video-preview":"max-video-preview:-1"},"canonical":"https:\/\/tv.joycemeyer.org\/slovak\/devotional\/vnutorny-zivot\/","og_locale":"en_US","og_type":"article","og_title":"Vn\u00fatorn\u00fd \u017eivot - Joyce Meyer Ministries - Slovak","og_description":"Staroz\u00e1konn\u00fd sv\u00e4tost\u00e1nok mal tri \u010dasti. Pozost\u00e1val z vonkaj\u0161ej \u010dasti, n\u00e1dvoria, druhej \u010dasti nazvanej Sv\u00e4ty\u0148a a Sv\u00e4tyne Sv\u00e4t\u00fdch, vn\u00fatornej \u010dasti. Do Sv\u00e4tyne Sv\u00e4t\u00fdch mohol \u00eds\u0165 len k\u0148az, preto\u017ee tam bola Bo\u017eia pr\u00edtomnos\u0165...","og_url":"https:\/\/tv.joycemeyer.org\/slovak\/devotional\/vnutorny-zivot\/","og_site_name":"Joyce Meyer Ministries - Slovak","article_modified_time":"2025-08-26T12:59:36+00:00","og_image":[{"width":1800,"height":1050,"url":"https:\/\/tv.joycemeyer.org\/slovak\/wp-content\/uploads\/sites\/88\/2022\/04\/2437.jpg","type":"image\/jpeg"}],"twitter_card":"summary_large_image","twitter_misc":{"Est. reading time":"2 minutes"},"schema":{"@context":"https:\/\/schema.org","@graph":[{"@type":"WebPage","@id":"https:\/\/tv.joycemeyer.org\/slovak\/devotional\/vnutorny-zivot\/","url":"https:\/\/tv.joycemeyer.org\/slovak\/devotional\/vnutorny-zivot\/","name":"Vn\u00fatorn\u00fd \u017eivot - Joyce Meyer Ministries - Slovak","isPartOf":{"@id":"https:\/\/tv.joycemeyer.org\/slovak\/#website"},"primaryImageOfPage":{"@id":"https:\/\/tv.joycemeyer.org\/slovak\/devotional\/vnutorny-zivot\/#primaryimage"},"image":{"@id":"https:\/\/tv.joycemeyer.org\/slovak\/devotional\/vnutorny-zivot\/#primaryimage"},"thumbnailUrl":"https:\/\/tv.joycemeyer.org\/slovak\/wp-content\/uploads\/sites\/88\/2022\/04\/2437.jpg","datePublished":"2025-08-26T00:01:09+00:00","dateModified":"2025-08-26T12:59:36+00:00","breadcrumb":{"@id":"https:\/\/tv.joycemeyer.org\/slovak\/devotional\/vnutorny-zivot\/#breadcrumb"},"inLanguage":"en-US","potentialAction":[{"@type":"ReadAction","target":["https:\/\/tv.joycemeyer.org\/slovak\/devotional\/vnutorny-zivot\/"]}]},{"@type":"ImageObject","inLanguage":"en-US","@id":"https:\/\/tv.joycemeyer.org\/slovak\/devotional\/vnutorny-zivot\/#primaryimage","url":"https:\/\/tv.joycemeyer.org\/slovak\/wp-content\/uploads\/sites\/88\/2022\/04\/2437.jpg","contentUrl":"https:\/\/tv.joycemeyer.org\/slovak\/wp-content\/uploads\/sites\/88\/2022\/04\/2437.jpg","width":1800,"height":1050,"caption":"Vn\u00fatorn\u00fd \u017eivot"},{"@type":"BreadcrumbList","@id":"https:\/\/tv.joycemeyer.org\/slovak\/devotional\/vnutorny-zivot\/#breadcrumb","itemListElement":[{"@type":"ListItem","position":1,"name":"Home","item":"https:\/\/tv.joycemeyer.org\/slovak\/"},{"@type":"ListItem","position":2,"name":"Devotional","item":"https:\/\/tv.joycemeyer.org\/slovak\/devotional\/"},{"@type":"ListItem","position":3,"name":"Vn\u00fatorn\u00fd \u017eivot"}]},{"@type":"WebSite","@id":"https:\/\/tv.joycemeyer.org\/slovak\/#website","url":"https:\/\/tv.joycemeyer.org\/slovak\/","name":"Joyce Meyer Ministries - Slovak","description":"Zdie\u013ea\u0165 Krista - Milova\u0165 \u013eud\u00ed","potentialAction":[{"@type":"SearchAction","target":{"@type":"EntryPoint","urlTemplate":"https:\/\/tv.joycemeyer.org\/slovak\/?s={search_term_string}"},"query-input":{"@type":"PropertyValueSpecification","valueRequired":true,"valueName":"search_term_string"}}],"inLanguage":"en-US"}]}},"_links":{"self":[{"href":"https:\/\/tv.joycemeyer.org\/slovak\/wp-json\/wp\/v2\/devotional\/1651","targetHints":{"allow":["GET"]}}],"collection":[{"href":"https:\/\/tv.joycemeyer.org\/slovak\/wp-json\/wp\/v2\/devotional"}],"about":[{"href":"https:\/\/tv.joycemeyer.org\/slovak\/wp-json\/wp\/v2\/types\/devotional"}],"author":[{"embeddable":true,"href":"https:\/\/tv.joycemeyer.org\/slovak\/wp-json\/wp\/v2\/users\/19"}],"replies":[{"embeddable":true,"href":"https:\/\/tv.joycemeyer.org\/slovak\/wp-json\/wp\/v2\/comments?post=1651"}],"wp:featuredmedia":[{"embeddable":true,"href":"https:\/\/tv.joycemeyer.org\/slovak\/wp-json\/wp\/v2\/media\/1652"}],"wp:attachment":[{"href":"https:\/\/tv.joycemeyer.org\/slovak\/wp-json\/wp\/v2\/media?parent=1651"}],"curies":[{"name":"wp","href":"https:\/\/api.w.org\/{rel}","templated":true}]}}