{"id":2066,"date":"2026-03-23T00:01:30","date_gmt":"2026-03-23T00:01:30","guid":{"rendered":"https:\/\/tv.joycemeyer.org\/slovak\/?post_type=devotional&#038;p=2066"},"modified":"2025-11-19T19:34:41","modified_gmt":"2025-11-19T19:34:41","slug":"mas-potencial-2","status":"publish","type":"devotional","link":"https:\/\/tv.joycemeyer.org\/slovak\/devotional\/mas-potencial-2\/","title":{"rendered":"M\u00e1\u0161 potenci\u00e1l"},"content":{"rendered":"<blockquote><p>A Je\u017ei\u0161 pozrel na nich a povedal: U \u013eud\u00ed je to nemo\u017en\u00e9, ale nie u Boha, lebo u Boha je v\u0161etko mo\u017en\u00e9. &#8211; MAREK 10:27<\/p><\/blockquote>\n<p>Je a\u017e ohromuj\u00face, ko\u013eko obdarovan\u00fdch \u013eud\u00ed je vyraden\u00fdch z \u010dinnosti a ni\u010d nerob\u00ed. Nikdy nevykro\u010dili dopredu a nepou\u017eili dar, ktor\u00fd im Boh dal, preto\u017ee neveria, \u017ee s\u00fa obdarovan\u00ed. Si jedn\u00fdm z nich?<\/p>\n<p>Pravdou je, \u017ee Boh dal ka\u017ed\u00e9mu z n\u00e1s dary, talenty a schopnosti. M\u00e1 skvel\u00fd pl\u00e1n pre teba a vystrojil \u0165a tak, aby si robil ve\u013ek\u00e9 veci pre Jeho Kr\u00e1\u013eovstvo. Av\u0161ak, pokia\u013e sa neuvid\u00ed\u0161 tak, ako \u0165a vid\u00ed On a nebude\u0161 Mu d\u00f4verova\u0165, \u017ee m\u00f4\u017ee\u0161 pou\u017e\u00edva\u0165 svoje dary, tak nebude\u0161 \u017ei\u0165 v potenci\u00e1li danom od Boha.<\/p>\n<p>Ak z\u00e1pas\u00ed\u0161 s n\u00edzkou seba\u00factou, n\u00edzkym sebavedom\u00edm a nedostatkom sebad\u00f4very chcem, aby si vedel, \u017ee Boh \u0165a stvoril s \u00fa\u017easn\u00fdm potenci\u00e1lom. Ke\u010f d\u00f4veruje\u0161 Bohu a ver\u00ed\u0161, \u017ee m\u00f4\u017ee\u0161 urobi\u0165 \u010doko\u013evek ti povie, \u017ee m\u00f4\u017ee\u0161 urobi\u0165, tak napln\u00ed\u0161 Jeho z\u00e1mer pre svoj \u017eivot.<\/p>\n<p>Pam\u00e4taj, \u201eu Boha je v\u0161etko mo\u017en\u00e9\u201c. Ke\u010f Mu bude\u0161 d\u00f4verova\u0165, tak bude\u0161 slobodn\u00fd \u017ei\u0165 pod\u013ea svojho potenci\u00e1lu.<\/p>\n<hr \/>\n<p>Modlitba<\/p>\n<p>Bo\u017ee, pom\u00f4\u017e mi vidie\u0165 sa Tvojimi o\u010dami, s darmi a talentami, ktor\u00e9 si mi dal. Ver\u00edm, \u017ee si ma stvoril s ve\u013ek\u00fdm potenci\u00e1lom, preto\u017ee si ve\u013ek\u00fd Boh. D\u00f4verujem Ti dnes a ver\u00edm, \u017ee u Teba je v\u0161etko mo\u017en\u00e9!<\/p>\n","protected":false},"excerpt":{"rendered":"<p>Pravdou je, \u017ee Boh dal ka\u017ed\u00e9mu z n\u00e1s dary, talenty a schopnosti&#8230;<\/p>\n","protected":false},"author":20,"featured_media":2067,"parent":0,"menu_order":0,"comment_status":"closed","ping_status":"closed","template":"","class_list":["post-2066","devotional","type-devotional","status-publish","has-post-thumbnail","hentry"],"acf":[],"appp":{"post_detail":{"above_title":"<div class=\"post-featured-wrap\"><img width=\"1024\" height=\"597\" src=\"https:\/\/tv.joycemeyer.org\/slovak\/wp-content\/uploads\/sites\/88\/2019\/01\/2649-1024x597.jpg\" class=\"post-featured wp-post-image\" alt=\"M\u00e1\u0161 potenci\u00e1l\" decoding=\"async\" srcset=\"https:\/\/tv.joycemeyer.org\/slovak\/wp-content\/uploads\/sites\/88\/2019\/01\/2649-1024x597.jpg 1024w, https:\/\/tv.joycemeyer.org\/slovak\/wp-content\/uploads\/sites\/88\/2019\/01\/2649-300x175.jpg 300w, https:\/\/tv.joycemeyer.org\/slovak\/wp-content\/uploads\/sites\/88\/2019\/01\/2649-768x448.jpg 768w, https:\/\/tv.joycemeyer.org\/slovak\/wp-content\/uploads\/sites\/88\/2019\/01\/2649-1536x896.jpg 1536w, https:\/\/tv.joycemeyer.org\/slovak\/wp-content\/uploads\/sites\/88\/2019\/01\/2649.jpg 1800w\" sizes=\"(max-width: 1024px) 100vw, 1024px\" \/><\/div>","below_content":"<div class=\"follow\"><ul class=\"nav nav--social nav--flex\"><\/ul><\/div>"}},"yoast_head":"<!-- This site is optimized with the Yoast SEO plugin v27.4 - https:\/\/yoast.com\/product\/yoast-seo-wordpress\/ -->\n<title>M\u00e1\u0161 potenci\u00e1l - Joyce Meyer Ministries - Slovak<\/title>\n<meta name=\"robots\" content=\"index, follow, max-snippet:-1, max-image-preview:large, max-video-preview:-1\" \/>\n<link rel=\"canonical\" href=\"https:\/\/tv.joycemeyer.org\/slovak\/devotional\/mas-potencial-2\/\" \/>\n<meta property=\"og:locale\" content=\"en_US\" \/>\n<meta property=\"og:type\" content=\"article\" \/>\n<meta property=\"og:title\" content=\"M\u00e1\u0161 potenci\u00e1l - Joyce Meyer Ministries - Slovak\" \/>\n<meta property=\"og:description\" content=\"Pravdou je, \u017ee Boh dal ka\u017ed\u00e9mu z n\u00e1s dary, talenty a schopnosti...\" \/>\n<meta property=\"og:url\" content=\"https:\/\/tv.joycemeyer.org\/slovak\/devotional\/mas-potencial-2\/\" \/>\n<meta property=\"og:site_name\" content=\"Joyce Meyer Ministries - Slovak\" \/>\n<meta property=\"og:image\" content=\"https:\/\/tv.joycemeyer.org\/slovak\/wp-content\/uploads\/sites\/88\/2019\/01\/2649.jpg\" \/>\n\t<meta property=\"og:image:width\" content=\"1800\" \/>\n\t<meta property=\"og:image:height\" content=\"1050\" \/>\n\t<meta property=\"og:image:type\" content=\"image\/jpeg\" \/>\n<meta name=\"twitter:card\" content=\"summary_large_image\" \/>\n<meta name=\"twitter:label1\" content=\"Est. reading time\" \/>\n\t<meta name=\"twitter:data1\" content=\"2 minutes\" \/>\n<script type=\"application\/ld+json\" class=\"yoast-schema-graph\">{\"@context\":\"https:\\\/\\\/schema.org\",\"@graph\":[{\"@type\":\"WebPage\",\"@id\":\"https:\\\/\\\/tv.joycemeyer.org\\\/slovak\\\/devotional\\\/mas-potencial-2\\\/\",\"url\":\"https:\\\/\\\/tv.joycemeyer.org\\\/slovak\\\/devotional\\\/mas-potencial-2\\\/\",\"name\":\"M\u00e1\u0161 potenci\u00e1l - Joyce Meyer Ministries - Slovak\",\"isPartOf\":{\"@id\":\"https:\\\/\\\/tv.joycemeyer.org\\\/slovak\\\/#website\"},\"primaryImageOfPage\":{\"@id\":\"https:\\\/\\\/tv.joycemeyer.org\\\/slovak\\\/devotional\\\/mas-potencial-2\\\/#primaryimage\"},\"image\":{\"@id\":\"https:\\\/\\\/tv.joycemeyer.org\\\/slovak\\\/devotional\\\/mas-potencial-2\\\/#primaryimage\"},\"thumbnailUrl\":\"https:\\\/\\\/tv.joycemeyer.org\\\/slovak\\\/wp-content\\\/uploads\\\/sites\\\/88\\\/2019\\\/01\\\/2649.jpg\",\"datePublished\":\"2026-03-23T00:01:30+00:00\",\"breadcrumb\":{\"@id\":\"https:\\\/\\\/tv.joycemeyer.org\\\/slovak\\\/devotional\\\/mas-potencial-2\\\/#breadcrumb\"},\"inLanguage\":\"en-US\",\"potentialAction\":[{\"@type\":\"ReadAction\",\"target\":[\"https:\\\/\\\/tv.joycemeyer.org\\\/slovak\\\/devotional\\\/mas-potencial-2\\\/\"]}]},{\"@type\":\"ImageObject\",\"inLanguage\":\"en-US\",\"@id\":\"https:\\\/\\\/tv.joycemeyer.org\\\/slovak\\\/devotional\\\/mas-potencial-2\\\/#primaryimage\",\"url\":\"https:\\\/\\\/tv.joycemeyer.org\\\/slovak\\\/wp-content\\\/uploads\\\/sites\\\/88\\\/2019\\\/01\\\/2649.jpg\",\"contentUrl\":\"https:\\\/\\\/tv.joycemeyer.org\\\/slovak\\\/wp-content\\\/uploads\\\/sites\\\/88\\\/2019\\\/01\\\/2649.jpg\",\"width\":1800,\"height\":1050,\"caption\":\"M\u00e1\u0161 potenci\u00e1l\"},{\"@type\":\"BreadcrumbList\",\"@id\":\"https:\\\/\\\/tv.joycemeyer.org\\\/slovak\\\/devotional\\\/mas-potencial-2\\\/#breadcrumb\",\"itemListElement\":[{\"@type\":\"ListItem\",\"position\":1,\"name\":\"Home\",\"item\":\"https:\\\/\\\/tv.joycemeyer.org\\\/slovak\\\/\"},{\"@type\":\"ListItem\",\"position\":2,\"name\":\"Devotional\",\"item\":\"https:\\\/\\\/tv.joycemeyer.org\\\/slovak\\\/devotional\\\/\"},{\"@type\":\"ListItem\",\"position\":3,\"name\":\"M\u00e1\u0161 potenci\u00e1l\"}]},{\"@type\":\"WebSite\",\"@id\":\"https:\\\/\\\/tv.joycemeyer.org\\\/slovak\\\/#website\",\"url\":\"https:\\\/\\\/tv.joycemeyer.org\\\/slovak\\\/\",\"name\":\"Joyce Meyer Ministries - Slovak\",\"description\":\"Zdie\u013ea\u0165 Krista - Milova\u0165 \u013eud\u00ed\",\"potentialAction\":[{\"@type\":\"SearchAction\",\"target\":{\"@type\":\"EntryPoint\",\"urlTemplate\":\"https:\\\/\\\/tv.joycemeyer.org\\\/slovak\\\/?s={search_term_string}\"},\"query-input\":{\"@type\":\"PropertyValueSpecification\",\"valueRequired\":true,\"valueName\":\"search_term_string\"}}],\"inLanguage\":\"en-US\"}]}<\/script>\n<!-- \/ Yoast SEO plugin. -->","yoast_head_json":{"title":"M\u00e1\u0161 potenci\u00e1l - Joyce Meyer Ministries - Slovak","robots":{"index":"index","follow":"follow","max-snippet":"max-snippet:-1","max-image-preview":"max-image-preview:large","max-video-preview":"max-video-preview:-1"},"canonical":"https:\/\/tv.joycemeyer.org\/slovak\/devotional\/mas-potencial-2\/","og_locale":"en_US","og_type":"article","og_title":"M\u00e1\u0161 potenci\u00e1l - Joyce Meyer Ministries - Slovak","og_description":"Pravdou je, \u017ee Boh dal ka\u017ed\u00e9mu z n\u00e1s dary, talenty a schopnosti...","og_url":"https:\/\/tv.joycemeyer.org\/slovak\/devotional\/mas-potencial-2\/","og_site_name":"Joyce Meyer Ministries - Slovak","og_image":[{"width":1800,"height":1050,"url":"https:\/\/tv.joycemeyer.org\/slovak\/wp-content\/uploads\/sites\/88\/2019\/01\/2649.jpg","type":"image\/jpeg"}],"twitter_card":"summary_large_image","twitter_misc":{"Est. reading time":"2 minutes"},"schema":{"@context":"https:\/\/schema.org","@graph":[{"@type":"WebPage","@id":"https:\/\/tv.joycemeyer.org\/slovak\/devotional\/mas-potencial-2\/","url":"https:\/\/tv.joycemeyer.org\/slovak\/devotional\/mas-potencial-2\/","name":"M\u00e1\u0161 potenci\u00e1l - Joyce Meyer Ministries - Slovak","isPartOf":{"@id":"https:\/\/tv.joycemeyer.org\/slovak\/#website"},"primaryImageOfPage":{"@id":"https:\/\/tv.joycemeyer.org\/slovak\/devotional\/mas-potencial-2\/#primaryimage"},"image":{"@id":"https:\/\/tv.joycemeyer.org\/slovak\/devotional\/mas-potencial-2\/#primaryimage"},"thumbnailUrl":"https:\/\/tv.joycemeyer.org\/slovak\/wp-content\/uploads\/sites\/88\/2019\/01\/2649.jpg","datePublished":"2026-03-23T00:01:30+00:00","breadcrumb":{"@id":"https:\/\/tv.joycemeyer.org\/slovak\/devotional\/mas-potencial-2\/#breadcrumb"},"inLanguage":"en-US","potentialAction":[{"@type":"ReadAction","target":["https:\/\/tv.joycemeyer.org\/slovak\/devotional\/mas-potencial-2\/"]}]},{"@type":"ImageObject","inLanguage":"en-US","@id":"https:\/\/tv.joycemeyer.org\/slovak\/devotional\/mas-potencial-2\/#primaryimage","url":"https:\/\/tv.joycemeyer.org\/slovak\/wp-content\/uploads\/sites\/88\/2019\/01\/2649.jpg","contentUrl":"https:\/\/tv.joycemeyer.org\/slovak\/wp-content\/uploads\/sites\/88\/2019\/01\/2649.jpg","width":1800,"height":1050,"caption":"M\u00e1\u0161 potenci\u00e1l"},{"@type":"BreadcrumbList","@id":"https:\/\/tv.joycemeyer.org\/slovak\/devotional\/mas-potencial-2\/#breadcrumb","itemListElement":[{"@type":"ListItem","position":1,"name":"Home","item":"https:\/\/tv.joycemeyer.org\/slovak\/"},{"@type":"ListItem","position":2,"name":"Devotional","item":"https:\/\/tv.joycemeyer.org\/slovak\/devotional\/"},{"@type":"ListItem","position":3,"name":"M\u00e1\u0161 potenci\u00e1l"}]},{"@type":"WebSite","@id":"https:\/\/tv.joycemeyer.org\/slovak\/#website","url":"https:\/\/tv.joycemeyer.org\/slovak\/","name":"Joyce Meyer Ministries - Slovak","description":"Zdie\u013ea\u0165 Krista - Milova\u0165 \u013eud\u00ed","potentialAction":[{"@type":"SearchAction","target":{"@type":"EntryPoint","urlTemplate":"https:\/\/tv.joycemeyer.org\/slovak\/?s={search_term_string}"},"query-input":{"@type":"PropertyValueSpecification","valueRequired":true,"valueName":"search_term_string"}}],"inLanguage":"en-US"}]}},"_links":{"self":[{"href":"https:\/\/tv.joycemeyer.org\/slovak\/wp-json\/wp\/v2\/devotional\/2066","targetHints":{"allow":["GET"]}}],"collection":[{"href":"https:\/\/tv.joycemeyer.org\/slovak\/wp-json\/wp\/v2\/devotional"}],"about":[{"href":"https:\/\/tv.joycemeyer.org\/slovak\/wp-json\/wp\/v2\/types\/devotional"}],"author":[{"embeddable":true,"href":"https:\/\/tv.joycemeyer.org\/slovak\/wp-json\/wp\/v2\/users\/20"}],"replies":[{"embeddable":true,"href":"https:\/\/tv.joycemeyer.org\/slovak\/wp-json\/wp\/v2\/comments?post=2066"}],"wp:featuredmedia":[{"embeddable":true,"href":"https:\/\/tv.joycemeyer.org\/slovak\/wp-json\/wp\/v2\/media\/2067"}],"wp:attachment":[{"href":"https:\/\/tv.joycemeyer.org\/slovak\/wp-json\/wp\/v2\/media?parent=2066"}],"curies":[{"name":"wp","href":"https:\/\/api.w.org\/{rel}","templated":true}]}}