{"id":2094,"date":"2026-04-05T00:01:58","date_gmt":"2026-04-05T00:01:58","guid":{"rendered":"https:\/\/tv.joycemeyer.org\/slovak\/?post_type=devotional&#038;p=2094"},"modified":"2026-03-04T16:21:00","modified_gmt":"2026-03-04T16:21:00","slug":"obrovska-moc-v-mene-jezis-2","status":"publish","type":"devotional","link":"https:\/\/tv.joycemeyer.org\/slovak\/devotional\/obrovska-moc-v-mene-jezis-2\/","title":{"rendered":"Obrovsk\u00e1 moc v mene Je\u017ei\u0161"},"content":{"rendered":"<blockquote><p>Preto aj Boh jeho pov\u00fd\u0161il nad v\u0161etko a dal mu z \u013e\u00fabosti meno, ktor\u00e9 je nad ka\u017ed\u00e9 meno, aby sa v mene Je\u017ei\u0161a sklonilo ka\u017ed\u00e9 koleno bytost\u00ed ponebesk\u00fdch a pozemsk\u00fdch i podzemsk\u00fdch. &#8211; FILIPANOM 2:9-11<\/p><\/blockquote>\n<p>Ve\u013ea \u013eud\u00ed &#8211; vr\u00e1tane kres\u0165anov &#8211; nem\u00e1 ani potuchy o obrovskej moci toho mena Je\u017ei\u0161.<\/p>\n<p>Rozm\u00fd\u0161\u013eal si niekedy o d\u00f4le\u017eitosti mena? Meno osoby reprezentuje a zosob\u0148uje jeho charakter a odli\u0161uje ho od ostatn\u00fdch. V\u017edy, ak niekoho vol\u00e1me menom, nie\u010do o tej osobe prehlasujeme.<\/p>\n<p>Tak isto, ak povieme meno Je\u017ei\u0161, nepovieme len nejak\u00e9 meno. Prehlasujeme meno, ktor\u00e9 steles\u0148uje moc &#8211; nie \u013eudsk\u00fa moc, ale cel\u00fa moc a autoritu Boha (pozri Kolo\u0161anom 2:9-10).<\/p>\n<p>Ke\u010f hovor\u00edme to meno, opisujeme t\u00fa Osobu. Je\u017ei\u0161 znamen\u00e1 \u201eZ\u00e1chranca\u201c a pod\u013ea toho, \u010do pre n\u00e1s urobil, Ho aj vol\u00e1me &#8211; On n\u00e1s zachr\u00e1nil od hriechu, od na\u0161ich zlyhan\u00ed a od okolnost\u00ed, ktor\u00e9 nie s\u00fa pod\u013ea Jeho v\u00f4le (pozri Mat\u00fa\u0161 1:21).<\/p>\n<p>Mnoho \u013eud\u00ed chce za\u017e\u00edva\u0165 duchovn\u00fa moc, no nerozumie, \u017ee na to, aby ju mohli uvo\u013eni\u0165, potrebuj\u00fa prehlasova\u0165 meno Je\u017ei\u0161 vierou. Toto \u00fa\u017easn\u00e9 meno bolo dan\u00e9 t\u00fdm, ktor\u00ed veria. Ako Bo\u017eie die\u0165a prehlasuj vierou Jeho meno dnes.<\/p>\n<hr \/>\n<p>Modlitba<\/p>\n<p>Bo\u017ee Ot\u010de, vierou prehlasujem meno Je\u017ei\u0161 nad ka\u017edou okolnos\u0165ou vo svojom \u017eivote. \u010eakujem Ti za zachra\u0148uj\u00facu moc Tvojho Syna.<\/p>\n","protected":false},"excerpt":{"rendered":"<p>   Mnoho \u013eud\u00ed chce za\u017e\u00edva\u0165 duchovn\u00fa moc, no nerozumie, \u017ee na to, aby ju mohli uvo\u013eni\u0165, potrebuj\u00fa prehlasova\u0165 meno Je\u017ei\u0161 vierou&#8230;<\/p>\n","protected":false},"author":20,"featured_media":2095,"parent":0,"menu_order":0,"comment_status":"closed","ping_status":"closed","template":"","class_list":["post-2094","devotional","type-devotional","status-publish","has-post-thumbnail","hentry"],"acf":[],"appp":{"post_detail":{"above_title":"<div class=\"post-featured-wrap\"><img width=\"960\" height=\"560\" src=\"https:\/\/tv.joycemeyer.org\/slovak\/wp-content\/uploads\/sites\/88\/2023\/01\/1897.jpg\" class=\"post-featured wp-post-image\" alt=\"Obrovsk\u00e1 moc v mene Je\u017ei\u0161\" decoding=\"async\" srcset=\"https:\/\/tv.joycemeyer.org\/slovak\/wp-content\/uploads\/sites\/88\/2023\/01\/1897.jpg 960w, https:\/\/tv.joycemeyer.org\/slovak\/wp-content\/uploads\/sites\/88\/2023\/01\/1897-300x175.jpg 300w, https:\/\/tv.joycemeyer.org\/slovak\/wp-content\/uploads\/sites\/88\/2023\/01\/1897-768x448.jpg 768w\" sizes=\"(max-width: 960px) 100vw, 960px\" \/><\/div>","below_content":"<div class=\"follow\"><ul class=\"nav nav--social nav--flex\"><\/ul><\/div>"}},"yoast_head":"<!-- This site is optimized with the Yoast SEO plugin v27.4 - https:\/\/yoast.com\/product\/yoast-seo-wordpress\/ -->\n<title>Obrovsk\u00e1 moc v mene Je\u017ei\u0161 - Joyce Meyer Ministries - Slovak<\/title>\n<meta name=\"robots\" content=\"index, follow, max-snippet:-1, max-image-preview:large, max-video-preview:-1\" \/>\n<link rel=\"canonical\" href=\"https:\/\/tv.joycemeyer.org\/slovak\/devotional\/obrovska-moc-v-mene-jezis-2\/\" \/>\n<meta property=\"og:locale\" content=\"en_US\" \/>\n<meta property=\"og:type\" content=\"article\" \/>\n<meta property=\"og:title\" content=\"Obrovsk\u00e1 moc v mene Je\u017ei\u0161 - Joyce Meyer Ministries - Slovak\" \/>\n<meta property=\"og:description\" content=\"Mnoho \u013eud\u00ed chce za\u017e\u00edva\u0165 duchovn\u00fa moc, no nerozumie, \u017ee na to, aby ju mohli uvo\u013eni\u0165, potrebuj\u00fa prehlasova\u0165 meno Je\u017ei\u0161 vierou...\" \/>\n<meta property=\"og:url\" content=\"https:\/\/tv.joycemeyer.org\/slovak\/devotional\/obrovska-moc-v-mene-jezis-2\/\" \/>\n<meta property=\"og:site_name\" content=\"Joyce Meyer Ministries - Slovak\" \/>\n<meta property=\"og:image\" content=\"https:\/\/tv.joycemeyer.org\/slovak\/wp-content\/uploads\/sites\/88\/2023\/01\/1897.jpg\" \/>\n\t<meta property=\"og:image:width\" content=\"960\" \/>\n\t<meta property=\"og:image:height\" content=\"560\" \/>\n\t<meta property=\"og:image:type\" content=\"image\/jpeg\" \/>\n<meta name=\"twitter:card\" content=\"summary_large_image\" \/>\n<meta name=\"twitter:label1\" content=\"Est. reading time\" \/>\n\t<meta name=\"twitter:data1\" content=\"1 minute\" \/>\n<script type=\"application\/ld+json\" class=\"yoast-schema-graph\">{\"@context\":\"https:\\\/\\\/schema.org\",\"@graph\":[{\"@type\":\"WebPage\",\"@id\":\"https:\\\/\\\/tv.joycemeyer.org\\\/slovak\\\/devotional\\\/obrovska-moc-v-mene-jezis-2\\\/\",\"url\":\"https:\\\/\\\/tv.joycemeyer.org\\\/slovak\\\/devotional\\\/obrovska-moc-v-mene-jezis-2\\\/\",\"name\":\"Obrovsk\u00e1 moc v mene Je\u017ei\u0161 - Joyce Meyer Ministries - Slovak\",\"isPartOf\":{\"@id\":\"https:\\\/\\\/tv.joycemeyer.org\\\/slovak\\\/#website\"},\"primaryImageOfPage\":{\"@id\":\"https:\\\/\\\/tv.joycemeyer.org\\\/slovak\\\/devotional\\\/obrovska-moc-v-mene-jezis-2\\\/#primaryimage\"},\"image\":{\"@id\":\"https:\\\/\\\/tv.joycemeyer.org\\\/slovak\\\/devotional\\\/obrovska-moc-v-mene-jezis-2\\\/#primaryimage\"},\"thumbnailUrl\":\"https:\\\/\\\/tv.joycemeyer.org\\\/slovak\\\/wp-content\\\/uploads\\\/sites\\\/88\\\/2023\\\/01\\\/1897.jpg\",\"datePublished\":\"2026-04-05T00:01:58+00:00\",\"breadcrumb\":{\"@id\":\"https:\\\/\\\/tv.joycemeyer.org\\\/slovak\\\/devotional\\\/obrovska-moc-v-mene-jezis-2\\\/#breadcrumb\"},\"inLanguage\":\"en-US\",\"potentialAction\":[{\"@type\":\"ReadAction\",\"target\":[\"https:\\\/\\\/tv.joycemeyer.org\\\/slovak\\\/devotional\\\/obrovska-moc-v-mene-jezis-2\\\/\"]}]},{\"@type\":\"ImageObject\",\"inLanguage\":\"en-US\",\"@id\":\"https:\\\/\\\/tv.joycemeyer.org\\\/slovak\\\/devotional\\\/obrovska-moc-v-mene-jezis-2\\\/#primaryimage\",\"url\":\"https:\\\/\\\/tv.joycemeyer.org\\\/slovak\\\/wp-content\\\/uploads\\\/sites\\\/88\\\/2023\\\/01\\\/1897.jpg\",\"contentUrl\":\"https:\\\/\\\/tv.joycemeyer.org\\\/slovak\\\/wp-content\\\/uploads\\\/sites\\\/88\\\/2023\\\/01\\\/1897.jpg\",\"width\":960,\"height\":560,\"caption\":\"Obrovsk\u00e1 moc v mene Je\u017ei\u0161\"},{\"@type\":\"BreadcrumbList\",\"@id\":\"https:\\\/\\\/tv.joycemeyer.org\\\/slovak\\\/devotional\\\/obrovska-moc-v-mene-jezis-2\\\/#breadcrumb\",\"itemListElement\":[{\"@type\":\"ListItem\",\"position\":1,\"name\":\"Home\",\"item\":\"https:\\\/\\\/tv.joycemeyer.org\\\/slovak\\\/\"},{\"@type\":\"ListItem\",\"position\":2,\"name\":\"Devotional\",\"item\":\"https:\\\/\\\/tv.joycemeyer.org\\\/slovak\\\/devotional\\\/\"},{\"@type\":\"ListItem\",\"position\":3,\"name\":\"Obrovsk\u00e1 moc v mene Je\u017ei\u0161\"}]},{\"@type\":\"WebSite\",\"@id\":\"https:\\\/\\\/tv.joycemeyer.org\\\/slovak\\\/#website\",\"url\":\"https:\\\/\\\/tv.joycemeyer.org\\\/slovak\\\/\",\"name\":\"Joyce Meyer Ministries - Slovak\",\"description\":\"Zdie\u013ea\u0165 Krista - Milova\u0165 \u013eud\u00ed\",\"potentialAction\":[{\"@type\":\"SearchAction\",\"target\":{\"@type\":\"EntryPoint\",\"urlTemplate\":\"https:\\\/\\\/tv.joycemeyer.org\\\/slovak\\\/?s={search_term_string}\"},\"query-input\":{\"@type\":\"PropertyValueSpecification\",\"valueRequired\":true,\"valueName\":\"search_term_string\"}}],\"inLanguage\":\"en-US\"}]}<\/script>\n<!-- \/ Yoast SEO plugin. -->","yoast_head_json":{"title":"Obrovsk\u00e1 moc v mene Je\u017ei\u0161 - Joyce Meyer Ministries - Slovak","robots":{"index":"index","follow":"follow","max-snippet":"max-snippet:-1","max-image-preview":"max-image-preview:large","max-video-preview":"max-video-preview:-1"},"canonical":"https:\/\/tv.joycemeyer.org\/slovak\/devotional\/obrovska-moc-v-mene-jezis-2\/","og_locale":"en_US","og_type":"article","og_title":"Obrovsk\u00e1 moc v mene Je\u017ei\u0161 - Joyce Meyer Ministries - Slovak","og_description":"Mnoho \u013eud\u00ed chce za\u017e\u00edva\u0165 duchovn\u00fa moc, no nerozumie, \u017ee na to, aby ju mohli uvo\u013eni\u0165, potrebuj\u00fa prehlasova\u0165 meno Je\u017ei\u0161 vierou...","og_url":"https:\/\/tv.joycemeyer.org\/slovak\/devotional\/obrovska-moc-v-mene-jezis-2\/","og_site_name":"Joyce Meyer Ministries - Slovak","og_image":[{"width":960,"height":560,"url":"https:\/\/tv.joycemeyer.org\/slovak\/wp-content\/uploads\/sites\/88\/2023\/01\/1897.jpg","type":"image\/jpeg"}],"twitter_card":"summary_large_image","twitter_misc":{"Est. reading time":"1 minute"},"schema":{"@context":"https:\/\/schema.org","@graph":[{"@type":"WebPage","@id":"https:\/\/tv.joycemeyer.org\/slovak\/devotional\/obrovska-moc-v-mene-jezis-2\/","url":"https:\/\/tv.joycemeyer.org\/slovak\/devotional\/obrovska-moc-v-mene-jezis-2\/","name":"Obrovsk\u00e1 moc v mene Je\u017ei\u0161 - Joyce Meyer Ministries - Slovak","isPartOf":{"@id":"https:\/\/tv.joycemeyer.org\/slovak\/#website"},"primaryImageOfPage":{"@id":"https:\/\/tv.joycemeyer.org\/slovak\/devotional\/obrovska-moc-v-mene-jezis-2\/#primaryimage"},"image":{"@id":"https:\/\/tv.joycemeyer.org\/slovak\/devotional\/obrovska-moc-v-mene-jezis-2\/#primaryimage"},"thumbnailUrl":"https:\/\/tv.joycemeyer.org\/slovak\/wp-content\/uploads\/sites\/88\/2023\/01\/1897.jpg","datePublished":"2026-04-05T00:01:58+00:00","breadcrumb":{"@id":"https:\/\/tv.joycemeyer.org\/slovak\/devotional\/obrovska-moc-v-mene-jezis-2\/#breadcrumb"},"inLanguage":"en-US","potentialAction":[{"@type":"ReadAction","target":["https:\/\/tv.joycemeyer.org\/slovak\/devotional\/obrovska-moc-v-mene-jezis-2\/"]}]},{"@type":"ImageObject","inLanguage":"en-US","@id":"https:\/\/tv.joycemeyer.org\/slovak\/devotional\/obrovska-moc-v-mene-jezis-2\/#primaryimage","url":"https:\/\/tv.joycemeyer.org\/slovak\/wp-content\/uploads\/sites\/88\/2023\/01\/1897.jpg","contentUrl":"https:\/\/tv.joycemeyer.org\/slovak\/wp-content\/uploads\/sites\/88\/2023\/01\/1897.jpg","width":960,"height":560,"caption":"Obrovsk\u00e1 moc v mene Je\u017ei\u0161"},{"@type":"BreadcrumbList","@id":"https:\/\/tv.joycemeyer.org\/slovak\/devotional\/obrovska-moc-v-mene-jezis-2\/#breadcrumb","itemListElement":[{"@type":"ListItem","position":1,"name":"Home","item":"https:\/\/tv.joycemeyer.org\/slovak\/"},{"@type":"ListItem","position":2,"name":"Devotional","item":"https:\/\/tv.joycemeyer.org\/slovak\/devotional\/"},{"@type":"ListItem","position":3,"name":"Obrovsk\u00e1 moc v mene Je\u017ei\u0161"}]},{"@type":"WebSite","@id":"https:\/\/tv.joycemeyer.org\/slovak\/#website","url":"https:\/\/tv.joycemeyer.org\/slovak\/","name":"Joyce Meyer Ministries - Slovak","description":"Zdie\u013ea\u0165 Krista - Milova\u0165 \u013eud\u00ed","potentialAction":[{"@type":"SearchAction","target":{"@type":"EntryPoint","urlTemplate":"https:\/\/tv.joycemeyer.org\/slovak\/?s={search_term_string}"},"query-input":{"@type":"PropertyValueSpecification","valueRequired":true,"valueName":"search_term_string"}}],"inLanguage":"en-US"}]}},"_links":{"self":[{"href":"https:\/\/tv.joycemeyer.org\/slovak\/wp-json\/wp\/v2\/devotional\/2094","targetHints":{"allow":["GET"]}}],"collection":[{"href":"https:\/\/tv.joycemeyer.org\/slovak\/wp-json\/wp\/v2\/devotional"}],"about":[{"href":"https:\/\/tv.joycemeyer.org\/slovak\/wp-json\/wp\/v2\/types\/devotional"}],"author":[{"embeddable":true,"href":"https:\/\/tv.joycemeyer.org\/slovak\/wp-json\/wp\/v2\/users\/20"}],"replies":[{"embeddable":true,"href":"https:\/\/tv.joycemeyer.org\/slovak\/wp-json\/wp\/v2\/comments?post=2094"}],"wp:featuredmedia":[{"embeddable":true,"href":"https:\/\/tv.joycemeyer.org\/slovak\/wp-json\/wp\/v2\/media\/2095"}],"wp:attachment":[{"href":"https:\/\/tv.joycemeyer.org\/slovak\/wp-json\/wp\/v2\/media?parent=2094"}],"curies":[{"name":"wp","href":"https:\/\/api.w.org\/{rel}","templated":true}]}}