{"id":2194,"date":"2026-05-22T00:01:12","date_gmt":"2026-05-22T00:01:12","guid":{"rendered":"https:\/\/tv.joycemeyer.org\/slovak\/?post_type=devotional&#038;p=2194"},"modified":"2026-03-04T17:09:21","modified_gmt":"2026-03-04T17:09:21","slug":"sme-povolani-uzivat-si-boha-2","status":"publish","type":"devotional","link":"https:\/\/tv.joycemeyer.org\/slovak\/devotional\/sme-povolani-uzivat-si-boha-2\/","title":{"rendered":"Sme povolan\u00ed u\u017e\u00edva\u0165 si Boha"},"content":{"rendered":"<blockquote><p>Ale my m\u00e1me [iba] jedn\u00e9ho Boha, Otca, z ktor\u00e9ho v\u0161etko, a my cie\u013eom neho, a jeden P\u00e1n Je\u017ei\u0161 Kristus, skrze ktor\u00e9ho v\u0161etko, aj my skrze neho. &#8211; 1. KORIN\u0164ANOM 8:6<\/p><\/blockquote>\n<p>Potrebujeme sa c\u00edti\u0165 s Bohom pr\u00edjemne. Nemysl\u00edm t\u00fdm, \u017ee by sme mali by\u0165 ne\u00factiv\u00ed, ale nemus\u00edme sa Ho b\u00e1\u0165. Vlastne ver\u00edm, \u017ee z\u00e1kladn\u00fdm povolan\u00edm ka\u017ed\u00e9ho veriaceho je u\u017e\u00edva\u0165 si \u017eivot s Bohom. Sme povolan\u00ed u\u017e\u00edva\u0165 si Otca, preto\u017ee On je \u017eivot a nedok\u00e1\u017eeme si naozaj u\u017e\u00edva\u0165 \u017eivot, ak si neu\u017e\u00edvame Boha.<\/p>\n<p>Niekedy si neu\u017e\u00edvame Bo\u017eiu pr\u00edtomnos\u0165, preto\u017ee sme zavalen\u00ed slu\u017ebou pre Neho \u010di objavovan\u00edm svojich darov a tr\u00e1ven\u00edm v\u0161etk\u00e9ho n\u00e1\u0161ho \u010dasu budovan\u00edm vlastnej slu\u017eby. Pr\u00e1ve toto sa mi stalo. Asi po piatich rokoch mojej slu\u017eby ma Boh prin\u00fatil zabrzdi\u0165, preto\u017ee som bola tak\u00e1 py\u0161n\u00e1 na pr\u00e1cu, ktor\u00fa som pre Neho robila, \u017ee som si Ho viac neu\u017e\u00edvala.<\/p>\n<p>Mus\u00edme by\u0165 opatrn\u00ed, ke\u010f za\u010d\u00edname by\u0165 na seba py\u0161n\u00ed kv\u00f4li v\u0161etk\u00fdm t\u00fdm veciam, ktor\u00e9 rob\u00edme. Toto nie je to, \u010do Boh chce. Ako n\u00e1\u0161 Otec len chce, aby sme Ho poznali a u\u017e\u00edvali si Ho.<\/p>\n<p>Dovo\u013e mi sa \u0165a op\u00fdta\u0165: \u201eSi dnes py\u0161n\u00fd na svoju pr\u00e1cu? Naozaj si u\u017e\u00edva\u0161 Boha?\u201c<\/p>\n<hr \/>\n<p>Modlitba<\/p>\n<p>Ot\u010de Bo\u017ee, chcem si \u0164a u\u017e\u00edva\u0165. Spolo\u010denstvo s Tebou a preb\u00fdvanie v Tvojej pr\u00edtomnosti je tak\u00e9 \u00fa\u017easn\u00e9. Sklad\u00e1m svoju p\u00fdchu a kor\u00edm sa pred Tebou, aby som mohol n\u00e1js\u0165 svoj v\u00fdznam a rados\u0165 jedine len v Tebe.<\/p>\n","protected":false},"excerpt":{"rendered":"<p>Ako n\u00e1\u0161 Otec len chce, aby sme Ho poznali a u\u017e\u00edvali si Ho. <\/p>\n","protected":false},"author":20,"featured_media":2197,"parent":0,"menu_order":0,"comment_status":"closed","ping_status":"closed","template":"","class_list":["post-2194","devotional","type-devotional","status-publish","has-post-thumbnail","hentry"],"acf":[],"appp":{"post_detail":{"above_title":"<div class=\"post-featured-wrap\"><img width=\"960\" height=\"560\" src=\"https:\/\/tv.joycemeyer.org\/slovak\/wp-content\/uploads\/sites\/88\/2019\/03\/2820.jpg\" class=\"post-featured wp-post-image\" alt=\"Sme povolan\u00ed u\u017e\u00edva\u0165 si Boha\" decoding=\"async\" srcset=\"https:\/\/tv.joycemeyer.org\/slovak\/wp-content\/uploads\/sites\/88\/2019\/03\/2820.jpg 960w, https:\/\/tv.joycemeyer.org\/slovak\/wp-content\/uploads\/sites\/88\/2019\/03\/2820-300x175.jpg 300w, https:\/\/tv.joycemeyer.org\/slovak\/wp-content\/uploads\/sites\/88\/2019\/03\/2820-768x448.jpg 768w\" sizes=\"(max-width: 960px) 100vw, 960px\" \/><\/div>","below_content":"<div class=\"follow\"><ul class=\"nav nav--social nav--flex\"><\/ul><\/div>"}},"yoast_head":"<!-- This site is optimized with the Yoast SEO plugin v28.2 - https:\/\/yoast.com\/product\/yoast-seo-wordpress\/ -->\n<title>Sme povolan\u00ed u\u017e\u00edva\u0165 si Boha - Joyce Meyer Ministries - Slovak<\/title>\n<meta name=\"robots\" content=\"index, follow, max-snippet:-1, max-image-preview:large, max-video-preview:-1\" \/>\n<link rel=\"canonical\" href=\"https:\/\/tv.joycemeyer.org\/slovak\/devotional\/sme-povolani-uzivat-si-boha-2\/\" \/>\n<meta property=\"og:locale\" content=\"en_US\" \/>\n<meta property=\"og:type\" content=\"article\" \/>\n<meta property=\"og:title\" content=\"Sme povolan\u00ed u\u017e\u00edva\u0165 si Boha - Joyce Meyer Ministries - Slovak\" \/>\n<meta property=\"og:description\" content=\"Ako n\u00e1\u0161 Otec len chce, aby sme Ho poznali a u\u017e\u00edvali si Ho.\" \/>\n<meta property=\"og:url\" content=\"https:\/\/tv.joycemeyer.org\/slovak\/devotional\/sme-povolani-uzivat-si-boha-2\/\" \/>\n<meta property=\"og:site_name\" content=\"Joyce Meyer Ministries - Slovak\" \/>\n<meta property=\"og:image\" content=\"https:\/\/tv.joycemeyer.org\/slovak\/wp-content\/uploads\/sites\/88\/2019\/03\/2820.jpg\" \/>\n\t<meta property=\"og:image:width\" content=\"960\" \/>\n\t<meta property=\"og:image:height\" content=\"560\" \/>\n\t<meta property=\"og:image:type\" content=\"image\/jpeg\" \/>\n<meta name=\"twitter:card\" content=\"summary_large_image\" \/>\n<meta name=\"twitter:label1\" content=\"Est. reading time\" \/>\n\t<meta name=\"twitter:data1\" content=\"2 minutes\" \/>\n<script type=\"application\/ld+json\" class=\"yoast-schema-graph\">{\"@context\":\"https:\\\/\\\/schema.org\",\"@graph\":[{\"@type\":\"WebPage\",\"@id\":\"https:\\\/\\\/tv.joycemeyer.org\\\/slovak\\\/devotional\\\/sme-povolani-uzivat-si-boha-2\\\/\",\"url\":\"https:\\\/\\\/tv.joycemeyer.org\\\/slovak\\\/devotional\\\/sme-povolani-uzivat-si-boha-2\\\/\",\"name\":\"Sme povolan\u00ed u\u017e\u00edva\u0165 si Boha - Joyce Meyer Ministries - Slovak\",\"isPartOf\":{\"@id\":\"https:\\\/\\\/tv.joycemeyer.org\\\/slovak\\\/#website\"},\"primaryImageOfPage\":{\"@id\":\"https:\\\/\\\/tv.joycemeyer.org\\\/slovak\\\/devotional\\\/sme-povolani-uzivat-si-boha-2\\\/#primaryimage\"},\"image\":{\"@id\":\"https:\\\/\\\/tv.joycemeyer.org\\\/slovak\\\/devotional\\\/sme-povolani-uzivat-si-boha-2\\\/#primaryimage\"},\"thumbnailUrl\":\"https:\\\/\\\/tv.joycemeyer.org\\\/slovak\\\/wp-content\\\/uploads\\\/sites\\\/88\\\/2019\\\/03\\\/2820.jpg\",\"datePublished\":\"2026-05-22T00:01:12+00:00\",\"breadcrumb\":{\"@id\":\"https:\\\/\\\/tv.joycemeyer.org\\\/slovak\\\/devotional\\\/sme-povolani-uzivat-si-boha-2\\\/#breadcrumb\"},\"inLanguage\":\"en-US\",\"potentialAction\":[{\"@type\":\"ReadAction\",\"target\":[\"https:\\\/\\\/tv.joycemeyer.org\\\/slovak\\\/devotional\\\/sme-povolani-uzivat-si-boha-2\\\/\"]}]},{\"@type\":\"ImageObject\",\"inLanguage\":\"en-US\",\"@id\":\"https:\\\/\\\/tv.joycemeyer.org\\\/slovak\\\/devotional\\\/sme-povolani-uzivat-si-boha-2\\\/#primaryimage\",\"url\":\"https:\\\/\\\/tv.joycemeyer.org\\\/slovak\\\/wp-content\\\/uploads\\\/sites\\\/88\\\/2019\\\/03\\\/2820.jpg\",\"contentUrl\":\"https:\\\/\\\/tv.joycemeyer.org\\\/slovak\\\/wp-content\\\/uploads\\\/sites\\\/88\\\/2019\\\/03\\\/2820.jpg\",\"width\":960,\"height\":560,\"caption\":\"Sme povolan\u00ed u\u017e\u00edva\u0165 si Boha\"},{\"@type\":\"BreadcrumbList\",\"@id\":\"https:\\\/\\\/tv.joycemeyer.org\\\/slovak\\\/devotional\\\/sme-povolani-uzivat-si-boha-2\\\/#breadcrumb\",\"itemListElement\":[{\"@type\":\"ListItem\",\"position\":1,\"name\":\"Home\",\"item\":\"https:\\\/\\\/tv.joycemeyer.org\\\/slovak\\\/\"},{\"@type\":\"ListItem\",\"position\":2,\"name\":\"Devotional\",\"item\":\"https:\\\/\\\/tv.joycemeyer.org\\\/slovak\\\/devotional\\\/\"},{\"@type\":\"ListItem\",\"position\":3,\"name\":\"Sme povolan\u00ed u\u017e\u00edva\u0165 si Boha\"}]},{\"@type\":\"WebSite\",\"@id\":\"https:\\\/\\\/tv.joycemeyer.org\\\/slovak\\\/#website\",\"url\":\"https:\\\/\\\/tv.joycemeyer.org\\\/slovak\\\/\",\"name\":\"Joyce Meyer Ministries - Slovak\",\"description\":\"Zdie\u013ea\u0165 Krista - Milova\u0165 \u013eud\u00ed\",\"potentialAction\":[{\"@type\":\"SearchAction\",\"target\":{\"@type\":\"EntryPoint\",\"urlTemplate\":\"https:\\\/\\\/tv.joycemeyer.org\\\/slovak\\\/?s={search_term_string}\"},\"query-input\":{\"@type\":\"PropertyValueSpecification\",\"valueRequired\":true,\"valueName\":\"search_term_string\"}}],\"inLanguage\":\"en-US\"}]}<\/script>\n<!-- \/ Yoast SEO plugin. -->","yoast_head_json":{"title":"Sme povolan\u00ed u\u017e\u00edva\u0165 si Boha - Joyce Meyer Ministries - Slovak","robots":{"index":"index","follow":"follow","max-snippet":"max-snippet:-1","max-image-preview":"max-image-preview:large","max-video-preview":"max-video-preview:-1"},"canonical":"https:\/\/tv.joycemeyer.org\/slovak\/devotional\/sme-povolani-uzivat-si-boha-2\/","og_locale":"en_US","og_type":"article","og_title":"Sme povolan\u00ed u\u017e\u00edva\u0165 si Boha - Joyce Meyer Ministries - Slovak","og_description":"Ako n\u00e1\u0161 Otec len chce, aby sme Ho poznali a u\u017e\u00edvali si Ho.","og_url":"https:\/\/tv.joycemeyer.org\/slovak\/devotional\/sme-povolani-uzivat-si-boha-2\/","og_site_name":"Joyce Meyer Ministries - Slovak","og_image":[{"width":960,"height":560,"url":"https:\/\/tv.joycemeyer.org\/slovak\/wp-content\/uploads\/sites\/88\/2019\/03\/2820.jpg","type":"image\/jpeg"}],"twitter_card":"summary_large_image","twitter_misc":{"Est. reading time":"2 minutes"},"schema":{"@context":"https:\/\/schema.org","@graph":[{"@type":"WebPage","@id":"https:\/\/tv.joycemeyer.org\/slovak\/devotional\/sme-povolani-uzivat-si-boha-2\/","url":"https:\/\/tv.joycemeyer.org\/slovak\/devotional\/sme-povolani-uzivat-si-boha-2\/","name":"Sme povolan\u00ed u\u017e\u00edva\u0165 si Boha - Joyce Meyer Ministries - Slovak","isPartOf":{"@id":"https:\/\/tv.joycemeyer.org\/slovak\/#website"},"primaryImageOfPage":{"@id":"https:\/\/tv.joycemeyer.org\/slovak\/devotional\/sme-povolani-uzivat-si-boha-2\/#primaryimage"},"image":{"@id":"https:\/\/tv.joycemeyer.org\/slovak\/devotional\/sme-povolani-uzivat-si-boha-2\/#primaryimage"},"thumbnailUrl":"https:\/\/tv.joycemeyer.org\/slovak\/wp-content\/uploads\/sites\/88\/2019\/03\/2820.jpg","datePublished":"2026-05-22T00:01:12+00:00","breadcrumb":{"@id":"https:\/\/tv.joycemeyer.org\/slovak\/devotional\/sme-povolani-uzivat-si-boha-2\/#breadcrumb"},"inLanguage":"en-US","potentialAction":[{"@type":"ReadAction","target":["https:\/\/tv.joycemeyer.org\/slovak\/devotional\/sme-povolani-uzivat-si-boha-2\/"]}]},{"@type":"ImageObject","inLanguage":"en-US","@id":"https:\/\/tv.joycemeyer.org\/slovak\/devotional\/sme-povolani-uzivat-si-boha-2\/#primaryimage","url":"https:\/\/tv.joycemeyer.org\/slovak\/wp-content\/uploads\/sites\/88\/2019\/03\/2820.jpg","contentUrl":"https:\/\/tv.joycemeyer.org\/slovak\/wp-content\/uploads\/sites\/88\/2019\/03\/2820.jpg","width":960,"height":560,"caption":"Sme povolan\u00ed u\u017e\u00edva\u0165 si Boha"},{"@type":"BreadcrumbList","@id":"https:\/\/tv.joycemeyer.org\/slovak\/devotional\/sme-povolani-uzivat-si-boha-2\/#breadcrumb","itemListElement":[{"@type":"ListItem","position":1,"name":"Home","item":"https:\/\/tv.joycemeyer.org\/slovak\/"},{"@type":"ListItem","position":2,"name":"Devotional","item":"https:\/\/tv.joycemeyer.org\/slovak\/devotional\/"},{"@type":"ListItem","position":3,"name":"Sme povolan\u00ed u\u017e\u00edva\u0165 si Boha"}]},{"@type":"WebSite","@id":"https:\/\/tv.joycemeyer.org\/slovak\/#website","url":"https:\/\/tv.joycemeyer.org\/slovak\/","name":"Joyce Meyer Ministries - Slovak","description":"Zdie\u013ea\u0165 Krista - Milova\u0165 \u013eud\u00ed","potentialAction":[{"@type":"SearchAction","target":{"@type":"EntryPoint","urlTemplate":"https:\/\/tv.joycemeyer.org\/slovak\/?s={search_term_string}"},"query-input":{"@type":"PropertyValueSpecification","valueRequired":true,"valueName":"search_term_string"}}],"inLanguage":"en-US"}]}},"_links":{"self":[{"href":"https:\/\/tv.joycemeyer.org\/slovak\/wp-json\/wp\/v2\/devotional\/2194","targetHints":{"allow":["GET"]}}],"collection":[{"href":"https:\/\/tv.joycemeyer.org\/slovak\/wp-json\/wp\/v2\/devotional"}],"about":[{"href":"https:\/\/tv.joycemeyer.org\/slovak\/wp-json\/wp\/v2\/types\/devotional"}],"author":[{"embeddable":true,"href":"https:\/\/tv.joycemeyer.org\/slovak\/wp-json\/wp\/v2\/users\/20"}],"replies":[{"embeddable":true,"href":"https:\/\/tv.joycemeyer.org\/slovak\/wp-json\/wp\/v2\/comments?post=2194"}],"wp:featuredmedia":[{"embeddable":true,"href":"https:\/\/tv.joycemeyer.org\/slovak\/wp-json\/wp\/v2\/media\/2197"}],"wp:attachment":[{"href":"https:\/\/tv.joycemeyer.org\/slovak\/wp-json\/wp\/v2\/media?parent=2194"}],"curies":[{"name":"wp","href":"https:\/\/api.w.org\/{rel}","templated":true}]}}