{"id":2435,"date":"2019-07-09T00:01:36","date_gmt":"2019-07-09T00:01:36","guid":{"rendered":"https:\/\/tv.joycemeyer.org\/slovak\/?post_type=devotional&#038;p=2435"},"modified":"2023-06-25T21:42:52","modified_gmt":"2023-06-25T21:42:52","slug":"to-nie-je-moja-vec","status":"publish","type":"devotional","link":"https:\/\/tv.joycemeyer.org\/slovak\/devotional\/to-nie-je-moja-vec\/","title":{"rendered":"Nau\u010d sa hovori\u0165: \u201eto nie je moja vec\u201c"},"content":{"rendered":"<blockquote><p>Nes\u00fa\u010fte, aby ste neboli s\u00faden\u00ed. &#8211; MAT\u00da\u0160 7:1<\/p><\/blockquote>\n<p>Ka\u017ed\u00fd de\u0148 sa stret\u00e1vame s tis\u00edckami vec\u00ed, ktor\u00e9 nie s\u00fa ani dobr\u00e9 ani zl\u00e9, ale s\u00fa to jednoducho osobn\u00e9 rozhodnutia &#8211; vlastn\u00e9 pr\u00e1vo rozhodn\u00fa\u0165 sa bez vonkaj\u0161ieho z\u00e1sahu.<\/p>\n<p>Diabol je ve\u013emi zanepr\u00e1zdnen\u00fd pride\u013eovan\u00edm d\u00e9monov, ktor\u00ed vkladaj\u00fa odsudzuj\u00face a kritizuj\u00face my\u0161lienky do \u013eudsk\u00fdch mysl\u00ed. Pam\u00e4t\u00e1m si, ak\u00e9 to bolo pre m\u0148a z\u00e1bavn\u00e9 sedie\u0165 v parku alebo v n\u00e1kupnom centre a len tak sledova\u0165 v\u0161etk\u00fdch okoloid\u00facich \u013eud\u00ed a posudzova\u0165 ka\u017ed\u00e9ho z nich &#8211; ich oble\u010denie, \u00fa\u010des, partnerov at\u010f.<\/p>\n<p>Biblia hovor\u00ed, \u017ee je zl\u00e9 takto posudzova\u0165 \u013eud\u00ed. V\u017edy v\u0161ak nevieme zabr\u00e1ni\u0165 tomu, aby sme mali vlastn\u00fd n\u00e1zor a na tom nie je ni\u010d zl\u00e9, ale v momente, ke\u010f si mysl\u00edme, \u017ee s ostatn\u00fdmi \u013eu\u010fmi nie\u010do nie je v poriadku len preto, \u017ee nezdie\u013eaj\u00fa na\u0161e osobn\u00e9 preferencie, tak m\u00e1me probl\u00e9m s posudzovan\u00edm ostatn\u00fdch. V tak\u00fdchto situ\u00e1ci\u00e1ch si pomysl\u00edm: Joyce, to nie je tvoja vec.<\/p>\n<p>Nedovo\u013e, aby v tebe r\u00e1stli \u0161kodliv\u00e9 \u00fasudky. Namiesto toho si uvedom, \u017ee Boh stvoril ka\u017ed\u00e9ho inak a je v poriadku, ke\u010f \u013eudia prem\u00fd\u0161\u013eaj\u00fa odli\u0161ne. Ak je to nevyhnutn\u00e9, pomysli si: Toto nie je moja vec.<\/p>\n<hr \/>\n<h4>Modlitba<\/h4>\n<p>Bo\u017ee, nechcem s\u00fadi\u0165 a ani kritizova\u0165 ostatn\u00fdch. Ke\u010f stretnem \u013eud\u00ed s odli\u0161n\u00fdmi n\u00e1zormi a osobn\u00fdmi preferenciami, pom\u00f4\u017e mi vidie\u0165 ich Tvojimi o\u010dami a pam\u00e4ta\u0165 si, \u017ee m\u00f4j n\u00e1zory nie s\u00fa d\u00f4le\u017eitej\u0161ie ako ich.<\/p>\n","protected":false},"excerpt":{"rendered":"<p>Nedovo\u013e, aby v tebe r\u00e1stli \u0161kodliv\u00e9 \u00fasudky.<\/p>\n","protected":false},"author":20,"featured_media":2436,"parent":0,"menu_order":0,"comment_status":"closed","ping_status":"closed","template":"","class_list":["post-2435","devotional","type-devotional","status-publish","has-post-thumbnail","hentry"],"acf":[],"appp":{"post_detail":{"above_title":"<div class=\"post-featured-wrap\"><img width=\"1024\" height=\"597\" src=\"https:\/\/tv.joycemeyer.org\/slovak\/wp-content\/uploads\/sites\/88\/2023\/06\/3012-1024x597.jpg\" class=\"post-featured wp-post-image\" alt=\"Nau\u010d sa hovori\u0165: \u201eto nie je moja vec\u201c\" decoding=\"async\" srcset=\"https:\/\/tv.joycemeyer.org\/slovak\/wp-content\/uploads\/sites\/88\/2023\/06\/3012-1024x597.jpg 1024w, https:\/\/tv.joycemeyer.org\/slovak\/wp-content\/uploads\/sites\/88\/2023\/06\/3012-300x175.jpg 300w, https:\/\/tv.joycemeyer.org\/slovak\/wp-content\/uploads\/sites\/88\/2023\/06\/3012-768x448.jpg 768w, https:\/\/tv.joycemeyer.org\/slovak\/wp-content\/uploads\/sites\/88\/2023\/06\/3012-1536x896.jpg 1536w, https:\/\/tv.joycemeyer.org\/slovak\/wp-content\/uploads\/sites\/88\/2023\/06\/3012.jpg 1800w\" sizes=\"(max-width: 1024px) 100vw, 1024px\" \/><\/div>","below_content":""}},"yoast_head":"<!-- This site is optimized with the Yoast SEO plugin v27.4 - https:\/\/yoast.com\/product\/yoast-seo-wordpress\/ -->\n<title>Nau\u010d sa hovori\u0165: \u201eto nie je moja vec\u201c - Joyce Meyer Ministries - Slovak<\/title>\n<meta name=\"robots\" content=\"index, follow, max-snippet:-1, max-image-preview:large, max-video-preview:-1\" \/>\n<link rel=\"canonical\" href=\"https:\/\/tv.joycemeyer.org\/slovak\/devotional\/to-nie-je-moja-vec\/\" \/>\n<meta property=\"og:locale\" content=\"en_US\" \/>\n<meta property=\"og:type\" content=\"article\" \/>\n<meta property=\"og:title\" content=\"Nau\u010d sa hovori\u0165: \u201eto nie je moja vec\u201c - Joyce Meyer Ministries - Slovak\" \/>\n<meta property=\"og:description\" content=\"Nedovo\u013e, aby v tebe r\u00e1stli \u0161kodliv\u00e9 \u00fasudky.\" \/>\n<meta property=\"og:url\" content=\"https:\/\/tv.joycemeyer.org\/slovak\/devotional\/to-nie-je-moja-vec\/\" \/>\n<meta property=\"og:site_name\" content=\"Joyce Meyer Ministries - Slovak\" \/>\n<meta property=\"article:modified_time\" content=\"2023-06-25T21:42:52+00:00\" \/>\n<meta property=\"og:image\" content=\"https:\/\/tv.joycemeyer.org\/slovak\/wp-content\/uploads\/sites\/88\/2023\/06\/3012.jpg\" \/>\n\t<meta property=\"og:image:width\" content=\"1800\" \/>\n\t<meta property=\"og:image:height\" content=\"1050\" \/>\n\t<meta property=\"og:image:type\" content=\"image\/jpeg\" \/>\n<meta name=\"twitter:card\" content=\"summary_large_image\" \/>\n<meta name=\"twitter:label1\" content=\"Est. reading time\" \/>\n\t<meta name=\"twitter:data1\" content=\"1 minute\" \/>\n<script type=\"application\/ld+json\" class=\"yoast-schema-graph\">{\"@context\":\"https:\\\/\\\/schema.org\",\"@graph\":[{\"@type\":\"WebPage\",\"@id\":\"https:\\\/\\\/tv.joycemeyer.org\\\/slovak\\\/devotional\\\/to-nie-je-moja-vec\\\/\",\"url\":\"https:\\\/\\\/tv.joycemeyer.org\\\/slovak\\\/devotional\\\/to-nie-je-moja-vec\\\/\",\"name\":\"Nau\u010d sa hovori\u0165: \u201eto nie je moja vec\u201c - Joyce Meyer Ministries - Slovak\",\"isPartOf\":{\"@id\":\"https:\\\/\\\/tv.joycemeyer.org\\\/slovak\\\/#website\"},\"primaryImageOfPage\":{\"@id\":\"https:\\\/\\\/tv.joycemeyer.org\\\/slovak\\\/devotional\\\/to-nie-je-moja-vec\\\/#primaryimage\"},\"image\":{\"@id\":\"https:\\\/\\\/tv.joycemeyer.org\\\/slovak\\\/devotional\\\/to-nie-je-moja-vec\\\/#primaryimage\"},\"thumbnailUrl\":\"https:\\\/\\\/tv.joycemeyer.org\\\/slovak\\\/wp-content\\\/uploads\\\/sites\\\/88\\\/2023\\\/06\\\/3012.jpg\",\"datePublished\":\"2019-07-09T00:01:36+00:00\",\"dateModified\":\"2023-06-25T21:42:52+00:00\",\"breadcrumb\":{\"@id\":\"https:\\\/\\\/tv.joycemeyer.org\\\/slovak\\\/devotional\\\/to-nie-je-moja-vec\\\/#breadcrumb\"},\"inLanguage\":\"en-US\",\"potentialAction\":[{\"@type\":\"ReadAction\",\"target\":[\"https:\\\/\\\/tv.joycemeyer.org\\\/slovak\\\/devotional\\\/to-nie-je-moja-vec\\\/\"]}]},{\"@type\":\"ImageObject\",\"inLanguage\":\"en-US\",\"@id\":\"https:\\\/\\\/tv.joycemeyer.org\\\/slovak\\\/devotional\\\/to-nie-je-moja-vec\\\/#primaryimage\",\"url\":\"https:\\\/\\\/tv.joycemeyer.org\\\/slovak\\\/wp-content\\\/uploads\\\/sites\\\/88\\\/2023\\\/06\\\/3012.jpg\",\"contentUrl\":\"https:\\\/\\\/tv.joycemeyer.org\\\/slovak\\\/wp-content\\\/uploads\\\/sites\\\/88\\\/2023\\\/06\\\/3012.jpg\",\"width\":1800,\"height\":1050,\"caption\":\"Nau\u010d sa hovori\u0165: \u201eto nie je moja vec\u201c\"},{\"@type\":\"BreadcrumbList\",\"@id\":\"https:\\\/\\\/tv.joycemeyer.org\\\/slovak\\\/devotional\\\/to-nie-je-moja-vec\\\/#breadcrumb\",\"itemListElement\":[{\"@type\":\"ListItem\",\"position\":1,\"name\":\"Home\",\"item\":\"https:\\\/\\\/tv.joycemeyer.org\\\/slovak\\\/\"},{\"@type\":\"ListItem\",\"position\":2,\"name\":\"Devotional\",\"item\":\"https:\\\/\\\/tv.joycemeyer.org\\\/slovak\\\/devotional\\\/\"},{\"@type\":\"ListItem\",\"position\":3,\"name\":\"Nau\u010d sa hovori\u0165: \u201eto nie je moja vec\u201c\"}]},{\"@type\":\"WebSite\",\"@id\":\"https:\\\/\\\/tv.joycemeyer.org\\\/slovak\\\/#website\",\"url\":\"https:\\\/\\\/tv.joycemeyer.org\\\/slovak\\\/\",\"name\":\"Joyce Meyer Ministries - Slovak\",\"description\":\"Zdie\u013ea\u0165 Krista - Milova\u0165 \u013eud\u00ed\",\"potentialAction\":[{\"@type\":\"SearchAction\",\"target\":{\"@type\":\"EntryPoint\",\"urlTemplate\":\"https:\\\/\\\/tv.joycemeyer.org\\\/slovak\\\/?s={search_term_string}\"},\"query-input\":{\"@type\":\"PropertyValueSpecification\",\"valueRequired\":true,\"valueName\":\"search_term_string\"}}],\"inLanguage\":\"en-US\"}]}<\/script>\n<!-- \/ Yoast SEO plugin. -->","yoast_head_json":{"title":"Nau\u010d sa hovori\u0165: \u201eto nie je moja vec\u201c - Joyce Meyer Ministries - Slovak","robots":{"index":"index","follow":"follow","max-snippet":"max-snippet:-1","max-image-preview":"max-image-preview:large","max-video-preview":"max-video-preview:-1"},"canonical":"https:\/\/tv.joycemeyer.org\/slovak\/devotional\/to-nie-je-moja-vec\/","og_locale":"en_US","og_type":"article","og_title":"Nau\u010d sa hovori\u0165: \u201eto nie je moja vec\u201c - Joyce Meyer Ministries - Slovak","og_description":"Nedovo\u013e, aby v tebe r\u00e1stli \u0161kodliv\u00e9 \u00fasudky.","og_url":"https:\/\/tv.joycemeyer.org\/slovak\/devotional\/to-nie-je-moja-vec\/","og_site_name":"Joyce Meyer Ministries - Slovak","article_modified_time":"2023-06-25T21:42:52+00:00","og_image":[{"width":1800,"height":1050,"url":"https:\/\/tv.joycemeyer.org\/slovak\/wp-content\/uploads\/sites\/88\/2023\/06\/3012.jpg","type":"image\/jpeg"}],"twitter_card":"summary_large_image","twitter_misc":{"Est. reading time":"1 minute"},"schema":{"@context":"https:\/\/schema.org","@graph":[{"@type":"WebPage","@id":"https:\/\/tv.joycemeyer.org\/slovak\/devotional\/to-nie-je-moja-vec\/","url":"https:\/\/tv.joycemeyer.org\/slovak\/devotional\/to-nie-je-moja-vec\/","name":"Nau\u010d sa hovori\u0165: \u201eto nie je moja vec\u201c - Joyce Meyer Ministries - Slovak","isPartOf":{"@id":"https:\/\/tv.joycemeyer.org\/slovak\/#website"},"primaryImageOfPage":{"@id":"https:\/\/tv.joycemeyer.org\/slovak\/devotional\/to-nie-je-moja-vec\/#primaryimage"},"image":{"@id":"https:\/\/tv.joycemeyer.org\/slovak\/devotional\/to-nie-je-moja-vec\/#primaryimage"},"thumbnailUrl":"https:\/\/tv.joycemeyer.org\/slovak\/wp-content\/uploads\/sites\/88\/2023\/06\/3012.jpg","datePublished":"2019-07-09T00:01:36+00:00","dateModified":"2023-06-25T21:42:52+00:00","breadcrumb":{"@id":"https:\/\/tv.joycemeyer.org\/slovak\/devotional\/to-nie-je-moja-vec\/#breadcrumb"},"inLanguage":"en-US","potentialAction":[{"@type":"ReadAction","target":["https:\/\/tv.joycemeyer.org\/slovak\/devotional\/to-nie-je-moja-vec\/"]}]},{"@type":"ImageObject","inLanguage":"en-US","@id":"https:\/\/tv.joycemeyer.org\/slovak\/devotional\/to-nie-je-moja-vec\/#primaryimage","url":"https:\/\/tv.joycemeyer.org\/slovak\/wp-content\/uploads\/sites\/88\/2023\/06\/3012.jpg","contentUrl":"https:\/\/tv.joycemeyer.org\/slovak\/wp-content\/uploads\/sites\/88\/2023\/06\/3012.jpg","width":1800,"height":1050,"caption":"Nau\u010d sa hovori\u0165: \u201eto nie je moja vec\u201c"},{"@type":"BreadcrumbList","@id":"https:\/\/tv.joycemeyer.org\/slovak\/devotional\/to-nie-je-moja-vec\/#breadcrumb","itemListElement":[{"@type":"ListItem","position":1,"name":"Home","item":"https:\/\/tv.joycemeyer.org\/slovak\/"},{"@type":"ListItem","position":2,"name":"Devotional","item":"https:\/\/tv.joycemeyer.org\/slovak\/devotional\/"},{"@type":"ListItem","position":3,"name":"Nau\u010d sa hovori\u0165: \u201eto nie je moja vec\u201c"}]},{"@type":"WebSite","@id":"https:\/\/tv.joycemeyer.org\/slovak\/#website","url":"https:\/\/tv.joycemeyer.org\/slovak\/","name":"Joyce Meyer Ministries - Slovak","description":"Zdie\u013ea\u0165 Krista - Milova\u0165 \u013eud\u00ed","potentialAction":[{"@type":"SearchAction","target":{"@type":"EntryPoint","urlTemplate":"https:\/\/tv.joycemeyer.org\/slovak\/?s={search_term_string}"},"query-input":{"@type":"PropertyValueSpecification","valueRequired":true,"valueName":"search_term_string"}}],"inLanguage":"en-US"}]}},"_links":{"self":[{"href":"https:\/\/tv.joycemeyer.org\/slovak\/wp-json\/wp\/v2\/devotional\/2435","targetHints":{"allow":["GET"]}}],"collection":[{"href":"https:\/\/tv.joycemeyer.org\/slovak\/wp-json\/wp\/v2\/devotional"}],"about":[{"href":"https:\/\/tv.joycemeyer.org\/slovak\/wp-json\/wp\/v2\/types\/devotional"}],"author":[{"embeddable":true,"href":"https:\/\/tv.joycemeyer.org\/slovak\/wp-json\/wp\/v2\/users\/20"}],"replies":[{"embeddable":true,"href":"https:\/\/tv.joycemeyer.org\/slovak\/wp-json\/wp\/v2\/comments?post=2435"}],"wp:featuredmedia":[{"embeddable":true,"href":"https:\/\/tv.joycemeyer.org\/slovak\/wp-json\/wp\/v2\/media\/2436"}],"wp:attachment":[{"href":"https:\/\/tv.joycemeyer.org\/slovak\/wp-json\/wp\/v2\/media?parent=2435"}],"curies":[{"name":"wp","href":"https:\/\/api.w.org\/{rel}","templated":true}]}}