{"id":2671,"date":"2024-03-04T00:01:29","date_gmt":"2024-03-04T00:01:29","guid":{"rendered":"https:\/\/tv.joycemeyer.org\/slovak\/?post_type=devotional&#038;p=2671"},"modified":"2024-03-04T12:59:36","modified_gmt":"2024-03-04T12:59:36","slug":"slova-ktore-hovoris","status":"publish","type":"devotional","link":"https:\/\/tv.joycemeyer.org\/slovak\/devotional\/slova-ktore-hovoris\/","title":{"rendered":"Slov\u00e1, Ktor\u00e9 Hovor\u00ed\u0161"},"content":{"rendered":"<blockquote><p>Smr\u0165 a \u017eivot s\u00fa v moci jazyka, a kto ho miluje, ok\u00fasi jeho ovocie [na smr\u0165 alebo na \u017eivot]. Pr\u00edslovia 18:21<\/p><\/blockquote>\n<p>Apo\u0161tol Pavol n\u00e1m jasne hovor\u00ed, \u017ee to, aby sme si u\u017e\u00edvali \u017eivot a videli dobr\u00e9 dni vo svojom \u017eivote, je prepojen\u00e9 s pozit\u00edvnou mys\u013eou a \u00fastami. Ak zmen\u00edme svoje slov\u00e1, m\u00f4\u017eeme zmeni\u0165 svoj \u017eivot!<\/p>\n<p>Na\u0161e \u00fasta vyjadruj\u00fa to, \u010do si mysl\u00edme, \u010do c\u00edtime a \u010do chceme. Na\u0161a myse\u013e n\u00e1m hovor\u00ed, \u010do chceme my a nie to, \u010do chce Boh. Na\u0161e em\u00f3cie n\u00e1m hovoria, \u010do c\u00edtime my a nie to, \u010do c\u00edti Boh. Ke\u010f sa na\u0161a du\u0161a o\u010dis\u0165uje, je tr\u00e9novan\u00e1 nies\u0165 Bo\u017eie my\u0161lienky, t\u00fa\u017eby a pocity, potom za\u010dneme prehlasova\u0165 \u017eivot namiesto smrti.<\/p>\n<p>Va\u0161e slov\u00e1, ako odkazy va\u0161ich my\u0161lienok, maj\u00fa moc prinies\u0165 po\u017eehnanie alebo skazu nielen v\u00e1\u0161mu \u017eivota, ale aj \u017eivotom mnoh\u00fdch in\u00fdch. V 1.Korin\u0165anom 2:16 n\u00e1s Bo\u017eie Slovo vyu\u010duje, \u017ee m\u00e1me Kristovu myse\u013e a sme nosite\u013emi my\u0161lienok, pocitov a z\u00e1merov Jeho srdca. Neprejavujeme ich st\u00e1le, ale denne rastieme a premie\u0148ame sa na Kristov obraz. Ten, ktor\u00fd v n\u00e1s zapo\u010dal dobr\u00e9 dielo, ho aj dokon\u010d\u00ed a dovedie do konca (Filipanom 1:6). \u010c\u00edm bli\u017e\u0161ie sme k Bohu, t\u00fdm r\u00fdchlej\u0161ie za\u017eijeme v\u00ed\u0165azstvo v na\u0161ej mysli, \u00fastach, n\u00e1lad\u00e1ch a zl\u00fdch postojoch.<\/p>\n<hr \/>\n<p>Bez oh\u013eadu na to, ako \u010faleko mus\u00edte z\u00e1js\u0165, viem, \u017ee sa m\u00f4\u017eete zmeni\u0165, preto\u017ee ja som sa zmenila. Chcelo to \u010das a \u201ehromadu pomoci\u201c Ducha Sv\u00e4t\u00e9ho, ale st\u00e1lo to za to.<\/p>\n","protected":false},"excerpt":{"rendered":"<p>Smr\u0165 a \u017eivot s\u00fa v moci jazyka, a kto ho miluje, ok\u00fasi jeho ovocie [na smr\u0165 alebo na \u017eivot]. Pr\u00edslovia 18:21 Apo\u0161tol Pavol n\u00e1m jasne hovor\u00ed, \u017ee to, aby sme si u\u017e\u00edvali \u017eivot a videli dobr\u00e9 dni vo svojom \u017eivote, je prepojen\u00e9 s pozit\u00edvnou mys\u013eou a \u00fastami. Ak zmen\u00edme svoje slov\u00e1, m\u00f4\u017eeme zmeni\u0165 svoj \u017eivot!&#8230;<\/p>\n","protected":false},"author":20,"featured_media":2672,"parent":0,"menu_order":0,"comment_status":"closed","ping_status":"closed","template":"","class_list":["post-2671","devotional","type-devotional","status-publish","has-post-thumbnail","hentry"],"acf":[],"appp":{"post_detail":{"above_title":"<div class=\"post-featured-wrap\"><img width=\"960\" height=\"560\" src=\"https:\/\/tv.joycemeyer.org\/slovak\/wp-content\/uploads\/sites\/88\/2024\/02\/1872.jpg\" class=\"post-featured wp-post-image\" alt=\"Slov\u00e1, ktor\u00e9 hovor\u00ed\u0161\" decoding=\"async\" srcset=\"https:\/\/tv.joycemeyer.org\/slovak\/wp-content\/uploads\/sites\/88\/2024\/02\/1872.jpg 960w, https:\/\/tv.joycemeyer.org\/slovak\/wp-content\/uploads\/sites\/88\/2024\/02\/1872-300x175.jpg 300w, https:\/\/tv.joycemeyer.org\/slovak\/wp-content\/uploads\/sites\/88\/2024\/02\/1872-768x448.jpg 768w\" sizes=\"(max-width: 960px) 100vw, 960px\" \/><\/div>","below_content":""}},"yoast_head":"<!-- This site is optimized with the Yoast SEO plugin v28.2 - https:\/\/yoast.com\/product\/yoast-seo-wordpress\/ -->\n<title>Slov\u00e1, Ktor\u00e9 Hovor\u00ed\u0161 - Joyce Meyer Ministries - Slovak<\/title>\n<meta name=\"robots\" content=\"index, follow, max-snippet:-1, max-image-preview:large, max-video-preview:-1\" \/>\n<link rel=\"canonical\" href=\"https:\/\/tv.joycemeyer.org\/slovak\/devotional\/slova-ktore-hovoris\/\" \/>\n<meta property=\"og:locale\" content=\"en_US\" \/>\n<meta property=\"og:type\" content=\"article\" \/>\n<meta property=\"og:title\" content=\"Slov\u00e1, Ktor\u00e9 Hovor\u00ed\u0161 - Joyce Meyer Ministries - Slovak\" \/>\n<meta property=\"og:description\" content=\"Smr\u0165 a \u017eivot s\u00fa v moci jazyka, a kto ho miluje, ok\u00fasi jeho ovocie [na smr\u0165 alebo na \u017eivot]. Pr\u00edslovia 18:21 Apo\u0161tol Pavol n\u00e1m jasne hovor\u00ed, \u017ee to, aby sme si u\u017e\u00edvali \u017eivot a videli dobr\u00e9 dni vo svojom \u017eivote, je prepojen\u00e9 s pozit\u00edvnou mys\u013eou a \u00fastami. Ak zmen\u00edme svoje slov\u00e1, m\u00f4\u017eeme zmeni\u0165 svoj \u017eivot!...\" \/>\n<meta property=\"og:url\" content=\"https:\/\/tv.joycemeyer.org\/slovak\/devotional\/slova-ktore-hovoris\/\" \/>\n<meta property=\"og:site_name\" content=\"Joyce Meyer Ministries - Slovak\" \/>\n<meta property=\"article:modified_time\" content=\"2024-03-04T12:59:36+00:00\" \/>\n<meta property=\"og:image\" content=\"https:\/\/tv.joycemeyer.org\/slovak\/wp-content\/uploads\/sites\/88\/2024\/02\/1872.jpg\" \/>\n\t<meta property=\"og:image:width\" content=\"960\" \/>\n\t<meta property=\"og:image:height\" content=\"560\" \/>\n\t<meta property=\"og:image:type\" content=\"image\/jpeg\" \/>\n<meta name=\"twitter:card\" content=\"summary_large_image\" \/>\n<meta name=\"twitter:label1\" content=\"Est. reading time\" \/>\n\t<meta name=\"twitter:data1\" content=\"2 minutes\" \/>\n<script type=\"application\/ld+json\" class=\"yoast-schema-graph\">{\"@context\":\"https:\\\/\\\/schema.org\",\"@graph\":[{\"@type\":\"WebPage\",\"@id\":\"https:\\\/\\\/tv.joycemeyer.org\\\/slovak\\\/devotional\\\/slova-ktore-hovoris\\\/\",\"url\":\"https:\\\/\\\/tv.joycemeyer.org\\\/slovak\\\/devotional\\\/slova-ktore-hovoris\\\/\",\"name\":\"Slov\u00e1, Ktor\u00e9 Hovor\u00ed\u0161 - Joyce Meyer Ministries - Slovak\",\"isPartOf\":{\"@id\":\"https:\\\/\\\/tv.joycemeyer.org\\\/slovak\\\/#website\"},\"primaryImageOfPage\":{\"@id\":\"https:\\\/\\\/tv.joycemeyer.org\\\/slovak\\\/devotional\\\/slova-ktore-hovoris\\\/#primaryimage\"},\"image\":{\"@id\":\"https:\\\/\\\/tv.joycemeyer.org\\\/slovak\\\/devotional\\\/slova-ktore-hovoris\\\/#primaryimage\"},\"thumbnailUrl\":\"https:\\\/\\\/tv.joycemeyer.org\\\/slovak\\\/wp-content\\\/uploads\\\/sites\\\/88\\\/2024\\\/02\\\/1872.jpg\",\"datePublished\":\"2024-03-04T00:01:29+00:00\",\"dateModified\":\"2024-03-04T12:59:36+00:00\",\"breadcrumb\":{\"@id\":\"https:\\\/\\\/tv.joycemeyer.org\\\/slovak\\\/devotional\\\/slova-ktore-hovoris\\\/#breadcrumb\"},\"inLanguage\":\"en-US\",\"potentialAction\":[{\"@type\":\"ReadAction\",\"target\":[\"https:\\\/\\\/tv.joycemeyer.org\\\/slovak\\\/devotional\\\/slova-ktore-hovoris\\\/\"]}]},{\"@type\":\"ImageObject\",\"inLanguage\":\"en-US\",\"@id\":\"https:\\\/\\\/tv.joycemeyer.org\\\/slovak\\\/devotional\\\/slova-ktore-hovoris\\\/#primaryimage\",\"url\":\"https:\\\/\\\/tv.joycemeyer.org\\\/slovak\\\/wp-content\\\/uploads\\\/sites\\\/88\\\/2024\\\/02\\\/1872.jpg\",\"contentUrl\":\"https:\\\/\\\/tv.joycemeyer.org\\\/slovak\\\/wp-content\\\/uploads\\\/sites\\\/88\\\/2024\\\/02\\\/1872.jpg\",\"width\":960,\"height\":560,\"caption\":\"Slov\u00e1, ktor\u00e9 hovor\u00ed\u0161\"},{\"@type\":\"BreadcrumbList\",\"@id\":\"https:\\\/\\\/tv.joycemeyer.org\\\/slovak\\\/devotional\\\/slova-ktore-hovoris\\\/#breadcrumb\",\"itemListElement\":[{\"@type\":\"ListItem\",\"position\":1,\"name\":\"Home\",\"item\":\"https:\\\/\\\/tv.joycemeyer.org\\\/slovak\\\/\"},{\"@type\":\"ListItem\",\"position\":2,\"name\":\"Devotional\",\"item\":\"https:\\\/\\\/tv.joycemeyer.org\\\/slovak\\\/devotional\\\/\"},{\"@type\":\"ListItem\",\"position\":3,\"name\":\"Slov\u00e1, Ktor\u00e9 Hovor\u00ed\u0161\"}]},{\"@type\":\"WebSite\",\"@id\":\"https:\\\/\\\/tv.joycemeyer.org\\\/slovak\\\/#website\",\"url\":\"https:\\\/\\\/tv.joycemeyer.org\\\/slovak\\\/\",\"name\":\"Joyce Meyer Ministries - Slovak\",\"description\":\"Zdie\u013ea\u0165 Krista - Milova\u0165 \u013eud\u00ed\",\"potentialAction\":[{\"@type\":\"SearchAction\",\"target\":{\"@type\":\"EntryPoint\",\"urlTemplate\":\"https:\\\/\\\/tv.joycemeyer.org\\\/slovak\\\/?s={search_term_string}\"},\"query-input\":{\"@type\":\"PropertyValueSpecification\",\"valueRequired\":true,\"valueName\":\"search_term_string\"}}],\"inLanguage\":\"en-US\"}]}<\/script>\n<!-- \/ Yoast SEO plugin. -->","yoast_head_json":{"title":"Slov\u00e1, Ktor\u00e9 Hovor\u00ed\u0161 - Joyce Meyer Ministries - Slovak","robots":{"index":"index","follow":"follow","max-snippet":"max-snippet:-1","max-image-preview":"max-image-preview:large","max-video-preview":"max-video-preview:-1"},"canonical":"https:\/\/tv.joycemeyer.org\/slovak\/devotional\/slova-ktore-hovoris\/","og_locale":"en_US","og_type":"article","og_title":"Slov\u00e1, Ktor\u00e9 Hovor\u00ed\u0161 - Joyce Meyer Ministries - Slovak","og_description":"Smr\u0165 a \u017eivot s\u00fa v moci jazyka, a kto ho miluje, ok\u00fasi jeho ovocie [na smr\u0165 alebo na \u017eivot]. Pr\u00edslovia 18:21 Apo\u0161tol Pavol n\u00e1m jasne hovor\u00ed, \u017ee to, aby sme si u\u017e\u00edvali \u017eivot a videli dobr\u00e9 dni vo svojom \u017eivote, je prepojen\u00e9 s pozit\u00edvnou mys\u013eou a \u00fastami. Ak zmen\u00edme svoje slov\u00e1, m\u00f4\u017eeme zmeni\u0165 svoj \u017eivot!...","og_url":"https:\/\/tv.joycemeyer.org\/slovak\/devotional\/slova-ktore-hovoris\/","og_site_name":"Joyce Meyer Ministries - Slovak","article_modified_time":"2024-03-04T12:59:36+00:00","og_image":[{"width":960,"height":560,"url":"https:\/\/tv.joycemeyer.org\/slovak\/wp-content\/uploads\/sites\/88\/2024\/02\/1872.jpg","type":"image\/jpeg"}],"twitter_card":"summary_large_image","twitter_misc":{"Est. reading time":"2 minutes"},"schema":{"@context":"https:\/\/schema.org","@graph":[{"@type":"WebPage","@id":"https:\/\/tv.joycemeyer.org\/slovak\/devotional\/slova-ktore-hovoris\/","url":"https:\/\/tv.joycemeyer.org\/slovak\/devotional\/slova-ktore-hovoris\/","name":"Slov\u00e1, Ktor\u00e9 Hovor\u00ed\u0161 - Joyce Meyer Ministries - Slovak","isPartOf":{"@id":"https:\/\/tv.joycemeyer.org\/slovak\/#website"},"primaryImageOfPage":{"@id":"https:\/\/tv.joycemeyer.org\/slovak\/devotional\/slova-ktore-hovoris\/#primaryimage"},"image":{"@id":"https:\/\/tv.joycemeyer.org\/slovak\/devotional\/slova-ktore-hovoris\/#primaryimage"},"thumbnailUrl":"https:\/\/tv.joycemeyer.org\/slovak\/wp-content\/uploads\/sites\/88\/2024\/02\/1872.jpg","datePublished":"2024-03-04T00:01:29+00:00","dateModified":"2024-03-04T12:59:36+00:00","breadcrumb":{"@id":"https:\/\/tv.joycemeyer.org\/slovak\/devotional\/slova-ktore-hovoris\/#breadcrumb"},"inLanguage":"en-US","potentialAction":[{"@type":"ReadAction","target":["https:\/\/tv.joycemeyer.org\/slovak\/devotional\/slova-ktore-hovoris\/"]}]},{"@type":"ImageObject","inLanguage":"en-US","@id":"https:\/\/tv.joycemeyer.org\/slovak\/devotional\/slova-ktore-hovoris\/#primaryimage","url":"https:\/\/tv.joycemeyer.org\/slovak\/wp-content\/uploads\/sites\/88\/2024\/02\/1872.jpg","contentUrl":"https:\/\/tv.joycemeyer.org\/slovak\/wp-content\/uploads\/sites\/88\/2024\/02\/1872.jpg","width":960,"height":560,"caption":"Slov\u00e1, ktor\u00e9 hovor\u00ed\u0161"},{"@type":"BreadcrumbList","@id":"https:\/\/tv.joycemeyer.org\/slovak\/devotional\/slova-ktore-hovoris\/#breadcrumb","itemListElement":[{"@type":"ListItem","position":1,"name":"Home","item":"https:\/\/tv.joycemeyer.org\/slovak\/"},{"@type":"ListItem","position":2,"name":"Devotional","item":"https:\/\/tv.joycemeyer.org\/slovak\/devotional\/"},{"@type":"ListItem","position":3,"name":"Slov\u00e1, Ktor\u00e9 Hovor\u00ed\u0161"}]},{"@type":"WebSite","@id":"https:\/\/tv.joycemeyer.org\/slovak\/#website","url":"https:\/\/tv.joycemeyer.org\/slovak\/","name":"Joyce Meyer Ministries - Slovak","description":"Zdie\u013ea\u0165 Krista - Milova\u0165 \u013eud\u00ed","potentialAction":[{"@type":"SearchAction","target":{"@type":"EntryPoint","urlTemplate":"https:\/\/tv.joycemeyer.org\/slovak\/?s={search_term_string}"},"query-input":{"@type":"PropertyValueSpecification","valueRequired":true,"valueName":"search_term_string"}}],"inLanguage":"en-US"}]}},"_links":{"self":[{"href":"https:\/\/tv.joycemeyer.org\/slovak\/wp-json\/wp\/v2\/devotional\/2671","targetHints":{"allow":["GET"]}}],"collection":[{"href":"https:\/\/tv.joycemeyer.org\/slovak\/wp-json\/wp\/v2\/devotional"}],"about":[{"href":"https:\/\/tv.joycemeyer.org\/slovak\/wp-json\/wp\/v2\/types\/devotional"}],"author":[{"embeddable":true,"href":"https:\/\/tv.joycemeyer.org\/slovak\/wp-json\/wp\/v2\/users\/20"}],"replies":[{"embeddable":true,"href":"https:\/\/tv.joycemeyer.org\/slovak\/wp-json\/wp\/v2\/comments?post=2671"}],"wp:featuredmedia":[{"embeddable":true,"href":"https:\/\/tv.joycemeyer.org\/slovak\/wp-json\/wp\/v2\/media\/2672"}],"wp:attachment":[{"href":"https:\/\/tv.joycemeyer.org\/slovak\/wp-json\/wp\/v2\/media?parent=2671"}],"curies":[{"name":"wp","href":"https:\/\/api.w.org\/{rel}","templated":true}]}}