{"id":449,"date":"2026-02-15T00:01:10","date_gmt":"2026-02-15T00:01:10","guid":{"rendered":"https:\/\/tv.joycemeyer.org\/slovak\/?post_type=devotional&#038;p=449"},"modified":"2025-10-10T15:37:40","modified_gmt":"2025-10-10T15:37:40","slug":"pripominaj-si-uspechy-z-minulosti","status":"publish","type":"devotional","link":"https:\/\/tv.joycemeyer.org\/slovak\/devotional\/pripominaj-si-uspechy-z-minulosti\/","title":{"rendered":"Pripom\u00ednaj si \u00faspechy z minulosti"},"content":{"rendered":"<blockquote><p>A e\u0161te povedal D\u00e1vid: Hospodin, ktor\u00fd ma vytrhol z moci \u013eva a z moci medve\u010fa, on ma vytrhne i z ruky tohto Fili\u0161t\u00edna. Na to povedal Saul D\u00e1vidovi: I\u010f, a Hospodin bude s tebou. \u20142. SAMUELOVA 17:37<\/p><\/blockquote>\n<p>\u00daprimne povedan\u00e9, mnoh\u00ed z n\u00e1s sme negat\u00edvne zm\u00fd\u0161\u013eaj\u00faci, ke\u010f sa nach\u00e1dzame v n\u00e1ro\u010dnej situ\u00e1cii. Aby si pre\u0161iel obdobie sk\u00fa\u0161ok, mus\u00ed\u0161 svoje negat\u00edvne my\u0161lienky zmeni\u0165 na pozit\u00edvne.<\/p>\n<p>Boh \u0165a chce vzia\u0165 na \u201ecestu pravdy\u201c prostredn\u00edctvom \u0161t\u00fadia Jeho Slova, \u010do vedie k \u00fa\u017easn\u00fdm v\u00fdsledkom. Pom\u00f4\u017ee ti vy\u010disti\u0165 negat\u00edvne my\u0161lienky a d\u00e1 ti schopnos\u0165 vidie\u0165 pozit\u00edvne v ka\u017edej situ\u00e1cii.<\/p>\n<p>By\u0165 pozit\u00edvnym je mocn\u00e9. Ke\u010f chce\u0161 zosta\u0165 pozit\u00edvnym, tak si jednoducho pripom\u00ednaj svoje \u00faspechy z minulosti.<\/p>\n<p>Ke\u010f D\u00e1vid \u010delil obrovi Goli\u00e1\u0161ovi, tak si pripom\u00ednal, ako porazil leva a medve\u010fa. To mu dodalo odvahu v danej situ\u00e1cii.<\/p>\n<p>Ak pr\u00e1ve prech\u00e1dza\u0161 \u0165a\u017ek\u00fdm obdob\u00edm, tak mi dovo\u013e ti pripomen\u00fa\u0165, \u017ee to pravdepodobne nie je prv\u00e1 v\u00fdzva, ktorej \u010del\u00ed\u0161. Pre\u017eil si posledn\u00fa (a pravdepodobne si sa z nej nau\u010dil nejak\u00fa cenn\u00fa lekciu) a pre\u017eije\u0161 aj t\u00fato.<br \/>\nPripom\u00ednaj si minul\u00e9 \u00faspechy tak ako D\u00e1vid. Potom cho\u010f do Slova a pozri sa, \u010do hovor\u00ed Boh. Lep\u0161ie dni \u0165a e\u0161te len \u010dakaj\u00fa. Boh to zas\u013e\u00fabil!<\/p>\n<hr \/>\n<p>Modlitba<\/p>\n<p>Bo\u017ee, niekedy sa dan\u00e1 situ\u00e1cia zd\u00e1 by\u0165 nerealizovate\u013en\u00e1. Viem, \u017ee v minulosti si ma previedol cez \u0165a\u017ek\u00e9 obdobia a viem, \u017ee to op\u00e4\u0165 dok\u00e1\u017ee\u0161. Pom\u00f4\u017e mi pam\u00e4ta\u0165 si \u00faspechy z minulosti a pozit\u00edvne zm\u00fd\u0161\u013ea\u0165 o mojej s\u00fa\u010dasnej situ\u00e1cii.<\/p>\n","protected":false},"excerpt":{"rendered":"<p>\u00daprimne povedan\u00e9, mnoh\u00ed z n\u00e1s sme negat\u00edvne zm\u00fd\u0161\u013eaj\u00faci, ke\u010f sa nach\u00e1dzame v n\u00e1ro\u010dnej situ\u00e1cii &#8230;<\/p>\n","protected":false},"author":15,"featured_media":1992,"parent":0,"menu_order":0,"comment_status":"closed","ping_status":"closed","template":"","class_list":["post-449","devotional","type-devotional","status-publish","has-post-thumbnail","hentry"],"acf":[],"appp":{"post_detail":{"above_title":"<div class=\"post-featured-wrap\"><img width=\"1024\" height=\"597\" src=\"https:\/\/tv.joycemeyer.org\/slovak\/wp-content\/uploads\/sites\/88\/2020\/04\/2343-1024x597.jpg\" class=\"post-featured wp-post-image\" alt=\"Pripom\u00ednaj si \u00faspechy z minulosti\" decoding=\"async\" srcset=\"https:\/\/tv.joycemeyer.org\/slovak\/wp-content\/uploads\/sites\/88\/2020\/04\/2343-1024x597.jpg 1024w, https:\/\/tv.joycemeyer.org\/slovak\/wp-content\/uploads\/sites\/88\/2020\/04\/2343-300x175.jpg 300w, https:\/\/tv.joycemeyer.org\/slovak\/wp-content\/uploads\/sites\/88\/2020\/04\/2343-768x448.jpg 768w, https:\/\/tv.joycemeyer.org\/slovak\/wp-content\/uploads\/sites\/88\/2020\/04\/2343-1536x896.jpg 1536w, https:\/\/tv.joycemeyer.org\/slovak\/wp-content\/uploads\/sites\/88\/2020\/04\/2343.jpg 1800w\" sizes=\"(max-width: 1024px) 100vw, 1024px\" \/><\/div>","below_content":"<div class=\"follow\"><ul class=\"nav nav--social nav--flex\"><\/ul><\/div>"}},"yoast_head":"<!-- This site is optimized with the Yoast SEO plugin v27.4 - https:\/\/yoast.com\/product\/yoast-seo-wordpress\/ -->\n<title>Pripom\u00ednaj si \u00faspechy z minulosti - Joyce Meyer Ministries - Slovak<\/title>\n<meta name=\"robots\" content=\"index, follow, max-snippet:-1, max-image-preview:large, max-video-preview:-1\" \/>\n<link rel=\"canonical\" href=\"https:\/\/tv.joycemeyer.org\/slovak\/devotional\/pripominaj-si-uspechy-z-minulosti\/\" \/>\n<meta property=\"og:locale\" content=\"en_US\" \/>\n<meta property=\"og:type\" content=\"article\" \/>\n<meta property=\"og:title\" content=\"Pripom\u00ednaj si \u00faspechy z minulosti - Joyce Meyer Ministries - Slovak\" \/>\n<meta property=\"og:description\" content=\"\u00daprimne povedan\u00e9, mnoh\u00ed z n\u00e1s sme negat\u00edvne zm\u00fd\u0161\u013eaj\u00faci, ke\u010f sa nach\u00e1dzame v n\u00e1ro\u010dnej situ\u00e1cii ...\" \/>\n<meta property=\"og:url\" content=\"https:\/\/tv.joycemeyer.org\/slovak\/devotional\/pripominaj-si-uspechy-z-minulosti\/\" \/>\n<meta property=\"og:site_name\" content=\"Joyce Meyer Ministries - Slovak\" \/>\n<meta property=\"og:image\" content=\"https:\/\/tv.joycemeyer.org\/slovak\/wp-content\/uploads\/sites\/88\/2020\/04\/2343.jpg\" \/>\n\t<meta property=\"og:image:width\" content=\"1800\" \/>\n\t<meta property=\"og:image:height\" content=\"1050\" \/>\n\t<meta property=\"og:image:type\" content=\"image\/jpeg\" \/>\n<meta name=\"twitter:card\" content=\"summary_large_image\" \/>\n<meta name=\"twitter:label1\" content=\"Est. reading time\" \/>\n\t<meta name=\"twitter:data1\" content=\"2 minutes\" \/>\n<script type=\"application\/ld+json\" class=\"yoast-schema-graph\">{\"@context\":\"https:\\\/\\\/schema.org\",\"@graph\":[{\"@type\":\"WebPage\",\"@id\":\"https:\\\/\\\/tv.joycemeyer.org\\\/slovak\\\/devotional\\\/pripominaj-si-uspechy-z-minulosti\\\/\",\"url\":\"https:\\\/\\\/tv.joycemeyer.org\\\/slovak\\\/devotional\\\/pripominaj-si-uspechy-z-minulosti\\\/\",\"name\":\"Pripom\u00ednaj si \u00faspechy z minulosti - Joyce Meyer Ministries - Slovak\",\"isPartOf\":{\"@id\":\"https:\\\/\\\/tv.joycemeyer.org\\\/slovak\\\/#website\"},\"primaryImageOfPage\":{\"@id\":\"https:\\\/\\\/tv.joycemeyer.org\\\/slovak\\\/devotional\\\/pripominaj-si-uspechy-z-minulosti\\\/#primaryimage\"},\"image\":{\"@id\":\"https:\\\/\\\/tv.joycemeyer.org\\\/slovak\\\/devotional\\\/pripominaj-si-uspechy-z-minulosti\\\/#primaryimage\"},\"thumbnailUrl\":\"https:\\\/\\\/tv.joycemeyer.org\\\/slovak\\\/wp-content\\\/uploads\\\/sites\\\/88\\\/2020\\\/04\\\/2343.jpg\",\"datePublished\":\"2026-02-15T00:01:10+00:00\",\"breadcrumb\":{\"@id\":\"https:\\\/\\\/tv.joycemeyer.org\\\/slovak\\\/devotional\\\/pripominaj-si-uspechy-z-minulosti\\\/#breadcrumb\"},\"inLanguage\":\"en-US\",\"potentialAction\":[{\"@type\":\"ReadAction\",\"target\":[\"https:\\\/\\\/tv.joycemeyer.org\\\/slovak\\\/devotional\\\/pripominaj-si-uspechy-z-minulosti\\\/\"]}]},{\"@type\":\"ImageObject\",\"inLanguage\":\"en-US\",\"@id\":\"https:\\\/\\\/tv.joycemeyer.org\\\/slovak\\\/devotional\\\/pripominaj-si-uspechy-z-minulosti\\\/#primaryimage\",\"url\":\"https:\\\/\\\/tv.joycemeyer.org\\\/slovak\\\/wp-content\\\/uploads\\\/sites\\\/88\\\/2020\\\/04\\\/2343.jpg\",\"contentUrl\":\"https:\\\/\\\/tv.joycemeyer.org\\\/slovak\\\/wp-content\\\/uploads\\\/sites\\\/88\\\/2020\\\/04\\\/2343.jpg\",\"width\":1800,\"height\":1050,\"caption\":\"Pripom\u00ednaj si \u00faspechy z minulosti\"},{\"@type\":\"BreadcrumbList\",\"@id\":\"https:\\\/\\\/tv.joycemeyer.org\\\/slovak\\\/devotional\\\/pripominaj-si-uspechy-z-minulosti\\\/#breadcrumb\",\"itemListElement\":[{\"@type\":\"ListItem\",\"position\":1,\"name\":\"Home\",\"item\":\"https:\\\/\\\/tv.joycemeyer.org\\\/slovak\\\/\"},{\"@type\":\"ListItem\",\"position\":2,\"name\":\"Devotional\",\"item\":\"https:\\\/\\\/tv.joycemeyer.org\\\/slovak\\\/devotional\\\/\"},{\"@type\":\"ListItem\",\"position\":3,\"name\":\"Pripom\u00ednaj si \u00faspechy z minulosti\"}]},{\"@type\":\"WebSite\",\"@id\":\"https:\\\/\\\/tv.joycemeyer.org\\\/slovak\\\/#website\",\"url\":\"https:\\\/\\\/tv.joycemeyer.org\\\/slovak\\\/\",\"name\":\"Joyce Meyer Ministries - Slovak\",\"description\":\"Zdie\u013ea\u0165 Krista - Milova\u0165 \u013eud\u00ed\",\"potentialAction\":[{\"@type\":\"SearchAction\",\"target\":{\"@type\":\"EntryPoint\",\"urlTemplate\":\"https:\\\/\\\/tv.joycemeyer.org\\\/slovak\\\/?s={search_term_string}\"},\"query-input\":{\"@type\":\"PropertyValueSpecification\",\"valueRequired\":true,\"valueName\":\"search_term_string\"}}],\"inLanguage\":\"en-US\"}]}<\/script>\n<!-- \/ Yoast SEO plugin. -->","yoast_head_json":{"title":"Pripom\u00ednaj si \u00faspechy z minulosti - Joyce Meyer Ministries - Slovak","robots":{"index":"index","follow":"follow","max-snippet":"max-snippet:-1","max-image-preview":"max-image-preview:large","max-video-preview":"max-video-preview:-1"},"canonical":"https:\/\/tv.joycemeyer.org\/slovak\/devotional\/pripominaj-si-uspechy-z-minulosti\/","og_locale":"en_US","og_type":"article","og_title":"Pripom\u00ednaj si \u00faspechy z minulosti - Joyce Meyer Ministries - Slovak","og_description":"\u00daprimne povedan\u00e9, mnoh\u00ed z n\u00e1s sme negat\u00edvne zm\u00fd\u0161\u013eaj\u00faci, ke\u010f sa nach\u00e1dzame v n\u00e1ro\u010dnej situ\u00e1cii ...","og_url":"https:\/\/tv.joycemeyer.org\/slovak\/devotional\/pripominaj-si-uspechy-z-minulosti\/","og_site_name":"Joyce Meyer Ministries - Slovak","og_image":[{"width":1800,"height":1050,"url":"https:\/\/tv.joycemeyer.org\/slovak\/wp-content\/uploads\/sites\/88\/2020\/04\/2343.jpg","type":"image\/jpeg"}],"twitter_card":"summary_large_image","twitter_misc":{"Est. reading time":"2 minutes"},"schema":{"@context":"https:\/\/schema.org","@graph":[{"@type":"WebPage","@id":"https:\/\/tv.joycemeyer.org\/slovak\/devotional\/pripominaj-si-uspechy-z-minulosti\/","url":"https:\/\/tv.joycemeyer.org\/slovak\/devotional\/pripominaj-si-uspechy-z-minulosti\/","name":"Pripom\u00ednaj si \u00faspechy z minulosti - Joyce Meyer Ministries - Slovak","isPartOf":{"@id":"https:\/\/tv.joycemeyer.org\/slovak\/#website"},"primaryImageOfPage":{"@id":"https:\/\/tv.joycemeyer.org\/slovak\/devotional\/pripominaj-si-uspechy-z-minulosti\/#primaryimage"},"image":{"@id":"https:\/\/tv.joycemeyer.org\/slovak\/devotional\/pripominaj-si-uspechy-z-minulosti\/#primaryimage"},"thumbnailUrl":"https:\/\/tv.joycemeyer.org\/slovak\/wp-content\/uploads\/sites\/88\/2020\/04\/2343.jpg","datePublished":"2026-02-15T00:01:10+00:00","breadcrumb":{"@id":"https:\/\/tv.joycemeyer.org\/slovak\/devotional\/pripominaj-si-uspechy-z-minulosti\/#breadcrumb"},"inLanguage":"en-US","potentialAction":[{"@type":"ReadAction","target":["https:\/\/tv.joycemeyer.org\/slovak\/devotional\/pripominaj-si-uspechy-z-minulosti\/"]}]},{"@type":"ImageObject","inLanguage":"en-US","@id":"https:\/\/tv.joycemeyer.org\/slovak\/devotional\/pripominaj-si-uspechy-z-minulosti\/#primaryimage","url":"https:\/\/tv.joycemeyer.org\/slovak\/wp-content\/uploads\/sites\/88\/2020\/04\/2343.jpg","contentUrl":"https:\/\/tv.joycemeyer.org\/slovak\/wp-content\/uploads\/sites\/88\/2020\/04\/2343.jpg","width":1800,"height":1050,"caption":"Pripom\u00ednaj si \u00faspechy z minulosti"},{"@type":"BreadcrumbList","@id":"https:\/\/tv.joycemeyer.org\/slovak\/devotional\/pripominaj-si-uspechy-z-minulosti\/#breadcrumb","itemListElement":[{"@type":"ListItem","position":1,"name":"Home","item":"https:\/\/tv.joycemeyer.org\/slovak\/"},{"@type":"ListItem","position":2,"name":"Devotional","item":"https:\/\/tv.joycemeyer.org\/slovak\/devotional\/"},{"@type":"ListItem","position":3,"name":"Pripom\u00ednaj si \u00faspechy z minulosti"}]},{"@type":"WebSite","@id":"https:\/\/tv.joycemeyer.org\/slovak\/#website","url":"https:\/\/tv.joycemeyer.org\/slovak\/","name":"Joyce Meyer Ministries - Slovak","description":"Zdie\u013ea\u0165 Krista - Milova\u0165 \u013eud\u00ed","potentialAction":[{"@type":"SearchAction","target":{"@type":"EntryPoint","urlTemplate":"https:\/\/tv.joycemeyer.org\/slovak\/?s={search_term_string}"},"query-input":{"@type":"PropertyValueSpecification","valueRequired":true,"valueName":"search_term_string"}}],"inLanguage":"en-US"}]}},"_links":{"self":[{"href":"https:\/\/tv.joycemeyer.org\/slovak\/wp-json\/wp\/v2\/devotional\/449","targetHints":{"allow":["GET"]}}],"collection":[{"href":"https:\/\/tv.joycemeyer.org\/slovak\/wp-json\/wp\/v2\/devotional"}],"about":[{"href":"https:\/\/tv.joycemeyer.org\/slovak\/wp-json\/wp\/v2\/types\/devotional"}],"author":[{"embeddable":true,"href":"https:\/\/tv.joycemeyer.org\/slovak\/wp-json\/wp\/v2\/users\/15"}],"replies":[{"embeddable":true,"href":"https:\/\/tv.joycemeyer.org\/slovak\/wp-json\/wp\/v2\/comments?post=449"}],"wp:featuredmedia":[{"embeddable":true,"href":"https:\/\/tv.joycemeyer.org\/slovak\/wp-json\/wp\/v2\/media\/1992"}],"wp:attachment":[{"href":"https:\/\/tv.joycemeyer.org\/slovak\/wp-json\/wp\/v2\/media?parent=449"}],"curies":[{"name":"wp","href":"https:\/\/api.w.org\/{rel}","templated":true}]}}