{"id":511,"date":"2021-05-11T01:01:59","date_gmt":"2021-05-11T01:01:59","guid":{"rendered":"https:\/\/tv.joycemeyer.org\/slovak\/?post_type=devotional&#038;p=511"},"modified":"2021-05-12T12:24:13","modified_gmt":"2021-05-12T12:24:13","slug":"kto-je-tvoj-skutocny-nepriatel","status":"publish","type":"devotional","link":"https:\/\/tv.joycemeyer.org\/slovak\/devotional\/kto-je-tvoj-skutocny-nepriatel\/","title":{"rendered":"Kto je tvoj skuto\u010dn\u00fd nepriate\u013e?"},"content":{"rendered":"<p><strong>Lebo nie je n\u00e1m z\u00e1pasi\u0165 s krvou a s telom [z\u00e1pasi\u0165 iba s fyzick\u00fdmi s\u00fapermi], ale s knie\u017eatstvami, mocnos\u0165ami, so svetovl\u00e1dcami temnosti tohoto veku, s duchovn\u00fdmi mocami zlosti v ponebesk\u00fdch (nadprirodzen\u00fdch) oblastiach. &#8211; EFE\u017dANOM 6:12<\/strong><\/p>\n<p>\u010cel\u00ed\u0161 n\u00e1ro\u010dn\u00fdm okolnostiam? Potrebuje\u0161 zaopatrenie v nejakej oblasti a nie si si ist\u00fd, odkia\u013e pr\u00edde? Mnoho dne\u0161n\u00fdch kres\u0165anov sa bor\u00ed s v\u00e1\u017enymi \u0165a\u017ekos\u0165ami. Niektor\u00ed stratili pr\u00e1cu a r\u00f4zne v\u00fdhody. In\u00ed bojuj\u00fa s v\u00e1\u017enymi zdravotn\u00fdmi probl\u00e9mami a neust\u00e1le \u017eij\u00fa v obav\u00e1ch, ako zaplatia v\u00fddaje na lieky mimo be\u017en\u00fdch v\u00fddajov, ako n\u00e1jomn\u00e9, jedlo a oble\u010denie.<\/p>\n<p>Existuje ve\u013ea vec\u00ed vo svete, ktor\u00e9 n\u00e1s ohrozuj\u00fa. Na\u0161\u00edm najv\u00e4\u010d\u0161\u00edm nepriate\u013eom je &#8211; strach a on nie je \u201eniekde tam \u010faleko\u201c.<\/p>\n<p>Efe\u017eanom 6:12 n\u00e1m pripom\u00edna, \u017ee nebojujeme s telom a krvou, ale s nepriate\u013eom na\u0161ich du\u0161\u00ed. Nesmieme by\u0165 zm\u00e4ten\u00ed pokia\u013e ide o identitu nepriate\u013ea v na\u0161ich bojoch.<\/p>\n<p>Na\u0161\u0165astie n\u00e1\u0161 nevidite\u013en\u00fd Boh je viac ne\u017e ako schopn\u00fd jedna\u0165 s na\u0161\u00edm nevidite\u013en\u00fdm nepriate\u013eom. Ke\u010f hlb\u0161ie pochop\u00edme Bo\u017eiu bezpodmiene\u010dn\u00fa l\u00e1sku k n\u00e1m, tak si uvedom\u00edme, \u017ee On sa v\u017edy postar\u00e1 o v\u0161etko, \u010do n\u00e1s znepokojuje.<\/p>\n<p>Nemus\u00ed\u0161 sa ob\u00e1va\u0165 svojho nevidite\u013en\u00e9ho nepriate\u013ea. D\u00f4veruj Bohu, tomu Jedin\u00e9mu, ktor\u00fd dok\u00e1\u017ee porazi\u0165 duchovn\u00e9 mocnosti temnoty.<\/p>\n<p><strong>Modlitba<\/strong><\/p>\n<p>Pane, nedovo\u013e mi zabudn\u00fa\u0165, kto je moj\u00edm skuto\u010dn\u00fdm nepriate\u013eom. Nedovo\u013e mi zabudn\u00fa\u0165, \u017ee Ty si V\u0161emoh\u00faci. Viem, \u017ee ja nedok\u00e1\u017eem zvl\u00e1dnu\u0165 v\u0161etko, \u010do mi nepriate\u013e polo\u017e\u00ed do cesty, ale Ty to dok\u00e1\u017ee\u0161.<\/p>\n","protected":false},"excerpt":{"rendered":"<p>Lebo nie je n\u00e1m z\u00e1pasi\u0165 s krvou a s telom [z\u00e1pasi\u0165 iba s fyzick\u00fdmi s\u00fapermi], ale s knie\u017eatstvami, mocnos\u0165ami, so svetovl\u00e1dcami temnosti tohoto veku, s duchovn\u00fdmi mocami zlosti v ponebesk\u00fdch (nadprirodzen\u00fdch) oblastiach. &#8211; EFE\u017dANOM 6:12 \u010cel\u00ed\u0161 n\u00e1ro\u010dn\u00fdm okolnostiam? Potrebuje\u0161 zaopatrenie v nejakej oblasti a nie si si ist\u00fd, odkia\u013e pr\u00edde? Mnoho dne\u0161n\u00fdch kres\u0165anov sa bor\u00ed&#8230;<\/p>\n","protected":false},"author":15,"featured_media":512,"parent":0,"menu_order":0,"comment_status":"closed","ping_status":"closed","template":"","class_list":["post-511","devotional","type-devotional","status-publish","has-post-thumbnail","hentry"],"acf":[],"appp":{"post_detail":{"above_title":"<div class=\"post-featured-wrap\"><img width=\"960\" height=\"540\" src=\"https:\/\/tv.joycemeyer.org\/slovak\/wp-content\/uploads\/sites\/88\/2020\/05\/765.jpg\" class=\"post-featured wp-post-image\" alt=\"\" decoding=\"async\" srcset=\"https:\/\/tv.joycemeyer.org\/slovak\/wp-content\/uploads\/sites\/88\/2020\/05\/765.jpg 960w, https:\/\/tv.joycemeyer.org\/slovak\/wp-content\/uploads\/sites\/88\/2020\/05\/765-300x169.jpg 300w, https:\/\/tv.joycemeyer.org\/slovak\/wp-content\/uploads\/sites\/88\/2020\/05\/765-768x432.jpg 768w, https:\/\/tv.joycemeyer.org\/slovak\/wp-content\/uploads\/sites\/88\/2020\/05\/765-640x360.jpg 640w\" sizes=\"(max-width: 960px) 100vw, 960px\" \/><\/div>","below_content":""}},"yoast_head":"<!-- This site is optimized with the Yoast SEO plugin v27.4 - https:\/\/yoast.com\/product\/yoast-seo-wordpress\/ -->\n<title>Kto je tvoj skuto\u010dn\u00fd nepriate\u013e? - Joyce Meyer Ministries - Slovak<\/title>\n<meta name=\"robots\" content=\"index, follow, max-snippet:-1, max-image-preview:large, max-video-preview:-1\" \/>\n<link rel=\"canonical\" href=\"https:\/\/tv.joycemeyer.org\/slovak\/devotional\/kto-je-tvoj-skutocny-nepriatel\/\" \/>\n<meta property=\"og:locale\" content=\"en_US\" \/>\n<meta property=\"og:type\" content=\"article\" \/>\n<meta property=\"og:title\" content=\"Kto je tvoj skuto\u010dn\u00fd nepriate\u013e? - Joyce Meyer Ministries - Slovak\" \/>\n<meta property=\"og:description\" content=\"Lebo nie je n\u00e1m z\u00e1pasi\u0165 s krvou a s telom [z\u00e1pasi\u0165 iba s fyzick\u00fdmi s\u00fapermi], ale s knie\u017eatstvami, mocnos\u0165ami, so svetovl\u00e1dcami temnosti tohoto veku, s duchovn\u00fdmi mocami zlosti v ponebesk\u00fdch (nadprirodzen\u00fdch) oblastiach. &#8211; EFE\u017dANOM 6:12 \u010cel\u00ed\u0161 n\u00e1ro\u010dn\u00fdm okolnostiam? Potrebuje\u0161 zaopatrenie v nejakej oblasti a nie si si ist\u00fd, odkia\u013e pr\u00edde? Mnoho dne\u0161n\u00fdch kres\u0165anov sa bor\u00ed...\" \/>\n<meta property=\"og:url\" content=\"https:\/\/tv.joycemeyer.org\/slovak\/devotional\/kto-je-tvoj-skutocny-nepriatel\/\" \/>\n<meta property=\"og:site_name\" content=\"Joyce Meyer Ministries - Slovak\" \/>\n<meta property=\"article:modified_time\" content=\"2021-05-12T12:24:13+00:00\" \/>\n<meta property=\"og:image\" content=\"https:\/\/tv.joycemeyer.org\/slovak\/wp-content\/uploads\/sites\/88\/2020\/05\/765.jpg\" \/>\n\t<meta property=\"og:image:width\" content=\"960\" \/>\n\t<meta property=\"og:image:height\" content=\"540\" \/>\n\t<meta property=\"og:image:type\" content=\"image\/jpeg\" \/>\n<meta name=\"twitter:card\" content=\"summary_large_image\" \/>\n<meta name=\"twitter:label1\" content=\"Est. reading time\" \/>\n\t<meta name=\"twitter:data1\" content=\"1 minute\" \/>\n<script type=\"application\/ld+json\" class=\"yoast-schema-graph\">{\"@context\":\"https:\\\/\\\/schema.org\",\"@graph\":[{\"@type\":\"WebPage\",\"@id\":\"https:\\\/\\\/tv.joycemeyer.org\\\/slovak\\\/devotional\\\/kto-je-tvoj-skutocny-nepriatel\\\/\",\"url\":\"https:\\\/\\\/tv.joycemeyer.org\\\/slovak\\\/devotional\\\/kto-je-tvoj-skutocny-nepriatel\\\/\",\"name\":\"Kto je tvoj skuto\u010dn\u00fd nepriate\u013e? - Joyce Meyer Ministries - Slovak\",\"isPartOf\":{\"@id\":\"https:\\\/\\\/tv.joycemeyer.org\\\/slovak\\\/#website\"},\"primaryImageOfPage\":{\"@id\":\"https:\\\/\\\/tv.joycemeyer.org\\\/slovak\\\/devotional\\\/kto-je-tvoj-skutocny-nepriatel\\\/#primaryimage\"},\"image\":{\"@id\":\"https:\\\/\\\/tv.joycemeyer.org\\\/slovak\\\/devotional\\\/kto-je-tvoj-skutocny-nepriatel\\\/#primaryimage\"},\"thumbnailUrl\":\"https:\\\/\\\/tv.joycemeyer.org\\\/slovak\\\/wp-content\\\/uploads\\\/sites\\\/88\\\/2020\\\/05\\\/765.jpg\",\"datePublished\":\"2021-05-11T01:01:59+00:00\",\"dateModified\":\"2021-05-12T12:24:13+00:00\",\"breadcrumb\":{\"@id\":\"https:\\\/\\\/tv.joycemeyer.org\\\/slovak\\\/devotional\\\/kto-je-tvoj-skutocny-nepriatel\\\/#breadcrumb\"},\"inLanguage\":\"en-US\",\"potentialAction\":[{\"@type\":\"ReadAction\",\"target\":[\"https:\\\/\\\/tv.joycemeyer.org\\\/slovak\\\/devotional\\\/kto-je-tvoj-skutocny-nepriatel\\\/\"]}]},{\"@type\":\"ImageObject\",\"inLanguage\":\"en-US\",\"@id\":\"https:\\\/\\\/tv.joycemeyer.org\\\/slovak\\\/devotional\\\/kto-je-tvoj-skutocny-nepriatel\\\/#primaryimage\",\"url\":\"https:\\\/\\\/tv.joycemeyer.org\\\/slovak\\\/wp-content\\\/uploads\\\/sites\\\/88\\\/2020\\\/05\\\/765.jpg\",\"contentUrl\":\"https:\\\/\\\/tv.joycemeyer.org\\\/slovak\\\/wp-content\\\/uploads\\\/sites\\\/88\\\/2020\\\/05\\\/765.jpg\",\"width\":960,\"height\":540,\"caption\":\"Kto je tvoj skuto\u010dn\u00fd nepriate\u013e?\"},{\"@type\":\"BreadcrumbList\",\"@id\":\"https:\\\/\\\/tv.joycemeyer.org\\\/slovak\\\/devotional\\\/kto-je-tvoj-skutocny-nepriatel\\\/#breadcrumb\",\"itemListElement\":[{\"@type\":\"ListItem\",\"position\":1,\"name\":\"Home\",\"item\":\"https:\\\/\\\/tv.joycemeyer.org\\\/slovak\\\/\"},{\"@type\":\"ListItem\",\"position\":2,\"name\":\"Devotional\",\"item\":\"https:\\\/\\\/tv.joycemeyer.org\\\/slovak\\\/devotional\\\/\"},{\"@type\":\"ListItem\",\"position\":3,\"name\":\"Kto je tvoj skuto\u010dn\u00fd nepriate\u013e?\"}]},{\"@type\":\"WebSite\",\"@id\":\"https:\\\/\\\/tv.joycemeyer.org\\\/slovak\\\/#website\",\"url\":\"https:\\\/\\\/tv.joycemeyer.org\\\/slovak\\\/\",\"name\":\"Joyce Meyer Ministries - Slovak\",\"description\":\"Zdie\u013ea\u0165 Krista - Milova\u0165 \u013eud\u00ed\",\"potentialAction\":[{\"@type\":\"SearchAction\",\"target\":{\"@type\":\"EntryPoint\",\"urlTemplate\":\"https:\\\/\\\/tv.joycemeyer.org\\\/slovak\\\/?s={search_term_string}\"},\"query-input\":{\"@type\":\"PropertyValueSpecification\",\"valueRequired\":true,\"valueName\":\"search_term_string\"}}],\"inLanguage\":\"en-US\"}]}<\/script>\n<!-- \/ Yoast SEO plugin. -->","yoast_head_json":{"title":"Kto je tvoj skuto\u010dn\u00fd nepriate\u013e? - Joyce Meyer Ministries - Slovak","robots":{"index":"index","follow":"follow","max-snippet":"max-snippet:-1","max-image-preview":"max-image-preview:large","max-video-preview":"max-video-preview:-1"},"canonical":"https:\/\/tv.joycemeyer.org\/slovak\/devotional\/kto-je-tvoj-skutocny-nepriatel\/","og_locale":"en_US","og_type":"article","og_title":"Kto je tvoj skuto\u010dn\u00fd nepriate\u013e? - Joyce Meyer Ministries - Slovak","og_description":"Lebo nie je n\u00e1m z\u00e1pasi\u0165 s krvou a s telom [z\u00e1pasi\u0165 iba s fyzick\u00fdmi s\u00fapermi], ale s knie\u017eatstvami, mocnos\u0165ami, so svetovl\u00e1dcami temnosti tohoto veku, s duchovn\u00fdmi mocami zlosti v ponebesk\u00fdch (nadprirodzen\u00fdch) oblastiach. &#8211; EFE\u017dANOM 6:12 \u010cel\u00ed\u0161 n\u00e1ro\u010dn\u00fdm okolnostiam? Potrebuje\u0161 zaopatrenie v nejakej oblasti a nie si si ist\u00fd, odkia\u013e pr\u00edde? Mnoho dne\u0161n\u00fdch kres\u0165anov sa bor\u00ed...","og_url":"https:\/\/tv.joycemeyer.org\/slovak\/devotional\/kto-je-tvoj-skutocny-nepriatel\/","og_site_name":"Joyce Meyer Ministries - Slovak","article_modified_time":"2021-05-12T12:24:13+00:00","og_image":[{"width":960,"height":540,"url":"https:\/\/tv.joycemeyer.org\/slovak\/wp-content\/uploads\/sites\/88\/2020\/05\/765.jpg","type":"image\/jpeg"}],"twitter_card":"summary_large_image","twitter_misc":{"Est. reading time":"1 minute"},"schema":{"@context":"https:\/\/schema.org","@graph":[{"@type":"WebPage","@id":"https:\/\/tv.joycemeyer.org\/slovak\/devotional\/kto-je-tvoj-skutocny-nepriatel\/","url":"https:\/\/tv.joycemeyer.org\/slovak\/devotional\/kto-je-tvoj-skutocny-nepriatel\/","name":"Kto je tvoj skuto\u010dn\u00fd nepriate\u013e? - Joyce Meyer Ministries - Slovak","isPartOf":{"@id":"https:\/\/tv.joycemeyer.org\/slovak\/#website"},"primaryImageOfPage":{"@id":"https:\/\/tv.joycemeyer.org\/slovak\/devotional\/kto-je-tvoj-skutocny-nepriatel\/#primaryimage"},"image":{"@id":"https:\/\/tv.joycemeyer.org\/slovak\/devotional\/kto-je-tvoj-skutocny-nepriatel\/#primaryimage"},"thumbnailUrl":"https:\/\/tv.joycemeyer.org\/slovak\/wp-content\/uploads\/sites\/88\/2020\/05\/765.jpg","datePublished":"2021-05-11T01:01:59+00:00","dateModified":"2021-05-12T12:24:13+00:00","breadcrumb":{"@id":"https:\/\/tv.joycemeyer.org\/slovak\/devotional\/kto-je-tvoj-skutocny-nepriatel\/#breadcrumb"},"inLanguage":"en-US","potentialAction":[{"@type":"ReadAction","target":["https:\/\/tv.joycemeyer.org\/slovak\/devotional\/kto-je-tvoj-skutocny-nepriatel\/"]}]},{"@type":"ImageObject","inLanguage":"en-US","@id":"https:\/\/tv.joycemeyer.org\/slovak\/devotional\/kto-je-tvoj-skutocny-nepriatel\/#primaryimage","url":"https:\/\/tv.joycemeyer.org\/slovak\/wp-content\/uploads\/sites\/88\/2020\/05\/765.jpg","contentUrl":"https:\/\/tv.joycemeyer.org\/slovak\/wp-content\/uploads\/sites\/88\/2020\/05\/765.jpg","width":960,"height":540,"caption":"Kto je tvoj skuto\u010dn\u00fd nepriate\u013e?"},{"@type":"BreadcrumbList","@id":"https:\/\/tv.joycemeyer.org\/slovak\/devotional\/kto-je-tvoj-skutocny-nepriatel\/#breadcrumb","itemListElement":[{"@type":"ListItem","position":1,"name":"Home","item":"https:\/\/tv.joycemeyer.org\/slovak\/"},{"@type":"ListItem","position":2,"name":"Devotional","item":"https:\/\/tv.joycemeyer.org\/slovak\/devotional\/"},{"@type":"ListItem","position":3,"name":"Kto je tvoj skuto\u010dn\u00fd nepriate\u013e?"}]},{"@type":"WebSite","@id":"https:\/\/tv.joycemeyer.org\/slovak\/#website","url":"https:\/\/tv.joycemeyer.org\/slovak\/","name":"Joyce Meyer Ministries - Slovak","description":"Zdie\u013ea\u0165 Krista - Milova\u0165 \u013eud\u00ed","potentialAction":[{"@type":"SearchAction","target":{"@type":"EntryPoint","urlTemplate":"https:\/\/tv.joycemeyer.org\/slovak\/?s={search_term_string}"},"query-input":{"@type":"PropertyValueSpecification","valueRequired":true,"valueName":"search_term_string"}}],"inLanguage":"en-US"}]}},"_links":{"self":[{"href":"https:\/\/tv.joycemeyer.org\/slovak\/wp-json\/wp\/v2\/devotional\/511","targetHints":{"allow":["GET"]}}],"collection":[{"href":"https:\/\/tv.joycemeyer.org\/slovak\/wp-json\/wp\/v2\/devotional"}],"about":[{"href":"https:\/\/tv.joycemeyer.org\/slovak\/wp-json\/wp\/v2\/types\/devotional"}],"author":[{"embeddable":true,"href":"https:\/\/tv.joycemeyer.org\/slovak\/wp-json\/wp\/v2\/users\/15"}],"replies":[{"embeddable":true,"href":"https:\/\/tv.joycemeyer.org\/slovak\/wp-json\/wp\/v2\/comments?post=511"}],"wp:featuredmedia":[{"embeddable":true,"href":"https:\/\/tv.joycemeyer.org\/slovak\/wp-json\/wp\/v2\/media\/512"}],"wp:attachment":[{"href":"https:\/\/tv.joycemeyer.org\/slovak\/wp-json\/wp\/v2\/media?parent=511"}],"curies":[{"name":"wp","href":"https:\/\/api.w.org\/{rel}","templated":true}]}}