{"id":638,"date":"2020-06-29T16:14:56","date_gmt":"2020-06-29T16:14:56","guid":{"rendered":"https:\/\/tv.joycemeyer.org\/slovak\/?post_type=devotional&#038;p=638"},"modified":"2020-07-02T16:15:45","modified_gmt":"2020-07-02T16:15:45","slug":"oni-znamena-ty-ja","status":"publish","type":"devotional","link":"https:\/\/tv.joycemeyer.org\/slovak\/devotional\/oni-znamena-ty-ja\/","title":{"rendered":"\u201eOni\u201c znamen\u00e1 ty a ja"},"content":{"rendered":"<p><strong>Spravedlivos\u0165 a s\u00fad je podstatou tvojho tr\u00f3nu; milos\u0165 a pravda predch\u00e1dzaj\u00fa tvoju tv\u00e1r. &#8211; \u017dALM 89:15<\/strong><\/p>\n<p>Boh je spravodliv\u00fd. Je to jeho charakter &#8211; k\u00fdm On je &#8211; a je to nie\u010do, \u010do On chce, aby sme sa o to aj my usilovali.<\/p>\n<p>Spravodlivos\u0165 sa sna\u017e\u00ed napravi\u0165 nespr\u00e1vne veci. Sme Bo\u017e\u00edmi agentmi, prostredn\u00edctvom ktor\u00fdch m\u00f4\u017ee pracova\u0165 a m\u00f4\u017ee napravi\u0165 nespravodlivos\u0165 vo svete okolo n\u00e1s. V\u017edy, ke\u010f vid\u00edme nie\u010do zl\u00e9, na\u0161ou prvou reakciou by malo by\u0165 modli\u0165 sa za to. Na\u0161ou druhou reakciou by malo by\u0165 polo\u017ei\u0165 \u00a0si ot\u00e1zku: \u201e<em>\u010co s t\u00fdm m\u00f4\u017eem urobi\u0165?\u201c<\/em><\/p>\n<p>Je \u013eahk\u00e9 c\u00edti\u0165 sa prevalcovan\u00fd potrebami, ktor\u00e9 vid\u00edme okolo seba. Pozer\u00e1me sa na veci a mysl\u00edme si, \u017ee je to probl\u00e9m niekoho in\u00e9ho a prajeme si, aby to \u201eoni\u201c vyrie\u0161ili! Prajeme si, aby \u201eoni\u201c urobili to alebo tamto.<\/p>\n<p>Polo\u017eil si si u\u017e niekedy ot\u00e1zku: \u201eKto s\u00fa oni?\u201c Mysl\u00edm si, \u017ee \u201eoni\u201c znamen\u00e1 my &#8211; ty a ja! Mo\u017eno nedok\u00e1\u017ee\u0161 opravi\u0165 v\u0161etko, ale nie\u010do urobi\u0165 m\u00f4\u017ee\u0161.<\/p>\n<p>Nepozeraj sa len tak na nespravodlivos\u0165 a\u00a0potom s\u00a0t\u00fdm ni\u010d neurob\u00ed\u0161. Boh \u0165a nestvoril pre ne\u010dinnos\u0165 a\u00a0pasivitu, ale chce, aby si Ho po\u017eiadal a\u00a0uk\u00e1\u017ee ti, \u010do s\u00a0t\u00fdm m\u00f4\u017ee\u0161 urobi\u0165. Stvoril \u0165a pre nad\u0161enie, horlivos\u0165 a\u00a0v\u00e1\u0161e\u0148. Dal ti dary, aby si ich pou\u017eil na Jeho sl\u00e1vu a na pomoc ostatn\u00fdm \u013eu\u010fom. Tak\u017ee e\u0161te dnes \u017ei \u017eivot spravodlivosti.<\/p>\n<p>Modlitba<\/p>\n<p><em>Duchu Sv\u00e4t\u00fd, nedovo\u013e mi, aby som len tak sedel a prial si, aby \u201eoni\u201c urobili nie\u010do s\u00a0nespravodlivos\u0165ou vo svete, ke\u010f s\u00a0\u0148ou m\u00f4\u017eem nie\u010do urobi\u0165 ja. Napl\u0148 ma odvahou a uk\u00e1\u017e mi, ako napravi\u0165 krivdy vo svete okolo m\u0148a.<\/em><\/p>\n","protected":false},"excerpt":{"rendered":"<p>Spravedlivos\u0165 a s\u00fad je podstatou tvojho tr\u00f3nu; milos\u0165 a pravda predch\u00e1dzaj\u00fa tvoju tv\u00e1r. &#8211; \u017dALM 89:15 Boh je spravodliv\u00fd. Je to jeho charakter &#8211; k\u00fdm On je &#8211; a je to nie\u010do, \u010do On chce, aby sme sa o to aj my usilovali. Spravodlivos\u0165 sa sna\u017e\u00ed napravi\u0165 nespr\u00e1vne veci. Sme Bo\u017e\u00edmi agentmi, prostredn\u00edctvom ktor\u00fdch m\u00f4\u017ee&#8230;<\/p>\n","protected":false},"author":15,"featured_media":639,"parent":0,"menu_order":0,"comment_status":"closed","ping_status":"closed","template":"","class_list":["post-638","devotional","type-devotional","status-publish","has-post-thumbnail","hentry"],"acf":[],"appp":{"post_detail":{"above_title":"<div class=\"post-featured-wrap\"><img width=\"960\" height=\"540\" src=\"https:\/\/tv.joycemeyer.org\/slovak\/wp-content\/uploads\/sites\/88\/2020\/07\/880.jpg\" class=\"post-featured wp-post-image\" alt=\"\" decoding=\"async\" srcset=\"https:\/\/tv.joycemeyer.org\/slovak\/wp-content\/uploads\/sites\/88\/2020\/07\/880.jpg 960w, https:\/\/tv.joycemeyer.org\/slovak\/wp-content\/uploads\/sites\/88\/2020\/07\/880-300x169.jpg 300w, https:\/\/tv.joycemeyer.org\/slovak\/wp-content\/uploads\/sites\/88\/2020\/07\/880-768x432.jpg 768w, https:\/\/tv.joycemeyer.org\/slovak\/wp-content\/uploads\/sites\/88\/2020\/07\/880-640x360.jpg 640w\" sizes=\"(max-width: 960px) 100vw, 960px\" \/><\/div>","below_content":""}},"yoast_head":"<!-- This site is optimized with the Yoast SEO plugin v27.4 - https:\/\/yoast.com\/product\/yoast-seo-wordpress\/ -->\n<title>\u201eOni\u201c znamen\u00e1 ty a ja - Joyce Meyer Ministries - Slovak<\/title>\n<meta name=\"robots\" content=\"index, follow, max-snippet:-1, max-image-preview:large, max-video-preview:-1\" \/>\n<link rel=\"canonical\" href=\"https:\/\/tv.joycemeyer.org\/slovak\/devotional\/oni-znamena-ty-ja\/\" \/>\n<meta property=\"og:locale\" content=\"en_US\" \/>\n<meta property=\"og:type\" content=\"article\" \/>\n<meta property=\"og:title\" content=\"\u201eOni\u201c znamen\u00e1 ty a ja - Joyce Meyer Ministries - Slovak\" \/>\n<meta property=\"og:description\" content=\"Spravedlivos\u0165 a s\u00fad je podstatou tvojho tr\u00f3nu; milos\u0165 a pravda predch\u00e1dzaj\u00fa tvoju tv\u00e1r. &#8211; \u017dALM 89:15 Boh je spravodliv\u00fd. Je to jeho charakter &#8211; k\u00fdm On je &#8211; a je to nie\u010do, \u010do On chce, aby sme sa o to aj my usilovali. Spravodlivos\u0165 sa sna\u017e\u00ed napravi\u0165 nespr\u00e1vne veci. Sme Bo\u017e\u00edmi agentmi, prostredn\u00edctvom ktor\u00fdch m\u00f4\u017ee...\" \/>\n<meta property=\"og:url\" content=\"https:\/\/tv.joycemeyer.org\/slovak\/devotional\/oni-znamena-ty-ja\/\" \/>\n<meta property=\"og:site_name\" content=\"Joyce Meyer Ministries - Slovak\" \/>\n<meta property=\"article:modified_time\" content=\"2020-07-02T16:15:45+00:00\" \/>\n<meta property=\"og:image\" content=\"https:\/\/tv.joycemeyer.org\/slovak\/wp-content\/uploads\/sites\/88\/2020\/07\/880.jpg\" \/>\n\t<meta property=\"og:image:width\" content=\"960\" \/>\n\t<meta property=\"og:image:height\" content=\"540\" \/>\n\t<meta property=\"og:image:type\" content=\"image\/jpeg\" \/>\n<meta name=\"twitter:card\" content=\"summary_large_image\" \/>\n<meta name=\"twitter:label1\" content=\"Est. reading time\" \/>\n\t<meta name=\"twitter:data1\" content=\"2 minutes\" \/>\n<script type=\"application\/ld+json\" class=\"yoast-schema-graph\">{\"@context\":\"https:\\\/\\\/schema.org\",\"@graph\":[{\"@type\":\"WebPage\",\"@id\":\"https:\\\/\\\/tv.joycemeyer.org\\\/slovak\\\/devotional\\\/oni-znamena-ty-ja\\\/\",\"url\":\"https:\\\/\\\/tv.joycemeyer.org\\\/slovak\\\/devotional\\\/oni-znamena-ty-ja\\\/\",\"name\":\"\u201eOni\u201c znamen\u00e1 ty a ja - Joyce Meyer Ministries - Slovak\",\"isPartOf\":{\"@id\":\"https:\\\/\\\/tv.joycemeyer.org\\\/slovak\\\/#website\"},\"primaryImageOfPage\":{\"@id\":\"https:\\\/\\\/tv.joycemeyer.org\\\/slovak\\\/devotional\\\/oni-znamena-ty-ja\\\/#primaryimage\"},\"image\":{\"@id\":\"https:\\\/\\\/tv.joycemeyer.org\\\/slovak\\\/devotional\\\/oni-znamena-ty-ja\\\/#primaryimage\"},\"thumbnailUrl\":\"https:\\\/\\\/tv.joycemeyer.org\\\/slovak\\\/wp-content\\\/uploads\\\/sites\\\/88\\\/2020\\\/07\\\/880.jpg\",\"datePublished\":\"2020-06-29T16:14:56+00:00\",\"dateModified\":\"2020-07-02T16:15:45+00:00\",\"breadcrumb\":{\"@id\":\"https:\\\/\\\/tv.joycemeyer.org\\\/slovak\\\/devotional\\\/oni-znamena-ty-ja\\\/#breadcrumb\"},\"inLanguage\":\"en-US\",\"potentialAction\":[{\"@type\":\"ReadAction\",\"target\":[\"https:\\\/\\\/tv.joycemeyer.org\\\/slovak\\\/devotional\\\/oni-znamena-ty-ja\\\/\"]}]},{\"@type\":\"ImageObject\",\"inLanguage\":\"en-US\",\"@id\":\"https:\\\/\\\/tv.joycemeyer.org\\\/slovak\\\/devotional\\\/oni-znamena-ty-ja\\\/#primaryimage\",\"url\":\"https:\\\/\\\/tv.joycemeyer.org\\\/slovak\\\/wp-content\\\/uploads\\\/sites\\\/88\\\/2020\\\/07\\\/880.jpg\",\"contentUrl\":\"https:\\\/\\\/tv.joycemeyer.org\\\/slovak\\\/wp-content\\\/uploads\\\/sites\\\/88\\\/2020\\\/07\\\/880.jpg\",\"width\":960,\"height\":540,\"caption\":\"\u201eOni\u201c znamen\u00e1 ty a ja\"},{\"@type\":\"BreadcrumbList\",\"@id\":\"https:\\\/\\\/tv.joycemeyer.org\\\/slovak\\\/devotional\\\/oni-znamena-ty-ja\\\/#breadcrumb\",\"itemListElement\":[{\"@type\":\"ListItem\",\"position\":1,\"name\":\"Home\",\"item\":\"https:\\\/\\\/tv.joycemeyer.org\\\/slovak\\\/\"},{\"@type\":\"ListItem\",\"position\":2,\"name\":\"Devotional\",\"item\":\"https:\\\/\\\/tv.joycemeyer.org\\\/slovak\\\/devotional\\\/\"},{\"@type\":\"ListItem\",\"position\":3,\"name\":\"\u201eOni\u201c znamen\u00e1 ty a ja\"}]},{\"@type\":\"WebSite\",\"@id\":\"https:\\\/\\\/tv.joycemeyer.org\\\/slovak\\\/#website\",\"url\":\"https:\\\/\\\/tv.joycemeyer.org\\\/slovak\\\/\",\"name\":\"Joyce Meyer Ministries - Slovak\",\"description\":\"Zdie\u013ea\u0165 Krista - Milova\u0165 \u013eud\u00ed\",\"potentialAction\":[{\"@type\":\"SearchAction\",\"target\":{\"@type\":\"EntryPoint\",\"urlTemplate\":\"https:\\\/\\\/tv.joycemeyer.org\\\/slovak\\\/?s={search_term_string}\"},\"query-input\":{\"@type\":\"PropertyValueSpecification\",\"valueRequired\":true,\"valueName\":\"search_term_string\"}}],\"inLanguage\":\"en-US\"}]}<\/script>\n<!-- \/ Yoast SEO plugin. -->","yoast_head_json":{"title":"\u201eOni\u201c znamen\u00e1 ty a ja - Joyce Meyer Ministries - Slovak","robots":{"index":"index","follow":"follow","max-snippet":"max-snippet:-1","max-image-preview":"max-image-preview:large","max-video-preview":"max-video-preview:-1"},"canonical":"https:\/\/tv.joycemeyer.org\/slovak\/devotional\/oni-znamena-ty-ja\/","og_locale":"en_US","og_type":"article","og_title":"\u201eOni\u201c znamen\u00e1 ty a ja - Joyce Meyer Ministries - Slovak","og_description":"Spravedlivos\u0165 a s\u00fad je podstatou tvojho tr\u00f3nu; milos\u0165 a pravda predch\u00e1dzaj\u00fa tvoju tv\u00e1r. &#8211; \u017dALM 89:15 Boh je spravodliv\u00fd. Je to jeho charakter &#8211; k\u00fdm On je &#8211; a je to nie\u010do, \u010do On chce, aby sme sa o to aj my usilovali. Spravodlivos\u0165 sa sna\u017e\u00ed napravi\u0165 nespr\u00e1vne veci. Sme Bo\u017e\u00edmi agentmi, prostredn\u00edctvom ktor\u00fdch m\u00f4\u017ee...","og_url":"https:\/\/tv.joycemeyer.org\/slovak\/devotional\/oni-znamena-ty-ja\/","og_site_name":"Joyce Meyer Ministries - Slovak","article_modified_time":"2020-07-02T16:15:45+00:00","og_image":[{"width":960,"height":540,"url":"https:\/\/tv.joycemeyer.org\/slovak\/wp-content\/uploads\/sites\/88\/2020\/07\/880.jpg","type":"image\/jpeg"}],"twitter_card":"summary_large_image","twitter_misc":{"Est. reading time":"2 minutes"},"schema":{"@context":"https:\/\/schema.org","@graph":[{"@type":"WebPage","@id":"https:\/\/tv.joycemeyer.org\/slovak\/devotional\/oni-znamena-ty-ja\/","url":"https:\/\/tv.joycemeyer.org\/slovak\/devotional\/oni-znamena-ty-ja\/","name":"\u201eOni\u201c znamen\u00e1 ty a ja - Joyce Meyer Ministries - Slovak","isPartOf":{"@id":"https:\/\/tv.joycemeyer.org\/slovak\/#website"},"primaryImageOfPage":{"@id":"https:\/\/tv.joycemeyer.org\/slovak\/devotional\/oni-znamena-ty-ja\/#primaryimage"},"image":{"@id":"https:\/\/tv.joycemeyer.org\/slovak\/devotional\/oni-znamena-ty-ja\/#primaryimage"},"thumbnailUrl":"https:\/\/tv.joycemeyer.org\/slovak\/wp-content\/uploads\/sites\/88\/2020\/07\/880.jpg","datePublished":"2020-06-29T16:14:56+00:00","dateModified":"2020-07-02T16:15:45+00:00","breadcrumb":{"@id":"https:\/\/tv.joycemeyer.org\/slovak\/devotional\/oni-znamena-ty-ja\/#breadcrumb"},"inLanguage":"en-US","potentialAction":[{"@type":"ReadAction","target":["https:\/\/tv.joycemeyer.org\/slovak\/devotional\/oni-znamena-ty-ja\/"]}]},{"@type":"ImageObject","inLanguage":"en-US","@id":"https:\/\/tv.joycemeyer.org\/slovak\/devotional\/oni-znamena-ty-ja\/#primaryimage","url":"https:\/\/tv.joycemeyer.org\/slovak\/wp-content\/uploads\/sites\/88\/2020\/07\/880.jpg","contentUrl":"https:\/\/tv.joycemeyer.org\/slovak\/wp-content\/uploads\/sites\/88\/2020\/07\/880.jpg","width":960,"height":540,"caption":"\u201eOni\u201c znamen\u00e1 ty a ja"},{"@type":"BreadcrumbList","@id":"https:\/\/tv.joycemeyer.org\/slovak\/devotional\/oni-znamena-ty-ja\/#breadcrumb","itemListElement":[{"@type":"ListItem","position":1,"name":"Home","item":"https:\/\/tv.joycemeyer.org\/slovak\/"},{"@type":"ListItem","position":2,"name":"Devotional","item":"https:\/\/tv.joycemeyer.org\/slovak\/devotional\/"},{"@type":"ListItem","position":3,"name":"\u201eOni\u201c znamen\u00e1 ty a ja"}]},{"@type":"WebSite","@id":"https:\/\/tv.joycemeyer.org\/slovak\/#website","url":"https:\/\/tv.joycemeyer.org\/slovak\/","name":"Joyce Meyer Ministries - Slovak","description":"Zdie\u013ea\u0165 Krista - Milova\u0165 \u013eud\u00ed","potentialAction":[{"@type":"SearchAction","target":{"@type":"EntryPoint","urlTemplate":"https:\/\/tv.joycemeyer.org\/slovak\/?s={search_term_string}"},"query-input":{"@type":"PropertyValueSpecification","valueRequired":true,"valueName":"search_term_string"}}],"inLanguage":"en-US"}]}},"_links":{"self":[{"href":"https:\/\/tv.joycemeyer.org\/slovak\/wp-json\/wp\/v2\/devotional\/638","targetHints":{"allow":["GET"]}}],"collection":[{"href":"https:\/\/tv.joycemeyer.org\/slovak\/wp-json\/wp\/v2\/devotional"}],"about":[{"href":"https:\/\/tv.joycemeyer.org\/slovak\/wp-json\/wp\/v2\/types\/devotional"}],"author":[{"embeddable":true,"href":"https:\/\/tv.joycemeyer.org\/slovak\/wp-json\/wp\/v2\/users\/15"}],"replies":[{"embeddable":true,"href":"https:\/\/tv.joycemeyer.org\/slovak\/wp-json\/wp\/v2\/comments?post=638"}],"wp:featuredmedia":[{"embeddable":true,"href":"https:\/\/tv.joycemeyer.org\/slovak\/wp-json\/wp\/v2\/media\/639"}],"wp:attachment":[{"href":"https:\/\/tv.joycemeyer.org\/slovak\/wp-json\/wp\/v2\/media?parent=638"}],"curies":[{"name":"wp","href":"https:\/\/api.w.org\/{rel}","templated":true}]}}