{"id":662,"date":"2021-07-22T00:01:35","date_gmt":"2021-07-22T00:01:35","guid":{"rendered":"https:\/\/tv.joycemeyer.org\/slovak\/?post_type=devotional&#038;p=662"},"modified":"2021-07-21T19:45:37","modified_gmt":"2021-07-21T19:45:37","slug":"dnes-mozes-vyhrat-bitku","status":"publish","type":"devotional","link":"https:\/\/tv.joycemeyer.org\/slovak\/devotional\/dnes-mozes-vyhrat-bitku\/","title":{"rendered":"Dnes m\u00f4\u017ee\u0161 vyhra\u0165 bitku"},"content":{"rendered":"<p><strong>Lebo myse\u013e tela [zmysly a logika bez Sv\u00e4t\u00e9ho Ducha] je smr\u0165, ale myse\u013e [Sv\u00e4t\u00e9ho] Ducha je \u017eivot a [du\u0161evn\u00fd] pokoj [teraz aj naveky]. &#8211; RIMANOM 8:6<\/strong><\/p>\n<p>Pr\u00e1ve teraz sme ty aj ja uprostred vojny. Je to duchovn\u00fd boj a z\u00e1pas\u00edme proti vl\u00e1dcom temnoty tohto veku, proti duchovn\u00fdm z\u00e1stupom bezbo\u017enosti (Efe\u017eanom 6:12). Potrebujeme ma\u0165 myse\u013e Sv\u00e4t\u00e9ho Ducha, ak chceme vyhra\u0165 bitku.<\/p>\n<p>Je smutn\u00e9, \u017ee je ve\u013ea veriacich, ktor\u00ed jednaj\u00fa telesnou mys\u013eou. Ak v\u0161ak chceme \u017ei\u0165 sp\u00f4sobom, ktor\u00fd dok\u00e1\u017ee zmeni\u0165 n\u00e1\u0161 svet, potom mus\u00edme presta\u0165 \u017ei\u0165 v tele a za\u010da\u0165 \u017ei\u0165 v Duchu.<\/p>\n<p>Ka\u017ed\u00fd z n\u00e1s potrebuje neust\u00e1le d\u00e1va\u0165 svoje telesn\u00e9 t\u00fa\u017eby pod kontrolu Sv\u00e4t\u00e9mu Duchu a nedovoli\u0165 svojim em\u00f3ci\u00e1m alebo mysli, aby n\u00e1s ovl\u00e1dali. P\u00edsmo vysvet\u013euje, \u017ee duch bojuje proti telu a telo proti duchu, tak\u017ee s\u00fa neust\u00e1lymi protivn\u00edkmi.<\/p>\n<p>Je to vojna! Diabol n\u00e1s nen\u00e1vid\u00ed a neust\u00e1le pracuje nad\u010dasy, pok\u00fa\u0161aj\u00fac n\u00e1s, aby sme pod\u013eahli telu.<\/p>\n<p>Koniec koncov ty rozhoduje\u0161, kto vyhr\u00e1 v tvojom \u017eivote. Dobrou spr\u00e1vou je, \u017ee nemus\u00ed\u0161 by\u0165 z\u00e1visl\u00fdm na svojom tele. M\u00f4\u017ee\u0161 \u017ei\u0165 v Duchu, prin\u00e1\u0161aj\u00fac svoje telo do s\u00faladu s Jeho v\u00f4\u013eou. Dnes m\u00f4\u017ee\u0161 vyhra\u0165 ten boj!<\/p>\n<p>Modlitba<\/p>\n<p>Bo\u017ee, dnes chcem vyhra\u0165 ten boj. Chcem ma\u0165 myse\u013e Sv\u00e4t\u00e9ho Ducha, \u010do je \u017eivot a pokoj. Dnes si vyber\u00e1m Tvojho Ducha. Pom\u00f4\u017e mi da\u0165 moje telo do s\u00faladu s Tvojou v\u00f4\u013eou.<\/p>\n","protected":false},"excerpt":{"rendered":"<p>Lebo myse\u013e tela [zmysly a logika bez Sv\u00e4t\u00e9ho Ducha] je smr\u0165, ale myse\u013e [Sv\u00e4t\u00e9ho] Ducha je \u017eivot a [du\u0161evn\u00fd] pokoj [teraz aj naveky]. &#8211; RIMANOM 8:6 Pr\u00e1ve teraz sme ty aj ja uprostred vojny. Je to duchovn\u00fd boj a z\u00e1pas\u00edme proti vl\u00e1dcom temnoty tohto veku, proti duchovn\u00fdm z\u00e1stupom bezbo\u017enosti (Efe\u017eanom 6:12). Potrebujeme ma\u0165 myse\u013e Sv\u00e4t\u00e9ho&#8230;<\/p>\n","protected":false},"author":15,"featured_media":663,"parent":0,"menu_order":0,"comment_status":"closed","ping_status":"closed","template":"","class_list":["post-662","devotional","type-devotional","status-publish","has-post-thumbnail","hentry"],"acf":[],"appp":{"post_detail":{"above_title":"<div class=\"post-featured-wrap\"><img width=\"960\" height=\"540\" src=\"https:\/\/tv.joycemeyer.org\/slovak\/wp-content\/uploads\/sites\/88\/2020\/07\/1117.jpg\" class=\"post-featured wp-post-image\" alt=\"\" decoding=\"async\" srcset=\"https:\/\/tv.joycemeyer.org\/slovak\/wp-content\/uploads\/sites\/88\/2020\/07\/1117.jpg 960w, https:\/\/tv.joycemeyer.org\/slovak\/wp-content\/uploads\/sites\/88\/2020\/07\/1117-300x169.jpg 300w, https:\/\/tv.joycemeyer.org\/slovak\/wp-content\/uploads\/sites\/88\/2020\/07\/1117-768x432.jpg 768w, https:\/\/tv.joycemeyer.org\/slovak\/wp-content\/uploads\/sites\/88\/2020\/07\/1117-640x360.jpg 640w\" sizes=\"(max-width: 960px) 100vw, 960px\" \/><\/div>","below_content":""}},"yoast_head":"<!-- This site is optimized with the Yoast SEO plugin v27.4 - https:\/\/yoast.com\/product\/yoast-seo-wordpress\/ -->\n<title>Dnes m\u00f4\u017ee\u0161 vyhra\u0165 bitku - Joyce Meyer Ministries - Slovak<\/title>\n<meta name=\"robots\" content=\"index, follow, max-snippet:-1, max-image-preview:large, max-video-preview:-1\" \/>\n<link rel=\"canonical\" href=\"https:\/\/tv.joycemeyer.org\/slovak\/devotional\/dnes-mozes-vyhrat-bitku\/\" \/>\n<meta property=\"og:locale\" content=\"en_US\" \/>\n<meta property=\"og:type\" content=\"article\" \/>\n<meta property=\"og:title\" content=\"Dnes m\u00f4\u017ee\u0161 vyhra\u0165 bitku - Joyce Meyer Ministries - Slovak\" \/>\n<meta property=\"og:description\" content=\"Lebo myse\u013e tela [zmysly a logika bez Sv\u00e4t\u00e9ho Ducha] je smr\u0165, ale myse\u013e [Sv\u00e4t\u00e9ho] Ducha je \u017eivot a [du\u0161evn\u00fd] pokoj [teraz aj naveky]. &#8211; RIMANOM 8:6 Pr\u00e1ve teraz sme ty aj ja uprostred vojny. Je to duchovn\u00fd boj a z\u00e1pas\u00edme proti vl\u00e1dcom temnoty tohto veku, proti duchovn\u00fdm z\u00e1stupom bezbo\u017enosti (Efe\u017eanom 6:12). Potrebujeme ma\u0165 myse\u013e Sv\u00e4t\u00e9ho...\" \/>\n<meta property=\"og:url\" content=\"https:\/\/tv.joycemeyer.org\/slovak\/devotional\/dnes-mozes-vyhrat-bitku\/\" \/>\n<meta property=\"og:site_name\" content=\"Joyce Meyer Ministries - Slovak\" \/>\n<meta property=\"og:image\" content=\"https:\/\/tv.joycemeyer.org\/slovak\/wp-content\/uploads\/sites\/88\/2020\/07\/1117.jpg\" \/>\n\t<meta property=\"og:image:width\" content=\"960\" \/>\n\t<meta property=\"og:image:height\" content=\"540\" \/>\n\t<meta property=\"og:image:type\" content=\"image\/jpeg\" \/>\n<meta name=\"twitter:card\" content=\"summary_large_image\" \/>\n<meta name=\"twitter:label1\" content=\"Est. reading time\" \/>\n\t<meta name=\"twitter:data1\" content=\"1 minute\" \/>\n<script type=\"application\/ld+json\" class=\"yoast-schema-graph\">{\"@context\":\"https:\\\/\\\/schema.org\",\"@graph\":[{\"@type\":\"WebPage\",\"@id\":\"https:\\\/\\\/tv.joycemeyer.org\\\/slovak\\\/devotional\\\/dnes-mozes-vyhrat-bitku\\\/\",\"url\":\"https:\\\/\\\/tv.joycemeyer.org\\\/slovak\\\/devotional\\\/dnes-mozes-vyhrat-bitku\\\/\",\"name\":\"Dnes m\u00f4\u017ee\u0161 vyhra\u0165 bitku - Joyce Meyer Ministries - Slovak\",\"isPartOf\":{\"@id\":\"https:\\\/\\\/tv.joycemeyer.org\\\/slovak\\\/#website\"},\"primaryImageOfPage\":{\"@id\":\"https:\\\/\\\/tv.joycemeyer.org\\\/slovak\\\/devotional\\\/dnes-mozes-vyhrat-bitku\\\/#primaryimage\"},\"image\":{\"@id\":\"https:\\\/\\\/tv.joycemeyer.org\\\/slovak\\\/devotional\\\/dnes-mozes-vyhrat-bitku\\\/#primaryimage\"},\"thumbnailUrl\":\"https:\\\/\\\/tv.joycemeyer.org\\\/slovak\\\/wp-content\\\/uploads\\\/sites\\\/88\\\/2020\\\/07\\\/1117.jpg\",\"datePublished\":\"2021-07-22T00:01:35+00:00\",\"breadcrumb\":{\"@id\":\"https:\\\/\\\/tv.joycemeyer.org\\\/slovak\\\/devotional\\\/dnes-mozes-vyhrat-bitku\\\/#breadcrumb\"},\"inLanguage\":\"en-US\",\"potentialAction\":[{\"@type\":\"ReadAction\",\"target\":[\"https:\\\/\\\/tv.joycemeyer.org\\\/slovak\\\/devotional\\\/dnes-mozes-vyhrat-bitku\\\/\"]}]},{\"@type\":\"ImageObject\",\"inLanguage\":\"en-US\",\"@id\":\"https:\\\/\\\/tv.joycemeyer.org\\\/slovak\\\/devotional\\\/dnes-mozes-vyhrat-bitku\\\/#primaryimage\",\"url\":\"https:\\\/\\\/tv.joycemeyer.org\\\/slovak\\\/wp-content\\\/uploads\\\/sites\\\/88\\\/2020\\\/07\\\/1117.jpg\",\"contentUrl\":\"https:\\\/\\\/tv.joycemeyer.org\\\/slovak\\\/wp-content\\\/uploads\\\/sites\\\/88\\\/2020\\\/07\\\/1117.jpg\",\"width\":960,\"height\":540,\"caption\":\"Dnes m\u00f4\u017ee\u0161 vyhra\u0165 bitku\"},{\"@type\":\"BreadcrumbList\",\"@id\":\"https:\\\/\\\/tv.joycemeyer.org\\\/slovak\\\/devotional\\\/dnes-mozes-vyhrat-bitku\\\/#breadcrumb\",\"itemListElement\":[{\"@type\":\"ListItem\",\"position\":1,\"name\":\"Home\",\"item\":\"https:\\\/\\\/tv.joycemeyer.org\\\/slovak\\\/\"},{\"@type\":\"ListItem\",\"position\":2,\"name\":\"Devotional\",\"item\":\"https:\\\/\\\/tv.joycemeyer.org\\\/slovak\\\/devotional\\\/\"},{\"@type\":\"ListItem\",\"position\":3,\"name\":\"Dnes m\u00f4\u017ee\u0161 vyhra\u0165 bitku\"}]},{\"@type\":\"WebSite\",\"@id\":\"https:\\\/\\\/tv.joycemeyer.org\\\/slovak\\\/#website\",\"url\":\"https:\\\/\\\/tv.joycemeyer.org\\\/slovak\\\/\",\"name\":\"Joyce Meyer Ministries - Slovak\",\"description\":\"Zdie\u013ea\u0165 Krista - Milova\u0165 \u013eud\u00ed\",\"potentialAction\":[{\"@type\":\"SearchAction\",\"target\":{\"@type\":\"EntryPoint\",\"urlTemplate\":\"https:\\\/\\\/tv.joycemeyer.org\\\/slovak\\\/?s={search_term_string}\"},\"query-input\":{\"@type\":\"PropertyValueSpecification\",\"valueRequired\":true,\"valueName\":\"search_term_string\"}}],\"inLanguage\":\"en-US\"}]}<\/script>\n<!-- \/ Yoast SEO plugin. -->","yoast_head_json":{"title":"Dnes m\u00f4\u017ee\u0161 vyhra\u0165 bitku - Joyce Meyer Ministries - Slovak","robots":{"index":"index","follow":"follow","max-snippet":"max-snippet:-1","max-image-preview":"max-image-preview:large","max-video-preview":"max-video-preview:-1"},"canonical":"https:\/\/tv.joycemeyer.org\/slovak\/devotional\/dnes-mozes-vyhrat-bitku\/","og_locale":"en_US","og_type":"article","og_title":"Dnes m\u00f4\u017ee\u0161 vyhra\u0165 bitku - Joyce Meyer Ministries - Slovak","og_description":"Lebo myse\u013e tela [zmysly a logika bez Sv\u00e4t\u00e9ho Ducha] je smr\u0165, ale myse\u013e [Sv\u00e4t\u00e9ho] Ducha je \u017eivot a [du\u0161evn\u00fd] pokoj [teraz aj naveky]. &#8211; RIMANOM 8:6 Pr\u00e1ve teraz sme ty aj ja uprostred vojny. Je to duchovn\u00fd boj a z\u00e1pas\u00edme proti vl\u00e1dcom temnoty tohto veku, proti duchovn\u00fdm z\u00e1stupom bezbo\u017enosti (Efe\u017eanom 6:12). Potrebujeme ma\u0165 myse\u013e Sv\u00e4t\u00e9ho...","og_url":"https:\/\/tv.joycemeyer.org\/slovak\/devotional\/dnes-mozes-vyhrat-bitku\/","og_site_name":"Joyce Meyer Ministries - Slovak","og_image":[{"width":960,"height":540,"url":"https:\/\/tv.joycemeyer.org\/slovak\/wp-content\/uploads\/sites\/88\/2020\/07\/1117.jpg","type":"image\/jpeg"}],"twitter_card":"summary_large_image","twitter_misc":{"Est. reading time":"1 minute"},"schema":{"@context":"https:\/\/schema.org","@graph":[{"@type":"WebPage","@id":"https:\/\/tv.joycemeyer.org\/slovak\/devotional\/dnes-mozes-vyhrat-bitku\/","url":"https:\/\/tv.joycemeyer.org\/slovak\/devotional\/dnes-mozes-vyhrat-bitku\/","name":"Dnes m\u00f4\u017ee\u0161 vyhra\u0165 bitku - Joyce Meyer Ministries - Slovak","isPartOf":{"@id":"https:\/\/tv.joycemeyer.org\/slovak\/#website"},"primaryImageOfPage":{"@id":"https:\/\/tv.joycemeyer.org\/slovak\/devotional\/dnes-mozes-vyhrat-bitku\/#primaryimage"},"image":{"@id":"https:\/\/tv.joycemeyer.org\/slovak\/devotional\/dnes-mozes-vyhrat-bitku\/#primaryimage"},"thumbnailUrl":"https:\/\/tv.joycemeyer.org\/slovak\/wp-content\/uploads\/sites\/88\/2020\/07\/1117.jpg","datePublished":"2021-07-22T00:01:35+00:00","breadcrumb":{"@id":"https:\/\/tv.joycemeyer.org\/slovak\/devotional\/dnes-mozes-vyhrat-bitku\/#breadcrumb"},"inLanguage":"en-US","potentialAction":[{"@type":"ReadAction","target":["https:\/\/tv.joycemeyer.org\/slovak\/devotional\/dnes-mozes-vyhrat-bitku\/"]}]},{"@type":"ImageObject","inLanguage":"en-US","@id":"https:\/\/tv.joycemeyer.org\/slovak\/devotional\/dnes-mozes-vyhrat-bitku\/#primaryimage","url":"https:\/\/tv.joycemeyer.org\/slovak\/wp-content\/uploads\/sites\/88\/2020\/07\/1117.jpg","contentUrl":"https:\/\/tv.joycemeyer.org\/slovak\/wp-content\/uploads\/sites\/88\/2020\/07\/1117.jpg","width":960,"height":540,"caption":"Dnes m\u00f4\u017ee\u0161 vyhra\u0165 bitku"},{"@type":"BreadcrumbList","@id":"https:\/\/tv.joycemeyer.org\/slovak\/devotional\/dnes-mozes-vyhrat-bitku\/#breadcrumb","itemListElement":[{"@type":"ListItem","position":1,"name":"Home","item":"https:\/\/tv.joycemeyer.org\/slovak\/"},{"@type":"ListItem","position":2,"name":"Devotional","item":"https:\/\/tv.joycemeyer.org\/slovak\/devotional\/"},{"@type":"ListItem","position":3,"name":"Dnes m\u00f4\u017ee\u0161 vyhra\u0165 bitku"}]},{"@type":"WebSite","@id":"https:\/\/tv.joycemeyer.org\/slovak\/#website","url":"https:\/\/tv.joycemeyer.org\/slovak\/","name":"Joyce Meyer Ministries - Slovak","description":"Zdie\u013ea\u0165 Krista - Milova\u0165 \u013eud\u00ed","potentialAction":[{"@type":"SearchAction","target":{"@type":"EntryPoint","urlTemplate":"https:\/\/tv.joycemeyer.org\/slovak\/?s={search_term_string}"},"query-input":{"@type":"PropertyValueSpecification","valueRequired":true,"valueName":"search_term_string"}}],"inLanguage":"en-US"}]}},"_links":{"self":[{"href":"https:\/\/tv.joycemeyer.org\/slovak\/wp-json\/wp\/v2\/devotional\/662","targetHints":{"allow":["GET"]}}],"collection":[{"href":"https:\/\/tv.joycemeyer.org\/slovak\/wp-json\/wp\/v2\/devotional"}],"about":[{"href":"https:\/\/tv.joycemeyer.org\/slovak\/wp-json\/wp\/v2\/types\/devotional"}],"author":[{"embeddable":true,"href":"https:\/\/tv.joycemeyer.org\/slovak\/wp-json\/wp\/v2\/users\/15"}],"replies":[{"embeddable":true,"href":"https:\/\/tv.joycemeyer.org\/slovak\/wp-json\/wp\/v2\/comments?post=662"}],"wp:featuredmedia":[{"embeddable":true,"href":"https:\/\/tv.joycemeyer.org\/slovak\/wp-json\/wp\/v2\/media\/663"}],"wp:attachment":[{"href":"https:\/\/tv.joycemeyer.org\/slovak\/wp-json\/wp\/v2\/media?parent=662"}],"curies":[{"name":"wp","href":"https:\/\/api.w.org\/{rel}","templated":true}]}}