{"id":722,"date":"2021-08-18T01:01:18","date_gmt":"2021-08-18T01:01:18","guid":{"rendered":"https:\/\/tv.joycemeyer.org\/slovak\/?post_type=devotional&#038;p=722"},"modified":"2021-08-17T16:22:16","modified_gmt":"2021-08-17T16:22:16","slug":"zazi-novy-zaciatok","status":"publish","type":"devotional","link":"https:\/\/tv.joycemeyer.org\/slovak\/devotional\/zazi-novy-zaciatok\/","title":{"rendered":"Za\u017ei nov\u00fd za\u010diatok"},"content":{"rendered":"<p><strong>A obnovovali sa v duchu svojej mysle [maj\u00fac nov\u00fd ment\u00e1lny a duchovn\u00fd postoj]. &#8211; EFE\u017dANOM 4:23<\/strong><\/p>\n<p>Biblia je pln\u00e1 pr\u00edbehov o \u013eu\u010foch, ktor\u00ed za\u017e\u00edvali nov\u00e9 za\u010diatky. Moj\u017ei\u0161 sa stal vodcom po tom, ako bol pastierom \u0161tyridsa\u0165 rokov. Pavol nen\u00e1videl Krista, k\u00fdm ho Boh neobnovil a neurobil z neho jedn\u00e9ho z najv\u00e4\u010d\u0161\u00edch apo\u0161tolov v\u0161etk\u00fdch \u010dias.<\/p>\n<p>Ke\u010f prijmeme Je\u017ei\u0161a ako svojho Spasite\u013ea, je to \u00faplne nov\u00fd za\u010diatok. Staneme sa nov\u00fdm stvoren\u00edm s pr\u00edle\u017eitos\u0165ou u\u010di\u0165 sa \u017ei\u0165 nov\u00fdm sp\u00f4sobom. Av\u0161ak, prv\u00fdm krokom k za\u017e\u00edvaniu tohto nov\u00e9ho \u017eivota je viera, \u017ee tak\u00fd \u017eivot je dostupn\u00fd aj pre teba.<\/p>\n<p>Efe\u017eanom 4:23 hovor\u00ed, \u017ee mus\u00edme neust\u00e1le obnovova\u0165 svoje mysle a postoje. Je \u013eahk\u00e9 \u010d\u00edta\u0165 v Biblii o skvel\u00fdch \u013eu\u010foch a myslie\u0165 si, \u017ee z\u010faleka nie si ako oni, ale akon\u00e1hle za\u010dne\u0161 takto prem\u00fd\u0161\u013ea\u0165, potrebuje\u0161 si obnovi\u0165 svoju myse\u013e spr\u00e1vnym sp\u00f4sobom.<\/p>\n<p>Rozhodni sa zm\u00fd\u0161\u013ea\u0165 v s\u00falade s Bo\u017e\u00edm Slovom &#8211; nie pod\u013ea pocitov. Prijmi Jeho l\u00e1sku a za\u017ei nov\u00fd za\u010diatok. \u017divot sa stane ove\u013ea slad\u0161\u00edm, ak \u017eije\u0161 s postojom: Boh ma \u00faplne men\u00ed zvn\u00fatra navonok. D\u00e1va mi nov\u00fd za\u010diatok a predo mnou s\u00fa v\u00e4\u010d\u0161ie veci ako za mnou.Modlitba<\/p>\n<p>Pane, chcem obnovi\u0165 svoju myse\u013e Tvoj\u00edm Slovom. Viem, \u017ee m\u00e1\u0161 pre m\u0148a nov\u00fd za\u010diatok a povol\u00e1va\u0161 ma rovnako ako Moj\u017ei\u0161a a Pavla. Prij\u00edmam to dnes, veriac, \u017ee to spln\u00ed\u0161.<\/p>\n","protected":false},"excerpt":{"rendered":"<p>A obnovovali sa v duchu svojej mysle [maj\u00fac nov\u00fd ment\u00e1lny a duchovn\u00fd postoj]. &#8211; EFE\u017dANOM 4:23 Biblia je pln\u00e1 pr\u00edbehov o \u013eu\u010foch, ktor\u00ed za\u017e\u00edvali nov\u00e9 za\u010diatky. Moj\u017ei\u0161 sa stal vodcom po tom, ako bol pastierom \u0161tyridsa\u0165 rokov. Pavol nen\u00e1videl Krista, k\u00fdm ho Boh neobnovil a neurobil z neho jedn\u00e9ho z najv\u00e4\u010d\u0161\u00edch apo\u0161tolov v\u0161etk\u00fdch \u010dias. Ke\u010f&#8230;<\/p>\n","protected":false},"author":15,"featured_media":723,"parent":0,"menu_order":0,"comment_status":"closed","ping_status":"closed","template":"","class_list":["post-722","devotional","type-devotional","status-publish","has-post-thumbnail","hentry"],"acf":[],"appp":{"post_detail":{"above_title":"<div class=\"post-featured-wrap\"><img width=\"960\" height=\"540\" src=\"https:\/\/tv.joycemeyer.org\/slovak\/wp-content\/uploads\/sites\/88\/2020\/08\/704.jpg\" class=\"post-featured wp-post-image\" alt=\"\" decoding=\"async\" srcset=\"https:\/\/tv.joycemeyer.org\/slovak\/wp-content\/uploads\/sites\/88\/2020\/08\/704.jpg 960w, https:\/\/tv.joycemeyer.org\/slovak\/wp-content\/uploads\/sites\/88\/2020\/08\/704-300x169.jpg 300w, https:\/\/tv.joycemeyer.org\/slovak\/wp-content\/uploads\/sites\/88\/2020\/08\/704-768x432.jpg 768w, https:\/\/tv.joycemeyer.org\/slovak\/wp-content\/uploads\/sites\/88\/2020\/08\/704-640x360.jpg 640w\" sizes=\"(max-width: 960px) 100vw, 960px\" \/><\/div>","below_content":""}},"yoast_head":"<!-- This site is optimized with the Yoast SEO plugin v27.4 - https:\/\/yoast.com\/product\/yoast-seo-wordpress\/ -->\n<title>Za\u017ei nov\u00fd za\u010diatok - Joyce Meyer Ministries - Slovak<\/title>\n<meta name=\"robots\" content=\"index, follow, max-snippet:-1, max-image-preview:large, max-video-preview:-1\" \/>\n<link rel=\"canonical\" href=\"https:\/\/tv.joycemeyer.org\/slovak\/devotional\/zazi-novy-zaciatok\/\" \/>\n<meta property=\"og:locale\" content=\"en_US\" \/>\n<meta property=\"og:type\" content=\"article\" \/>\n<meta property=\"og:title\" content=\"Za\u017ei nov\u00fd za\u010diatok - Joyce Meyer Ministries - Slovak\" \/>\n<meta property=\"og:description\" content=\"A obnovovali sa v duchu svojej mysle [maj\u00fac nov\u00fd ment\u00e1lny a duchovn\u00fd postoj]. &#8211; EFE\u017dANOM 4:23 Biblia je pln\u00e1 pr\u00edbehov o \u013eu\u010foch, ktor\u00ed za\u017e\u00edvali nov\u00e9 za\u010diatky. Moj\u017ei\u0161 sa stal vodcom po tom, ako bol pastierom \u0161tyridsa\u0165 rokov. Pavol nen\u00e1videl Krista, k\u00fdm ho Boh neobnovil a neurobil z neho jedn\u00e9ho z najv\u00e4\u010d\u0161\u00edch apo\u0161tolov v\u0161etk\u00fdch \u010dias. Ke\u010f...\" \/>\n<meta property=\"og:url\" content=\"https:\/\/tv.joycemeyer.org\/slovak\/devotional\/zazi-novy-zaciatok\/\" \/>\n<meta property=\"og:site_name\" content=\"Joyce Meyer Ministries - Slovak\" \/>\n<meta property=\"og:image\" content=\"https:\/\/tv.joycemeyer.org\/slovak\/wp-content\/uploads\/sites\/88\/2020\/08\/704.jpg\" \/>\n\t<meta property=\"og:image:width\" content=\"960\" \/>\n\t<meta property=\"og:image:height\" content=\"540\" \/>\n\t<meta property=\"og:image:type\" content=\"image\/jpeg\" \/>\n<meta name=\"twitter:card\" content=\"summary_large_image\" \/>\n<meta name=\"twitter:label1\" content=\"Est. reading time\" \/>\n\t<meta name=\"twitter:data1\" content=\"1 minute\" \/>\n<script type=\"application\/ld+json\" class=\"yoast-schema-graph\">{\"@context\":\"https:\\\/\\\/schema.org\",\"@graph\":[{\"@type\":\"WebPage\",\"@id\":\"https:\\\/\\\/tv.joycemeyer.org\\\/slovak\\\/devotional\\\/zazi-novy-zaciatok\\\/\",\"url\":\"https:\\\/\\\/tv.joycemeyer.org\\\/slovak\\\/devotional\\\/zazi-novy-zaciatok\\\/\",\"name\":\"Za\u017ei nov\u00fd za\u010diatok - Joyce Meyer Ministries - Slovak\",\"isPartOf\":{\"@id\":\"https:\\\/\\\/tv.joycemeyer.org\\\/slovak\\\/#website\"},\"primaryImageOfPage\":{\"@id\":\"https:\\\/\\\/tv.joycemeyer.org\\\/slovak\\\/devotional\\\/zazi-novy-zaciatok\\\/#primaryimage\"},\"image\":{\"@id\":\"https:\\\/\\\/tv.joycemeyer.org\\\/slovak\\\/devotional\\\/zazi-novy-zaciatok\\\/#primaryimage\"},\"thumbnailUrl\":\"https:\\\/\\\/tv.joycemeyer.org\\\/slovak\\\/wp-content\\\/uploads\\\/sites\\\/88\\\/2020\\\/08\\\/704.jpg\",\"datePublished\":\"2021-08-18T01:01:18+00:00\",\"breadcrumb\":{\"@id\":\"https:\\\/\\\/tv.joycemeyer.org\\\/slovak\\\/devotional\\\/zazi-novy-zaciatok\\\/#breadcrumb\"},\"inLanguage\":\"en-US\",\"potentialAction\":[{\"@type\":\"ReadAction\",\"target\":[\"https:\\\/\\\/tv.joycemeyer.org\\\/slovak\\\/devotional\\\/zazi-novy-zaciatok\\\/\"]}]},{\"@type\":\"ImageObject\",\"inLanguage\":\"en-US\",\"@id\":\"https:\\\/\\\/tv.joycemeyer.org\\\/slovak\\\/devotional\\\/zazi-novy-zaciatok\\\/#primaryimage\",\"url\":\"https:\\\/\\\/tv.joycemeyer.org\\\/slovak\\\/wp-content\\\/uploads\\\/sites\\\/88\\\/2020\\\/08\\\/704.jpg\",\"contentUrl\":\"https:\\\/\\\/tv.joycemeyer.org\\\/slovak\\\/wp-content\\\/uploads\\\/sites\\\/88\\\/2020\\\/08\\\/704.jpg\",\"width\":960,\"height\":540,\"caption\":\"Za\u017ei nov\u00fd za\u010diatok\"},{\"@type\":\"BreadcrumbList\",\"@id\":\"https:\\\/\\\/tv.joycemeyer.org\\\/slovak\\\/devotional\\\/zazi-novy-zaciatok\\\/#breadcrumb\",\"itemListElement\":[{\"@type\":\"ListItem\",\"position\":1,\"name\":\"Home\",\"item\":\"https:\\\/\\\/tv.joycemeyer.org\\\/slovak\\\/\"},{\"@type\":\"ListItem\",\"position\":2,\"name\":\"Devotional\",\"item\":\"https:\\\/\\\/tv.joycemeyer.org\\\/slovak\\\/devotional\\\/\"},{\"@type\":\"ListItem\",\"position\":3,\"name\":\"Za\u017ei nov\u00fd za\u010diatok\"}]},{\"@type\":\"WebSite\",\"@id\":\"https:\\\/\\\/tv.joycemeyer.org\\\/slovak\\\/#website\",\"url\":\"https:\\\/\\\/tv.joycemeyer.org\\\/slovak\\\/\",\"name\":\"Joyce Meyer Ministries - Slovak\",\"description\":\"Zdie\u013ea\u0165 Krista - Milova\u0165 \u013eud\u00ed\",\"potentialAction\":[{\"@type\":\"SearchAction\",\"target\":{\"@type\":\"EntryPoint\",\"urlTemplate\":\"https:\\\/\\\/tv.joycemeyer.org\\\/slovak\\\/?s={search_term_string}\"},\"query-input\":{\"@type\":\"PropertyValueSpecification\",\"valueRequired\":true,\"valueName\":\"search_term_string\"}}],\"inLanguage\":\"en-US\"}]}<\/script>\n<!-- \/ Yoast SEO plugin. -->","yoast_head_json":{"title":"Za\u017ei nov\u00fd za\u010diatok - Joyce Meyer Ministries - Slovak","robots":{"index":"index","follow":"follow","max-snippet":"max-snippet:-1","max-image-preview":"max-image-preview:large","max-video-preview":"max-video-preview:-1"},"canonical":"https:\/\/tv.joycemeyer.org\/slovak\/devotional\/zazi-novy-zaciatok\/","og_locale":"en_US","og_type":"article","og_title":"Za\u017ei nov\u00fd za\u010diatok - Joyce Meyer Ministries - Slovak","og_description":"A obnovovali sa v duchu svojej mysle [maj\u00fac nov\u00fd ment\u00e1lny a duchovn\u00fd postoj]. &#8211; EFE\u017dANOM 4:23 Biblia je pln\u00e1 pr\u00edbehov o \u013eu\u010foch, ktor\u00ed za\u017e\u00edvali nov\u00e9 za\u010diatky. Moj\u017ei\u0161 sa stal vodcom po tom, ako bol pastierom \u0161tyridsa\u0165 rokov. Pavol nen\u00e1videl Krista, k\u00fdm ho Boh neobnovil a neurobil z neho jedn\u00e9ho z najv\u00e4\u010d\u0161\u00edch apo\u0161tolov v\u0161etk\u00fdch \u010dias. Ke\u010f...","og_url":"https:\/\/tv.joycemeyer.org\/slovak\/devotional\/zazi-novy-zaciatok\/","og_site_name":"Joyce Meyer Ministries - Slovak","og_image":[{"width":960,"height":540,"url":"https:\/\/tv.joycemeyer.org\/slovak\/wp-content\/uploads\/sites\/88\/2020\/08\/704.jpg","type":"image\/jpeg"}],"twitter_card":"summary_large_image","twitter_misc":{"Est. reading time":"1 minute"},"schema":{"@context":"https:\/\/schema.org","@graph":[{"@type":"WebPage","@id":"https:\/\/tv.joycemeyer.org\/slovak\/devotional\/zazi-novy-zaciatok\/","url":"https:\/\/tv.joycemeyer.org\/slovak\/devotional\/zazi-novy-zaciatok\/","name":"Za\u017ei nov\u00fd za\u010diatok - Joyce Meyer Ministries - Slovak","isPartOf":{"@id":"https:\/\/tv.joycemeyer.org\/slovak\/#website"},"primaryImageOfPage":{"@id":"https:\/\/tv.joycemeyer.org\/slovak\/devotional\/zazi-novy-zaciatok\/#primaryimage"},"image":{"@id":"https:\/\/tv.joycemeyer.org\/slovak\/devotional\/zazi-novy-zaciatok\/#primaryimage"},"thumbnailUrl":"https:\/\/tv.joycemeyer.org\/slovak\/wp-content\/uploads\/sites\/88\/2020\/08\/704.jpg","datePublished":"2021-08-18T01:01:18+00:00","breadcrumb":{"@id":"https:\/\/tv.joycemeyer.org\/slovak\/devotional\/zazi-novy-zaciatok\/#breadcrumb"},"inLanguage":"en-US","potentialAction":[{"@type":"ReadAction","target":["https:\/\/tv.joycemeyer.org\/slovak\/devotional\/zazi-novy-zaciatok\/"]}]},{"@type":"ImageObject","inLanguage":"en-US","@id":"https:\/\/tv.joycemeyer.org\/slovak\/devotional\/zazi-novy-zaciatok\/#primaryimage","url":"https:\/\/tv.joycemeyer.org\/slovak\/wp-content\/uploads\/sites\/88\/2020\/08\/704.jpg","contentUrl":"https:\/\/tv.joycemeyer.org\/slovak\/wp-content\/uploads\/sites\/88\/2020\/08\/704.jpg","width":960,"height":540,"caption":"Za\u017ei nov\u00fd za\u010diatok"},{"@type":"BreadcrumbList","@id":"https:\/\/tv.joycemeyer.org\/slovak\/devotional\/zazi-novy-zaciatok\/#breadcrumb","itemListElement":[{"@type":"ListItem","position":1,"name":"Home","item":"https:\/\/tv.joycemeyer.org\/slovak\/"},{"@type":"ListItem","position":2,"name":"Devotional","item":"https:\/\/tv.joycemeyer.org\/slovak\/devotional\/"},{"@type":"ListItem","position":3,"name":"Za\u017ei nov\u00fd za\u010diatok"}]},{"@type":"WebSite","@id":"https:\/\/tv.joycemeyer.org\/slovak\/#website","url":"https:\/\/tv.joycemeyer.org\/slovak\/","name":"Joyce Meyer Ministries - Slovak","description":"Zdie\u013ea\u0165 Krista - Milova\u0165 \u013eud\u00ed","potentialAction":[{"@type":"SearchAction","target":{"@type":"EntryPoint","urlTemplate":"https:\/\/tv.joycemeyer.org\/slovak\/?s={search_term_string}"},"query-input":{"@type":"PropertyValueSpecification","valueRequired":true,"valueName":"search_term_string"}}],"inLanguage":"en-US"}]}},"_links":{"self":[{"href":"https:\/\/tv.joycemeyer.org\/slovak\/wp-json\/wp\/v2\/devotional\/722","targetHints":{"allow":["GET"]}}],"collection":[{"href":"https:\/\/tv.joycemeyer.org\/slovak\/wp-json\/wp\/v2\/devotional"}],"about":[{"href":"https:\/\/tv.joycemeyer.org\/slovak\/wp-json\/wp\/v2\/types\/devotional"}],"author":[{"embeddable":true,"href":"https:\/\/tv.joycemeyer.org\/slovak\/wp-json\/wp\/v2\/users\/15"}],"replies":[{"embeddable":true,"href":"https:\/\/tv.joycemeyer.org\/slovak\/wp-json\/wp\/v2\/comments?post=722"}],"wp:featuredmedia":[{"embeddable":true,"href":"https:\/\/tv.joycemeyer.org\/slovak\/wp-json\/wp\/v2\/media\/723"}],"wp:attachment":[{"href":"https:\/\/tv.joycemeyer.org\/slovak\/wp-json\/wp\/v2\/media?parent=722"}],"curies":[{"name":"wp","href":"https:\/\/api.w.org\/{rel}","templated":true}]}}