{"id":746,"date":"2020-08-15T12:11:37","date_gmt":"2020-08-15T12:11:37","guid":{"rendered":"https:\/\/tv.joycemeyer.org\/slovak\/?post_type=devotional&#038;p=746"},"modified":"2020-08-18T12:12:32","modified_gmt":"2020-08-18T12:12:32","slug":"si-plny-nadeje","status":"publish","type":"devotional","link":"https:\/\/tv.joycemeyer.org\/slovak\/devotional\/si-plny-nadeje\/","title":{"rendered":"Si pln\u00fd n\u00e1deje?"},"content":{"rendered":"<p><strong>A viera je podstatou [potvrdenie, list vlastn\u00edctva] toho, na \u010do sa \u010dlovek nadeje, presved\u010den\u00edm o veciach, ktor\u00e9 sa nevidia [to, \u010do nie je zjaven\u00e9 zmyslom, je vn\u00edman\u00e9 ako skuto\u010dn\u00fd fakt]. &#8211; \u017dIDOM 11:1<\/strong><\/p>\n<p>Ke\u010f prem\u00fd\u0161\u013ea\u0161 o svojej bud\u00facnosti, tak m\u00e1\u0161 n\u00e1dej alebo z\u00e1pas\u00ed\u0161 s pocitom strachu?<\/p>\n<p>\u013dudia, ktor\u00ed za\u017eili v minulosti Bo\u017eiu vernos\u0165, maj\u00fa n\u00e1dej pre ich bud\u00facnos\u0165. Vedia, \u017ee aj zl\u00e1 situ\u00e1cia sa m\u00f4\u017ee za p\u00e1r min\u00fat obr\u00e1ti\u0165 v \u00fa\u017easn\u00e9 svedectvo.<\/p>\n<p>Na druhej strane \u013eudia, ktor\u00ed stratili n\u00e1dej, sa pozeraj\u00fa na \u017eivot z perspekt\u00edvy ustr\u00e1chanosti. Bratranec ob\u00e1v strach, kradne schopnos\u0165 u\u017e\u00edva\u0165 si be\u017en\u00fd \u017eivot a sp\u00f4sobuje, \u017ee \u013eudia s\u00fa \u00fazkostliv\u00ed s oh\u013eadom na ich bud\u00facnos\u0165.<\/p>\n<p>N\u00e1dej je opakom strachu a je bl\u00edzkou pr\u00edbuznou viery. Ke\u010f ver\u00edme v Boha, tak n\u00e1s to vedie k n\u00e1deji a n\u00e1\u0161 poh\u013ead na \u017eivot a bud\u00facnos\u0165 je pozit\u00edvny.<\/p>\n<p>N\u00e1dej n\u00e1m umo\u017e\u0148uje necha\u0165 svoje nezodpovedan\u00e9 ot\u00e1zky v Bo\u017e\u00edch ruk\u00e1ch; d\u00e1va n\u00e1m silu zosta\u0165 v pokoji a umo\u017e\u0148uje n\u00e1m veri\u0165, \u017ee to najlep\u0161ie je pred nami.<\/p>\n<p>Ke\u010f d\u00f4veruje\u0161 Bo\u017eej l\u00e1ske, m\u00f4\u017ee\u0161 ma\u0165 n\u00e1dej. On m\u00e1 moc \u0165a zabezpe\u010di\u0165 a previes\u0165 ka\u017edou situ\u00e1ciou.<\/p>\n<p><strong>Modlitba<\/strong><\/p>\n<p><em>Bo\u017ee, rozhodujem sa Ti veri\u0165, preto\u017ee viem, \u017ee to prin\u00e1\u0161a n\u00e1dej. Nemus\u00edm sa b\u00e1\u0165, preto\u017ee sa dok\u00e1\u017ee\u0161 o m\u0148a postara\u0165 a preto sa n\u00e1dejam na Teba.<\/em><\/p>\n","protected":false},"excerpt":{"rendered":"<p>A viera je podstatou [potvrdenie, list vlastn\u00edctva] toho, na \u010do sa \u010dlovek nadeje, presved\u010den\u00edm o veciach, ktor\u00e9 sa nevidia [to, \u010do nie je zjaven\u00e9 zmyslom, je vn\u00edman\u00e9 ako skuto\u010dn\u00fd fakt]. &#8211; \u017dIDOM 11:1 Ke\u010f prem\u00fd\u0161\u013ea\u0161 o svojej bud\u00facnosti, tak m\u00e1\u0161 n\u00e1dej alebo z\u00e1pas\u00ed\u0161 s pocitom strachu? \u013dudia, ktor\u00ed za\u017eili v minulosti Bo\u017eiu vernos\u0165, maj\u00fa n\u00e1dej&#8230;<\/p>\n","protected":false},"author":15,"featured_media":747,"parent":0,"menu_order":0,"comment_status":"closed","ping_status":"closed","template":"","class_list":["post-746","devotional","type-devotional","status-publish","has-post-thumbnail","hentry"],"acf":[],"appp":{"post_detail":{"above_title":"<div class=\"post-featured-wrap\"><img width=\"960\" height=\"540\" src=\"https:\/\/tv.joycemeyer.org\/slovak\/wp-content\/uploads\/sites\/88\/2020\/08\/785.jpg\" class=\"post-featured wp-post-image\" alt=\"\" decoding=\"async\" srcset=\"https:\/\/tv.joycemeyer.org\/slovak\/wp-content\/uploads\/sites\/88\/2020\/08\/785.jpg 960w, https:\/\/tv.joycemeyer.org\/slovak\/wp-content\/uploads\/sites\/88\/2020\/08\/785-300x169.jpg 300w, https:\/\/tv.joycemeyer.org\/slovak\/wp-content\/uploads\/sites\/88\/2020\/08\/785-768x432.jpg 768w, https:\/\/tv.joycemeyer.org\/slovak\/wp-content\/uploads\/sites\/88\/2020\/08\/785-640x360.jpg 640w\" sizes=\"(max-width: 960px) 100vw, 960px\" \/><\/div>","below_content":""}},"yoast_head":"<!-- This site is optimized with the Yoast SEO plugin v27.4 - https:\/\/yoast.com\/product\/yoast-seo-wordpress\/ -->\n<title>Si pln\u00fd n\u00e1deje? - Joyce Meyer Ministries - Slovak<\/title>\n<meta name=\"robots\" content=\"index, follow, max-snippet:-1, max-image-preview:large, max-video-preview:-1\" \/>\n<link rel=\"canonical\" href=\"https:\/\/tv.joycemeyer.org\/slovak\/devotional\/si-plny-nadeje\/\" \/>\n<meta property=\"og:locale\" content=\"en_US\" \/>\n<meta property=\"og:type\" content=\"article\" \/>\n<meta property=\"og:title\" content=\"Si pln\u00fd n\u00e1deje? - Joyce Meyer Ministries - Slovak\" \/>\n<meta property=\"og:description\" content=\"A viera je podstatou [potvrdenie, list vlastn\u00edctva] toho, na \u010do sa \u010dlovek nadeje, presved\u010den\u00edm o veciach, ktor\u00e9 sa nevidia [to, \u010do nie je zjaven\u00e9 zmyslom, je vn\u00edman\u00e9 ako skuto\u010dn\u00fd fakt]. &#8211; \u017dIDOM 11:1 Ke\u010f prem\u00fd\u0161\u013ea\u0161 o svojej bud\u00facnosti, tak m\u00e1\u0161 n\u00e1dej alebo z\u00e1pas\u00ed\u0161 s pocitom strachu? \u013dudia, ktor\u00ed za\u017eili v minulosti Bo\u017eiu vernos\u0165, maj\u00fa n\u00e1dej...\" \/>\n<meta property=\"og:url\" content=\"https:\/\/tv.joycemeyer.org\/slovak\/devotional\/si-plny-nadeje\/\" \/>\n<meta property=\"og:site_name\" content=\"Joyce Meyer Ministries - Slovak\" \/>\n<meta property=\"article:modified_time\" content=\"2020-08-18T12:12:32+00:00\" \/>\n<meta property=\"og:image\" content=\"https:\/\/tv.joycemeyer.org\/slovak\/wp-content\/uploads\/sites\/88\/2020\/08\/785.jpg\" \/>\n\t<meta property=\"og:image:width\" content=\"960\" \/>\n\t<meta property=\"og:image:height\" content=\"540\" \/>\n\t<meta property=\"og:image:type\" content=\"image\/jpeg\" \/>\n<meta name=\"twitter:card\" content=\"summary_large_image\" \/>\n<meta name=\"twitter:label1\" content=\"Est. reading time\" \/>\n\t<meta name=\"twitter:data1\" content=\"1 minute\" \/>\n<script type=\"application\/ld+json\" class=\"yoast-schema-graph\">{\"@context\":\"https:\\\/\\\/schema.org\",\"@graph\":[{\"@type\":\"WebPage\",\"@id\":\"https:\\\/\\\/tv.joycemeyer.org\\\/slovak\\\/devotional\\\/si-plny-nadeje\\\/\",\"url\":\"https:\\\/\\\/tv.joycemeyer.org\\\/slovak\\\/devotional\\\/si-plny-nadeje\\\/\",\"name\":\"Si pln\u00fd n\u00e1deje? - Joyce Meyer Ministries - Slovak\",\"isPartOf\":{\"@id\":\"https:\\\/\\\/tv.joycemeyer.org\\\/slovak\\\/#website\"},\"primaryImageOfPage\":{\"@id\":\"https:\\\/\\\/tv.joycemeyer.org\\\/slovak\\\/devotional\\\/si-plny-nadeje\\\/#primaryimage\"},\"image\":{\"@id\":\"https:\\\/\\\/tv.joycemeyer.org\\\/slovak\\\/devotional\\\/si-plny-nadeje\\\/#primaryimage\"},\"thumbnailUrl\":\"https:\\\/\\\/tv.joycemeyer.org\\\/slovak\\\/wp-content\\\/uploads\\\/sites\\\/88\\\/2020\\\/08\\\/785.jpg\",\"datePublished\":\"2020-08-15T12:11:37+00:00\",\"dateModified\":\"2020-08-18T12:12:32+00:00\",\"breadcrumb\":{\"@id\":\"https:\\\/\\\/tv.joycemeyer.org\\\/slovak\\\/devotional\\\/si-plny-nadeje\\\/#breadcrumb\"},\"inLanguage\":\"en-US\",\"potentialAction\":[{\"@type\":\"ReadAction\",\"target\":[\"https:\\\/\\\/tv.joycemeyer.org\\\/slovak\\\/devotional\\\/si-plny-nadeje\\\/\"]}]},{\"@type\":\"ImageObject\",\"inLanguage\":\"en-US\",\"@id\":\"https:\\\/\\\/tv.joycemeyer.org\\\/slovak\\\/devotional\\\/si-plny-nadeje\\\/#primaryimage\",\"url\":\"https:\\\/\\\/tv.joycemeyer.org\\\/slovak\\\/wp-content\\\/uploads\\\/sites\\\/88\\\/2020\\\/08\\\/785.jpg\",\"contentUrl\":\"https:\\\/\\\/tv.joycemeyer.org\\\/slovak\\\/wp-content\\\/uploads\\\/sites\\\/88\\\/2020\\\/08\\\/785.jpg\",\"width\":960,\"height\":540,\"caption\":\"Si pln\u00fd n\u00e1deje?\"},{\"@type\":\"BreadcrumbList\",\"@id\":\"https:\\\/\\\/tv.joycemeyer.org\\\/slovak\\\/devotional\\\/si-plny-nadeje\\\/#breadcrumb\",\"itemListElement\":[{\"@type\":\"ListItem\",\"position\":1,\"name\":\"Home\",\"item\":\"https:\\\/\\\/tv.joycemeyer.org\\\/slovak\\\/\"},{\"@type\":\"ListItem\",\"position\":2,\"name\":\"Devotional\",\"item\":\"https:\\\/\\\/tv.joycemeyer.org\\\/slovak\\\/devotional\\\/\"},{\"@type\":\"ListItem\",\"position\":3,\"name\":\"Si pln\u00fd n\u00e1deje?\"}]},{\"@type\":\"WebSite\",\"@id\":\"https:\\\/\\\/tv.joycemeyer.org\\\/slovak\\\/#website\",\"url\":\"https:\\\/\\\/tv.joycemeyer.org\\\/slovak\\\/\",\"name\":\"Joyce Meyer Ministries - Slovak\",\"description\":\"Zdie\u013ea\u0165 Krista - Milova\u0165 \u013eud\u00ed\",\"potentialAction\":[{\"@type\":\"SearchAction\",\"target\":{\"@type\":\"EntryPoint\",\"urlTemplate\":\"https:\\\/\\\/tv.joycemeyer.org\\\/slovak\\\/?s={search_term_string}\"},\"query-input\":{\"@type\":\"PropertyValueSpecification\",\"valueRequired\":true,\"valueName\":\"search_term_string\"}}],\"inLanguage\":\"en-US\"}]}<\/script>\n<!-- \/ Yoast SEO plugin. -->","yoast_head_json":{"title":"Si pln\u00fd n\u00e1deje? - Joyce Meyer Ministries - Slovak","robots":{"index":"index","follow":"follow","max-snippet":"max-snippet:-1","max-image-preview":"max-image-preview:large","max-video-preview":"max-video-preview:-1"},"canonical":"https:\/\/tv.joycemeyer.org\/slovak\/devotional\/si-plny-nadeje\/","og_locale":"en_US","og_type":"article","og_title":"Si pln\u00fd n\u00e1deje? - Joyce Meyer Ministries - Slovak","og_description":"A viera je podstatou [potvrdenie, list vlastn\u00edctva] toho, na \u010do sa \u010dlovek nadeje, presved\u010den\u00edm o veciach, ktor\u00e9 sa nevidia [to, \u010do nie je zjaven\u00e9 zmyslom, je vn\u00edman\u00e9 ako skuto\u010dn\u00fd fakt]. &#8211; \u017dIDOM 11:1 Ke\u010f prem\u00fd\u0161\u013ea\u0161 o svojej bud\u00facnosti, tak m\u00e1\u0161 n\u00e1dej alebo z\u00e1pas\u00ed\u0161 s pocitom strachu? \u013dudia, ktor\u00ed za\u017eili v minulosti Bo\u017eiu vernos\u0165, maj\u00fa n\u00e1dej...","og_url":"https:\/\/tv.joycemeyer.org\/slovak\/devotional\/si-plny-nadeje\/","og_site_name":"Joyce Meyer Ministries - Slovak","article_modified_time":"2020-08-18T12:12:32+00:00","og_image":[{"width":960,"height":540,"url":"https:\/\/tv.joycemeyer.org\/slovak\/wp-content\/uploads\/sites\/88\/2020\/08\/785.jpg","type":"image\/jpeg"}],"twitter_card":"summary_large_image","twitter_misc":{"Est. reading time":"1 minute"},"schema":{"@context":"https:\/\/schema.org","@graph":[{"@type":"WebPage","@id":"https:\/\/tv.joycemeyer.org\/slovak\/devotional\/si-plny-nadeje\/","url":"https:\/\/tv.joycemeyer.org\/slovak\/devotional\/si-plny-nadeje\/","name":"Si pln\u00fd n\u00e1deje? - Joyce Meyer Ministries - Slovak","isPartOf":{"@id":"https:\/\/tv.joycemeyer.org\/slovak\/#website"},"primaryImageOfPage":{"@id":"https:\/\/tv.joycemeyer.org\/slovak\/devotional\/si-plny-nadeje\/#primaryimage"},"image":{"@id":"https:\/\/tv.joycemeyer.org\/slovak\/devotional\/si-plny-nadeje\/#primaryimage"},"thumbnailUrl":"https:\/\/tv.joycemeyer.org\/slovak\/wp-content\/uploads\/sites\/88\/2020\/08\/785.jpg","datePublished":"2020-08-15T12:11:37+00:00","dateModified":"2020-08-18T12:12:32+00:00","breadcrumb":{"@id":"https:\/\/tv.joycemeyer.org\/slovak\/devotional\/si-plny-nadeje\/#breadcrumb"},"inLanguage":"en-US","potentialAction":[{"@type":"ReadAction","target":["https:\/\/tv.joycemeyer.org\/slovak\/devotional\/si-plny-nadeje\/"]}]},{"@type":"ImageObject","inLanguage":"en-US","@id":"https:\/\/tv.joycemeyer.org\/slovak\/devotional\/si-plny-nadeje\/#primaryimage","url":"https:\/\/tv.joycemeyer.org\/slovak\/wp-content\/uploads\/sites\/88\/2020\/08\/785.jpg","contentUrl":"https:\/\/tv.joycemeyer.org\/slovak\/wp-content\/uploads\/sites\/88\/2020\/08\/785.jpg","width":960,"height":540,"caption":"Si pln\u00fd n\u00e1deje?"},{"@type":"BreadcrumbList","@id":"https:\/\/tv.joycemeyer.org\/slovak\/devotional\/si-plny-nadeje\/#breadcrumb","itemListElement":[{"@type":"ListItem","position":1,"name":"Home","item":"https:\/\/tv.joycemeyer.org\/slovak\/"},{"@type":"ListItem","position":2,"name":"Devotional","item":"https:\/\/tv.joycemeyer.org\/slovak\/devotional\/"},{"@type":"ListItem","position":3,"name":"Si pln\u00fd n\u00e1deje?"}]},{"@type":"WebSite","@id":"https:\/\/tv.joycemeyer.org\/slovak\/#website","url":"https:\/\/tv.joycemeyer.org\/slovak\/","name":"Joyce Meyer Ministries - Slovak","description":"Zdie\u013ea\u0165 Krista - Milova\u0165 \u013eud\u00ed","potentialAction":[{"@type":"SearchAction","target":{"@type":"EntryPoint","urlTemplate":"https:\/\/tv.joycemeyer.org\/slovak\/?s={search_term_string}"},"query-input":{"@type":"PropertyValueSpecification","valueRequired":true,"valueName":"search_term_string"}}],"inLanguage":"en-US"}]}},"_links":{"self":[{"href":"https:\/\/tv.joycemeyer.org\/slovak\/wp-json\/wp\/v2\/devotional\/746","targetHints":{"allow":["GET"]}}],"collection":[{"href":"https:\/\/tv.joycemeyer.org\/slovak\/wp-json\/wp\/v2\/devotional"}],"about":[{"href":"https:\/\/tv.joycemeyer.org\/slovak\/wp-json\/wp\/v2\/types\/devotional"}],"author":[{"embeddable":true,"href":"https:\/\/tv.joycemeyer.org\/slovak\/wp-json\/wp\/v2\/users\/15"}],"replies":[{"embeddable":true,"href":"https:\/\/tv.joycemeyer.org\/slovak\/wp-json\/wp\/v2\/comments?post=746"}],"wp:featuredmedia":[{"embeddable":true,"href":"https:\/\/tv.joycemeyer.org\/slovak\/wp-json\/wp\/v2\/media\/747"}],"wp:attachment":[{"href":"https:\/\/tv.joycemeyer.org\/slovak\/wp-json\/wp\/v2\/media?parent=746"}],"curies":[{"name":"wp","href":"https:\/\/api.w.org\/{rel}","templated":true}]}}