{"id":878,"date":"2026-09-01T00:01:32","date_gmt":"2026-09-01T00:01:32","guid":{"rendered":"https:\/\/tv.joycemeyer.org\/slovak\/?post_type=devotional&#038;p=878"},"modified":"2026-03-04T20:30:09","modified_gmt":"2026-03-04T20:30:09","slug":"hovor-co-hovori-boh","status":"publish","type":"devotional","link":"https:\/\/tv.joycemeyer.org\/slovak\/devotional\/hovor-co-hovori-boh\/","title":{"rendered":"Hovor to, \u010do hovor\u00ed Boh"},"content":{"rendered":"<blockquote><p>Neuhne t\u00e1to kniha z\u00e1kona od tvoj\u00edch \u00fast, ale bude\u0161 rozm\u00fd\u0161\u013ea\u0165 o nej vodne i vnoci, aby si ostr\u00edhal a \u010dinil v\u0161etko pod\u013ea v\u0161etk\u00e9ho toho, \u010do je nap\u00edsan\u00e9 v nej, lebo vtedy sa ti podar\u00ed tvoja cesta, a vtedy bude\u0161 robi\u0165 m\u00fadre a rozumne. &#8211; JOZUA 1:8<\/p><\/blockquote>\n<p>Boh n\u00e1m hovor\u00ed, \u017ee \u010d\u00edm viac \u010dasu tr\u00e1vime meditovan\u00edm o Jeho Slove a hovoren\u00edm Jeho Slova, t\u00fdm viac v\u00fdhod uvid\u00edme v na\u0161om ka\u017edodennom \u017eivote a dokonca si s N\u00edm vybudujeme bli\u017e\u0161\u00ed vz\u0165ah. Dokonca zas\u013eubuje, \u017ee budeme prosperuj\u00faci a \u00faspe\u0161n\u00ed! (pozri Jozua 1:8).<\/p>\n<p>M\u00f4\u017eem to dosved\u010di\u0165, preto\u017ee som pre\u0161la mnoh\u00fdmi sk\u00fa\u0161kami a zni\u010duj\u00facimi obdobiami t\u00fdm, \u017ee som verila a vyzn\u00e1vala Bo\u017eie Slovo nad svoj\u00edm \u017eivotom.<\/p>\n<p>Ke\u010f prehlasujeme Jeho Slovo nahlas, deje sa \u010dosi mocn\u00e9. Je to sp\u00f4sob, ak\u00fdm sa z\u00e1merne u\u010d\u00edme spr\u00e1vne prem\u00fd\u0161\u013ea\u0165, najm\u00e4 ak rob\u00edme osobne vyznania z P\u00edsma vierou.<\/p>\n<p>Je skvel\u00e9 \u010d\u00edta\u0165 Slovo a prija\u0165 ho do svojho srdca, ale ke\u010f ho nahlas vyzn\u00e1va\u0161, akt\u00edvne komunikuje\u0161 s t\u00fdm, \u010do Boh povedal a uvo\u013e\u0148uje\u0161 Jeho moc do svojho \u017eivota.<\/p>\n<p>Povzbudzujem \u0165a, aby si tr\u00e1vil \u010das \u010d\u00edtan\u00edm a meditovan\u00edm o Bo\u017eom Slove a zos\u00faladil si svoje my\u0161lienky pod\u013ea neho. Tie\u017e \u0165a v\u0161ak pros\u00edm, aby si Slovo aj hovoril. M\u00f4\u017ee\u0161 prin\u00fati\u0165 svoju myse\u013e, aby menila tvoj \u017eivot len t\u00fdm, \u017ee bude\u0161 hovori\u0165 to, \u010do aj Boh hovor\u00ed. \u010c\u00edtaj Jeho Slovo a prehlasuj ho dnes nad svojimi okolnos\u0165ami.<\/p>\n<hr \/>\n<p>Modlitba<\/p>\n<p>Bo\u017ee, chcem uvo\u013eni\u0165 pln\u00fa moc Tvojho Slova do svojho \u017eivota. Spolu s \u010d\u00edtan\u00edm a prem\u00fd\u0161\u013ean\u00edm nad Tvoj\u00edm Slovom, sa dnes rozhodujem Ho aj prehlasova\u0165 nad svoj\u00edm \u017eivotom.<\/p>\n","protected":false},"excerpt":{"rendered":"<p>Ke\u010f prehlasujeme Jeho Slovo nahlas, deje sa \u010dosi mocn\u00e9.<\/p>\n","protected":false},"author":15,"featured_media":879,"parent":0,"menu_order":0,"comment_status":"closed","ping_status":"closed","template":"","class_list":["post-878","devotional","type-devotional","status-publish","has-post-thumbnail","hentry"],"acf":[],"appp":{"post_detail":{"above_title":"<div class=\"post-featured-wrap\"><img width=\"960\" height=\"540\" src=\"https:\/\/tv.joycemeyer.org\/slovak\/wp-content\/uploads\/sites\/88\/2020\/10\/1049.jpg\" class=\"post-featured wp-post-image\" alt=\"Hovor to, \u010do hovor\u00ed Boh\" decoding=\"async\" srcset=\"https:\/\/tv.joycemeyer.org\/slovak\/wp-content\/uploads\/sites\/88\/2020\/10\/1049.jpg 960w, https:\/\/tv.joycemeyer.org\/slovak\/wp-content\/uploads\/sites\/88\/2020\/10\/1049-300x169.jpg 300w, https:\/\/tv.joycemeyer.org\/slovak\/wp-content\/uploads\/sites\/88\/2020\/10\/1049-768x432.jpg 768w, https:\/\/tv.joycemeyer.org\/slovak\/wp-content\/uploads\/sites\/88\/2020\/10\/1049-640x360.jpg 640w\" sizes=\"(max-width: 960px) 100vw, 960px\" \/><\/div>","below_content":"<div class=\"follow\"><ul class=\"nav nav--social nav--flex\"><\/ul><\/div>"}},"yoast_head":"<!-- This site is optimized with the Yoast SEO plugin v28.2 - https:\/\/yoast.com\/product\/yoast-seo-wordpress\/ -->\n<title>Hovor to, \u010do hovor\u00ed Boh - Joyce Meyer Ministries - Slovak<\/title>\n<meta name=\"robots\" content=\"index, follow, max-snippet:-1, max-image-preview:large, max-video-preview:-1\" \/>\n<link rel=\"canonical\" href=\"https:\/\/tv.joycemeyer.org\/slovak\/devotional\/hovor-co-hovori-boh\/\" \/>\n<meta property=\"og:locale\" content=\"en_US\" \/>\n<meta property=\"og:type\" content=\"article\" \/>\n<meta property=\"og:title\" content=\"Hovor to, \u010do hovor\u00ed Boh - Joyce Meyer Ministries - Slovak\" \/>\n<meta property=\"og:description\" content=\"Ke\u010f prehlasujeme Jeho Slovo nahlas, deje sa \u010dosi mocn\u00e9.\" \/>\n<meta property=\"og:url\" content=\"https:\/\/tv.joycemeyer.org\/slovak\/devotional\/hovor-co-hovori-boh\/\" \/>\n<meta property=\"og:site_name\" content=\"Joyce Meyer Ministries - Slovak\" \/>\n<meta property=\"og:image\" content=\"https:\/\/tv.joycemeyer.org\/slovak\/wp-content\/uploads\/sites\/88\/2020\/10\/1049.jpg\" \/>\n\t<meta property=\"og:image:width\" content=\"960\" \/>\n\t<meta property=\"og:image:height\" content=\"540\" \/>\n\t<meta property=\"og:image:type\" content=\"image\/jpeg\" \/>\n<meta name=\"twitter:card\" content=\"summary_large_image\" \/>\n<meta name=\"twitter:label1\" content=\"Est. reading time\" \/>\n\t<meta name=\"twitter:data1\" content=\"2 minutes\" \/>\n<script type=\"application\/ld+json\" class=\"yoast-schema-graph\">{\"@context\":\"https:\\\/\\\/schema.org\",\"@graph\":[{\"@type\":\"WebPage\",\"@id\":\"https:\\\/\\\/tv.joycemeyer.org\\\/slovak\\\/devotional\\\/hovor-co-hovori-boh\\\/\",\"url\":\"https:\\\/\\\/tv.joycemeyer.org\\\/slovak\\\/devotional\\\/hovor-co-hovori-boh\\\/\",\"name\":\"Hovor to, \u010do hovor\u00ed Boh - Joyce Meyer Ministries - Slovak\",\"isPartOf\":{\"@id\":\"https:\\\/\\\/tv.joycemeyer.org\\\/slovak\\\/#website\"},\"primaryImageOfPage\":{\"@id\":\"https:\\\/\\\/tv.joycemeyer.org\\\/slovak\\\/devotional\\\/hovor-co-hovori-boh\\\/#primaryimage\"},\"image\":{\"@id\":\"https:\\\/\\\/tv.joycemeyer.org\\\/slovak\\\/devotional\\\/hovor-co-hovori-boh\\\/#primaryimage\"},\"thumbnailUrl\":\"https:\\\/\\\/tv.joycemeyer.org\\\/slovak\\\/wp-content\\\/uploads\\\/sites\\\/88\\\/2020\\\/10\\\/1049.jpg\",\"datePublished\":\"2026-09-01T00:01:32+00:00\",\"breadcrumb\":{\"@id\":\"https:\\\/\\\/tv.joycemeyer.org\\\/slovak\\\/devotional\\\/hovor-co-hovori-boh\\\/#breadcrumb\"},\"inLanguage\":\"en-US\",\"potentialAction\":[{\"@type\":\"ReadAction\",\"target\":[\"https:\\\/\\\/tv.joycemeyer.org\\\/slovak\\\/devotional\\\/hovor-co-hovori-boh\\\/\"]}]},{\"@type\":\"ImageObject\",\"inLanguage\":\"en-US\",\"@id\":\"https:\\\/\\\/tv.joycemeyer.org\\\/slovak\\\/devotional\\\/hovor-co-hovori-boh\\\/#primaryimage\",\"url\":\"https:\\\/\\\/tv.joycemeyer.org\\\/slovak\\\/wp-content\\\/uploads\\\/sites\\\/88\\\/2020\\\/10\\\/1049.jpg\",\"contentUrl\":\"https:\\\/\\\/tv.joycemeyer.org\\\/slovak\\\/wp-content\\\/uploads\\\/sites\\\/88\\\/2020\\\/10\\\/1049.jpg\",\"width\":960,\"height\":540,\"caption\":\"Hovor to, \u010do hovor\u00ed Boh\"},{\"@type\":\"BreadcrumbList\",\"@id\":\"https:\\\/\\\/tv.joycemeyer.org\\\/slovak\\\/devotional\\\/hovor-co-hovori-boh\\\/#breadcrumb\",\"itemListElement\":[{\"@type\":\"ListItem\",\"position\":1,\"name\":\"Home\",\"item\":\"https:\\\/\\\/tv.joycemeyer.org\\\/slovak\\\/\"},{\"@type\":\"ListItem\",\"position\":2,\"name\":\"Devotional\",\"item\":\"https:\\\/\\\/tv.joycemeyer.org\\\/slovak\\\/devotional\\\/\"},{\"@type\":\"ListItem\",\"position\":3,\"name\":\"Hovor to, \u010do hovor\u00ed Boh\"}]},{\"@type\":\"WebSite\",\"@id\":\"https:\\\/\\\/tv.joycemeyer.org\\\/slovak\\\/#website\",\"url\":\"https:\\\/\\\/tv.joycemeyer.org\\\/slovak\\\/\",\"name\":\"Joyce Meyer Ministries - Slovak\",\"description\":\"Zdie\u013ea\u0165 Krista - Milova\u0165 \u013eud\u00ed\",\"potentialAction\":[{\"@type\":\"SearchAction\",\"target\":{\"@type\":\"EntryPoint\",\"urlTemplate\":\"https:\\\/\\\/tv.joycemeyer.org\\\/slovak\\\/?s={search_term_string}\"},\"query-input\":{\"@type\":\"PropertyValueSpecification\",\"valueRequired\":true,\"valueName\":\"search_term_string\"}}],\"inLanguage\":\"en-US\"}]}<\/script>\n<!-- \/ Yoast SEO plugin. -->","yoast_head_json":{"title":"Hovor to, \u010do hovor\u00ed Boh - Joyce Meyer Ministries - Slovak","robots":{"index":"index","follow":"follow","max-snippet":"max-snippet:-1","max-image-preview":"max-image-preview:large","max-video-preview":"max-video-preview:-1"},"canonical":"https:\/\/tv.joycemeyer.org\/slovak\/devotional\/hovor-co-hovori-boh\/","og_locale":"en_US","og_type":"article","og_title":"Hovor to, \u010do hovor\u00ed Boh - Joyce Meyer Ministries - Slovak","og_description":"Ke\u010f prehlasujeme Jeho Slovo nahlas, deje sa \u010dosi mocn\u00e9.","og_url":"https:\/\/tv.joycemeyer.org\/slovak\/devotional\/hovor-co-hovori-boh\/","og_site_name":"Joyce Meyer Ministries - Slovak","og_image":[{"width":960,"height":540,"url":"https:\/\/tv.joycemeyer.org\/slovak\/wp-content\/uploads\/sites\/88\/2020\/10\/1049.jpg","type":"image\/jpeg"}],"twitter_card":"summary_large_image","twitter_misc":{"Est. reading time":"2 minutes"},"schema":{"@context":"https:\/\/schema.org","@graph":[{"@type":"WebPage","@id":"https:\/\/tv.joycemeyer.org\/slovak\/devotional\/hovor-co-hovori-boh\/","url":"https:\/\/tv.joycemeyer.org\/slovak\/devotional\/hovor-co-hovori-boh\/","name":"Hovor to, \u010do hovor\u00ed Boh - Joyce Meyer Ministries - Slovak","isPartOf":{"@id":"https:\/\/tv.joycemeyer.org\/slovak\/#website"},"primaryImageOfPage":{"@id":"https:\/\/tv.joycemeyer.org\/slovak\/devotional\/hovor-co-hovori-boh\/#primaryimage"},"image":{"@id":"https:\/\/tv.joycemeyer.org\/slovak\/devotional\/hovor-co-hovori-boh\/#primaryimage"},"thumbnailUrl":"https:\/\/tv.joycemeyer.org\/slovak\/wp-content\/uploads\/sites\/88\/2020\/10\/1049.jpg","datePublished":"2026-09-01T00:01:32+00:00","breadcrumb":{"@id":"https:\/\/tv.joycemeyer.org\/slovak\/devotional\/hovor-co-hovori-boh\/#breadcrumb"},"inLanguage":"en-US","potentialAction":[{"@type":"ReadAction","target":["https:\/\/tv.joycemeyer.org\/slovak\/devotional\/hovor-co-hovori-boh\/"]}]},{"@type":"ImageObject","inLanguage":"en-US","@id":"https:\/\/tv.joycemeyer.org\/slovak\/devotional\/hovor-co-hovori-boh\/#primaryimage","url":"https:\/\/tv.joycemeyer.org\/slovak\/wp-content\/uploads\/sites\/88\/2020\/10\/1049.jpg","contentUrl":"https:\/\/tv.joycemeyer.org\/slovak\/wp-content\/uploads\/sites\/88\/2020\/10\/1049.jpg","width":960,"height":540,"caption":"Hovor to, \u010do hovor\u00ed Boh"},{"@type":"BreadcrumbList","@id":"https:\/\/tv.joycemeyer.org\/slovak\/devotional\/hovor-co-hovori-boh\/#breadcrumb","itemListElement":[{"@type":"ListItem","position":1,"name":"Home","item":"https:\/\/tv.joycemeyer.org\/slovak\/"},{"@type":"ListItem","position":2,"name":"Devotional","item":"https:\/\/tv.joycemeyer.org\/slovak\/devotional\/"},{"@type":"ListItem","position":3,"name":"Hovor to, \u010do hovor\u00ed Boh"}]},{"@type":"WebSite","@id":"https:\/\/tv.joycemeyer.org\/slovak\/#website","url":"https:\/\/tv.joycemeyer.org\/slovak\/","name":"Joyce Meyer Ministries - Slovak","description":"Zdie\u013ea\u0165 Krista - Milova\u0165 \u013eud\u00ed","potentialAction":[{"@type":"SearchAction","target":{"@type":"EntryPoint","urlTemplate":"https:\/\/tv.joycemeyer.org\/slovak\/?s={search_term_string}"},"query-input":{"@type":"PropertyValueSpecification","valueRequired":true,"valueName":"search_term_string"}}],"inLanguage":"en-US"}]}},"_links":{"self":[{"href":"https:\/\/tv.joycemeyer.org\/slovak\/wp-json\/wp\/v2\/devotional\/878","targetHints":{"allow":["GET"]}}],"collection":[{"href":"https:\/\/tv.joycemeyer.org\/slovak\/wp-json\/wp\/v2\/devotional"}],"about":[{"href":"https:\/\/tv.joycemeyer.org\/slovak\/wp-json\/wp\/v2\/types\/devotional"}],"author":[{"embeddable":true,"href":"https:\/\/tv.joycemeyer.org\/slovak\/wp-json\/wp\/v2\/users\/15"}],"replies":[{"embeddable":true,"href":"https:\/\/tv.joycemeyer.org\/slovak\/wp-json\/wp\/v2\/comments?post=878"}],"wp:featuredmedia":[{"embeddable":true,"href":"https:\/\/tv.joycemeyer.org\/slovak\/wp-json\/wp\/v2\/media\/879"}],"wp:attachment":[{"href":"https:\/\/tv.joycemeyer.org\/slovak\/wp-json\/wp\/v2\/media?parent=878"}],"curies":[{"name":"wp","href":"https:\/\/api.w.org\/{rel}","templated":true}]}}