{"id":1315,"date":"2026-04-17T00:01:11","date_gmt":"2026-04-17T00:01:11","guid":{"rendered":"https:\/\/tv.joycemeyer.org\/slovene\/?post_type=devotional&#038;p=1315"},"modified":"2025-08-05T20:41:04","modified_gmt":"2025-08-05T20:41:04","slug":"mir","status":"publish","type":"devotional","link":"https:\/\/tv.joycemeyer.org\/slovene\/devotional\/mir\/","title":{"rendered":"Mir"},"content":{"rendered":"<p><strong>Bo\u017eji mir, ki presega vsak (ves) razum, bo postavil stra\u017eo in varoval va\u0161a srca in misli v Kristusu Jezusu. (Filipljanom 4,7)<\/strong><\/p>\n<p>Ve\u010d dnevnih posvetitev sem napisala na temo, kako Bog po miru vodi svoje ljudstvo, toda rada bi ga omenila \u0161e enkrat, ker je zelo pomemben. Ljudje, ki delajo stvari, glede katerih nimajo miru, so nesre\u010dni, zlovoljni in ne morejo v ni\u010demer uspeti. Moramo slediti miru.<\/p>\n<p>Dana\u0161nji verz nam zagotavlja, da nas Bog vodi po miru. \u010ce nekaj delate, kot na primer gledate TV, in nenadoma izgubite mir ob tem, ste sli\u0161ali Boga. Pomanjkanje miru v tem stanju pomeni, da vam Bog govori: \u00bbUgasni TV. Kar gleda\u0161, ni dobro zate.\u00ab<\/p>\n<p>\u010ce izgubite mir, kadar nekaj re\u010dete, vam Bog govori. Takoj se opravi\u010dite in tako se boste re\u0161ili pred \u0161tevilnimi te\u017eavami. Lahko re\u010dete: \u00bbOprosti, ker sem to rekel\/-la. Ne bi smel\/-a tega re\u010di, napa\u010dno je; prosim, oprosti mi.\u00ab Bog \u017eeli biti vpleten v vse na\u0161e odlo\u010ditve. Eden izmed na\u010dinov, s katerim nam poka\u017ee, kako se po\u010duti ob na\u0161em ravnanju, je, da nam bodisi podari mir kot odobravanje bodisi vzame mir kot neodobravanje na\u0161ega ravnanja.<\/p>\n<p>\u010ce nimamo miru, ne ubogamo Boga, saj smo mi tisti, ki dovolimo Bo\u017ejemu miru, da vlada kot (raz)sodnik v na\u0161em srcu (gl. Kolo\u0161anom 3,15). Kadarkoli izgubimo mir, se moramo ustaviti in biti ob\u010dutljivi na to, kar nam Bog pravi. Mir slu\u017ei kot kompas v na\u0161em srcu, ki nam poka\u017ee pravo smer. To je tudi razlog, zakaj nam Bog v Svetem pismu pravi: \u00bbPrizadevajte si za mir z vsemi in stremite k posve\u010denosti in svetosti, brez katerih nih\u010de ne bo [nikoli] videl Gospoda\u00ab (Hebrejcem 12,14).<\/p>\n<p><strong>BO\u017dJA BESEDA ZA VAS DANES: Sledenje (uboganje, strinjanje, razumevanje) miru vas bo varovalo pred te\u017eavami.<\/strong><\/p>\n","protected":false},"excerpt":{"rendered":"<p>Ve\u010d dnevnih posvetitev sem napisala na temo, kako Bog po miru vodi svoje ljudstvo, toda rada bi ga omenila \u0161e enkrat, ker je zelo pomemben.<\/p>\n","protected":false},"author":19,"featured_media":1409,"parent":0,"menu_order":0,"comment_status":"closed","ping_status":"closed","template":"","class_list":["post-1315","devotional","type-devotional","status-publish","has-post-thumbnail","hentry"],"acf":[],"appp":{"post_detail":{"above_title":"<div class=\"post-featured-wrap\"><img width=\"1024\" height=\"597\" src=\"https:\/\/tv.joycemeyer.org\/slovene\/wp-content\/uploads\/sites\/89\/2019\/02\/2097-1024x597.jpg\" class=\"post-featured wp-post-image\" alt=\"Mir\" decoding=\"async\" srcset=\"https:\/\/tv.joycemeyer.org\/slovene\/wp-content\/uploads\/sites\/89\/2019\/02\/2097-1024x597.jpg 1024w, https:\/\/tv.joycemeyer.org\/slovene\/wp-content\/uploads\/sites\/89\/2019\/02\/2097-300x175.jpg 300w, https:\/\/tv.joycemeyer.org\/slovene\/wp-content\/uploads\/sites\/89\/2019\/02\/2097-768x448.jpg 768w, https:\/\/tv.joycemeyer.org\/slovene\/wp-content\/uploads\/sites\/89\/2019\/02\/2097-1536x896.jpg 1536w, https:\/\/tv.joycemeyer.org\/slovene\/wp-content\/uploads\/sites\/89\/2019\/02\/2097.jpg 1800w\" sizes=\"(max-width: 1024px) 100vw, 1024px\" \/><\/div>","below_content":"<div class=\"follow\"><ul class=\"nav nav--social nav--flex\"><\/ul><\/div>"}},"yoast_head":"<!-- This site is optimized with the Yoast SEO plugin v27.4 - https:\/\/yoast.com\/product\/yoast-seo-wordpress\/ -->\n<title>Mir - Joyce Meyer Ministries - Slovensko<\/title>\n<meta name=\"robots\" content=\"index, follow, max-snippet:-1, max-image-preview:large, max-video-preview:-1\" \/>\n<link rel=\"canonical\" href=\"https:\/\/tv.joycemeyer.org\/slovene\/devotional\/mir\/\" \/>\n<meta property=\"og:locale\" content=\"en_US\" \/>\n<meta property=\"og:type\" content=\"article\" \/>\n<meta property=\"og:title\" content=\"Mir - Joyce Meyer Ministries - Slovensko\" \/>\n<meta property=\"og:description\" content=\"Ve\u010d dnevnih posvetitev sem napisala na temo, kako Bog po miru vodi svoje ljudstvo, toda rada bi ga omenila \u0161e enkrat, ker je zelo pomemben.\" \/>\n<meta property=\"og:url\" content=\"https:\/\/tv.joycemeyer.org\/slovene\/devotional\/mir\/\" \/>\n<meta property=\"og:site_name\" content=\"Joyce Meyer Ministries - Slovensko\" \/>\n<meta property=\"og:image\" content=\"https:\/\/tv.joycemeyer.org\/slovene\/wp-content\/uploads\/sites\/89\/2019\/02\/2097.jpg\" \/>\n\t<meta property=\"og:image:width\" content=\"1800\" \/>\n\t<meta property=\"og:image:height\" content=\"1050\" \/>\n\t<meta property=\"og:image:type\" content=\"image\/jpeg\" \/>\n<meta name=\"twitter:card\" content=\"summary_large_image\" \/>\n<meta name=\"twitter:label1\" content=\"Est. reading time\" \/>\n\t<meta name=\"twitter:data1\" content=\"2 minutes\" \/>\n<script type=\"application\/ld+json\" class=\"yoast-schema-graph\">{\"@context\":\"https:\\\/\\\/schema.org\",\"@graph\":[{\"@type\":\"WebPage\",\"@id\":\"https:\\\/\\\/tv.joycemeyer.org\\\/slovene\\\/devotional\\\/mir\\\/\",\"url\":\"https:\\\/\\\/tv.joycemeyer.org\\\/slovene\\\/devotional\\\/mir\\\/\",\"name\":\"Mir - Joyce Meyer Ministries - Slovensko\",\"isPartOf\":{\"@id\":\"https:\\\/\\\/tv.joycemeyer.org\\\/slovene\\\/#website\"},\"primaryImageOfPage\":{\"@id\":\"https:\\\/\\\/tv.joycemeyer.org\\\/slovene\\\/devotional\\\/mir\\\/#primaryimage\"},\"image\":{\"@id\":\"https:\\\/\\\/tv.joycemeyer.org\\\/slovene\\\/devotional\\\/mir\\\/#primaryimage\"},\"thumbnailUrl\":\"https:\\\/\\\/tv.joycemeyer.org\\\/slovene\\\/wp-content\\\/uploads\\\/sites\\\/89\\\/2019\\\/02\\\/2097.jpg\",\"datePublished\":\"2026-04-17T00:01:11+00:00\",\"breadcrumb\":{\"@id\":\"https:\\\/\\\/tv.joycemeyer.org\\\/slovene\\\/devotional\\\/mir\\\/#breadcrumb\"},\"inLanguage\":\"en-US\",\"potentialAction\":[{\"@type\":\"ReadAction\",\"target\":[\"https:\\\/\\\/tv.joycemeyer.org\\\/slovene\\\/devotional\\\/mir\\\/\"]}]},{\"@type\":\"ImageObject\",\"inLanguage\":\"en-US\",\"@id\":\"https:\\\/\\\/tv.joycemeyer.org\\\/slovene\\\/devotional\\\/mir\\\/#primaryimage\",\"url\":\"https:\\\/\\\/tv.joycemeyer.org\\\/slovene\\\/wp-content\\\/uploads\\\/sites\\\/89\\\/2019\\\/02\\\/2097.jpg\",\"contentUrl\":\"https:\\\/\\\/tv.joycemeyer.org\\\/slovene\\\/wp-content\\\/uploads\\\/sites\\\/89\\\/2019\\\/02\\\/2097.jpg\",\"width\":1800,\"height\":1050,\"caption\":\"Mir\"},{\"@type\":\"BreadcrumbList\",\"@id\":\"https:\\\/\\\/tv.joycemeyer.org\\\/slovene\\\/devotional\\\/mir\\\/#breadcrumb\",\"itemListElement\":[{\"@type\":\"ListItem\",\"position\":1,\"name\":\"Home\",\"item\":\"https:\\\/\\\/tv.joycemeyer.org\\\/slovene\\\/\"},{\"@type\":\"ListItem\",\"position\":2,\"name\":\"Devotional\",\"item\":\"https:\\\/\\\/tv.joycemeyer.org\\\/slovene\\\/devotional\\\/\"},{\"@type\":\"ListItem\",\"position\":3,\"name\":\"Mir\"}]},{\"@type\":\"WebSite\",\"@id\":\"https:\\\/\\\/tv.joycemeyer.org\\\/slovene\\\/#website\",\"url\":\"https:\\\/\\\/tv.joycemeyer.org\\\/slovene\\\/\",\"name\":\"Joyce Meyer Ministries - Slovensko\",\"description\":\"Deliti Kristusa - ljubiti ljudi\",\"potentialAction\":[{\"@type\":\"SearchAction\",\"target\":{\"@type\":\"EntryPoint\",\"urlTemplate\":\"https:\\\/\\\/tv.joycemeyer.org\\\/slovene\\\/?s={search_term_string}\"},\"query-input\":{\"@type\":\"PropertyValueSpecification\",\"valueRequired\":true,\"valueName\":\"search_term_string\"}}],\"inLanguage\":\"en-US\"}]}<\/script>\n<!-- \/ Yoast SEO plugin. -->","yoast_head_json":{"title":"Mir - Joyce Meyer Ministries - Slovensko","robots":{"index":"index","follow":"follow","max-snippet":"max-snippet:-1","max-image-preview":"max-image-preview:large","max-video-preview":"max-video-preview:-1"},"canonical":"https:\/\/tv.joycemeyer.org\/slovene\/devotional\/mir\/","og_locale":"en_US","og_type":"article","og_title":"Mir - Joyce Meyer Ministries - Slovensko","og_description":"Ve\u010d dnevnih posvetitev sem napisala na temo, kako Bog po miru vodi svoje ljudstvo, toda rada bi ga omenila \u0161e enkrat, ker je zelo pomemben.","og_url":"https:\/\/tv.joycemeyer.org\/slovene\/devotional\/mir\/","og_site_name":"Joyce Meyer Ministries - Slovensko","og_image":[{"width":1800,"height":1050,"url":"https:\/\/tv.joycemeyer.org\/slovene\/wp-content\/uploads\/sites\/89\/2019\/02\/2097.jpg","type":"image\/jpeg"}],"twitter_card":"summary_large_image","twitter_misc":{"Est. reading time":"2 minutes"},"schema":{"@context":"https:\/\/schema.org","@graph":[{"@type":"WebPage","@id":"https:\/\/tv.joycemeyer.org\/slovene\/devotional\/mir\/","url":"https:\/\/tv.joycemeyer.org\/slovene\/devotional\/mir\/","name":"Mir - Joyce Meyer Ministries - Slovensko","isPartOf":{"@id":"https:\/\/tv.joycemeyer.org\/slovene\/#website"},"primaryImageOfPage":{"@id":"https:\/\/tv.joycemeyer.org\/slovene\/devotional\/mir\/#primaryimage"},"image":{"@id":"https:\/\/tv.joycemeyer.org\/slovene\/devotional\/mir\/#primaryimage"},"thumbnailUrl":"https:\/\/tv.joycemeyer.org\/slovene\/wp-content\/uploads\/sites\/89\/2019\/02\/2097.jpg","datePublished":"2026-04-17T00:01:11+00:00","breadcrumb":{"@id":"https:\/\/tv.joycemeyer.org\/slovene\/devotional\/mir\/#breadcrumb"},"inLanguage":"en-US","potentialAction":[{"@type":"ReadAction","target":["https:\/\/tv.joycemeyer.org\/slovene\/devotional\/mir\/"]}]},{"@type":"ImageObject","inLanguage":"en-US","@id":"https:\/\/tv.joycemeyer.org\/slovene\/devotional\/mir\/#primaryimage","url":"https:\/\/tv.joycemeyer.org\/slovene\/wp-content\/uploads\/sites\/89\/2019\/02\/2097.jpg","contentUrl":"https:\/\/tv.joycemeyer.org\/slovene\/wp-content\/uploads\/sites\/89\/2019\/02\/2097.jpg","width":1800,"height":1050,"caption":"Mir"},{"@type":"BreadcrumbList","@id":"https:\/\/tv.joycemeyer.org\/slovene\/devotional\/mir\/#breadcrumb","itemListElement":[{"@type":"ListItem","position":1,"name":"Home","item":"https:\/\/tv.joycemeyer.org\/slovene\/"},{"@type":"ListItem","position":2,"name":"Devotional","item":"https:\/\/tv.joycemeyer.org\/slovene\/devotional\/"},{"@type":"ListItem","position":3,"name":"Mir"}]},{"@type":"WebSite","@id":"https:\/\/tv.joycemeyer.org\/slovene\/#website","url":"https:\/\/tv.joycemeyer.org\/slovene\/","name":"Joyce Meyer Ministries - Slovensko","description":"Deliti Kristusa - ljubiti ljudi","potentialAction":[{"@type":"SearchAction","target":{"@type":"EntryPoint","urlTemplate":"https:\/\/tv.joycemeyer.org\/slovene\/?s={search_term_string}"},"query-input":{"@type":"PropertyValueSpecification","valueRequired":true,"valueName":"search_term_string"}}],"inLanguage":"en-US"}]}},"_links":{"self":[{"href":"https:\/\/tv.joycemeyer.org\/slovene\/wp-json\/wp\/v2\/devotional\/1315","targetHints":{"allow":["GET"]}}],"collection":[{"href":"https:\/\/tv.joycemeyer.org\/slovene\/wp-json\/wp\/v2\/devotional"}],"about":[{"href":"https:\/\/tv.joycemeyer.org\/slovene\/wp-json\/wp\/v2\/types\/devotional"}],"author":[{"embeddable":true,"href":"https:\/\/tv.joycemeyer.org\/slovene\/wp-json\/wp\/v2\/users\/19"}],"replies":[{"embeddable":true,"href":"https:\/\/tv.joycemeyer.org\/slovene\/wp-json\/wp\/v2\/comments?post=1315"}],"wp:featuredmedia":[{"embeddable":true,"href":"https:\/\/tv.joycemeyer.org\/slovene\/wp-json\/wp\/v2\/media\/1409"}],"wp:attachment":[{"href":"https:\/\/tv.joycemeyer.org\/slovene\/wp-json\/wp\/v2\/media?parent=1315"}],"curies":[{"name":"wp","href":"https:\/\/api.w.org\/{rel}","templated":true}]}}