{"id":1317,"date":"2026-04-18T00:01:31","date_gmt":"2026-04-18T00:01:31","guid":{"rendered":"https:\/\/tv.joycemeyer.org\/slovene\/?post_type=devotional&#038;p=1317"},"modified":"2025-08-05T20:41:09","modified_gmt":"2025-08-05T20:41:09","slug":"vcasih-samo-stojte","status":"publish","type":"devotional","link":"https:\/\/tv.joycemeyer.org\/slovene\/devotional\/vcasih-samo-stojte\/","title":{"rendered":"V\u010dasih samo stojte"},"content":{"rendered":"<p><strong>Ves Juda je stal pred Gospodom, z otroki in \u017eenami. (2 Kroni\u0161ka 20,13)<\/strong><\/p>\n<p>Dana\u0161nji verz mi je \u0161e posebej ljub, v\u0161e\u010d mi je dejstvo, da je celotno ljudstvo tiho, mirno stalo pred Gospodom. Po Bo\u017eji logiki pomeni tiho, mirno stati v veri aktivno dejanje. Seveda ni fizi\u010dno dejanje; je duhovno dejanje. Pogosto v svojem \u017eivljenju ukrepamo v naravnem, v duhovnem pa naredimo malo ali pa ni\u010d. Ko pa se discipliniramo, da obmirujemo in \u010dakamo na Gospoda, se vklju\u010dimo v mo\u010dno duhovno dejavnost. Na\u0161a pripravljenost mirovanja pravi Gospodu: \u00bb\u010cakal\/-a bom Nate, dokler ne bo\u0161 nekaj naredil na tem podro\u010dju. Medtem pa bom miren\/-na in se bom veselil\/-a \u017eivljenja, dokler \u010dakam Nate.\u00ab<\/p>\n<p>Judje, ki so mirno stali pred Gospodom, so imeli veliko razlogov, da bi poskusili nekaj narediti \u2013 karkoli drugega razen mirno stati. Soo\u010deni so bili z neustavljivo silo, ki se je spu\u0161\u010dala k njim in jim grozila, da uni\u010di njihovo de\u017eelo, njih pa zasu\u017enji; zagotovo so bili v sku\u0161njavi, da bi se uprli ali pa vsaj branili. Vendar se niso. Samo mirno, tiho so stali in \u010dakali na Boga; On jih je na \u010dude\u017een na\u010din re\u0161il.<\/p>\n<p>\u010cakanje na Boga prinese mo\u010d (gl. Izaija 40,31). Morda bomo potrebovali mo\u010d, ki smo jo dobili med \u010dakanjem, zato da bomo naredili, kar nam bo Bog naro\u010dil, ko nas bo usmeril. Tisti, ki \u010dakajo na Gospoda, sli\u0161ijo Njegov glas, prejmejo odgovore, dobijo usmeritev in pridobijo mo\u010d, da naredijo, kar jim je naro\u010dil.<\/p>\n<p><strong>BO\u017dJA BESEDA ZA VAS DANES: Mirno \u010dakati pred Gospodom je vera v dejanju.<\/strong><\/p>\n","protected":false},"excerpt":{"rendered":"<p>Dana\u0161nji verz mi je \u0161e posebej ljub, v\u0161e\u010d mi je dejstvo, da je celotno ljudstvo tiho, mirno stalo pred Gospodom. Po Bo\u017eji logiki pomeni tiho, mirno stati v veri aktivno dejanje.<\/p>\n","protected":false},"author":19,"featured_media":1318,"parent":0,"menu_order":0,"comment_status":"closed","ping_status":"closed","template":"","class_list":["post-1317","devotional","type-devotional","status-publish","has-post-thumbnail","hentry"],"acf":[],"appp":{"post_detail":{"above_title":"<div class=\"post-featured-wrap\"><img width=\"1024\" height=\"597\" src=\"https:\/\/tv.joycemeyer.org\/slovene\/wp-content\/uploads\/sites\/89\/2021\/12\/2109-1024x597.jpg\" class=\"post-featured wp-post-image\" alt=\"V\u010dasih samo stojte\" decoding=\"async\" srcset=\"https:\/\/tv.joycemeyer.org\/slovene\/wp-content\/uploads\/sites\/89\/2021\/12\/2109-1024x597.jpg 1024w, https:\/\/tv.joycemeyer.org\/slovene\/wp-content\/uploads\/sites\/89\/2021\/12\/2109-300x175.jpg 300w, https:\/\/tv.joycemeyer.org\/slovene\/wp-content\/uploads\/sites\/89\/2021\/12\/2109-768x448.jpg 768w, https:\/\/tv.joycemeyer.org\/slovene\/wp-content\/uploads\/sites\/89\/2021\/12\/2109-1536x896.jpg 1536w, https:\/\/tv.joycemeyer.org\/slovene\/wp-content\/uploads\/sites\/89\/2021\/12\/2109.jpg 1800w\" sizes=\"(max-width: 1024px) 100vw, 1024px\" \/><\/div>","below_content":"<div class=\"follow\"><ul class=\"nav nav--social nav--flex\"><\/ul><\/div>"}},"yoast_head":"<!-- This site is optimized with the Yoast SEO plugin v27.4 - https:\/\/yoast.com\/product\/yoast-seo-wordpress\/ -->\n<title>V\u010dasih samo stojte - Joyce Meyer Ministries - Slovensko<\/title>\n<meta name=\"robots\" content=\"index, follow, max-snippet:-1, max-image-preview:large, max-video-preview:-1\" \/>\n<link rel=\"canonical\" href=\"https:\/\/tv.joycemeyer.org\/slovene\/devotional\/vcasih-samo-stojte\/\" \/>\n<meta property=\"og:locale\" content=\"en_US\" \/>\n<meta property=\"og:type\" content=\"article\" \/>\n<meta property=\"og:title\" content=\"V\u010dasih samo stojte - Joyce Meyer Ministries - Slovensko\" \/>\n<meta property=\"og:description\" content=\"Dana\u0161nji verz mi je \u0161e posebej ljub, v\u0161e\u010d mi je dejstvo, da je celotno ljudstvo tiho, mirno stalo pred Gospodom. Po Bo\u017eji logiki pomeni tiho, mirno stati v veri aktivno dejanje.\" \/>\n<meta property=\"og:url\" content=\"https:\/\/tv.joycemeyer.org\/slovene\/devotional\/vcasih-samo-stojte\/\" \/>\n<meta property=\"og:site_name\" content=\"Joyce Meyer Ministries - Slovensko\" \/>\n<meta property=\"og:image\" content=\"https:\/\/tv.joycemeyer.org\/slovene\/wp-content\/uploads\/sites\/89\/2021\/12\/2109.jpg\" \/>\n\t<meta property=\"og:image:width\" content=\"1800\" \/>\n\t<meta property=\"og:image:height\" content=\"1050\" \/>\n\t<meta property=\"og:image:type\" content=\"image\/jpeg\" \/>\n<meta name=\"twitter:card\" content=\"summary_large_image\" \/>\n<meta name=\"twitter:label1\" content=\"Est. reading time\" \/>\n\t<meta name=\"twitter:data1\" content=\"2 minutes\" \/>\n<script type=\"application\/ld+json\" class=\"yoast-schema-graph\">{\"@context\":\"https:\\\/\\\/schema.org\",\"@graph\":[{\"@type\":\"WebPage\",\"@id\":\"https:\\\/\\\/tv.joycemeyer.org\\\/slovene\\\/devotional\\\/vcasih-samo-stojte\\\/\",\"url\":\"https:\\\/\\\/tv.joycemeyer.org\\\/slovene\\\/devotional\\\/vcasih-samo-stojte\\\/\",\"name\":\"V\u010dasih samo stojte - Joyce Meyer Ministries - Slovensko\",\"isPartOf\":{\"@id\":\"https:\\\/\\\/tv.joycemeyer.org\\\/slovene\\\/#website\"},\"primaryImageOfPage\":{\"@id\":\"https:\\\/\\\/tv.joycemeyer.org\\\/slovene\\\/devotional\\\/vcasih-samo-stojte\\\/#primaryimage\"},\"image\":{\"@id\":\"https:\\\/\\\/tv.joycemeyer.org\\\/slovene\\\/devotional\\\/vcasih-samo-stojte\\\/#primaryimage\"},\"thumbnailUrl\":\"https:\\\/\\\/tv.joycemeyer.org\\\/slovene\\\/wp-content\\\/uploads\\\/sites\\\/89\\\/2021\\\/12\\\/2109.jpg\",\"datePublished\":\"2026-04-18T00:01:31+00:00\",\"breadcrumb\":{\"@id\":\"https:\\\/\\\/tv.joycemeyer.org\\\/slovene\\\/devotional\\\/vcasih-samo-stojte\\\/#breadcrumb\"},\"inLanguage\":\"en-US\",\"potentialAction\":[{\"@type\":\"ReadAction\",\"target\":[\"https:\\\/\\\/tv.joycemeyer.org\\\/slovene\\\/devotional\\\/vcasih-samo-stojte\\\/\"]}]},{\"@type\":\"ImageObject\",\"inLanguage\":\"en-US\",\"@id\":\"https:\\\/\\\/tv.joycemeyer.org\\\/slovene\\\/devotional\\\/vcasih-samo-stojte\\\/#primaryimage\",\"url\":\"https:\\\/\\\/tv.joycemeyer.org\\\/slovene\\\/wp-content\\\/uploads\\\/sites\\\/89\\\/2021\\\/12\\\/2109.jpg\",\"contentUrl\":\"https:\\\/\\\/tv.joycemeyer.org\\\/slovene\\\/wp-content\\\/uploads\\\/sites\\\/89\\\/2021\\\/12\\\/2109.jpg\",\"width\":1800,\"height\":1050,\"caption\":\"V\u010dasih samo stojte\"},{\"@type\":\"BreadcrumbList\",\"@id\":\"https:\\\/\\\/tv.joycemeyer.org\\\/slovene\\\/devotional\\\/vcasih-samo-stojte\\\/#breadcrumb\",\"itemListElement\":[{\"@type\":\"ListItem\",\"position\":1,\"name\":\"Home\",\"item\":\"https:\\\/\\\/tv.joycemeyer.org\\\/slovene\\\/\"},{\"@type\":\"ListItem\",\"position\":2,\"name\":\"Devotional\",\"item\":\"https:\\\/\\\/tv.joycemeyer.org\\\/slovene\\\/devotional\\\/\"},{\"@type\":\"ListItem\",\"position\":3,\"name\":\"V\u010dasih samo stojte\"}]},{\"@type\":\"WebSite\",\"@id\":\"https:\\\/\\\/tv.joycemeyer.org\\\/slovene\\\/#website\",\"url\":\"https:\\\/\\\/tv.joycemeyer.org\\\/slovene\\\/\",\"name\":\"Joyce Meyer Ministries - Slovensko\",\"description\":\"Deliti Kristusa - ljubiti ljudi\",\"potentialAction\":[{\"@type\":\"SearchAction\",\"target\":{\"@type\":\"EntryPoint\",\"urlTemplate\":\"https:\\\/\\\/tv.joycemeyer.org\\\/slovene\\\/?s={search_term_string}\"},\"query-input\":{\"@type\":\"PropertyValueSpecification\",\"valueRequired\":true,\"valueName\":\"search_term_string\"}}],\"inLanguage\":\"en-US\"}]}<\/script>\n<!-- \/ Yoast SEO plugin. -->","yoast_head_json":{"title":"V\u010dasih samo stojte - Joyce Meyer Ministries - Slovensko","robots":{"index":"index","follow":"follow","max-snippet":"max-snippet:-1","max-image-preview":"max-image-preview:large","max-video-preview":"max-video-preview:-1"},"canonical":"https:\/\/tv.joycemeyer.org\/slovene\/devotional\/vcasih-samo-stojte\/","og_locale":"en_US","og_type":"article","og_title":"V\u010dasih samo stojte - Joyce Meyer Ministries - Slovensko","og_description":"Dana\u0161nji verz mi je \u0161e posebej ljub, v\u0161e\u010d mi je dejstvo, da je celotno ljudstvo tiho, mirno stalo pred Gospodom. Po Bo\u017eji logiki pomeni tiho, mirno stati v veri aktivno dejanje.","og_url":"https:\/\/tv.joycemeyer.org\/slovene\/devotional\/vcasih-samo-stojte\/","og_site_name":"Joyce Meyer Ministries - Slovensko","og_image":[{"width":1800,"height":1050,"url":"https:\/\/tv.joycemeyer.org\/slovene\/wp-content\/uploads\/sites\/89\/2021\/12\/2109.jpg","type":"image\/jpeg"}],"twitter_card":"summary_large_image","twitter_misc":{"Est. reading time":"2 minutes"},"schema":{"@context":"https:\/\/schema.org","@graph":[{"@type":"WebPage","@id":"https:\/\/tv.joycemeyer.org\/slovene\/devotional\/vcasih-samo-stojte\/","url":"https:\/\/tv.joycemeyer.org\/slovene\/devotional\/vcasih-samo-stojte\/","name":"V\u010dasih samo stojte - Joyce Meyer Ministries - Slovensko","isPartOf":{"@id":"https:\/\/tv.joycemeyer.org\/slovene\/#website"},"primaryImageOfPage":{"@id":"https:\/\/tv.joycemeyer.org\/slovene\/devotional\/vcasih-samo-stojte\/#primaryimage"},"image":{"@id":"https:\/\/tv.joycemeyer.org\/slovene\/devotional\/vcasih-samo-stojte\/#primaryimage"},"thumbnailUrl":"https:\/\/tv.joycemeyer.org\/slovene\/wp-content\/uploads\/sites\/89\/2021\/12\/2109.jpg","datePublished":"2026-04-18T00:01:31+00:00","breadcrumb":{"@id":"https:\/\/tv.joycemeyer.org\/slovene\/devotional\/vcasih-samo-stojte\/#breadcrumb"},"inLanguage":"en-US","potentialAction":[{"@type":"ReadAction","target":["https:\/\/tv.joycemeyer.org\/slovene\/devotional\/vcasih-samo-stojte\/"]}]},{"@type":"ImageObject","inLanguage":"en-US","@id":"https:\/\/tv.joycemeyer.org\/slovene\/devotional\/vcasih-samo-stojte\/#primaryimage","url":"https:\/\/tv.joycemeyer.org\/slovene\/wp-content\/uploads\/sites\/89\/2021\/12\/2109.jpg","contentUrl":"https:\/\/tv.joycemeyer.org\/slovene\/wp-content\/uploads\/sites\/89\/2021\/12\/2109.jpg","width":1800,"height":1050,"caption":"V\u010dasih samo stojte"},{"@type":"BreadcrumbList","@id":"https:\/\/tv.joycemeyer.org\/slovene\/devotional\/vcasih-samo-stojte\/#breadcrumb","itemListElement":[{"@type":"ListItem","position":1,"name":"Home","item":"https:\/\/tv.joycemeyer.org\/slovene\/"},{"@type":"ListItem","position":2,"name":"Devotional","item":"https:\/\/tv.joycemeyer.org\/slovene\/devotional\/"},{"@type":"ListItem","position":3,"name":"V\u010dasih samo stojte"}]},{"@type":"WebSite","@id":"https:\/\/tv.joycemeyer.org\/slovene\/#website","url":"https:\/\/tv.joycemeyer.org\/slovene\/","name":"Joyce Meyer Ministries - Slovensko","description":"Deliti Kristusa - ljubiti ljudi","potentialAction":[{"@type":"SearchAction","target":{"@type":"EntryPoint","urlTemplate":"https:\/\/tv.joycemeyer.org\/slovene\/?s={search_term_string}"},"query-input":{"@type":"PropertyValueSpecification","valueRequired":true,"valueName":"search_term_string"}}],"inLanguage":"en-US"}]}},"_links":{"self":[{"href":"https:\/\/tv.joycemeyer.org\/slovene\/wp-json\/wp\/v2\/devotional\/1317","targetHints":{"allow":["GET"]}}],"collection":[{"href":"https:\/\/tv.joycemeyer.org\/slovene\/wp-json\/wp\/v2\/devotional"}],"about":[{"href":"https:\/\/tv.joycemeyer.org\/slovene\/wp-json\/wp\/v2\/types\/devotional"}],"author":[{"embeddable":true,"href":"https:\/\/tv.joycemeyer.org\/slovene\/wp-json\/wp\/v2\/users\/19"}],"replies":[{"embeddable":true,"href":"https:\/\/tv.joycemeyer.org\/slovene\/wp-json\/wp\/v2\/comments?post=1317"}],"wp:featuredmedia":[{"embeddable":true,"href":"https:\/\/tv.joycemeyer.org\/slovene\/wp-json\/wp\/v2\/media\/1318"}],"wp:attachment":[{"href":"https:\/\/tv.joycemeyer.org\/slovene\/wp-json\/wp\/v2\/media?parent=1317"}],"curies":[{"name":"wp","href":"https:\/\/api.w.org\/{rel}","templated":true}]}}