{"id":1332,"date":"2026-04-25T00:01:24","date_gmt":"2026-04-25T00:01:24","guid":{"rendered":"https:\/\/tv.joycemeyer.org\/slovene\/?post_type=devotional&#038;p=1332"},"modified":"2025-08-05T21:39:58","modified_gmt":"2025-08-05T21:39:58","slug":"bog-uslisi-molitev-pravicnega","status":"publish","type":"devotional","link":"https:\/\/tv.joycemeyer.org\/slovene\/devotional\/bog-uslisi-molitev-pravicnega\/","title":{"rendered":"Bog usli\u0161i molitev pravi\u010dnega"},"content":{"rendered":"<p><strong>Iskrena (sr\u010dna, gore\u010da, dejavna, u\u010dinkovita, vztrajna) molitev pravi\u010dnega ima izjemno mo\u010d [delujo\u010do sposobnost]. (Jakob 5,16b)<\/strong><\/p>\n<p>Kadar imajo ljudje te\u017eave v molitvenem \u017eivljenju in se naprezajo, pogosto mislijo, da je razlog za to njihova nesvetost in nepravi\u010dnost. Zato se posku\u0161ajo bolje obna\u0161ati in upajo, da bodo potem njihove molitve usli\u0161ane.<\/p>\n<p>Resnica pa je, da smo pravi\u010dni, \u010de smo na novo rojeni (\u010de smo sprejeli Jezusa za svojega Gospoda in Odre\u0161enika). Najbr\u017e ne naredimo vsega prav, ampak po Kristusu smo 100 odstotno, popolnoma pravi\u010dni. Drugo pismo Korin\u010danom 5,21 nam pravi: \u00bbOn je Njega, ki ni poznal greha, za(radi) nas storil za nosilca greha, da bi mi postali Bo\u017eja pravi\u010dnost v Njem.\u00ab Obstaja razlika med pravi\u010dnostjo in \u00bbpravim\u00ab obna\u0161anjem. Pravi\u010dnost opisuje na\u0161e stanje \u2013 na\u0161 polo\u017eaj pred Bogom \u2013 zaradi Jezusove krvi. Ne moremo sami sebe narediti pravi\u010dnih; samo Jezusova kri nas naredi pravi\u010dne, kot da sploh nikoli ne bi gre\u0161ili. Bog nas vidi kot pravi\u010dne, \u010deprav \u0161e vedno delamo napake. Ker nas On vidi pravi\u010dne, imamo od Boga dano pravico, da molimo in pri\u010dakujemo, da nas Bog sli\u0161i in nam odgovori (nas usli\u0161i). Vedno naredite vse, kar lahko, da se primerno vedete in to delajte iz ljubezni do Boga. Toda ne pozabite, da On sli\u0161i in odgovarja na va\u0161e molitve zato, ker je dober On, ne zato, ker ste dobri vi.<\/p>\n<p><strong>BO\u017dJA BESEDA ZA VAS DANES: Pravi\u010dni ste po Bo\u017eji milosti.<\/strong><\/p>\n","protected":false},"excerpt":{"rendered":"<p>Kadar imajo ljudje te\u017eave v molitvenem \u017eivljenju in se naprezajo, pogosto mislijo, da je razlog za to njihova nesvetost in nepravi\u010dnost. Zato se posku\u0161ajo bolje obna\u0161ati in upajo, da bodo potem njihove molitve usli\u0161ane.<\/p>\n","protected":false},"author":19,"featured_media":1333,"parent":0,"menu_order":0,"comment_status":"closed","ping_status":"closed","template":"","class_list":["post-1332","devotional","type-devotional","status-publish","has-post-thumbnail","hentry"],"acf":[],"appp":{"post_detail":{"above_title":"<div class=\"post-featured-wrap\"><img width=\"960\" height=\"560\" src=\"https:\/\/tv.joycemeyer.org\/slovene\/wp-content\/uploads\/sites\/89\/2021\/12\/1778.jpg\" class=\"post-featured wp-post-image\" alt=\"Bog usli\u0161i molitev pravi\u010dnega\" decoding=\"async\" srcset=\"https:\/\/tv.joycemeyer.org\/slovene\/wp-content\/uploads\/sites\/89\/2021\/12\/1778.jpg 960w, https:\/\/tv.joycemeyer.org\/slovene\/wp-content\/uploads\/sites\/89\/2021\/12\/1778-300x175.jpg 300w, https:\/\/tv.joycemeyer.org\/slovene\/wp-content\/uploads\/sites\/89\/2021\/12\/1778-768x448.jpg 768w\" sizes=\"(max-width: 960px) 100vw, 960px\" \/><\/div>","below_content":"<div class=\"follow\"><ul class=\"nav nav--social nav--flex\"><\/ul><\/div>"}},"yoast_head":"<!-- This site is optimized with the Yoast SEO plugin v27.4 - https:\/\/yoast.com\/product\/yoast-seo-wordpress\/ -->\n<title>Bog usli\u0161i molitev pravi\u010dnega - Joyce Meyer Ministries - Slovensko<\/title>\n<meta name=\"robots\" content=\"index, follow, max-snippet:-1, max-image-preview:large, max-video-preview:-1\" \/>\n<link rel=\"canonical\" href=\"https:\/\/tv.joycemeyer.org\/slovene\/devotional\/bog-uslisi-molitev-pravicnega\/\" \/>\n<meta property=\"og:locale\" content=\"en_US\" \/>\n<meta property=\"og:type\" content=\"article\" \/>\n<meta property=\"og:title\" content=\"Bog usli\u0161i molitev pravi\u010dnega - Joyce Meyer Ministries - Slovensko\" \/>\n<meta property=\"og:description\" content=\"Kadar imajo ljudje te\u017eave v molitvenem \u017eivljenju in se naprezajo, pogosto mislijo, da je razlog za to njihova nesvetost in nepravi\u010dnost. Zato se posku\u0161ajo bolje obna\u0161ati in upajo, da bodo potem njihove molitve usli\u0161ane.\" \/>\n<meta property=\"og:url\" content=\"https:\/\/tv.joycemeyer.org\/slovene\/devotional\/bog-uslisi-molitev-pravicnega\/\" \/>\n<meta property=\"og:site_name\" content=\"Joyce Meyer Ministries - Slovensko\" \/>\n<meta property=\"og:image\" content=\"https:\/\/tv.joycemeyer.org\/slovene\/wp-content\/uploads\/sites\/89\/2021\/12\/1778.jpg\" \/>\n\t<meta property=\"og:image:width\" content=\"960\" \/>\n\t<meta property=\"og:image:height\" content=\"560\" \/>\n\t<meta property=\"og:image:type\" content=\"image\/jpeg\" \/>\n<meta name=\"twitter:card\" content=\"summary_large_image\" \/>\n<meta name=\"twitter:label1\" content=\"Est. reading time\" \/>\n\t<meta name=\"twitter:data1\" content=\"2 minutes\" \/>\n<script type=\"application\/ld+json\" class=\"yoast-schema-graph\">{\"@context\":\"https:\\\/\\\/schema.org\",\"@graph\":[{\"@type\":\"WebPage\",\"@id\":\"https:\\\/\\\/tv.joycemeyer.org\\\/slovene\\\/devotional\\\/bog-uslisi-molitev-pravicnega\\\/\",\"url\":\"https:\\\/\\\/tv.joycemeyer.org\\\/slovene\\\/devotional\\\/bog-uslisi-molitev-pravicnega\\\/\",\"name\":\"Bog usli\u0161i molitev pravi\u010dnega - Joyce Meyer Ministries - Slovensko\",\"isPartOf\":{\"@id\":\"https:\\\/\\\/tv.joycemeyer.org\\\/slovene\\\/#website\"},\"primaryImageOfPage\":{\"@id\":\"https:\\\/\\\/tv.joycemeyer.org\\\/slovene\\\/devotional\\\/bog-uslisi-molitev-pravicnega\\\/#primaryimage\"},\"image\":{\"@id\":\"https:\\\/\\\/tv.joycemeyer.org\\\/slovene\\\/devotional\\\/bog-uslisi-molitev-pravicnega\\\/#primaryimage\"},\"thumbnailUrl\":\"https:\\\/\\\/tv.joycemeyer.org\\\/slovene\\\/wp-content\\\/uploads\\\/sites\\\/89\\\/2021\\\/12\\\/1778.jpg\",\"datePublished\":\"2026-04-25T00:01:24+00:00\",\"breadcrumb\":{\"@id\":\"https:\\\/\\\/tv.joycemeyer.org\\\/slovene\\\/devotional\\\/bog-uslisi-molitev-pravicnega\\\/#breadcrumb\"},\"inLanguage\":\"en-US\",\"potentialAction\":[{\"@type\":\"ReadAction\",\"target\":[\"https:\\\/\\\/tv.joycemeyer.org\\\/slovene\\\/devotional\\\/bog-uslisi-molitev-pravicnega\\\/\"]}]},{\"@type\":\"ImageObject\",\"inLanguage\":\"en-US\",\"@id\":\"https:\\\/\\\/tv.joycemeyer.org\\\/slovene\\\/devotional\\\/bog-uslisi-molitev-pravicnega\\\/#primaryimage\",\"url\":\"https:\\\/\\\/tv.joycemeyer.org\\\/slovene\\\/wp-content\\\/uploads\\\/sites\\\/89\\\/2021\\\/12\\\/1778.jpg\",\"contentUrl\":\"https:\\\/\\\/tv.joycemeyer.org\\\/slovene\\\/wp-content\\\/uploads\\\/sites\\\/89\\\/2021\\\/12\\\/1778.jpg\",\"width\":960,\"height\":560,\"caption\":\"Bog usli\u0161i molitev pravi\u010dnega\"},{\"@type\":\"BreadcrumbList\",\"@id\":\"https:\\\/\\\/tv.joycemeyer.org\\\/slovene\\\/devotional\\\/bog-uslisi-molitev-pravicnega\\\/#breadcrumb\",\"itemListElement\":[{\"@type\":\"ListItem\",\"position\":1,\"name\":\"Home\",\"item\":\"https:\\\/\\\/tv.joycemeyer.org\\\/slovene\\\/\"},{\"@type\":\"ListItem\",\"position\":2,\"name\":\"Devotional\",\"item\":\"https:\\\/\\\/tv.joycemeyer.org\\\/slovene\\\/devotional\\\/\"},{\"@type\":\"ListItem\",\"position\":3,\"name\":\"Bog usli\u0161i molitev pravi\u010dnega\"}]},{\"@type\":\"WebSite\",\"@id\":\"https:\\\/\\\/tv.joycemeyer.org\\\/slovene\\\/#website\",\"url\":\"https:\\\/\\\/tv.joycemeyer.org\\\/slovene\\\/\",\"name\":\"Joyce Meyer Ministries - Slovensko\",\"description\":\"Deliti Kristusa - ljubiti ljudi\",\"potentialAction\":[{\"@type\":\"SearchAction\",\"target\":{\"@type\":\"EntryPoint\",\"urlTemplate\":\"https:\\\/\\\/tv.joycemeyer.org\\\/slovene\\\/?s={search_term_string}\"},\"query-input\":{\"@type\":\"PropertyValueSpecification\",\"valueRequired\":true,\"valueName\":\"search_term_string\"}}],\"inLanguage\":\"en-US\"}]}<\/script>\n<!-- \/ Yoast SEO plugin. -->","yoast_head_json":{"title":"Bog usli\u0161i molitev pravi\u010dnega - Joyce Meyer Ministries - Slovensko","robots":{"index":"index","follow":"follow","max-snippet":"max-snippet:-1","max-image-preview":"max-image-preview:large","max-video-preview":"max-video-preview:-1"},"canonical":"https:\/\/tv.joycemeyer.org\/slovene\/devotional\/bog-uslisi-molitev-pravicnega\/","og_locale":"en_US","og_type":"article","og_title":"Bog usli\u0161i molitev pravi\u010dnega - Joyce Meyer Ministries - Slovensko","og_description":"Kadar imajo ljudje te\u017eave v molitvenem \u017eivljenju in se naprezajo, pogosto mislijo, da je razlog za to njihova nesvetost in nepravi\u010dnost. Zato se posku\u0161ajo bolje obna\u0161ati in upajo, da bodo potem njihove molitve usli\u0161ane.","og_url":"https:\/\/tv.joycemeyer.org\/slovene\/devotional\/bog-uslisi-molitev-pravicnega\/","og_site_name":"Joyce Meyer Ministries - Slovensko","og_image":[{"width":960,"height":560,"url":"https:\/\/tv.joycemeyer.org\/slovene\/wp-content\/uploads\/sites\/89\/2021\/12\/1778.jpg","type":"image\/jpeg"}],"twitter_card":"summary_large_image","twitter_misc":{"Est. reading time":"2 minutes"},"schema":{"@context":"https:\/\/schema.org","@graph":[{"@type":"WebPage","@id":"https:\/\/tv.joycemeyer.org\/slovene\/devotional\/bog-uslisi-molitev-pravicnega\/","url":"https:\/\/tv.joycemeyer.org\/slovene\/devotional\/bog-uslisi-molitev-pravicnega\/","name":"Bog usli\u0161i molitev pravi\u010dnega - Joyce Meyer Ministries - Slovensko","isPartOf":{"@id":"https:\/\/tv.joycemeyer.org\/slovene\/#website"},"primaryImageOfPage":{"@id":"https:\/\/tv.joycemeyer.org\/slovene\/devotional\/bog-uslisi-molitev-pravicnega\/#primaryimage"},"image":{"@id":"https:\/\/tv.joycemeyer.org\/slovene\/devotional\/bog-uslisi-molitev-pravicnega\/#primaryimage"},"thumbnailUrl":"https:\/\/tv.joycemeyer.org\/slovene\/wp-content\/uploads\/sites\/89\/2021\/12\/1778.jpg","datePublished":"2026-04-25T00:01:24+00:00","breadcrumb":{"@id":"https:\/\/tv.joycemeyer.org\/slovene\/devotional\/bog-uslisi-molitev-pravicnega\/#breadcrumb"},"inLanguage":"en-US","potentialAction":[{"@type":"ReadAction","target":["https:\/\/tv.joycemeyer.org\/slovene\/devotional\/bog-uslisi-molitev-pravicnega\/"]}]},{"@type":"ImageObject","inLanguage":"en-US","@id":"https:\/\/tv.joycemeyer.org\/slovene\/devotional\/bog-uslisi-molitev-pravicnega\/#primaryimage","url":"https:\/\/tv.joycemeyer.org\/slovene\/wp-content\/uploads\/sites\/89\/2021\/12\/1778.jpg","contentUrl":"https:\/\/tv.joycemeyer.org\/slovene\/wp-content\/uploads\/sites\/89\/2021\/12\/1778.jpg","width":960,"height":560,"caption":"Bog usli\u0161i molitev pravi\u010dnega"},{"@type":"BreadcrumbList","@id":"https:\/\/tv.joycemeyer.org\/slovene\/devotional\/bog-uslisi-molitev-pravicnega\/#breadcrumb","itemListElement":[{"@type":"ListItem","position":1,"name":"Home","item":"https:\/\/tv.joycemeyer.org\/slovene\/"},{"@type":"ListItem","position":2,"name":"Devotional","item":"https:\/\/tv.joycemeyer.org\/slovene\/devotional\/"},{"@type":"ListItem","position":3,"name":"Bog usli\u0161i molitev pravi\u010dnega"}]},{"@type":"WebSite","@id":"https:\/\/tv.joycemeyer.org\/slovene\/#website","url":"https:\/\/tv.joycemeyer.org\/slovene\/","name":"Joyce Meyer Ministries - Slovensko","description":"Deliti Kristusa - ljubiti ljudi","potentialAction":[{"@type":"SearchAction","target":{"@type":"EntryPoint","urlTemplate":"https:\/\/tv.joycemeyer.org\/slovene\/?s={search_term_string}"},"query-input":{"@type":"PropertyValueSpecification","valueRequired":true,"valueName":"search_term_string"}}],"inLanguage":"en-US"}]}},"_links":{"self":[{"href":"https:\/\/tv.joycemeyer.org\/slovene\/wp-json\/wp\/v2\/devotional\/1332","targetHints":{"allow":["GET"]}}],"collection":[{"href":"https:\/\/tv.joycemeyer.org\/slovene\/wp-json\/wp\/v2\/devotional"}],"about":[{"href":"https:\/\/tv.joycemeyer.org\/slovene\/wp-json\/wp\/v2\/types\/devotional"}],"author":[{"embeddable":true,"href":"https:\/\/tv.joycemeyer.org\/slovene\/wp-json\/wp\/v2\/users\/19"}],"replies":[{"embeddable":true,"href":"https:\/\/tv.joycemeyer.org\/slovene\/wp-json\/wp\/v2\/comments?post=1332"}],"wp:featuredmedia":[{"embeddable":true,"href":"https:\/\/tv.joycemeyer.org\/slovene\/wp-json\/wp\/v2\/media\/1333"}],"wp:attachment":[{"href":"https:\/\/tv.joycemeyer.org\/slovene\/wp-json\/wp\/v2\/media?parent=1332"}],"curies":[{"name":"wp","href":"https:\/\/api.w.org\/{rel}","templated":true}]}}